{"id":97,"date":"2014-07-02T14:09:24","date_gmt":"2014-07-02T14:09:24","guid":{"rendered":"http:\/\/www.ffyh.unc.edu.ar\/biblioteca1\/?page_id=97"},"modified":"2018-06-05T17:59:57","modified_gmt":"2018-06-05T17:59:57","slug":"gustavo-roldan","status":"publish","type":"page","link":"https:\/\/ffyh.unc.edu.ar\/biblioteca\/gustavo-roldan\/","title":{"rendered":"Homenaje a Gustavo Rold\u00e1n"},"content":{"rendered":"<p style=\"text-align: justify\"><em><img data-recalc-dims=\"1\" loading=\"lazy\" decoding=\"async\" class=\"alignright\" src=\"https:\/\/i0.wp.com\/www.ffyh.unc.edu.ar\/sites\/default\/files\/roldan.png?resize=260%2C236\" alt=\"\" width=\"260\" height=\"236\" \/>Un chico lee por primera vez un libro. Lo lee, y se sorprende de lo que se le cruza en el camino, y tal vez lo m\u00e1s admirable sea que en esas pisadas de hormiga que se llaman letras pueda encontrar una aventura asombrosa.\u00bfAdonde est\u00e1 escondido ese mar del que oye la m\u00fasica de las olas? \u00bfD\u00f3nde ese bosque que encierra tanto misterio? \u00bfD\u00f3nde ese tigre que ruge en la espesura? A veces no pasa nada. Es que nos equivocamos de libro. O nos equivocamos de momento. Entonces debemos cambiar, porque hay otro libro donde la magia nos sigue esperando. Siempre funciona. Siempre que no sea por obligaci\u00f3n. Porque entonces no aparecen las huellas del tigre ni se oyen sus rugidos en medio de la selva.<\/em><\/p>\n<p style=\"text-align: justify\"><em>Gustavo Rold\u00e1n. <strong>Para encontrar un tigre: la aventura de leer<\/strong>. Ed. Comunicarte\u00a0(Texto de contratapa)<\/em><\/p>\n<hr \/>\n<p><em>Que las lluvias que te mojen sean suaves y c\u00e1lidas.<\/em><\/p>\n<p><em>Que el viento llegue lleno del perfume de las flores.<\/em><\/p>\n<p><em>Que los r\u00edos te sean propicios y corran para el lado que quieras navegar.<\/em><\/p>\n<p><em>Que las nubes cubran el sol cuando est\u00e9s solo en el desierto.<\/em><\/p>\n<p style=\"text-align: justify\"><em>Que los desiertos se llenen de \u00e1rboles cuando los quieras atravesar. O que encuentres esas plantas m\u00e1gicas que guardan en su ra\u00edz el agua que hace falta<\/em><\/p>\n<p><em>Que el fr\u00edo y la nieve lleguen cuando est\u00e9s en una cueva tibia.<\/em><\/p>\n<p><em>Qu\u00e9 nunca te falte el fuego.<\/em><\/p>\n<p><em>Que nunca te falte el agua.<\/em><\/p>\n<p><em>Que nunca te falte el amor.<\/em><\/p>\n<p><em>Tal vez el fuego se pueda prender.<\/em><\/p>\n<p><em>Tal vez el agua pueda caer del cielo.<\/em><\/p>\n<p style=\"text-align: justify\"><em>Si te falta el amor no hay agua ni fuego que alcancen para seguir viviendo.<\/em><\/p>\n<p><strong>Bendici\u00f3n de Drag\u00f3n<\/strong>\u00a0de<strong>\u00a0<\/strong>Gustavo Rold\u00e0n<\/p>\n<hr \/>\n<table>\n<tbody>\n<tr>\n<td width=\"229\"><strong>PRESENTACI\u00d3N<\/strong><\/td>\n<\/tr>\n<tr>\n<td width=\"229\"><strong>EL AUTOR<br \/>\n<\/strong><a href=\"#autor\">Vida,\u00a0\u00a0actividades, premios, homenajes<\/a><\/td>\n<\/tr>\n<tr>\n<td width=\"229\"><strong>LA OBRA<br \/>\n<\/strong><a href=\"http:\/\/www.ffyh.unc.edu.ar\/themes\/malicha\/imagen\/cronologia.html\" target=\"_blank\" rel=\"noopener\">Cronolog\u00eda<\/a><a href=\"#obra\">Textos en l\u00ednea\u00a0(cuentos, cr\u00edtica literaria, entrevistas, G .Rold\u00e1n en YouTube)<\/a><\/td>\n<\/tr>\n<tr>\n<td width=\"229\"><strong>LA CR\u00cdTICA<br \/>\n<\/strong><a href=\"#critica\">Art\u00edculos y Rese\u00f1as<\/a><\/td>\n<\/tr>\n<\/tbody>\n<\/table>\n<p>&nbsp;<\/p>\n<table border=\"1\" cellspacing=\"0\" cellpadding=\"0\">\n<tbody>\n<tr>\n<td valign=\"top\" width=\"576\"><a id=\"autor\" name=\"autor\"><\/a><strong>EL AUTOR<\/strong><br \/>\n<strong>Vida<\/strong><br \/>\n<a href=\"http:\/\/www.imaginaria.com.ar\/02\/3\/roldan1.htm\">Autobiograf\u00eda<\/a>\u00a0(por Gustavo Rold\u00e1n. IN Imaginaria N\u00ba 23. 2000)<br \/>\n<a href=\"http:\/\/www.buenosaires.gob.ar\/areas\/com_social\/audiovideoteca\/literatura\/roldan_bio2_es.php\">Biograf\u00eda<\/a>\u00a0(IN\u00a0Audiovideoteca\u00a0de Buenos Aires)<br \/>\n<a href=\"http:\/\/www.fundacionkonex.com.ar\/b1339-gustavo_roldan\">Fundaci\u00f3n\u00a0Konex<\/a><br \/>\n<a href=\"http:\/\/es.wikipedia.org\/wiki\/Gustavo_Rold%C3%A1n\">Gustavo Rold\u00e1n<\/a>\u00a0(IN\u00a0Wikipedia)<strong>Antecedentes docentes<\/strong><\/p>\n<p style=\"text-align: justify\">Profesor de Literatura Castellana. Instituto Nacional del Profesorado en Letras de\u00a0Bell\u00a0Ville\u00a0(Provincia.de\u00a0C\u00f3rdoba), 1961-1976.<\/p>\n<p style=\"text-align: justify\">Profesor de Literatura Hispanoamericana. Instituto Nacional del Profesorado en Letras de\u00a0Bell\u00a0Ville\u00a0(Provincia.de\u00a0C\u00f3rdoba), 1963-1976.<\/p>\n<p style=\"text-align: justify\">Profesor de Literatura Argentina. Instituto Nacional del Profesorado en Letras de\u00a0Bell\u00a0Ville, 1963-1976.<\/p>\n<p style=\"text-align: justify\">Profesor\u00a0Adscripto\u00a0a la c\u00e1tedra de Literatura Hispanoamericana. Facultad de Filosof\u00eda y Humanidades de\u00a0la Universidad Nacional\u00a0de C\u00f3rdoba, 1961-1962.<\/p>\n<p style=\"text-align: justify\">Jefe de Trabajos Pr\u00e1cticos de Literatura Argentina. Facultad de Filosof\u00eda y Humanidades de\u00a0la Universidad Nacional\u00a0de C\u00f3rdoba, 1965.<\/p>\n<p style=\"text-align: justify\">Jefe de Trabajos Pr\u00e1cticos de Literatura Argentina. Facultad de Filosof\u00eda y Humanidades de\u00a0la Universidad Nacional\u00a0de C\u00f3rdoba, 1973-1975.<strong>Otros antecedentes<\/strong><br \/>\nEx director de las colecciones El pajarito remendado, Libros del malabarista, Los fileteados, Los morochitos, Los monigotes, de Editorial\u00a0Colihue<\/p>\n<p style=\"text-align: justify\">Tallerista\u00a0del Plan Nacional de Lectura dependiente de\u00a0la Direcci\u00f3n Nacional\u00a0del Libro &#8211; 19861989<\/p>\n<p style=\"text-align: justify\">Colaboraciones en las Revistas\u00a0Humi\u00a0y\u00a0Billiken\u00a0de numerosos cuentos infantiles.<\/p>\n<p style=\"text-align: justify\">Jurado de m\u00faltiples concursos literarios nacionales.<\/p>\n<p style=\"text-align: justify\">Jurado del Premio Casa de Las\u00a0Am\u00e9ricas\u00a0&#8211; Cuba &#8211; 1989.<\/p>\n<p style=\"text-align: justify\">Charlas y conferencias sobre temas de Literatura Infantil en instituciones de todo el pa\u00eds.<\/p>\n<p style=\"text-align: justify\">Tallerista\u00a0invitado en el Encuentro Latinoamericano de Did\u00e1ctica de\u00a0la Lengua Escrita\u00a0organizado por\u00a0la Red Latinoa\u00admericana de Alfabetizaci\u00f3n &#8211; Uruguay &#8211; 1993.<\/p>\n<p style=\"text-align: justify\">Panelista del Congreso de Literatura y Pensamiento Latinoame\u00adricano hacia el a\u00f1o 2000. San\u00a0Luis\u00a0&#8211; 1995<\/p>\n<p style=\"text-align: justify\">Panelista del Congreso de Literatura Infantil \u2013 Universidad Nacional del Litoral \u2013 Santa Fe 2003.<strong>Premios y distinciones<\/strong><\/p>\n<p style=\"text-align: justify\">Primer Premio Concurso Nacional de Cuentos.\u00a0Cosqu\u00edn\u00a0(Pcia. de C\u00f3rdoba), 1969.<\/p>\n<p style=\"text-align: justify\">Primer Premio Concurso Internacional de Cuentos para Ni\u00f1os. \u00abPremio Periquillo\u00bb. M\u00e9xico, 1979.<\/p>\n<p style=\"text-align: justify\">Premio Casa de las\u00a0Am\u00e9ricas.\u00a0La Habana.\u00a01989.<\/p>\n<p style=\"text-align: justify\">Integrante de\u00a0la Lista\u00a0de Honor de ALIJA (Asociaci\u00f3n de Literatura Infantil y Juvenil de\u00a0la Argentina). Buenos Aires, 1991.<\/p>\n<p style=\"text-align: justify\">Lista de Honor de ALIJA 1992 por Todos los juegos el juego.<\/p>\n<p style=\"text-align: justify\">Tercer Premio Nacional de Literatura, Rubro \u00abLiteratura Infantil 1992\u00bb por Como si el ruido pudiera molestar.<\/p>\n<p style=\"text-align: justify\">Lista de Honor de ALIJA 1994.<\/p>\n<\/p>\n<p>Premio al M\u00e9rito (Obra Total). Buenos Aires, Fundaci\u00f3n\u00a0Konex, 1994.<\/p>\n<p style=\"text-align: justify\">Segundo Premio Nacional de Literatura, Rubro \u00abLiteratura Infantil 1995\u00bb por Todos los juegos el juego.<\/p>\n<p style=\"text-align: justify\">Premio Fondo Nacional de las Artes, Programa Creaci\u00f3n Concurso Becas Nacionales 1995.<\/p>\n<p style=\"text-align: justify\">Premio\u00a0<a href=\"http:\/\/www.imaginaria.com.ar\/00\/5\/destacados.htm\">Destacados de ALIJA 1999<\/a>, Rubro \u00abLibro Total\u00bb, por\u00a0<a href=\"http:\/\/www.imaginaria.com.ar\/02\/3\/roldan4.htm\">Drag\u00f3n<\/a>.<\/p>\n<p style=\"text-align: justify\"><a href=\"http:\/\/www.imaginaria.com.ar\/08\/1\/pregonero.htm\">Premio Pregonero de Honor<\/a>. Buenos Aires, Fundaci\u00f3n El Libro, Feria del Libro Infantil, 2002.<\/p>\n<p style=\"text-align: justify\">Menci\u00f3n Especial por el libro El viaje m\u00e1s largo del mundo, en la \u00abCategor\u00eda Literatura Infantil y Juvenil\u00bb en el 17\u00ba Concurso \u00abLos Libros Mejor Impresos y Editados en\u00a0la Argentina\u00bb Bienio 2002\/2003. Buenos Aires, C\u00e1mara Argentina de Publicaciones, 2004.<\/p>\n<p style=\"text-align: justify\">Diploma al M\u00e9rito en la categor\u00eda \u00abLiteratura Infantil\u00bb de los\u00a0<a href=\"http:\/\/www.imaginaria.com.ar\/13\/7\/konex.htm\">Premios\u00a0Konex\u00a02004<\/a>. Buenos Aires, Fundaci\u00f3n\u00a0Konex, 2004.<\/p>\n<p style=\"text-align: justify\"><strong>Homenajes a Gustavo Rold\u00e1n (1935-2012)<\/strong><\/p>\n<p style=\"text-align: justify\"><a href=\"http:\/\/academiaargentinadeliteraturainfyjuv.blogspot.com.ar\/2012\/04\/adios-gustavo-roldan.html\">Adi\u00f3s a Gustavo Rold\u00e1n<\/a>\u00a0(IN Academia Argentina de Literatura Infantil y Juvenil)<\/p>\n<p><a href=\"http:\/\/www.letralia.com\/265\/0403roldan.htm\">Falleci\u00f3 el autor de literatura infantil Gustavo Rold\u00e1n<\/a>\u00a0(IN\u00a0Letralia\u00a0A\u00f1o XVI \u2022 N\u00ba 265)<br \/>\n<a href=\"http:\/\/portal.educ.ar\/debates\/protagonistas\/arte-cultura\/gustavo-roldan-19352012.php\">Gustavo Rold\u00e1n<\/a>\u00a0(1935-2012. En\u00a0Educar :\u00a0El portal educativo del gobierno argentino)<br \/>\n<a href=\"http:\/\/lamaquinadeescribirayc.blogspot.com.ar\/2012\/04\/homenajes-gustavo-roldan-adios-al-gran.html\">Gustavo Rold\u00e1n, Adi\u00f3s al gran ilusionista chaque\u00f1o<\/a>\u00a0(Por Silvina Friera. IN\u00a0La M\u00e1quina\u00a0de Escribir)<br \/>\n<a href=\"http:\/\/ar.noticias.yahoo.com\/sociedad-escritores-recuerda-gustavo-roldan-202102476.html\">La sociedad de escritores recuerda a Gustavo Rold\u00e1n<\/a><br \/>\n<a href=\"http:\/\/blogsdelagente.com\/marubari\/tag\/murio-gustavo-roldan\/?doing_wp_cron\">Muri\u00f3 Gustavo Rold\u00e1n<\/a>\u00a0(IN Un cacho de cultura)<br \/>\n<a href=\"http:\/\/www.revistaenie.clarin.com\/literatura\/infantil-juvenil\/Gustavo-Roldan-fallecio-76-anios_0_675532643.html\">Muri\u00f3 Gustavo Rold\u00e1n, un grande de la literatura para chicos<\/a>\u00a0(Revista \u00d1. 03\/04\/12)<br \/>\n<a href=\"http:\/\/www.imaginaria.com.ar\/2012\/04\/homenaje-a-gustavo-roldan-1935-2012\/\">Revista Imaginaria<\/a>\u00a0(N\u00ba 312. Abril de 2012)<br \/>\n<a href=\"http:\/\/www.unrincondelibros.com\/2012\/04\/un-conmovido-adios-al-escritor-gustavo.html\">Un conmovido adi\u00f3s al escritor Gustavo Rold\u00e1n<\/a>\u00a0(IN Un Rinc\u00f3n de Libros)<\/td>\n<\/tr>\n<\/tbody>\n<\/table>\n<table border=\"1\" cellspacing=\"0\" cellpadding=\"0\">\n<tbody>\n<tr>\n<td valign=\"top\" width=\"576\">\n<p align=\"left\"><em><strong><a id=\"obra\" name=\"obra\"><\/a>LA OBRA<\/strong><\/em><br \/>\n<em><strong>(Cuentos, cr\u00edtica literaria, entrevistas, G .Rold\u00e1n en\u00a0YouTube)<\/strong><\/em><\/p>\n<p align=\"left\"><em><strong>Cuentos y Poemas<\/strong><\/em>\u00a0(en l\u00ednea)<br \/>\n<strong><a href=\"http:\/\/leerporquesi-1007.blogspot.com.ar\/2009\/05\/roldan-gustavo-bendicion-de-dragon.html\">Bendici\u00f3n de Drag\u00f3n<\/a><\/strong>\u00a0(in Leer porque s\u00ed)<br \/>\n<strong><a href=\"http:\/\/www.imaginaria.com.ar\/02\/3\/roldan5.htm\">Como si el ruido pudiera molestar<\/a><\/strong>\u00a0\u00a0(IN Imaginaria\u00a0N\u00b0\u00a023. Abril de 2000)<br \/>\n<strong><a href=\"http:\/\/www.imaginaria.com.ar\/13\/7\/chaja.htm\">Historia del\u00a0chaj\u00e1\u00a0y de la buena prensa<\/a><\/strong>\u00a0(Por Gustavo Rold\u00e1n. Cuento completo en l\u00ednea, extra\u00eddo con autorizaci\u00f3n del autor y los editores del libro Cuentos con plumas y sin plumas (Buenos Aires, Editorial Sudamericana, 2004. Colecci\u00f3n\u00a0Cuentam\u00e9rica)<br \/>\n<strong><a href=\"http:\/\/www.ebicentenario.org.ar\/documentos\/mat_lengua\/La%20noche%20del%20elefante.pdf\">La noche del elefante<\/a><\/strong>\u00a0(Por Gustavo Rold\u00e1n. Ilustrado por Dolores\u00a0Okecki)<br \/>\n<strong><a href=\"https:\/\/infancialiteratura.wordpress.com\/2011\/02\/14\/%C2%A1que-sorpresa-dragon\/#more-2141\">Maldici\u00f3n de Drag\u00f3n<\/a><\/strong>\u00a0(IN \u00a1Qu\u00e9 sorpresa Drag\u00f3n!.\u00a0De infancias y literatura)<br \/>\n<strong><a href=\"http:\/\/www.imaginaria.com.ar\/02\/3\/roldan4.htm\">Tres textos de \u201cDrag\u00f3n\u201d<\/a><\/strong>\u00a0(IN Imaginaria\u00a0N\u00b0\u00a023. Abril de 2000)<\/p>\n<p align=\"left\"><em><strong>Art\u00edculos, Conferencias, Ponencias, etc.<\/strong><\/em><br \/>\n<strong><a href=\"http:\/\/www.imaginaria.com.ar\/08\/9\/villafane2.htm#4\">Algunos creen que los titiriteros tambi\u00e9n mueren<\/a><\/strong>\u00a0(Por Gustavo Rold\u00e1n. art\u00edculo-homenaje que escribi\u00f3 Gustavo Rold\u00e1n en la revista Para\u00a0la Libertad\u00a0al fallecer Javier\u00a0Villafa\u00f1e. IN Imaginaria\u00a0N\u00b0\u00a089. 6 de noviembre de 2002)<br \/>\n<strong><a href=\"http:\/\/www.chubut.edu.ar\/congreso\/roldan-%E2%80%9Cdesconfiar-de-la-capacidad-de-los-chicos-es-desconfiar-de-la-inteligencia%E2%80%9D\/\">Desconfiar de la capacidad de los chicos es desconfiar de la inteligencia<\/a><\/strong>\u00a0(Gustavo Rold\u00e1n, conferencista del 6to. Congreso Provincial de Educaci\u00f3n. IN: Ministerio de Educaci\u00f3n de\u00a0la Provincia\u00a0de\u00a0Chubut)<br \/>\n<strong><a href=\"http:\/\/www.imaginaria.com.ar\/11\/0\/roldan.htm\">El d\u00eda de la aventura<\/a><\/strong>\u00a0(Por Gustavo Rold\u00e1n. IN Imaginaria\u00a0N\u00b0\u00a0110. 3 de septiembre de 2003. Texto de las ponencias presentadas en la mesa redonda \u00abUna maleta de cl\u00e1sicos. Los inolvidables de\u00a0la Literatura Infantil\u00a0y Juvenil, realizada durante la 14\u00aa Feria del Libro Infantil y Juvenil. Buenos Aires, julio de 2003)<br \/>\n<strong><a href=\"http:\/\/planlecturachaco.blogspot.com.ar\/2010\/09\/gustavo-roldan-y-los-chicos.html\">Gustavo Rold\u00e1n encant\u00f3 a grandes y chicos<\/a><\/strong>\u00a0(IN Plan Nacional de Lectura. Chaco)<br \/>\n<strong><a href=\"http:\/\/planlectura.educ.ar\/novedades\/noticias\/gustavo_roldan_en_formosa.php\">Gustavo Rold\u00e1n en Formosa<\/a><\/strong>\u00a0(IN Plan Nacional de Lectura)<br \/>\n<strong><a href=\"http:\/\/planlectura.educ.ar\/novedades\/noticias\/gustavo_roldan_visito_escuelas.php\">Gustavo Rold\u00e1n visit\u00f3 escuelas rionegrinas<\/a><\/strong>\u00a0(IN Plan Lectura. Programa Educativo Nacional para el Mejoramiento de\u00a0la Lectura)<br \/>\n<strong><a href=\"http:\/\/www.imaginaria.com.ar\/13\/7\/aventura_de_leer.htm\">La aventura de leer<\/a><\/strong>\u00a0(Por Gustavo Rold\u00e1n. Texto pronunciado por Gustavo Rold\u00e1n durante el Congreso Mundial de Bibliotecas e Informaci\u00f3n IFLA 2004 \u00abBibliotecas: Instrumentos para\u00a0la Educaci\u00f3n\u00a0y el Desarrollo\u00bb. Buenos Aires, Argentina, agosto de 2004 y publicado en Imaginaria con su autorizaci\u00f3n)<br \/>\n<strong><a href=\"http:\/\/www.imaginaria.com.ar\/18\/9\/volver-a-leer.htm\">Los caminos de la palabra<\/a><\/strong>\u00a0(Por Gustavo Rold\u00e1n. Texto incluido en el listado de las tem\u00e1ticas abordadas a lo largo de las trece Jornadas de Educaci\u00f3n en\u00a0la Feria\u00a0del Libro de C\u00f3rdoba desarrolladas durante el per\u00edodo 1993-2005. IN\u00a0Imaginaria\u00a0N\u00b0\u00a0189. 13 de septiembre de 2006)<br \/>\n<strong><a href=\"http:\/\/www.imaginaria.com.ar\/12\/3\/cabal.htm\">Una mujer de pelea<\/a><\/strong>\u00a0(Por Gustavo Rold\u00e1n. Texto recordatorio In\u00a0Memoriam\u00a0de Graciela Cabal. Imaginaria\u00a0N\u00b0\u00a0123. 3 de marzo de 2004)<\/p>\n<p align=\"left\"><em><strong>Entrevistas a Gustavo Rold\u00e1n<\/strong><\/em><br \/>\n<strong><a href=\"http:\/\/www.imaginaria.com.ar\/08\/2\/entrevista.htm\">\u00abDemasiadas cosas prohibidas\u00bb en la literatura infantil<\/a><\/strong>\u00a0\u00a0(Por Natalia\u00a0Calisti<strong>.\u00a0<\/strong>IN Imaginaria de\u00a031 de julio de 2002)<br \/>\n<strong><a href=\"http:\/\/www.imaginaria.com.ar\/02\/3\/roldan2.htm\">El se\u00f1or de los animales<\/a><\/strong>\u00a0(Por Susana\u00a0Itzcovich. IN Imaginaria de 19 de abril de 2000)<br \/>\n<strong><a href=\"http:\/\/portallibro.com.ar\/articles.php?lng=es&amp;pg=1333\">Encuentros en la Feria del Libro Infantil y Juvenil 2007<\/a>\u00a0<\/strong>(Conversaci\u00f3n con\u00a0Ema\u00a0Wolf y Gustavo Rold\u00e1n. IN Portal Libro)<br \/>\n<strong><a href=\"http:\/\/literaharturainfantil.blogspot.com.ar\/2012\/04\/gustavo-roldan-el-escritor-que-hablaba.html\">Gustavo Rold\u00e1n, El escritor que hablaba con los animales<\/a><\/strong>\u00a0(Estas son algunas de sus respuestas a unas preguntas que nunca fueron grabadas. Los textos se pueden encontrar en ese conjunto de certeros art\u00edculos sobre la lectura aparecidos en abril de 2011 bajo el amparo de uno de sus animales preferidos: Para encontrar un tigre. La aventura de leer (Editorial Comunicarte, C\u00f3rdoba, Argentina)<br \/>\n<strong><a href=\"http:\/\/cunacultura.blogspot.com.ar\/2012\/04\/entrevista-gustavo-roldan.html\">Los chicos gozan del m\u00e1s grande<\/a><\/strong>\u00a0(Por Noelia B.\u00a0Carb\u00f3. IN Cuna Cultura de 3 de abril de 2012)<br \/>\n<strong><a href=\"http:\/\/www.revistasudestada.com.ar\/web06\/article.php3?id_article=597\">\u00abTenemos que aprender a descubrir, a mirar el mundo\u00bb<\/a><\/strong>\u00a0(Por: Nadia\u00a0Fink. IN Sudestada N\u00ba 80)<\/p>\n<p align=\"left\"><strong>Gustavo Rold\u00e1n en\u00a0YouTube<\/strong><br \/>\n<strong><a href=\"http:\/\/www.youtube.com\/watch?v=AWXb2S0CP7Y\">Audiovideoteca\u00a0de Buenos Aires. 1\/2<\/a><\/strong><br \/>\n<strong><a href=\"http:\/\/www.youtube.com\/watch?v=sB26Fl4e1-Y\">Bendiciones de drag\u00f3n<\/a><\/strong>\u00a0(Texto del escritor argentino Gustavo Rold\u00e1n le\u00eddo por Alejo en espa\u00f1ol y traducido al chino mandar\u00edn por Sof\u00eda)<br \/>\n<strong><a href=\"http:\/\/www.youtube.com\/watch?v=cbfiDk_McaY\">Cuento de Gustavo Rold\u00e1n<\/a><\/strong><br \/>\n<strong><a href=\"http:\/\/www.youtube.com\/watch?v=gODRVUc9la0\">El viaje m\u00e1s largo del mundo<\/a><\/strong><br \/>\n<strong><a href=\"http:\/\/www.youtube.com\/watch?v=O1T_u2XFK8Q\">Entrevista a GUSTAVO ROLDAN<\/a><\/strong><br \/>\n<strong><a href=\"http:\/\/www.youtube.com\/watch?v=Qz0FtfjSGWs\">Gustavo Rold\u00e1n<\/a><\/strong><br \/>\n<strong><a href=\"http:\/\/www.youtube.com\/watch?v=Kj1CJH7ieKs\">La literatura en la infancia. Con la bella narraci\u00f3n de GUSTAVO ROLDAN<\/a><\/strong><br \/>\n<strong><a href=\"http:\/\/www.youtube.com\/watch?v=Ch8-vJn7cqw\">Las tres dudas del bicho colorado<\/a><\/strong><br \/>\n<strong><a href=\"http:\/\/www.youtube.com\/watch?v=XloEHyWMsn8\">Rold\u00e1n lee a Rold\u00e1n &#8211;\u00a0Audiovideoteca\u00a0de Buenos Aires<\/a><\/strong><\/p>\n<\/td>\n<\/tr>\n<\/tbody>\n<\/table>\n<table border=\"1\" cellspacing=\"0\" cellpadding=\"0\">\n<tbody>\n<tr>\n<td valign=\"top\" width=\"576\"><strong><a id=\"critica\" name=\"critica\"><\/a>LA CR\u00cdTICA<\/strong><em><strong>Art\u00edculos y Otros\u00a0<\/strong><\/em>(Art\u00edculos sobre Gustavo Roldan y otros sobre Literatura Infantil, Promoci\u00f3n de\u00a0la Lectura, Literatura y Educaci\u00f3n, Vista parcial de algunos\u00a0\u00a0libros, etc. que incluyen a Gustavo Rold\u00e1n)<br \/>\n<strong><a href=\"http:\/\/www.ffyh.unc.edu.ar\/alfilo\/el-deseo-de-escribir-como-acto-de-magia-gustavo-roldan\/\">El deseo de escribir como acto de magia<\/a><\/strong>\u00a0(Por Susana G\u00f3mez. IN\u00a0<strong>alfilo<\/strong>\u00a0\u2013 Revista digital de\u00a0la Facultad\u00a0de Filosof\u00eda y Humanidades. Univ. Nac.\u00a0de\u00a0C\u00f3rdoba. N\u00ba 35. 2012)<br \/>\n<strong><a href=\"http:\/\/www.cervantesvirtual.com\/descargaPdf\/el-vicio-impune--0\/\">El vicio impune<\/a><\/strong>\u00a0\u00a0(Escrito para el Encuentro sobre Promoci\u00f3n de\u00a0la Lectura\u00a0entre Ni\u00f1os y J\u00f3venes (1996-1997), Centro de Propagaci\u00f3n Patag\u00f3nico de Literatura Infantil-Juvenil, Universidad Nacional del\u00a0Comahue. Expuesto en el Primer Congreso Internacional de Promoci\u00f3n de\u00a0la Lectura\u00a0y el Libro en\u00a0ia\u00a023a Feria internacional del Libro de Buenos Aires, 1997. Publicado en\u00a0la Revista\u00a0latinoamericana de literatura infantil y juvenil,\u00a0n\u00b0\u00a07, enero-junio, 1998,\u00a0Fundalectura, secci\u00f3n colombiana del IBBY)<br \/>\n<strong><a href=\"http:\/\/www.imaginaria.com.ar\/13\/7\/destacados.htm\">Gustavo Rold\u00e1n en Imaginaria<\/a><\/strong>\u00a0(N\u00b0\u00a0137. 15 de septiembre de 2004)<br \/>\n<strong><a href=\"http:\/\/marisadobritolij.blogspot.com.ar\/2011\/03\/hoy-conocemos-gustavo-roldan-un-autor.html\">Hoy conocemos a Gustavo Rold\u00e1n, un autor para toda la familia<\/a><\/strong>\u00a0(Por\u00a0Marisa\u00a0do Brito. IN La hamaca del \u00e1rbol)<br \/>\n<strong><a href=\"http:\/\/www.scielo.org.ar\/scielo.php?pid=S1851-31232011000100016&amp;script=sci_arttext\">Infancia, lectura y mercado<\/a><\/strong>\u00a0(por Elena Elsa\u00a0Stapich\u00a0y\u00a0Mila\u00a0Alicia Ca\u00f1\u00f3n. IN Revista\u00a0Pilquen. No.14. Viedma. Enero.\/junio 2011)<br \/>\n<strong><a href=\"http:\/\/www.comisionporlamemoria.org\/investigacionyense%C3%B1anza\/dossiers\/dossierlibros.pdf\">La censura en la literatura infantil y juvenil durante la \u00faltima dictadura<\/a><\/strong>\u00a0(Por Josefina Oliva. Coordinaci\u00f3n: Sandra\u00a0Raggio. IN Edici\u00f3n especial\u00a0\u00a0Educacion\u00a0y Memoria.\u00a0Comisi\u00f3n provincial por la memoria. \u00c1rea de investigaci\u00f3n y Ense\u00f1anza. Provincia de Buenos Aires. Argentina)<br \/>\n<strong><a href=\"http:\/\/www.imaginaria.com.ar\/2012\/04\/dragon\/\">La mirada en el secreto<\/a><\/strong>\u00a0(Por Mariano Medina. IN Imaginaria N\u00ba 312. 17 de abril de 2012)<br \/>\n<strong><a href=\"http:\/\/www.abuelas.org.ar\/educacion\/LasAbuelasCuentan.pdf\">Las abuelas nos cuentan<\/a><\/strong>\u00a0\u00a0(Cuadernillo para docentes. Ministerio de Educaci\u00f3n de\u00a0la Naci\u00f3n.\u00a0Abuelas\u00a0de Plaza de Mayo)<br \/>\n<strong><a href=\"http:\/\/www.ebicentenario.org.ar\/documentos\/mat_lengua\/Sec_de%20lectura%20La%20noche%20del%20elefante.pdf\">Lectura\u00a0mediada :\u00a0Espacio de intercambio<\/a><\/strong>\u00a0(Lectura de \u201cLa Noche\u00a0del elefante\u201d de Gustavo Rold\u00e1n)<br \/>\n<strong><a href=\"http:\/\/www.fundaciontyc.org\/pdfs\/leer_y_escuchar.pdf\">Leer y escuchar leer novelas<\/a><\/strong>\u00a0(Una actividad habitual en primer ciclo. Seguir la obra de un autor. La leyenda del bicho colorado de Gustavo Rold\u00e1n. Ministerio de Educaci\u00f3n Gobierno de la ciudad de Buenos Aires.<br \/>\n<strong><a href=\"http:\/\/books.google.es\/books?hl=es&amp;lr=&amp;id=9aq4LLDzI-sC&amp;oi=fnd&amp;pg=PA13&amp;dq=%22gustavo+roldan%22+%2B+literatura+infantil&amp;ots=vZlXeb1Y3j&amp;sig=_HdS9uZDTuPczSrsKLC7tc_qsro#v=onepage&amp;q=%22gustavo%20roldan%22%20%2B%20literatura%20infantil&amp;f=false\">Literatura infantil: Ensayos cr\u00edticos<\/a><\/strong>\u00a0(Compilado por Lidia\u00a0Blanco,M\u00f3nica. Colecci\u00f3n Nuevos Caminos. Edici\u00f3n\u00a0Colihue. Argentina. 1991. Vista parcial del libro)<br \/>\n<strong><a href=\"http:\/\/www.imaginaria.com.ar\/14\/0\/morochitos.htm\">\u00abLos Morochitos\u00bb: \u00bfQui\u00e9n dijo que a los chicos no les gusta la poes\u00eda?<\/a><\/strong>\u00a0(Por Lilia\u00a0Lardone. IN Imaginaria\u00a0N\u00b0\u00a0140. 27 de octubre de 2004)<br \/>\n<strong><a href=\"http:\/\/www.corrienteschamame.com.ar\/index.php?option=com_content&amp;view=article&amp;id=1509:por-que-me-gusta-la-obra-de-gustavo-roldan&amp;catid=8:opinion&amp;Itemid=92\">Por qu\u00e9 me gusta la obra de Gustavo Rold\u00e1n<\/a><\/strong>\u00a0(Por Alejandra\u00a0Li\u00f1\u00e1n. Domingo, 08 de Abril de 2012)<br \/>\n<strong><a href=\"http:\/\/www.alija.org.ar\/wp-content\/uploads\/Programa-de-Seminario-Lidia-Blanco-en-La-Nube.doc\">Programa del Seminario de la profesora Lidia Blanco en La Nube<\/a><\/strong><br \/>\n<strong><a href=\"http:\/\/www.ebicentenario.org.ar\/documentos\/mat_lengua\/LasaventurasdePinocho.pdf\">Proyecto lectura de novela: Las aventuras de Pinocho<\/a><\/strong>\u00a0(Versi\u00f3n de Laura\u00a0Devetach\u00a0y Gustavo Rold\u00e1n. 2008)<br \/>\n<strong><a href=\"http:\/\/es.scribd.com\/doc\/88495155\/Recorrido-Literario-a-Gustavo-Roldan\">Recorrido literario a Gustavo Rold\u00e1n<\/a><\/strong>\u00a0\u00a0(Propuesta para el \u00c1rea de Lengua)<br \/>\n<strong><a href=\"http:\/\/www.imaginaria.com.ar\/02\/3\/roldan3.htm\">Recuperar la\u00a0oralidad\u00a0perdida<\/a><\/strong>\u00a0\u00a0(Por Susana\u00a0Itzcovich. IN Imaginaria.\u00a0N\u00b0\u00a023. Abril de 2000)<br \/>\n<strong><a href=\"http:\/\/www.jitanjafora.org.ar\/04paione.pdf\">Seguir a un autor: Gustavo Rold\u00e1n y la formaci\u00f3n lector literario<\/a><\/strong>\u00a0(Por Alejandra\u00a0Paione. 2004)<br \/>\n<strong><a href=\"http:\/\/books.google.es\/books?hl=es&amp;lr=&amp;id=fYDCM8QWNM0C&amp;oi=fnd&amp;pg=PP5&amp;dq=%22gustavo+roldan%22+%2B+literatura+infantil&amp;ots=NQncihb04I&amp;sig=rwb4RE1-yYcnLSfTLMpmWPM8GUY#v=onepage&amp;q=%22gustavo%20roldan%22%20%2B%20literatura%20infantil&amp;f=false\">Una escuela para crear<\/a><\/strong>\u00a0(Escrito por\u00a0Oche\u00a0Califa. Colecci\u00f3n El Pajarito Remendado. Dirigida por Laura\u00a0Devetach\u00a0y Gustavo Rold\u00e1n. Vista parcial del libro)<em><strong>Libros Rese\u00f1ados<\/strong><\/em><br \/>\n<strong><a href=\"http:\/\/casidocentes.blogspot.com.ar\/2008\/02\/igual.html\">Crimen en el arca<\/a><\/strong>\u00a0(Rese\u00f1a de Daniela Ram\u00edrez. IN Casi docentes)<br \/>\n<strong><a href=\"http:\/\/caperucitascomplices.blogspot.com.ar\/2008\/05\/cruel-historia-de-un-lobo-hambriento.html\">Cruel historia de un lobo hambriento<\/a><\/strong>\u00a0\u00a0(IN Caperucitas C\u00f3mplices)<br \/>\n<strong><a href=\"http:\/\/blog.eternacadencia.com.ar\/archives\/tag\/gustavo-roldan\">El \u00faltimo drag\u00f3n<\/a><\/strong>\u00a0(Rese\u00f1a de\u00a0Coni\u00a0Salgado. IN Eterna Cadencia)<br \/>\n<strong><a href=\"http:\/\/www.dondevivenloslibros.com\/2011\/01\/las-tres-dudas-del-bicho-colorado.html\">Las tres dudas del bicho colorado<\/a><\/strong>\u00a0(IN Donde viven los libros)<br \/>\n<strong><a href=\"https:\/\/infancialiteratura.wordpress.com\/2011\/02\/14\/%C2%A1que-sorpresa-dragon\/#more-2141\">\u00a1Qu\u00e9 sorpresa Drag\u00f3n!<\/a><\/strong>\u00a0\u00a0(Rese\u00f1a de Cecilia Arturo. IN De infancias y literatura)<\/td>\n<\/tr>\n<\/tbody>\n<\/table>\n","protected":false},"excerpt":{"rendered":"<div class=\"entry-summary\">\nUn chico lee por primera vez un libro. Lo lee, y se sorprende de lo que se le cruza en&hellip;\n<\/div>\n<div class=\"link-more\"><a href=\"https:\/\/ffyh.unc.edu.ar\/biblioteca\/gustavo-roldan\/\" class=\"more-link\">Continuar leyendo<span class=\"screen-reader-text\"> &ldquo;Homenaje a Gustavo Rold\u00e1n&rdquo;<\/span>&hellip;<\/a><\/div>\n","protected":false},"author":1,"featured_media":0,"parent":0,"menu_order":0,"comment_status":"closed","ping_status":"open","template":"","meta":{"_acf_changed":false,"jetpack_post_was_ever_published":false,"footnotes":""},"class_list":["post-97","page","type-page","status-publish","hentry","entry"],"acf":[],"jetpack_shortlink":"https:\/\/wp.me\/P9UJM9-1z","jetpack-related-posts":[],"jetpack_sharing_enabled":true,"_links":{"self":[{"href":"https:\/\/ffyh.unc.edu.ar\/biblioteca\/wp-json\/wp\/v2\/pages\/97","targetHints":{"allow":["GET"]}}],"collection":[{"href":"https:\/\/ffyh.unc.edu.ar\/biblioteca\/wp-json\/wp\/v2\/pages"}],"about":[{"href":"https:\/\/ffyh.unc.edu.ar\/biblioteca\/wp-json\/wp\/v2\/types\/page"}],"author":[{"embeddable":true,"href":"https:\/\/ffyh.unc.edu.ar\/biblioteca\/wp-json\/wp\/v2\/users\/1"}],"replies":[{"embeddable":true,"href":"https:\/\/ffyh.unc.edu.ar\/biblioteca\/wp-json\/wp\/v2\/comments?post=97"}],"version-history":[{"count":2,"href":"https:\/\/ffyh.unc.edu.ar\/biblioteca\/wp-json\/wp\/v2\/pages\/97\/revisions"}],"predecessor-version":[{"id":2752,"href":"https:\/\/ffyh.unc.edu.ar\/biblioteca\/wp-json\/wp\/v2\/pages\/97\/revisions\/2752"}],"wp:attachment":[{"href":"https:\/\/ffyh.unc.edu.ar\/biblioteca\/wp-json\/wp\/v2\/media?parent=97"}],"curies":[{"name":"wp","href":"https:\/\/api.w.org\/{rel}","templated":true}]}}