{"id":488,"date":"2011-07-22T16:29:13","date_gmt":"2011-07-22T16:29:13","guid":{"rendered":"http:\/\/www.ffyh.unc.edu.ar\/cda\/?page_id=488"},"modified":"2011-07-22T16:29:13","modified_gmt":"2011-07-22T16:29:13","slug":"historia","status":"publish","type":"page","link":"https:\/\/ffyh.unc.edu.ar\/cda\/institucional\/historia\/","title":{"rendered":"Historia"},"content":{"rendered":"<h1>Historia del Centro<\/h1>\n<p style=\"text-align: justify\">Desde comienzos de 1994,\u00a0 a partir de un convenio establecido entre<img loading=\"lazy\" decoding=\"async\" class=\"alignright size-full wp-image-1307\" title=\"historia cda 1\" alt=\"\" src=\"http:\/\/ffyh.unc.edu.ar\/cda\/wp-content\/uploads\/sites\/6\/2011\/07\/historia-cda-12.jpg\" width=\"292\" height=\"678\" srcset=\"https:\/\/ffyh.unc.edu.ar\/cda\/wp-content\/uploads\/sites\/6\/2011\/07\/historia-cda-12.jpg 292w, https:\/\/ffyh.unc.edu.ar\/cda\/wp-content\/uploads\/sites\/6\/2011\/07\/historia-cda-12-129x300.jpg 129w, https:\/\/ffyh.unc.edu.ar\/cda\/wp-content\/uploads\/sites\/6\/2011\/07\/historia-cda-12-185x430.jpg 185w\" sizes=\"auto, (max-width: 292px) 100vw, 292px\" \/> las\u00a0c\u00e1tedras Historia Social y Econ\u00f3mica Argentina; Teor\u00eda y T\u00e9cnicas de la Investigaci\u00f3n Social; y Cine y TV Argentino y Latinoamericano; la Escuela de Artes y la Facultad de Filosof\u00eda y Humanidades con los Servicios de Radio y Televisi\u00f3n de la UNC (SRT) para recuperar y resguardar el archivo f\u00edlmico del noticiero de Canal 10, iniciamos un <em>Programa<\/em> de investigaci\u00f3n y desarrollo <em>Recuperaci\u00f3n y an\u00e1lisis de archivo f\u00edlmico documental canal 10 y de patrimonio visual y audiovisual de C\u00f3rdoba<\/em> que se articul\u00f3 con los fines del\u00a0convenio. Entre sus objetivos se incluy\u00f3 la creaci\u00f3n de un \u00e1rea de extensi\u00f3n que facilitara el acceso a los registros audiovisuales para investigaci\u00f3n, docencia y extensi\u00f3n, preservando al mismo tiempo la documentaci\u00f3n original. Sobre esas bases se origin\u00f3 el CDA.<\/p>\n<div>\n<p style=\"text-align: justify\">En una primera etapa el Centro funcion\u00f3 en el mismo Departamento de Cine a cuyos efectos se elabor\u00f3 una reglamentaci\u00f3n que fue\u00a0aprobada por el Consejo Asesor de dicho Departamento. Luego se obtuvo un espacio espec\u00edfico asignado al Programa por la Facultad (1999). M\u00e1s tarde, en 2002, fue reconocido, reglamentado e institucionalizado por el HCD de la Facultad como una dependencia de la misma (Ordenanza N\u00ba 02\/02).<\/p>\n<p style=\"text-align: justify\">Desde su creaci\u00f3n, el CDA viene recuperando y poniendo a disposici\u00f3n de la comunidad varios miles de noticias locales, nacionales e internacionales del per\u00edodo 1962-1980, accesibles en video, en bases de datos, cat\u00e1logos y otros recursos; ha recibido otros materiales audiovisuales en donaci\u00f3n y recuperado la colecci\u00f3n fotogr\u00e1fica period\u00edstica A. Novello (1920-1955) accesibles tambi\u00e9n a la consulta. En ese marco ha formado recursos humanos (ayudantes alumnos, adscriptos, pasantes) en \u00e1reas espec\u00edficas de tratamiento y conservaci\u00f3n de materiales audiovisuales, transfer f\u00edlmico, an\u00e1lisis documental, documentaci\u00f3n en bases de datos, entre otras. A su vez ha formalizado convenios de colaboraci\u00f3n y transferencia de conocimientos con diversas entidades.<\/p>\n<p style=\"text-align: justify\">Desde 2005 lleva a cabo la recuperaci\u00f3n del Archivo hist\u00f3rico del noticiero de Canal 12 de C\u00f3rdoba, lo que ha permitido al CDA contar con copias de todos los materiales procesados y digitalizados hasta la fecha y acceso a la base de datos del canal, para la consulta p\u00fablica y reproducci\u00f3n en el Centro, sumando as\u00ed a las ya disponibles de canal 10,\u00a0 m\u00e1s de 18.000 noticias del per\u00edodo 1966-2001.\u00a0 El Centro gestiona una p\u00e1gina web desde 1999, que incluye entre otros un formulario de consulta en l\u00ednea, \u00edndices onom\u00e1sticos, im\u00e1genes, publicaciones; y desde 2011 un bolet\u00edn informativo digital.<\/p>\n<p style=\"text-align: justify\">Desde sus or\u00edgenes se han atendido innumerables consultas y pedidos de reproducci\u00f3n de documentos, evidenciando a\u00f1o a a\u00f1o un notable crecimiento del n\u00famero de usuarios. Asimismo brinda servicios a terceros de transcripci\u00f3n y digitalizaci\u00f3n de pel\u00edculas, videos y fotos. En el caso de poseer inter\u00e9s hist\u00f3rico\u00a0 se solicita autorizaci\u00f3n a sus propietarios para que esos materiales pueden ser consultados en\u00a0el CDA, enriqueciendo y ampliando en temas y per\u00edodos la documentaci\u00f3n accesible.<\/p>\n<p style=\"text-align: justify\">En noviembre de 2011, con la creaci\u00f3n de la Facultad de Artes (FA) por decisi\u00f3n de la Asamblea Universitaria (Res. 01\/2011), y mediante la aprobaci\u00f3n del Organigrama de gobierno de la nueva Facultad por parte del H. Consejo Directivo (Res. 27\/2012), el Centro de Conservaci\u00f3n y Documentaci\u00f3n Audiovisual (CDA) pasa a tener dependencia compartida entre la Facultad de Filosof\u00eda y Humanidades y la Facultad de Artes.<\/p>\n<\/div>\n","protected":false},"excerpt":{"rendered":"<p>Historia del Centro Desde comienzos de 1994,\u00a0 a partir de un convenio establecido entre las\u00a0c\u00e1tedras Historia Social y Econ\u00f3mica Argentina; Teor\u00eda y T\u00e9cnicas de la Investigaci\u00f3n Social; y Cine y &hellip; <\/p>\n","protected":false},"author":10,"featured_media":1302,"parent":10,"menu_order":0,"comment_status":"closed","ping_status":"closed","template":"page_full.php","meta":{"_acf_changed":false,"footnotes":""},"class_list":["post-488","page","type-page","status-publish","has-post-thumbnail","hentry"],"acf":[],"_links":{"self":[{"href":"https:\/\/ffyh.unc.edu.ar\/cda\/wp-json\/wp\/v2\/pages\/488","targetHints":{"allow":["GET"]}}],"collection":[{"href":"https:\/\/ffyh.unc.edu.ar\/cda\/wp-json\/wp\/v2\/pages"}],"about":[{"href":"https:\/\/ffyh.unc.edu.ar\/cda\/wp-json\/wp\/v2\/types\/page"}],"author":[{"embeddable":true,"href":"https:\/\/ffyh.unc.edu.ar\/cda\/wp-json\/wp\/v2\/users\/10"}],"replies":[{"embeddable":true,"href":"https:\/\/ffyh.unc.edu.ar\/cda\/wp-json\/wp\/v2\/comments?post=488"}],"version-history":[{"count":0,"href":"https:\/\/ffyh.unc.edu.ar\/cda\/wp-json\/wp\/v2\/pages\/488\/revisions"}],"up":[{"embeddable":true,"href":"https:\/\/ffyh.unc.edu.ar\/cda\/wp-json\/wp\/v2\/pages\/10"}],"wp:featuredmedia":[{"embeddable":true,"href":"https:\/\/ffyh.unc.edu.ar\/cda\/wp-json\/wp\/v2\/media\/1302"}],"wp:attachment":[{"href":"https:\/\/ffyh.unc.edu.ar\/cda\/wp-json\/wp\/v2\/media?parent=488"}],"curies":[{"name":"wp","href":"https:\/\/api.w.org\/{rel}","templated":true}]}}