{"id":3219,"date":"2009-11-18T16:39:06","date_gmt":"2009-11-18T19:39:06","guid":{"rendered":"http:\/\/www.ffyh.unc.edu.ar\/ciffyh\/?page_id=3"},"modified":"2023-05-24T20:00:44","modified_gmt":"2023-05-24T20:00:44","slug":"presentacion","status":"publish","type":"page","link":"https:\/\/ffyh.unc.edu.ar\/ciffyh\/institucional\/presentacion\/","title":{"rendered":"Presentaci\u00f3n"},"content":{"rendered":"<p>El Centro de Investigaciones de la Facultad de Filosof\u00eda y Humanidades \u201cMar\u00eda Saleme de Burnichon\u201d (CIFFyH) fue creado en <strong>1987<\/strong> para estimular y favorecer las tareas de investigaci\u00f3n en el \u00e1mbito de la Facultad. Se forma a partir del nucleamiento de distintos institutos que desempe\u00f1aban sus tareas en cada Escuela. En 1987, con la creaci\u00f3n del CIFFyH, lxs investigadorxs de esos institutos, sumados a lxs docentes que realizaban investigaci\u00f3n desde las c\u00e1tedras, conforman la estructura primordial del Centro, al formarse las distintas \u00e1reas de investigaci\u00f3n. En los d\u00edas de sus comienzos, la Argentina transitaba a\u00fan t\u00edmidamente el sendero nuevo de la democracia recuperada y el grupo de personas que emprendi\u00f3 su formaci\u00f3n: autoridades, docentes, estudiantes, no docentes; compart\u00eda la convicci\u00f3n de que el objetivo de excelencia acad\u00e9mica de la labor a desarrollar en la Facultad requer\u00eda inexorablemente de un fortalecimiento de la investigaci\u00f3n que se plasmara en la realizaci\u00f3n de peri\u00f3dicas reuniones acad\u00e9micas y publicaciones.<\/p>\n<p>Actualmente el Centro comprende <strong>seis \u00e1reas<\/strong>: Ciencias Sociales, Educaci\u00f3n, Filosof\u00eda, Historia, Letras y Feminismos, G\u00e9neros y Sexualidades (FemGeS).<\/p>\n<p><strong>Ubicado en el primer piso del Pabell\u00f3n Agust\u00edn Tosco<\/strong>, encima de la Biblioteca Central de la Facultad, dispone de un moderno y adecuado equipo inform\u00e1tico (computadoras, impresoras, fotocopiadora, esc\u00e1ners, proyectores) para uso de los investigadores y sus auxiliares, quienes trabajan en sus catorce cub\u00edculos (boxes), y en sus espacios de reuniones.<\/p>\n<p>El Centro y sus investigadores han recibido subsidios y becas de las m\u00e1s importantes agencias de la Argentina, tales como Agencia Nacional de Promoci\u00f3n Cient\u00edfica y Tecnol\u00f3gica, CONICET, SECYT UNC, Agencia C\u00f3rdoba Ciencia, Fundaci\u00f3n Antorchas, entre otras. Las \u00c1reas organizan reuniones acad\u00e9micas peri\u00f3dicas (anuales o bianuales) con convocatoria internacional, y publican revistas y libros con los resultados de las investigaciones y, en algunos casos, con art\u00edculos de opini\u00f3n.<\/p>\n<h4>Nuestro Centro en palabras de Mar\u00eda Saleme<\/h4>\n<p><em><img fetchpriority=\"high\" decoding=\"async\" class=\" wp-image-6021 alignleft\" src=\"http:\/\/ffyh.unc.edu.ar\/ciffyh\/wp-content\/uploads\/sites\/10\/2023\/05\/foto2-300x256.jpg\" alt=\"\" width=\"329\" height=\"291\" \/><\/em><\/p>\n<p><em>\u00abMil novecientos ochenta y siete, digamos que fue el a\u00f1o del CIFFyH, pues estren\u00e1bamos una democracia cuando casi se lleg\u00f3 al olvido de su existencia y nos di\u00f3 por pensar en acciones desmesuradas. Una de ellas fue la creaci\u00f3n de un Centro donde se pudiera investigar solidariamente.<\/em><\/p>\n<p><em>Pensamos, porque la mir\u00e1bamos con atenci\u00f3n, en una Facultad desmantelada, donde nada indicaba la presencia de una intenci\u00f3n de profundizar sobre los serios problemas que, en estos a\u00f1os de ausencia de razones, hab\u00edan cobrado magnitud. Pensamos en la necesidad de un lugar donde, recuperada la tranquilidad, fuera posible reflexionar sobre las carencias; as\u00ed es c\u00f3mo nos propusimos constituir un Centro que unificara tanto los trabajos realizados como las ganas de trabajar.<\/em><\/p>\n<p><em>No fue tarea sencilla este nacimiento, pues exist\u00edan desde tiempo atr\u00e1s otros institutos que consideraban que investigaban lo que \u00abhac\u00eda falta investigar\u00bb, sin mayor conexi\u00f3n con otros Institutos igualmente abroquelados en su espec\u00edfico saber.<\/em><\/p>\n<p><em>Aunque con retraso, sab\u00edamos que en la ciencia, inclusive en las sociales, no alcanzan las certezas absolutas ni puede ya pensarse, desde su estricto y circunscripto campo, la posibilidad de conocimiento de su objeto.<\/em><\/p>\n<p><em>El Centro fue creado desde la posibilidad de convertirse en el lugar de encuentro de los saberes. Hacia ah\u00ed va el esfuerzo de sus a\u00f1os de vida, sin recursos propios, donde todos los integrantes van ofreciendo su esfuerzo cotidiano, porque si de algo se est\u00e1 seguro, es de la necesidad de su existencia plena.<\/em><\/p>\n<p><em>Desde su nacimiento, cada gesti\u00f3n ha ido afirmando el trabajo en investigaci\u00f3n, docencia y extensi\u00f3n. A investigadores, docentes y alumnos, el Centro les ofrece servicios varios, lugar de trabajo y una pertenencia que implica, adem\u00e1s del aval institucional, un marco de referencia para que cada uno de sus miembros pueda comprometerse con ese encuentro de los saberes que da sentido a la investigaci\u00f3n\u00bb.<\/em><\/p>\n<p style=\"text-align: right\">Mar\u00eda Saleme de Burnichon<\/p>\n","protected":false},"excerpt":{"rendered":"<p>El Centro de Investigaciones de la Facultad de Filosof\u00eda y Humanidades \u201cMar\u00eda Saleme de Burnichon\u201d (CIFFyH) fue creado en 1987<\/p>\n","protected":false},"author":1,"featured_media":0,"parent":1842,"menu_order":1,"comment_status":"closed","ping_status":"closed","template":"","meta":{"_acf_changed":false,"colormag_page_container_layout":"default_layout","colormag_page_sidebar_layout":"default_layout","footnotes":""},"class_list":["post-3219","page","type-page","status-publish","hentry"],"acf":[],"yoast_head":"<!-- This site is optimized with the Yoast SEO plugin v27.1.1 - https:\/\/yoast.com\/product\/yoast-seo-wordpress\/ -->\n<title>Presentaci\u00f3n - Centro de Investigaciones &quot;Maria Saleme de Burnichon&quot;<\/title>\n<meta name=\"robots\" content=\"index, follow, max-snippet:-1, max-image-preview:large, max-video-preview:-1\" \/>\n<link rel=\"canonical\" href=\"https:\/\/ffyh.unc.edu.ar\/ciffyh\/institucional\/presentacion\/\" \/>\n<meta property=\"og:locale\" content=\"es_ES\" \/>\n<meta property=\"og:type\" content=\"article\" \/>\n<meta property=\"og:title\" content=\"Presentaci\u00f3n - Centro de Investigaciones &quot;Maria Saleme de Burnichon&quot;\" \/>\n<meta property=\"og:description\" content=\"El Centro de Investigaciones de la Facultad de Filosof\u00eda y Humanidades \u201cMar\u00eda Saleme de Burnichon\u201d (CIFFyH) fue creado en 1987\" \/>\n<meta property=\"og:url\" content=\"https:\/\/ffyh.unc.edu.ar\/ciffyh\/institucional\/presentacion\/\" \/>\n<meta property=\"og:site_name\" content=\"Centro de Investigaciones &quot;Maria Saleme de Burnichon&quot;\" \/>\n<meta property=\"article:modified_time\" content=\"2023-05-24T20:00:44+00:00\" \/>\n<meta property=\"og:image\" content=\"http:\/\/ffyh.unc.edu.ar\/ciffyh\/wp-content\/uploads\/sites\/10\/2023\/05\/foto2-300x256.jpg\" \/>\n<meta name=\"twitter:card\" content=\"summary_large_image\" \/>\n<meta name=\"twitter:label1\" content=\"Tiempo de lectura\" \/>\n\t<meta name=\"twitter:data1\" content=\"3 minutos\" \/>\n<script type=\"application\/ld+json\" class=\"yoast-schema-graph\">{\"@context\":\"https:\/\/schema.org\",\"@graph\":[{\"@type\":\"WebPage\",\"@id\":\"https:\/\/ffyh.unc.edu.ar\/ciffyh\/institucional\/presentacion\/\",\"url\":\"https:\/\/ffyh.unc.edu.ar\/ciffyh\/institucional\/presentacion\/\",\"name\":\"Presentaci\u00f3n - Centro de Investigaciones &quot;Maria Saleme de Burnichon&quot;\",\"isPartOf\":{\"@id\":\"https:\/\/ffyh.unc.edu.ar\/ciffyh\/#website\"},\"primaryImageOfPage\":{\"@id\":\"https:\/\/ffyh.unc.edu.ar\/ciffyh\/institucional\/presentacion\/#primaryimage\"},\"image\":{\"@id\":\"https:\/\/ffyh.unc.edu.ar\/ciffyh\/institucional\/presentacion\/#primaryimage\"},\"thumbnailUrl\":\"http:\/\/ffyh.unc.edu.ar\/ciffyh\/wp-content\/uploads\/sites\/10\/2023\/05\/foto2-300x256.jpg\",\"datePublished\":\"2009-11-18T19:39:06+00:00\",\"dateModified\":\"2023-05-24T20:00:44+00:00\",\"breadcrumb\":{\"@id\":\"https:\/\/ffyh.unc.edu.ar\/ciffyh\/institucional\/presentacion\/#breadcrumb\"},\"inLanguage\":\"es\",\"potentialAction\":[{\"@type\":\"ReadAction\",\"target\":[\"https:\/\/ffyh.unc.edu.ar\/ciffyh\/institucional\/presentacion\/\"]}]},{\"@type\":\"ImageObject\",\"inLanguage\":\"es\",\"@id\":\"https:\/\/ffyh.unc.edu.ar\/ciffyh\/institucional\/presentacion\/#primaryimage\",\"url\":\"http:\/\/ffyh.unc.edu.ar\/ciffyh\/wp-content\/uploads\/sites\/10\/2023\/05\/foto2-300x256.jpg\",\"contentUrl\":\"http:\/\/ffyh.unc.edu.ar\/ciffyh\/wp-content\/uploads\/sites\/10\/2023\/05\/foto2-300x256.jpg\"},{\"@type\":\"BreadcrumbList\",\"@id\":\"https:\/\/ffyh.unc.edu.ar\/ciffyh\/institucional\/presentacion\/#breadcrumb\",\"itemListElement\":[{\"@type\":\"ListItem\",\"position\":1,\"name\":\"Portada\",\"item\":\"https:\/\/ffyh.unc.edu.ar\/ciffyh\/\"},{\"@type\":\"ListItem\",\"position\":2,\"name\":\"Institucional\",\"item\":\"https:\/\/ffyh.unc.edu.ar\/ciffyh\/institucional\/\"},{\"@type\":\"ListItem\",\"position\":3,\"name\":\"Presentaci\u00f3n\"}]},{\"@type\":\"WebSite\",\"@id\":\"https:\/\/ffyh.unc.edu.ar\/ciffyh\/#website\",\"url\":\"https:\/\/ffyh.unc.edu.ar\/ciffyh\/\",\"name\":\"Centro de Investigaciones \\\"Maria Saleme de Burnichon\\\"\",\"description\":\"Facultad de Filosof\u00eda y Humanidades | UNC\",\"publisher\":{\"@id\":\"https:\/\/ffyh.unc.edu.ar\/ciffyh\/#organization\"},\"potentialAction\":[{\"@type\":\"SearchAction\",\"target\":{\"@type\":\"EntryPoint\",\"urlTemplate\":\"https:\/\/ffyh.unc.edu.ar\/ciffyh\/?s={search_term_string}\"},\"query-input\":{\"@type\":\"PropertyValueSpecification\",\"valueRequired\":true,\"valueName\":\"search_term_string\"}}],\"inLanguage\":\"es\"},{\"@type\":\"Organization\",\"@id\":\"https:\/\/ffyh.unc.edu.ar\/ciffyh\/#organization\",\"name\":\"Centro de Investigaciones \\\"Maria Saleme de Burnichon\\\"\",\"url\":\"https:\/\/ffyh.unc.edu.ar\/ciffyh\/\",\"logo\":{\"@type\":\"ImageObject\",\"inLanguage\":\"es\",\"@id\":\"https:\/\/ffyh.unc.edu.ar\/ciffyh\/#\/schema\/logo\/image\/\",\"url\":\"https:\/\/ffyh.unc.edu.ar\/ciffyh\/wp-content\/uploads\/sites\/10\/2018\/02\/cropped-logo-ciffyh-ico.png\",\"contentUrl\":\"https:\/\/ffyh.unc.edu.ar\/ciffyh\/wp-content\/uploads\/sites\/10\/2018\/02\/cropped-logo-ciffyh-ico.png\",\"width\":512,\"height\":512,\"caption\":\"Centro de Investigaciones \\\"Maria Saleme de Burnichon\\\"\"},\"image\":{\"@id\":\"https:\/\/ffyh.unc.edu.ar\/ciffyh\/#\/schema\/logo\/image\/\"},\"sameAs\":[\"https:\/\/www.instagram.com\/ciffyh\/\"]}]}<\/script>\n<!-- \/ Yoast SEO plugin. -->","yoast_head_json":{"title":"Presentaci\u00f3n - Centro de Investigaciones &quot;Maria Saleme de Burnichon&quot;","robots":{"index":"index","follow":"follow","max-snippet":"max-snippet:-1","max-image-preview":"max-image-preview:large","max-video-preview":"max-video-preview:-1"},"canonical":"https:\/\/ffyh.unc.edu.ar\/ciffyh\/institucional\/presentacion\/","og_locale":"es_ES","og_type":"article","og_title":"Presentaci\u00f3n - Centro de Investigaciones &quot;Maria Saleme de Burnichon&quot;","og_description":"El Centro de Investigaciones de la Facultad de Filosof\u00eda y Humanidades \u201cMar\u00eda Saleme de Burnichon\u201d (CIFFyH) fue creado en 1987","og_url":"https:\/\/ffyh.unc.edu.ar\/ciffyh\/institucional\/presentacion\/","og_site_name":"Centro de Investigaciones &quot;Maria Saleme de Burnichon&quot;","article_modified_time":"2023-05-24T20:00:44+00:00","og_image":[{"url":"http:\/\/ffyh.unc.edu.ar\/ciffyh\/wp-content\/uploads\/sites\/10\/2023\/05\/foto2-300x256.jpg","type":"","width":"","height":""}],"twitter_card":"summary_large_image","twitter_misc":{"Tiempo de lectura":"3 minutos"},"schema":{"@context":"https:\/\/schema.org","@graph":[{"@type":"WebPage","@id":"https:\/\/ffyh.unc.edu.ar\/ciffyh\/institucional\/presentacion\/","url":"https:\/\/ffyh.unc.edu.ar\/ciffyh\/institucional\/presentacion\/","name":"Presentaci\u00f3n - Centro de Investigaciones &quot;Maria Saleme de Burnichon&quot;","isPartOf":{"@id":"https:\/\/ffyh.unc.edu.ar\/ciffyh\/#website"},"primaryImageOfPage":{"@id":"https:\/\/ffyh.unc.edu.ar\/ciffyh\/institucional\/presentacion\/#primaryimage"},"image":{"@id":"https:\/\/ffyh.unc.edu.ar\/ciffyh\/institucional\/presentacion\/#primaryimage"},"thumbnailUrl":"http:\/\/ffyh.unc.edu.ar\/ciffyh\/wp-content\/uploads\/sites\/10\/2023\/05\/foto2-300x256.jpg","datePublished":"2009-11-18T19:39:06+00:00","dateModified":"2023-05-24T20:00:44+00:00","breadcrumb":{"@id":"https:\/\/ffyh.unc.edu.ar\/ciffyh\/institucional\/presentacion\/#breadcrumb"},"inLanguage":"es","potentialAction":[{"@type":"ReadAction","target":["https:\/\/ffyh.unc.edu.ar\/ciffyh\/institucional\/presentacion\/"]}]},{"@type":"ImageObject","inLanguage":"es","@id":"https:\/\/ffyh.unc.edu.ar\/ciffyh\/institucional\/presentacion\/#primaryimage","url":"http:\/\/ffyh.unc.edu.ar\/ciffyh\/wp-content\/uploads\/sites\/10\/2023\/05\/foto2-300x256.jpg","contentUrl":"http:\/\/ffyh.unc.edu.ar\/ciffyh\/wp-content\/uploads\/sites\/10\/2023\/05\/foto2-300x256.jpg"},{"@type":"BreadcrumbList","@id":"https:\/\/ffyh.unc.edu.ar\/ciffyh\/institucional\/presentacion\/#breadcrumb","itemListElement":[{"@type":"ListItem","position":1,"name":"Portada","item":"https:\/\/ffyh.unc.edu.ar\/ciffyh\/"},{"@type":"ListItem","position":2,"name":"Institucional","item":"https:\/\/ffyh.unc.edu.ar\/ciffyh\/institucional\/"},{"@type":"ListItem","position":3,"name":"Presentaci\u00f3n"}]},{"@type":"WebSite","@id":"https:\/\/ffyh.unc.edu.ar\/ciffyh\/#website","url":"https:\/\/ffyh.unc.edu.ar\/ciffyh\/","name":"Centro de Investigaciones \"Maria Saleme de Burnichon\"","description":"Facultad de Filosof\u00eda y Humanidades | UNC","publisher":{"@id":"https:\/\/ffyh.unc.edu.ar\/ciffyh\/#organization"},"potentialAction":[{"@type":"SearchAction","target":{"@type":"EntryPoint","urlTemplate":"https:\/\/ffyh.unc.edu.ar\/ciffyh\/?s={search_term_string}"},"query-input":{"@type":"PropertyValueSpecification","valueRequired":true,"valueName":"search_term_string"}}],"inLanguage":"es"},{"@type":"Organization","@id":"https:\/\/ffyh.unc.edu.ar\/ciffyh\/#organization","name":"Centro de Investigaciones \"Maria Saleme de Burnichon\"","url":"https:\/\/ffyh.unc.edu.ar\/ciffyh\/","logo":{"@type":"ImageObject","inLanguage":"es","@id":"https:\/\/ffyh.unc.edu.ar\/ciffyh\/#\/schema\/logo\/image\/","url":"https:\/\/ffyh.unc.edu.ar\/ciffyh\/wp-content\/uploads\/sites\/10\/2018\/02\/cropped-logo-ciffyh-ico.png","contentUrl":"https:\/\/ffyh.unc.edu.ar\/ciffyh\/wp-content\/uploads\/sites\/10\/2018\/02\/cropped-logo-ciffyh-ico.png","width":512,"height":512,"caption":"Centro de Investigaciones \"Maria Saleme de Burnichon\""},"image":{"@id":"https:\/\/ffyh.unc.edu.ar\/ciffyh\/#\/schema\/logo\/image\/"},"sameAs":["https:\/\/www.instagram.com\/ciffyh\/"]}]}},"_links":{"self":[{"href":"https:\/\/ffyh.unc.edu.ar\/ciffyh\/wp-json\/wp\/v2\/pages\/3219","targetHints":{"allow":["GET"]}}],"collection":[{"href":"https:\/\/ffyh.unc.edu.ar\/ciffyh\/wp-json\/wp\/v2\/pages"}],"about":[{"href":"https:\/\/ffyh.unc.edu.ar\/ciffyh\/wp-json\/wp\/v2\/types\/page"}],"author":[{"embeddable":true,"href":"https:\/\/ffyh.unc.edu.ar\/ciffyh\/wp-json\/wp\/v2\/users\/1"}],"replies":[{"embeddable":true,"href":"https:\/\/ffyh.unc.edu.ar\/ciffyh\/wp-json\/wp\/v2\/comments?post=3219"}],"version-history":[{"count":5,"href":"https:\/\/ffyh.unc.edu.ar\/ciffyh\/wp-json\/wp\/v2\/pages\/3219\/revisions"}],"predecessor-version":[{"id":6023,"href":"https:\/\/ffyh.unc.edu.ar\/ciffyh\/wp-json\/wp\/v2\/pages\/3219\/revisions\/6023"}],"up":[{"embeddable":true,"href":"https:\/\/ffyh.unc.edu.ar\/ciffyh\/wp-json\/wp\/v2\/pages\/1842"}],"wp:attachment":[{"href":"https:\/\/ffyh.unc.edu.ar\/ciffyh\/wp-json\/wp\/v2\/media?parent=3219"}],"curies":[{"name":"wp","href":"https:\/\/api.w.org\/{rel}","templated":true}]}}