{"id":6416,"date":"2023-09-05T18:33:48","date_gmt":"2023-09-05T18:33:48","guid":{"rendered":"https:\/\/ffyh.unc.edu.ar\/ciffyh\/?page_id=6416"},"modified":"2025-05-06T18:20:13","modified_gmt":"2025-05-06T18:20:13","slug":"proyectos-proa","status":"publish","type":"page","link":"https:\/\/ffyh.unc.edu.ar\/ciffyh\/proyectos-proa\/","title":{"rendered":"Proyectos PROA"},"content":{"rendered":"<p>Los <strong>Proyectos lnterdisciplinarios Orientados y Acotados (PROA)<\/strong> son proyectos de investigaci\u00f3n con tem\u00e1ticas enmarcadas en temas priorizados por cada convocatoria a ser desarrollados durante un a\u00f1o calendario (no pueden ser renovados ni prorrogados) por dos egresadxs universitarixs.<\/p>\n<p>Estos Proyectos tienen como prop\u00f3sito estimular la pr\u00e1ctica de la investigaci\u00f3n sobre tem\u00e1ticas espec\u00edficas que sean consideradas de inter\u00e9s por la comunidad del CIFFyH. Son sus objetivos:<\/p>\n<p>1. Apoyar y fomentar el ingreso y la inserci\u00f3n activa en procesos de investigaci\u00f3n de egresados\/as universitarios\/as de la Facultad como de aquellos\/as integrantes de equipos de investigaci\u00f3n del Centro de Investigaciones.<\/p>\n<p>2. Estimular pr\u00e1cticas interdisciplinarias de investigaci\u00f3n.<\/p>\n<p>3. Contribuir a la comprensi\u00f3n de problemas sociales, culturales, pol\u00edticos de nuestro contexto local.<\/p>\n<p>4. Fortalecer el intercambio y la sinergia entre las \u00e1reas del Centro.<\/p>\n<p>Los proyectos PROA son financiados con asignaciones econ\u00f3micas cuyos recursos provienen de los apoyos institucionales que puede gestionar el CIFFyH y la Facultad de Filosof\u00eda y Humanidades.<\/p>\n<p>Cada convocatoria es establecida anualmente por el Consejo del CIFFyH y elevada para su aprobaci\u00f3n al HCD. En la misma se fijan los temas y la cantidad de proyectos que ser\u00e1n seleccionados por concurso.<\/p>\n<p>Los\/as integrantes de los proyectos PROA seleccionados tienen una retribuci\u00f3n equivalente a la de un\/a profesorl\/a asistente de dedicaci\u00f3n simple sin antig\u00fcedad.<\/p>\n<h5><span style=\"font-weight: 400\">Proyectos Orientados y Acotados (PROA) 2025-2026 <strong><a href=\"https:\/\/ffyh.unc.edu.ar\/ciffyh\/wp-content\/uploads\/sites\/10\/2025\/05\/PROAs-2025-2026-Resumenes.pdf\" target=\"_blank\" rel=\"noopener\">AQU\u00cd<\/a><\/strong><\/span><\/h5>\n<h5><span style=\"font-weight: 400\">Proyectos Orientados y Acotados (PROA) 2024-2025<strong> <a href=\"http:\/\/ffyh.unc.edu.ar\/ciffyh\/wp-content\/uploads\/sites\/10\/2024\/06\/Proyectos-Orientados-y-Acotados-PROA-2024-2025.pdf\" target=\"_blank\" rel=\"noopener\">AQU\u00cd<\/a><\/strong><\/span><\/h5>\n<p>&nbsp;<\/p>\n<p>&nbsp;<\/p>\n","protected":false},"excerpt":{"rendered":"<p>Los Proyectos lnterdisciplinarios Orientados y Acotados (PROA) son proyectos de investigaci\u00f3n con tem\u00e1ticas enmarcadas en temas priorizados por cada convocatoria<\/p>\n","protected":false},"author":39,"featured_media":0,"parent":0,"menu_order":0,"comment_status":"closed","ping_status":"closed","template":"","meta":{"_acf_changed":false,"colormag_page_container_layout":"default_layout","colormag_page_sidebar_layout":"default_layout","footnotes":""},"class_list":["post-6416","page","type-page","status-publish","hentry"],"acf":[],"yoast_head":"<!-- This site is optimized with the Yoast SEO plugin v27.1.1 - https:\/\/yoast.com\/product\/yoast-seo-wordpress\/ -->\n<title>Proyectos PROA - Centro de Investigaciones &quot;Maria Saleme de Burnichon&quot;<\/title>\n<meta name=\"robots\" content=\"index, follow, max-snippet:-1, max-image-preview:large, max-video-preview:-1\" \/>\n<link rel=\"canonical\" href=\"https:\/\/ffyh.unc.edu.ar\/ciffyh\/proyectos-proa\/\" \/>\n<meta property=\"og:locale\" content=\"es_ES\" \/>\n<meta property=\"og:type\" content=\"article\" \/>\n<meta property=\"og:title\" content=\"Proyectos PROA - Centro de Investigaciones &quot;Maria Saleme de Burnichon&quot;\" \/>\n<meta property=\"og:description\" content=\"Los Proyectos lnterdisciplinarios Orientados y Acotados (PROA) son proyectos de investigaci\u00f3n con tem\u00e1ticas enmarcadas en temas priorizados por cada convocatoria\" \/>\n<meta property=\"og:url\" content=\"https:\/\/ffyh.unc.edu.ar\/ciffyh\/proyectos-proa\/\" \/>\n<meta property=\"og:site_name\" content=\"Centro de Investigaciones &quot;Maria Saleme de Burnichon&quot;\" \/>\n<meta property=\"article:modified_time\" content=\"2025-05-06T18:20:13+00:00\" \/>\n<meta name=\"twitter:card\" content=\"summary_large_image\" \/>\n<meta name=\"twitter:label1\" content=\"Tiempo de lectura\" \/>\n\t<meta name=\"twitter:data1\" content=\"2 minutos\" \/>\n<script type=\"application\/ld+json\" class=\"yoast-schema-graph\">{\"@context\":\"https:\/\/schema.org\",\"@graph\":[{\"@type\":\"WebPage\",\"@id\":\"https:\/\/ffyh.unc.edu.ar\/ciffyh\/proyectos-proa\/\",\"url\":\"https:\/\/ffyh.unc.edu.ar\/ciffyh\/proyectos-proa\/\",\"name\":\"Proyectos PROA - Centro de Investigaciones &quot;Maria Saleme de Burnichon&quot;\",\"isPartOf\":{\"@id\":\"https:\/\/ffyh.unc.edu.ar\/ciffyh\/#website\"},\"datePublished\":\"2023-09-05T18:33:48+00:00\",\"dateModified\":\"2025-05-06T18:20:13+00:00\",\"breadcrumb\":{\"@id\":\"https:\/\/ffyh.unc.edu.ar\/ciffyh\/proyectos-proa\/#breadcrumb\"},\"inLanguage\":\"es\",\"potentialAction\":[{\"@type\":\"ReadAction\",\"target\":[\"https:\/\/ffyh.unc.edu.ar\/ciffyh\/proyectos-proa\/\"]}]},{\"@type\":\"BreadcrumbList\",\"@id\":\"https:\/\/ffyh.unc.edu.ar\/ciffyh\/proyectos-proa\/#breadcrumb\",\"itemListElement\":[{\"@type\":\"ListItem\",\"position\":1,\"name\":\"Portada\",\"item\":\"https:\/\/ffyh.unc.edu.ar\/ciffyh\/\"},{\"@type\":\"ListItem\",\"position\":2,\"name\":\"Proyectos PROA\"}]},{\"@type\":\"WebSite\",\"@id\":\"https:\/\/ffyh.unc.edu.ar\/ciffyh\/#website\",\"url\":\"https:\/\/ffyh.unc.edu.ar\/ciffyh\/\",\"name\":\"Centro de Investigaciones \\\"Maria Saleme de Burnichon\\\"\",\"description\":\"Facultad de Filosof\u00eda y Humanidades | UNC\",\"publisher\":{\"@id\":\"https:\/\/ffyh.unc.edu.ar\/ciffyh\/#organization\"},\"potentialAction\":[{\"@type\":\"SearchAction\",\"target\":{\"@type\":\"EntryPoint\",\"urlTemplate\":\"https:\/\/ffyh.unc.edu.ar\/ciffyh\/?s={search_term_string}\"},\"query-input\":{\"@type\":\"PropertyValueSpecification\",\"valueRequired\":true,\"valueName\":\"search_term_string\"}}],\"inLanguage\":\"es\"},{\"@type\":\"Organization\",\"@id\":\"https:\/\/ffyh.unc.edu.ar\/ciffyh\/#organization\",\"name\":\"Centro de Investigaciones \\\"Maria Saleme de Burnichon\\\"\",\"url\":\"https:\/\/ffyh.unc.edu.ar\/ciffyh\/\",\"logo\":{\"@type\":\"ImageObject\",\"inLanguage\":\"es\",\"@id\":\"https:\/\/ffyh.unc.edu.ar\/ciffyh\/#\/schema\/logo\/image\/\",\"url\":\"https:\/\/ffyh.unc.edu.ar\/ciffyh\/wp-content\/uploads\/sites\/10\/2018\/02\/cropped-logo-ciffyh-ico.png\",\"contentUrl\":\"https:\/\/ffyh.unc.edu.ar\/ciffyh\/wp-content\/uploads\/sites\/10\/2018\/02\/cropped-logo-ciffyh-ico.png\",\"width\":512,\"height\":512,\"caption\":\"Centro de Investigaciones \\\"Maria Saleme de Burnichon\\\"\"},\"image\":{\"@id\":\"https:\/\/ffyh.unc.edu.ar\/ciffyh\/#\/schema\/logo\/image\/\"},\"sameAs\":[\"https:\/\/www.instagram.com\/ciffyh\/\"]}]}<\/script>\n<!-- \/ Yoast SEO plugin. -->","yoast_head_json":{"title":"Proyectos PROA - Centro de Investigaciones &quot;Maria Saleme de Burnichon&quot;","robots":{"index":"index","follow":"follow","max-snippet":"max-snippet:-1","max-image-preview":"max-image-preview:large","max-video-preview":"max-video-preview:-1"},"canonical":"https:\/\/ffyh.unc.edu.ar\/ciffyh\/proyectos-proa\/","og_locale":"es_ES","og_type":"article","og_title":"Proyectos PROA - Centro de Investigaciones &quot;Maria Saleme de Burnichon&quot;","og_description":"Los Proyectos lnterdisciplinarios Orientados y Acotados (PROA) son proyectos de investigaci\u00f3n con tem\u00e1ticas enmarcadas en temas priorizados por cada convocatoria","og_url":"https:\/\/ffyh.unc.edu.ar\/ciffyh\/proyectos-proa\/","og_site_name":"Centro de Investigaciones &quot;Maria Saleme de Burnichon&quot;","article_modified_time":"2025-05-06T18:20:13+00:00","twitter_card":"summary_large_image","twitter_misc":{"Tiempo de lectura":"2 minutos"},"schema":{"@context":"https:\/\/schema.org","@graph":[{"@type":"WebPage","@id":"https:\/\/ffyh.unc.edu.ar\/ciffyh\/proyectos-proa\/","url":"https:\/\/ffyh.unc.edu.ar\/ciffyh\/proyectos-proa\/","name":"Proyectos PROA - Centro de Investigaciones &quot;Maria Saleme de Burnichon&quot;","isPartOf":{"@id":"https:\/\/ffyh.unc.edu.ar\/ciffyh\/#website"},"datePublished":"2023-09-05T18:33:48+00:00","dateModified":"2025-05-06T18:20:13+00:00","breadcrumb":{"@id":"https:\/\/ffyh.unc.edu.ar\/ciffyh\/proyectos-proa\/#breadcrumb"},"inLanguage":"es","potentialAction":[{"@type":"ReadAction","target":["https:\/\/ffyh.unc.edu.ar\/ciffyh\/proyectos-proa\/"]}]},{"@type":"BreadcrumbList","@id":"https:\/\/ffyh.unc.edu.ar\/ciffyh\/proyectos-proa\/#breadcrumb","itemListElement":[{"@type":"ListItem","position":1,"name":"Portada","item":"https:\/\/ffyh.unc.edu.ar\/ciffyh\/"},{"@type":"ListItem","position":2,"name":"Proyectos PROA"}]},{"@type":"WebSite","@id":"https:\/\/ffyh.unc.edu.ar\/ciffyh\/#website","url":"https:\/\/ffyh.unc.edu.ar\/ciffyh\/","name":"Centro de Investigaciones \"Maria Saleme de Burnichon\"","description":"Facultad de Filosof\u00eda y Humanidades | UNC","publisher":{"@id":"https:\/\/ffyh.unc.edu.ar\/ciffyh\/#organization"},"potentialAction":[{"@type":"SearchAction","target":{"@type":"EntryPoint","urlTemplate":"https:\/\/ffyh.unc.edu.ar\/ciffyh\/?s={search_term_string}"},"query-input":{"@type":"PropertyValueSpecification","valueRequired":true,"valueName":"search_term_string"}}],"inLanguage":"es"},{"@type":"Organization","@id":"https:\/\/ffyh.unc.edu.ar\/ciffyh\/#organization","name":"Centro de Investigaciones \"Maria Saleme de Burnichon\"","url":"https:\/\/ffyh.unc.edu.ar\/ciffyh\/","logo":{"@type":"ImageObject","inLanguage":"es","@id":"https:\/\/ffyh.unc.edu.ar\/ciffyh\/#\/schema\/logo\/image\/","url":"https:\/\/ffyh.unc.edu.ar\/ciffyh\/wp-content\/uploads\/sites\/10\/2018\/02\/cropped-logo-ciffyh-ico.png","contentUrl":"https:\/\/ffyh.unc.edu.ar\/ciffyh\/wp-content\/uploads\/sites\/10\/2018\/02\/cropped-logo-ciffyh-ico.png","width":512,"height":512,"caption":"Centro de Investigaciones \"Maria Saleme de Burnichon\""},"image":{"@id":"https:\/\/ffyh.unc.edu.ar\/ciffyh\/#\/schema\/logo\/image\/"},"sameAs":["https:\/\/www.instagram.com\/ciffyh\/"]}]}},"_links":{"self":[{"href":"https:\/\/ffyh.unc.edu.ar\/ciffyh\/wp-json\/wp\/v2\/pages\/6416","targetHints":{"allow":["GET"]}}],"collection":[{"href":"https:\/\/ffyh.unc.edu.ar\/ciffyh\/wp-json\/wp\/v2\/pages"}],"about":[{"href":"https:\/\/ffyh.unc.edu.ar\/ciffyh\/wp-json\/wp\/v2\/types\/page"}],"author":[{"embeddable":true,"href":"https:\/\/ffyh.unc.edu.ar\/ciffyh\/wp-json\/wp\/v2\/users\/39"}],"replies":[{"embeddable":true,"href":"https:\/\/ffyh.unc.edu.ar\/ciffyh\/wp-json\/wp\/v2\/comments?post=6416"}],"version-history":[{"count":11,"href":"https:\/\/ffyh.unc.edu.ar\/ciffyh\/wp-json\/wp\/v2\/pages\/6416\/revisions"}],"predecessor-version":[{"id":8222,"href":"https:\/\/ffyh.unc.edu.ar\/ciffyh\/wp-json\/wp\/v2\/pages\/6416\/revisions\/8222"}],"wp:attachment":[{"href":"https:\/\/ffyh.unc.edu.ar\/ciffyh\/wp-json\/wp\/v2\/media?parent=6416"}],"curies":[{"name":"wp","href":"https:\/\/api.w.org\/{rel}","templated":true}]}}