{"id":74,"date":"2023-04-21T13:59:18","date_gmt":"2023-04-21T13:59:18","guid":{"rendered":"https:\/\/ffyh.unc.edu.ar\/derechoshumanos\/?page_id=74"},"modified":"2023-10-31T13:50:51","modified_gmt":"2023-10-31T13:50:51","slug":"premio-ddhh-2023","status":"publish","type":"page","link":"https:\/\/ffyh.unc.edu.ar\/derechoshumanos\/premio-ddhh-2023\/","title":{"rendered":"Premio Internacional de Humanidades, Ciencias Sociales y Derechos Humanos &#8211; Convocatoria 2023"},"content":{"rendered":"<p>La Facultad de Filosof\u00eda y Humanidades de la Universidad Nacional de C\u00f3rdoba convoca a la presentaci\u00f3n de ensayos sobre el tema \u201cHumanidades, Ciencias Sociales y Derechos Humanos\u201d. Lxs candidatxs deben enviar sus textos\/art\u00edculos<strong> hasta el d\u00eda 20 de noviembre de 2023<\/strong>.<\/p>\n<p><!--more--><\/p>\n<p>La formaci\u00f3n en las Humanidades y las Ciencias Sociales ha mostrado la importancia de su potencial cr\u00edtico para repensar el alcance y sentidos de la categor\u00eda de DDHH, sus tensiones y la necesidad de su actualizaci\u00f3n permanente para contribuir a una reflexi\u00f3n sobre las pr\u00e1cticas y los discursos tanto en el campo de la investigaci\u00f3n como en el periodismo, la intervenci\u00f3n y las militancias.<\/p>\n<p>Desde la recuperaci\u00f3n del Estado democr\u00e1tico de derecho, y con diferentes intensidades e historicidades, los derechos humanos han sido el foco de disputas pol\u00edticas y te\u00f3ricas que han atravesado los saberes de la academia y de los movimientos sociales; la elaboraci\u00f3n de pol\u00edticas estatales y la conformaci\u00f3n de espacios p\u00fablicos, a nivel local, nacional y regional.<\/p>\n<p>La FFyH considera fundamental mantener en el presente que habitamos la pregunta por la herencia de estas luchas, acompa\u00f1ando desde el pensamiento y la creaci\u00f3n, las aventuras\/b\u00fasquedas pol\u00edticas, imaginarias, conceptuales y afectivas de la comunidad.\u00a0 Es por ello que consideramos importante promover este Premio como una herramienta que sostenga la insistencia de los derechos humanos como horizonte y como praxis de toda cultura pol\u00edtica democr\u00e1tica.<\/p>\n<p><strong>Lxs postulantxs deber\u00e1n regirse por las siguientes BASES:\u00a0\u00a0<\/strong><\/p>\n<p><strong>Meta<\/strong><\/p>\n<p>Art. 1. El Premio Internacional de Humanidades, Ciencias Sociales y Derechos Humanos tiene como objetivo estimular, apoyar y divulgar iniciativas que versen sobre la contribuci\u00f3n de estas disciplinas a las diversas \u00e1reas tem\u00e1ticas relativas a los Derechos Humanos.<\/p>\n<p><strong>Del premio<\/strong><\/p>\n<p>Art. 2. Podr\u00e1n inscribirse estudiantes, egresados\/as y docentes universitarios\/as. Para hacerlo deber\u00e1n optar por una de las siguientes categor\u00edas: a) estudiantes de grado de cualquier carrera (CATEGOR\u00cdA I), b) egresados\/as de grado de cualquier carrera universitaria cuyo t\u00edtulo no tenga m\u00e1s de 5 a\u00f1os de antig\u00fcedad (CATEGOR\u00cdA II), c) estudiantes y egresados\/as de maestr\u00eda cuyos t\u00edtulos no tengan m\u00e1s de 3 a\u00f1os de antig\u00fcedad (CATEGOR\u00cdA III), d) estudiantes y egresados\/as de doctorado cuyos t\u00edtulos no tengan m\u00e1s de 3 a\u00f1os de antig\u00fcedad (CATEGOR\u00cdA IV). No podr\u00e1n inscribirse el Director\/a del Programa de DDHH, ni ninguno\/a de los\/as integrantes del consejo de dicho programa.<\/p>\n<p>Art. 3. El Premio Internacional de Humanidades, Ciencias Sociales y Derechos Humanos ser\u00e1 concedido a un trabajo en cada categor\u00eda, estipulada en el art\u00edculo 2.<\/p>\n<p>Corresponde al Jurado decidir sobre la conveniencia de atribuci\u00f3n de menci\u00f3n honor\u00edfica. En la hip\u00f3tesis de que el jurado entienda que ninguno de los trabajos sea merecedor de premio, podr\u00e1 optar por declarar desierta la categor\u00eda.<\/p>\n<p>Art. 4. El premio consistir\u00e1 en la publicaci\u00f3n de los trabajos en un volumen a cargo de la Editorial de la FFyH.<\/p>\n<p>Art. 5 La inscripci\u00f3n en el concurso implica la cesi\u00f3n de derechos exclusivos de publicaci\u00f3n a sus promotores, independientemente de autorizaci\u00f3n espec\u00edfica posterior a la premiaci\u00f3n, por el per\u00edodo m\u00e1ximo de 02 (dos) a\u00f1os.<\/p>\n<p><strong>Del tema<\/strong><\/p>\n<p>Art. 6. El objetivo del Premio Internacional de Humanidades, Ciencias Sociales y Derechos Humanos es promover la discusi\u00f3n sobre la relaci\u00f3n entre Humanidades, Ciencias Sociales y Derechos Humanos. Los trabajos concurrentes deben versar en torno a los ejes tem\u00e1ticos propuestos por la convocatoria vigente. Los ejes tem\u00e1ticos de cada convocatoria ser\u00e1n propuestos por el Consejo Asesor del Programa de Derechos Humanos y aprobados por el Honorable Consejo Directivo.<\/p>\n<p><strong>Los ejes tem\u00e1ticos propuestos y aprobados para la convocatoria 2023 son:<\/strong><\/p>\n<p>-Derechos humanos y feminismos. Transfeminismos. Derechos humanos en clave de g\u00e9nero.<\/p>\n<p>&#8211; Derechos humanos y pueblos originarios.<\/p>\n<p>-Derechos humanos y medio ambiente.<\/p>\n<p>-Derechos humanos y unidades de gesti\u00f3n documental.<\/p>\n<p>&#8211; Los \u201cNunca m\u00e1s\u201d que nos faltan. Herencias y proyecciones.<\/p>\n<p>&#8211; Luchas por la Memoria, Verdad y Justicia.<\/p>\n<p><strong>De la presentaci\u00f3n<\/strong><\/p>\n<p>Art. 7. Los trabajos deber\u00e1n seguir las siguientes normas:<\/p>\n<ol>\n<li>A) Un resumen de 700 caracteres sin espacios, donde se mencione el objetivo del trabajo, la perspectiva disciplinar de la que parte y la metodolog\u00eda aplicada.<\/li>\n<li>B) El cuerpo del texto deber\u00e1 tener como m\u00e1ximo 90.000 caracteres sin espacios, bibliograf\u00eda incluida adem\u00e1s de las relativas a los anexos.<\/li>\n<li>C) El texto deber\u00e1 estar escrito en fuente Times New Roman tama\u00f1o 12, interlineado a espacio y medio.<\/li>\n<li>D) Las citas bibliogr\u00e1ficas deber\u00e1n seguir las normas APA.<\/li>\n<li>E) Los archivos que contienen el texto del\/la concursante deber\u00e1n ser anonimizados (*) y evitar en el texto cualquier referencia a la identidad de la o el autor\/a. Cualquier incumplimiento de esta norma significar\u00e1 la descalificaci\u00f3n inmediata.<\/li>\n<li>G) El archivo debe ir nombrado con el t\u00edtulo del trabajo, y el n\u00famero de categor\u00eda en la que se presenta (art. 2). S\u00f3lo se recibir\u00e1n archivos en formato PDF. \u00a0El archivo deber\u00e1 ser subido al BLOG del Programa en Derechos Humanos, de la Facultad de Filosof\u00eda y Humanidades. Para completar el env\u00edo las y\u00a0 los participantes deber\u00e1n llenar un FORMULARIO (ver \u00a0art. 10 y 11).<\/li>\n<\/ol>\n<p>Art. 8. Se aceptar\u00e1n trabajos de hasta tres autores.<\/p>\n<p>Art. 9. Cada autor s\u00f3lo podr\u00e1 participar con un trabajo, y en una sola categor\u00eda.<\/p>\n<blockquote><p>Art. 10. Los trabajos deber\u00e1n ser presentados hasta el 20 de noviembre en <a href=\"https:\/\/docs.google.com\/forms\/d\/e\/1FAIpQLScDuhjxxlQ9SQ-TAYR-BdXSDTI5DHfq_PaTTamWPieRaWhBwg\/viewform?usp=sf_link\" target=\"_blank\" rel=\"noopener\">https:\/\/docs.google.com\/forms\/d\/e\/1FAIpQLScDuhjxxlQ9SQ-TAYR-BdXSDTI5DHfq_PaTTamWPieRaWhBwg\/viewform?usp=sf_link<\/a><\/p>\n<p><strong style=\"font-size: 16px\">De la inscripci\u00f3n<\/strong><\/p><\/blockquote>\n<p>Art. 11. La inscripci\u00f3n se realiza con el llenado de un FORMULARIO disponible en el BLOG del Programa de DDHH de la FFyH, en el que, adem\u00e1s del texto anonimizado, con los requisitos ya establecidos para su presentaci\u00f3n (art. 7) deber\u00e1n completarse una serie de datos y documentos: nombre completo del concursante, documento nacional de identidad, instituci\u00f3n a la que pertenece, escaneo del diploma o, en caso de ser estudiante, declaraci\u00f3n del programa de postgrado a que pertenece, o anal\u00edtico de la carrera de grado en la que cursa, t\u00edtulo del trabajo, direcci\u00f3n completa para correspondencia, tel\u00e9fono y direcci\u00f3n electr\u00f3nica.<\/p>\n<p>Art. 12. La inscripci\u00f3n se efect\u00faa con la comunicaci\u00f3n por parte del Programa de Derechos Humanos de la recepci\u00f3n del trabajo, implicando la aceptaci\u00f3n por el concursante de las disposiciones reglamentarias.<\/p>\n<p><strong>Del Jurado\u00a0<\/strong><\/p>\n<p>Art. 13. Cada trabajo ser\u00e1 sometido en primera instancia a la evaluaci\u00f3n de dos pares ciegos que recomendar\u00e1n o no su aptitud. La evaluaci\u00f3n final ser\u00e1 realizada por un jurado que estar\u00e1 compuesto por 5 miembros. El jurado tiene autonom\u00eda para pronunciar la decisi\u00f3n final, siendo esta decisi\u00f3n irrecurrible.<\/p>\n<p>El jurado ser\u00e1 propuesto por el Consejo Asesor del Programa de Derechos Humanos, teniendo en cuenta la trayectoria de sus miembros en el campo de los derechos humanos y su pertinencia en relaci\u00f3n a los ejes tem\u00e1ticos propuestos para la convocatoria, y ser\u00e1 aprobado por el Honorable Consejo Directivo.<\/p>\n<p><strong>En la convocatoria 2023 el jurado estar\u00e1 integrado por:\u00a0<\/strong><\/p>\n<p>M\u00f3nica Zidarich, Diana Lenton, Ana Iliovich, Ivanna Aguilera, e Igor Donoso.<\/p>\n<p><strong>De las Disposiciones Generales<\/strong><\/p>\n<p>Art. 14. S\u00f3lo se divulgar\u00e1n los nombres de los contemplados con premios.<\/p>\n<p>Art. 15. Los trabajos que no se encuadran en este reglamento ser\u00e1n descalificados.<\/p>\n<p>Art. 16. Las y los ganadores del Premio ser\u00e1n anunciados en la fecha que se establezca en la convocatoria. Para este caso el 10 de diciembre de 2023.<\/p>\n<p>(*) Para asegurar la integridad de una revisi\u00f3n ciega por pares de un env\u00edo a esta convocatoria, se deber\u00e1n tomar las precauciones para preservar la identidad de los autores\/as.\u00a0 Esto implica que los autores\/as comprueben si se han llevado a cabo los siguientes pasos con respecto a las propiedades del texto y del archivo: \u00a0 1. Los autores\/as del documento han eliminado sus nombres del texto, utilizando \u00abAutor\u00bb y a\u00f1o en las referencias y notas al pie, en vez de los nombres de los autores\/as, el t\u00edtulo del art\u00edculo, etc. 2. En el caso de los documentos creados con Microsoft Office, la identificaci\u00f3n del autor\/a tambi\u00e9n se deber\u00eda eliminar de las propiedades del archivo (vea m\u00e1s abajo archivo en Word), haciendo clic en archivo en el men\u00fa principal de la aplicaci\u00f3n de Microsoft: Archivo &gt; Guardar como &gt; Herramientas (u Opciones en el caso de Mac) &gt; Opciones de seguridad &gt; Al guardar, eliminar la informaci\u00f3n personal de las propiedades del archivo &gt; Guardar. 3. En el caso de documentos PDF, tambi\u00e9n se deber\u00edan eliminar los nombres de los autores\/as de las propiedades del documento dentro del men\u00fa archivo o del men\u00fa principal de Acrobat.<\/p>\n<p><strong>\u00a0Sobre el Jurado 2023<\/strong><\/p>\n<p><strong><img decoding=\"async\" class=\"alignright wp-image-75 size-thumbnail\" src=\"http:\/\/ffyh.unc.edu.ar\/derechoshumanos\/wp-content\/uploads\/sites\/47\/2023\/04\/iliovich-150x150.jpg\" alt=\"\" width=\"150\" height=\"150\" \/>Ana Iliovich<\/strong> es maestra, alfabetizadora, especialista en educaci\u00f3n popular, terapeuta y escritora. Actualmente ejerce como psic\u00f3loga. Es Magister en Ciencias Sociales con Menci\u00f3n en Pol\u00edticas Sociales por la Facultad de Ciencias Sociales de la UNC, por su tesis: \u201cEl Estado Argentino y los sobrevivientes del Terrorismo de Estado\u201d (2016). Ha publicado numerosos art\u00edculos sobre salud mental y victimolog\u00eda: violencia dom\u00e9stica, maltrato infantil y hacia mujeres, entre otros. Su libro \u201cEl Silencio. Postales de La Perla\u201d (Editorial Los R\u00edos, 2017) es un conmovedor testimonio de su experiencia como sobreviviente de dicho Campo de Concentraci\u00f3n y Exterminio, de la que fue testigo en Juicios por cr\u00edmenes de lesa humanidad.<\/p>\n<hr \/>\n<p><strong><img decoding=\"async\" class=\"alignright wp-image-76 size-thumbnail\" src=\"http:\/\/ffyh.unc.edu.ar\/derechoshumanos\/wp-content\/uploads\/sites\/47\/2023\/04\/lenton-150x150.jpg\" alt=\"\" width=\"150\" height=\"150\" \/>Diana Lenton<\/strong>, doctora en Antropolog\u00eda, es docente titular de la Universidad de Buenos Aires, as\u00ed como de diversos posgrados e Investigadora Independiente del CONICET. Su trabajo se aboca al campo de estudio de los pueblos originarios, los sistemas culturales, la interculturalidad, las relaciones inter\u00e9tnicas y los conflictos con el Estado Naci\u00f3n Argentino. Su proyecto: \u201cInicios del movimiento ind\u00edgena en la Argentina: hegemon\u00eda y memoria\u201d es fuente de numerosos art\u00edculos y libros, as\u00ed como de la formaci\u00f3n de investigadorxs, tesistas y becarixs. Ha sido distinguida, entre otros, por el premio por el \u201cMemorial de la Paz y la Solidaridad entre los pueblos\u201d (2016) que otorga el Servicio de Paz y Justicia (SERPAJ).<\/p>\n<hr \/>\n<p><strong><img decoding=\"async\" class=\"alignright size-thumbnail wp-image-77\" src=\"http:\/\/ffyh.unc.edu.ar\/derechoshumanos\/wp-content\/uploads\/sites\/47\/2023\/04\/zidarich-150x150.png\" alt=\"\" width=\"150\" height=\"150\" \/>M\u00f3nica Zidarich<\/strong> es maestra, profesora y licenciada en Ciencias de la Educaci\u00f3n por la Universidad Nacional de C\u00f3rdoba. Una experiencia de dos d\u00e9cadas como educadora en una comunidad Wichi en el impenetrable Chaco dej\u00f3 una profunda huella en su trayectoria. Formadora de docentes originarios, fue pionera en la pr\u00e1ctica, la reflexi\u00f3n y la producci\u00f3n de materiales did\u00e1cticos sobre educaci\u00f3n biling\u00fce en Argentina. De manera sostenida realiz\u00f3 aportes valiosos en el campo de la gesti\u00f3n educativa: en dos per\u00edodos form\u00f3 parte del Equipo Nacional de la modalidad Educaci\u00f3n Intercultural Biling\u00fce y fue consultora del Ministerio de Educaci\u00f3n de la Provincia del Chaco para la elaboraci\u00f3n del Cap\u00edtulo de Educaci\u00f3n aborigen y Educaci\u00f3n rural de la Ley Provincial de Educaci\u00f3n, entre otros. Es una referente insoslayable de la lucha por el derecho a la educaci\u00f3n intercultural en Argentina.<\/p>\n<hr \/>\n<p><strong><img loading=\"lazy\" decoding=\"async\" class=\"alignright size-thumbnail wp-image-78\" src=\"http:\/\/ffyh.unc.edu.ar\/derechoshumanos\/wp-content\/uploads\/sites\/47\/2023\/04\/donoso-150x150.png\" alt=\"\" width=\"150\" height=\"150\" \/>Igor Goicovic Donoso <\/strong>es docente e investigador del Departamento de Historia, en la Universidad de Santiago de Chile (USACH) y de la Universidad de Playa Ancha. Particip\u00f3 activamente en la lucha contra la dictadura pinochetista, primero como militante de la Juventud Socialista (J.S) y despu\u00e9s en el Movimiento de Izquierda Revolucionaria (M.I.R). Ha realizado investigaciones sobre los procesos de transici\u00f3n a la democracia, la lucha armada, las revueltas populares y las izquierdas en Am\u00e9rica Latina. Adem\u00e1s de por sus numerosas y notables publicaciones, su trayectoria es reconocida por ser el fundador del Seminario Internacional sobre \u201cHistoria de la Violencia en Am\u00e9rica Latina\u201d, con encuentros en Chile, Argentina, Bolivia y Colombia. Entre sus libros se destacan<em> Am\u00e9rica Latina: Violencias en la Historia<\/em> (en colaboraci\u00f3n con Jaqueline Vasallo) de 2018 y <em>Estado olig\u00e1rquico y protesta popular en Chile <\/em>(1810-1891) de 2022.<\/p>\n<hr \/>\n<p><strong><img loading=\"lazy\" decoding=\"async\" class=\"alignright size-thumbnail wp-image-79\" src=\"http:\/\/ffyh.unc.edu.ar\/derechoshumanos\/wp-content\/uploads\/sites\/47\/2023\/04\/aguilera-150x150.jpg\" alt=\"\" width=\"150\" height=\"150\" \/>Ivanna Aguilera <\/strong>reconocida militante trans, ex presa pol\u00edtica de la \u00faltima dictadura militar argentina (Batall\u00f3n 121 de Rosario) y de la Oficina de Investigaci\u00f3n de la Polic\u00eda de Rosario (1976). Desde 1990 se involucr\u00f3 en la lucha por los derechos humanos y contra la discriminaci\u00f3n a homosexuales, y poblaci\u00f3n trans y travesti. Es fundadora de ACODHO (Asociaci\u00f3n contra la Discriminaci\u00f3n Homosexual). Su actividad es relevante, entre otras causas, en el campo de la prevenci\u00f3n y control del VIH\/SIDA, por haber impulsado la campa\u00f1a nacional por la inclusi\u00f3n laboral trans y travesti en Argentina, as\u00ed como por el acompa\u00f1amiento a estas mujeres cuando atraviesan un estado terminal. \u00a0Desde 1997 preside Flores Diversas, asociaci\u00f3n civil trans y travesti.<\/p>\n","protected":false},"excerpt":{"rendered":"<p>La Facultad de Filosof\u00eda y Humanidades de la Universidad Nacional de C\u00f3rdoba convoca a la presentaci\u00f3n de ensayos sobre el tema \u201cHumanidades, Ciencias Sociales y Derechos Humanos\u201d. Lxs candidatxs deben enviar sus textos\/art\u00edculos hasta el d\u00eda 20 de noviembre de 2023.<\/p><p><a class=\"more-link btn\" href=\"https:\/\/ffyh.unc.edu.ar\/derechoshumanos\/premio-ddhh-2023\/\">Seguir leyendo<\/a><\/p>\n","protected":false},"author":2,"featured_media":83,"parent":0,"menu_order":0,"comment_status":"closed","ping_status":"closed","template":"","meta":{"_acf_changed":false,"footnotes":""},"class_list":["post-74","page","type-page","status-publish","has-post-thumbnail","hentry","nodate","item-wrap"],"acf":[],"yoast_head":"<!-- This site is optimized with the Yoast SEO plugin v27.1.1 - https:\/\/yoast.com\/product\/yoast-seo-wordpress\/ -->\n<title>Premio Internacional de Humanidades, Ciencias Sociales y Derechos Humanos - Convocatoria 2023 - Programa de Derechos Humanos - FFyH UNC<\/title>\n<meta name=\"robots\" content=\"index, follow, max-snippet:-1, max-image-preview:large, max-video-preview:-1\" \/>\n<link rel=\"canonical\" href=\"https:\/\/ffyh.unc.edu.ar\/derechoshumanos\/premio-ddhh-2023\/\" \/>\n<meta property=\"og:locale\" content=\"es_ES\" \/>\n<meta property=\"og:type\" content=\"article\" \/>\n<meta property=\"og:title\" content=\"Premio Internacional de Humanidades, Ciencias Sociales y Derechos Humanos - Convocatoria 2023 - Programa de Derechos Humanos - FFyH UNC\" \/>\n<meta property=\"og:description\" content=\"La Facultad de Filosof\u00eda y Humanidades de la Universidad Nacional de C\u00f3rdoba convoca a la presentaci\u00f3n de ensayos sobre el tema \u201cHumanidades, Ciencias Sociales y Derechos Humanos\u201d. Lxs candidatxs deben enviar sus textos\/art\u00edculos hasta el d\u00eda 20 de noviembre de 2023.\" \/>\n<meta property=\"og:url\" content=\"https:\/\/ffyh.unc.edu.ar\/derechoshumanos\/premio-ddhh-2023\/\" \/>\n<meta property=\"og:site_name\" content=\"Programa de Derechos Humanos - FFyH UNC\" \/>\n<meta property=\"article:publisher\" content=\"https:\/\/www.facebook.com\/derechoshumanosffyh\" \/>\n<meta property=\"article:modified_time\" content=\"2023-10-31T13:50:51+00:00\" \/>\n<meta property=\"og:image\" content=\"http:\/\/ffyh.unc.edu.ar\/derechoshumanos\/wp-content\/uploads\/sites\/47\/2023\/04\/banner-premio-ddhh-2023.jpeg\" \/>\n\t<meta property=\"og:image:width\" content=\"1600\" \/>\n\t<meta property=\"og:image:height\" content=\"637\" \/>\n\t<meta property=\"og:image:type\" content=\"image\/jpeg\" \/>\n<meta name=\"twitter:card\" content=\"summary_large_image\" \/>\n<meta name=\"twitter:label1\" content=\"Tiempo de lectura\" \/>\n\t<meta name=\"twitter:data1\" content=\"11 minutos\" \/>\n<script type=\"application\/ld+json\" class=\"yoast-schema-graph\">{\"@context\":\"https:\/\/schema.org\",\"@graph\":[{\"@type\":\"WebPage\",\"@id\":\"https:\/\/ffyh.unc.edu.ar\/derechoshumanos\/premio-ddhh-2023\/\",\"url\":\"https:\/\/ffyh.unc.edu.ar\/derechoshumanos\/premio-ddhh-2023\/\",\"name\":\"Premio Internacional de Humanidades, Ciencias Sociales y Derechos Humanos - Convocatoria 2023 - Programa de Derechos Humanos - FFyH UNC\",\"isPartOf\":{\"@id\":\"https:\/\/ffyh.unc.edu.ar\/derechoshumanos\/#website\"},\"primaryImageOfPage\":{\"@id\":\"https:\/\/ffyh.unc.edu.ar\/derechoshumanos\/premio-ddhh-2023\/#primaryimage\"},\"image\":{\"@id\":\"https:\/\/ffyh.unc.edu.ar\/derechoshumanos\/premio-ddhh-2023\/#primaryimage\"},\"thumbnailUrl\":\"https:\/\/ffyh.unc.edu.ar\/derechoshumanos\/wp-content\/uploads\/sites\/47\/2023\/04\/banner-premio-ddhh-2023.jpeg\",\"datePublished\":\"2023-04-21T13:59:18+00:00\",\"dateModified\":\"2023-10-31T13:50:51+00:00\",\"breadcrumb\":{\"@id\":\"https:\/\/ffyh.unc.edu.ar\/derechoshumanos\/premio-ddhh-2023\/#breadcrumb\"},\"inLanguage\":\"es\",\"potentialAction\":[{\"@type\":\"ReadAction\",\"target\":[\"https:\/\/ffyh.unc.edu.ar\/derechoshumanos\/premio-ddhh-2023\/\"]}]},{\"@type\":\"ImageObject\",\"inLanguage\":\"es\",\"@id\":\"https:\/\/ffyh.unc.edu.ar\/derechoshumanos\/premio-ddhh-2023\/#primaryimage\",\"url\":\"https:\/\/ffyh.unc.edu.ar\/derechoshumanos\/wp-content\/uploads\/sites\/47\/2023\/04\/banner-premio-ddhh-2023.jpeg\",\"contentUrl\":\"https:\/\/ffyh.unc.edu.ar\/derechoshumanos\/wp-content\/uploads\/sites\/47\/2023\/04\/banner-premio-ddhh-2023.jpeg\",\"width\":1600,\"height\":637},{\"@type\":\"BreadcrumbList\",\"@id\":\"https:\/\/ffyh.unc.edu.ar\/derechoshumanos\/premio-ddhh-2023\/#breadcrumb\",\"itemListElement\":[{\"@type\":\"ListItem\",\"position\":1,\"name\":\"Portada\",\"item\":\"https:\/\/ffyh.unc.edu.ar\/derechoshumanos\/\"},{\"@type\":\"ListItem\",\"position\":2,\"name\":\"Premio Internacional de Humanidades, Ciencias Sociales y Derechos Humanos &#8211; Convocatoria 2023\"}]},{\"@type\":\"WebSite\",\"@id\":\"https:\/\/ffyh.unc.edu.ar\/derechoshumanos\/#website\",\"url\":\"https:\/\/ffyh.unc.edu.ar\/derechoshumanos\/\",\"name\":\"Programa de Derechos Humanos - FFyH UNC\",\"description\":\"\",\"publisher\":{\"@id\":\"https:\/\/ffyh.unc.edu.ar\/derechoshumanos\/#organization\"},\"potentialAction\":[{\"@type\":\"SearchAction\",\"target\":{\"@type\":\"EntryPoint\",\"urlTemplate\":\"https:\/\/ffyh.unc.edu.ar\/derechoshumanos\/?s={search_term_string}\"},\"query-input\":{\"@type\":\"PropertyValueSpecification\",\"valueRequired\":true,\"valueName\":\"search_term_string\"}}],\"inLanguage\":\"es\"},{\"@type\":\"Organization\",\"@id\":\"https:\/\/ffyh.unc.edu.ar\/derechoshumanos\/#organization\",\"name\":\"Programa de Derechos Humanos - FFyH UNC\",\"url\":\"https:\/\/ffyh.unc.edu.ar\/derechoshumanos\/\",\"logo\":{\"@type\":\"ImageObject\",\"inLanguage\":\"es\",\"@id\":\"https:\/\/ffyh.unc.edu.ar\/derechoshumanos\/#\/schema\/logo\/image\/\",\"url\":\"https:\/\/ffyh.unc.edu.ar\/derechoshumanos\/wp-content\/uploads\/sites\/47\/2023\/04\/cropped-cropped-banner-ddhh.jpeg\",\"contentUrl\":\"https:\/\/ffyh.unc.edu.ar\/derechoshumanos\/wp-content\/uploads\/sites\/47\/2023\/04\/cropped-cropped-banner-ddhh.jpeg\",\"width\":512,\"height\":512,\"caption\":\"Programa de Derechos Humanos - FFyH UNC\"},\"image\":{\"@id\":\"https:\/\/ffyh.unc.edu.ar\/derechoshumanos\/#\/schema\/logo\/image\/\"},\"sameAs\":[\"https:\/\/www.facebook.com\/derechoshumanosffyh\",\"https:\/\/www.instagram.com\/programaddhhffyh\/\"]}]}<\/script>\n<!-- \/ Yoast SEO plugin. -->","yoast_head_json":{"title":"Premio Internacional de Humanidades, Ciencias Sociales y Derechos Humanos - Convocatoria 2023 - Programa de Derechos Humanos - FFyH UNC","robots":{"index":"index","follow":"follow","max-snippet":"max-snippet:-1","max-image-preview":"max-image-preview:large","max-video-preview":"max-video-preview:-1"},"canonical":"https:\/\/ffyh.unc.edu.ar\/derechoshumanos\/premio-ddhh-2023\/","og_locale":"es_ES","og_type":"article","og_title":"Premio Internacional de Humanidades, Ciencias Sociales y Derechos Humanos - Convocatoria 2023 - Programa de Derechos Humanos - FFyH UNC","og_description":"La Facultad de Filosof\u00eda y Humanidades de la Universidad Nacional de C\u00f3rdoba convoca a la presentaci\u00f3n de ensayos sobre el tema \u201cHumanidades, Ciencias Sociales y Derechos Humanos\u201d. Lxs candidatxs deben enviar sus textos\/art\u00edculos hasta el d\u00eda 20 de noviembre de 2023.","og_url":"https:\/\/ffyh.unc.edu.ar\/derechoshumanos\/premio-ddhh-2023\/","og_site_name":"Programa de Derechos Humanos - FFyH UNC","article_publisher":"https:\/\/www.facebook.com\/derechoshumanosffyh","article_modified_time":"2023-10-31T13:50:51+00:00","og_image":[{"width":1600,"height":637,"url":"http:\/\/ffyh.unc.edu.ar\/derechoshumanos\/wp-content\/uploads\/sites\/47\/2023\/04\/banner-premio-ddhh-2023.jpeg","type":"image\/jpeg"}],"twitter_card":"summary_large_image","twitter_misc":{"Tiempo de lectura":"11 minutos"},"schema":{"@context":"https:\/\/schema.org","@graph":[{"@type":"WebPage","@id":"https:\/\/ffyh.unc.edu.ar\/derechoshumanos\/premio-ddhh-2023\/","url":"https:\/\/ffyh.unc.edu.ar\/derechoshumanos\/premio-ddhh-2023\/","name":"Premio Internacional de Humanidades, Ciencias Sociales y Derechos Humanos - Convocatoria 2023 - Programa de Derechos Humanos - FFyH UNC","isPartOf":{"@id":"https:\/\/ffyh.unc.edu.ar\/derechoshumanos\/#website"},"primaryImageOfPage":{"@id":"https:\/\/ffyh.unc.edu.ar\/derechoshumanos\/premio-ddhh-2023\/#primaryimage"},"image":{"@id":"https:\/\/ffyh.unc.edu.ar\/derechoshumanos\/premio-ddhh-2023\/#primaryimage"},"thumbnailUrl":"https:\/\/ffyh.unc.edu.ar\/derechoshumanos\/wp-content\/uploads\/sites\/47\/2023\/04\/banner-premio-ddhh-2023.jpeg","datePublished":"2023-04-21T13:59:18+00:00","dateModified":"2023-10-31T13:50:51+00:00","breadcrumb":{"@id":"https:\/\/ffyh.unc.edu.ar\/derechoshumanos\/premio-ddhh-2023\/#breadcrumb"},"inLanguage":"es","potentialAction":[{"@type":"ReadAction","target":["https:\/\/ffyh.unc.edu.ar\/derechoshumanos\/premio-ddhh-2023\/"]}]},{"@type":"ImageObject","inLanguage":"es","@id":"https:\/\/ffyh.unc.edu.ar\/derechoshumanos\/premio-ddhh-2023\/#primaryimage","url":"https:\/\/ffyh.unc.edu.ar\/derechoshumanos\/wp-content\/uploads\/sites\/47\/2023\/04\/banner-premio-ddhh-2023.jpeg","contentUrl":"https:\/\/ffyh.unc.edu.ar\/derechoshumanos\/wp-content\/uploads\/sites\/47\/2023\/04\/banner-premio-ddhh-2023.jpeg","width":1600,"height":637},{"@type":"BreadcrumbList","@id":"https:\/\/ffyh.unc.edu.ar\/derechoshumanos\/premio-ddhh-2023\/#breadcrumb","itemListElement":[{"@type":"ListItem","position":1,"name":"Portada","item":"https:\/\/ffyh.unc.edu.ar\/derechoshumanos\/"},{"@type":"ListItem","position":2,"name":"Premio Internacional de Humanidades, Ciencias Sociales y Derechos Humanos &#8211; Convocatoria 2023"}]},{"@type":"WebSite","@id":"https:\/\/ffyh.unc.edu.ar\/derechoshumanos\/#website","url":"https:\/\/ffyh.unc.edu.ar\/derechoshumanos\/","name":"Programa de Derechos Humanos - FFyH UNC","description":"","publisher":{"@id":"https:\/\/ffyh.unc.edu.ar\/derechoshumanos\/#organization"},"potentialAction":[{"@type":"SearchAction","target":{"@type":"EntryPoint","urlTemplate":"https:\/\/ffyh.unc.edu.ar\/derechoshumanos\/?s={search_term_string}"},"query-input":{"@type":"PropertyValueSpecification","valueRequired":true,"valueName":"search_term_string"}}],"inLanguage":"es"},{"@type":"Organization","@id":"https:\/\/ffyh.unc.edu.ar\/derechoshumanos\/#organization","name":"Programa de Derechos Humanos - FFyH UNC","url":"https:\/\/ffyh.unc.edu.ar\/derechoshumanos\/","logo":{"@type":"ImageObject","inLanguage":"es","@id":"https:\/\/ffyh.unc.edu.ar\/derechoshumanos\/#\/schema\/logo\/image\/","url":"https:\/\/ffyh.unc.edu.ar\/derechoshumanos\/wp-content\/uploads\/sites\/47\/2023\/04\/cropped-cropped-banner-ddhh.jpeg","contentUrl":"https:\/\/ffyh.unc.edu.ar\/derechoshumanos\/wp-content\/uploads\/sites\/47\/2023\/04\/cropped-cropped-banner-ddhh.jpeg","width":512,"height":512,"caption":"Programa de Derechos Humanos - FFyH UNC"},"image":{"@id":"https:\/\/ffyh.unc.edu.ar\/derechoshumanos\/#\/schema\/logo\/image\/"},"sameAs":["https:\/\/www.facebook.com\/derechoshumanosffyh","https:\/\/www.instagram.com\/programaddhhffyh\/"]}]}},"_links":{"self":[{"href":"https:\/\/ffyh.unc.edu.ar\/derechoshumanos\/wp-json\/wp\/v2\/pages\/74","targetHints":{"allow":["GET"]}}],"collection":[{"href":"https:\/\/ffyh.unc.edu.ar\/derechoshumanos\/wp-json\/wp\/v2\/pages"}],"about":[{"href":"https:\/\/ffyh.unc.edu.ar\/derechoshumanos\/wp-json\/wp\/v2\/types\/page"}],"author":[{"embeddable":true,"href":"https:\/\/ffyh.unc.edu.ar\/derechoshumanos\/wp-json\/wp\/v2\/users\/2"}],"replies":[{"embeddable":true,"href":"https:\/\/ffyh.unc.edu.ar\/derechoshumanos\/wp-json\/wp\/v2\/comments?post=74"}],"version-history":[{"count":5,"href":"https:\/\/ffyh.unc.edu.ar\/derechoshumanos\/wp-json\/wp\/v2\/pages\/74\/revisions"}],"predecessor-version":[{"id":401,"href":"https:\/\/ffyh.unc.edu.ar\/derechoshumanos\/wp-json\/wp\/v2\/pages\/74\/revisions\/401"}],"wp:featuredmedia":[{"embeddable":true,"href":"https:\/\/ffyh.unc.edu.ar\/derechoshumanos\/wp-json\/wp\/v2\/media\/83"}],"wp:attachment":[{"href":"https:\/\/ffyh.unc.edu.ar\/derechoshumanos\/wp-json\/wp\/v2\/media?parent=74"}],"curies":[{"name":"wp","href":"https:\/\/api.w.org\/{rel}","templated":true}]}}