{"id":8,"date":"2014-09-02T14:59:55","date_gmt":"2014-09-02T14:59:55","guid":{"rendered":"http:\/\/www.ffyh.unc.edu.ar\/alfilo\/docentes-cesanteados\/?page_id=6"},"modified":"2017-09-05T16:23:04","modified_gmt":"2017-09-05T16:23:04","slug":"presentacion","status":"publish","type":"page","link":"https:\/\/ffyh.unc.edu.ar\/docentes-cesanteados\/","title":{"rendered":"Presentaci\u00f3n"},"content":{"rendered":"<p>Tras el golpe c\u00edvico-policial al gobierno de Ricardo Obreg\u00f3n Cano y Atilio L\u00f3pez en febrero de 1974 y en particular durante la \u00faltima dictadura c\u00edvico-militar cientos de docentes fueron expulsados de las universidades p\u00fablicas argentinas. Muchos de ellos fueron asimismo encarcelados, asesinados o desaparecidos; otros obligados al exilio; otros a la vida oculta. Desde la intervenci\u00f3n de 1975, la Facultad de Filosof\u00eda y Humanidades de la UNC (que entonces comprend\u00eda adem\u00e1s a las actuales facultades de Psicolog\u00eda y Artes) ejerci\u00f3 una encarnizada persecuci\u00f3n de trabajadores docentes, no docentes\u00a0 estudiantes y graduados; separ\u00f3 de sus c\u00e1tedras a sus profesores m\u00e1s comprometidos, destruy\u00f3 el conocimiento e impuso el autoritarismo y la mediocridad en sus aulas.<\/p>\n<p>Desde la recuperaci\u00f3n democr\u00e1tica, la Universidad\u00a0 ha buscado revertir los efectos de esa ominosa imposici\u00f3n de terror, y reparar en cuanto le ha sido posible el da\u00f1o social y cultural provocado. En 1984 muchos de los profesores que hab\u00edan sido cesanteados fueron reincorporados -gracias a una juventud movilizada que, desde las aulas y en las calles reclamaba justicia, y por la promulgaci\u00f3n de una ley del Congreso- a las c\u00e1tedras de las que hab\u00edan sido arrancados. Los memoriosos recordar\u00e1n una emotiva tarde de reencuentro de muchos de esos docentes en el Teatrino de la Ciudad Universitaria, la intensa ceremonia de restituci\u00f3n y desagravio en la que se acog\u00eda a quienes all\u00ed estaban y simb\u00f3licamente a quienes ya no.<\/p>\n<p>El paciente trabajo de comprensi\u00f3n y memoria emprendido en la Universidad a lo largo de los \u00faltimos 30 a\u00f1os ha logrado parcialmente su cometido de construir una cultura acad\u00e9mica democr\u00e1tica y de calidad, que sin embargo debe ser sostenida y radicalizada de manera ininterrumpida por las generaciones que pueblan las aulas, donde es necesario recordar antiguas disputas, viejas palabras olvidadas con las que se buscaba interpretar y transformar el mundo, e inventar otras nuevas.<\/p>\n<p>Con ese esp\u00edritu de invenci\u00f3n y memoria, la Facultad de Filosof\u00eda y Humanidades convoca a todos los docentes cesanteados por razones pol\u00edticas entre 1974 y 1983 a un acto de agradecimiento por parte de quienes actualmente disfrutamos de una universidad democr\u00e1tica (nuevas generaciones de graduados, estudiantes, no docentes y docentes), con la convicci\u00f3n de que s\u00f3lo el conocimiento y el reconocimiento de la historia protagonizada por las personas y las ideas que nos han tra\u00eddo hasta aqu\u00ed procura la lucidez necesaria para advertir las tareas que debemos emprender, un trabajo constante de memoria, un di\u00e1logo incesante entre la historia y la pol\u00edtica, entre el legado de lo que fue y lo que pretendemos para nuestro presente.<\/p>\n<p>La recomposici\u00f3n de esa tradici\u00f3n acad\u00e9mica y cultural interrumpida por la prepotencia y por la fuerza es una de esas tareas. Con ello se busca contribuir a una reparaci\u00f3n necesaria -que nunca ser\u00e1 suficientemente cumplida- pero tambi\u00e9n iniciar una conversaci\u00f3n entre las generaciones y recuperar un legado que permita plantear correctamente la pregunta por la democracia que pretendemos y podemos construir en la Universidad.<\/p>\n<p><a href=\"http:\/\/ffyh.unc.edu.ar\/docentes-cesanteados\/wp-content\/uploads\/sites\/16\/2014\/09\/banner-profesores.jpg\"><img loading=\"lazy\" decoding=\"async\" class=\"alignnone wp-image-16 size-large\" src=\"http:\/\/ffyh.unc.edu.ar\/docentes-cesanteados\/wp-content\/uploads\/sites\/16\/2014\/09\/banner-profesores-1024x413.jpg\" alt=\"banner-profesores\" width=\"1024\" height=\"413\" srcset=\"https:\/\/ffyh.unc.edu.ar\/docentes-cesanteados\/wp-content\/uploads\/sites\/16\/2014\/09\/banner-profesores-1024x413.jpg 1024w, https:\/\/ffyh.unc.edu.ar\/docentes-cesanteados\/wp-content\/uploads\/sites\/16\/2014\/09\/banner-profesores-300x121.jpg 300w, https:\/\/ffyh.unc.edu.ar\/docentes-cesanteados\/wp-content\/uploads\/sites\/16\/2014\/09\/banner-profesores-768x310.jpg 768w, https:\/\/ffyh.unc.edu.ar\/docentes-cesanteados\/wp-content\/uploads\/sites\/16\/2014\/09\/banner-profesores.jpg 1860w\" sizes=\"auto, (max-width: 1024px) 100vw, 1024px\" \/><\/a><\/p>\n","protected":false},"excerpt":{"rendered":"<p>Tras el golpe c\u00edvico-policial al gobierno de Ricardo Obreg\u00f3n Cano y Atilio L\u00f3pez en febrero de 1974 y en particular durante la \u00faltima dictadura c\u00edvico-militar cientos de docentes fueron expulsados de las universidades p\u00fablicas argentinas. Muchos de ellos fueron asimismo encarcelados, asesinados o desaparecidos; otros obligados al exilio; otros a la vida oculta. Desde la &hellip; <\/p>\n<p><a class=\"more-link btn\" href=\"https:\/\/ffyh.unc.edu.ar\/docentes-cesanteados\/\">Seguir leyendo<\/a><\/p>\n","protected":false},"author":1,"featured_media":0,"parent":0,"menu_order":0,"comment_status":"open","ping_status":"open","template":"","meta":{"_acf_changed":false,"footnotes":""},"class_list":["post-8","page","type-page","status-publish","hentry","nodate","item-wrap"],"acf":[],"_links":{"self":[{"href":"https:\/\/ffyh.unc.edu.ar\/docentes-cesanteados\/wp-json\/wp\/v2\/pages\/8","targetHints":{"allow":["GET"]}}],"collection":[{"href":"https:\/\/ffyh.unc.edu.ar\/docentes-cesanteados\/wp-json\/wp\/v2\/pages"}],"about":[{"href":"https:\/\/ffyh.unc.edu.ar\/docentes-cesanteados\/wp-json\/wp\/v2\/types\/page"}],"author":[{"embeddable":true,"href":"https:\/\/ffyh.unc.edu.ar\/docentes-cesanteados\/wp-json\/wp\/v2\/users\/1"}],"replies":[{"embeddable":true,"href":"https:\/\/ffyh.unc.edu.ar\/docentes-cesanteados\/wp-json\/wp\/v2\/comments?post=8"}],"version-history":[{"count":1,"href":"https:\/\/ffyh.unc.edu.ar\/docentes-cesanteados\/wp-json\/wp\/v2\/pages\/8\/revisions"}],"predecessor-version":[{"id":37,"href":"https:\/\/ffyh.unc.edu.ar\/docentes-cesanteados\/wp-json\/wp\/v2\/pages\/8\/revisions\/37"}],"wp:attachment":[{"href":"https:\/\/ffyh.unc.edu.ar\/docentes-cesanteados\/wp-json\/wp\/v2\/media?parent=8"}],"curies":[{"name":"wp","href":"https:\/\/api.w.org\/{rel}","templated":true}]}}