{"id":5726,"date":"2022-06-30T16:31:20","date_gmt":"2022-06-30T16:31:20","guid":{"rendered":"https:\/\/ffyh.unc.edu.ar\/extension\/?page_id=5726"},"modified":"2025-09-19T15:06:04","modified_gmt":"2025-09-19T15:06:04","slug":"diploesi","status":"publish","type":"page","link":"https:\/\/ffyh.unc.edu.ar\/extension\/diploesi\/","title":{"rendered":""},"content":{"rendered":"<p><img loading=\"lazy\" decoding=\"async\" class=\"alignnone size-full wp-image-6388\" src=\"http:\/\/ffyh.unc.edu.ar\/extension\/wp-content\/uploads\/sites\/2\/2023\/03\/banner-nuevo-diplomatura-scaled.jpg\" alt=\"\" width=\"2560\" height=\"622\" srcset=\"https:\/\/ffyh.unc.edu.ar\/extension\/wp-content\/uploads\/sites\/2\/2023\/03\/banner-nuevo-diplomatura-scaled.jpg 2560w, https:\/\/ffyh.unc.edu.ar\/extension\/wp-content\/uploads\/sites\/2\/2023\/03\/banner-nuevo-diplomatura-300x73.jpg 300w, https:\/\/ffyh.unc.edu.ar\/extension\/wp-content\/uploads\/sites\/2\/2023\/03\/banner-nuevo-diplomatura-1024x249.jpg 1024w, https:\/\/ffyh.unc.edu.ar\/extension\/wp-content\/uploads\/sites\/2\/2023\/03\/banner-nuevo-diplomatura-768x186.jpg 768w, https:\/\/ffyh.unc.edu.ar\/extension\/wp-content\/uploads\/sites\/2\/2023\/03\/banner-nuevo-diplomatura-1536x373.jpg 1536w, https:\/\/ffyh.unc.edu.ar\/extension\/wp-content\/uploads\/sites\/2\/2023\/03\/banner-nuevo-diplomatura-2048x497.jpg 2048w\" sizes=\"auto, (max-width: 2560px) 100vw, 2560px\" \/><\/p>\n<p>En su sesi\u00f3n del d\u00eda 27 de junio de 2022, <a href=\"https:\/\/ffyh.unc.edu.ar\/noticias\/06\/2022\/diplomatura-universitaria-en-esi-generos-y-sexualidades\/\">el Consejo Directivo de la FFyH aprob\u00f3 la creaci\u00f3n de la Diplomatura Universitaria en ESI, G\u00e9neros y Sexualidades<\/a> con el objetivo de promover procesos de reflexi\u00f3n pedag\u00f3gica y construcci\u00f3n de propuestas de trabajo en Educaci\u00f3n Sexual Integral situadas para la escuela y el aula que encarnen una perspectiva de g\u00e9nero.<\/p>\n<p><span style=\"font-weight: 400\">Esta propuesta de formaci\u00f3n docente que se enmarca en el \u00c1rea de Formaci\u00f3n Continua de la Secretar\u00eda de Extensi\u00f3n de la FFyH, <\/span><span style=\"font-weight: 400\">pretende contribuir a la implementaci\u00f3n de la ESI desde una triple vertiente: 1) un enfoque derechos que aloje las diferencias sexuales, gen\u00e9ricas y afectivas, 2) una perspectiva te\u00f3rico-conceptual que permitan abordar la ESI desde la perspectiva de g\u00e9nero y una mirada interseccional de las desigualdades, y 3) la reflexi\u00f3n colectiva para la producci\u00f3n de propuestas situadas de ESI en las escuelas y espacios educativos.<\/span><\/p>\n<blockquote><p>Acced\u00e9 a la resoluci\u00f3n de creaci\u00f3n: <a href=\"https:\/\/digesto.unc.edu.ar\/handle\/123456789\/419962\">Res 220\/2022<\/a><\/p><\/blockquote>\n<p><span style=\"font-weight: 400\">Seguinos en nuestras redes<\/span><span style=\"font-weight: 400\">:<\/span><\/p>\n<p><span style=\"font-weight: 400\">Instagram: <\/span><a href=\"https:\/\/www.instagram.com\/diplo.esi\/\"><span style=\"font-weight: 400\">https:\/\/www.instagram.com\/diplo.esi\/<\/span><\/a><\/p>\n<p><span style=\"font-weight: 400\">Facebook: <\/span><a href=\"https:\/\/www.facebook.com\/profile.php?id=100091149871501&amp;mibextid=ZbWKwL\"><span style=\"font-weight: 400\">https:\/\/www.facebook.com\/profile.php?id=100091149871501&amp;mibextid=ZbWKwL<\/span><\/a><\/p>\n<p><b>Contacto:<\/b> <span style=\"font-weight: 400\">diploesi@ffyh.unc.edu.ar<\/span><\/p>\n<blockquote><p>Desde <a href=\"https:\/\/ffyh.unc.edu.ar\/extension\/category\/diplo-esi\/\">este enlace<\/a> podes acceder a todas las novedades de la Diplo<\/p><\/blockquote>\n<p><a href=\"https:\/\/ffyh.unc.edu.ar\/extension\/diploesi\/santacuz-07\/\" rel=\"attachment wp-att-9094\"><img loading=\"lazy\" decoding=\"async\" class=\"alignnone wp-image-9094 size-full\" src=\"http:\/\/ffyh.unc.edu.ar\/extension\/wp-content\/uploads\/sites\/2\/2025\/09\/santacuz-07.jpg\" alt=\"\" width=\"2005\" height=\"539\" srcset=\"https:\/\/ffyh.unc.edu.ar\/extension\/wp-content\/uploads\/sites\/2\/2025\/09\/santacuz-07.jpg 2005w, https:\/\/ffyh.unc.edu.ar\/extension\/wp-content\/uploads\/sites\/2\/2025\/09\/santacuz-07-300x81.jpg 300w, https:\/\/ffyh.unc.edu.ar\/extension\/wp-content\/uploads\/sites\/2\/2025\/09\/santacuz-07-1024x275.jpg 1024w, https:\/\/ffyh.unc.edu.ar\/extension\/wp-content\/uploads\/sites\/2\/2025\/09\/santacuz-07-768x206.jpg 768w, https:\/\/ffyh.unc.edu.ar\/extension\/wp-content\/uploads\/sites\/2\/2025\/09\/santacuz-07-1536x413.jpg 1536w\" sizes=\"auto, (max-width: 2005px) 100vw, 2005px\" \/><\/a><\/p>\n<h3><span style=\"font-weight: 400\">Quinta cohorte Diplomatura Universitaria en ESI, g\u00e9neros y sexualidades &#8211; Sede Santa Cruz (2025)<\/span><\/h3>\n<p><span style=\"font-weight: 400\">La propuesta de formaci\u00f3n de la quinta edici\u00f3n de la Diplomatura<strong> est\u00e1 destinada a docentes de todas las modalidades, cursos y niveles que se encuentren afiliades a ADOSAC (Asociaci\u00f3n de Docentes de Santa Cruz)<\/strong>.\u00a0<\/span><\/p>\n<p><span style=\"font-weight: 400\">Inicio de clases: septiembre de 2025<\/span><\/p>\n<p><b>Cupo m\u00e1ximo: 300 personas<\/b><\/p>\n<p><b>Contenidos:<\/b><\/p>\n<p><span style=\"font-weight: 400\">La Diplomatura se enmarca en el \u00c1rea de Formaci\u00f3n Continua de la Secretar\u00eda de Extensi\u00f3n de la FFyH y se organiza en 6 unidades curriculares: cinco m\u00f3dulos y un taller que integran dos bloques de trabajo: Bloque de Fundamentos y Bloque de Proyecciones Pedag\u00f3gicas.<\/span><\/p>\n<p><span style=\"font-weight: 400\">Los m\u00f3dulos se desarrollan a trav\u00e9s de una clase sincr\u00f3nica virtual y encuentros-taller sincr\u00f3nicos virtuales. A lo largo de las diferentes unidades se prev\u00e9 el desarrollo de los contenidos, la orientaci\u00f3n de la lectura de los textos referidos a distintas tem\u00e1ticas, la resoluci\u00f3n de distintas actividades pr\u00e1cticas, y la articulaci\u00f3n con referentes del campo feminista y de la disidencia sexual para generar debates\/intercambios entre lxs cursantes, problematizar los temas trabajados y alentar una reapropiaci\u00f3n cr\u00edtica de los mismos.<\/span><\/p>\n<ul>\n<li style=\"font-weight: 400\"><a href=\"https:\/\/drive.google.com\/file\/d\/13-yGBt11r1r7BNlBBdRc-lF0A4_rLlxG\/view?usp=sharing\"><span style=\"font-weight: 400\">Descargar Programa completo<\/span><\/a><\/li>\n<li style=\"font-weight: 400\"><span style=\"font-weight: 400\"><a href=\"https:\/\/drive.google.com\/file\/d\/14jTqb17kpQO-aLxo1jHnL3OjVkqe3dWn\/view?usp=sharing\">Descargar Preguntas frecuentes<\/a>\u00a0<\/span><\/li>\n<\/ul>\n<p><b>Duraci\u00f3n y modalidad:<\/b><\/p>\n<p><span style=\"font-weight: 400\">La Diplomatura se desarrollar\u00e1 en los per\u00edodos <strong>septiembre-noviembre de 2025 y febrero-mayo de 2026.<\/strong> Prev\u00e9 instancias de trabajo bajo<\/span><b> modalidad virtual sincr\u00f3nica <\/b><span style=\"font-weight: 400\">para el desarrollo de los contenidos conceptuales que estar\u00e1 a cargo de lxs profesorxs. A su vez, <\/span><b>encuentros-taller de modalidad virtual <\/b><span style=\"font-weight: 400\">para la revisi\u00f3n y profundizaci\u00f3n de los contenidos conceptuales, el desarrollo de intercambio entre pares, el an\u00e1lisis de casos, el acompa\u00f1amiento al desarrollo del trabajo final de la diplomatura (TFD), entre otras actividades como tutor\u00edas de acompa\u00f1amiento que estar\u00e1n a cargo de lxs tutorxs. Se realizar\u00e1n tambi\u00e9n dos encuentros presenciales (noviembre, 2025 y marzo, 2026).<\/span><\/p>\n<p><span style=\"font-weight: 400\">Asimismo, se realizar\u00e1n actividades asincr\u00f3nicas de acreditaci\u00f3n a trav\u00e9s del aula virtual y tutor\u00edas de asesoramiento a los distintos grupos de cursantes en el Bloque de Proyecciones Pedag\u00f3gicas acompa\u00f1ando la elaboraci\u00f3n del TFD.<\/span><\/p>\n<p><span style=\"font-weight: 400\">Cronograma de cursado: La cursada ser\u00e1 realizada los d\u00edas s\u00e1bado durante el per\u00edodo septiembre-noviembre, 2025 y febrero-mayo, 2026.\u00a0<\/span><\/p>\n<p><em><strong>Atenci\u00f3n:<\/strong> La Diplomatura Universitaria en ESI, G\u00e9neros y Sexualidades 2025 ya no acepta inscripciones<\/em>.<\/p>\n","protected":false},"excerpt":{"rendered":"<p>En su sesi\u00f3n del d\u00eda 27 de junio de 2022, el Consejo Directivo de la FFyH aprob\u00f3 la creaci\u00f3n de<\/p>\n","protected":false},"author":2,"featured_media":0,"parent":0,"menu_order":0,"comment_status":"closed","ping_status":"closed","template":"","meta":{"_acf_changed":false,"colormag_page_container_layout":"default_layout","colormag_page_sidebar_layout":"default_layout","footnotes":""},"class_list":["post-5726","page","type-page","status-publish","hentry"],"acf":[],"yoast_head":"<!-- This site is optimized with the Yoast SEO plugin v27.1.1 - https:\/\/yoast.com\/product\/yoast-seo-wordpress\/ -->\n<title>- Secretar\u00eda de Extensi\u00f3n<\/title>\n<meta name=\"robots\" content=\"index, follow, max-snippet:-1, max-image-preview:large, max-video-preview:-1\" \/>\n<link rel=\"canonical\" href=\"https:\/\/ffyh.unc.edu.ar\/extension\/diploesi\/\" \/>\n<meta property=\"og:locale\" content=\"es_ES\" \/>\n<meta property=\"og:type\" content=\"article\" \/>\n<meta property=\"og:title\" content=\"- Secretar\u00eda de Extensi\u00f3n\" \/>\n<meta property=\"og:description\" content=\"En su sesi\u00f3n del d\u00eda 27 de junio de 2022, el Consejo Directivo de la FFyH aprob\u00f3 la creaci\u00f3n de\" \/>\n<meta property=\"og:url\" content=\"https:\/\/ffyh.unc.edu.ar\/extension\/diploesi\/\" \/>\n<meta property=\"og:site_name\" content=\"Secretar\u00eda de Extensi\u00f3n\" \/>\n<meta property=\"article:publisher\" content=\"https:\/\/www.facebook.com\/extensionffyh\" \/>\n<meta property=\"article:modified_time\" content=\"2025-09-19T15:06:04+00:00\" \/>\n<meta property=\"og:image\" content=\"https:\/\/ffyh.unc.edu.ar\/extension\/wp-content\/uploads\/sites\/2\/2023\/03\/banner-nuevo-diplomatura-scaled.jpg\" \/>\n\t<meta property=\"og:image:width\" content=\"2560\" \/>\n\t<meta property=\"og:image:height\" content=\"622\" \/>\n\t<meta property=\"og:image:type\" content=\"image\/jpeg\" \/>\n<meta name=\"twitter:card\" content=\"summary_large_image\" \/>\n<meta name=\"twitter:label1\" content=\"Tiempo de lectura\" \/>\n\t<meta name=\"twitter:data1\" content=\"3 minutos\" \/>\n<script type=\"application\/ld+json\" class=\"yoast-schema-graph\">{\"@context\":\"https:\/\/schema.org\",\"@graph\":[{\"@type\":\"WebPage\",\"@id\":\"https:\/\/ffyh.unc.edu.ar\/extension\/diploesi\/\",\"url\":\"https:\/\/ffyh.unc.edu.ar\/extension\/diploesi\/\",\"name\":\"- Secretar\u00eda de Extensi\u00f3n\",\"isPartOf\":{\"@id\":\"https:\/\/ffyh.unc.edu.ar\/extension\/#website\"},\"primaryImageOfPage\":{\"@id\":\"https:\/\/ffyh.unc.edu.ar\/extension\/diploesi\/#primaryimage\"},\"image\":{\"@id\":\"https:\/\/ffyh.unc.edu.ar\/extension\/diploesi\/#primaryimage\"},\"thumbnailUrl\":\"http:\/\/ffyh.unc.edu.ar\/extension\/wp-content\/uploads\/sites\/2\/2023\/03\/banner-nuevo-diplomatura-scaled.jpg\",\"datePublished\":\"2022-06-30T16:31:20+00:00\",\"dateModified\":\"2025-09-19T15:06:04+00:00\",\"inLanguage\":\"es\",\"potentialAction\":[{\"@type\":\"ReadAction\",\"target\":[\"https:\/\/ffyh.unc.edu.ar\/extension\/diploesi\/\"]}]},{\"@type\":\"ImageObject\",\"inLanguage\":\"es\",\"@id\":\"https:\/\/ffyh.unc.edu.ar\/extension\/diploesi\/#primaryimage\",\"url\":\"http:\/\/ffyh.unc.edu.ar\/extension\/wp-content\/uploads\/sites\/2\/2023\/03\/banner-nuevo-diplomatura-scaled.jpg\",\"contentUrl\":\"http:\/\/ffyh.unc.edu.ar\/extension\/wp-content\/uploads\/sites\/2\/2023\/03\/banner-nuevo-diplomatura-scaled.jpg\"},{\"@type\":\"WebSite\",\"@id\":\"https:\/\/ffyh.unc.edu.ar\/extension\/#website\",\"url\":\"https:\/\/ffyh.unc.edu.ar\/extension\/\",\"name\":\"Secretar\u00eda de Extensi\u00f3n\",\"description\":\"Facultad de Filosof\u00eda y Humanidades - Universidad Nacional de C\u00f3rdoba\",\"publisher\":{\"@id\":\"https:\/\/ffyh.unc.edu.ar\/extension\/#organization\"},\"potentialAction\":[{\"@type\":\"SearchAction\",\"target\":{\"@type\":\"EntryPoint\",\"urlTemplate\":\"https:\/\/ffyh.unc.edu.ar\/extension\/?s={search_term_string}\"},\"query-input\":{\"@type\":\"PropertyValueSpecification\",\"valueRequired\":true,\"valueName\":\"search_term_string\"}}],\"inLanguage\":\"es\"},{\"@type\":\"Organization\",\"@id\":\"https:\/\/ffyh.unc.edu.ar\/extension\/#organization\",\"name\":\"Secretar\u00eda de Extensi\u00f3n - Facultad de Filosof\u00eda y Humanidades - Universidad Nacional de C\u00f3rdoba\",\"url\":\"https:\/\/ffyh.unc.edu.ar\/extension\/\",\"logo\":{\"@type\":\"ImageObject\",\"inLanguage\":\"es\",\"@id\":\"https:\/\/ffyh.unc.edu.ar\/extension\/#\/schema\/logo\/image\/\",\"url\":\"https:\/\/ffyh.unc.edu.ar\/extension\/wp-content\/uploads\/sites\/2\/2018\/08\/logo-extension-chico.jpg\",\"contentUrl\":\"https:\/\/ffyh.unc.edu.ar\/extension\/wp-content\/uploads\/sites\/2\/2018\/08\/logo-extension-chico.jpg\",\"width\":314,\"height\":119,\"caption\":\"Secretar\u00eda de Extensi\u00f3n - Facultad de Filosof\u00eda y Humanidades - Universidad Nacional de C\u00f3rdoba\"},\"image\":{\"@id\":\"https:\/\/ffyh.unc.edu.ar\/extension\/#\/schema\/logo\/image\/\"},\"sameAs\":[\"https:\/\/www.facebook.com\/extensionffyh\",\"https:\/\/www.instagram.com\/extensionffyh\/\",\"https:\/\/www.youtube.com\/channel\/UCTgN4nvMQE7ktBcgujEI-EA\"]}]}<\/script>\n<!-- \/ Yoast SEO plugin. -->","yoast_head_json":{"title":"- Secretar\u00eda de Extensi\u00f3n","robots":{"index":"index","follow":"follow","max-snippet":"max-snippet:-1","max-image-preview":"max-image-preview:large","max-video-preview":"max-video-preview:-1"},"canonical":"https:\/\/ffyh.unc.edu.ar\/extension\/diploesi\/","og_locale":"es_ES","og_type":"article","og_title":"- Secretar\u00eda de Extensi\u00f3n","og_description":"En su sesi\u00f3n del d\u00eda 27 de junio de 2022, el Consejo Directivo de la FFyH aprob\u00f3 la creaci\u00f3n de","og_url":"https:\/\/ffyh.unc.edu.ar\/extension\/diploesi\/","og_site_name":"Secretar\u00eda de Extensi\u00f3n","article_publisher":"https:\/\/www.facebook.com\/extensionffyh","article_modified_time":"2025-09-19T15:06:04+00:00","og_image":[{"width":2560,"height":622,"url":"https:\/\/ffyh.unc.edu.ar\/extension\/wp-content\/uploads\/sites\/2\/2023\/03\/banner-nuevo-diplomatura-scaled.jpg","type":"image\/jpeg"}],"twitter_card":"summary_large_image","twitter_misc":{"Tiempo de lectura":"3 minutos"},"schema":{"@context":"https:\/\/schema.org","@graph":[{"@type":"WebPage","@id":"https:\/\/ffyh.unc.edu.ar\/extension\/diploesi\/","url":"https:\/\/ffyh.unc.edu.ar\/extension\/diploesi\/","name":"- Secretar\u00eda de Extensi\u00f3n","isPartOf":{"@id":"https:\/\/ffyh.unc.edu.ar\/extension\/#website"},"primaryImageOfPage":{"@id":"https:\/\/ffyh.unc.edu.ar\/extension\/diploesi\/#primaryimage"},"image":{"@id":"https:\/\/ffyh.unc.edu.ar\/extension\/diploesi\/#primaryimage"},"thumbnailUrl":"http:\/\/ffyh.unc.edu.ar\/extension\/wp-content\/uploads\/sites\/2\/2023\/03\/banner-nuevo-diplomatura-scaled.jpg","datePublished":"2022-06-30T16:31:20+00:00","dateModified":"2025-09-19T15:06:04+00:00","inLanguage":"es","potentialAction":[{"@type":"ReadAction","target":["https:\/\/ffyh.unc.edu.ar\/extension\/diploesi\/"]}]},{"@type":"ImageObject","inLanguage":"es","@id":"https:\/\/ffyh.unc.edu.ar\/extension\/diploesi\/#primaryimage","url":"http:\/\/ffyh.unc.edu.ar\/extension\/wp-content\/uploads\/sites\/2\/2023\/03\/banner-nuevo-diplomatura-scaled.jpg","contentUrl":"http:\/\/ffyh.unc.edu.ar\/extension\/wp-content\/uploads\/sites\/2\/2023\/03\/banner-nuevo-diplomatura-scaled.jpg"},{"@type":"WebSite","@id":"https:\/\/ffyh.unc.edu.ar\/extension\/#website","url":"https:\/\/ffyh.unc.edu.ar\/extension\/","name":"Secretar\u00eda de Extensi\u00f3n","description":"Facultad de Filosof\u00eda y Humanidades - Universidad Nacional de C\u00f3rdoba","publisher":{"@id":"https:\/\/ffyh.unc.edu.ar\/extension\/#organization"},"potentialAction":[{"@type":"SearchAction","target":{"@type":"EntryPoint","urlTemplate":"https:\/\/ffyh.unc.edu.ar\/extension\/?s={search_term_string}"},"query-input":{"@type":"PropertyValueSpecification","valueRequired":true,"valueName":"search_term_string"}}],"inLanguage":"es"},{"@type":"Organization","@id":"https:\/\/ffyh.unc.edu.ar\/extension\/#organization","name":"Secretar\u00eda de Extensi\u00f3n - Facultad de Filosof\u00eda y Humanidades - Universidad Nacional de C\u00f3rdoba","url":"https:\/\/ffyh.unc.edu.ar\/extension\/","logo":{"@type":"ImageObject","inLanguage":"es","@id":"https:\/\/ffyh.unc.edu.ar\/extension\/#\/schema\/logo\/image\/","url":"https:\/\/ffyh.unc.edu.ar\/extension\/wp-content\/uploads\/sites\/2\/2018\/08\/logo-extension-chico.jpg","contentUrl":"https:\/\/ffyh.unc.edu.ar\/extension\/wp-content\/uploads\/sites\/2\/2018\/08\/logo-extension-chico.jpg","width":314,"height":119,"caption":"Secretar\u00eda de Extensi\u00f3n - Facultad de Filosof\u00eda y Humanidades - Universidad Nacional de C\u00f3rdoba"},"image":{"@id":"https:\/\/ffyh.unc.edu.ar\/extension\/#\/schema\/logo\/image\/"},"sameAs":["https:\/\/www.facebook.com\/extensionffyh","https:\/\/www.instagram.com\/extensionffyh\/","https:\/\/www.youtube.com\/channel\/UCTgN4nvMQE7ktBcgujEI-EA"]}]}},"_links":{"self":[{"href":"https:\/\/ffyh.unc.edu.ar\/extension\/wp-json\/wp\/v2\/pages\/5726","targetHints":{"allow":["GET"]}}],"collection":[{"href":"https:\/\/ffyh.unc.edu.ar\/extension\/wp-json\/wp\/v2\/pages"}],"about":[{"href":"https:\/\/ffyh.unc.edu.ar\/extension\/wp-json\/wp\/v2\/types\/page"}],"author":[{"embeddable":true,"href":"https:\/\/ffyh.unc.edu.ar\/extension\/wp-json\/wp\/v2\/users\/2"}],"replies":[{"embeddable":true,"href":"https:\/\/ffyh.unc.edu.ar\/extension\/wp-json\/wp\/v2\/comments?post=5726"}],"version-history":[{"count":28,"href":"https:\/\/ffyh.unc.edu.ar\/extension\/wp-json\/wp\/v2\/pages\/5726\/revisions"}],"predecessor-version":[{"id":9123,"href":"https:\/\/ffyh.unc.edu.ar\/extension\/wp-json\/wp\/v2\/pages\/5726\/revisions\/9123"}],"wp:attachment":[{"href":"https:\/\/ffyh.unc.edu.ar\/extension\/wp-json\/wp\/v2\/media?parent=5726"}],"curies":[{"name":"wp","href":"https:\/\/api.w.org\/{rel}","templated":true}]}}