{"id":6327,"date":"2023-03-01T16:17:43","date_gmt":"2023-03-01T16:17:43","guid":{"rendered":"https:\/\/ffyh.unc.edu.ar\/extension\/?page_id=6327"},"modified":"2023-03-03T18:35:49","modified_gmt":"2023-03-03T18:35:49","slug":"intersecciones-dialogos-y-reflexiones-en-torno-a-las-practicas-arqueologicas-en-el-sur-de-punilla-cordoba","status":"publish","type":"page","link":"https:\/\/ffyh.unc.edu.ar\/extension\/intersecciones-dialogos-y-reflexiones-en-torno-a-las-practicas-arqueologicas-en-el-sur-de-punilla-cordoba\/","title":{"rendered":"Intersecciones, di\u00e1logos y reflexiones en torno a las pr\u00e1cticas arqueol\u00f3gicas en el sur de Punilla, C\u00f3rdoba"},"content":{"rendered":"<p><b>Intersecciones, di\u00e1logos y reflexiones en torno a las pr\u00e1cticas arqueol\u00f3gicas en el sur de Punilla, C\u00f3rdoba<\/b><\/p>\n<p><em><span style=\"font-weight: 400\">\u00bfEn qu\u00e9 consiste el proyecto?<\/span><\/em><\/p>\n<p><span style=\"font-weight: 400\">El proyecto consiste en la realizaci\u00f3n de actividades en y con las comunidades de Punilla <\/span><span style=\"font-weight: 400\">Sur (\u00e1rea que contempla las comunas de Cuesta Blanca, Tala Huasi, Mayu Sumaj y los <\/span><span style=\"font-weight: 400\">municipios de Icho Cruz, Carlos Paz y San Antonio de Arredondo), que permitan dar<\/span><br \/>\n<span style=\"font-weight: 400\">respuesta a las inquietudes de diferentes sectores respecto del patrimonio arqueol\u00f3gico. <\/span><span style=\"font-weight: 400\">Consideramos que la implementaci\u00f3n de nuestra propuesta desde un enfoque <\/span><span style=\"font-weight: 400\">interdisciplinario y multivocal permitir\u00e1 consensuar fundamento(s) para pensar\/diagramar <\/span><span style=\"font-weight: 400\">colectivamente programas de mitigaci\u00f3n de los riesgos que amenazan la materialidad <\/span><span style=\"font-weight: 400\">arqueol\u00f3gica en las diferentes localidades.<\/span><\/p>\n<p><em><span style=\"font-weight: 400\">\u00bfQui\u00e9nes forman parte del equipo de trabajo?<\/span><\/em><\/p>\n<p><span style=\"font-weight: 400\">Docente Responsable: Gisela Sario<\/span><br \/>\n<span style=\"font-weight: 400\">Equipo de trabajo: Florencia Costantino, Carolina Drudi, Mariana Fabra, Silvia Ledda, <\/span><span style=\"font-weight: 400\">Soraya Montero, Mario Mora, Camila Roble Navia, Macarena Traktman y Liliana Vilte<\/span><\/p>\n<p><em><span style=\"font-weight: 400\">\u00bfC\u00f3mo puedo contactar con el equipo de trabajo?<\/span><\/em><\/p>\n<p><span style=\"font-weight: 400\">Gisela Sario (Prof. del Departamento de Antropolog\u00eda): <\/span><a href=\"mailto:giselasario@ffyh.unc.edu.ar\"><span style=\"font-weight: 400\">giselasario@ffyh.unc.edu.ar<\/span><\/a><\/p>\n","protected":false},"excerpt":{"rendered":"<p>Intersecciones, di\u00e1logos y reflexiones en torno a las pr\u00e1cticas arqueol\u00f3gicas en el sur de Punilla, C\u00f3rdoba \u00bfEn qu\u00e9 consiste el<\/p>\n","protected":false},"author":3,"featured_media":0,"parent":0,"menu_order":0,"comment_status":"closed","ping_status":"closed","template":"","meta":{"_acf_changed":false,"colormag_page_container_layout":"default_layout","colormag_page_sidebar_layout":"default_layout","footnotes":""},"class_list":["post-6327","page","type-page","status-publish","hentry"],"acf":[],"yoast_head":"<!-- This site is optimized with the Yoast SEO plugin v27.1.1 - https:\/\/yoast.com\/product\/yoast-seo-wordpress\/ -->\n<title>Intersecciones, di\u00e1logos y reflexiones en torno a las pr\u00e1cticas arqueol\u00f3gicas en el sur de Punilla, C\u00f3rdoba - Secretar\u00eda de Extensi\u00f3n<\/title>\n<meta name=\"robots\" content=\"index, follow, max-snippet:-1, max-image-preview:large, max-video-preview:-1\" \/>\n<link rel=\"canonical\" href=\"https:\/\/ffyh.unc.edu.ar\/extension\/intersecciones-dialogos-y-reflexiones-en-torno-a-las-practicas-arqueologicas-en-el-sur-de-punilla-cordoba\/\" \/>\n<meta property=\"og:locale\" content=\"es_ES\" \/>\n<meta property=\"og:type\" content=\"article\" \/>\n<meta property=\"og:title\" content=\"Intersecciones, di\u00e1logos y reflexiones en torno a las pr\u00e1cticas arqueol\u00f3gicas en el sur de Punilla, C\u00f3rdoba - Secretar\u00eda de Extensi\u00f3n\" \/>\n<meta property=\"og:description\" content=\"Intersecciones, di\u00e1logos y reflexiones en torno a las pr\u00e1cticas arqueol\u00f3gicas en el sur de Punilla, C\u00f3rdoba \u00bfEn qu\u00e9 consiste el\" \/>\n<meta property=\"og:url\" content=\"https:\/\/ffyh.unc.edu.ar\/extension\/intersecciones-dialogos-y-reflexiones-en-torno-a-las-practicas-arqueologicas-en-el-sur-de-punilla-cordoba\/\" \/>\n<meta property=\"og:site_name\" content=\"Secretar\u00eda de Extensi\u00f3n\" \/>\n<meta property=\"article:publisher\" content=\"https:\/\/www.facebook.com\/extensionffyh\" \/>\n<meta property=\"article:modified_time\" content=\"2023-03-03T18:35:49+00:00\" \/>\n<meta name=\"twitter:card\" content=\"summary_large_image\" \/>\n<meta name=\"twitter:label1\" content=\"Tiempo de lectura\" \/>\n\t<meta name=\"twitter:data1\" content=\"1 minuto\" \/>\n<script type=\"application\/ld+json\" class=\"yoast-schema-graph\">{\"@context\":\"https:\/\/schema.org\",\"@graph\":[{\"@type\":\"WebPage\",\"@id\":\"https:\/\/ffyh.unc.edu.ar\/extension\/intersecciones-dialogos-y-reflexiones-en-torno-a-las-practicas-arqueologicas-en-el-sur-de-punilla-cordoba\/\",\"url\":\"https:\/\/ffyh.unc.edu.ar\/extension\/intersecciones-dialogos-y-reflexiones-en-torno-a-las-practicas-arqueologicas-en-el-sur-de-punilla-cordoba\/\",\"name\":\"Intersecciones, di\u00e1logos y reflexiones en torno a las pr\u00e1cticas arqueol\u00f3gicas en el sur de Punilla, C\u00f3rdoba - Secretar\u00eda de Extensi\u00f3n\",\"isPartOf\":{\"@id\":\"https:\/\/ffyh.unc.edu.ar\/extension\/#website\"},\"datePublished\":\"2023-03-01T16:17:43+00:00\",\"dateModified\":\"2023-03-03T18:35:49+00:00\",\"breadcrumb\":{\"@id\":\"https:\/\/ffyh.unc.edu.ar\/extension\/intersecciones-dialogos-y-reflexiones-en-torno-a-las-practicas-arqueologicas-en-el-sur-de-punilla-cordoba\/#breadcrumb\"},\"inLanguage\":\"es\",\"potentialAction\":[{\"@type\":\"ReadAction\",\"target\":[\"https:\/\/ffyh.unc.edu.ar\/extension\/intersecciones-dialogos-y-reflexiones-en-torno-a-las-practicas-arqueologicas-en-el-sur-de-punilla-cordoba\/\"]}]},{\"@type\":\"BreadcrumbList\",\"@id\":\"https:\/\/ffyh.unc.edu.ar\/extension\/intersecciones-dialogos-y-reflexiones-en-torno-a-las-practicas-arqueologicas-en-el-sur-de-punilla-cordoba\/#breadcrumb\",\"itemListElement\":[{\"@type\":\"ListItem\",\"position\":1,\"name\":\"Portada\",\"item\":\"https:\/\/ffyh.unc.edu.ar\/extension\/\"},{\"@type\":\"ListItem\",\"position\":2,\"name\":\"Intersecciones, di\u00e1logos y reflexiones en torno a las pr\u00e1cticas arqueol\u00f3gicas en el sur de Punilla, C\u00f3rdoba\"}]},{\"@type\":\"WebSite\",\"@id\":\"https:\/\/ffyh.unc.edu.ar\/extension\/#website\",\"url\":\"https:\/\/ffyh.unc.edu.ar\/extension\/\",\"name\":\"Secretar\u00eda de Extensi\u00f3n\",\"description\":\"Facultad de Filosof\u00eda y Humanidades - Universidad Nacional de C\u00f3rdoba\",\"publisher\":{\"@id\":\"https:\/\/ffyh.unc.edu.ar\/extension\/#organization\"},\"potentialAction\":[{\"@type\":\"SearchAction\",\"target\":{\"@type\":\"EntryPoint\",\"urlTemplate\":\"https:\/\/ffyh.unc.edu.ar\/extension\/?s={search_term_string}\"},\"query-input\":{\"@type\":\"PropertyValueSpecification\",\"valueRequired\":true,\"valueName\":\"search_term_string\"}}],\"inLanguage\":\"es\"},{\"@type\":\"Organization\",\"@id\":\"https:\/\/ffyh.unc.edu.ar\/extension\/#organization\",\"name\":\"Secretar\u00eda de Extensi\u00f3n - Facultad de Filosof\u00eda y Humanidades - Universidad Nacional de C\u00f3rdoba\",\"url\":\"https:\/\/ffyh.unc.edu.ar\/extension\/\",\"logo\":{\"@type\":\"ImageObject\",\"inLanguage\":\"es\",\"@id\":\"https:\/\/ffyh.unc.edu.ar\/extension\/#\/schema\/logo\/image\/\",\"url\":\"https:\/\/ffyh.unc.edu.ar\/extension\/wp-content\/uploads\/sites\/2\/2018\/08\/logo-extension-chico.jpg\",\"contentUrl\":\"https:\/\/ffyh.unc.edu.ar\/extension\/wp-content\/uploads\/sites\/2\/2018\/08\/logo-extension-chico.jpg\",\"width\":314,\"height\":119,\"caption\":\"Secretar\u00eda de Extensi\u00f3n - Facultad de Filosof\u00eda y Humanidades - Universidad Nacional de C\u00f3rdoba\"},\"image\":{\"@id\":\"https:\/\/ffyh.unc.edu.ar\/extension\/#\/schema\/logo\/image\/\"},\"sameAs\":[\"https:\/\/www.facebook.com\/extensionffyh\",\"https:\/\/www.instagram.com\/extensionffyh\/\",\"https:\/\/www.youtube.com\/channel\/UCTgN4nvMQE7ktBcgujEI-EA\"]}]}<\/script>\n<!-- \/ Yoast SEO plugin. -->","yoast_head_json":{"title":"Intersecciones, di\u00e1logos y reflexiones en torno a las pr\u00e1cticas arqueol\u00f3gicas en el sur de Punilla, C\u00f3rdoba - Secretar\u00eda de Extensi\u00f3n","robots":{"index":"index","follow":"follow","max-snippet":"max-snippet:-1","max-image-preview":"max-image-preview:large","max-video-preview":"max-video-preview:-1"},"canonical":"https:\/\/ffyh.unc.edu.ar\/extension\/intersecciones-dialogos-y-reflexiones-en-torno-a-las-practicas-arqueologicas-en-el-sur-de-punilla-cordoba\/","og_locale":"es_ES","og_type":"article","og_title":"Intersecciones, di\u00e1logos y reflexiones en torno a las pr\u00e1cticas arqueol\u00f3gicas en el sur de Punilla, C\u00f3rdoba - Secretar\u00eda de Extensi\u00f3n","og_description":"Intersecciones, di\u00e1logos y reflexiones en torno a las pr\u00e1cticas arqueol\u00f3gicas en el sur de Punilla, C\u00f3rdoba \u00bfEn qu\u00e9 consiste el","og_url":"https:\/\/ffyh.unc.edu.ar\/extension\/intersecciones-dialogos-y-reflexiones-en-torno-a-las-practicas-arqueologicas-en-el-sur-de-punilla-cordoba\/","og_site_name":"Secretar\u00eda de Extensi\u00f3n","article_publisher":"https:\/\/www.facebook.com\/extensionffyh","article_modified_time":"2023-03-03T18:35:49+00:00","twitter_card":"summary_large_image","twitter_misc":{"Tiempo de lectura":"1 minuto"},"schema":{"@context":"https:\/\/schema.org","@graph":[{"@type":"WebPage","@id":"https:\/\/ffyh.unc.edu.ar\/extension\/intersecciones-dialogos-y-reflexiones-en-torno-a-las-practicas-arqueologicas-en-el-sur-de-punilla-cordoba\/","url":"https:\/\/ffyh.unc.edu.ar\/extension\/intersecciones-dialogos-y-reflexiones-en-torno-a-las-practicas-arqueologicas-en-el-sur-de-punilla-cordoba\/","name":"Intersecciones, di\u00e1logos y reflexiones en torno a las pr\u00e1cticas arqueol\u00f3gicas en el sur de Punilla, C\u00f3rdoba - Secretar\u00eda de Extensi\u00f3n","isPartOf":{"@id":"https:\/\/ffyh.unc.edu.ar\/extension\/#website"},"datePublished":"2023-03-01T16:17:43+00:00","dateModified":"2023-03-03T18:35:49+00:00","breadcrumb":{"@id":"https:\/\/ffyh.unc.edu.ar\/extension\/intersecciones-dialogos-y-reflexiones-en-torno-a-las-practicas-arqueologicas-en-el-sur-de-punilla-cordoba\/#breadcrumb"},"inLanguage":"es","potentialAction":[{"@type":"ReadAction","target":["https:\/\/ffyh.unc.edu.ar\/extension\/intersecciones-dialogos-y-reflexiones-en-torno-a-las-practicas-arqueologicas-en-el-sur-de-punilla-cordoba\/"]}]},{"@type":"BreadcrumbList","@id":"https:\/\/ffyh.unc.edu.ar\/extension\/intersecciones-dialogos-y-reflexiones-en-torno-a-las-practicas-arqueologicas-en-el-sur-de-punilla-cordoba\/#breadcrumb","itemListElement":[{"@type":"ListItem","position":1,"name":"Portada","item":"https:\/\/ffyh.unc.edu.ar\/extension\/"},{"@type":"ListItem","position":2,"name":"Intersecciones, di\u00e1logos y reflexiones en torno a las pr\u00e1cticas arqueol\u00f3gicas en el sur de Punilla, C\u00f3rdoba"}]},{"@type":"WebSite","@id":"https:\/\/ffyh.unc.edu.ar\/extension\/#website","url":"https:\/\/ffyh.unc.edu.ar\/extension\/","name":"Secretar\u00eda de Extensi\u00f3n","description":"Facultad de Filosof\u00eda y Humanidades - Universidad Nacional de C\u00f3rdoba","publisher":{"@id":"https:\/\/ffyh.unc.edu.ar\/extension\/#organization"},"potentialAction":[{"@type":"SearchAction","target":{"@type":"EntryPoint","urlTemplate":"https:\/\/ffyh.unc.edu.ar\/extension\/?s={search_term_string}"},"query-input":{"@type":"PropertyValueSpecification","valueRequired":true,"valueName":"search_term_string"}}],"inLanguage":"es"},{"@type":"Organization","@id":"https:\/\/ffyh.unc.edu.ar\/extension\/#organization","name":"Secretar\u00eda de Extensi\u00f3n - Facultad de Filosof\u00eda y Humanidades - Universidad Nacional de C\u00f3rdoba","url":"https:\/\/ffyh.unc.edu.ar\/extension\/","logo":{"@type":"ImageObject","inLanguage":"es","@id":"https:\/\/ffyh.unc.edu.ar\/extension\/#\/schema\/logo\/image\/","url":"https:\/\/ffyh.unc.edu.ar\/extension\/wp-content\/uploads\/sites\/2\/2018\/08\/logo-extension-chico.jpg","contentUrl":"https:\/\/ffyh.unc.edu.ar\/extension\/wp-content\/uploads\/sites\/2\/2018\/08\/logo-extension-chico.jpg","width":314,"height":119,"caption":"Secretar\u00eda de Extensi\u00f3n - Facultad de Filosof\u00eda y Humanidades - Universidad Nacional de C\u00f3rdoba"},"image":{"@id":"https:\/\/ffyh.unc.edu.ar\/extension\/#\/schema\/logo\/image\/"},"sameAs":["https:\/\/www.facebook.com\/extensionffyh","https:\/\/www.instagram.com\/extensionffyh\/","https:\/\/www.youtube.com\/channel\/UCTgN4nvMQE7ktBcgujEI-EA"]}]}},"_links":{"self":[{"href":"https:\/\/ffyh.unc.edu.ar\/extension\/wp-json\/wp\/v2\/pages\/6327","targetHints":{"allow":["GET"]}}],"collection":[{"href":"https:\/\/ffyh.unc.edu.ar\/extension\/wp-json\/wp\/v2\/pages"}],"about":[{"href":"https:\/\/ffyh.unc.edu.ar\/extension\/wp-json\/wp\/v2\/types\/page"}],"author":[{"embeddable":true,"href":"https:\/\/ffyh.unc.edu.ar\/extension\/wp-json\/wp\/v2\/users\/3"}],"replies":[{"embeddable":true,"href":"https:\/\/ffyh.unc.edu.ar\/extension\/wp-json\/wp\/v2\/comments?post=6327"}],"version-history":[{"count":5,"href":"https:\/\/ffyh.unc.edu.ar\/extension\/wp-json\/wp\/v2\/pages\/6327\/revisions"}],"predecessor-version":[{"id":6380,"href":"https:\/\/ffyh.unc.edu.ar\/extension\/wp-json\/wp\/v2\/pages\/6327\/revisions\/6380"}],"wp:attachment":[{"href":"https:\/\/ffyh.unc.edu.ar\/extension\/wp-json\/wp\/v2\/media?parent=6327"}],"curies":[{"name":"wp","href":"https:\/\/api.w.org\/{rel}","templated":true}]}}