{"id":7859,"date":"2025-03-26T14:34:21","date_gmt":"2025-03-26T14:34:21","guid":{"rendered":"https:\/\/ffyh.unc.edu.ar\/extension\/?page_id=7859"},"modified":"2025-03-26T14:49:30","modified_gmt":"2025-03-26T14:49:30","slug":"colaboracion-en-publicaciones","status":"publish","type":"page","link":"https:\/\/ffyh.unc.edu.ar\/extension\/colaboracion-en-publicaciones\/","title":{"rendered":"Colaboraci\u00f3n en publicaciones"},"content":{"rendered":"<hr \/>\n<h3 style=\"text-align: center\">Colecci\u00f3n memorias de mi plaza<\/h3>\n<p><a href=\"https:\/\/ffyh.unc.edu.ar\/extension\/memoriasdemiplaza\/\"><img loading=\"lazy\" decoding=\"async\" class=\"alignleft wp-image-7857\" src=\"http:\/\/ffyh.unc.edu.ar\/extension\/wp-content\/uploads\/sites\/2\/2025\/03\/Memorias_de_mi_Plaza2.jpg\" alt=\"\" width=\"600\" height=\"291\" srcset=\"https:\/\/ffyh.unc.edu.ar\/extension\/wp-content\/uploads\/sites\/2\/2025\/03\/Memorias_de_mi_Plaza2.jpg 410w, https:\/\/ffyh.unc.edu.ar\/extension\/wp-content\/uploads\/sites\/2\/2025\/03\/Memorias_de_mi_Plaza2-300x146.jpg 300w\" sizes=\"auto, (max-width: 600px) 100vw, 600px\" \/><\/a><\/p>\n<p>&nbsp;<\/p>\n<p>En nuestra C\u00f3rdoba, como en todas las ciudades, las plazas, parques y calles, son el lugar natural de encuentros ciudadanos espont\u00e1neos u organizados, donde todos tenemos la posibilidad de juntarnos sin distinciones de posici\u00f3n social, ideolog\u00edas pol\u00edticas o religiosas. Esos espacios, los abiertos y p\u00fablicos, son la verdadera y real esencia de la ciudad. La colecci\u00f3n \u201cMemorias de mi plaza\u201d es una manera de ofrecerle a estos lugares un homenaje, contando su historia, o la historia de todos nosotros a trav\u00e9s de nuestras plazas y parques.<\/p>\n<p>Acced\u00e9 a la colecci\u00f3n completa desde el siguiente enlace: <a href=\"https:\/\/ffyh.unc.edu.ar\/extension\/memoriasdemiplaza\/\">www.ffyh.unc.edu.ar\/extension\/memoriasdemiplaza<\/a><\/p>\n<p>&nbsp;<\/p>\n<p>&nbsp;<\/p>\n<h3 style=\"text-align: center\">Cartillas sobre parto respetado<\/h3>\n<p><a href=\"https:\/\/blogs.ffyh.unc.edu.ar\/partorespetado\/\"><img loading=\"lazy\" decoding=\"async\" class=\"wp-image-7869 alignleft\" src=\"http:\/\/ffyh.unc.edu.ar\/extension\/wp-content\/uploads\/sites\/2\/2025\/03\/cartillas-01-1024x771.jpg\" alt=\"\" width=\"607\" height=\"462\" \/><\/a><\/p>\n<p>&nbsp;<\/p>\n<p>&nbsp;<\/p>\n<p style=\"text-align: left\">Primera cartilla: <a href=\"http:\/\/blogs.ffyh.unc.edu.ar\/partorespetado\/files\/2017\/09\/CARTILLA-PARTO-RESPETADO-impresion.pdf\" target=\"_blank\" rel=\"noopener\"><strong>De mujeres a mujeres. Informaci\u00f3n sobre parto respetado<\/strong><\/a><\/p>\n<p style=\"text-align: left\">Segunda cartilla: <strong><a href=\"http:\/\/ffyh.unc.edu.ar\/extension\/wp-content\/uploads\/sites\/2\/2021\/04\/CARTILLA-PARTO-PROFESIONALES-SALUD-imprenta-1-comprimido.pdf\" target=\"_blank\" rel=\"noopener\">Afianzando derechos en el embarazo y en el parto desde los equipos de salud<\/a><\/strong><\/p>\n<p>&nbsp;<\/p>\n<p>&nbsp;<\/p>\n<p>&nbsp;<\/p>\n<p>&nbsp;<\/p>\n<p>&nbsp;<\/p>\n<p>&nbsp;<\/p>\n<p>&nbsp;<\/p>\n<p>&nbsp;<\/p>\n","protected":false},"excerpt":{"rendered":"<p>Colecci\u00f3n memorias de mi plaza &nbsp; En nuestra C\u00f3rdoba, como en todas las ciudades, las plazas, parques y calles, son<\/p>\n","protected":false},"author":3,"featured_media":0,"parent":0,"menu_order":0,"comment_status":"closed","ping_status":"closed","template":"","meta":{"_acf_changed":false,"colormag_page_container_layout":"default_layout","colormag_page_sidebar_layout":"default_layout","footnotes":""},"class_list":["post-7859","page","type-page","status-publish","hentry"],"acf":[],"yoast_head":"<!-- This site is optimized with the Yoast SEO plugin v27.1.1 - https:\/\/yoast.com\/product\/yoast-seo-wordpress\/ -->\n<title>Colaboraci\u00f3n en publicaciones - Secretar\u00eda de Extensi\u00f3n<\/title>\n<meta name=\"robots\" content=\"index, follow, max-snippet:-1, max-image-preview:large, max-video-preview:-1\" \/>\n<link rel=\"canonical\" href=\"https:\/\/ffyh.unc.edu.ar\/extension\/colaboracion-en-publicaciones\/\" \/>\n<meta property=\"og:locale\" content=\"es_ES\" \/>\n<meta property=\"og:type\" content=\"article\" \/>\n<meta property=\"og:title\" content=\"Colaboraci\u00f3n en publicaciones - Secretar\u00eda de Extensi\u00f3n\" \/>\n<meta property=\"og:description\" content=\"Colecci\u00f3n memorias de mi plaza &nbsp; En nuestra C\u00f3rdoba, como en todas las ciudades, las plazas, parques y calles, son\" \/>\n<meta property=\"og:url\" content=\"https:\/\/ffyh.unc.edu.ar\/extension\/colaboracion-en-publicaciones\/\" \/>\n<meta property=\"og:site_name\" content=\"Secretar\u00eda de Extensi\u00f3n\" \/>\n<meta property=\"article:publisher\" content=\"https:\/\/www.facebook.com\/extensionffyh\" \/>\n<meta property=\"article:modified_time\" content=\"2025-03-26T14:49:30+00:00\" \/>\n<meta property=\"og:image\" content=\"https:\/\/ffyh.unc.edu.ar\/extension\/wp-content\/uploads\/sites\/2\/2025\/03\/Memorias_de_mi_Plaza2.jpg\" \/>\n\t<meta property=\"og:image:width\" content=\"410\" \/>\n\t<meta property=\"og:image:height\" content=\"199\" \/>\n\t<meta property=\"og:image:type\" content=\"image\/jpeg\" \/>\n<meta name=\"twitter:card\" content=\"summary_large_image\" \/>\n<meta name=\"twitter:label1\" content=\"Tiempo de lectura\" \/>\n\t<meta name=\"twitter:data1\" content=\"1 minuto\" \/>\n<script type=\"application\/ld+json\" class=\"yoast-schema-graph\">{\"@context\":\"https:\/\/schema.org\",\"@graph\":[{\"@type\":\"WebPage\",\"@id\":\"https:\/\/ffyh.unc.edu.ar\/extension\/colaboracion-en-publicaciones\/\",\"url\":\"https:\/\/ffyh.unc.edu.ar\/extension\/colaboracion-en-publicaciones\/\",\"name\":\"Colaboraci\u00f3n en publicaciones - Secretar\u00eda de Extensi\u00f3n\",\"isPartOf\":{\"@id\":\"https:\/\/ffyh.unc.edu.ar\/extension\/#website\"},\"primaryImageOfPage\":{\"@id\":\"https:\/\/ffyh.unc.edu.ar\/extension\/colaboracion-en-publicaciones\/#primaryimage\"},\"image\":{\"@id\":\"https:\/\/ffyh.unc.edu.ar\/extension\/colaboracion-en-publicaciones\/#primaryimage\"},\"thumbnailUrl\":\"http:\/\/ffyh.unc.edu.ar\/extension\/wp-content\/uploads\/sites\/2\/2025\/03\/Memorias_de_mi_Plaza2.jpg\",\"datePublished\":\"2025-03-26T14:34:21+00:00\",\"dateModified\":\"2025-03-26T14:49:30+00:00\",\"breadcrumb\":{\"@id\":\"https:\/\/ffyh.unc.edu.ar\/extension\/colaboracion-en-publicaciones\/#breadcrumb\"},\"inLanguage\":\"es\",\"potentialAction\":[{\"@type\":\"ReadAction\",\"target\":[\"https:\/\/ffyh.unc.edu.ar\/extension\/colaboracion-en-publicaciones\/\"]}]},{\"@type\":\"ImageObject\",\"inLanguage\":\"es\",\"@id\":\"https:\/\/ffyh.unc.edu.ar\/extension\/colaboracion-en-publicaciones\/#primaryimage\",\"url\":\"https:\/\/ffyh.unc.edu.ar\/extension\/wp-content\/uploads\/sites\/2\/2025\/03\/Memorias_de_mi_Plaza2.jpg\",\"contentUrl\":\"https:\/\/ffyh.unc.edu.ar\/extension\/wp-content\/uploads\/sites\/2\/2025\/03\/Memorias_de_mi_Plaza2.jpg\",\"width\":410,\"height\":199},{\"@type\":\"BreadcrumbList\",\"@id\":\"https:\/\/ffyh.unc.edu.ar\/extension\/colaboracion-en-publicaciones\/#breadcrumb\",\"itemListElement\":[{\"@type\":\"ListItem\",\"position\":1,\"name\":\"Portada\",\"item\":\"https:\/\/ffyh.unc.edu.ar\/extension\/\"},{\"@type\":\"ListItem\",\"position\":2,\"name\":\"Colaboraci\u00f3n en publicaciones\"}]},{\"@type\":\"WebSite\",\"@id\":\"https:\/\/ffyh.unc.edu.ar\/extension\/#website\",\"url\":\"https:\/\/ffyh.unc.edu.ar\/extension\/\",\"name\":\"Secretar\u00eda de Extensi\u00f3n\",\"description\":\"Facultad de Filosof\u00eda y Humanidades - Universidad Nacional de C\u00f3rdoba\",\"publisher\":{\"@id\":\"https:\/\/ffyh.unc.edu.ar\/extension\/#organization\"},\"potentialAction\":[{\"@type\":\"SearchAction\",\"target\":{\"@type\":\"EntryPoint\",\"urlTemplate\":\"https:\/\/ffyh.unc.edu.ar\/extension\/?s={search_term_string}\"},\"query-input\":{\"@type\":\"PropertyValueSpecification\",\"valueRequired\":true,\"valueName\":\"search_term_string\"}}],\"inLanguage\":\"es\"},{\"@type\":\"Organization\",\"@id\":\"https:\/\/ffyh.unc.edu.ar\/extension\/#organization\",\"name\":\"Secretar\u00eda de Extensi\u00f3n - Facultad de Filosof\u00eda y Humanidades - Universidad Nacional de C\u00f3rdoba\",\"url\":\"https:\/\/ffyh.unc.edu.ar\/extension\/\",\"logo\":{\"@type\":\"ImageObject\",\"inLanguage\":\"es\",\"@id\":\"https:\/\/ffyh.unc.edu.ar\/extension\/#\/schema\/logo\/image\/\",\"url\":\"https:\/\/ffyh.unc.edu.ar\/extension\/wp-content\/uploads\/sites\/2\/2018\/08\/logo-extension-chico.jpg\",\"contentUrl\":\"https:\/\/ffyh.unc.edu.ar\/extension\/wp-content\/uploads\/sites\/2\/2018\/08\/logo-extension-chico.jpg\",\"width\":314,\"height\":119,\"caption\":\"Secretar\u00eda de Extensi\u00f3n - Facultad de Filosof\u00eda y Humanidades - Universidad Nacional de C\u00f3rdoba\"},\"image\":{\"@id\":\"https:\/\/ffyh.unc.edu.ar\/extension\/#\/schema\/logo\/image\/\"},\"sameAs\":[\"https:\/\/www.facebook.com\/extensionffyh\",\"https:\/\/www.instagram.com\/extensionffyh\/\",\"https:\/\/www.youtube.com\/channel\/UCTgN4nvMQE7ktBcgujEI-EA\"]}]}<\/script>\n<!-- \/ Yoast SEO plugin. -->","yoast_head_json":{"title":"Colaboraci\u00f3n en publicaciones - Secretar\u00eda de Extensi\u00f3n","robots":{"index":"index","follow":"follow","max-snippet":"max-snippet:-1","max-image-preview":"max-image-preview:large","max-video-preview":"max-video-preview:-1"},"canonical":"https:\/\/ffyh.unc.edu.ar\/extension\/colaboracion-en-publicaciones\/","og_locale":"es_ES","og_type":"article","og_title":"Colaboraci\u00f3n en publicaciones - Secretar\u00eda de Extensi\u00f3n","og_description":"Colecci\u00f3n memorias de mi plaza &nbsp; En nuestra C\u00f3rdoba, como en todas las ciudades, las plazas, parques y calles, son","og_url":"https:\/\/ffyh.unc.edu.ar\/extension\/colaboracion-en-publicaciones\/","og_site_name":"Secretar\u00eda de Extensi\u00f3n","article_publisher":"https:\/\/www.facebook.com\/extensionffyh","article_modified_time":"2025-03-26T14:49:30+00:00","og_image":[{"width":410,"height":199,"url":"https:\/\/ffyh.unc.edu.ar\/extension\/wp-content\/uploads\/sites\/2\/2025\/03\/Memorias_de_mi_Plaza2.jpg","type":"image\/jpeg"}],"twitter_card":"summary_large_image","twitter_misc":{"Tiempo de lectura":"1 minuto"},"schema":{"@context":"https:\/\/schema.org","@graph":[{"@type":"WebPage","@id":"https:\/\/ffyh.unc.edu.ar\/extension\/colaboracion-en-publicaciones\/","url":"https:\/\/ffyh.unc.edu.ar\/extension\/colaboracion-en-publicaciones\/","name":"Colaboraci\u00f3n en publicaciones - Secretar\u00eda de Extensi\u00f3n","isPartOf":{"@id":"https:\/\/ffyh.unc.edu.ar\/extension\/#website"},"primaryImageOfPage":{"@id":"https:\/\/ffyh.unc.edu.ar\/extension\/colaboracion-en-publicaciones\/#primaryimage"},"image":{"@id":"https:\/\/ffyh.unc.edu.ar\/extension\/colaboracion-en-publicaciones\/#primaryimage"},"thumbnailUrl":"http:\/\/ffyh.unc.edu.ar\/extension\/wp-content\/uploads\/sites\/2\/2025\/03\/Memorias_de_mi_Plaza2.jpg","datePublished":"2025-03-26T14:34:21+00:00","dateModified":"2025-03-26T14:49:30+00:00","breadcrumb":{"@id":"https:\/\/ffyh.unc.edu.ar\/extension\/colaboracion-en-publicaciones\/#breadcrumb"},"inLanguage":"es","potentialAction":[{"@type":"ReadAction","target":["https:\/\/ffyh.unc.edu.ar\/extension\/colaboracion-en-publicaciones\/"]}]},{"@type":"ImageObject","inLanguage":"es","@id":"https:\/\/ffyh.unc.edu.ar\/extension\/colaboracion-en-publicaciones\/#primaryimage","url":"https:\/\/ffyh.unc.edu.ar\/extension\/wp-content\/uploads\/sites\/2\/2025\/03\/Memorias_de_mi_Plaza2.jpg","contentUrl":"https:\/\/ffyh.unc.edu.ar\/extension\/wp-content\/uploads\/sites\/2\/2025\/03\/Memorias_de_mi_Plaza2.jpg","width":410,"height":199},{"@type":"BreadcrumbList","@id":"https:\/\/ffyh.unc.edu.ar\/extension\/colaboracion-en-publicaciones\/#breadcrumb","itemListElement":[{"@type":"ListItem","position":1,"name":"Portada","item":"https:\/\/ffyh.unc.edu.ar\/extension\/"},{"@type":"ListItem","position":2,"name":"Colaboraci\u00f3n en publicaciones"}]},{"@type":"WebSite","@id":"https:\/\/ffyh.unc.edu.ar\/extension\/#website","url":"https:\/\/ffyh.unc.edu.ar\/extension\/","name":"Secretar\u00eda de Extensi\u00f3n","description":"Facultad de Filosof\u00eda y Humanidades - Universidad Nacional de C\u00f3rdoba","publisher":{"@id":"https:\/\/ffyh.unc.edu.ar\/extension\/#organization"},"potentialAction":[{"@type":"SearchAction","target":{"@type":"EntryPoint","urlTemplate":"https:\/\/ffyh.unc.edu.ar\/extension\/?s={search_term_string}"},"query-input":{"@type":"PropertyValueSpecification","valueRequired":true,"valueName":"search_term_string"}}],"inLanguage":"es"},{"@type":"Organization","@id":"https:\/\/ffyh.unc.edu.ar\/extension\/#organization","name":"Secretar\u00eda de Extensi\u00f3n - Facultad de Filosof\u00eda y Humanidades - Universidad Nacional de C\u00f3rdoba","url":"https:\/\/ffyh.unc.edu.ar\/extension\/","logo":{"@type":"ImageObject","inLanguage":"es","@id":"https:\/\/ffyh.unc.edu.ar\/extension\/#\/schema\/logo\/image\/","url":"https:\/\/ffyh.unc.edu.ar\/extension\/wp-content\/uploads\/sites\/2\/2018\/08\/logo-extension-chico.jpg","contentUrl":"https:\/\/ffyh.unc.edu.ar\/extension\/wp-content\/uploads\/sites\/2\/2018\/08\/logo-extension-chico.jpg","width":314,"height":119,"caption":"Secretar\u00eda de Extensi\u00f3n - Facultad de Filosof\u00eda y Humanidades - Universidad Nacional de C\u00f3rdoba"},"image":{"@id":"https:\/\/ffyh.unc.edu.ar\/extension\/#\/schema\/logo\/image\/"},"sameAs":["https:\/\/www.facebook.com\/extensionffyh","https:\/\/www.instagram.com\/extensionffyh\/","https:\/\/www.youtube.com\/channel\/UCTgN4nvMQE7ktBcgujEI-EA"]}]}},"_links":{"self":[{"href":"https:\/\/ffyh.unc.edu.ar\/extension\/wp-json\/wp\/v2\/pages\/7859","targetHints":{"allow":["GET"]}}],"collection":[{"href":"https:\/\/ffyh.unc.edu.ar\/extension\/wp-json\/wp\/v2\/pages"}],"about":[{"href":"https:\/\/ffyh.unc.edu.ar\/extension\/wp-json\/wp\/v2\/types\/page"}],"author":[{"embeddable":true,"href":"https:\/\/ffyh.unc.edu.ar\/extension\/wp-json\/wp\/v2\/users\/3"}],"replies":[{"embeddable":true,"href":"https:\/\/ffyh.unc.edu.ar\/extension\/wp-json\/wp\/v2\/comments?post=7859"}],"version-history":[{"count":9,"href":"https:\/\/ffyh.unc.edu.ar\/extension\/wp-json\/wp\/v2\/pages\/7859\/revisions"}],"predecessor-version":[{"id":7873,"href":"https:\/\/ffyh.unc.edu.ar\/extension\/wp-json\/wp\/v2\/pages\/7859\/revisions\/7873"}],"wp:attachment":[{"href":"https:\/\/ffyh.unc.edu.ar\/extension\/wp-json\/wp\/v2\/media?parent=7859"}],"curies":[{"name":"wp","href":"https:\/\/api.w.org\/{rel}","templated":true}]}}