{"id":7910,"date":"2025-04-01T16:29:22","date_gmt":"2025-04-01T16:29:22","guid":{"rendered":"https:\/\/ffyh.unc.edu.ar\/extension\/?page_id=7910"},"modified":"2025-04-01T16:33:11","modified_gmt":"2025-04-01T16:33:11","slug":"lecturas-de-interes-2","status":"publish","type":"page","link":"https:\/\/ffyh.unc.edu.ar\/extension\/lecturas-de-interes-2\/","title":{"rendered":"Lecturas de inter\u00e9s"},"content":{"rendered":"<p>Aqu\u00ed encontrar\u00e1s material bibliogr\u00e1fico de consulta que recomendamos para abordar el campo de la Extensi\u00f3n Universitaria.<\/p>\n<h3><img loading=\"lazy\" decoding=\"async\" class=\"wp-image-6149 size-medium alignleft\" src=\"http:\/\/ffyh.unc.edu.ar\/extension\/wp-content\/uploads\/sites\/2\/2022\/11\/Tapa-Libro-ladron-de-guevara-212x300.jpg\" alt=\"\" width=\"212\" height=\"300\" srcset=\"https:\/\/ffyh.unc.edu.ar\/extension\/wp-content\/uploads\/sites\/2\/2022\/11\/Tapa-Libro-ladron-de-guevara-212x300.jpg 212w, https:\/\/ffyh.unc.edu.ar\/extension\/wp-content\/uploads\/sites\/2\/2022\/11\/Tapa-Libro-ladron-de-guevara-724x1024.jpg 724w, https:\/\/ffyh.unc.edu.ar\/extension\/wp-content\/uploads\/sites\/2\/2022\/11\/Tapa-Libro-ladron-de-guevara-768x1087.jpg 768w, https:\/\/ffyh.unc.edu.ar\/extension\/wp-content\/uploads\/sites\/2\/2022\/11\/Tapa-Libro-ladron-de-guevara.jpg 790w\" sizes=\"auto, (max-width: 212px) 100vw, 212px\" \/><\/h3>\n<h3><\/h3>\n<h3><strong>\u00bfC\u00f3mo enfrentamos la pandemia en nuestras bibliotecas? Experiencias resilientes<\/strong><\/h3>\n<h6><em>Coordinadoras: Mar\u00eda Alejandra Greiff y Mar\u00eda Carmen Ladr\u00f3n de Guevara<\/em><\/h6>\n<p><strong><a href=\"http:\/\/ffyh.unc.edu.ar\/extension\/wp-content\/uploads\/sites\/2\/2022\/11\/libro-biblio-1.pdf\" target=\"_blank\" rel=\"noopener\">Descargar libro<\/a><\/strong><\/p>\n<h3><\/h3>\n<h3><\/h3>\n<h3><\/h3>\n<p>&nbsp;<\/p>\n<p>&nbsp;<\/p>\n<hr \/>\n<p><img loading=\"lazy\" decoding=\"async\" class=\"size-medium wp-image-5452 alignleft\" src=\"http:\/\/ffyh.unc.edu.ar\/extension\/wp-content\/uploads\/sites\/2\/2021\/10\/TAPA-04-211x300.jpg\" alt=\"\" width=\"211\" height=\"300\" srcset=\"https:\/\/ffyh.unc.edu.ar\/extension\/wp-content\/uploads\/sites\/2\/2021\/10\/TAPA-04-211x300.jpg 211w, https:\/\/ffyh.unc.edu.ar\/extension\/wp-content\/uploads\/sites\/2\/2021\/10\/TAPA-04-722x1024.jpg 722w, https:\/\/ffyh.unc.edu.ar\/extension\/wp-content\/uploads\/sites\/2\/2021\/10\/TAPA-04-768x1090.jpg 768w, https:\/\/ffyh.unc.edu.ar\/extension\/wp-content\/uploads\/sites\/2\/2021\/10\/TAPA-04-1082x1536.jpg 1082w, https:\/\/ffyh.unc.edu.ar\/extension\/wp-content\/uploads\/sites\/2\/2021\/10\/TAPA-04-1443x2048.jpg 1443w, https:\/\/ffyh.unc.edu.ar\/extension\/wp-content\/uploads\/sites\/2\/2021\/10\/TAPA-04.jpg 1749w\" sizes=\"auto, (max-width: 211px) 100vw, 211px\" \/><\/p>\n<h3><\/h3>\n<h3><strong>(Re)hacer extensi\u00f3n en contextos de pandemia. Emergentes y emergencias<\/strong><\/h3>\n<h6><strong><em>Coordinadoras: Flavia Romero y Marcela Carignano | Editor: Jos\u00e9 Mar\u00eda Bompadre<\/em><\/strong><\/h6>\n<p><a href=\"http:\/\/ffyh.unc.edu.ar\/extension\/wp-content\/uploads\/sites\/2\/2021\/10\/RE-hacer-extension-en-contexto-de-pandemia.-Emergencias-y-emergentes-_-final2.pdf\" target=\"_blank\" rel=\"noopener\"><strong>Descargar libro<\/strong><\/a><\/p>\n<p>&nbsp;<\/p>\n<h3><\/h3>\n<h3><\/h3>\n<h3><\/h3>\n<hr \/>\n<p><img loading=\"lazy\" decoding=\"async\" class=\"size-full wp-image-5428 alignleft\" src=\"http:\/\/ffyh.unc.edu.ar\/extension\/wp-content\/uploads\/sites\/2\/2021\/09\/libro-fronteras.jpeg\" alt=\"\" width=\"188\" height=\"268\" \/><\/p>\n<h3><\/h3>\n<h3 class=\"page-header first-page-header\"><strong>Fronteras Universitarias en el MERCOSUR. Debates sobre la evaluaci\u00f3n en pr\u00e1cticas en extensi\u00f3n<\/strong><\/h3>\n<h6><strong><em>Autores\/as:\u00a0<\/em><em><span class=\"metadata-value\">Carlos Santos, Felipe\u00a0<\/span><span class=\"metadata-value\">Stevenazzi, Flavia\u00a0<\/span><span class=\"metadata-value\">Romero, Florencia\u00a0<\/span><span class=\"metadata-value\">Moratti Serrichio,\u00a0 Humberto\u00a0<\/span><span class=\"metadata-value\">Tommasino, Julieta\u00a0\u00a0<\/span><span class=\"ds-dc_contributor_author-authority\">Almada, Karina\u00a0<\/span><span class=\"metadata-value\">Tomatis, Lorena\u00a0<\/span><span class=\"metadata-value\">Berm\u00fadez, Marcela\u00a0<\/span><span class=\"metadata-value\">Carignano, Mar\u00eda\u00a0<\/span><span class=\"ds-dc_contributor_author-authority\">Bonicatto, Mar\u00eda In\u00e9s\u00a0<\/span><span class=\"metadata-value\">G\u00f3mez, Mar\u00eda Noel\u00a0\u00a0<\/span><span class=\"metadata-value\">Gonz\u00e1lez, Valeria\u00a0<\/span><span class=\"metadata-value\">Grabino y Victoria\u00a0<\/span><span class=\"metadata-value\">Calvo.<\/span><\/em><\/strong><\/h6>\n<p><strong><a href=\"https:\/\/ansenuza.unc.edu.ar\/comunidades\/bitstream\/handle\/11086.1\/1181\/fronterasdelmercosur.pdf-PDFA.pdf?sequence=1&amp;isAllowed=y\" target=\"_blank\" rel=\"noopener\">Descargar libro<\/a><\/strong><\/p>\n<h6><\/h6>\n<p>&nbsp;<\/p>\n<hr \/>\n<p><img loading=\"lazy\" decoding=\"async\" class=\"size-medium wp-image-4138 alignleft\" src=\"http:\/\/ffyh.unc.edu.ar\/extension\/wp-content\/uploads\/sites\/2\/2018\/10\/0001-211x300.jpg\" alt=\"\" width=\"211\" height=\"300\" srcset=\"https:\/\/ffyh.unc.edu.ar\/extension\/wp-content\/uploads\/sites\/2\/2018\/10\/0001-211x300.jpg 211w, https:\/\/ffyh.unc.edu.ar\/extension\/wp-content\/uploads\/sites\/2\/2018\/10\/0001-768x1090.jpg 768w, https:\/\/ffyh.unc.edu.ar\/extension\/wp-content\/uploads\/sites\/2\/2018\/10\/0001-721x1024.jpg 721w, https:\/\/ffyh.unc.edu.ar\/extension\/wp-content\/uploads\/sites\/2\/2018\/10\/0001.jpg 1748w\" sizes=\"auto, (max-width: 211px) 100vw, 211px\" \/><\/p>\n<h3><\/h3>\n<h3><strong>La universidad popular de movimientos sociales (UPMS). Talleres de traducci\u00f3n intercultural en la UNC<\/strong><\/h3>\n<h6><strong><em>Compiladores\/as: Mar\u00eda In\u00e9s Peralta, Norma Fern\u00e1ndez y Jos\u00e9 Mar\u00eda Bompadre<\/em><\/strong><\/h6>\n<p><strong><a href=\"http:\/\/ffyh.unc.edu.ar\/extension\/wp-content\/uploads\/sites\/2\/2018\/10\/DESARROLLO-LIBRO-converted.pdf\" target=\"_blank\" rel=\"noopener\">Descargar libro<\/a><\/strong><\/p>\n<h3><\/h3>\n<h3><\/h3>\n<h3><\/h3>\n<p>&nbsp;<\/p>\n<h3><\/h3>\n<hr \/>\n<p><img loading=\"lazy\" decoding=\"async\" class=\"size-medium wp-image-3924 alignleft\" src=\"http:\/\/ffyh.unc.edu.ar\/extension\/wp-content\/uploads\/sites\/2\/2018\/08\/extension-critica-300x213.png\" alt=\"\" width=\"300\" height=\"213\" \/><\/p>\n<h3><\/h3>\n<h3><strong>Extensi\u00f3n cr\u00edtica. Construcci\u00f3n de una universidad en contexto<\/strong><\/h3>\n<p><strong><a href=\"https:\/\/drive.google.com\/file\/d\/1l3Q_5BhnBhV1m9hLREV1w3YA3SRL2VwJ\/view\" target=\"_blank\" rel=\"noopener\">Descargar libro<\/a><\/strong><\/p>\n<p>&nbsp;<\/p>\n<p>&nbsp;<\/p>\n<p>&nbsp;<\/p>\n<hr \/>\n<p><img loading=\"lazy\" decoding=\"async\" class=\"size-medium wp-image-3928 alignleft\" src=\"http:\/\/ffyh.unc.edu.ar\/extension\/wp-content\/uploads\/sites\/2\/2018\/08\/paulo-freire-176x300.jpg\" alt=\"\" width=\"176\" height=\"300\" srcset=\"https:\/\/ffyh.unc.edu.ar\/extension\/wp-content\/uploads\/sites\/2\/2018\/08\/paulo-freire-176x300.jpg 176w, https:\/\/ffyh.unc.edu.ar\/extension\/wp-content\/uploads\/sites\/2\/2018\/08\/paulo-freire.jpg 247w\" sizes=\"auto, (max-width: 176px) 100vw, 176px\" \/><\/p>\n<h3><\/h3>\n<h3><strong>\u00bfExtensi\u00f3n o comunicaci\u00f3n? La concientizaci\u00f3n en el mundo rural<\/strong><\/h3>\n<h6><strong><em>Paulo Freire<\/em><\/strong><\/h6>\n<p><strong><a href=\"https:\/\/grandeseducadores.files.wordpress.com\/2015\/07\/extensic3b3n-o-comunicacic3b3n-la-conciencia-en-el-medio-rural-1973.pdf\" target=\"_blank\" rel=\"noopener\">Descargar libro<\/a><\/strong><\/p>\n<p>&nbsp;<\/p>\n<p>&nbsp;<\/p>\n<p>&nbsp;<\/p>\n<p>&nbsp;<\/p>\n<p>&nbsp;<\/p>\n<hr \/>\n<p><img loading=\"lazy\" decoding=\"async\" class=\"size-medium wp-image-3933 alignleft\" src=\"http:\/\/ffyh.unc.edu.ar\/extension\/wp-content\/uploads\/sites\/2\/2018\/08\/apuntes-para-la-accion-200x300.jpeg\" alt=\"\" width=\"200\" height=\"300\" \/><\/p>\n<h3><\/h3>\n<h3><strong>Apuntes para la acci\u00f3n III. Sistematizaci\u00f3n de experiencias de extensi\u00f3n universitaria<\/strong><\/h3>\n<p><strong><a href=\"https:\/\/mail.google.com\/mail\/u\/0\/#inbox\/165490f15dcf7cb3?projector=1&amp;messagePartId=0.1\" target=\"_blank\" rel=\"noopener\">Descargar libro<\/a><\/strong><\/p>\n<h3><\/h3>\n<h3><\/h3>\n<h3><\/h3>\n<h3><\/h3>\n<p>&nbsp;<\/p>\n<p>&nbsp;<\/p>\n<hr \/>\n<h3><strong>Reflexiones en torno a la construcci\u00f3n del espacio de la extensi\u00f3n hoy<\/strong><\/h3>\n<h6><strong><em>Marcela Pacheco<\/em><\/strong><\/h6>\n<p><strong><a href=\"https:\/\/revistas.unc.edu.ar\/index.php\/Cuadernos\/article\/viewFile\/669\/632\" target=\"_blank\" rel=\"noopener\">Descargar art\u00edculo<\/a><\/strong><\/p>\n<hr \/>\n<h3>Compendio bibliogr\u00e1fico 2015. Asignatura Extensi\u00f3n Universitaria<\/h3>\n<h6><strong><em>Compilador: Mario Barrientos<\/em><\/strong><\/h6>\n<p><strong><a href=\"http:\/\/ffyh.unc.edu.ar\/extension\/wp-content\/uploads\/sites\/2\/2018\/08\/Compendio-Bibliografico-2015-asignatura-extension-universitaria.pdf\" target=\"_blank\" rel=\"noopener\">Descargar compendio<\/a><\/strong><\/p>\n<hr \/>\n<h3><strong>Compendio bibliogr\u00e1fico 2018. Seminario \u00bfDevolver algo a la sociedad? Discusiones sobre extensi\u00f3n universitaria<\/strong><\/h3>\n<p><a href=\"http:\/\/ffyh.unc.edu.ar\/extension\/wp-content\/uploads\/sites\/2\/2018\/08\/compendio-bibliogr%C3%A1fico-sem-Devolver-2018.pdf\" target=\"_blank\" rel=\"noopener\"><strong>Descargar compendio<\/strong><\/a><\/p>\n","protected":false},"excerpt":{"rendered":"<p>Aqu\u00ed encontrar\u00e1s material bibliogr\u00e1fico de consulta que recomendamos para abordar el campo de la Extensi\u00f3n Universitaria. \u00bfC\u00f3mo enfrentamos la pandemia<\/p>\n","protected":false},"author":3,"featured_media":0,"parent":0,"menu_order":0,"comment_status":"closed","ping_status":"closed","template":"","meta":{"_acf_changed":false,"colormag_page_container_layout":"default_layout","colormag_page_sidebar_layout":"default_layout","footnotes":""},"class_list":["post-7910","page","type-page","status-publish","hentry"],"acf":[],"yoast_head":"<!-- This site is optimized with the Yoast SEO plugin v27.1.1 - https:\/\/yoast.com\/product\/yoast-seo-wordpress\/ -->\n<title>Lecturas de inter\u00e9s - Secretar\u00eda de Extensi\u00f3n<\/title>\n<meta name=\"robots\" content=\"index, follow, max-snippet:-1, max-image-preview:large, max-video-preview:-1\" \/>\n<link rel=\"canonical\" href=\"https:\/\/ffyh.unc.edu.ar\/extension\/lecturas-de-interes-2\/\" \/>\n<meta property=\"og:locale\" content=\"es_ES\" \/>\n<meta property=\"og:type\" content=\"article\" \/>\n<meta property=\"og:title\" content=\"Lecturas de inter\u00e9s - Secretar\u00eda de Extensi\u00f3n\" \/>\n<meta property=\"og:description\" content=\"Aqu\u00ed encontrar\u00e1s material bibliogr\u00e1fico de consulta que recomendamos para abordar el campo de la Extensi\u00f3n Universitaria. \u00bfC\u00f3mo enfrentamos la pandemia\" \/>\n<meta property=\"og:url\" content=\"https:\/\/ffyh.unc.edu.ar\/extension\/lecturas-de-interes-2\/\" \/>\n<meta property=\"og:site_name\" content=\"Secretar\u00eda de Extensi\u00f3n\" \/>\n<meta property=\"article:publisher\" content=\"https:\/\/www.facebook.com\/extensionffyh\" \/>\n<meta property=\"article:modified_time\" content=\"2025-04-01T16:33:11+00:00\" \/>\n<meta property=\"og:image\" content=\"https:\/\/ffyh.unc.edu.ar\/extension\/wp-content\/uploads\/sites\/2\/2022\/11\/Tapa-Libro-ladron-de-guevara.jpg\" \/>\n\t<meta property=\"og:image:width\" content=\"790\" \/>\n\t<meta property=\"og:image:height\" content=\"1118\" \/>\n\t<meta property=\"og:image:type\" content=\"image\/jpeg\" \/>\n<meta name=\"twitter:card\" content=\"summary_large_image\" \/>\n<meta name=\"twitter:label1\" content=\"Tiempo de lectura\" \/>\n\t<meta name=\"twitter:data1\" content=\"1 minuto\" \/>\n<script type=\"application\/ld+json\" class=\"yoast-schema-graph\">{\"@context\":\"https:\/\/schema.org\",\"@graph\":[{\"@type\":\"WebPage\",\"@id\":\"https:\/\/ffyh.unc.edu.ar\/extension\/lecturas-de-interes-2\/\",\"url\":\"https:\/\/ffyh.unc.edu.ar\/extension\/lecturas-de-interes-2\/\",\"name\":\"Lecturas de inter\u00e9s - Secretar\u00eda de Extensi\u00f3n\",\"isPartOf\":{\"@id\":\"https:\/\/ffyh.unc.edu.ar\/extension\/#website\"},\"primaryImageOfPage\":{\"@id\":\"https:\/\/ffyh.unc.edu.ar\/extension\/lecturas-de-interes-2\/#primaryimage\"},\"image\":{\"@id\":\"https:\/\/ffyh.unc.edu.ar\/extension\/lecturas-de-interes-2\/#primaryimage\"},\"thumbnailUrl\":\"http:\/\/ffyh.unc.edu.ar\/extension\/wp-content\/uploads\/sites\/2\/2022\/11\/Tapa-Libro-ladron-de-guevara-212x300.jpg\",\"datePublished\":\"2025-04-01T16:29:22+00:00\",\"dateModified\":\"2025-04-01T16:33:11+00:00\",\"breadcrumb\":{\"@id\":\"https:\/\/ffyh.unc.edu.ar\/extension\/lecturas-de-interes-2\/#breadcrumb\"},\"inLanguage\":\"es\",\"potentialAction\":[{\"@type\":\"ReadAction\",\"target\":[\"https:\/\/ffyh.unc.edu.ar\/extension\/lecturas-de-interes-2\/\"]}]},{\"@type\":\"ImageObject\",\"inLanguage\":\"es\",\"@id\":\"https:\/\/ffyh.unc.edu.ar\/extension\/lecturas-de-interes-2\/#primaryimage\",\"url\":\"https:\/\/ffyh.unc.edu.ar\/extension\/wp-content\/uploads\/sites\/2\/2022\/11\/Tapa-Libro-ladron-de-guevara.jpg\",\"contentUrl\":\"https:\/\/ffyh.unc.edu.ar\/extension\/wp-content\/uploads\/sites\/2\/2022\/11\/Tapa-Libro-ladron-de-guevara.jpg\",\"width\":790,\"height\":1118},{\"@type\":\"BreadcrumbList\",\"@id\":\"https:\/\/ffyh.unc.edu.ar\/extension\/lecturas-de-interes-2\/#breadcrumb\",\"itemListElement\":[{\"@type\":\"ListItem\",\"position\":1,\"name\":\"Portada\",\"item\":\"https:\/\/ffyh.unc.edu.ar\/extension\/\"},{\"@type\":\"ListItem\",\"position\":2,\"name\":\"Lecturas de inter\u00e9s\"}]},{\"@type\":\"WebSite\",\"@id\":\"https:\/\/ffyh.unc.edu.ar\/extension\/#website\",\"url\":\"https:\/\/ffyh.unc.edu.ar\/extension\/\",\"name\":\"Secretar\u00eda de Extensi\u00f3n\",\"description\":\"Facultad de Filosof\u00eda y Humanidades - Universidad Nacional de C\u00f3rdoba\",\"publisher\":{\"@id\":\"https:\/\/ffyh.unc.edu.ar\/extension\/#organization\"},\"potentialAction\":[{\"@type\":\"SearchAction\",\"target\":{\"@type\":\"EntryPoint\",\"urlTemplate\":\"https:\/\/ffyh.unc.edu.ar\/extension\/?s={search_term_string}\"},\"query-input\":{\"@type\":\"PropertyValueSpecification\",\"valueRequired\":true,\"valueName\":\"search_term_string\"}}],\"inLanguage\":\"es\"},{\"@type\":\"Organization\",\"@id\":\"https:\/\/ffyh.unc.edu.ar\/extension\/#organization\",\"name\":\"Secretar\u00eda de Extensi\u00f3n - Facultad de Filosof\u00eda y Humanidades - Universidad Nacional de C\u00f3rdoba\",\"url\":\"https:\/\/ffyh.unc.edu.ar\/extension\/\",\"logo\":{\"@type\":\"ImageObject\",\"inLanguage\":\"es\",\"@id\":\"https:\/\/ffyh.unc.edu.ar\/extension\/#\/schema\/logo\/image\/\",\"url\":\"https:\/\/ffyh.unc.edu.ar\/extension\/wp-content\/uploads\/sites\/2\/2018\/08\/logo-extension-chico.jpg\",\"contentUrl\":\"https:\/\/ffyh.unc.edu.ar\/extension\/wp-content\/uploads\/sites\/2\/2018\/08\/logo-extension-chico.jpg\",\"width\":314,\"height\":119,\"caption\":\"Secretar\u00eda de Extensi\u00f3n - Facultad de Filosof\u00eda y Humanidades - Universidad Nacional de C\u00f3rdoba\"},\"image\":{\"@id\":\"https:\/\/ffyh.unc.edu.ar\/extension\/#\/schema\/logo\/image\/\"},\"sameAs\":[\"https:\/\/www.facebook.com\/extensionffyh\",\"https:\/\/www.instagram.com\/extensionffyh\/\",\"https:\/\/www.youtube.com\/channel\/UCTgN4nvMQE7ktBcgujEI-EA\"]}]}<\/script>\n<!-- \/ Yoast SEO plugin. -->","yoast_head_json":{"title":"Lecturas de inter\u00e9s - Secretar\u00eda de Extensi\u00f3n","robots":{"index":"index","follow":"follow","max-snippet":"max-snippet:-1","max-image-preview":"max-image-preview:large","max-video-preview":"max-video-preview:-1"},"canonical":"https:\/\/ffyh.unc.edu.ar\/extension\/lecturas-de-interes-2\/","og_locale":"es_ES","og_type":"article","og_title":"Lecturas de inter\u00e9s - Secretar\u00eda de Extensi\u00f3n","og_description":"Aqu\u00ed encontrar\u00e1s material bibliogr\u00e1fico de consulta que recomendamos para abordar el campo de la Extensi\u00f3n Universitaria. \u00bfC\u00f3mo enfrentamos la pandemia","og_url":"https:\/\/ffyh.unc.edu.ar\/extension\/lecturas-de-interes-2\/","og_site_name":"Secretar\u00eda de Extensi\u00f3n","article_publisher":"https:\/\/www.facebook.com\/extensionffyh","article_modified_time":"2025-04-01T16:33:11+00:00","og_image":[{"width":790,"height":1118,"url":"https:\/\/ffyh.unc.edu.ar\/extension\/wp-content\/uploads\/sites\/2\/2022\/11\/Tapa-Libro-ladron-de-guevara.jpg","type":"image\/jpeg"}],"twitter_card":"summary_large_image","twitter_misc":{"Tiempo de lectura":"1 minuto"},"schema":{"@context":"https:\/\/schema.org","@graph":[{"@type":"WebPage","@id":"https:\/\/ffyh.unc.edu.ar\/extension\/lecturas-de-interes-2\/","url":"https:\/\/ffyh.unc.edu.ar\/extension\/lecturas-de-interes-2\/","name":"Lecturas de inter\u00e9s - Secretar\u00eda de Extensi\u00f3n","isPartOf":{"@id":"https:\/\/ffyh.unc.edu.ar\/extension\/#website"},"primaryImageOfPage":{"@id":"https:\/\/ffyh.unc.edu.ar\/extension\/lecturas-de-interes-2\/#primaryimage"},"image":{"@id":"https:\/\/ffyh.unc.edu.ar\/extension\/lecturas-de-interes-2\/#primaryimage"},"thumbnailUrl":"http:\/\/ffyh.unc.edu.ar\/extension\/wp-content\/uploads\/sites\/2\/2022\/11\/Tapa-Libro-ladron-de-guevara-212x300.jpg","datePublished":"2025-04-01T16:29:22+00:00","dateModified":"2025-04-01T16:33:11+00:00","breadcrumb":{"@id":"https:\/\/ffyh.unc.edu.ar\/extension\/lecturas-de-interes-2\/#breadcrumb"},"inLanguage":"es","potentialAction":[{"@type":"ReadAction","target":["https:\/\/ffyh.unc.edu.ar\/extension\/lecturas-de-interes-2\/"]}]},{"@type":"ImageObject","inLanguage":"es","@id":"https:\/\/ffyh.unc.edu.ar\/extension\/lecturas-de-interes-2\/#primaryimage","url":"https:\/\/ffyh.unc.edu.ar\/extension\/wp-content\/uploads\/sites\/2\/2022\/11\/Tapa-Libro-ladron-de-guevara.jpg","contentUrl":"https:\/\/ffyh.unc.edu.ar\/extension\/wp-content\/uploads\/sites\/2\/2022\/11\/Tapa-Libro-ladron-de-guevara.jpg","width":790,"height":1118},{"@type":"BreadcrumbList","@id":"https:\/\/ffyh.unc.edu.ar\/extension\/lecturas-de-interes-2\/#breadcrumb","itemListElement":[{"@type":"ListItem","position":1,"name":"Portada","item":"https:\/\/ffyh.unc.edu.ar\/extension\/"},{"@type":"ListItem","position":2,"name":"Lecturas de inter\u00e9s"}]},{"@type":"WebSite","@id":"https:\/\/ffyh.unc.edu.ar\/extension\/#website","url":"https:\/\/ffyh.unc.edu.ar\/extension\/","name":"Secretar\u00eda de Extensi\u00f3n","description":"Facultad de Filosof\u00eda y Humanidades - Universidad Nacional de C\u00f3rdoba","publisher":{"@id":"https:\/\/ffyh.unc.edu.ar\/extension\/#organization"},"potentialAction":[{"@type":"SearchAction","target":{"@type":"EntryPoint","urlTemplate":"https:\/\/ffyh.unc.edu.ar\/extension\/?s={search_term_string}"},"query-input":{"@type":"PropertyValueSpecification","valueRequired":true,"valueName":"search_term_string"}}],"inLanguage":"es"},{"@type":"Organization","@id":"https:\/\/ffyh.unc.edu.ar\/extension\/#organization","name":"Secretar\u00eda de Extensi\u00f3n - Facultad de Filosof\u00eda y Humanidades - Universidad Nacional de C\u00f3rdoba","url":"https:\/\/ffyh.unc.edu.ar\/extension\/","logo":{"@type":"ImageObject","inLanguage":"es","@id":"https:\/\/ffyh.unc.edu.ar\/extension\/#\/schema\/logo\/image\/","url":"https:\/\/ffyh.unc.edu.ar\/extension\/wp-content\/uploads\/sites\/2\/2018\/08\/logo-extension-chico.jpg","contentUrl":"https:\/\/ffyh.unc.edu.ar\/extension\/wp-content\/uploads\/sites\/2\/2018\/08\/logo-extension-chico.jpg","width":314,"height":119,"caption":"Secretar\u00eda de Extensi\u00f3n - Facultad de Filosof\u00eda y Humanidades - Universidad Nacional de C\u00f3rdoba"},"image":{"@id":"https:\/\/ffyh.unc.edu.ar\/extension\/#\/schema\/logo\/image\/"},"sameAs":["https:\/\/www.facebook.com\/extensionffyh","https:\/\/www.instagram.com\/extensionffyh\/","https:\/\/www.youtube.com\/channel\/UCTgN4nvMQE7ktBcgujEI-EA"]}]}},"_links":{"self":[{"href":"https:\/\/ffyh.unc.edu.ar\/extension\/wp-json\/wp\/v2\/pages\/7910","targetHints":{"allow":["GET"]}}],"collection":[{"href":"https:\/\/ffyh.unc.edu.ar\/extension\/wp-json\/wp\/v2\/pages"}],"about":[{"href":"https:\/\/ffyh.unc.edu.ar\/extension\/wp-json\/wp\/v2\/types\/page"}],"author":[{"embeddable":true,"href":"https:\/\/ffyh.unc.edu.ar\/extension\/wp-json\/wp\/v2\/users\/3"}],"replies":[{"embeddable":true,"href":"https:\/\/ffyh.unc.edu.ar\/extension\/wp-json\/wp\/v2\/comments?post=7910"}],"version-history":[{"count":10,"href":"https:\/\/ffyh.unc.edu.ar\/extension\/wp-json\/wp\/v2\/pages\/7910\/revisions"}],"predecessor-version":[{"id":7922,"href":"https:\/\/ffyh.unc.edu.ar\/extension\/wp-json\/wp\/v2\/pages\/7910\/revisions\/7922"}],"wp:attachment":[{"href":"https:\/\/ffyh.unc.edu.ar\/extension\/wp-json\/wp\/v2\/media?parent=7910"}],"curies":[{"name":"wp","href":"https:\/\/api.w.org\/{rel}","templated":true}]}}