{"id":8136,"date":"2025-05-06T16:52:07","date_gmt":"2025-05-06T16:52:07","guid":{"rendered":"https:\/\/ffyh.unc.edu.ar\/extension\/?page_id=8136"},"modified":"2026-04-16T13:40:47","modified_gmt":"2026-04-16T13:40:47","slug":"espacios-curriculares","status":"publish","type":"page","link":"https:\/\/ffyh.unc.edu.ar\/extension\/espacios-curriculares\/","title":{"rendered":"Espacios Curriculares"},"content":{"rendered":"<p>Los <strong>Espacios Curriculares de la Secretar\u00eda de Extensi\u00f3n (ECSE)<\/strong>\u00a0son espacios curriculares destinados a la totalidad de les estudiantes de la FFyH, que fueron creados espec\u00edficamente para esta modalidad, y cuyo contenido principal del programa de estudios se centra en el abordaje de debates del campo extensionista, as\u00ed como en la integraci\u00f3n y la articulaci\u00f3n de estos debates con aproximaciones al trabajo territorial. Su intenci\u00f3n es integrar las discusiones extensionistas a la formaci\u00f3n de profesionales en el \u00c1rea de las Humanidades.<\/p>\n<p><a href=\"https:\/\/ffyh.unc.edu.ar\/extension\/espacios-curriculares\/ecse\/\" rel=\"attachment wp-att-10141\"><img loading=\"lazy\" decoding=\"async\" class=\"wp-image-10141 size-full aligncenter\" src=\"http:\/\/ffyh.unc.edu.ar\/extension\/wp-content\/uploads\/sites\/2\/2026\/04\/ecse.jpg\" alt=\"\" width=\"1131\" height=\"143\" srcset=\"https:\/\/ffyh.unc.edu.ar\/extension\/wp-content\/uploads\/sites\/2\/2026\/04\/ecse.jpg 1131w, https:\/\/ffyh.unc.edu.ar\/extension\/wp-content\/uploads\/sites\/2\/2026\/04\/ecse-300x38.jpg 300w, https:\/\/ffyh.unc.edu.ar\/extension\/wp-content\/uploads\/sites\/2\/2026\/04\/ecse-1024x129.jpg 1024w, https:\/\/ffyh.unc.edu.ar\/extension\/wp-content\/uploads\/sites\/2\/2026\/04\/ecse-768x97.jpg 768w\" sizes=\"auto, (max-width: 1131px) 100vw, 1131px\" \/><\/a><\/p>\n<table style=\"height: 228px\" width=\"1369\">\n<thead>\n<tr>\n<th>Espacio curricular de la Secretar\u00eda de Extensi\u00f3n<\/th>\n<th>Descripci\u00f3n<\/th>\n<th>Destinatarios\/as<\/th>\n<th>Docente responsable<\/th>\n<th>Modalidad<\/th>\n<th>Cursado<\/th>\n<\/tr>\n<\/thead>\n<tbody>\n<tr>\n<td><strong>Extensi\u00f3n universitaria, conflictos socioambientales e interculturalidad\u00a0<\/strong><\/p>\n<p><em>Seminario Optativo de Grado<\/em><\/td>\n<td>Seminario optativo de grado orientado a reflexionar sobre el di\u00e1logo de saberes en pr\u00e1cticas extensionistas y proyectos interculturales. Analiza casos de intervenci\u00f3n en conflictos socioambientales desde una perspectiva cr\u00edtica y situada, promoviendo el v\u00ednculo entre universidad, territorio y comunidades. Se desarrolla como espacio te\u00f3rico-pr\u00e1ctico con lecturas, debates y an\u00e1lisis de experiencias.<\/td>\n<td>Estudiantes de todas las carreras de grado de la FFyH<\/td>\n<td>Dr. C\u00e9sar Marchesino<\/td>\n<td>Presencial<\/td>\n<td>Lunes de 16 a 18 hs \u2013 Aula de Extensi\u00f3n, Casa Verde<\/td>\n<\/tr>\n<\/tbody>\n<\/table>\n","protected":false},"excerpt":{"rendered":"<p>Los Espacios Curriculares de la Secretar\u00eda de Extensi\u00f3n (ECSE)\u00a0son espacios curriculares destinados a la totalidad de les estudiantes de la<\/p>\n","protected":false},"author":3,"featured_media":0,"parent":0,"menu_order":0,"comment_status":"closed","ping_status":"closed","template":"","meta":{"_acf_changed":false,"colormag_page_container_layout":"default_layout","colormag_page_sidebar_layout":"default_layout","footnotes":""},"class_list":["post-8136","page","type-page","status-publish","hentry"],"acf":[],"yoast_head":"<!-- This site is optimized with the Yoast SEO plugin v27.1.1 - https:\/\/yoast.com\/product\/yoast-seo-wordpress\/ -->\n<title>Espacios Curriculares - Secretar\u00eda de Extensi\u00f3n<\/title>\n<meta name=\"robots\" content=\"index, follow, max-snippet:-1, max-image-preview:large, max-video-preview:-1\" \/>\n<link rel=\"canonical\" href=\"https:\/\/ffyh.unc.edu.ar\/extension\/espacios-curriculares\/\" \/>\n<meta property=\"og:locale\" content=\"es_ES\" \/>\n<meta property=\"og:type\" content=\"article\" \/>\n<meta property=\"og:title\" content=\"Espacios Curriculares - Secretar\u00eda de Extensi\u00f3n\" \/>\n<meta property=\"og:description\" content=\"Los Espacios Curriculares de la Secretar\u00eda de Extensi\u00f3n (ECSE)\u00a0son espacios curriculares destinados a la totalidad de les estudiantes de la\" \/>\n<meta property=\"og:url\" content=\"https:\/\/ffyh.unc.edu.ar\/extension\/espacios-curriculares\/\" \/>\n<meta property=\"og:site_name\" content=\"Secretar\u00eda de Extensi\u00f3n\" \/>\n<meta property=\"article:publisher\" content=\"https:\/\/www.facebook.com\/extensionffyh\" \/>\n<meta property=\"article:modified_time\" content=\"2026-04-16T13:40:47+00:00\" \/>\n<meta property=\"og:image\" content=\"https:\/\/ffyh.unc.edu.ar\/extension\/wp-content\/uploads\/sites\/2\/2026\/04\/ecse.jpg\" \/>\n\t<meta property=\"og:image:width\" content=\"1131\" \/>\n\t<meta property=\"og:image:height\" content=\"143\" \/>\n\t<meta property=\"og:image:type\" content=\"image\/jpeg\" \/>\n<meta name=\"twitter:card\" content=\"summary_large_image\" \/>\n<meta name=\"twitter:label1\" content=\"Tiempo de lectura\" \/>\n\t<meta name=\"twitter:data1\" content=\"1 minuto\" \/>\n<script type=\"application\/ld+json\" class=\"yoast-schema-graph\">{\"@context\":\"https:\/\/schema.org\",\"@graph\":[{\"@type\":\"WebPage\",\"@id\":\"https:\/\/ffyh.unc.edu.ar\/extension\/espacios-curriculares\/\",\"url\":\"https:\/\/ffyh.unc.edu.ar\/extension\/espacios-curriculares\/\",\"name\":\"Espacios Curriculares - Secretar\u00eda de Extensi\u00f3n\",\"isPartOf\":{\"@id\":\"https:\/\/ffyh.unc.edu.ar\/extension\/#website\"},\"primaryImageOfPage\":{\"@id\":\"https:\/\/ffyh.unc.edu.ar\/extension\/espacios-curriculares\/#primaryimage\"},\"image\":{\"@id\":\"https:\/\/ffyh.unc.edu.ar\/extension\/espacios-curriculares\/#primaryimage\"},\"thumbnailUrl\":\"http:\/\/ffyh.unc.edu.ar\/extension\/wp-content\/uploads\/sites\/2\/2026\/04\/ecse.jpg\",\"datePublished\":\"2025-05-06T16:52:07+00:00\",\"dateModified\":\"2026-04-16T13:40:47+00:00\",\"breadcrumb\":{\"@id\":\"https:\/\/ffyh.unc.edu.ar\/extension\/espacios-curriculares\/#breadcrumb\"},\"inLanguage\":\"es\",\"potentialAction\":[{\"@type\":\"ReadAction\",\"target\":[\"https:\/\/ffyh.unc.edu.ar\/extension\/espacios-curriculares\/\"]}]},{\"@type\":\"ImageObject\",\"inLanguage\":\"es\",\"@id\":\"https:\/\/ffyh.unc.edu.ar\/extension\/espacios-curriculares\/#primaryimage\",\"url\":\"https:\/\/ffyh.unc.edu.ar\/extension\/wp-content\/uploads\/sites\/2\/2026\/04\/ecse.jpg\",\"contentUrl\":\"https:\/\/ffyh.unc.edu.ar\/extension\/wp-content\/uploads\/sites\/2\/2026\/04\/ecse.jpg\",\"width\":1131,\"height\":143},{\"@type\":\"BreadcrumbList\",\"@id\":\"https:\/\/ffyh.unc.edu.ar\/extension\/espacios-curriculares\/#breadcrumb\",\"itemListElement\":[{\"@type\":\"ListItem\",\"position\":1,\"name\":\"Portada\",\"item\":\"https:\/\/ffyh.unc.edu.ar\/extension\/\"},{\"@type\":\"ListItem\",\"position\":2,\"name\":\"Espacios Curriculares\"}]},{\"@type\":\"WebSite\",\"@id\":\"https:\/\/ffyh.unc.edu.ar\/extension\/#website\",\"url\":\"https:\/\/ffyh.unc.edu.ar\/extension\/\",\"name\":\"Secretar\u00eda de Extensi\u00f3n\",\"description\":\"Facultad de Filosof\u00eda y Humanidades - Universidad Nacional de C\u00f3rdoba\",\"publisher\":{\"@id\":\"https:\/\/ffyh.unc.edu.ar\/extension\/#organization\"},\"potentialAction\":[{\"@type\":\"SearchAction\",\"target\":{\"@type\":\"EntryPoint\",\"urlTemplate\":\"https:\/\/ffyh.unc.edu.ar\/extension\/?s={search_term_string}\"},\"query-input\":{\"@type\":\"PropertyValueSpecification\",\"valueRequired\":true,\"valueName\":\"search_term_string\"}}],\"inLanguage\":\"es\"},{\"@type\":\"Organization\",\"@id\":\"https:\/\/ffyh.unc.edu.ar\/extension\/#organization\",\"name\":\"Secretar\u00eda de Extensi\u00f3n - Facultad de Filosof\u00eda y Humanidades - Universidad Nacional de C\u00f3rdoba\",\"url\":\"https:\/\/ffyh.unc.edu.ar\/extension\/\",\"logo\":{\"@type\":\"ImageObject\",\"inLanguage\":\"es\",\"@id\":\"https:\/\/ffyh.unc.edu.ar\/extension\/#\/schema\/logo\/image\/\",\"url\":\"https:\/\/ffyh.unc.edu.ar\/extension\/wp-content\/uploads\/sites\/2\/2018\/08\/logo-extension-chico.jpg\",\"contentUrl\":\"https:\/\/ffyh.unc.edu.ar\/extension\/wp-content\/uploads\/sites\/2\/2018\/08\/logo-extension-chico.jpg\",\"width\":314,\"height\":119,\"caption\":\"Secretar\u00eda de Extensi\u00f3n - Facultad de Filosof\u00eda y Humanidades - Universidad Nacional de C\u00f3rdoba\"},\"image\":{\"@id\":\"https:\/\/ffyh.unc.edu.ar\/extension\/#\/schema\/logo\/image\/\"},\"sameAs\":[\"https:\/\/www.facebook.com\/extensionffyh\",\"https:\/\/www.instagram.com\/extensionffyh\/\",\"https:\/\/www.youtube.com\/channel\/UCTgN4nvMQE7ktBcgujEI-EA\"]}]}<\/script>\n<!-- \/ Yoast SEO plugin. -->","yoast_head_json":{"title":"Espacios Curriculares - Secretar\u00eda de Extensi\u00f3n","robots":{"index":"index","follow":"follow","max-snippet":"max-snippet:-1","max-image-preview":"max-image-preview:large","max-video-preview":"max-video-preview:-1"},"canonical":"https:\/\/ffyh.unc.edu.ar\/extension\/espacios-curriculares\/","og_locale":"es_ES","og_type":"article","og_title":"Espacios Curriculares - Secretar\u00eda de Extensi\u00f3n","og_description":"Los Espacios Curriculares de la Secretar\u00eda de Extensi\u00f3n (ECSE)\u00a0son espacios curriculares destinados a la totalidad de les estudiantes de la","og_url":"https:\/\/ffyh.unc.edu.ar\/extension\/espacios-curriculares\/","og_site_name":"Secretar\u00eda de Extensi\u00f3n","article_publisher":"https:\/\/www.facebook.com\/extensionffyh","article_modified_time":"2026-04-16T13:40:47+00:00","og_image":[{"width":1131,"height":143,"url":"https:\/\/ffyh.unc.edu.ar\/extension\/wp-content\/uploads\/sites\/2\/2026\/04\/ecse.jpg","type":"image\/jpeg"}],"twitter_card":"summary_large_image","twitter_misc":{"Tiempo de lectura":"1 minuto"},"schema":{"@context":"https:\/\/schema.org","@graph":[{"@type":"WebPage","@id":"https:\/\/ffyh.unc.edu.ar\/extension\/espacios-curriculares\/","url":"https:\/\/ffyh.unc.edu.ar\/extension\/espacios-curriculares\/","name":"Espacios Curriculares - Secretar\u00eda de Extensi\u00f3n","isPartOf":{"@id":"https:\/\/ffyh.unc.edu.ar\/extension\/#website"},"primaryImageOfPage":{"@id":"https:\/\/ffyh.unc.edu.ar\/extension\/espacios-curriculares\/#primaryimage"},"image":{"@id":"https:\/\/ffyh.unc.edu.ar\/extension\/espacios-curriculares\/#primaryimage"},"thumbnailUrl":"http:\/\/ffyh.unc.edu.ar\/extension\/wp-content\/uploads\/sites\/2\/2026\/04\/ecse.jpg","datePublished":"2025-05-06T16:52:07+00:00","dateModified":"2026-04-16T13:40:47+00:00","breadcrumb":{"@id":"https:\/\/ffyh.unc.edu.ar\/extension\/espacios-curriculares\/#breadcrumb"},"inLanguage":"es","potentialAction":[{"@type":"ReadAction","target":["https:\/\/ffyh.unc.edu.ar\/extension\/espacios-curriculares\/"]}]},{"@type":"ImageObject","inLanguage":"es","@id":"https:\/\/ffyh.unc.edu.ar\/extension\/espacios-curriculares\/#primaryimage","url":"https:\/\/ffyh.unc.edu.ar\/extension\/wp-content\/uploads\/sites\/2\/2026\/04\/ecse.jpg","contentUrl":"https:\/\/ffyh.unc.edu.ar\/extension\/wp-content\/uploads\/sites\/2\/2026\/04\/ecse.jpg","width":1131,"height":143},{"@type":"BreadcrumbList","@id":"https:\/\/ffyh.unc.edu.ar\/extension\/espacios-curriculares\/#breadcrumb","itemListElement":[{"@type":"ListItem","position":1,"name":"Portada","item":"https:\/\/ffyh.unc.edu.ar\/extension\/"},{"@type":"ListItem","position":2,"name":"Espacios Curriculares"}]},{"@type":"WebSite","@id":"https:\/\/ffyh.unc.edu.ar\/extension\/#website","url":"https:\/\/ffyh.unc.edu.ar\/extension\/","name":"Secretar\u00eda de Extensi\u00f3n","description":"Facultad de Filosof\u00eda y Humanidades - Universidad Nacional de C\u00f3rdoba","publisher":{"@id":"https:\/\/ffyh.unc.edu.ar\/extension\/#organization"},"potentialAction":[{"@type":"SearchAction","target":{"@type":"EntryPoint","urlTemplate":"https:\/\/ffyh.unc.edu.ar\/extension\/?s={search_term_string}"},"query-input":{"@type":"PropertyValueSpecification","valueRequired":true,"valueName":"search_term_string"}}],"inLanguage":"es"},{"@type":"Organization","@id":"https:\/\/ffyh.unc.edu.ar\/extension\/#organization","name":"Secretar\u00eda de Extensi\u00f3n - Facultad de Filosof\u00eda y Humanidades - Universidad Nacional de C\u00f3rdoba","url":"https:\/\/ffyh.unc.edu.ar\/extension\/","logo":{"@type":"ImageObject","inLanguage":"es","@id":"https:\/\/ffyh.unc.edu.ar\/extension\/#\/schema\/logo\/image\/","url":"https:\/\/ffyh.unc.edu.ar\/extension\/wp-content\/uploads\/sites\/2\/2018\/08\/logo-extension-chico.jpg","contentUrl":"https:\/\/ffyh.unc.edu.ar\/extension\/wp-content\/uploads\/sites\/2\/2018\/08\/logo-extension-chico.jpg","width":314,"height":119,"caption":"Secretar\u00eda de Extensi\u00f3n - Facultad de Filosof\u00eda y Humanidades - Universidad Nacional de C\u00f3rdoba"},"image":{"@id":"https:\/\/ffyh.unc.edu.ar\/extension\/#\/schema\/logo\/image\/"},"sameAs":["https:\/\/www.facebook.com\/extensionffyh","https:\/\/www.instagram.com\/extensionffyh\/","https:\/\/www.youtube.com\/channel\/UCTgN4nvMQE7ktBcgujEI-EA"]}]}},"_links":{"self":[{"href":"https:\/\/ffyh.unc.edu.ar\/extension\/wp-json\/wp\/v2\/pages\/8136","targetHints":{"allow":["GET"]}}],"collection":[{"href":"https:\/\/ffyh.unc.edu.ar\/extension\/wp-json\/wp\/v2\/pages"}],"about":[{"href":"https:\/\/ffyh.unc.edu.ar\/extension\/wp-json\/wp\/v2\/types\/page"}],"author":[{"embeddable":true,"href":"https:\/\/ffyh.unc.edu.ar\/extension\/wp-json\/wp\/v2\/users\/3"}],"replies":[{"embeddable":true,"href":"https:\/\/ffyh.unc.edu.ar\/extension\/wp-json\/wp\/v2\/comments?post=8136"}],"version-history":[{"count":5,"href":"https:\/\/ffyh.unc.edu.ar\/extension\/wp-json\/wp\/v2\/pages\/8136\/revisions"}],"predecessor-version":[{"id":10144,"href":"https:\/\/ffyh.unc.edu.ar\/extension\/wp-json\/wp\/v2\/pages\/8136\/revisions\/10144"}],"wp:attachment":[{"href":"https:\/\/ffyh.unc.edu.ar\/extension\/wp-json\/wp\/v2\/media?parent=8136"}],"curies":[{"name":"wp","href":"https:\/\/api.w.org\/{rel}","templated":true}]}}