{"id":3485,"date":"2021-12-23T16:49:02","date_gmt":"2021-12-23T16:49:02","guid":{"rendered":"https:\/\/ffyh.unc.edu.ar\/historia\/?page_id=3485"},"modified":"2026-04-26T00:10:25","modified_gmt":"2026-04-26T00:10:25","slug":"extension-historia","status":"publish","type":"page","link":"https:\/\/ffyh.unc.edu.ar\/historia\/extension-historia\/","title":{"rendered":"Extensi\u00f3n Historia"},"content":{"rendered":"<p><img data-recalc-dims=\"1\" fetchpriority=\"high\" decoding=\"async\" data-attachment-id=\"5775\" data-permalink=\"https:\/\/ffyh.unc.edu.ar\/historia\/extension-historia\/historias-verano-otono\/\" data-orig-file=\"https:\/\/i0.wp.com\/ffyh.unc.edu.ar\/historia\/wp-content\/uploads\/sites\/37\/2023\/12\/Historias-verano-otono.jpg?fit=1250%2C488&amp;ssl=1\" data-orig-size=\"1250,488\" data-comments-opened=\"0\" data-image-meta=\"{&quot;aperture&quot;:&quot;0&quot;,&quot;credit&quot;:&quot;&quot;,&quot;camera&quot;:&quot;&quot;,&quot;caption&quot;:&quot;&quot;,&quot;created_timestamp&quot;:&quot;0&quot;,&quot;copyright&quot;:&quot;&quot;,&quot;focal_length&quot;:&quot;0&quot;,&quot;iso&quot;:&quot;0&quot;,&quot;shutter_speed&quot;:&quot;0&quot;,&quot;title&quot;:&quot;&quot;,&quot;orientation&quot;:&quot;0&quot;}\" data-image-title=\"Historias verano oto\u00f1o\" data-image-description=\"\" data-image-caption=\"\" data-medium-file=\"https:\/\/i0.wp.com\/ffyh.unc.edu.ar\/historia\/wp-content\/uploads\/sites\/37\/2023\/12\/Historias-verano-otono.jpg?fit=300%2C117&amp;ssl=1\" data-large-file=\"https:\/\/i0.wp.com\/ffyh.unc.edu.ar\/historia\/wp-content\/uploads\/sites\/37\/2023\/12\/Historias-verano-otono.jpg?fit=1000%2C391&amp;ssl=1\" class=\"aligncenter wp-image-5775 size-large\" src=\"https:\/\/i0.wp.com\/ffyh.unc.edu.ar\/historia\/wp-content\/uploads\/sites\/37\/2023\/12\/Historias-verano-otono.jpg?resize=1000%2C391\" alt=\"\" width=\"1000\" height=\"391\" srcset=\"https:\/\/i0.wp.com\/ffyh.unc.edu.ar\/historia\/wp-content\/uploads\/sites\/37\/2023\/12\/Historias-verano-otono.jpg?resize=1024%2C400&amp;ssl=1 1024w, https:\/\/i0.wp.com\/ffyh.unc.edu.ar\/historia\/wp-content\/uploads\/sites\/37\/2023\/12\/Historias-verano-otono.jpg?resize=300%2C117&amp;ssl=1 300w, https:\/\/i0.wp.com\/ffyh.unc.edu.ar\/historia\/wp-content\/uploads\/sites\/37\/2023\/12\/Historias-verano-otono.jpg?resize=768%2C300&amp;ssl=1 768w, https:\/\/i0.wp.com\/ffyh.unc.edu.ar\/historia\/wp-content\/uploads\/sites\/37\/2023\/12\/Historias-verano-otono.jpg?resize=600%2C234&amp;ssl=1 600w, https:\/\/i0.wp.com\/ffyh.unc.edu.ar\/historia\/wp-content\/uploads\/sites\/37\/2023\/12\/Historias-verano-otono.jpg?w=1250&amp;ssl=1 1250w\" sizes=\"(max-width: 1000px) 100vw, 1000px\" \/><\/p>\n<p style=\"text-align: center\"><span style=\"font-size: 24pt;color: #800000\"><b><i>Historias de Verano \/ Historias de Oto\u00f1o 2026<\/i><\/b><\/span><\/p>\n<p style=\"text-align: center\"><b>Cursos de Historia para Adultos Mayores<br \/>\n<\/b><\/p>\n<hr \/>\n<p style=\"text-align: justify\">La Escuela de Historia y la Secretar\u00eda de Extensi\u00f3n de la Facultad de Filosof\u00eda y Humanidades proponen cursos de extensi\u00f3n sobre temas hist\u00f3ricos para adultos mayores, con el objeto de fomentar el di\u00e1logo de saberes y la divulgaci\u00f3n social del conocimiento hist\u00f3rico. Son cursos abiertos, p\u00fablicos y gratuitos, desarrollados a trav\u00e9s de encuentros virtuales semanales de 2 hs (por plataforma <strong>Google Meet<\/strong>), entre abril y julio (<em>Historias de Verano y Oto\u00f1o<\/em>). La diversidad de tem\u00e1ticas, abordadas por equipos de docentes, egresados\/as y estudiantes de nuestra Escuela busca generar un di\u00e1logo amplio y diverso en torno a la historia.<\/p>\n<p style=\"text-align: center\"><span style=\"color: #ff6600\"><strong>Las inscripciones para los cursos de Verano\/Oto\u00f1o 2026<br \/>\n<\/strong><strong>se realizan mediante LINK a Formulario ubicado al final de esta p\u00e1gina<\/strong><\/span><span style=\"color: #ff0000\"><strong><br \/>\n<\/strong><\/span><\/p>\n<p style=\"text-align: center\"><span style=\"font-size: 18pt\"><strong>Grilla de cursos<\/strong><\/span><\/p>\n<hr \/>\n<section id=\"h.7c373a575dfe138b_0\" class=\"yaqOZd WxWicb\">\n<div class=\"IFuOkc\" style=\"text-align: center\">\n<p><img data-recalc-dims=\"1\" decoding=\"async\" data-attachment-id=\"6470\" data-permalink=\"https:\/\/ffyh.unc.edu.ar\/historia\/extension-historia\/banner-otono-2\/\" data-orig-file=\"https:\/\/i0.wp.com\/ffyh.unc.edu.ar\/historia\/wp-content\/uploads\/sites\/37\/2025\/03\/Banner-otono.jpeg?fit=1242%2C244&amp;ssl=1\" data-orig-size=\"1242,244\" data-comments-opened=\"0\" data-image-meta=\"{&quot;aperture&quot;:&quot;0&quot;,&quot;credit&quot;:&quot;&quot;,&quot;camera&quot;:&quot;&quot;,&quot;caption&quot;:&quot;&quot;,&quot;created_timestamp&quot;:&quot;0&quot;,&quot;copyright&quot;:&quot;&quot;,&quot;focal_length&quot;:&quot;0&quot;,&quot;iso&quot;:&quot;0&quot;,&quot;shutter_speed&quot;:&quot;0&quot;,&quot;title&quot;:&quot;&quot;,&quot;orientation&quot;:&quot;0&quot;}\" data-image-title=\"Banner-otono\" data-image-description=\"\" data-image-caption=\"\" data-medium-file=\"https:\/\/i0.wp.com\/ffyh.unc.edu.ar\/historia\/wp-content\/uploads\/sites\/37\/2025\/03\/Banner-otono.jpeg?fit=300%2C59&amp;ssl=1\" data-large-file=\"https:\/\/i0.wp.com\/ffyh.unc.edu.ar\/historia\/wp-content\/uploads\/sites\/37\/2025\/03\/Banner-otono.jpeg?fit=1000%2C196&amp;ssl=1\" class=\"alignnone wp-image-6470 size-large\" src=\"https:\/\/i0.wp.com\/ffyh.unc.edu.ar\/historia\/wp-content\/uploads\/sites\/37\/2025\/03\/Banner-otono.jpeg?resize=1000%2C196\" alt=\"\" width=\"1000\" height=\"196\" srcset=\"https:\/\/i0.wp.com\/ffyh.unc.edu.ar\/historia\/wp-content\/uploads\/sites\/37\/2025\/03\/Banner-otono.jpeg?resize=1024%2C201&amp;ssl=1 1024w, https:\/\/i0.wp.com\/ffyh.unc.edu.ar\/historia\/wp-content\/uploads\/sites\/37\/2025\/03\/Banner-otono.jpeg?resize=300%2C59&amp;ssl=1 300w, https:\/\/i0.wp.com\/ffyh.unc.edu.ar\/historia\/wp-content\/uploads\/sites\/37\/2025\/03\/Banner-otono.jpeg?resize=768%2C151&amp;ssl=1 768w, https:\/\/i0.wp.com\/ffyh.unc.edu.ar\/historia\/wp-content\/uploads\/sites\/37\/2025\/03\/Banner-otono.jpeg?resize=600%2C118&amp;ssl=1 600w, https:\/\/i0.wp.com\/ffyh.unc.edu.ar\/historia\/wp-content\/uploads\/sites\/37\/2025\/03\/Banner-otono.jpeg?w=1242&amp;ssl=1 1242w\" sizes=\"(max-width: 1000px) 100vw, 1000px\" \/><\/p>\n<p><strong>ABRIL<\/strong><\/p>\n<p><em><strong>Historia de la Escritura: Encuentros entre Oriente y Occidente<br \/>\n<\/strong><\/em>(Mi\u00e9rcoles de 18 a 20 hs)<br \/>\n15, 22, 29 de abril y 6 de mayo<br \/>\n<a href=\"http:\/\/ffyh.unc.edu.ar\/historia\/wp-content\/uploads\/sites\/37\/2026\/04\/2026-ABRIL-EXT-UNC-HISTORIA-DE-LA-ESCRITURA-1.pdf\" target=\"_blank\" rel=\"noopener\">Programa del curso<\/a><br \/>\n<span style=\"color: #ff0000\"><strong>\u2013 Inscripciones cerradas para este curso \u2013<\/strong><\/span><\/p>\n<p><strong><em>El retorno del Rey Inka. Tupac Amaru y las Rebeliones Andinas en el siglo XVIII<\/em><\/strong><br \/>\n(Lunes de 16 a 18 hs)<br \/>\n27 de abril; 4, 11 y 18 de mayo<br \/>\n<a href=\"http:\/\/ffyh.unc.edu.ar\/historia\/wp-content\/uploads\/sites\/37\/2026\/04\/Prof.-Glatstein.pdf\" target=\"_blank\" rel=\"noopener\">Programa del curso<\/a><br \/>\n<span style=\"color: #ff0000\"><strong>\u2013 Inscripciones cerradas para este curso \u2013<\/strong><\/span><\/p>\n<hr \/>\n<p><strong style=\"font-size: 1.8rem\">MAYO<\/strong><\/p>\n<\/div>\n<p style=\"text-align: center\"><em><strong>Hac\u00eda un abordaje multidimensional de la clase obrera<br \/>\n<\/strong><\/em>(Viernes de 15 a 17 hs)<br \/>\n8, 15, 22 y 29 de mayo<br \/>\n<a href=\"http:\/\/ffyh.unc.edu.ar\/historia\/wp-content\/uploads\/sites\/37\/2026\/04\/Prof.-Zeballos.pdf\" target=\"_blank\" rel=\"noopener\">Programa del curso<\/a><\/p>\n<p style=\"text-align: center\"><em><strong>El grabado en As\u00eda Oriental: las estampas ukiyo-e japonesas y el shin-hanga en la representaci\u00f3n de lo coreano<\/strong><\/em><br \/>\n(Mi\u00e9rcoles de 18 a 20 hs)<br \/>\n13, 20, 27 de mayo y 3 de junio<br \/>\n<a href=\"http:\/\/ffyh.unc.edu.ar\/historia\/wp-content\/uploads\/sites\/37\/2026\/04\/2026-MAYO-EXT-UNC-GRABADO-1.pdf\" target=\"_blank\" rel=\"noopener\">Programa del curso<\/a><\/p>\n<hr \/>\n<p style=\"text-align: center\"><strong>JUNIO<\/strong><\/p>\n<p style=\"text-align: center\"><em><strong>\u00bfLa Historia construye pasados? Diferentes paradigmas de estudio de la Antig\u00fcedad<\/strong><\/em><br \/>\n(Mi\u00e9rcoles de 16 a 18 hs)<br \/>\n3, 10, 17 y 24 de junio<br \/>\n<a href=\"http:\/\/ffyh.unc.edu.ar\/historia\/wp-content\/uploads\/sites\/37\/2026\/04\/Yomaha-y-equipo-Propuesta-curso-de-extension-2026.pdf\" target=\"_blank\" rel=\"noopener\">Programa del curso<\/a><\/p>\n<p style=\"text-align: center\"><strong><em>El cuerpo femenino en la Edad Media: belleza, salud y vida cotidiana en la Pen\u00ednsula Ib\u00e9rica bajomedieval (siglos XIII-XV)<\/em><\/strong><br \/>\n(Jueves de 18 a 20 hs)<br \/>\n4, 11, 18 y 25 de junio<br \/>\n<a href=\"http:\/\/ffyh.unc.edu.ar\/historia\/wp-content\/uploads\/sites\/37\/2026\/04\/Prof.-Garcia-Contrera.pdf\" target=\"_blank\" rel=\"noopener\">Programa del curso<\/a><\/p>\n<p style=\"text-align: center\"><em><strong>Nacer, crecer y morir junto al Nilo: una aproximaci\u00f3n a los estudios sobre la vida cotidiana en el Antiguo Egipto<\/strong><\/em><br \/>\n(Jueves de 16 a 18 hs)<br \/>\n4, 11, 18 y 25 de junio<br \/>\n<a href=\"http:\/\/ffyh.unc.edu.ar\/historia\/wp-content\/uploads\/sites\/37\/2026\/04\/Gervan-Hector-Propuesta-de-curso-de-extension.pdf\" target=\"_blank\" rel=\"noopener\">Programa del curso<\/a><\/p>\n<p style=\"text-align: center\"><em><strong>Una herencia para mil a\u00f1os. Del ocaso del reino de Goryeo al rey Sejong el Grande (y m\u00e1s all\u00e1)<\/strong><\/em><br \/>\n(Mi\u00e9rcoles de 18 a 20 hs)<br \/>\n10, 17, 24 de junio y 1 de julio<br \/>\n<a href=\"http:\/\/ffyh.unc.edu.ar\/historia\/wp-content\/uploads\/sites\/37\/2026\/04\/2026-JUNIO-EXT-UNC-Una-herencia-para-mil-anos-2-2.pdf\" target=\"_blank\" rel=\"noopener\">Programa del curso<\/a><\/p>\n<\/section>\n<section id=\"h.7c373a575dfe138b_0\" class=\"yaqOZd WxWicb\">\n<div class=\"IFuOkc\" style=\"text-align: center\">\n<hr \/>\n<section id=\"h.7c373a575dfe138b_0\" class=\"yaqOZd WxWicb\">\n<div class=\"IFuOkc\" style=\"text-align: center\">\n<div class=\"su-button-center\"><a href=\"https:\/\/forms.gle\/C8Gczc9JMp7yrzJP6\" class=\"su-button su-button-style-soft\" style=\"color:#454545;background-color:#ed8523;border-color:#be6b1c;border-radius:45px\" target=\"_blank\" rel=\"noopener noreferrer\"><span style=\"color:#454545;padding:7px 22px;font-size:17px;line-height:26px;border-color:#f3aa65;border-radius:45px;text-shadow:none\"><i class=\"sui sui-pencil\" style=\"font-size:17px;color:#454545\"><\/i> <strong>LINK a Formulario de inscripci\u00f3n a Cursos de Verano\/Oto\u00f1o 2026<\/strong><\/span><\/a><\/div>\n<section id=\"h.7c373a575dfe138b_0\" class=\"yaqOZd WxWicb\">\n<div class=\"IFuOkc\">\n<hr \/>\n<\/div>\n<\/section>\n<\/div>\n<\/section>\n<\/div>\n<\/section>\n<section id=\"h.7c373a575dfe138b_0\" class=\"yaqOZd WxWicb\">\n<div class=\"IFuOkc\" style=\"text-align: center\">\n<section id=\"h.7c373a575dfe138b_0\" class=\"yaqOZd WxWicb\">\n<div class=\"IFuOkc\" style=\"text-align: center\">\n<p><em>\u00bfQuer\u00e9s saber m\u00e1s de los cursos que se dictaron anteriormente?<br \/>\n<\/em><a href=\"https:\/\/ffyh.unc.edu.ar\/historia\/extension-historia\/historias-de-verano-otono-2022\/\" target=\"_blank\" rel=\"noopener\">Link a p\u00e1gina de Cursos Historias de Verano \/ Oto\u00f1o 2022<\/a><br \/>\n<a href=\"https:\/\/ffyh.unc.edu.ar\/historia\/extension-historia\/historias-de-invierno-primavera-2022\/\" target=\"_blank\" rel=\"noopener\">Link a p\u00e1gina de Cursos Historias de Invierno \/ Primavera 2022<\/a><br \/>\n<a href=\"https:\/\/ffyh.unc.edu.ar\/historia\/extension-historia\/historias-de-verano-otono-2023\/\" target=\"_blank\" rel=\"noopener\">Link a p\u00e1gina de Cursos Historias de Verano \/ Oto\u00f1o 2023<\/a><br \/>\n<a href=\"https:\/\/ffyh.unc.edu.ar\/historia\/cursos-historias-de-invierno-primavera-2023\/\" target=\"_blank\" rel=\"noopener\">Link a p\u00e1gina de Cursos Historias de Invierno \/ Primavera 2023<\/a><br \/>\n<a href=\"https:\/\/ffyh.unc.edu.ar\/historia\/extension-historia\/historias-de-verano-otono-2024\/\" target=\"_blank\" rel=\"noopener\">Link a p\u00e1gina de Cursos Historias de Verano \/ Oto\u00f1o 2024<\/a><br \/>\n<a href=\"https:\/\/ffyh.unc.edu.ar\/historia\/extension-historia\/historias-de-invierno-primavera-2024\/\" target=\"_blank\" rel=\"noopener\">Link a p\u00e1gina de Cursos Historias de Invierno \/ Primavera 2024<\/a><br \/>\n<a href=\"https:\/\/ffyh.unc.edu.ar\/historia\/extension-historia\/historias-de-verano-otono-2025\/\" target=\"_blank\" rel=\"noopener\">Link a p\u00e1gina de Cursos Historias de Verano \/ Oto\u00f1o 2025<\/a><br \/>\n<a href=\"https:\/\/ffyh.unc.edu.ar\/historia\/extension-historia\/historias-de-primavera-2025\/\" target=\"_blank\" rel=\"noopener\">Link a p\u00e1gina de Cursos Historias de Primavera 2025<\/a><\/p>\n<p><em>M\u00e1s informaci\u00f3n:<br \/>\n<\/em>Equipo coordinador de los cursos Historias de Verano &#8211; Oto\u00f1o<br \/>\n<a href=\"mailto:conhistoria@ffyh.unc.edu.ar\">conhistoria@ffyh.unc.edu.ar<\/a><\/p>\n<p>Secretar\u00eda T\u00e9cnica de la Escuela de Historia, FFyH, UNC<br \/>\n<a href=\"mailto:historia@ffyh.unc.edu.ar\" target=\"_blank\" rel=\"noopener\">historia@ffyh.unc.edu.ar<\/a><\/p>\n<p><em>\u00bfTe interesa conocer m\u00e1s acerca de la Escuela de Historia?<\/em><br \/>\nVisit\u00e1 nuestro <a href=\"https:\/\/ffyh.unc.edu.ar\/historia\/\" target=\"_blank\" rel=\"noopener\">sitio institucional ffyh.unc.edu.ar\/historia<\/a> y nuestra memoria fotogr\u00e1fica, <a href=\"https:\/\/ffyh.unc.edu.ar\/historia\/pixeles\/\" target=\"_blank\" rel=\"noopener\"><strong><em>Historia en pixeles<\/em><\/strong><\/a>.<\/p>\n<p><em>Canales de difusi\u00f3n:<\/em><br \/>\n<strong>Facebook<\/strong>: <a href=\"https:\/\/www.facebook.com\/historiaunc\/\" target=\"_blank\" rel=\"noreferrer noopener\">\/historiaunc<\/a><br \/>\n<strong>Instagram<\/strong>: <a href=\"https:\/\/www.instagram.com\/historiaunc\/\" target=\"_blank\" rel=\"noreferrer noopener\">\/historiaunc<\/a><br \/>\n<strong>Youtube<\/strong>: <a href=\"http:\/\/youtube.com\/historiaunc\" target=\"_blank\" rel=\"noreferrer noopener\" data-type=\"URL\" data-id=\"http:\/\/youtube.com\/historiaunc\">\/historiaunc<\/a><\/p>\n<\/div>\n<\/section>\n<\/div>\n<\/section>\n","protected":false},"excerpt":{"rendered":"<p>Historias de Verano \/ Historias de Oto\u00f1o 2026 Cursos de Historia para Adultos Mayores La Escuela de Historia y la Secretar\u00eda de Extensi\u00f3n de la Facultad de Filosof\u00eda y Humanidades proponen cursos de extensi\u00f3n sobre temas hist\u00f3ricos para adultos mayores, con el objeto de fomentar el di\u00e1logo de saberes y la divulgaci\u00f3n social del conocimiento&#8230; <\/p>\n<div class=\"link-more\"><a href=\"https:\/\/ffyh.unc.edu.ar\/historia\/extension-historia\/\">Lea m\u00e1s<\/a><\/div>\n","protected":false},"author":34,"featured_media":0,"parent":0,"menu_order":40,"comment_status":"closed","ping_status":"closed","template":"","meta":{"_acf_changed":false,"_monsterinsights_skip_tracking":false,"_monsterinsights_sitenote_active":false,"_monsterinsights_sitenote_note":"","_monsterinsights_sitenote_category":0,"footnotes":""},"class_list":["post-3485","page","type-page","status-publish","hentry"],"acf":[],"jetpack_sharing_enabled":true,"_links":{"self":[{"href":"https:\/\/ffyh.unc.edu.ar\/historia\/wp-json\/wp\/v2\/pages\/3485","targetHints":{"allow":["GET"]}}],"collection":[{"href":"https:\/\/ffyh.unc.edu.ar\/historia\/wp-json\/wp\/v2\/pages"}],"about":[{"href":"https:\/\/ffyh.unc.edu.ar\/historia\/wp-json\/wp\/v2\/types\/page"}],"author":[{"embeddable":true,"href":"https:\/\/ffyh.unc.edu.ar\/historia\/wp-json\/wp\/v2\/users\/34"}],"replies":[{"embeddable":true,"href":"https:\/\/ffyh.unc.edu.ar\/historia\/wp-json\/wp\/v2\/comments?post=3485"}],"version-history":[{"count":298,"href":"https:\/\/ffyh.unc.edu.ar\/historia\/wp-json\/wp\/v2\/pages\/3485\/revisions"}],"predecessor-version":[{"id":6911,"href":"https:\/\/ffyh.unc.edu.ar\/historia\/wp-json\/wp\/v2\/pages\/3485\/revisions\/6911"}],"wp:attachment":[{"href":"https:\/\/ffyh.unc.edu.ar\/historia\/wp-json\/wp\/v2\/media?parent=3485"}],"curies":[{"name":"wp","href":"https:\/\/api.w.org\/{rel}","templated":true}]}}