{"id":4089,"date":"2022-07-27T19:31:32","date_gmt":"2022-07-27T19:31:32","guid":{"rendered":"https:\/\/ffyh.unc.edu.ar\/historia\/?page_id=4089"},"modified":"2026-03-20T22:04:30","modified_gmt":"2026-03-20T22:04:30","slug":"nuestrxs-docentes","status":"publish","type":"page","link":"https:\/\/ffyh.unc.edu.ar\/historia\/nuestrxs-docentes\/","title":{"rendered":"Nuestrxs docentes"},"content":{"rendered":"<div class=\"su-table su-table-fixed\">\n<table style=\"width: 100%;height: 756px\">\n<tbody>\n<tr style=\"height: 10px\">\n<td style=\"width: 100%;height: 10px;text-align: center;background-color: #ffffff;border-style: dotted\" colspan=\"3\"><strong>C\u00e1tedras y materias<\/strong><\/td>\n<\/tr>\n<tr style=\"height: 45px\">\n<td style=\"width: 33%;text-align: center;background-color: #ffffff;border-style: dotted;height: 45px\"><span style=\"font-size: 12pt\"><strong>Nivel: Ciclo de Nivelaci\u00f3n<br \/>\n<\/strong><\/span><\/td>\n<td style=\"width: 67%;background-color: #ffffff;border-style: dotted;height: 45px;text-align: center\" colspan=\"2\"><a href=\"#NIVELACION\"><span style=\"font-size: 10pt\">Curso de Nivelaci\u00f3n<\/span><\/a><span style=\"font-size: 10pt\"><br \/>\n<\/span><\/td>\n<\/tr>\n<tr style=\"height: 10px\">\n<td style=\"width: 100%;background-color: #ffffff;border-style: dotted;height: 10px;text-align: center\" colspan=\"3\"><\/td>\n<\/tr>\n<tr style=\"height: 70px\">\n<td style=\"width: 33%;height: 70px;text-align: center;background-color: #ffffff;border-style: dotted\"><span style=\"font-size: 12pt\"><strong>1\u00b0<br \/>\n<\/strong><\/span><\/td>\n<td style=\"width: 33%;height: 70px;text-align: center;background-color: #ffffff;border-style: dotted\"><span style=\"font-size: 10pt\"><a href=\"#IPF\">Introd. a la Problem. Filos\u00f3fica<\/a><\/span><\/td>\n<td style=\"width: 34%;height: 70px;text-align: center;background-color: #ffffff;border-style: dotted\"><span style=\"font-size: 10pt\"><a href=\"#IntroHistoria\">Introducci\u00f3n a la Historia<\/a><\/span><\/td>\n<\/tr>\n<tr style=\"height: 45px\">\n<td style=\"width: 33%;height: 45px;text-align: center;background-color: #ffffff;border-style: dotted\"><span style=\"font-size: 10pt\"><a href=\"#PyA\">Prehistoria y Arqueolog\u00eda<\/a><\/span><\/td>\n<td style=\"width: 33%;height: 45px;text-align: center;background-color: #ffffff;border-style: dotted\"><span style=\"font-size: 10pt\"><a href=\"#HAntigua\">Historia Antigua General<\/a><\/span><\/td>\n<td style=\"width: 34%;height: 45px;text-align: center;background-color: #ffffff;border-style: dotted\"><span style=\"font-size: 10pt\"><a href=\"#Taller\">Taller de Aplicaci\u00f3n<\/a><\/span><\/td>\n<\/tr>\n<tr style=\"height: 10px\">\n<td style=\"width: 100%;height: 10px;text-align: center;background-color: #ffffff;border-style: dotted\" colspan=\"3\"><\/td>\n<\/tr>\n<tr style=\"height: 70px\">\n<td style=\"width: 33%;height: 70px;text-align: center;background-color: #ffffff;border-style: dotted\"><span style=\"font-size: 12pt\"><strong>2\u00b0<br \/>\n<\/strong><\/span><\/td>\n<td style=\"width: 33%;height: 70px;text-align: center;background-color: #ffffff;border-style: dotted\"><span style=\"font-size: 10pt\"><a href=\"#EdadMedia\">Historia de la Edad Media<\/a><\/span><\/td>\n<td style=\"width: 34%;height: 70px;text-align: center;background-color: #ffffff;border-style: dotted\"><span style=\"font-size: 10pt\"><a href=\"#ASyC\">Antropolog\u00eda Social y Cultural<\/a><\/span><\/td>\n<\/tr>\n<tr style=\"height: 45px\">\n<td style=\"width: 33%;text-align: center;height: 45px;background-color: #ffffff;border-style: dotted\"><span style=\"font-size: 10pt\"><a href=\"#Moderna\">Historia Moderna<\/a><\/span><\/td>\n<td style=\"width: 33%;text-align: center;height: 45px\"><span style=\"font-size: 10pt\"><a href=\"#HAmI\">Historia de Am\u00e9rica I<\/a><\/span><\/td>\n<td style=\"width: 34%;text-align: center;height: 45px\"><span style=\"font-size: 10pt\">Sociolog\u00eda<\/span><\/td>\n<\/tr>\n<tr style=\"height: 19px\">\n<td style=\"width: 100%;height: 10px;text-align: center;background-color: #ffffff;border-style: dotted\" colspan=\"3\"><\/td>\n<\/tr>\n<tr style=\"height: 70px\">\n<td style=\"width: 33%;height: 70px;text-align: center;background-color: #ffffff;border-style: dotted\"><span style=\"font-size: 12pt\"><strong>3\u00b0<br \/>\n<\/strong><\/span><\/td>\n<td style=\"width: 33%;height: 70px;text-align: center;background-color: #ffffff;border-style: dotted\"><span style=\"font-size: 10pt\"><a href=\"#Contemporanea\">Historia Contempor\u00e1nea<\/a><\/span><\/td>\n<td style=\"width: 34%;height: 70px;text-align: center;background-color: #ffffff;border-style: dotted\"><span style=\"font-size: 10pt\"><a href=\"#EcoPol\">Econom\u00eda Pol\u00edtica<\/a><\/span><\/td>\n<\/tr>\n<tr style=\"height: 70px\">\n<td style=\"width: 33%;height: 70px;text-align: center;background-color: #ffffff;border-style: dotted\"><span style=\"font-size: 10pt\"><a href=\"#HArgI\">Historia Argentina I<\/a><\/span><\/td>\n<td style=\"width: 33%;height: 70px;text-align: center;background-color: #ffffff;border-style: dotted\"><span style=\"font-size: 10pt\"><a href=\"#CAyA\">Historia Contemp. de Asia y \u00c1frica<\/a><\/span><\/td>\n<td style=\"width: 34%;height: 70px;text-align: center;background-color: #ffffff;border-style: dotted\"><span style=\"font-size: 10pt\"><a href=\"#GH\">Geograf\u00eda Humana<\/a><\/span><\/td>\n<\/tr>\n<tr style=\"height: 26px\">\n<td style=\"width: 100%;height: 10px;text-align: center;background-color: #ffffff;border-style: dotted\" colspan=\"3\"><\/td>\n<\/tr>\n<tr style=\"height: 46px\">\n<td style=\"width: 33%;text-align: center;height: 46px;background-color: #ffffff;border-style: dotted\"><span style=\"font-size: 12pt\"><strong>4\u00b0<br \/>\n<\/strong><\/span><\/td>\n<td style=\"width: 33%;text-align: center;height: 46px;background-color: #ffffff;border-style: dotted\"><span style=\"font-size: 10pt\"><a href=\"#HAmII\">Historia de Am\u00e9rica II<\/a><\/span><\/td>\n<td style=\"width: 34%;text-align: center;height: 46px;background-color: #ffffff;border-style: dotted\"><a href=\"#TP\"><span style=\"font-size: 10pt\">Teor\u00eda Pol\u00edtica<\/span><\/a><\/td>\n<\/tr>\n<tr style=\"height: 45px\">\n<td style=\"width: 33%;text-align: center;height: 45px;background-color: #ffffff;border-style: dotted\"><a href=\"#Metodo\"><span style=\"font-size: 10pt\">Metodolog\u00eda de la investigaci\u00f3n hist\u00f3rica<\/span><\/a><\/td>\n<td style=\"width: 33%;text-align: center;height: 45px;background-color: #ffffff;border-style: dotted\"><span style=\"font-size: 10pt\"><a href=\"#HArgII\">Historia Argentina II<\/a><\/span><\/td>\n<td style=\"width: 34%;text-align: center;height: 45px;background-color: #ffffff;border-style: dotted\"><span style=\"font-size: 10pt\"><a href=\"#DidEspecial\">Did\u00e1ctica Especial<\/a><\/span><\/td>\n<\/tr>\n<tr>\n<td style=\"width: 33%;text-align: center;background-color: #ffffff;border-style: dotted\"><span style=\"font-size: 10pt\">\u00a0<\/span><\/td>\n<td style=\"width: 33%;text-align: center;background-color: #ffffff;border-style: dotted\"><span style=\"font-size: 10pt\"><a href=\"#Episte\">Epistemolog\u00eda de las Ciencias Sociales<\/a><\/span><\/td>\n<td style=\"width: 34%;text-align: center;background-color: #ffffff;border-style: dotted\"><span style=\"font-size: 10pt\">\u00a0<\/span><\/td>\n<\/tr>\n<tr style=\"height: 19px\">\n<td style=\"width: 100%;height: 10px;text-align: center;background-color: #ffffff;border-style: dotted\" colspan=\"3\"><\/td>\n<\/tr>\n<tr style=\"height: 45px\">\n<td style=\"width: 33%;text-align: center;height: 45px;background-color: #ffffff;border-style: dotted\"><span style=\"font-size: 12pt\"><strong>5to<br \/>\n<\/strong><\/span><\/td>\n<td style=\"width: 33%;text-align: center;height: 45px;background-color: #ffffff;border-style: dotted\"><span style=\"font-size: 10pt\">Materia optativa: <a href=\"#Agraria\">Historia Agraria<\/a><\/span><\/td>\n<td style=\"width: 34%;text-align: center;height: 45px;background-color: #ffffff;border-style: dotted\"><span style=\"font-size: 10pt\">Materia optativa: <a href=\"#Cultura\">Historia de la Cultura<\/a><\/span><\/td>\n<\/tr>\n<tr style=\"height: 45px\">\n<td style=\"width: 33%;text-align: center;height: 45px;background-color: #ffffff;border-style: dotted\"><span style=\"font-size: 10pt\">Materia optativa: <a href=\"#Etno\">Etnohistoria Andina<\/a><\/span><\/td>\n<td style=\"width: 33%;text-align: center;height: 45px;background-color: #ffffff;border-style: dotted\"><span style=\"font-size: 10pt\">Materia Optativa: <a href=\"#Paleo\">Paleograf\u00eda y Diplom\u00e1tica<\/a><\/span><\/td>\n<td style=\"width: 34%;text-align: center;height: 45px;background-color: #ffffff;border-style: dotted\"><span style=\"font-size: 10pt\">Materia optativa: Demograf\u00eda Hist\u00f3rica<\/span><\/td>\n<\/tr>\n<tr style=\"height: 10px\">\n<td style=\"width: 100%;height: 10px;text-align: center;background-color: #ffffff;border-style: dotted\" colspan=\"3\"><\/td>\n<\/tr>\n<\/tbody>\n<\/table>\n<\/div>\n<p>&nbsp;<\/p>\n<table style=\"width: 100%;height: 2664px\">\n<tbody>\n<tr style=\"height: 5px\">\n<td style=\"width: 99.9533%;height: 10px;border-style: none;text-align: right\" colspan=\"2\"><span style=\"font-size: 10pt\"><a id=\"NIVELACION\"><\/a><a href=\"#top\">volver arriba<\/a><\/span><\/td>\n<\/tr>\n<tr style=\"height: 5px\">\n<td style=\"width: 0.933274%;height: 30px;border-color: #a3a3a3;border-style: none\" rowspan=\"5\"><span style=\"font-size: 10pt\"><b><strong>Curso de Nivelaci\u00f3n<\/strong><\/b><\/span><span style=\"font-size: 10pt\"><b><strong><br \/>\n<\/strong><\/b><\/span><\/td>\n<td style=\"width: 99.02%;height: 10px;border-color: #a3a3a3;border-style: none\"><a href=\"https:\/\/ffyh.unc.edu.ar\/historia\/nuestrxs-docentes\/leandro-inchauspe\/\" target=\"_blank\" rel=\"noopener\"><span style=\"font-size: 10pt\">Profesor Adjunto concursado &#8211; A cargo &#8211; <strong>Leandro INCHAUSPE<\/strong><\/span><\/a><\/td>\n<\/tr>\n<tr style=\"height: 5px\">\n<td style=\"width: 99.02%;height: 20px;border-color: #a3a3a3;border-style: none\"><a href=\"https:\/\/ffyh.unc.edu.ar\/historia\/nuestrxs-docentes\/diego-garcia\/\" target=\"_blank\" rel=\"noopener\"><span style=\"font-size: 10pt\">Profesor Asistente concursado &#8211; <strong>Diego GARC\u00cdA<\/strong><\/span><\/a><\/td>\n<\/tr>\n<tr>\n<td style=\"width: 99.02%;border-color: #a3a3a3;border-style: none\"><a href=\"https:\/\/ffyh.unc.edu.ar\/historia\/nuestrxs-docentes\/victoria-chabrando\/\" target=\"_blank\" rel=\"noopener\"><span style=\"font-size: 10pt\">Profesora Asistente interina &#8211;\u00a0<strong>Victoria CHABRANDO<\/strong><\/span><\/a><\/td>\n<\/tr>\n<tr>\n<td style=\"width: 99.02%;border-color: #a3a3a3;border-style: none\"><a href=\"https:\/\/ffyh.unc.edu.ar\/historia\/nuestrxs-docentes\/enrique-de-goycoechea\/\" target=\"_blank\" rel=\"noopener\"><span style=\"font-size: 10pt\">Profesor Asistente interino &#8211; <strong>Enrique DE GOYCOECHEA<\/strong><\/span><\/a><\/td>\n<\/tr>\n<tr>\n<td style=\"width: 99.02%;border-color: #a3a3a3;border-style: none\"><a href=\"https:\/\/ffyh.unc.edu.ar\/historia\/nuestrxs-docentes\/rocio-gonzalez-amaya\/\" target=\"_blank\" rel=\"noopener\"><span style=\"font-size: 10pt\">Profesora Asistente interina &#8211;\u00a0<strong>Roc\u00edo GONZ\u00c1LEZ AMAYA<\/strong><\/span><\/a><\/td>\n<\/tr>\n<tr style=\"height: 5px\">\n<td style=\"width: 99.9533%;height: 10px;border-style: none;text-align: right\" colspan=\"2\"><span style=\"font-size: 10pt\"><a id=\"IPF\"><\/a><a href=\"#top\">volver arriba<\/a><\/span><\/td>\n<\/tr>\n<tr style=\"height: 5px\">\n<td style=\"width: 0.933274%;height: 70px;border-color: #a3a3a3;border-style: none\" rowspan=\"4\"><span style=\"font-size: 10pt\"><b><strong>Introducci\u00f3n a la Problem\u00e1tica Filos\u00f3fica<\/strong><\/b><\/span><\/td>\n<td style=\"width: 99.02%;height: 10px;border-color: #a3a3a3;border-style: none\"><span style=\"font-size: 10pt\"><a href=\"https:\/\/ffyh.unc.edu.ar\/historia\/nuestrxs-docentes\/rufinetti\/\" target=\"_blank\" rel=\"noopener\">Profesor Adjunto concursado &#8211; A cargo &#8211; <strong>Edgar Jos\u00e9 RUFINETTI<\/strong><\/a><\/span><\/td>\n<\/tr>\n<tr style=\"height: 5px\">\n<td style=\"width: 99.02%;height: 20px;border-color: #a3a3a3;border-style: none\"><a href=\"https:\/\/ffyh.unc.edu.ar\/historia\/nuestrxs-docentes\/monge\/\" target=\"_blank\" rel=\"noopener\"><span style=\"font-size: 10pt\">Profesora Adjunta concursada &#8211; <strong>Julia MONGE<\/strong><\/span><\/a><\/td>\n<\/tr>\n<tr style=\"height: 5px\">\n<td style=\"width: 99.02%;height: 20px;border-color: #a3a3a3;border-style: none\"><a href=\"https:\/\/ffyh.unc.edu.ar\/historia\/nuestrxs-docentes\/favaccio\/\" target=\"_blank\" rel=\"noopener\"><span style=\"font-size: 10pt\">Profesora Asistente interina &#8211; <strong>Carolina A. FAVACCIO<\/strong><\/span><\/a><\/td>\n<\/tr>\n<tr style=\"height: 5px\">\n<td style=\"width: 99.02%;height: 20px;border-color: #a3a3a3;border-style: none\"><a href=\"https:\/\/ffyh.unc.edu.ar\/historia\/nuestrxs-docentes\/moretti\/\" target=\"_blank\" rel=\"noopener\"><span style=\"font-size: 10pt\">Profesora Asistente <\/span><span style=\"font-size: 10pt\">concursada &#8211; <strong>Ianina MORETTI BASSO<\/strong><\/span><\/a><\/td>\n<\/tr>\n<tr style=\"height: 5px\">\n<td style=\"width: 99.9533%;height: 10px;border-style: none;text-align: right\" colspan=\"2\"><a id=\"IntroHistoria\"><\/a><span style=\"font-size: 10pt\"><a href=\"#top\">volver arriba<\/a><\/span><\/td>\n<\/tr>\n<tr style=\"height: 5px\">\n<td style=\"width: 0.933274%;height: 100px;border-style: none\" rowspan=\"5\"><span style=\"font-size: 10pt\"><strong>Introducci\u00f3n a la Historia<\/strong><\/span><\/td>\n<td style=\"width: 99.02%;height: 20px;border-style: none\"><a href=\"https:\/\/ffyh.unc.edu.ar\/historia\/nuestrxs-docentes\/philp\/\" target=\"_blank\" rel=\"noopener\"><span style=\"font-size: 10pt\">Profesora Titular concursada &#8211; <strong>Mar\u00eda Marta PHILP<\/strong><\/span><\/a><\/td>\n<\/tr>\n<tr style=\"height: 5px\">\n<td style=\"width: 99.02%;height: 20px;border-style: none\"><a href=\"https:\/\/ffyh.unc.edu.ar\/historia\/nuestrxs-docentes\/ortiz\/\" target=\"_blank\" rel=\"noopener\"><span style=\"font-size: 10pt\">Profesora Adjunta concursada &#8211; <strong>Mar\u00eda Laura ORTIZ<\/strong><\/span><\/a><\/td>\n<\/tr>\n<tr style=\"height: 5px\">\n<td style=\"width: 99.02%;height: 20px;border-style: none\"><a href=\"https:\/\/ffyh.unc.edu.ar\/historia\/nuestrxs-docentes\/gay\/\" target=\"_blank\" rel=\"noopener\"><span style=\"font-size: 10pt\">Profesora Asistente concursada &#8211; <strong>Mar\u00eda Eugenia GAY<\/strong><\/span><\/a><\/td>\n<\/tr>\n<tr style=\"height: 5px\">\n<td style=\"width: 99.02%;height: 20px;border-style: none\"><a href=\"https:\/\/ffyh.unc.edu.ar\/historia\/nuestrxs-docentes\/gonzalez\/\" target=\"_blank\" rel=\"noopener\"><span style=\"font-size: 10pt\">Profesora Asistente concursada &#8211; <strong>Alejandra Soledad GONZ\u00c1LEZ<\/strong><\/span><\/a><\/td>\n<\/tr>\n<tr style=\"height: 5px\">\n<td style=\"width: 99.02%;height: 20px;border-style: none\"><a href=\"https:\/\/ffyh.unc.edu.ar\/historia\/nuestrxs-docentes\/reynaberrotaran\/\" target=\"_blank\" rel=\"noopener\"><span style=\"font-size: 10pt\">Profesora Asistente concursada &#8211; <strong>Denise REYNA BERROTAR\u00c1N<\/strong><\/span><\/a><\/td>\n<\/tr>\n<tr style=\"height: 5px\">\n<td style=\"width: 99.9533%;height: 10px;border-style: none;text-align: right\" colspan=\"2\"><a id=\"PyA\"><\/a><span style=\"font-size: 10pt\"><a href=\"#top\">volver arriba<\/a><\/span><\/td>\n<\/tr>\n<tr style=\"height: 5px\">\n<td style=\"width: 0.933274%;height: 100px;border-style: none\" rowspan=\"5\"><span style=\"font-size: 10pt\"><strong>Prehistoria y Arqueolog\u00eda<\/strong><\/span><\/td>\n<td style=\"width: 99.02%;height: 20px;border-style: none\"><a href=\"https:\/\/ffyh.unc.edu.ar\/historia\/nuestrxs-docentes\/salazar\/\" target=\"_blank\" rel=\"noopener\"><span style=\"font-size: 10pt\">Profesor Titular concursado &#8211; <\/span><strong><span style=\"font-size: 10pt\">Juli\u00e1n SALAZAR<\/span><\/strong><\/a><\/td>\n<\/tr>\n<tr style=\"height: 5px\">\n<td style=\"width: 99.02%;height: 20px;border-style: none\"><span style=\"font-size: 10pt\"><a href=\"https:\/\/ffyh.unc.edu.ar\/historia\/nuestrxs-docentes\/rivero\/\" target=\"_blank\" rel=\"noopener\">Profesor Adjunto concursado &#8211;<\/a><strong><a href=\"https:\/\/ffyh.unc.edu.ar\/historia\/nuestrxs-docentes\/rivero\/\" target=\"_blank\" rel=\"noopener\"> Diego Eduardo RIVERO<\/a><\/strong><\/span><\/td>\n<\/tr>\n<tr style=\"height: 5px\">\n<td style=\"width: 99.02%;height: 20px;border-style: none\"><a href=\"https:\/\/ffyh.unc.edu.ar\/historia\/nuestrxs-docentes\/franco\/\" target=\"_blank\" rel=\"noopener\"><span style=\"font-size: 10pt\">Profesora Asistente concursada &#8211; <strong>Valeria L. FRANCO SALVI<\/strong><\/span><\/a><\/td>\n<\/tr>\n<tr style=\"height: 5px\">\n<td style=\"width: 99.02%;height: 20px;border-style: none\"><a href=\"https:\/\/ffyh.unc.edu.ar\/historia\/nuestrxs-docentes\/recalde\/\" target=\"_blank\" rel=\"noopener\"><span style=\"font-size: 10pt\">Profesora Asistente concursada- <strong>Mar\u00eda Andrea RECALDE<\/strong><\/span><\/a><\/td>\n<\/tr>\n<tr style=\"height: 5px\">\n<td style=\"width: 99.02%;height: 20px;border-style: none\"><a href=\"https:\/\/ffyh.unc.edu.ar\/historia\/nuestrxs-docentes\/molar\/\" target=\"_blank\" rel=\"noopener\"><span style=\"font-size: 10pt\">Profesora Asistente interina &#8211; <strong>Roc\u00edo Mar\u00eda MOLAR<\/strong><\/span><\/a><\/td>\n<\/tr>\n<tr style=\"height: 5px\">\n<td style=\"width: 99.9533%;height: 10px;border-style: none;text-align: right\" colspan=\"2\"><a id=\"HAntigua\"><\/a><span style=\"font-size: 10pt\"><a href=\"#top\">volver arriba<\/a><\/span><\/td>\n<\/tr>\n<tr style=\"height: 5px\">\n<td style=\"width: 0.933274%;height: 164px;border-style: none\" rowspan=\"7\"><span style=\"font-size: 10pt\"><strong>Historia Antigua General<\/strong><\/span><\/td>\n<td style=\"width: 99.02%;height: 20px;border-style: none\"><span style=\"font-size: 10pt\">Profesora Titular concursada- <strong>Cecilia AMES<\/strong><\/span><\/td>\n<\/tr>\n<tr style=\"height: 44px\">\n<td style=\"width: 99.02%;border-style: none;height: 44px\"><span style=\"font-size: 10pt\"><a href=\"https:\/\/ffyh.unc.edu.ar\/historia\/nuestrxs-docentes\/seri\/\" target=\"_blank\" rel=\"noopener\">Profesora Adjunta concursada &#8211; <strong>Andrea del Rosario SERI<\/strong><\/a><br \/>\n<\/span><\/td>\n<\/tr>\n<tr style=\"height: 5px\">\n<td style=\"width: 99.02%;height: 20px;border-style: none\"><a href=\"https:\/\/ffyh.unc.edu.ar\/historia\/nuestrxs-docentes\/morenoleoni\/\" target=\"_blank\" rel=\"noopener\"><span style=\"font-size: 10pt\">Profesor Asistente concursado &#8211; <strong>\u00c1lvaro M. MORENO LEONI<\/strong><\/span><\/a><\/td>\n<\/tr>\n<tr style=\"height: 5px\">\n<td style=\"width: 99.02%;height: 20px;border-style: none\"><a href=\"https:\/\/ffyh.unc.edu.ar\/historia\/nuestrxs-docentes\/sanchez\/\" target=\"_blank\" rel=\"noopener\"><span style=\"font-size: 10pt\">Profesor Asistente concursado &#8211; <strong>Dar\u00edo N\u00e9stor S\u00c1NCHEZ<\/strong><\/span><\/a><\/td>\n<\/tr>\n<tr style=\"height: 5px\">\n<td style=\"width: 99.02%;height: 20px;border-style: none\"><a href=\"https:\/\/ffyh.unc.edu.ar\/historia\/nuestrxs-docentes\/moreno\/\" target=\"_blank\" rel=\"noopener\"><span style=\"font-size: 10pt\">Profesor Asistente concursado &#8211; <strong>Agust\u00edn MORENO<\/strong><\/span><\/a><\/td>\n<\/tr>\n<tr style=\"height: 5px\">\n<td style=\"width: 99.02%;height: 20px;border-style: none\"><a href=\"https:\/\/ffyh.unc.edu.ar\/historia\/nuestrxs-docentes\/yomaha\/\" target=\"_blank\" rel=\"noopener\"><span style=\"font-size: 10pt\">Profesora Asistente concursada &#8211; <strong>Silvana YOMAHA<\/strong><\/span><\/a><\/td>\n<\/tr>\n<tr style=\"height: 5px\">\n<td style=\"width: 99.02%;height: 20px;border-style: none\"><span style=\"font-size: 10pt\">\u00a0<\/span><\/td>\n<\/tr>\n<tr style=\"height: 5px\">\n<td style=\"width: 99.9533%;height: 10px;border-style: none;text-align: right\" colspan=\"2\"><a id=\"Taller\"><\/a><span style=\"font-size: 10pt\"><a href=\"#top\">volver arriba<\/a><\/span><\/td>\n<\/tr>\n<tr style=\"height: 5px\">\n<td style=\"width: 0.933274%;height: 120px;border-style: none\" rowspan=\"6\"><span style=\"font-size: 10pt\"><strong>Taller de Aplicaci\u00f3n<\/strong><\/span><\/td>\n<td style=\"width: 99.02%;height: 20px;border-style: none\"><a href=\"https:\/\/ffyh.unc.edu.ar\/historia\/nuestrxs-docentes\/buffa\/\" target=\"_blank\" rel=\"noopener\"><span style=\"font-size: 10pt\">Profesor Adjunto interino &#8211; A cargo &#8211; <strong>Diego BUFFA<\/strong><\/span><\/a><\/td>\n<\/tr>\n<tr style=\"height: 5px\">\n<td style=\"width: 99.02%;height: 20px;border-style: none\"><span style=\"font-size: 10pt\"><a href=\"https:\/\/ffyh.unc.edu.ar\/historia\/nuestrxs-docentes\/rodriguezml\/\" target=\"_blank\" rel=\"noopener\">Profesora Adjunta interina &#8211;<strong> Mar\u00eda Laura RODR\u00cdGUEZ<\/strong><\/a><br \/>\n<\/span><\/td>\n<\/tr>\n<tr style=\"height: 5px\">\n<td style=\"width: 99.02%;height: 20px;border-style: none\"><a href=\"https:\/\/ffyh.unc.edu.ar\/historia\/nuestrxs-docentes\/ortiz\/\" target=\"_blank\" rel=\"noopener\"><span style=\"font-size: 10pt\">Profesora Asistente interina &#8211; <strong>Mar\u00eda Laura ORTIZ<\/strong><\/span><\/a><\/td>\n<\/tr>\n<tr style=\"height: 5px\">\n<td style=\"width: 99.02%;height: 20px;border-style: none\"><span style=\"font-size: 10pt\"><a href=\"https:\/\/ffyh.unc.edu.ar\/historia\/nuestrxs-docentes\/riveromd\/\" target=\"_blank\" rel=\"noopener\">Profesora Asistente interina &#8211; Mar\u00eda Dolores RIVERO<\/a><br \/>\n<\/span><\/td>\n<\/tr>\n<tr style=\"height: 5px\">\n<td style=\"width: 99.02%;height: 20px;border-style: none\"><a href=\"https:\/\/ffyh.unc.edu.ar\/historia\/nuestrxs-docentes\/reyna\/\" target=\"_blank\" rel=\"noopener\"><span style=\"font-size: 10pt\">Profesor Asistente concursado &#8211; <strong>Franco Damian REYNA<\/strong><\/span><\/a><\/td>\n<\/tr>\n<tr style=\"height: 5px\">\n<td style=\"width: 99.02%;height: 20px;border-style: none\"><span style=\"font-size: 10pt\">Profesor Asistente interino- <strong>Nicol\u00e1s MORETTI<\/strong><\/span><\/td>\n<\/tr>\n<tr style=\"height: 5px\">\n<td style=\"width: 99.9533%;height: 10px;border-style: none;text-align: right\" colspan=\"2\"><a id=\"EdadMedia\"><\/a><span style=\"font-size: 10pt\"><a href=\"#top\">volver arriba<\/a><\/span><\/td>\n<\/tr>\n<tr style=\"height: 5px\">\n<td style=\"width: 0.933274%;height: 144px;border-style: none\" rowspan=\"6\"><span style=\"font-size: 10pt\"><strong>Historia de la Edad Media<\/strong><\/span><\/td>\n<td style=\"width: 99.02%;height: 20px;border-style: none\"><a href=\"https:\/\/ffyh.unc.edu.ar\/historia\/nuestrxs-docentes\/guiance\/\" target=\"_blank\" rel=\"noopener\"><span style=\"font-size: 10pt\">Profesor Titular concursado &#8211; <strong>Ariel GUIANCE<\/strong><\/span><\/a><\/td>\n<\/tr>\n<tr style=\"height: 5px\">\n<td style=\"width: 99.02%;height: 20px;border-style: none\"><a href=\"https:\/\/ffyh.unc.edu.ar\/historia\/nuestrxs-docentes\/morin\/\" target=\"_blank\" rel=\"noopener\"><span style=\"font-size: 10pt\">Profesor Adjunto concursado (licencia)- <strong>Alejandro MORIN<\/strong><\/span><\/a><\/td>\n<\/tr>\n<tr style=\"height: 5px\">\n<td style=\"width: 99.02%;height: 20px;border-style: none\"><a href=\"https:\/\/ffyh.unc.edu.ar\/historia\/nuestrxs-docentes\/garofalo\/\" target=\"_blank\" rel=\"noopener\"><span style=\"font-size: 10pt\">Profesor Adjunto interino &#8211; <strong>Hern\u00e1n GAROFALO<\/strong><\/span><\/a><\/td>\n<\/tr>\n<tr style=\"height: 5px\">\n<td style=\"width: 99.02%;height: 20px;border-style: none\"><a href=\"https:\/\/ffyh.unc.edu.ar\/historia\/nuestrxs-docentes\/giordano\/\" target=\"_blank\" rel=\"noopener\"><span style=\"font-size: 10pt\">Profesor Asistente concursado &#8211; <strong>Gustavo E. GIORDANO<\/strong><\/span><\/a><\/td>\n<\/tr>\n<tr style=\"height: 44px\">\n<td style=\"width: 99.02%;border-style: none;height: 44px\"><span style=\"font-size: 10pt\"><a href=\"https:\/\/ffyh.unc.edu.ar\/historia\/nuestrxs-docentes\/quiroga\/\" target=\"_blank\" rel=\"noopener\">Profesora Asistente concursada &#8211; <strong>Laura Cecilia QUIROGA<\/strong><\/a><\/span><\/td>\n<\/tr>\n<tr style=\"height: 5px\">\n<td style=\"width: 99.02%;height: 20px;border-style: none\"><span style=\"font-size: 10pt\">Profesora Asistente interina &#8211; <strong>B\u00e1rbara GARC\u00cdA CONTRERA<br \/>\n<\/strong><\/span><\/td>\n<\/tr>\n<tr style=\"height: 5px\">\n<td style=\"width: 99.9533%;height: 10px;border-style: none;text-align: right\" colspan=\"2\"><a id=\"Moderna\"><\/a><span style=\"font-size: 10pt\"><a href=\"#top\">volver arriba<\/a><\/span><\/td>\n<\/tr>\n<tr style=\"height: 5px\">\n<td style=\"width: 0.933274%;height: 100px;border-style: none\" rowspan=\"5\"><span style=\"font-size: 10pt\"><strong>Historia Moderna<\/strong><\/span><\/td>\n<td style=\"width: 99.02%;height: 20px;border-style: none\"><span style=\"font-size: 10pt\">Profesor Titular &#8211; <\/span><\/td>\n<\/tr>\n<tr style=\"height: 5px\">\n<td style=\"width: 99.02%;height: 20px;border-style: none\"><a href=\"https:\/\/ffyh.unc.edu.ar\/historia\/nuestrxs-docentes\/ramos\/\" target=\"_blank\" rel=\"noopener\"><span style=\"font-size: 10pt\">Profesora Adjunta interina &#8211; <strong>Mar\u00eda Virginia RAMOS<\/strong><\/span><\/a><\/td>\n<\/tr>\n<tr style=\"height: 5px\">\n<td style=\"width: 99.02%;height: 20px;border-style: none\"><span style=\"font-size: 10pt\"><a href=\"https:\/\/ffyh.unc.edu.ar\/historia\/marquez\/\" target=\"_blank\" rel=\"noopener\">Profesora Asistente concursada &#8211; <strong>Mar\u00eda Victoria M\u00c1RQUEZ<\/strong><\/a><br \/>\n<\/span><\/td>\n<\/tr>\n<tr style=\"height: 5px\">\n<td style=\"width: 99.02%;height: 20px;border-style: none\"><a href=\"https:\/\/ffyh.unc.edu.ar\/historia\/nuestrxs-docentes\/gutierrez\/\" target=\"_blank\" rel=\"noopener\"><span style=\"font-size: 10pt\">Profesora Asistente concursada &#8211; <strong>Clara Daniela GUTI\u00c9RREZ<\/strong><\/span><\/a><\/td>\n<\/tr>\n<tr style=\"height: 5px\">\n<td style=\"width: 99.02%;height: 20px;border-style: none\"><a href=\"https:\/\/ffyh.unc.edu.ar\/historia\/nuestrxs-docentes\/moyanomp\/\" target=\"_blank\" rel=\"noopener\"><span style=\"font-size: 10pt\">Profesora Asistente interina &#8211; <strong>Mar\u00eda de la Paz MOYANO<\/strong><\/span><\/a><\/td>\n<\/tr>\n<tr style=\"height: 5px\">\n<td style=\"width: 99.9533%;height: 10px;border-style: none;text-align: right\" colspan=\"2\"><a id=\"HAmI\"><\/a><span style=\"font-size: 10pt\"><a href=\"#top\">volver arriba<\/a><\/span><\/td>\n<\/tr>\n<tr style=\"height: 5px\">\n<td style=\"width: 0.933274%;height: 120px;border-style: none\" rowspan=\"6\"><span style=\"font-size: 10pt\"><strong>Historia de Am\u00e9rica I<\/strong><\/span><\/td>\n<td style=\"width: 99.02%;height: 20px;border-style: none\"><a href=\"https:\/\/ffyh.unc.edu.ar\/historia\/nuestrxs-docentes\/tell\/\" target=\"_blank\" rel=\"noopener\"><span style=\"font-size: 10pt\">Profesora Titular concursada &#8211; <strong>Sonia TELL<\/strong><\/span><\/a><\/td>\n<\/tr>\n<tr style=\"height: 5px\">\n<td style=\"width: 99.02%;height: 20px;border-style: none\"><a href=\"https:\/\/ffyh.unc.edu.ar\/historia\/nuestrxs-docentes\/castro\/\" target=\"_blank\" rel=\"noopener\"><span style=\"font-size: 10pt\">Profesora Adjunta concursada &#8211; <strong>Isabel CASTRO OLA\u00d1ETA<\/strong><\/span><\/a><\/td>\n<\/tr>\n<tr style=\"height: 5px\">\n<td style=\"width: 99.02%;height: 20px;border-style: none\"><a href=\"https:\/\/ffyh.unc.edu.ar\/historia\/nuestrxs-docentes\/carmignani\/\" target=\"_blank\" rel=\"noopener\"><span style=\"font-size: 10pt\">Profesora Adjunta concursada &#8211; <strong>Leticia D. CARMIGNANI<\/strong><\/span><\/a><\/td>\n<\/tr>\n<tr style=\"height: 5px\">\n<td style=\"width: 99.02%;height: 20px;border-style: none\"><a href=\"https:\/\/ffyh.unc.edu.ar\/historia\/nuestrxs-docentes\/borrastero\/\" target=\"_blank\" rel=\"noopener\"><span style=\"font-size: 10pt\">Profesor Asistente concursado &#8211; <strong>Lucas BORRASTERO<\/strong><\/span><\/a><\/td>\n<\/tr>\n<tr style=\"height: 5px\">\n<td style=\"width: 99.02%;height: 20px;border-style: none\"><a href=\"https:\/\/ffyh.unc.edu.ar\/historia\/nuestrxs-docentes\/glatstein\/\" target=\"_blank\" rel=\"noopener\"><span style=\"font-size: 10pt\">Profesora Asistente concursada &#8211; <strong>Lucia GLATSTEIN<\/strong><\/span><\/a><\/td>\n<\/tr>\n<tr style=\"height: 5px\">\n<td style=\"width: 99.02%;height: 20px;border-style: none\"><a href=\"https:\/\/ffyh.unc.edu.ar\/historia\/nuestrxs-docentes\/zelada\/\" target=\"_blank\" rel=\"noopener\"><span style=\"font-size: 10pt\">Profesora Asistente interina &#8211; <strong>Virginia N. ZELADA<\/strong><\/span><\/a><\/td>\n<\/tr>\n<tr style=\"height: 5px\">\n<td style=\"width: 99.9533%;height: 10px;border-style: none;text-align: right\" colspan=\"2\"><a id=\"Contemporanea\"><\/a><span style=\"font-size: 10pt\"><a href=\"#top\">volver arriba<\/a><\/span><\/td>\n<\/tr>\n<tr style=\"height: 5px\">\n<td style=\"width: 0.933274%;height: 80px;border-style: none\" rowspan=\"4\"><span style=\"font-size: 10pt\"><strong>Historia Contempor\u00e1nea<\/strong><\/span><\/td>\n<td style=\"width: 99.02%;height: 20px;border-style: none\"><a href=\"https:\/\/ffyh.unc.edu.ar\/historia\/nuestrxs-docentes\/gaido\/\" target=\"_blank\" rel=\"noopener\"><span style=\"font-size: 10pt\">Profesor Titular concursado &#8211; <strong>Daniel Fernando GAIDO<\/strong><\/span><\/a><\/td>\n<\/tr>\n<tr style=\"height: 5px\">\n<td style=\"width: 99.02%;height: 20px;border-style: none\"><a href=\"https:\/\/ffyh.unc.edu.ar\/historia\/nuestrxs-docentes\/mignon\/\" target=\"_blank\" rel=\"noopener\"><span style=\"font-size: 10pt\">Profesor Adjunto interino &#8211; <strong>Carlos Gonzalo MIGNON<\/strong><\/span><\/a><\/td>\n<\/tr>\n<tr style=\"height: 5px\">\n<td style=\"width: 99.02%;height: 20px;border-style: none\"><a href=\"https:\/\/ffyh.unc.edu.ar\/historia\/nuestrxs-docentes\/luparello\/\" target=\"_blank\" rel=\"noopener\"><span style=\"font-size: 10pt\">Profesora Asistente interina &#8211; <strong>Velia LUPARELLO<\/strong><\/span><\/a><\/td>\n<\/tr>\n<tr style=\"height: 5px\">\n<td style=\"width: 99.02%;height: 20px;border-style: none\"><a href=\"https:\/\/ffyh.unc.edu.ar\/historia\/nuestrxs-docentes\/santarrosa\/\" target=\"_blank\" rel=\"noopener\"><span style=\"font-size: 10pt\">Profesor Asistente concursado &#8211; <strong>Jorge SANTARROSA<\/strong><\/span><\/a><\/td>\n<\/tr>\n<tr style=\"height: 5px\">\n<td style=\"width: 99.9533%;height: 10px;border-style: none;text-align: right\" colspan=\"2\"><a id=\"HArgI\"><\/a><span style=\"font-size: 10pt\"><a href=\"#top\">volver arriba<\/a><\/span><\/td>\n<\/tr>\n<tr style=\"height: 5px\">\n<td style=\"width: 0.933274%;height: 100px;border-style: none\" rowspan=\"5\"><span style=\"font-size: 10pt\"><strong>Historia Argentina I<\/strong><\/span><\/td>\n<td style=\"width: 99.02%;height: 20px;border-style: none\"><a href=\"https:\/\/ffyh.unc.edu.ar\/historia\/nuestrxs-docentes\/aguero\/\" target=\"_blank\" rel=\"noopener\"><span style=\"font-size: 10pt\">Profesora Titular concursada &#8211; <strong>Ana Clarisa AG\u00dcERO<\/strong><\/span><\/a><\/td>\n<\/tr>\n<tr style=\"height: 5px\">\n<td style=\"width: 99.02%;height: 20px;border-style: none\"><a href=\"https:\/\/ffyh.unc.edu.ar\/historia\/nuestrxs-docentes\/chaves\/\" target=\"_blank\" rel=\"noopener\"><span style=\"font-size: 10pt\">Profesora Adjunta concursada &#8211; <strong>Liliana Beatriz CHAVES<\/strong><\/span><\/a><\/td>\n<\/tr>\n<tr style=\"height: 5px\">\n<td style=\"width: 99.02%;height: 20px;border-style: none\"><a href=\"https:\/\/ffyh.unc.edu.ar\/historia\/nuestrxs-docentes\/blancoj\/\" target=\"_blank\" rel=\"noopener\"><span style=\"font-size: 10pt\">Profesora Asistente concursada &#8211; <strong>Jessica Estela BLANCO<\/strong><\/span><\/a><\/td>\n<\/tr>\n<tr style=\"height: 5px\">\n<td style=\"width: 99.02%;height: 20px;border-style: none\"><a href=\"https:\/\/ffyh.unc.edu.ar\/historia\/nuestrxs-docentes\/dain\/\" target=\"_blank\" rel=\"noopener\"><span style=\"font-size: 10pt\">Profesora Asistente concursada &#8211; <strong>Mariana R. DAIN<\/strong><\/span><\/a><\/td>\n<\/tr>\n<tr style=\"height: 5px\">\n<td style=\"width: 99.02%;height: 20px;border-style: none\"><a href=\"https:\/\/ffyh.unc.edu.ar\/historia\/nuestrxs-docentes\/favaccio\/\" target=\"_blank\" rel=\"noopener\"><span style=\"font-size: 10pt\">Profesora Asistente concursado &#8211; <strong>Carolina A. FAVACCIO<\/strong><\/span><\/a><\/td>\n<\/tr>\n<tr style=\"height: 5px\">\n<td style=\"width: 99.9533%;height: 10px;border-style: none;text-align: right\" colspan=\"2\"><a id=\"HAmII\"><\/a><span style=\"font-size: 10pt\"><a href=\"#top\">volver arriba<\/a><\/span><\/td>\n<\/tr>\n<tr style=\"height: 5px\">\n<td style=\"width: 0.933274%;height: 100px;border-style: none\" rowspan=\"5\"><span style=\"font-size: 10pt\"><strong>Historia de Am\u00e9rica II<\/strong><\/span><\/td>\n<td style=\"width: 99.02%;height: 20px;border-style: none\"><a href=\"https:\/\/ffyh.unc.edu.ar\/historia\/nuestrxs-docentes\/moyanoj\/\" target=\"_blank\" rel=\"noopener\"><span style=\"font-size: 10pt\">Profesor Titular interino &#8211; <strong>Javier Eduardo MOYANO<\/strong><\/span><\/a><\/td>\n<\/tr>\n<tr style=\"height: 5px\">\n<td style=\"width: 99.02%;height: 20px;border-style: none\"><a href=\"https:\/\/ffyh.unc.edu.ar\/historia\/nuestrxs-docentes\/magliano\/\" target=\"_blank\" rel=\"noopener\"><span style=\"font-size: 10pt\">Profesora Adjunta concursada &#8211; <strong>Mar\u00eda Jos\u00e9 MAGLIANO<\/strong><\/span><\/a><\/td>\n<\/tr>\n<tr style=\"height: 5px\">\n<td style=\"width: 99.02%;height: 20px;border-style: none\"><a href=\"https:\/\/ffyh.unc.edu.ar\/historia\/nuestrxs-docentes\/iparraguirre\/\" target=\"_blank\" rel=\"noopener\"><span style=\"font-size: 10pt\">Profesor Asistente concursado- <strong>Pablo IPARRAGUIRRE<\/strong><\/span><\/a><\/td>\n<\/tr>\n<tr style=\"height: 5px\">\n<td style=\"width: 99.02%;height: 20px;border-style: none\"><span style=\"font-size: 10pt\"><a href=\"https:\/\/ffyh.unc.edu.ar\/historia\/nuestrxs-docentes\/naranjo\/\" target=\"_blank\" rel=\"noopener\">Profesora Asistente concursada- <strong>Isabel NARANJO NORE\u00d1A<\/strong><\/a><br \/>\n<\/span><\/td>\n<\/tr>\n<tr style=\"height: 5px\">\n<td style=\"width: 99.02%;height: 20px;border-style: none\"><span style=\"font-size: 10pt\"><a href=\"https:\/\/ffyh.unc.edu.ar\/historia\/nuestrxs-docentes\/almada\/\" target=\"_blank\" rel=\"noopener\">Profesora Asistente concursada- <strong>Julieta ALMADA<\/strong><\/a><br \/>\n<\/span><\/td>\n<\/tr>\n<tr style=\"height: 5px\">\n<td style=\"width: 99.9533%;height: 10px;border-style: none;text-align: right\" colspan=\"2\"><a id=\"CAyA\"><\/a><span style=\"font-size: 10pt\"><a href=\"#top\">volver arriba<\/a><\/span><\/td>\n<\/tr>\n<tr style=\"height: 5px\">\n<td style=\"width: 0.933274%;height: 114px;border-style: none\" rowspan=\"4\"><span style=\"font-size: 10pt\"><strong>Historia Contempor\u00e1nea de Asia y \u00c1frica<\/strong><\/span><\/td>\n<td style=\"width: 99.02%;height: 20px;border-style: none\"><a href=\"https:\/\/ffyh.unc.edu.ar\/historia\/nuestrxs-docentes\/santarrosa\/\" target=\"_blank\" rel=\"noopener\"><span style=\"font-size: 10pt\">Profesor Adjunto concursado \u2013 A cargo &#8211; <strong>Jorge SANTARROSA<\/strong><\/span><\/a><\/td>\n<\/tr>\n<tr style=\"height: 5px\">\n<td style=\"width: 99.02%;height: 20px;border-style: none\"><a href=\"https:\/\/ffyh.unc.edu.ar\/historia\/nuestrxs-docentes\/santillan\/\" target=\"_blank\" rel=\"noopener\"><span style=\"font-size: 10pt\">Profesor Adjunto concursado- <strong>Gustavo Enrique SANTILL\u00c1N<\/strong><\/span><\/a><\/td>\n<\/tr>\n<tr style=\"height: 5px\">\n<td style=\"width: 99.02%;height: 10px;border-style: none\"><a href=\"https:\/\/ffyh.unc.edu.ar\/historia\/nuestrxs-docentes\/buffa\/\" target=\"_blank\" rel=\"noopener\"><span style=\"font-size: 10pt\">Profesor Asistente concursado- <strong>Diego BUFFA<\/strong><\/span><\/a><\/td>\n<\/tr>\n<tr style=\"height: 5px\">\n<td style=\"width: 99.02%;height: 64px;border-style: none\"><a href=\"https:\/\/ffyh.unc.edu.ar\/historia\/nuestrxs-docentes\/resiale\/\" target=\"_blank\" rel=\"noopener\"><span style=\"font-size: 10pt\">Profesor Asistente interino &#8211; <strong>Jos\u00e9 Mar\u00eda RESIALE VIANO<\/strong><\/span><\/a><\/p>\n<p><a href=\"https:\/\/ffyh.unc.edu.ar\/historia\/nuestrxs-docentes\/luciano-di-domenico\/\" target=\"_blank\" rel=\"noopener\"><span style=\"font-size: 10pt\">Profesor Asistente interino &#8211; <\/span><strong><span style=\"font-size: 10pt\">Luciano Agust\u00edn DI DOM\u00c9NICO<\/span><\/strong><\/a><\/td>\n<\/tr>\n<tr style=\"height: 5px\">\n<td style=\"width: 99.9533%;height: 15px;border-style: none;text-align: right\" colspan=\"2\"><a id=\"HArgII\"><\/a><span style=\"font-size: 10pt\"><a href=\"#top\">volver arriba<\/a><\/span><\/td>\n<\/tr>\n<tr style=\"height: 5px\">\n<td style=\"width: 0.933274%;height: 80px;border-style: none\" rowspan=\"4\"><span style=\"font-size: 10pt\"><strong>Historia Argentina II<\/strong><\/span><\/td>\n<td style=\"width: 99.02%;height: 20px;border-style: none\"><a href=\"https:\/\/ffyh.unc.edu.ar\/historia\/nuestrxs-docentes\/solis\/\" target=\"_blank\" rel=\"noopener\"><span style=\"font-size: 10pt\">Profesora Titular interina &#8211; <strong>Ana Carol SOLIS<\/strong><\/span><\/a><\/td>\n<\/tr>\n<tr style=\"height: 5px\">\n<td style=\"width: 99.02%;height: 20px;border-style: none\"><a href=\"https:\/\/ffyh.unc.edu.ar\/historia\/nuestrxs-docentes\/arriaga\/\" target=\"_blank\" rel=\"noopener\"><span style=\"font-size: 10pt\">Profesora Adjunta interina &#8211; <strong>Ana Elisa ARRIAGA<\/strong><\/span><\/a><\/td>\n<\/tr>\n<tr style=\"height: 5px\">\n<td style=\"width: 99.02%;height: 20px;border-style: none\"><a href=\"https:\/\/ffyh.unc.edu.ar\/historia\/nuestrxs-docentes\/malecki\/\" target=\"_blank\" rel=\"noopener\"><span style=\"font-size: 10pt\">Profesor Asistente concursado &#8211; <strong>Juan Sebasti\u00e1n MALECKI<\/strong><\/span><\/a><\/td>\n<\/tr>\n<tr style=\"height: 5px\">\n<td style=\"width: 99.02%;height: 20px;border-style: none\"><a href=\"https:\/\/ffyh.unc.edu.ar\/historia\/nuestrxs-docentes\/agostina-gentili\/\" target=\"_blank\" rel=\"noopener\"><span style=\"font-size: 10pt\">Profesora Asistente interina &#8211; <strong>Mar\u00eda Agostina GENTILI<\/strong><\/span><\/a><\/td>\n<\/tr>\n<tr style=\"height: 5px\">\n<td style=\"width: 99.9533%;height: 10px;border-style: none;text-align: right\" colspan=\"2\"><a id=\"DidEspecial\"><\/a><span style=\"font-size: 10pt\"><a href=\"#top\">volver arriba<\/a><\/span><\/td>\n<\/tr>\n<tr style=\"height: 5px\">\n<td style=\"width: 0.933274%;height: 60px;border-style: none\" rowspan=\"3\"><span style=\"font-size: 10pt\"><strong>Did\u00e1ctica Especial<\/strong><\/span><\/td>\n<td style=\"width: 99.02%;height: 20px;border-style: none\"><a href=\"https:\/\/ffyh.unc.edu.ar\/historia\/nuestrxs-docentes\/cerda\/\" target=\"_blank\" rel=\"noopener\"><span style=\"font-size: 10pt\">Profesora Adjunta concursada &#8211; A cargo &#8211; <strong>Mar\u00eda Celeste CERD\u00c1<\/strong><\/span><\/a><\/td>\n<\/tr>\n<tr style=\"height: 5px\">\n<td style=\"width: 99.02%;height: 20px;border-style: none\"><a href=\"https:\/\/ffyh.unc.edu.ar\/historia\/nuestrxs-docentes\/campilia\/\" target=\"_blank\" rel=\"noopener\"><span style=\"font-size: 10pt\">Profesor Asistente concursado &#8211; <strong>Mariano Luis CAMPILIA<\/strong><\/span><\/a><\/td>\n<\/tr>\n<tr style=\"height: 5px\">\n<td style=\"width: 99.02%;height: 20px;border-style: none\"><span style=\"font-size: 10pt\">Profesor Asistente concursado &#8211; <strong>Agust\u00edn MINATTI<\/strong><\/span><\/td>\n<\/tr>\n<tr style=\"height: 5px\">\n<td style=\"width: 99.9533%;height: 10px;border-style: none;text-align: right\" colspan=\"2\"><a id=\"Metodo\"><\/a><span style=\"font-size: 10pt\"><a href=\"#top\">volver arriba<\/a><\/span><\/td>\n<\/tr>\n<tr style=\"height: 5px\">\n<td style=\"width: 0.933274%;height: 60px;border-style: none\" rowspan=\"3\"><span style=\"font-size: 10pt\"><strong>Metodolog\u00eda de la Investigaci\u00f3n Hist\u00f3rica<\/strong><\/span><\/td>\n<td style=\"width: 99.02%;height: 20px;border-style: none\"><a href=\"https:\/\/ffyh.unc.edu.ar\/historia\/nuestrxs-docentes\/remedi\/\" target=\"_blank\" rel=\"noopener\"><span style=\"font-size: 10pt\">Profesor Adjunto concursado &#8211; A cargo &#8211; <strong>Fernando Javier REMEDI<\/strong><\/span><\/a><\/td>\n<\/tr>\n<tr style=\"height: 5px\">\n<td style=\"width: 99.02%;height: 20px;border-style: none\"><a href=\"https:\/\/ffyh.unc.edu.ar\/historia\/nuestrxs-docentes\/ortizbergia\/\" target=\"_blank\" rel=\"noopener\"><span style=\"font-size: 10pt\">Profesora Asistente concursada &#8211; <strong>Mar\u00eda Jos\u00e9 ORTIZ BERGIA<\/strong><\/span><\/a><\/td>\n<\/tr>\n<tr style=\"height: 5px\">\n<td style=\"width: 99.02%;height: 20px;border-style: none\"><a href=\"https:\/\/ffyh.unc.edu.ar\/historia\/nuestrxs-docentes\/portelli\/\" target=\"_blank\" rel=\"noopener\"><span style=\"font-size: 10pt\">Profesora Asistente concursada &#8211; <strong>Mar\u00eda Bel\u00e9n PORTELLI<\/strong><\/span><\/a><\/td>\n<\/tr>\n<tr style=\"height: 5px\">\n<td style=\"width: 99.9533%;height: 10px;border-style: none;text-align: right\" colspan=\"2\"><a id=\"Episte\"><\/a><span style=\"font-size: 10pt\"><a href=\"#top\">volver arriba<\/a><\/span><\/td>\n<\/tr>\n<tr style=\"height: 5px\">\n<td style=\"width: 0.933274%;height: 60px;border-style: none\" rowspan=\"3\"><span style=\"font-size: 10pt\"><strong>Epistemolog\u00eda de las Ciencias Sociales<\/strong><\/span><\/td>\n<td style=\"width: 99.02%;height: 20px;border-style: none\"><a href=\"https:\/\/ffyh.unc.edu.ar\/historia\/nuestrxs-docentes\/rufinetti\/\" target=\"_blank\" rel=\"noopener\"><span style=\"font-size: 10pt\">Profesor Adjunto concursado &#8211; A cargo &#8211; <strong>Edgar Jos\u00e9 RUFINETTI<\/strong><\/span><\/a><\/td>\n<\/tr>\n<tr style=\"height: 5px\">\n<td style=\"width: 99.02%;height: 20px;border-style: none\"><a href=\"https:\/\/ffyh.unc.edu.ar\/historia\/nuestrxs-docentes\/leiva\/\" target=\"_blank\" rel=\"noopener\"><span style=\"font-size: 10pt\">Profesor Asistente concursado &#8211; <strong>Esteban LEIVA<\/strong><\/span><\/a><\/td>\n<\/tr>\n<tr style=\"height: 5px\">\n<td style=\"width: 99.02%;height: 20px;border-style: none\"><a href=\"https:\/\/ffyh.unc.edu.ar\/historia\/nuestrxs-docentes\/gay\/\" target=\"_blank\" rel=\"noopener\"><span style=\"font-size: 10pt\">Profesora Asistente concursada- <strong>Mar\u00eda Eugenia GAY<\/strong><\/span><\/a><\/td>\n<\/tr>\n<tr style=\"height: 5px\">\n<td style=\"width: 99.9533%;height: 10px;border-style: none;text-align: right\" colspan=\"2\"><a id=\"ASyC\"><\/a><span style=\"font-size: 10pt\"><a href=\"#top\">volver arriba<\/a><\/span><\/td>\n<\/tr>\n<tr style=\"height: 5px\">\n<td style=\"width: 0.933274%;height: 80px;border-style: none\" rowspan=\"4\"><span style=\"font-size: 10pt\"><strong>Antropolog\u00eda Social y Cultural<\/strong><\/span><\/td>\n<td style=\"width: 99.02%;height: 20px;border-style: none\"><a href=\"https:\/\/ffyh.unc.edu.ar\/historia\/nuestrxs-docentes\/capogrossi\/\" target=\"_blank\" rel=\"noopener\"><span style=\"font-size: 10pt\">Profesora Adjunta concursada- A cargo &#8211; <strong>Mar\u00eda Lorena CAPOGROSSI<\/strong><\/span><\/a><\/td>\n<\/tr>\n<tr style=\"height: 5px\">\n<td style=\"width: 99.02%;height: 20px;border-style: none\"><a href=\"https:\/\/ffyh.unc.edu.ar\/historia\/nuestrxs-docentes\/blancof\/\" target=\"_blank\" rel=\"noopener\"><span style=\"font-size: 10pt\">Profesor Adjunto (Complementaci\u00f3n de funciones) &#8211; <strong>Fernando BLANCO<\/strong><\/span><\/a><\/td>\n<\/tr>\n<tr style=\"height: 5px\">\n<td style=\"width: 99.02%;height: 20px;border-style: none\"><a href=\"https:\/\/ffyh.unc.edu.ar\/historia\/nuestrxs-docentes\/zeballos\/\" target=\"_blank\" rel=\"noopener\"><span style=\"font-size: 10pt\">Profesor Asistente concursado &#8211; <strong>Juan Manuel ZEBALLOS<\/strong><\/span><\/a><\/td>\n<\/tr>\n<tr style=\"height: 5px\">\n<td style=\"width: 99.02%;height: 20px;border-style: none\"><a href=\"https:\/\/ffyh.unc.edu.ar\/historia\/nuestrxs-docentes\/paz\/\" target=\"_blank\" rel=\"noopener\"><span style=\"font-size: 10pt\">Profesora Asistente interina &#8211; <strong>Magal\u00ed PAZ<\/strong><\/span><\/a><\/td>\n<\/tr>\n<tr style=\"height: 5px\">\n<td style=\"width: 99.9533%;height: 10px;border-style: none;text-align: right\" colspan=\"2\"><a id=\"EcoPol\"><\/a><span style=\"font-size: 10pt\"><a href=\"#top\">volver arriba<\/a><\/span><\/td>\n<\/tr>\n<tr style=\"height: 5px\">\n<td style=\"width: 0.933274%;height: 100px;border-style: none\" rowspan=\"5\"><span style=\"font-size: 10pt\"><strong>Econom\u00eda Pol\u00edtica<\/strong><\/span><\/td>\n<td style=\"width: 99.02%;height: 20px;border-style: none\"><a href=\"https:\/\/ffyh.unc.edu.ar\/historia\/nuestrxs-docentes\/moron\/\" target=\"_blank\" rel=\"noopener\"><span style=\"font-size: 10pt\">Profesora Titular concursada &#8211; <strong>Silvia Susana MOR\u00d3N<\/strong><\/span><\/a><\/td>\n<\/tr>\n<tr style=\"height: 5px\">\n<td style=\"width: 99.02%;height: 20px;border-style: none\"><a href=\"https:\/\/ffyh.unc.edu.ar\/historia\/nuestrxs-docentes\/caro\/\" target=\"_blank\" rel=\"noopener\"><span style=\"font-size: 10pt\">Profesor Adjunto concursado &#8211; <strong>Rub\u00e9n Dar\u00edo CARO<\/strong><\/span><\/a><\/td>\n<\/tr>\n<tr style=\"height: 5px\">\n<td style=\"width: 99.02%;height: 20px;border-style: none\"><a href=\"https:\/\/ffyh.unc.edu.ar\/historia\/nuestrxs-docentes\/pereyra\/\" target=\"_blank\" rel=\"noopener\"><span style=\"font-size: 10pt\">Profesora Asistente concursada &#8211; <strong>Liliana Valentina PEREYRA<\/strong><\/span><\/a><\/td>\n<\/tr>\n<tr style=\"height: 5px\">\n<td style=\"width: 99.02%;height: 20px;border-style: none\"><a href=\"https:\/\/ffyh.unc.edu.ar\/historia\/nuestrxs-docentes\/reche\/\" target=\"_blank\" rel=\"noopener\"><span style=\"font-size: 10pt\">Profesor Asistente concursado &#8211; <strong>Federico H. RECHE<\/strong><\/span><\/a><\/td>\n<\/tr>\n<tr style=\"height: 5px\">\n<td style=\"width: 99.02%;height: 20px;border-style: none\"><a href=\"https:\/\/ffyh.unc.edu.ar\/historia\/nuestrxs-docentes\/saiz\/\" target=\"_blank\" rel=\"noopener\"><span style=\"font-size: 10pt\">Profesor Asistente concursado &#8211; <strong>Sergio R. SAIZ BONZANO<\/strong><\/span><\/a><\/td>\n<\/tr>\n<tr style=\"height: 5px\">\n<td style=\"width: 99.9533%;height: 10px;border-style: none;text-align: right\" colspan=\"2\"><a id=\"TP\"><\/a><span style=\"font-size: 10pt\"><a href=\"#top\">volver arriba<\/a><\/span><\/td>\n<\/tr>\n<tr style=\"height: 5px\">\n<td style=\"width: 0.933274%;height: 60px;border-style: none\" rowspan=\"3\"><span style=\"font-size: 10pt\"><strong>Teor\u00eda Pol\u00edtica<\/strong><\/span><\/td>\n<td style=\"width: 99.02%;height: 20px;border-style: none\"><a href=\"https:\/\/ffyh.unc.edu.ar\/historia\/nuestrxs-docentes\/navarro\/\" target=\"_blank\" rel=\"noopener\"><span style=\"font-size: 10pt\">Profesor Titular concursado &#8211; <strong>Mario Francisco NAVARRO<\/strong><\/span><\/a><\/td>\n<\/tr>\n<tr style=\"height: 5px\">\n<td style=\"width: 99.02%;height: 20px;border-style: none\"><a href=\"https:\/\/ffyh.unc.edu.ar\/historia\/nuestrxs-docentes\/nazareno\/\" target=\"_blank\" rel=\"noopener\"><span style=\"font-size: 10pt\">Profesor Adjunto concursado &#8211; <strong>Marcelo G. NAZARENO<\/strong><\/span><\/a><\/td>\n<\/tr>\n<tr style=\"height: 5px\">\n<td style=\"width: 99.02%;height: 20px;border-style: none\"><a href=\"https:\/\/ffyh.unc.edu.ar\/historia\/nuestrxs-docentes\/requena\/\" target=\"_blank\" rel=\"noopener\"><span style=\"font-size: 10pt\">Profesor Asistente concursado &#8211; <strong>Pablo Manuel REQUENA<\/strong><\/span><\/a><\/td>\n<\/tr>\n<tr style=\"height: 5px\">\n<td style=\"width: 99.9533%;height: 10px;border-style: none;text-align: right\" colspan=\"2\"><a id=\"GH\"><\/a><span style=\"font-size: 10pt\"><a href=\"#top\">volver arriba<\/a><\/span><\/td>\n<\/tr>\n<tr style=\"height: 5px\">\n<td style=\"width: 0.933274%;height: 100px;border-style: none\" rowspan=\"5\"><span style=\"font-size: 10pt\"><strong>Geograf\u00eda Humana<\/strong><\/span><\/td>\n<td style=\"width: 99.02%;height: 20px;border-style: none\"><a href=\"https:\/\/ffyh.unc.edu.ar\/historia\/nuestrxs-docentes\/valdes\/\" target=\"_blank\" rel=\"noopener\"><span style=\"font-size: 10pt\">Profesora Titular concursada &#8211; <strong>Estela Graciela VALDES<\/strong><\/span><\/a><\/td>\n<\/tr>\n<tr style=\"height: 5px\">\n<td style=\"width: 99.02%;height: 20px;border-style: none\"><a href=\"https:\/\/ffyh.unc.edu.ar\/historia\/nuestrxs-docentes\/cosacov\/\" target=\"_blank\" rel=\"noopener\"><span style=\"font-size: 10pt\">Profesora Adjunta concursada &#8211; <strong>Natalia COSACOV MART\u00cdNEZ<\/strong><\/span><\/a><\/td>\n<\/tr>\n<tr style=\"height: 5px\">\n<td style=\"width: 99.02%;height: 20px;border-style: none\"><a href=\"https:\/\/ffyh.unc.edu.ar\/historia\/nuestrxs-docentes\/coppi\/\" target=\"_blank\" rel=\"noopener\"><span style=\"font-size: 10pt\">Profesor Asistente concursado &#8211; <strong>Gabriel Orlando COPPI<\/strong><\/span><\/a><\/td>\n<\/tr>\n<tr style=\"height: 5px\">\n<td style=\"width: 99.02%;height: 20px;border-style: none\"><a href=\"https:\/\/ffyh.unc.edu.ar\/historia\/nuestrxs-docentes\/rabboni\/\" target=\"_blank\" rel=\"noopener\"><span style=\"font-size: 10pt\">Profesor Asistente concursado &#8211; <strong>Nicol\u00e1s Emilio RABBONI<\/strong><\/span><\/a><\/td>\n<\/tr>\n<tr style=\"height: 5px\">\n<td style=\"width: 99.02%;height: 20px;border-style: none\"><a href=\"https:\/\/ffyh.unc.edu.ar\/historia\/nuestrxs-docentes\/maldonado\/\" target=\"_blank\" rel=\"noopener\"><span style=\"font-size: 10pt\">Profesora Asistente concursada &#8211; <strong>Mar\u00eda Rita MALDONADO<\/strong><\/span><\/a><\/td>\n<\/tr>\n<tr style=\"height: 5px\">\n<td style=\"width: 99.9533%;height: 10px;border-style: none;text-align: right\" colspan=\"2\"><a id=\"Cultura\"><\/a><span style=\"font-size: 10pt\"><a href=\"#top\">volver arriba<\/a><\/span><\/td>\n<\/tr>\n<tr style=\"height: 5px\">\n<td style=\"width: 0.933274%;height: 60px;border-style: none\" rowspan=\"3\"><span style=\"font-size: 10pt\"><strong>Optativa: <\/strong><strong>Historia de la Cultura<\/strong><\/span><\/td>\n<td style=\"width: 99.02%;height: 20px;border-style: none\"><a href=\"https:\/\/ffyh.unc.edu.ar\/historia\/nuestrxs-docentes\/blancof\/\" target=\"_blank\" rel=\"noopener\"><span style=\"font-size: 10pt\">Profesor Adjunto concursado \u2013 A cargo &#8211; <strong>Fernando BLANCO<\/strong><\/span><\/a><\/td>\n<\/tr>\n<tr style=\"height: 5px\">\n<td style=\"width: 99.02%;height: 20px;border-style: none\"><a href=\"https:\/\/ffyh.unc.edu.ar\/historia\/nuestrxs-docentes\/molina\/\" target=\"_blank\" rel=\"noopener\"><span style=\"font-size: 10pt\">Profesor Asistente concursado <\/span><\/a><a href=\"https:\/\/ffyh.unc.edu.ar\/historia\/nuestrxs-docentes\/morenoleoni\/\" target=\"_blank\" rel=\"noopener\">(licencia)<\/a> &#8211; <strong>E. Pablo MOLINA AHUMADA<\/strong><\/td>\n<\/tr>\n<tr style=\"height: 5px\">\n<td style=\"width: 99.02%;height: 20px;border-style: none\"><a href=\"https:\/\/ffyh.unc.edu.ar\/historia\/nuestrxs-docentes\/moreyra\/\" target=\"_blank\" rel=\"noopener\"><span style=\"font-size: 10pt\">Profesora Asistente concursada &#8211; <strong>Cecilia Edith MOREYRA<\/strong><\/span><\/a><\/td>\n<\/tr>\n<tr style=\"height: 5px\">\n<td style=\"width: 99.9533%;height: 10px;border-style: none;text-align: right\" colspan=\"2\"><a id=\"Paleo\"><\/a><span style=\"font-size: 10pt\"><a href=\"#top\">volver arriba<\/a><\/span><\/td>\n<\/tr>\n<tr style=\"height: 5px\">\n<td style=\"width: 0.933274%;height: 60px;border-style: none\" rowspan=\"3\"><span style=\"font-size: 10pt\"><strong>Optativa: <\/strong><strong>Paleograf\u00eda y Diplom\u00e1tica<\/strong><\/span><\/td>\n<td style=\"width: 99.02%;height: 20px;border-style: none\"><a href=\"https:\/\/ffyh.unc.edu.ar\/historia\/nuestrxs-docentes\/juncos\/\" target=\"_blank\" rel=\"noopener\"><span style=\"font-size: 10pt\">Profesora Adjunta concursada &#8211; A cargo &#8211; <strong>Nancy E. JUNCOS<\/strong><\/span><\/a><\/td>\n<\/tr>\n<tr style=\"height: 5px\">\n<td style=\"width: 99.02%;height: 20px;border-style: none\"><a href=\"https:\/\/ffyh.unc.edu.ar\/historia\/nuestrxs-docentes\/rodriguezmg\/\" target=\"_blank\" rel=\"noopener\"><span style=\"font-size: 10pt\">Profesora Asistente concursada &#8211; <strong>Mar\u00eda Gabriela RODR\u00cdGUEZ<\/strong><\/span><\/a><\/td>\n<\/tr>\n<tr style=\"height: 5px\">\n<td style=\"width: 99.02%;height: 20px;border-style: none\"><a href=\"https:\/\/ffyh.unc.edu.ar\/historia\/nuestrxs-docentes\/duarte\/\" target=\"_blank\" rel=\"noopener\"><span style=\"font-size: 10pt\">Profesora Asistente concursada &#8211; <strong>Patricia Noem\u00ed DUARTE<\/strong><\/span><\/a><\/td>\n<\/tr>\n<tr style=\"height: 5px\">\n<td style=\"width: 99.9533%;height: 10px;border-style: none;text-align: right\" colspan=\"2\"><a id=\"Agraria\"><\/a><span style=\"font-size: 10pt\"><a href=\"#top\">volver arriba<\/a><\/span><\/td>\n<\/tr>\n<tr style=\"height: 5px\">\n<td style=\"width: 0.933274%;height: 40px;border-style: none\" rowspan=\"2\"><span style=\"font-size: 10pt\"><strong>Optativa: <\/strong><strong>Historia Agraria<\/strong><\/span><\/td>\n<td style=\"width: 99.02%;height: 20px;border-style: none\"><a href=\"https:\/\/ffyh.unc.edu.ar\/historia\/nuestrxs-docentes\/olivera\/\" target=\"_blank\" rel=\"noopener\"><span style=\"font-size: 10pt\">Profesora Adjunta &#8211; A cargo &#8211; <strong>Gabriela OLIVERA<\/strong><\/span><\/a><\/td>\n<\/tr>\n<tr style=\"height: 5px\">\n<td style=\"width: 99.02%;height: 20px;border-style: none\"><a href=\"https:\/\/ffyh.unc.edu.ar\/historia\/nuestrxs-docentes\/tognetti\/\" target=\"_blank\" rel=\"noopener\"><span style=\"font-size: 10pt\">Profesor Asistente concursado &#8211; <strong>Luis Alberto TOGNETTI<\/strong><\/span><\/a><\/td>\n<\/tr>\n<tr style=\"height: 5px\">\n<td style=\"width: 99.9533%;height: 10px;border-style: none;text-align: right\" colspan=\"2\"><a id=\"Etno\"><\/a><span style=\"font-size: 10pt\"><a href=\"#top\">volver arriba<\/a><\/span><\/td>\n<\/tr>\n<tr style=\"height: 5px\">\n<td style=\"width: 0.933274%;height: 126px;border-style: none\" rowspan=\"4\"><span style=\"font-size: 10pt\"><strong>Optativa: <\/strong><strong>Etnohistoria Andina<\/strong><\/span><\/td>\n<td style=\"width: 99.02%;border-style: none;height: 44px\"><span style=\"font-size: 10pt\"><a href=\"https:\/\/ffyh.unc.edu.ar\/historia\/nuestrxs-docentes\/castro\/\" target=\"_blank\" rel=\"noopener\">Profesora Titular interina &#8211; <strong>Isabel CASTRO OLA\u00d1ETA<\/strong><\/a><\/span><\/td>\n<\/tr>\n<tr style=\"height: 44px\">\n<td style=\"width: 99.02%;height: 28px;border-style: none\"><span style=\"font-size: 10pt\"><a href=\"https:\/\/ffyh.unc.edu.ar\/historia\/nuestrxs-docentes\/blancof\/\" target=\"_blank\" rel=\"noopener\">Profesor Adjunto (Carga anexa) &#8211; <strong>Fernando BLANCO<\/strong><\/a><\/span><\/td>\n<\/tr>\n<tr style=\"height: 5px\">\n<td style=\"width: 99.02%;border-style: none;height: 44px\"><span style=\"font-size: 10pt\"><a href=\"https:\/\/ffyh.unc.edu.ar\/historia\/nuestrxs-docentes\/carmignani\/\" target=\"_blank\" rel=\"noopener\">Profesora Asistente interina &#8211; <strong>Leticia CARMIGNANI<\/strong><\/a><\/span><\/td>\n<\/tr>\n<tr style=\"height: 5px\">\n<td style=\"width: 99.02%;height: 10px;border-style: none;text-align: right\"><a id=\"Etno\"><\/a><span style=\"font-size: 10pt\"><a href=\"#top\">volver arriba<\/a><\/span><\/td>\n<\/tr>\n<tr style=\"height: 5px\">\n<td style=\"width: 0.933274%;height: 92px;border-style: none\" rowspan=\"3\"><span style=\"font-size: 10pt\"><strong>Optativa: <\/strong><strong>Demograf\u00eda Hist\u00f3rica<br \/>\n<\/strong><\/span><\/td>\n<td style=\"width: 99.02%;height: 28px;border-style: none\"><a href=\"https:\/\/ffyh.unc.edu.ar\/historia\/nuestrxs-docentes\/carbonetti\/\" target=\"_blank\" rel=\"noopener\"><span style=\"font-size: 10pt\">Profesor Adjunto a cargo (carga anexa) &#8211; <strong>Adri\u00e1n CARBONETTI<\/strong><\/span><\/a><\/td>\n<\/tr>\n<tr style=\"height: 5px\">\n<td style=\"width: 99.02%;border-style: none;height: 44px\"><span style=\"font-size: 12pt\"><a href=\"https:\/\/ffyh.unc.edu.ar\/historia\/nuestrxs-docentes\/tognetti\/\" target=\"_blank\" rel=\"noopener\"><span style=\"font-size: 10pt\">Profesor Asistente concursado (carga anexa) &#8211;<\/span> <span style=\"font-size: 10pt\"><strong>Luis Alberto TOGNETTI<\/strong><\/span><\/a><\/span><\/td>\n<\/tr>\n<tr style=\"height: 5px\">\n<td style=\"width: 99.02%;height: 20px;border-style: none\"><a href=\"https:\/\/ffyh.unc.edu.ar\/historia\/nuestrxs-docentes\/riveromd\/\" target=\"_blank\" rel=\"noopener\"><span style=\"font-size: 10pt\">Profesora Asistente interina (carga anexa) &#8211; <strong>Mar\u00eda Dolores RIVERO<\/strong><\/span><\/a><\/td>\n<\/tr>\n<tr style=\"height: 44px\">\n<td style=\"width: 0.933274%;border-style: none;height: 44px\"><span style=\"font-size: 10pt\"><strong>\u00a0<\/strong><\/span><\/td>\n<td style=\"width: 99.02%;border-style: none;height: 44px\"><span style=\"font-size: 10pt\">\u00a0<\/span><\/td>\n<\/tr>\n<tr style=\"height: 5px\">\n<td style=\"width: 99.9533%;border-style: none;text-align: right;height: 45px\" colspan=\"2\"><span style=\"font-size: 10pt\"><a href=\"#top\">volver arriba<\/a><\/span><\/td>\n<\/tr>\n<\/tbody>\n<\/table>\n<p>&nbsp;<\/p>\n","protected":false},"excerpt":{"rendered":"<p>&nbsp; volver arriba Curso de Nivelaci\u00f3n Profesor Adjunto concursado &#8211; A cargo &#8211; Leandro INCHAUSPE Profesor Asistente concursado &#8211; Diego GARC\u00cdA Profesora Asistente interina &#8211;\u00a0Victoria CHABRANDO Profesor Asistente interino &#8211; Enrique DE GOYCOECHEA Profesora Asistente interina &#8211;\u00a0Roc\u00edo GONZ\u00c1LEZ AMAYA volver arriba Introducci\u00f3n a la Problem\u00e1tica Filos\u00f3fica Profesor Adjunto concursado &#8211; A cargo &#8211; Edgar Jos\u00e9&#8230; <\/p>\n<div class=\"link-more\"><a href=\"https:\/\/ffyh.unc.edu.ar\/historia\/nuestrxs-docentes\/\">Lea m\u00e1s<\/a><\/div>\n","protected":false},"author":34,"featured_media":0,"parent":0,"menu_order":10,"comment_status":"closed","ping_status":"closed","template":"","meta":{"_acf_changed":false,"_monsterinsights_skip_tracking":false,"_monsterinsights_sitenote_active":false,"_monsterinsights_sitenote_note":"","_monsterinsights_sitenote_category":0,"footnotes":""},"class_list":["post-4089","page","type-page","status-publish","hentry"],"acf":[],"jetpack_sharing_enabled":true,"_links":{"self":[{"href":"https:\/\/ffyh.unc.edu.ar\/historia\/wp-json\/wp\/v2\/pages\/4089","targetHints":{"allow":["GET"]}}],"collection":[{"href":"https:\/\/ffyh.unc.edu.ar\/historia\/wp-json\/wp\/v2\/pages"}],"about":[{"href":"https:\/\/ffyh.unc.edu.ar\/historia\/wp-json\/wp\/v2\/types\/page"}],"author":[{"embeddable":true,"href":"https:\/\/ffyh.unc.edu.ar\/historia\/wp-json\/wp\/v2\/users\/34"}],"replies":[{"embeddable":true,"href":"https:\/\/ffyh.unc.edu.ar\/historia\/wp-json\/wp\/v2\/comments?post=4089"}],"version-history":[{"count":176,"href":"https:\/\/ffyh.unc.edu.ar\/historia\/wp-json\/wp\/v2\/pages\/4089\/revisions"}],"predecessor-version":[{"id":6846,"href":"https:\/\/ffyh.unc.edu.ar\/historia\/wp-json\/wp\/v2\/pages\/4089\/revisions\/6846"}],"wp:attachment":[{"href":"https:\/\/ffyh.unc.edu.ar\/historia\/wp-json\/wp\/v2\/media?parent=4089"}],"curies":[{"name":"wp","href":"https:\/\/api.w.org\/{rel}","templated":true}]}}