{"id":4137,"date":"2022-07-28T18:04:15","date_gmt":"2022-07-28T18:04:15","guid":{"rendered":"https:\/\/ffyh.unc.edu.ar\/historia\/?page_id=4137"},"modified":"2023-08-14T13:56:19","modified_gmt":"2023-08-14T13:56:19","slug":"rufinetti","status":"publish","type":"page","link":"https:\/\/ffyh.unc.edu.ar\/historia\/nuestrxs-docentes\/rufinetti\/","title":{"rendered":"Edgar Rufinetti"},"content":{"rendered":"<table style=\"border-collapse: collapse;width: 100%\">\n<tbody>\n<tr>\n<td colspan=\"2\">\n<p style=\"text-align: justify\"><img data-recalc-dims=\"1\" decoding=\"async\" data-attachment-id=\"5544\" data-permalink=\"https:\/\/ffyh.unc.edu.ar\/historia\/nuestrxs-docentes\/rufinetti\/img-20200510-wa0012\/\" data-orig-file=\"https:\/\/i0.wp.com\/ffyh.unc.edu.ar\/historia\/wp-content\/uploads\/sites\/37\/2023\/08\/IMG-20200510-WA0012.jpg?fit=717%2C446&amp;ssl=1\" data-orig-size=\"717,446\" data-comments-opened=\"0\" data-image-meta=\"{&quot;aperture&quot;:&quot;0&quot;,&quot;credit&quot;:&quot;&quot;,&quot;camera&quot;:&quot;&quot;,&quot;caption&quot;:&quot;&quot;,&quot;created_timestamp&quot;:&quot;0&quot;,&quot;copyright&quot;:&quot;&quot;,&quot;focal_length&quot;:&quot;0&quot;,&quot;iso&quot;:&quot;0&quot;,&quot;shutter_speed&quot;:&quot;0&quot;,&quot;title&quot;:&quot;&quot;,&quot;orientation&quot;:&quot;0&quot;}\" data-image-title=\"IMG-20200510-WA0012\" data-image-description=\"\" data-image-caption=\"\" data-medium-file=\"https:\/\/i0.wp.com\/ffyh.unc.edu.ar\/historia\/wp-content\/uploads\/sites\/37\/2023\/08\/IMG-20200510-WA0012.jpg?fit=300%2C187&amp;ssl=1\" data-large-file=\"https:\/\/i0.wp.com\/ffyh.unc.edu.ar\/historia\/wp-content\/uploads\/sites\/37\/2023\/08\/IMG-20200510-WA0012.jpg?fit=717%2C446&amp;ssl=1\" class=\"size-thumbnail wp-image-5544 alignleft\" src=\"https:\/\/i0.wp.com\/ffyh.unc.edu.ar\/historia\/wp-content\/uploads\/sites\/37\/2023\/08\/IMG-20200510-WA0012.jpg?resize=150%2C150\" alt=\"\" width=\"150\" height=\"150\" srcset=\"https:\/\/i0.wp.com\/ffyh.unc.edu.ar\/historia\/wp-content\/uploads\/sites\/37\/2023\/08\/IMG-20200510-WA0012.jpg?resize=150%2C150&amp;ssl=1 150w, https:\/\/i0.wp.com\/ffyh.unc.edu.ar\/historia\/wp-content\/uploads\/sites\/37\/2023\/08\/IMG-20200510-WA0012.jpg?zoom=2&amp;resize=150%2C150 300w, https:\/\/i0.wp.com\/ffyh.unc.edu.ar\/historia\/wp-content\/uploads\/sites\/37\/2023\/08\/IMG-20200510-WA0012.jpg?zoom=3&amp;resize=150%2C150 450w\" sizes=\"(max-width: 150px) 100vw, 150px\" \/><br \/>\nProfesor Adjunto por concurso en la Introducci\u00f3n a la problem\u00e1tica filos\u00f3fica y en Epistemolog\u00eda de las ciencias sociales de la carrera de historia (UNC). Licenciado y Doctor en Filosof\u00eda por la Universidad Nacional de C\u00f3rdoba.<\/p>\n<p style=\"text-align: justify\">Sus temas de investigaci\u00f3n se centran en las problem\u00e1ticas de la comprensi\u00f3n hist\u00f3rico-filos\u00f3fica, en la racionalidad pr\u00e1ctica en el siglo XX y en el fen\u00f3meno de la mediaci\u00f3n en la filosof\u00eda de la historia, desde las perspectivas de la teor\u00eda cr\u00edtica y la hermen\u00e9utica. Ha sido becario doctoral de SeCyT-UNC y miembro de la Red Argentina de Filosof\u00eda de la Educaci\u00f3n.<\/p>\n<p style=\"text-align: justify\">Autor del libro La racionalidad pr\u00e1ctica en el debate Habermas-Gadamer, co-editor de los libros Cuestiones de filosof\u00eda de la educaci\u00f3n. Tradiciones experiencias controversias y de Yo te juzgo. Reflexiones en torno a un nuevo actor en el derecho a castigar. Ha publicado diversos cap\u00edtulos en vol\u00famenes colectivos y art\u00edculos en revistas especializadas.<\/p>\n<p style=\"text-align: justify\">Actualmente es Director del Proyecto de investigaci\u00f3n Teor\u00eda y filosof\u00eda de la historia: aproximaciones al concepto y al fen\u00f3meno de \u00abmediaci\u00f3n\u00bb, (SECyT-UNC), radicado en las \u00c1reas de Filosof\u00eda y de Historia del CiFFyH-UNC.<\/p>\n<\/td>\n<\/tr>\n<tr>\n<td style=\"width: 0.491159%\" colspan=\"2\">Contacto: edgar.rufinetti@unc.edu.ar<br \/>\nAcademia.edu: https:\/\/cordoba.academia.edu\/EdgarRufinetti<\/td>\n<\/tr>\n<\/tbody>\n<\/table>\n","protected":false},"excerpt":{"rendered":"<p>Profesor Adjunto por concurso en la Introducci\u00f3n a la problem\u00e1tica filos\u00f3fica y en Epistemolog\u00eda de las ciencias sociales de la carrera de historia (UNC). Licenciado y Doctor en Filosof\u00eda por la Universidad Nacional de C\u00f3rdoba. Sus temas de investigaci\u00f3n se centran en las problem\u00e1ticas de la comprensi\u00f3n hist\u00f3rico-filos\u00f3fica, en la racionalidad pr\u00e1ctica en el siglo&#8230; <\/p>\n<div class=\"link-more\"><a href=\"https:\/\/ffyh.unc.edu.ar\/historia\/nuestrxs-docentes\/rufinetti\/\">Lea m\u00e1s<\/a><\/div>\n","protected":false},"author":34,"featured_media":0,"parent":4089,"menu_order":0,"comment_status":"closed","ping_status":"closed","template":"","meta":{"_acf_changed":false,"_monsterinsights_skip_tracking":false,"_monsterinsights_sitenote_active":false,"_monsterinsights_sitenote_note":"","_monsterinsights_sitenote_category":0,"footnotes":""},"class_list":["post-4137","page","type-page","status-publish","hentry"],"acf":[],"jetpack_sharing_enabled":true,"_links":{"self":[{"href":"https:\/\/ffyh.unc.edu.ar\/historia\/wp-json\/wp\/v2\/pages\/4137","targetHints":{"allow":["GET"]}}],"collection":[{"href":"https:\/\/ffyh.unc.edu.ar\/historia\/wp-json\/wp\/v2\/pages"}],"about":[{"href":"https:\/\/ffyh.unc.edu.ar\/historia\/wp-json\/wp\/v2\/types\/page"}],"author":[{"embeddable":true,"href":"https:\/\/ffyh.unc.edu.ar\/historia\/wp-json\/wp\/v2\/users\/34"}],"replies":[{"embeddable":true,"href":"https:\/\/ffyh.unc.edu.ar\/historia\/wp-json\/wp\/v2\/comments?post=4137"}],"version-history":[{"count":7,"href":"https:\/\/ffyh.unc.edu.ar\/historia\/wp-json\/wp\/v2\/pages\/4137\/revisions"}],"predecessor-version":[{"id":5547,"href":"https:\/\/ffyh.unc.edu.ar\/historia\/wp-json\/wp\/v2\/pages\/4137\/revisions\/5547"}],"up":[{"embeddable":true,"href":"https:\/\/ffyh.unc.edu.ar\/historia\/wp-json\/wp\/v2\/pages\/4089"}],"wp:attachment":[{"href":"https:\/\/ffyh.unc.edu.ar\/historia\/wp-json\/wp\/v2\/media?parent=4137"}],"curies":[{"name":"wp","href":"https:\/\/api.w.org\/{rel}","templated":true}]}}