{"id":4141,"date":"2022-07-28T18:05:00","date_gmt":"2022-07-28T18:05:00","guid":{"rendered":"https:\/\/ffyh.unc.edu.ar\/historia\/?page_id=4141"},"modified":"2022-10-03T15:58:24","modified_gmt":"2022-10-03T15:58:24","slug":"favaccio","status":"publish","type":"page","link":"https:\/\/ffyh.unc.edu.ar\/historia\/nuestrxs-docentes\/favaccio\/","title":{"rendered":"Carolina Favaccio"},"content":{"rendered":"<table style=\"border-collapse: collapse;width: 100%\">\n<tbody>\n<tr>\n<td colspan=\"2\">\n<p style=\"text-align: justify\"><img data-recalc-dims=\"1\" decoding=\"async\" data-attachment-id=\"5020\" data-permalink=\"https:\/\/ffyh.unc.edu.ar\/historia\/nuestrxs-docentes\/favaccio\/favaccio_foto\/\" data-orig-file=\"https:\/\/i0.wp.com\/ffyh.unc.edu.ar\/historia\/wp-content\/uploads\/sites\/37\/2022\/10\/Favaccio_foto-e1664811851466.jpeg?fit=813%2C814&amp;ssl=1\" data-orig-size=\"813,814\" data-comments-opened=\"0\" data-image-meta=\"{&quot;aperture&quot;:&quot;0&quot;,&quot;credit&quot;:&quot;&quot;,&quot;camera&quot;:&quot;&quot;,&quot;caption&quot;:&quot;&quot;,&quot;created_timestamp&quot;:&quot;0&quot;,&quot;copyright&quot;:&quot;&quot;,&quot;focal_length&quot;:&quot;0&quot;,&quot;iso&quot;:&quot;0&quot;,&quot;shutter_speed&quot;:&quot;0&quot;,&quot;title&quot;:&quot;&quot;,&quot;orientation&quot;:&quot;0&quot;}\" data-image-title=\"Favaccio_foto\" data-image-description=\"\" data-image-caption=\"\" data-medium-file=\"https:\/\/i0.wp.com\/ffyh.unc.edu.ar\/historia\/wp-content\/uploads\/sites\/37\/2022\/10\/Favaccio_foto-e1664811851466.jpeg?fit=300%2C300&amp;ssl=1\" data-large-file=\"https:\/\/i0.wp.com\/ffyh.unc.edu.ar\/historia\/wp-content\/uploads\/sites\/37\/2022\/10\/Favaccio_foto-e1664811851466.jpeg?fit=813%2C814&amp;ssl=1\" class=\"alignleft wp-image-5020 size-thumbnail\" src=\"https:\/\/i0.wp.com\/ffyh.unc.edu.ar\/historia\/wp-content\/uploads\/sites\/37\/2022\/10\/Favaccio_foto-e1664811851466-150x150.jpeg?resize=150%2C150\" alt=\"\" width=\"150\" height=\"150\" srcset=\"https:\/\/i0.wp.com\/ffyh.unc.edu.ar\/historia\/wp-content\/uploads\/sites\/37\/2022\/10\/Favaccio_foto-e1664811851466.jpeg?resize=150%2C150&amp;ssl=1 150w, https:\/\/i0.wp.com\/ffyh.unc.edu.ar\/historia\/wp-content\/uploads\/sites\/37\/2022\/10\/Favaccio_foto-e1664811851466.jpeg?resize=300%2C300&amp;ssl=1 300w, https:\/\/i0.wp.com\/ffyh.unc.edu.ar\/historia\/wp-content\/uploads\/sites\/37\/2022\/10\/Favaccio_foto-e1664811851466.jpeg?resize=768%2C769&amp;ssl=1 768w, https:\/\/i0.wp.com\/ffyh.unc.edu.ar\/historia\/wp-content\/uploads\/sites\/37\/2022\/10\/Favaccio_foto-e1664811851466.jpeg?w=813&amp;ssl=1 813w\" sizes=\"(max-width: 150px) 100vw, 150px\" \/>Profesora Asistente de dedicaci\u00f3n simple, por concurso, en la C\u00e1tedra de Historia Argentina I y Profesora Asistente de dedicaci\u00f3n semi, interina, en la C\u00e1tedra de Introducci\u00f3n a la Problem\u00e1tica Filos\u00f3fica, desde 2018. Profesora y Licenciada en Historia con t\u00edtulos obtenidos en la FFyH (UNC), en los a\u00f1os 1999 y 2005 respectivamente. Desde 2016, se encuentra desarrollando el Doctorado en Historia en dicha instituci\u00f3n, abocada a temas relativos a Memoria y Pol\u00edtica en tiempos de post dictadura.<\/p>\n<p style=\"text-align: justify\">En su historia acad\u00e9mica resultan referenciales sus actuaciones docentes como Profesora Asistente de dedicaci\u00f3n simple, interina, en la C\u00e1tedra de Historia Argentina I en el periodo 2013- 2018 y como Profesora Asistente de dedicaci\u00f3n simple en el Curso de Nivelaci\u00f3n de la Carrera de Historia en el periodo 2005-2006. Otros desempe\u00f1os en docencia se vinculan con las \u00e1reas antes mencionadas, sumada su participaci\u00f3n en diversos equipos de investigaci\u00f3n con tem\u00e1ticas referidas a los procesos de modernizaci\u00f3n en Cordoba durante el siglo XIX y, m\u00e1s recientemente, a los Usos del pasado en la Argentina contempor\u00e1nea.<\/p>\n<p style=\"text-align: justify\">En la actualidad, es Profesora responsable del Proyecto Consolidar 2018-2021 titulado: \u201cUsos del pasado en la Argentina Contempor\u00e1nea: territorios de la historia, la pol\u00edtica y la memoria\u201d, dirigido por la Dra Marta Philp. A su vez, destacamos que los problemas de inter\u00e9s m\u00e1s pr\u00f3ximos se relacionan con el pensamiento del fil\u00f3sofo alem\u00e1n Walter Benjamin en la etapa de sus nexos intelectuales con las vanguardias europeas y sovieticas.De modo complementario a dicha preocupaci\u00f3n, se dedica al estudio de la obra del historiador franco- italiano Enzo Traverso. Los \u00faltimos estudios han tomado cuerpo en el marco las reflexiones abiertas en los Seminarios de grado dictados para la Carrera de Historia y, en 2021, para otras de la FFyH con la compa\u00f1\u00eda del Dr. Pablo Requena y la Dra. Julia Monge. Por \u00faltimo, se desempe\u00f1a como delegada gremial por la Escuela de Historia, FFyH-UNC.<\/p>\n<\/td>\n<\/tr>\n<tr>\n<td style=\"width: 0.491159%\" colspan=\"2\">Contacto: <a href=\"mailto:carolina.favaccio@unc.edu.ar\">carolina.favaccio@unc.edu.ar<\/a><\/td>\n<\/tr>\n<\/tbody>\n<\/table>\n","protected":false},"excerpt":{"rendered":"<p>Profesora Asistente de dedicaci\u00f3n simple, por concurso, en la C\u00e1tedra de Historia Argentina I y Profesora Asistente de dedicaci\u00f3n semi, interina, en la C\u00e1tedra de Introducci\u00f3n a la Problem\u00e1tica Filos\u00f3fica, desde 2018. Profesora y Licenciada en Historia con t\u00edtulos obtenidos en la FFyH (UNC), en los a\u00f1os 1999 y 2005 respectivamente. Desde 2016, se encuentra&#8230; <\/p>\n<div class=\"link-more\"><a href=\"https:\/\/ffyh.unc.edu.ar\/historia\/nuestrxs-docentes\/favaccio\/\">Lea m\u00e1s<\/a><\/div>\n","protected":false},"author":34,"featured_media":0,"parent":4089,"menu_order":0,"comment_status":"closed","ping_status":"closed","template":"","meta":{"_acf_changed":false,"_monsterinsights_skip_tracking":false,"_monsterinsights_sitenote_active":false,"_monsterinsights_sitenote_note":"","_monsterinsights_sitenote_category":0,"footnotes":""},"class_list":["post-4141","page","type-page","status-publish","hentry"],"acf":[],"jetpack_sharing_enabled":true,"_links":{"self":[{"href":"https:\/\/ffyh.unc.edu.ar\/historia\/wp-json\/wp\/v2\/pages\/4141","targetHints":{"allow":["GET"]}}],"collection":[{"href":"https:\/\/ffyh.unc.edu.ar\/historia\/wp-json\/wp\/v2\/pages"}],"about":[{"href":"https:\/\/ffyh.unc.edu.ar\/historia\/wp-json\/wp\/v2\/types\/page"}],"author":[{"embeddable":true,"href":"https:\/\/ffyh.unc.edu.ar\/historia\/wp-json\/wp\/v2\/users\/34"}],"replies":[{"embeddable":true,"href":"https:\/\/ffyh.unc.edu.ar\/historia\/wp-json\/wp\/v2\/comments?post=4141"}],"version-history":[{"count":6,"href":"https:\/\/ffyh.unc.edu.ar\/historia\/wp-json\/wp\/v2\/pages\/4141\/revisions"}],"predecessor-version":[{"id":5022,"href":"https:\/\/ffyh.unc.edu.ar\/historia\/wp-json\/wp\/v2\/pages\/4141\/revisions\/5022"}],"up":[{"embeddable":true,"href":"https:\/\/ffyh.unc.edu.ar\/historia\/wp-json\/wp\/v2\/pages\/4089"}],"wp:attachment":[{"href":"https:\/\/ffyh.unc.edu.ar\/historia\/wp-json\/wp\/v2\/media?parent=4141"}],"curies":[{"name":"wp","href":"https:\/\/api.w.org\/{rel}","templated":true}]}}