{"id":4151,"date":"2022-07-28T18:10:01","date_gmt":"2022-07-28T18:10:01","guid":{"rendered":"https:\/\/ffyh.unc.edu.ar\/historia\/?page_id=4151"},"modified":"2022-08-03T20:03:05","modified_gmt":"2022-08-03T20:03:05","slug":"gonzalez","status":"publish","type":"page","link":"https:\/\/ffyh.unc.edu.ar\/historia\/nuestrxs-docentes\/gonzalez\/","title":{"rendered":"Alejandra Soledad Gonz\u00e1lez"},"content":{"rendered":"<table style=\"border-collapse: collapse;width: 100%\">\n<tbody>\n<tr>\n<td colspan=\"2\">\n<p style=\"text-align: justify\"><img data-recalc-dims=\"1\" decoding=\"async\" data-attachment-id=\"4506\" data-permalink=\"https:\/\/ffyh.unc.edu.ar\/historia\/nuestrxs-docentes\/gonzalez\/gonzalez_foto\/\" data-orig-file=\"https:\/\/i0.wp.com\/ffyh.unc.edu.ar\/historia\/wp-content\/uploads\/sites\/37\/2022\/07\/Gonzalez_foto.jpg?fit=338%2C338&amp;ssl=1\" data-orig-size=\"338,338\" data-comments-opened=\"0\" data-image-meta=\"{&quot;aperture&quot;:&quot;0&quot;,&quot;credit&quot;:&quot;&quot;,&quot;camera&quot;:&quot;&quot;,&quot;caption&quot;:&quot;&quot;,&quot;created_timestamp&quot;:&quot;0&quot;,&quot;copyright&quot;:&quot;&quot;,&quot;focal_length&quot;:&quot;0&quot;,&quot;iso&quot;:&quot;0&quot;,&quot;shutter_speed&quot;:&quot;0&quot;,&quot;title&quot;:&quot;&quot;,&quot;orientation&quot;:&quot;0&quot;}\" data-image-title=\"Gonzalez_foto\" data-image-description=\"\" data-image-caption=\"\" data-medium-file=\"https:\/\/i0.wp.com\/ffyh.unc.edu.ar\/historia\/wp-content\/uploads\/sites\/37\/2022\/07\/Gonzalez_foto.jpg?fit=300%2C300&amp;ssl=1\" data-large-file=\"https:\/\/i0.wp.com\/ffyh.unc.edu.ar\/historia\/wp-content\/uploads\/sites\/37\/2022\/07\/Gonzalez_foto.jpg?fit=338%2C338&amp;ssl=1\" class=\"size-thumbnail wp-image-4506 alignleft\" src=\"https:\/\/i0.wp.com\/ffyh.unc.edu.ar\/historia\/wp-content\/uploads\/sites\/37\/2022\/07\/Gonzalez_foto.jpg?resize=150%2C150\" alt=\"\" width=\"150\" height=\"150\" srcset=\"https:\/\/i0.wp.com\/ffyh.unc.edu.ar\/historia\/wp-content\/uploads\/sites\/37\/2022\/07\/Gonzalez_foto.jpg?resize=150%2C150&amp;ssl=1 150w, https:\/\/i0.wp.com\/ffyh.unc.edu.ar\/historia\/wp-content\/uploads\/sites\/37\/2022\/07\/Gonzalez_foto.jpg?resize=300%2C300&amp;ssl=1 300w, https:\/\/i0.wp.com\/ffyh.unc.edu.ar\/historia\/wp-content\/uploads\/sites\/37\/2022\/07\/Gonzalez_foto.jpg?w=338&amp;ssl=1 338w\" sizes=\"(max-width: 150px) 100vw, 150px\" \/>Es Profesora Asistente concursada en Introducci\u00f3n a la Historia. Profesora, Licenciada y Doctora en Historia por la Facultad de Filosof\u00eda y Humanidades, Universidad Nacional de C\u00f3rdoba (FFyH-UNC). Se especializa en <i>Historia cultural de procesos art\u00edsticos y juveniles. <\/i>Se desempe\u00f1a como docente responsable de seminarios de grado y posgrado en dicha especialidad, tanto en la UNC como en la Universidad Provincial de C\u00f3rdoba (UPC).<\/p>\n<p style=\"text-align: justify\">Entre sus antecedentes de investigaci\u00f3n, cabe se\u00f1alar tres. Trabaja como Investigadora Independiente del Consejo Nacional de Investigaciones Cient\u00edficas y T\u00e9cnicas, con lugar de trabajo en el Instituto de Humanidades (CONICET-UNC). T\u00edtulo del plan de trabajo 2019-2020: <i>Hacia una historia cultural de las artes de la d\u00e9cada de 1980 sobre una C\u00f3rdoba en red (inter)nacional. <\/i>Desde 2012 dirige proyectos acreditados radicados en el \u00c1rea de Historia del CIFFYH-UNC. El proyecto Consolidar (2020-2023), avalado y subsidiado por SECyT-UNC, se titula: <i>Historia cultural del pasado reciente: artes, juventudes y pol\u00edticas en una C\u00f3rdoba en red (inter)nacional, 1960-2010<\/i>. Tambi\u00e9n ejerce como Directora de un proyecto colectivo, radicado en la Facultad de Arte y Dise\u00f1o (UPC) y avalado por la respectiva Secretar\u00eda de Posgrado e Investigaci\u00f3n, denominado: <i>Historia de las artes del pasado reciente (Argentina, 1960-2020)<\/i>.<\/p>\n<p style=\"text-align: justify\">Sus investigaciones pueden consultarse en distintas publicaciones acad\u00e9micas tanto nacionales como extranjeras, entre ellas: <i>Juventudes (in)visibilizadas. Una historia de pol\u00edticas culturales y estrategias art\u00edsticas en C\u00f3rdoba durante la \u00faltima dictadura argentina. <\/i>Editorial de la Universidad Nacional de C\u00f3rdoba, Serie Tesis doctorales; \u201cDe las artes visuales a lo \u2018pluridisciplinario\u2019 en 1986. Una feria art\u00edstica en la posdictadura de Argentina\u201d; \u201cArtes visuales en un festival teatral internacional de 1984. Una ciudad conmovida entre la \u00faltima dictadura y el retorno democr\u00e1tico: C\u00f3rdoba, Argentina\u201d; <b><i>\u201c<\/i><\/b>(Re) Pensar Malvinas: visualidades, representaciones y derechos humanos\u201d en coautor\u00eda con Ramiro Manduca et Ver\u00f3nica Perera; \u201cArtes pl\u00e1sticas y mujeres en la \u00faltima dictadura argentina: an\u00e1lisis desde un caso trans-local\u201d; \u201cEl I A\u00f1o Internacional de la Juventud (1985): Argentina entre lo global y lo local\u201d.<\/p>\n<\/td>\n<\/tr>\n<tr>\n<td style=\"width: 25%\" colspan=\"2\">Contacto: <a href=\"mailto:alejandra.soledad.gonzalez@unc.edu.ar\">alejandra.soledad.gonzalez@unc.edu.ar<\/a><\/p>\n<p>CONICET: <a href=\"https:\/\/www.conicet.gov.ar\/new_scp\/detalle.php?id=23500&amp;datos_academicos=yes&amp;keywords\">https:\/\/www.conicet.gov.ar\/new_scp\/detalle.php?id=23500&amp;datos_academicos=yes&amp;keywords<\/a>=<br \/>\nACADEMIA.EDU: <a href=\"http:\/\/cordoba.academia.edu\/AlejandraSoledadGonz%C3%A1lez\">http:\/\/cordoba.academia.edu\/AlejandraSoledadGonz\u00e1lez<\/a><\/td>\n<\/tr>\n<\/tbody>\n<\/table>\n","protected":false},"excerpt":{"rendered":"<p>Es Profesora Asistente concursada en Introducci\u00f3n a la Historia. Profesora, Licenciada y Doctora en Historia por la Facultad de Filosof\u00eda y Humanidades, Universidad Nacional de C\u00f3rdoba (FFyH-UNC). Se especializa en Historia cultural de procesos art\u00edsticos y juveniles. Se desempe\u00f1a como docente responsable de seminarios de grado y posgrado en dicha especialidad, tanto en la UNC&#8230; <\/p>\n<div class=\"link-more\"><a href=\"https:\/\/ffyh.unc.edu.ar\/historia\/nuestrxs-docentes\/gonzalez\/\">Lea m\u00e1s<\/a><\/div>\n","protected":false},"author":34,"featured_media":0,"parent":4089,"menu_order":0,"comment_status":"closed","ping_status":"closed","template":"","meta":{"_acf_changed":false,"_monsterinsights_skip_tracking":false,"_monsterinsights_sitenote_active":false,"_monsterinsights_sitenote_note":"","_monsterinsights_sitenote_category":0,"footnotes":""},"class_list":["post-4151","page","type-page","status-publish","hentry"],"acf":[],"jetpack_sharing_enabled":true,"_links":{"self":[{"href":"https:\/\/ffyh.unc.edu.ar\/historia\/wp-json\/wp\/v2\/pages\/4151","targetHints":{"allow":["GET"]}}],"collection":[{"href":"https:\/\/ffyh.unc.edu.ar\/historia\/wp-json\/wp\/v2\/pages"}],"about":[{"href":"https:\/\/ffyh.unc.edu.ar\/historia\/wp-json\/wp\/v2\/types\/page"}],"author":[{"embeddable":true,"href":"https:\/\/ffyh.unc.edu.ar\/historia\/wp-json\/wp\/v2\/users\/34"}],"replies":[{"embeddable":true,"href":"https:\/\/ffyh.unc.edu.ar\/historia\/wp-json\/wp\/v2\/comments?post=4151"}],"version-history":[{"count":8,"href":"https:\/\/ffyh.unc.edu.ar\/historia\/wp-json\/wp\/v2\/pages\/4151\/revisions"}],"predecessor-version":[{"id":4505,"href":"https:\/\/ffyh.unc.edu.ar\/historia\/wp-json\/wp\/v2\/pages\/4151\/revisions\/4505"}],"up":[{"embeddable":true,"href":"https:\/\/ffyh.unc.edu.ar\/historia\/wp-json\/wp\/v2\/pages\/4089"}],"wp:attachment":[{"href":"https:\/\/ffyh.unc.edu.ar\/historia\/wp-json\/wp\/v2\/media?parent=4151"}],"curies":[{"name":"wp","href":"https:\/\/api.w.org\/{rel}","templated":true}]}}