{"id":4157,"date":"2022-07-28T18:11:25","date_gmt":"2022-07-28T18:11:25","guid":{"rendered":"https:\/\/ffyh.unc.edu.ar\/historia\/?page_id=4157"},"modified":"2022-11-16T18:32:15","modified_gmt":"2022-11-16T18:32:15","slug":"salazar","status":"publish","type":"page","link":"https:\/\/ffyh.unc.edu.ar\/historia\/nuestrxs-docentes\/salazar\/","title":{"rendered":"Juli\u00e1n Salazar"},"content":{"rendered":"<table style=\"border-collapse: collapse;width: 100%\">\n<tbody>\n<tr>\n<td colspan=\"2\">\n<p style=\"text-align: justify\"><img data-recalc-dims=\"1\" decoding=\"async\" data-attachment-id=\"4720\" data-permalink=\"https:\/\/ffyh.unc.edu.ar\/historia\/nuestrxs-docentes\/salazar\/salazar_foto\/\" data-orig-file=\"https:\/\/i0.wp.com\/ffyh.unc.edu.ar\/historia\/wp-content\/uploads\/sites\/37\/2022\/07\/Salazar_foto.jpg?fit=405%2C406&amp;ssl=1\" data-orig-size=\"405,406\" data-comments-opened=\"0\" data-image-meta=\"{&quot;aperture&quot;:&quot;0&quot;,&quot;credit&quot;:&quot;&quot;,&quot;camera&quot;:&quot;&quot;,&quot;caption&quot;:&quot;&quot;,&quot;created_timestamp&quot;:&quot;1658961035&quot;,&quot;copyright&quot;:&quot;&quot;,&quot;focal_length&quot;:&quot;0&quot;,&quot;iso&quot;:&quot;0&quot;,&quot;shutter_speed&quot;:&quot;0&quot;,&quot;title&quot;:&quot;&quot;,&quot;orientation&quot;:&quot;1&quot;}\" data-image-title=\"Salazar_foto\" data-image-description=\"\" data-image-caption=\"\" data-medium-file=\"https:\/\/i0.wp.com\/ffyh.unc.edu.ar\/historia\/wp-content\/uploads\/sites\/37\/2022\/07\/Salazar_foto.jpg?fit=300%2C300&amp;ssl=1\" data-large-file=\"https:\/\/i0.wp.com\/ffyh.unc.edu.ar\/historia\/wp-content\/uploads\/sites\/37\/2022\/07\/Salazar_foto.jpg?fit=405%2C406&amp;ssl=1\" class=\"alignleft size-thumbnail wp-image-4720\" src=\"https:\/\/i0.wp.com\/ffyh.unc.edu.ar\/historia\/wp-content\/uploads\/sites\/37\/2022\/07\/Salazar_foto.jpg?resize=150%2C150\" alt=\"\" width=\"150\" height=\"150\" srcset=\"https:\/\/i0.wp.com\/ffyh.unc.edu.ar\/historia\/wp-content\/uploads\/sites\/37\/2022\/07\/Salazar_foto.jpg?resize=150%2C150&amp;ssl=1 150w, https:\/\/i0.wp.com\/ffyh.unc.edu.ar\/historia\/wp-content\/uploads\/sites\/37\/2022\/07\/Salazar_foto.jpg?resize=300%2C300&amp;ssl=1 300w, https:\/\/i0.wp.com\/ffyh.unc.edu.ar\/historia\/wp-content\/uploads\/sites\/37\/2022\/07\/Salazar_foto.jpg?resize=299%2C300&amp;ssl=1 299w, https:\/\/i0.wp.com\/ffyh.unc.edu.ar\/historia\/wp-content\/uploads\/sites\/37\/2022\/07\/Salazar_foto.jpg?w=405&amp;ssl=1 405w\" sizes=\"(max-width: 150px) 100vw, 150px\" \/>Profesor Adjunto interino en Prehistoria y Arqueolog\u00eda, con concurso como Profesor Asistente en la misma c\u00e1tedra. Es Doctor y Licenciado en Historia, FFyH, UNC. Realiz\u00f3 sus estudios de posdoctorado en el Departamento de Antropolog\u00eda de la University of Notre Dame, Indiana, USA. Se ha dedicado al estudio de los procesos sociales relacionados con la emergencia y consolidaci\u00f3n de la vida aldeana.<\/p>\n<p style=\"text-align: justify\">Sus principales herramientas de an\u00e1lisis arqueol\u00f3gico giran en torno al an\u00e1lisis espacial y paisaj\u00edstico. Metodol\u00f3gicamente en sus trabajos se ha centrado en el estudio del espacio dom\u00e9stico (realizando an\u00e1lisis sint\u00e1cticos, historia de vida y \u00e1reas de actividad de conjuntos residenciales del Per\u00edodo de Desarrollos Regionales y del Formativo en la Pcia de Tucum\u00e1n) y el paisaje aldeano.<\/p>\n<p style=\"text-align: justify\">Ha publicado m\u00e1s de 40 trabajos en medios cient\u00edficos, entre los cuales destacan:\u00a0Dynamic places, durable structures: Early Formative Agro-Pastoral settlements, South Andes, Argentina, en Antiquity (2016) y El Cadillal Arqueol\u00f3gico (Editorial Brujas, 2021).<\/p>\n<p style=\"text-align: justify\">Su proyecto de investigaci\u00f3n vigente se titula \u00abEstrategias dom\u00e9sticas y construcci\u00f3n de paisajes aldeanos. Arqueolog\u00eda del extremo sur de las cumbres Calchaqu\u00edes (Pcia. De Tucum\u00e1n, Rep. Argentina).\u00bb CONICET.<\/p>\n<\/td>\n<\/tr>\n<tr>\n<td style=\"width: 0.491159%\" colspan=\"2\">Contacto: <a href=\"mailto:juliansalazar@unc.edu.ar\">juliansalazar@unc.edu.ar<\/a><\/p>\n<p>ORCID:\u00a0<a href=\"https:\/\/orcid.org\/0000-0003-0671-1420\">https:\/\/orcid.org\/0000-0003-0671-1420<\/a><br \/>\nACADEMIA:\u00a0<a href=\"https:\/\/cordoba.academia.edu\/Juli%C3%A1nSalazar\">https:\/\/cordoba.academia.edu\/Juli%C3%A1nSalazar<\/a><br \/>\nRESEARCHGATE:\u00a0<a href=\"https:\/\/www.researchgate.net\/profile\/Julian-Salazar-4\">https:\/\/www.researchgate.net\/profile\/Julian-Salazar-4<\/a><br \/>\nACTA ACAD\u00c9MICA: <a href=\"https:\/\/www.aacademica.org\/eascc\">https:\/\/www.aacademica.org\/eascc<\/a><\/td>\n<\/tr>\n<\/tbody>\n<\/table>\n","protected":false},"excerpt":{"rendered":"<p>Profesor Adjunto interino en Prehistoria y Arqueolog\u00eda, con concurso como Profesor Asistente en la misma c\u00e1tedra. Es Doctor y Licenciado en Historia, FFyH, UNC. Realiz\u00f3 sus estudios de posdoctorado en el Departamento de Antropolog\u00eda de la University of Notre Dame, Indiana, USA. Se ha dedicado al estudio de los procesos sociales relacionados con la emergencia&#8230; <\/p>\n<div class=\"link-more\"><a href=\"https:\/\/ffyh.unc.edu.ar\/historia\/nuestrxs-docentes\/salazar\/\">Lea m\u00e1s<\/a><\/div>\n","protected":false},"author":34,"featured_media":0,"parent":4089,"menu_order":0,"comment_status":"closed","ping_status":"closed","template":"","meta":{"_acf_changed":false,"_monsterinsights_skip_tracking":false,"_monsterinsights_sitenote_active":false,"_monsterinsights_sitenote_note":"","_monsterinsights_sitenote_category":0,"footnotes":""},"class_list":["post-4157","page","type-page","status-publish","hentry"],"acf":[],"jetpack_sharing_enabled":true,"_links":{"self":[{"href":"https:\/\/ffyh.unc.edu.ar\/historia\/wp-json\/wp\/v2\/pages\/4157","targetHints":{"allow":["GET"]}}],"collection":[{"href":"https:\/\/ffyh.unc.edu.ar\/historia\/wp-json\/wp\/v2\/pages"}],"about":[{"href":"https:\/\/ffyh.unc.edu.ar\/historia\/wp-json\/wp\/v2\/types\/page"}],"author":[{"embeddable":true,"href":"https:\/\/ffyh.unc.edu.ar\/historia\/wp-json\/wp\/v2\/users\/34"}],"replies":[{"embeddable":true,"href":"https:\/\/ffyh.unc.edu.ar\/historia\/wp-json\/wp\/v2\/comments?post=4157"}],"version-history":[{"count":7,"href":"https:\/\/ffyh.unc.edu.ar\/historia\/wp-json\/wp\/v2\/pages\/4157\/revisions"}],"predecessor-version":[{"id":5060,"href":"https:\/\/ffyh.unc.edu.ar\/historia\/wp-json\/wp\/v2\/pages\/4157\/revisions\/5060"}],"up":[{"embeddable":true,"href":"https:\/\/ffyh.unc.edu.ar\/historia\/wp-json\/wp\/v2\/pages\/4089"}],"wp:attachment":[{"href":"https:\/\/ffyh.unc.edu.ar\/historia\/wp-json\/wp\/v2\/media?parent=4157"}],"curies":[{"name":"wp","href":"https:\/\/api.w.org\/{rel}","templated":true}]}}