{"id":4174,"date":"2022-07-28T18:17:19","date_gmt":"2022-07-28T18:17:19","guid":{"rendered":"https:\/\/ffyh.unc.edu.ar\/historia\/?page_id=4174"},"modified":"2022-08-03T20:07:20","modified_gmt":"2022-08-03T20:07:20","slug":"moreno","status":"publish","type":"page","link":"https:\/\/ffyh.unc.edu.ar\/historia\/nuestrxs-docentes\/moreno\/","title":{"rendered":"Agust\u00edn Moreno"},"content":{"rendered":"<table style=\"border-collapse: collapse;width: 100%\">\n<tbody>\n<tr>\n<td style=\"width: 25%\" colspan=\"2\">\n<p style=\"text-align: justify\"><img data-recalc-dims=\"1\" decoding=\"async\" data-attachment-id=\"4537\" data-permalink=\"https:\/\/ffyh.unc.edu.ar\/historia\/nuestrxs-docentes\/moreno\/moreno_foto\/\" data-orig-file=\"https:\/\/i0.wp.com\/ffyh.unc.edu.ar\/historia\/wp-content\/uploads\/sites\/37\/2022\/07\/Moreno_foto.jpg?fit=302%2C302&amp;ssl=1\" data-orig-size=\"302,302\" data-comments-opened=\"0\" data-image-meta=\"{&quot;aperture&quot;:&quot;0&quot;,&quot;credit&quot;:&quot;&quot;,&quot;camera&quot;:&quot;&quot;,&quot;caption&quot;:&quot;&quot;,&quot;created_timestamp&quot;:&quot;1658961061&quot;,&quot;copyright&quot;:&quot;&quot;,&quot;focal_length&quot;:&quot;0&quot;,&quot;iso&quot;:&quot;0&quot;,&quot;shutter_speed&quot;:&quot;0&quot;,&quot;title&quot;:&quot;&quot;,&quot;orientation&quot;:&quot;1&quot;}\" data-image-title=\"Moreno_foto\" data-image-description=\"\" data-image-caption=\"\" data-medium-file=\"https:\/\/i0.wp.com\/ffyh.unc.edu.ar\/historia\/wp-content\/uploads\/sites\/37\/2022\/07\/Moreno_foto.jpg?fit=300%2C300&amp;ssl=1\" data-large-file=\"https:\/\/i0.wp.com\/ffyh.unc.edu.ar\/historia\/wp-content\/uploads\/sites\/37\/2022\/07\/Moreno_foto.jpg?fit=302%2C302&amp;ssl=1\" class=\"size-thumbnail wp-image-4537 alignleft\" style=\"width: 25%\" src=\"https:\/\/i0.wp.com\/ffyh.unc.edu.ar\/historia\/wp-content\/uploads\/sites\/37\/2022\/07\/Moreno_foto.jpg?resize=150%2C150\" alt=\"\" width=\"150\" height=\"150\" srcset=\"https:\/\/i0.wp.com\/ffyh.unc.edu.ar\/historia\/wp-content\/uploads\/sites\/37\/2022\/07\/Moreno_foto.jpg?resize=150%2C150&amp;ssl=1 150w, https:\/\/i0.wp.com\/ffyh.unc.edu.ar\/historia\/wp-content\/uploads\/sites\/37\/2022\/07\/Moreno_foto.jpg?resize=300%2C300&amp;ssl=1 300w, https:\/\/i0.wp.com\/ffyh.unc.edu.ar\/historia\/wp-content\/uploads\/sites\/37\/2022\/07\/Moreno_foto.jpg?w=302&amp;ssl=1 302w\" sizes=\"(max-width: 150px) 100vw, 150px\" \/>Profesor asistente por concurso en Historia Antigua. Es Doctor en Historia por la Universidad Nacional de C\u00f3rdoba. Actualmente, se desempe\u00f1a como Editor Responsable del Anuario de la Escuela de Historia Virtual. Sus \u00e1reas de inter\u00e9s son la historiograf\u00eda romana, especialmente la obra de Tito Livio, la historiograf\u00eda moderna sobre el mundo antiguo y el debate sobre la romanizaci\u00f3n.<\/p>\n<p style=\"text-align: justify\">Ha coeditado dos libros con A. M. Moreno Leoni, <i>Historiograf\u00eda moderna y mundo antiguo (1850-1970)<\/i> en 2018 y <i>Discurso y poder en Grecia y Roma: lecturas desde la historia y la literatura<\/i> en 2017 Entre sus art\u00edculos, se destacan: \u201cLos estereotipos \u00e9tnicos en <i>Ab urbe condita<\/i>: un estado de la cuesti\u00f3n\u201d; \u201c\u00bf<i>Patavinitas<\/i> m\u00e1s all\u00e1 de Quintiliano? Sobre las interpretaciones morales del \u00faltimo siglo\u201d; \u201cCuando los romanos conocieron a los galos. Una reinterpretaci\u00f3n de la narraci\u00f3n de Livio del ataque b\u00e1rbaro a Roma\u201d; \u201cMotivos griegos en el episodio titoliviano del ataque de Porsena a Roma\u201d; \u201cLa representaci\u00f3n de los etruscos en <i>Ab urbe condita<\/i>. Un estado de la cuesti\u00f3n\u201d; \u201cPolibio y la digresi\u00f3n sobre la migraci\u00f3n gala en el libro V de Tito Livio\u201d; \u201cReflexiones en torno al uso del motivo de <i>Iliupersis<\/i> en la narraci\u00f3n titoliviana de la ca\u00edda de Veyos\u201d; y \u201cLos cartagineses en la reflexi\u00f3n pol\u00edtico moral del <i>Bellum Iugurthinum<\/i>\u201d.<\/p>\n<p style=\"text-align: justify\">Actualmente, es miembro de los proyectos de investigaci\u00f3n \u201cFundaci\u00f3n de ciudades en la antig\u00fcedad cl\u00e1sica\u201d (Instituto de Investigaciones Filol\u00f3gicas de la UNAM) y \u201cLibertad, imperio y civilizaci\u00f3n en la historiograf\u00eda cl\u00e1sica sobre el mundo antiguo, siglo XIX y XX\u201d (SECYT-UNC).<\/p>\n<\/td>\n<\/tr>\n<tr>\n<td style=\"width: 100%;text-align: justify\" colspan=\"2\">\n<p style=\"text-align: justify\">Contacto: <a href=\"mailto:agustin.moreno@unc.edu.ar\">agustin.moreno@unc.edu.ar<\/a><\/p>\n<p>ACADEMIA: <a href=\"https:\/\/cordoba.academia.edu\/Agust%C3%ADnMoreno\">https:\/\/cordoba.academia.edu\/Agust\u00ednMoreno<\/a><br \/>\nORCID: <a href=\"https:\/\/orcid.org\/0000-0002-9277-4606\">https:\/\/orcid.org\/0000-0002-9277-4606<\/a>&gt;<\/td>\n<\/tr>\n<\/tbody>\n<\/table>\n","protected":false},"excerpt":{"rendered":"<p>Profesor asistente por concurso en Historia Antigua. Es Doctor en Historia por la Universidad Nacional de C\u00f3rdoba. Actualmente, se desempe\u00f1a como Editor Responsable del Anuario de la Escuela de Historia Virtual. Sus \u00e1reas de inter\u00e9s son la historiograf\u00eda romana, especialmente la obra de Tito Livio, la historiograf\u00eda moderna sobre el mundo antiguo y el debate&#8230; <\/p>\n<div class=\"link-more\"><a href=\"https:\/\/ffyh.unc.edu.ar\/historia\/nuestrxs-docentes\/moreno\/\">Lea m\u00e1s<\/a><\/div>\n","protected":false},"author":34,"featured_media":0,"parent":4089,"menu_order":0,"comment_status":"closed","ping_status":"closed","template":"","meta":{"_acf_changed":false,"_monsterinsights_skip_tracking":false,"_monsterinsights_sitenote_active":false,"_monsterinsights_sitenote_note":"","_monsterinsights_sitenote_category":0,"footnotes":""},"class_list":["post-4174","page","type-page","status-publish","hentry"],"acf":[],"jetpack_sharing_enabled":true,"_links":{"self":[{"href":"https:\/\/ffyh.unc.edu.ar\/historia\/wp-json\/wp\/v2\/pages\/4174","targetHints":{"allow":["GET"]}}],"collection":[{"href":"https:\/\/ffyh.unc.edu.ar\/historia\/wp-json\/wp\/v2\/pages"}],"about":[{"href":"https:\/\/ffyh.unc.edu.ar\/historia\/wp-json\/wp\/v2\/types\/page"}],"author":[{"embeddable":true,"href":"https:\/\/ffyh.unc.edu.ar\/historia\/wp-json\/wp\/v2\/users\/34"}],"replies":[{"embeddable":true,"href":"https:\/\/ffyh.unc.edu.ar\/historia\/wp-json\/wp\/v2\/comments?post=4174"}],"version-history":[{"count":6,"href":"https:\/\/ffyh.unc.edu.ar\/historia\/wp-json\/wp\/v2\/pages\/4174\/revisions"}],"predecessor-version":[{"id":4810,"href":"https:\/\/ffyh.unc.edu.ar\/historia\/wp-json\/wp\/v2\/pages\/4174\/revisions\/4810"}],"up":[{"embeddable":true,"href":"https:\/\/ffyh.unc.edu.ar\/historia\/wp-json\/wp\/v2\/pages\/4089"}],"wp:attachment":[{"href":"https:\/\/ffyh.unc.edu.ar\/historia\/wp-json\/wp\/v2\/media?parent=4174"}],"curies":[{"name":"wp","href":"https:\/\/api.w.org\/{rel}","templated":true}]}}