{"id":4202,"date":"2022-07-28T18:24:30","date_gmt":"2022-07-28T18:24:30","guid":{"rendered":"https:\/\/ffyh.unc.edu.ar\/historia\/?page_id=4202"},"modified":"2024-08-15T15:11:04","modified_gmt":"2024-08-15T15:11:04","slug":"gutierrez","status":"publish","type":"page","link":"https:\/\/ffyh.unc.edu.ar\/historia\/nuestrxs-docentes\/gutierrez\/","title":{"rendered":"Clara Guti\u00e9rrez"},"content":{"rendered":"<table style=\"border-collapse: collapse;width: 100%\">\n<tbody>\n<tr>\n<td colspan=\"2\">\n<p style=\"text-align: justify\"><img data-recalc-dims=\"1\" decoding=\"async\" data-attachment-id=\"4512\" data-permalink=\"https:\/\/ffyh.unc.edu.ar\/historia\/nuestrxs-docentes\/gutierrez\/gutierrez_foto\/\" data-orig-file=\"https:\/\/i0.wp.com\/ffyh.unc.edu.ar\/historia\/wp-content\/uploads\/sites\/37\/2022\/07\/Gutierrez_foto.jpg?fit=408%2C409&amp;ssl=1\" data-orig-size=\"408,409\" data-comments-opened=\"0\" data-image-meta=\"{&quot;aperture&quot;:&quot;0&quot;,&quot;credit&quot;:&quot;&quot;,&quot;camera&quot;:&quot;&quot;,&quot;caption&quot;:&quot;&quot;,&quot;created_timestamp&quot;:&quot;1658961155&quot;,&quot;copyright&quot;:&quot;&quot;,&quot;focal_length&quot;:&quot;0&quot;,&quot;iso&quot;:&quot;0&quot;,&quot;shutter_speed&quot;:&quot;0&quot;,&quot;title&quot;:&quot;&quot;,&quot;orientation&quot;:&quot;1&quot;}\" data-image-title=\"Gutierrez_foto\" data-image-description=\"\" data-image-caption=\"\" data-medium-file=\"https:\/\/i0.wp.com\/ffyh.unc.edu.ar\/historia\/wp-content\/uploads\/sites\/37\/2022\/07\/Gutierrez_foto.jpg?fit=300%2C300&amp;ssl=1\" data-large-file=\"https:\/\/i0.wp.com\/ffyh.unc.edu.ar\/historia\/wp-content\/uploads\/sites\/37\/2022\/07\/Gutierrez_foto.jpg?fit=408%2C409&amp;ssl=1\" class=\"size-thumbnail wp-image-4512 alignleft\" src=\"https:\/\/i0.wp.com\/ffyh.unc.edu.ar\/historia\/wp-content\/uploads\/sites\/37\/2022\/07\/Gutierrez_foto.jpg?resize=150%2C150\" alt=\"\" width=\"150\" height=\"150\" srcset=\"https:\/\/i0.wp.com\/ffyh.unc.edu.ar\/historia\/wp-content\/uploads\/sites\/37\/2022\/07\/Gutierrez_foto.jpg?resize=150%2C150&amp;ssl=1 150w, https:\/\/i0.wp.com\/ffyh.unc.edu.ar\/historia\/wp-content\/uploads\/sites\/37\/2022\/07\/Gutierrez_foto.jpg?resize=300%2C300&amp;ssl=1 300w, https:\/\/i0.wp.com\/ffyh.unc.edu.ar\/historia\/wp-content\/uploads\/sites\/37\/2022\/07\/Gutierrez_foto.jpg?resize=299%2C300&amp;ssl=1 299w, https:\/\/i0.wp.com\/ffyh.unc.edu.ar\/historia\/wp-content\/uploads\/sites\/37\/2022\/07\/Gutierrez_foto.jpg?w=408&amp;ssl=1 408w\" sizes=\"(max-width: 150px) 100vw, 150px\" \/>Profesora Asistente concursada en \u00abHistoria Moderna\u00bb. Doctora en Historia por la Universidad Nacional de C\u00f3rdoba. Becaria del Proyecto Consolidar SECyT-UNC- 2018-2022 Titulado: \u201cPor una Historia Moderna de Am\u00e9rica: C\u00f3rdoba del Tucum\u00e1n y el R\u00edo de la Plata en la monarqu\u00eda hisp\u00e1nica. Formas de poder, territorialidad, pr\u00e1cticas socioecon\u00f3micas y pol\u00edtico-culturales (1700-1810)\u201d. Diplomada en Sistema de Informaci\u00f3n Geogr\u00e1fica (SIG) FFyL, UBA. Tambi\u00e9n se desempe\u00f1a en el \u00c1rea de Extensi\u00f3n Universitaria como Docente Dictante en Cursos del \u00c1rea de Formaci\u00f3n Continua con puntaje docente, PUC (Programa Universitario para el Sistema Penitenciario C\u00f3rdoba) y adultos mayores.<\/p>\n<p style=\"text-align: justify\">Ha participado en numerosos congresos regionales, nacionales e internacionales, Workshop y Jornadas interuniversitarias. Entre sus publicaciones se destacan \u201cLa Justicia en los Pueblos de Indios de C\u00f3rdoba a fines del siglo XVIII\u201d; \u201cGer\u00f3nimo Matorras, Gobernador del Tucum\u00e1n. El v\u00ednculo como agencia pol\u00edtica\u201d \u201cEl comerciante Ger\u00f3nimo Matorras en la silla de gobierno del Tucum\u00e1n -1769-1775-\u201d; y \u201cHacer Historia Moderna. L\u00edneas actuales y futuras de investigaci\u00f3n\u201d.<\/p>\n<\/td>\n<\/tr>\n<tr>\n<td style=\"width: 25%\" colspan=\"2\">Contacto: <a href=\"mailto:clara.gutierrez@unc.edu.ar\">clara.gutierrez@unc.edu.ar<\/a><\/p>\n<p>ACADEMIA.EDU: <a href=\"https:\/\/cordoba.academia.edu\/CLARADANIELAGUTIERREZ\">https:\/\/cordoba.academia.edu\/CLARADANIELAGUTIERREZ<\/a><\/td>\n<\/tr>\n<\/tbody>\n<\/table>\n","protected":false},"excerpt":{"rendered":"<p>Profesora Asistente concursada en \u00abHistoria Moderna\u00bb. Doctora en Historia por la Universidad Nacional de C\u00f3rdoba. Becaria del Proyecto Consolidar SECyT-UNC- 2018-2022 Titulado: \u201cPor una Historia Moderna de Am\u00e9rica: C\u00f3rdoba del Tucum\u00e1n y el R\u00edo de la Plata en la monarqu\u00eda hisp\u00e1nica. Formas de poder, territorialidad, pr\u00e1cticas socioecon\u00f3micas y pol\u00edtico-culturales (1700-1810)\u201d. Diplomada en Sistema de Informaci\u00f3n&#8230; <\/p>\n<div class=\"link-more\"><a href=\"https:\/\/ffyh.unc.edu.ar\/historia\/nuestrxs-docentes\/gutierrez\/\">Lea m\u00e1s<\/a><\/div>\n","protected":false},"author":34,"featured_media":0,"parent":4089,"menu_order":0,"comment_status":"closed","ping_status":"closed","template":"","meta":{"_acf_changed":false,"_monsterinsights_skip_tracking":false,"_monsterinsights_sitenote_active":false,"_monsterinsights_sitenote_note":"","_monsterinsights_sitenote_category":0,"footnotes":""},"class_list":["post-4202","page","type-page","status-publish","hentry"],"acf":[],"jetpack_sharing_enabled":true,"_links":{"self":[{"href":"https:\/\/ffyh.unc.edu.ar\/historia\/wp-json\/wp\/v2\/pages\/4202","targetHints":{"allow":["GET"]}}],"collection":[{"href":"https:\/\/ffyh.unc.edu.ar\/historia\/wp-json\/wp\/v2\/pages"}],"about":[{"href":"https:\/\/ffyh.unc.edu.ar\/historia\/wp-json\/wp\/v2\/types\/page"}],"author":[{"embeddable":true,"href":"https:\/\/ffyh.unc.edu.ar\/historia\/wp-json\/wp\/v2\/users\/34"}],"replies":[{"embeddable":true,"href":"https:\/\/ffyh.unc.edu.ar\/historia\/wp-json\/wp\/v2\/comments?post=4202"}],"version-history":[{"count":9,"href":"https:\/\/ffyh.unc.edu.ar\/historia\/wp-json\/wp\/v2\/pages\/4202\/revisions"}],"predecessor-version":[{"id":6138,"href":"https:\/\/ffyh.unc.edu.ar\/historia\/wp-json\/wp\/v2\/pages\/4202\/revisions\/6138"}],"up":[{"embeddable":true,"href":"https:\/\/ffyh.unc.edu.ar\/historia\/wp-json\/wp\/v2\/pages\/4089"}],"wp:attachment":[{"href":"https:\/\/ffyh.unc.edu.ar\/historia\/wp-json\/wp\/v2\/media?parent=4202"}],"curies":[{"name":"wp","href":"https:\/\/api.w.org\/{rel}","templated":true}]}}