{"id":4216,"date":"2022-07-28T18:41:09","date_gmt":"2022-07-28T18:41:09","guid":{"rendered":"https:\/\/ffyh.unc.edu.ar\/historia\/?page_id=4216"},"modified":"2022-08-02T16:21:10","modified_gmt":"2022-08-02T16:21:10","slug":"zelada","status":"publish","type":"page","link":"https:\/\/ffyh.unc.edu.ar\/historia\/nuestrxs-docentes\/zelada\/","title":{"rendered":"Virginia Zelada"},"content":{"rendered":"<table style=\"border-collapse: collapse;width: 100%\">\n<tbody>\n<tr>\n<td colspan=\"2\">\n<p style=\"text-align: justify\"><img data-recalc-dims=\"1\" decoding=\"async\" data-attachment-id=\"4747\" data-permalink=\"https:\/\/ffyh.unc.edu.ar\/historia\/nuestrxs-docentes\/zelada\/zelada_foto\/\" data-orig-file=\"https:\/\/i0.wp.com\/ffyh.unc.edu.ar\/historia\/wp-content\/uploads\/sites\/37\/2022\/07\/Zelada_foto.jpg?fit=257%2C257&amp;ssl=1\" data-orig-size=\"257,257\" data-comments-opened=\"0\" data-image-meta=\"{&quot;aperture&quot;:&quot;0&quot;,&quot;credit&quot;:&quot;&quot;,&quot;camera&quot;:&quot;&quot;,&quot;caption&quot;:&quot;&quot;,&quot;created_timestamp&quot;:&quot;1658961209&quot;,&quot;copyright&quot;:&quot;&quot;,&quot;focal_length&quot;:&quot;0&quot;,&quot;iso&quot;:&quot;0&quot;,&quot;shutter_speed&quot;:&quot;0&quot;,&quot;title&quot;:&quot;&quot;,&quot;orientation&quot;:&quot;1&quot;}\" data-image-title=\"Zelada_foto\" data-image-description=\"\" data-image-caption=\"\" data-medium-file=\"https:\/\/i0.wp.com\/ffyh.unc.edu.ar\/historia\/wp-content\/uploads\/sites\/37\/2022\/07\/Zelada_foto.jpg?fit=257%2C257&amp;ssl=1\" data-large-file=\"https:\/\/i0.wp.com\/ffyh.unc.edu.ar\/historia\/wp-content\/uploads\/sites\/37\/2022\/07\/Zelada_foto.jpg?fit=257%2C257&amp;ssl=1\" class=\"alignleft size-thumbnail wp-image-4747\" src=\"https:\/\/i0.wp.com\/ffyh.unc.edu.ar\/historia\/wp-content\/uploads\/sites\/37\/2022\/07\/Zelada_foto.jpg?resize=150%2C150\" alt=\"\" width=\"150\" height=\"150\" srcset=\"https:\/\/i0.wp.com\/ffyh.unc.edu.ar\/historia\/wp-content\/uploads\/sites\/37\/2022\/07\/Zelada_foto.jpg?resize=150%2C150&amp;ssl=1 150w, https:\/\/i0.wp.com\/ffyh.unc.edu.ar\/historia\/wp-content\/uploads\/sites\/37\/2022\/07\/Zelada_foto.jpg?w=257&amp;ssl=1 257w\" sizes=\"(max-width: 150px) 100vw, 150px\" \/>Profesora Asistente interina en Historia de Am\u00e9rica I, con carga anexa en Etnohistoria Andina. Es Licenciada y Profesora en Historia (FFYH\u2013UNC) especializada en el \u00e1rea de la Historia Colonial y Etnohistoria de la Gobernaci\u00f3n del Tucum\u00e1n siglos XVI y XVII.<\/p>\n<p style=\"text-align: justify\">Es autora del libro <em>Calchaqu\u00edes en C\u00f3rdoba. Desnaturalizaciones, encomiendas y pueblos de indios a fines del siglo XVII (en prensa, Edit. Prometeo)<\/em>, resultado de salir ganadora en primer lugar del V Concurso de Tesis de las XVII Jornadas\/Departamentos de Historia. UNCA.<\/p>\n<p style=\"text-align: justify\">Ha publicado numerosos art\u00edculos sobre el proceso de desnaturalizaci\u00f3n de los indios \u201crebeldes\u201d del valle Calchaqu\u00ed, espec\u00edficamente sobre aquellos destinados a la Jurisdicci\u00f3n de C\u00f3rdoba durante la segunda mitad del siglo XVII y las pol\u00edticas coloniales que reglamentaron la entrega de los mismos. Tales art\u00edculos y transcripciones de documentos de la materia, son \u00abDocumentos sobre la guerra y la desnaturalizaci\u00f3n Calchaqu\u00ed. Los autos del Gobernador Alonso de Mercado y Villacorta\u00bb, en coautor\u00eda con Isabel Castro Ola\u00f1eta; \u00abEl control sobre las encomiendas de la gobernaci\u00f3n del Tucum\u00e1n. Un Auto del gobernador Mart\u00edn de J\u00e1uregui y las presentaciones de los vecinos de C\u00f3rdoba (1693)\u00bb y \u201cEntrega y distribuci\u00f3n de indios desnaturalizados en C\u00f3rdoba. Promesas, normativas y disposiciones de gobierno en torno al \u00abproblema\u00bb calchaqu\u00ed.1659-1693\u201d; entre otros.<\/p>\n<p style=\"text-align: justify\">Se desempe\u00f1a como investigadora (en formaci\u00f3n) en el proyecto de investigaci\u00f3n \u201cSociedades ind\u00edgenas y sistema colonial: la Gobernaci\u00f3n del Tucum\u00e1n durante el per\u00edodo colonial\u201d. Secyt-UNC dirigido por Isabel Castro Ola\u00f1eta y del \u201cPrograma de Historia Regional Andina\u201d (CIFFyH-UNC). Asimismo, ha integrado desde 2012 Proyectos y Programas de Investigaci\u00f3n del CIFFyH dirigidos por Silvia Palomeque, Isabel Castro Ola\u00f1eta y Sonia Tell.<\/p>\n<p style=\"text-align: justify\">Actualmente se encuentra trabajando en su proyecto de investigaci\u00f3n doctoral donde profundiza su especializaci\u00f3n sobre las pol\u00edticas espa\u00f1olas y el avance militar sobre indios \u201crebeldes\u201d del Chaco durante los siglos XVII y XVIII.<\/p>\n<\/td>\n<\/tr>\n<tr>\n<td style=\"width: 0.491159%\" colspan=\"2\">Contacto: <a href=\"mailto:virginia.zelada@unc.edu.ar\">virginia.zelada@unc.edu.ar<\/a><\/p>\n<p>ACADEMIA.EDU: <a href=\"https:\/\/cordoba.academia.edu\/VirginiaZelada\">https:\/\/cordoba.academia.edu\/VirginiaZelada<\/a><\/td>\n<\/tr>\n<\/tbody>\n<\/table>\n","protected":false},"excerpt":{"rendered":"<p>Profesora Asistente interina en Historia de Am\u00e9rica I, con carga anexa en Etnohistoria Andina. Es Licenciada y Profesora en Historia (FFYH\u2013UNC) especializada en el \u00e1rea de la Historia Colonial y Etnohistoria de la Gobernaci\u00f3n del Tucum\u00e1n siglos XVI y XVII. Es autora del libro Calchaqu\u00edes en C\u00f3rdoba. Desnaturalizaciones, encomiendas y pueblos de indios a fines&#8230; <\/p>\n<div class=\"link-more\"><a href=\"https:\/\/ffyh.unc.edu.ar\/historia\/nuestrxs-docentes\/zelada\/\">Lea m\u00e1s<\/a><\/div>\n","protected":false},"author":34,"featured_media":0,"parent":4089,"menu_order":0,"comment_status":"closed","ping_status":"closed","template":"","meta":{"_acf_changed":false,"_monsterinsights_skip_tracking":false,"_monsterinsights_sitenote_active":false,"_monsterinsights_sitenote_note":"","_monsterinsights_sitenote_category":0,"footnotes":""},"class_list":["post-4216","page","type-page","status-publish","hentry"],"acf":[],"jetpack_sharing_enabled":true,"_links":{"self":[{"href":"https:\/\/ffyh.unc.edu.ar\/historia\/wp-json\/wp\/v2\/pages\/4216","targetHints":{"allow":["GET"]}}],"collection":[{"href":"https:\/\/ffyh.unc.edu.ar\/historia\/wp-json\/wp\/v2\/pages"}],"about":[{"href":"https:\/\/ffyh.unc.edu.ar\/historia\/wp-json\/wp\/v2\/types\/page"}],"author":[{"embeddable":true,"href":"https:\/\/ffyh.unc.edu.ar\/historia\/wp-json\/wp\/v2\/users\/34"}],"replies":[{"embeddable":true,"href":"https:\/\/ffyh.unc.edu.ar\/historia\/wp-json\/wp\/v2\/comments?post=4216"}],"version-history":[{"count":5,"href":"https:\/\/ffyh.unc.edu.ar\/historia\/wp-json\/wp\/v2\/pages\/4216\/revisions"}],"predecessor-version":[{"id":4746,"href":"https:\/\/ffyh.unc.edu.ar\/historia\/wp-json\/wp\/v2\/pages\/4216\/revisions\/4746"}],"up":[{"embeddable":true,"href":"https:\/\/ffyh.unc.edu.ar\/historia\/wp-json\/wp\/v2\/pages\/4089"}],"wp:attachment":[{"href":"https:\/\/ffyh.unc.edu.ar\/historia\/wp-json\/wp\/v2\/media?parent=4216"}],"curies":[{"name":"wp","href":"https:\/\/api.w.org\/{rel}","templated":true}]}}