{"id":4230,"date":"2022-07-28T18:50:05","date_gmt":"2022-07-28T18:50:05","guid":{"rendered":"https:\/\/ffyh.unc.edu.ar\/historia\/?page_id=4230"},"modified":"2022-08-02T16:25:46","modified_gmt":"2022-08-02T16:25:46","slug":"blancoj","status":"publish","type":"page","link":"https:\/\/ffyh.unc.edu.ar\/historia\/nuestrxs-docentes\/blancoj\/","title":{"rendered":"Jessica Blanco"},"content":{"rendered":"<table style=\"border-collapse: collapse;width: 100%\">\n<tbody>\n<tr>\n<td colspan=\"2\">\n<p style=\"text-align: justify\"><img data-recalc-dims=\"1\" decoding=\"async\" data-attachment-id=\"4448\" data-permalink=\"https:\/\/ffyh.unc.edu.ar\/historia\/nuestrxs-docentes\/blancoj\/blancoj_foto\/\" data-orig-file=\"https:\/\/i0.wp.com\/ffyh.unc.edu.ar\/historia\/wp-content\/uploads\/sites\/37\/2022\/07\/BlancoJ_foto.jpg?fit=896%2C896&amp;ssl=1\" data-orig-size=\"896,896\" data-comments-opened=\"0\" data-image-meta=\"{&quot;aperture&quot;:&quot;0&quot;,&quot;credit&quot;:&quot;&quot;,&quot;camera&quot;:&quot;&quot;,&quot;caption&quot;:&quot;&quot;,&quot;created_timestamp&quot;:&quot;1658961289&quot;,&quot;copyright&quot;:&quot;&quot;,&quot;focal_length&quot;:&quot;0&quot;,&quot;iso&quot;:&quot;0&quot;,&quot;shutter_speed&quot;:&quot;0&quot;,&quot;title&quot;:&quot;&quot;,&quot;orientation&quot;:&quot;1&quot;}\" data-image-title=\"BlancoJ_foto\" data-image-description=\"\" data-image-caption=\"\" data-medium-file=\"https:\/\/i0.wp.com\/ffyh.unc.edu.ar\/historia\/wp-content\/uploads\/sites\/37\/2022\/07\/BlancoJ_foto.jpg?fit=300%2C300&amp;ssl=1\" data-large-file=\"https:\/\/i0.wp.com\/ffyh.unc.edu.ar\/historia\/wp-content\/uploads\/sites\/37\/2022\/07\/BlancoJ_foto.jpg?fit=896%2C896&amp;ssl=1\" class=\"size-thumbnail wp-image-4448 alignleft\" src=\"https:\/\/i0.wp.com\/ffyh.unc.edu.ar\/historia\/wp-content\/uploads\/sites\/37\/2022\/07\/BlancoJ_foto.jpg?resize=150%2C150\" alt=\"\" width=\"150\" height=\"150\" srcset=\"https:\/\/i0.wp.com\/ffyh.unc.edu.ar\/historia\/wp-content\/uploads\/sites\/37\/2022\/07\/BlancoJ_foto.jpg?resize=150%2C150&amp;ssl=1 150w, https:\/\/i0.wp.com\/ffyh.unc.edu.ar\/historia\/wp-content\/uploads\/sites\/37\/2022\/07\/BlancoJ_foto.jpg?resize=300%2C300&amp;ssl=1 300w, https:\/\/i0.wp.com\/ffyh.unc.edu.ar\/historia\/wp-content\/uploads\/sites\/37\/2022\/07\/BlancoJ_foto.jpg?resize=768%2C768&amp;ssl=1 768w, https:\/\/i0.wp.com\/ffyh.unc.edu.ar\/historia\/wp-content\/uploads\/sites\/37\/2022\/07\/BlancoJ_foto.jpg?w=896&amp;ssl=1 896w\" sizes=\"(max-width: 150px) 100vw, 150px\" \/>Profesora Asistente concursada en Historia Argentina I. Es Profesora, Licenciada y Doctora en Historia, egresada de la Universidad Nacional de C\u00f3rdoba. Es Investigadora Adjunta del CONICET, siendo su \u00e1rea de especialidad la historia pol\u00edtica argentina.<\/p>\n<p style=\"text-align: justify\">Es autora y editora de varios libros, de numerosos art\u00edculos y cap\u00edtulos de libro que remiten al an\u00e1lisis relacional entre identidad cat\u00f3lica, clase obrera y diferentes expresiones pol\u00edticas que abrevan en el socialismo, el comunismo, el radicalismo, el laborismo y el peronismo entre las d\u00e9cadas de 1930 y 1950. Entre sus producciones pueden mencionarse los libros <i>Historia de una relaci\u00f3n impensada. El catolicismo en los sindicatos durante el primer peronismo<\/i> y <i>Modernidad conservadora y cultura pol\u00edtica: la Acci\u00f3n Cat\u00f3lica\u00a0 Argentina (1931 &#8211; 1941)<\/i>.<\/p>\n<p style=\"text-align: justify\">Entre sus m\u00e1s recientes art\u00edculos se destacan \u201c\u2018\u00bfQu\u00e9 tiene que ver la religi\u00f3n con esto?\u2019 Reconsideraciones sobre la influencia cat\u00f3lica en los sindicatos durante el peronismo\u201d; \u201cSer parte de. Los cuadros sindicales de la Federaci\u00f3n Socialista de C\u00f3rdoba en los a\u00f1os treinta\u201d; \u201cDel protagonismo al ocaso. Las dirigencias sindicales comunistas de C\u00f3rdoba ante la irrupci\u00f3n del peronismo (1936-1948)\u201d; \u201cIglesia y representaciones de clase en Argentina a mediados del siglo XX. Una aproximaci\u00f3n desde la cultura clasista jocista\u201d. Entre los cap\u00edtulos de libros \u201cLos valores cat\u00f3licos en la vida p\u00fablica. El C\u00edrculo Cat\u00f3lico de Obreros de C\u00f3rdoba y su relaci\u00f3n con las dirigencias sindicales y pol\u00edticas peronistas (1943-1955)\u201d, y \u201cTrayectorias pol\u00edticas y ejercicio partidario. La experiencia del Partido Laborista en C\u00f3rdoba, 1945-1948\u201d.<\/p>\n<p style=\"text-align: justify\">En la actualidad dirige el proyecto de investigaci\u00f3n Consolidar \u201cCulturas y acciones pol\u00edticas en C\u00f3rdoba durante el siglo XX\u201d, radicado en el Centro de Investigaciones \u201cMar\u00eda Saleme de Burnich\u00f3n\u201d (2020-2023).<\/p>\n<\/td>\n<\/tr>\n<tr>\n<td style=\"width: 0.495295%\" colspan=\"2\">Contacto: <a href=\"mailto:jessica.blanco@unc.edu.ar\">jessica.blanco@unc.edu.ar<\/a>\u00a0\u00a0<i>\u00a0<\/i><\/p>\n<p>CONICET: <a href=\"https:\/\/www.conicet.gov.ar\/new_scp\/detalle.php?keywords=jessica%2Bblanco&amp;id=27353&amp;datos_academicos=yes\">https:\/\/www.conicet.gov.ar\/new_scp\/detalle.php?keywords=jessica%2Bblanco&amp;id=27353&amp;datos_academicos=yes<\/a><\/td>\n<\/tr>\n<\/tbody>\n<\/table>\n","protected":false},"excerpt":{"rendered":"<p>Profesora Asistente concursada en Historia Argentina I. Es Profesora, Licenciada y Doctora en Historia, egresada de la Universidad Nacional de C\u00f3rdoba. Es Investigadora Adjunta del CONICET, siendo su \u00e1rea de especialidad la historia pol\u00edtica argentina. Es autora y editora de varios libros, de numerosos art\u00edculos y cap\u00edtulos de libro que remiten al an\u00e1lisis relacional entre&#8230; <\/p>\n<div class=\"link-more\"><a href=\"https:\/\/ffyh.unc.edu.ar\/historia\/nuestrxs-docentes\/blancoj\/\">Lea m\u00e1s<\/a><\/div>\n","protected":false},"author":34,"featured_media":0,"parent":4089,"menu_order":0,"comment_status":"closed","ping_status":"closed","template":"","meta":{"_acf_changed":false,"_monsterinsights_skip_tracking":false,"_monsterinsights_sitenote_active":false,"_monsterinsights_sitenote_note":"","_monsterinsights_sitenote_category":0,"footnotes":""},"class_list":["post-4230","page","type-page","status-publish","hentry"],"acf":[],"jetpack_sharing_enabled":true,"_links":{"self":[{"href":"https:\/\/ffyh.unc.edu.ar\/historia\/wp-json\/wp\/v2\/pages\/4230","targetHints":{"allow":["GET"]}}],"collection":[{"href":"https:\/\/ffyh.unc.edu.ar\/historia\/wp-json\/wp\/v2\/pages"}],"about":[{"href":"https:\/\/ffyh.unc.edu.ar\/historia\/wp-json\/wp\/v2\/types\/page"}],"author":[{"embeddable":true,"href":"https:\/\/ffyh.unc.edu.ar\/historia\/wp-json\/wp\/v2\/users\/34"}],"replies":[{"embeddable":true,"href":"https:\/\/ffyh.unc.edu.ar\/historia\/wp-json\/wp\/v2\/comments?post=4230"}],"version-history":[{"count":9,"href":"https:\/\/ffyh.unc.edu.ar\/historia\/wp-json\/wp\/v2\/pages\/4230\/revisions"}],"predecessor-version":[{"id":4799,"href":"https:\/\/ffyh.unc.edu.ar\/historia\/wp-json\/wp\/v2\/pages\/4230\/revisions\/4799"}],"up":[{"embeddable":true,"href":"https:\/\/ffyh.unc.edu.ar\/historia\/wp-json\/wp\/v2\/pages\/4089"}],"wp:attachment":[{"href":"https:\/\/ffyh.unc.edu.ar\/historia\/wp-json\/wp\/v2\/media?parent=4230"}],"curies":[{"name":"wp","href":"https:\/\/api.w.org\/{rel}","templated":true}]}}