{"id":4252,"date":"2022-07-28T18:58:40","date_gmt":"2022-07-28T18:58:40","guid":{"rendered":"https:\/\/ffyh.unc.edu.ar\/historia\/?page_id=4252"},"modified":"2022-08-03T22:18:17","modified_gmt":"2022-08-03T22:18:17","slug":"arriaga","status":"publish","type":"page","link":"https:\/\/ffyh.unc.edu.ar\/historia\/nuestrxs-docentes\/arriaga\/","title":{"rendered":"Ana Elisa Arriaga"},"content":{"rendered":"<table style=\"border-collapse: collapse;width: 100%\">\n<tbody>\n<tr>\n<td colspan=\"2\">\n<p style=\"text-align: justify\"><img data-recalc-dims=\"1\" decoding=\"async\" data-attachment-id=\"4430\" data-permalink=\"https:\/\/ffyh.unc.edu.ar\/historia\/nuestrxs-docentes\/arriaga\/arriaga_foto\/\" data-orig-file=\"https:\/\/i0.wp.com\/ffyh.unc.edu.ar\/historia\/wp-content\/uploads\/sites\/37\/2022\/07\/Arriaga_foto.jpg?fit=303%2C303&amp;ssl=1\" data-orig-size=\"303,303\" data-comments-opened=\"0\" data-image-meta=\"{&quot;aperture&quot;:&quot;0&quot;,&quot;credit&quot;:&quot;&quot;,&quot;camera&quot;:&quot;&quot;,&quot;caption&quot;:&quot;&quot;,&quot;created_timestamp&quot;:&quot;1658961318&quot;,&quot;copyright&quot;:&quot;&quot;,&quot;focal_length&quot;:&quot;0&quot;,&quot;iso&quot;:&quot;0&quot;,&quot;shutter_speed&quot;:&quot;0&quot;,&quot;title&quot;:&quot;&quot;,&quot;orientation&quot;:&quot;1&quot;}\" data-image-title=\"Arriaga_foto\" data-image-description=\"\" data-image-caption=\"\" data-medium-file=\"https:\/\/i0.wp.com\/ffyh.unc.edu.ar\/historia\/wp-content\/uploads\/sites\/37\/2022\/07\/Arriaga_foto.jpg?fit=300%2C300&amp;ssl=1\" data-large-file=\"https:\/\/i0.wp.com\/ffyh.unc.edu.ar\/historia\/wp-content\/uploads\/sites\/37\/2022\/07\/Arriaga_foto.jpg?fit=303%2C303&amp;ssl=1\" class=\"size-thumbnail wp-image-4430 alignleft\" src=\"https:\/\/i0.wp.com\/ffyh.unc.edu.ar\/historia\/wp-content\/uploads\/sites\/37\/2022\/07\/Arriaga_foto.jpg?resize=150%2C150\" alt=\"\" width=\"150\" height=\"150\" srcset=\"https:\/\/i0.wp.com\/ffyh.unc.edu.ar\/historia\/wp-content\/uploads\/sites\/37\/2022\/07\/Arriaga_foto.jpg?resize=150%2C150&amp;ssl=1 150w, https:\/\/i0.wp.com\/ffyh.unc.edu.ar\/historia\/wp-content\/uploads\/sites\/37\/2022\/07\/Arriaga_foto.jpg?resize=300%2C300&amp;ssl=1 300w, https:\/\/i0.wp.com\/ffyh.unc.edu.ar\/historia\/wp-content\/uploads\/sites\/37\/2022\/07\/Arriaga_foto.jpg?w=303&amp;ssl=1 303w\" sizes=\"(max-width: 150px) 100vw, 150px\" \/>Es profesora, Licenciada y Doctora en Historia por la Universidad Nacional de C\u00f3rdoba. Su \u00e1rea de especialidad es la historia social del trabajo desde las teor\u00edas de los movimientos sociales y del conflicto laboral. Ha desarrollado distintas investigaciones con el objeto de valorar procesos de transformaci\u00f3n organizativa de la clase trabajadora.<\/p>\n<p style=\"text-align: justify\">Hizo estudios sobre tradiciones sindicales combativas como el sindicalismo de liberaci\u00f3n enunciado por Agust\u00edn Tosco en la C\u00f3rdoba de los a\u00f1os sesenta, tambi\u00e9n abord\u00f3 las luchas de los sindicatos servicios estatales contra las pol\u00edticas neoliberales en los a\u00f1os noventa. Actualmente investiga los v\u00ednculos entre el movimiento feminista y el movimiento obrero desde 1983 a la actualidad, analizando la configuraci\u00f3n de reivindicaciones asociadas a la feminizaci\u00f3n de la fuerza de trabajo y su impacto en la forma sindical. Entre sus libros podemos mencionar <i>Agustin Tosco, Textos Reunidos<\/i> vol. I y II en coautor\u00eda; <i>La protesta frente a las reformas neoliberales<\/i> <i>en la C\u00f3rdoba de fin de siglo<\/i> en co-autor\u00eda; y <i>Hacia un 2001 sindical. Las contiendas contra la privatizaci\u00f3n de los servicios p\u00fablicos en C\u00f3rdoba.<\/i><\/p>\n<p style=\"text-align: justify\">Ha integrado distintos equipos de investigaci\u00f3n financiados sobre la historia reciente de C\u00f3rdoba, radicados en el Centro de Investigaciones de la Facultad de Filosof\u00eda y Humanidades (CIFFyH). En la actualidad dirige \u201cLas clase obrera en la encrucijada feminista: debates, reivindicaciones y articulaciones militantes en la historia reciente\u201d, en el mismo centro. Integra adem\u00e1s el Instituto de Humanidades (IDH- CONICET) en calidad de becaria posdoctoral. Desde 2018 forma parte de la Asociaci\u00f3n Argentina para la Investigaci\u00f3n en Historia de las Mujeres y Estudios de G\u00e9nero (AAIHMyEG).<\/p>\n<\/td>\n<\/tr>\n<tr>\n<td style=\"width: 0.495295%\" colspan=\"2\">Contacto: <a href=\"mailto:ana.elisa.arriaga@unc.edu.ar\">ana.elisa.arriaga@unc.edu.ar<\/a><\/p>\n<p>ACADEMIA.EDU: <a href=\"https:\/\/cordoba.academia.edu\/AnaElisaArriaga\">https:\/\/cordoba.academia.edu\/AnaElisaArriaga<\/a><\/td>\n<\/tr>\n<\/tbody>\n<\/table>\n","protected":false},"excerpt":{"rendered":"<p>Es profesora, Licenciada y Doctora en Historia por la Universidad Nacional de C\u00f3rdoba. Su \u00e1rea de especialidad es la historia social del trabajo desde las teor\u00edas de los movimientos sociales y del conflicto laboral. Ha desarrollado distintas investigaciones con el objeto de valorar procesos de transformaci\u00f3n organizativa de la clase trabajadora. Hizo estudios sobre tradiciones&#8230; <\/p>\n<div class=\"link-more\"><a href=\"https:\/\/ffyh.unc.edu.ar\/historia\/nuestrxs-docentes\/arriaga\/\">Lea m\u00e1s<\/a><\/div>\n","protected":false},"author":34,"featured_media":0,"parent":4089,"menu_order":0,"comment_status":"closed","ping_status":"closed","template":"","meta":{"_acf_changed":false,"_monsterinsights_skip_tracking":false,"_monsterinsights_sitenote_active":false,"_monsterinsights_sitenote_note":"","_monsterinsights_sitenote_category":0,"footnotes":""},"class_list":["post-4252","page","type-page","status-publish","hentry"],"acf":[],"jetpack_sharing_enabled":true,"_links":{"self":[{"href":"https:\/\/ffyh.unc.edu.ar\/historia\/wp-json\/wp\/v2\/pages\/4252","targetHints":{"allow":["GET"]}}],"collection":[{"href":"https:\/\/ffyh.unc.edu.ar\/historia\/wp-json\/wp\/v2\/pages"}],"about":[{"href":"https:\/\/ffyh.unc.edu.ar\/historia\/wp-json\/wp\/v2\/types\/page"}],"author":[{"embeddable":true,"href":"https:\/\/ffyh.unc.edu.ar\/historia\/wp-json\/wp\/v2\/users\/34"}],"replies":[{"embeddable":true,"href":"https:\/\/ffyh.unc.edu.ar\/historia\/wp-json\/wp\/v2\/comments?post=4252"}],"version-history":[{"count":8,"href":"https:\/\/ffyh.unc.edu.ar\/historia\/wp-json\/wp\/v2\/pages\/4252\/revisions"}],"predecessor-version":[{"id":4843,"href":"https:\/\/ffyh.unc.edu.ar\/historia\/wp-json\/wp\/v2\/pages\/4252\/revisions\/4843"}],"up":[{"embeddable":true,"href":"https:\/\/ffyh.unc.edu.ar\/historia\/wp-json\/wp\/v2\/pages\/4089"}],"wp:attachment":[{"href":"https:\/\/ffyh.unc.edu.ar\/historia\/wp-json\/wp\/v2\/media?parent=4252"}],"curies":[{"name":"wp","href":"https:\/\/api.w.org\/{rel}","templated":true}]}}