{"id":4295,"date":"2022-07-28T19:14:43","date_gmt":"2022-07-28T19:14:43","guid":{"rendered":"https:\/\/ffyh.unc.edu.ar\/historia\/?page_id=4295"},"modified":"2022-09-06T00:33:19","modified_gmt":"2022-09-06T00:33:19","slug":"requena","status":"publish","type":"page","link":"https:\/\/ffyh.unc.edu.ar\/historia\/nuestrxs-docentes\/requena\/","title":{"rendered":"Pablo Manuel Requena"},"content":{"rendered":"<table style=\"border-collapse: collapse;width: 100%\">\n<tbody>\n<tr>\n<td colspan=\"2\">\n<p style=\"text-align: justify\"><img data-recalc-dims=\"1\" decoding=\"async\" data-attachment-id=\"4977\" data-permalink=\"https:\/\/ffyh.unc.edu.ar\/historia\/nuestrxs-docentes\/requena\/requena-2\/\" data-orig-file=\"https:\/\/i0.wp.com\/ffyh.unc.edu.ar\/historia\/wp-content\/uploads\/sites\/37\/2022\/09\/requena-e1662424105574.jpeg?fit=1247%2C1248&amp;ssl=1\" data-orig-size=\"1247,1248\" data-comments-opened=\"0\" data-image-meta=\"{&quot;aperture&quot;:&quot;0&quot;,&quot;credit&quot;:&quot;&quot;,&quot;camera&quot;:&quot;&quot;,&quot;caption&quot;:&quot;&quot;,&quot;created_timestamp&quot;:&quot;0&quot;,&quot;copyright&quot;:&quot;&quot;,&quot;focal_length&quot;:&quot;0&quot;,&quot;iso&quot;:&quot;0&quot;,&quot;shutter_speed&quot;:&quot;0&quot;,&quot;title&quot;:&quot;&quot;,&quot;orientation&quot;:&quot;0&quot;}\" data-image-title=\"foto_requena\" data-image-description=\"\" data-image-caption=\"\" data-medium-file=\"https:\/\/i0.wp.com\/ffyh.unc.edu.ar\/historia\/wp-content\/uploads\/sites\/37\/2022\/09\/requena-e1662424105574.jpeg?fit=300%2C300&amp;ssl=1\" data-large-file=\"https:\/\/i0.wp.com\/ffyh.unc.edu.ar\/historia\/wp-content\/uploads\/sites\/37\/2022\/09\/requena-e1662424105574.jpeg?fit=1000%2C1000&amp;ssl=1\" class=\"alignleft size-thumbnail wp-image-4977\" src=\"https:\/\/i0.wp.com\/ffyh.unc.edu.ar\/historia\/wp-content\/uploads\/sites\/37\/2022\/09\/requena-e1662424105574-150x150.jpeg?resize=150%2C150\" alt=\"\" width=\"150\" height=\"150\" srcset=\"https:\/\/i0.wp.com\/ffyh.unc.edu.ar\/historia\/wp-content\/uploads\/sites\/37\/2022\/09\/requena-e1662424105574.jpeg?resize=150%2C150&amp;ssl=1 150w, https:\/\/i0.wp.com\/ffyh.unc.edu.ar\/historia\/wp-content\/uploads\/sites\/37\/2022\/09\/requena-e1662424105574.jpeg?resize=300%2C300&amp;ssl=1 300w, https:\/\/i0.wp.com\/ffyh.unc.edu.ar\/historia\/wp-content\/uploads\/sites\/37\/2022\/09\/requena-e1662424105574.jpeg?resize=1024%2C1024&amp;ssl=1 1024w, https:\/\/i0.wp.com\/ffyh.unc.edu.ar\/historia\/wp-content\/uploads\/sites\/37\/2022\/09\/requena-e1662424105574.jpeg?resize=768%2C769&amp;ssl=1 768w, https:\/\/i0.wp.com\/ffyh.unc.edu.ar\/historia\/wp-content\/uploads\/sites\/37\/2022\/09\/requena-e1662424105574.jpeg?w=1247&amp;ssl=1 1247w\" sizes=\"(max-width: 150px) 100vw, 150px\" \/>Profesor asistente interino de la c\u00e1tedra de Teor\u00eda Pol\u00edtica. Es doctor (2018), profesor (2003) y licenciado (2008) en Historia por la Universidad Nacional de C\u00f3rdoba (UNC). Se desempe\u00f1a adem\u00e1s como profesor adjunto de las c\u00e1tedras de Historia Argentina Contempor\u00e1nea (interino, FCC) e Historia Social y Pol\u00edtica III (por concurso, FCS).<\/p>\n<p style=\"text-align: justify\">Ha sido investigador en formaci\u00f3n en el \u00c1rea Historia del\u00a0 Centro de Investigaciones de la Facultad de Filosof\u00eda y Humanidades y editor cient\u00edfico de la revista <em>Cuadernos de historia. Serie econom\u00eda y sociedad<\/em> (2014-2022). Es becario posdoctoral del Consejo Nacional de Investigaciones Cient\u00edficas\u00a0 y T\u00e9cnicas (CONICET) y lo ha sido anteriormente de la Secretar\u00eda de Ciencia y T\u00e9cnica (Secyt) de la Facultad de Filosof\u00eda y Humanidades de la UNC, de la Secyt de la UNC y del CONICET. Desde 2014 ha codirigido sucesivos proyectos de investigaci\u00f3n subsidiados por la Secyt, actualmente codirige junto al Dr. Javier Moyano el proyecto de investigaci\u00f3n \u00abPara una historia de los universitarios en Am\u00e9rica Latina, 1880 \u2013 2018\u00bb. Ha publicado <em>Derivas de un dirigente reformista. Deodoro Roca, 1915 \u2013 1936<\/em> (Editorial de la UNC, 2018) y <em>La larga vida de la Reforma Universitaria. Mujeres, estudiantes e intelectuales en el siglo reformista<\/em> (EdiCEA, 2021), tuvo a su cargo la edici\u00f3n del libro de Gregorio Bermann <em>Enrique Barros, l\u00edder reformista<\/em> (EdiCEA, 2018) y coedit\u00f3 <em>Un ojo compuesto para mirar Latinoam\u00e9rica<\/em> (EdiCEA, 2021). Ha dirigido y dirige tesis de grado y posgrado.<\/p>\n<p style=\"text-align: justify\">Durante su formaci\u00f3n de grado y posgrado, su \u00e1mbito de investigaci\u00f3n fue el de los intelectuales cordobeses ligados a la Reforma Universitaria de 1918 y la historia de la Universidad Nacional de C\u00f3rdoba entre 1918 y el inicio del primer gobierno peronista. Actualmente inicia una indagaci\u00f3n acerca de los estudios sobre cultura europea en nuestro pa\u00eds entre principios del siglo XX y la d\u00e9cada de 1960.<\/p>\n<\/td>\n<\/tr>\n<tr>\n<td style=\"width: 0.491159%\" colspan=\"2\">Contacto: <a href=\"mailto:prequena@unc.edu.ar\">prequena@unc.edu.ar<\/a><\/td>\n<\/tr>\n<\/tbody>\n<\/table>\n","protected":false},"excerpt":{"rendered":"<p>Profesor asistente interino de la c\u00e1tedra de Teor\u00eda Pol\u00edtica. Es doctor (2018), profesor (2003) y licenciado (2008) en Historia por la Universidad Nacional de C\u00f3rdoba (UNC). Se desempe\u00f1a adem\u00e1s como profesor adjunto de las c\u00e1tedras de Historia Argentina Contempor\u00e1nea (interino, FCC) e Historia Social y Pol\u00edtica III (por concurso, FCS). Ha sido investigador en formaci\u00f3n&#8230; <\/p>\n<div class=\"link-more\"><a href=\"https:\/\/ffyh.unc.edu.ar\/historia\/nuestrxs-docentes\/requena\/\">Lea m\u00e1s<\/a><\/div>\n","protected":false},"author":34,"featured_media":0,"parent":4089,"menu_order":0,"comment_status":"closed","ping_status":"closed","template":"","meta":{"_acf_changed":false,"_monsterinsights_skip_tracking":false,"_monsterinsights_sitenote_active":false,"_monsterinsights_sitenote_note":"","_monsterinsights_sitenote_category":0,"footnotes":""},"class_list":["post-4295","page","type-page","status-publish","hentry"],"acf":[],"jetpack_sharing_enabled":true,"_links":{"self":[{"href":"https:\/\/ffyh.unc.edu.ar\/historia\/wp-json\/wp\/v2\/pages\/4295","targetHints":{"allow":["GET"]}}],"collection":[{"href":"https:\/\/ffyh.unc.edu.ar\/historia\/wp-json\/wp\/v2\/pages"}],"about":[{"href":"https:\/\/ffyh.unc.edu.ar\/historia\/wp-json\/wp\/v2\/types\/page"}],"author":[{"embeddable":true,"href":"https:\/\/ffyh.unc.edu.ar\/historia\/wp-json\/wp\/v2\/users\/34"}],"replies":[{"embeddable":true,"href":"https:\/\/ffyh.unc.edu.ar\/historia\/wp-json\/wp\/v2\/comments?post=4295"}],"version-history":[{"count":7,"href":"https:\/\/ffyh.unc.edu.ar\/historia\/wp-json\/wp\/v2\/pages\/4295\/revisions"}],"predecessor-version":[{"id":4980,"href":"https:\/\/ffyh.unc.edu.ar\/historia\/wp-json\/wp\/v2\/pages\/4295\/revisions\/4980"}],"up":[{"embeddable":true,"href":"https:\/\/ffyh.unc.edu.ar\/historia\/wp-json\/wp\/v2\/pages\/4089"}],"wp:attachment":[{"href":"https:\/\/ffyh.unc.edu.ar\/historia\/wp-json\/wp\/v2\/media?parent=4295"}],"curies":[{"name":"wp","href":"https:\/\/api.w.org\/{rel}","templated":true}]}}