{"id":4301,"date":"2022-07-28T19:20:31","date_gmt":"2022-07-28T19:20:31","guid":{"rendered":"https:\/\/ffyh.unc.edu.ar\/historia\/?page_id=4301"},"modified":"2022-12-06T14:57:11","modified_gmt":"2022-12-06T14:57:11","slug":"coppi","status":"publish","type":"page","link":"https:\/\/ffyh.unc.edu.ar\/historia\/nuestrxs-docentes\/coppi\/","title":{"rendered":"Gabriel Orlando Coppi"},"content":{"rendered":"<table style=\"border-collapse: collapse;width: 100%\">\n<tbody>\n<tr>\n<td colspan=\"2\">\n<p style=\"text-align: justify\"><img data-recalc-dims=\"1\" decoding=\"async\" data-attachment-id=\"5127\" data-permalink=\"https:\/\/ffyh.unc.edu.ar\/historia\/nuestrxs-docentes\/coppi\/gabriel-coppi-2\/\" data-orig-file=\"https:\/\/i0.wp.com\/ffyh.unc.edu.ar\/historia\/wp-content\/uploads\/sites\/37\/2022\/12\/Gabriel-Coppi-1.jpeg?fit=517%2C545&amp;ssl=1\" data-orig-size=\"517,545\" data-comments-opened=\"0\" data-image-meta=\"{&quot;aperture&quot;:&quot;0&quot;,&quot;credit&quot;:&quot;&quot;,&quot;camera&quot;:&quot;&quot;,&quot;caption&quot;:&quot;&quot;,&quot;created_timestamp&quot;:&quot;0&quot;,&quot;copyright&quot;:&quot;&quot;,&quot;focal_length&quot;:&quot;0&quot;,&quot;iso&quot;:&quot;0&quot;,&quot;shutter_speed&quot;:&quot;0&quot;,&quot;title&quot;:&quot;&quot;,&quot;orientation&quot;:&quot;1&quot;}\" data-image-title=\"Gabriel Coppi\" data-image-description=\"\" data-image-caption=\"\" data-medium-file=\"https:\/\/i0.wp.com\/ffyh.unc.edu.ar\/historia\/wp-content\/uploads\/sites\/37\/2022\/12\/Gabriel-Coppi-1.jpeg?fit=285%2C300&amp;ssl=1\" data-large-file=\"https:\/\/i0.wp.com\/ffyh.unc.edu.ar\/historia\/wp-content\/uploads\/sites\/37\/2022\/12\/Gabriel-Coppi-1.jpeg?fit=517%2C545&amp;ssl=1\" class=\"alignleft size-thumbnail wp-image-5127\" src=\"https:\/\/i0.wp.com\/ffyh.unc.edu.ar\/historia\/wp-content\/uploads\/sites\/37\/2022\/12\/Gabriel-Coppi-1.jpeg?resize=150%2C150\" alt=\"\" width=\"150\" height=\"150\" srcset=\"https:\/\/i0.wp.com\/ffyh.unc.edu.ar\/historia\/wp-content\/uploads\/sites\/37\/2022\/12\/Gabriel-Coppi-1.jpeg?resize=150%2C150&amp;ssl=1 150w, https:\/\/i0.wp.com\/ffyh.unc.edu.ar\/historia\/wp-content\/uploads\/sites\/37\/2022\/12\/Gabriel-Coppi-1.jpeg?zoom=2&amp;resize=150%2C150 300w, https:\/\/i0.wp.com\/ffyh.unc.edu.ar\/historia\/wp-content\/uploads\/sites\/37\/2022\/12\/Gabriel-Coppi-1.jpeg?zoom=3&amp;resize=150%2C150 450w\" sizes=\"(max-width: 150px) 100vw, 150px\" \/>Profesor en Historia (1997) y Licenciado en Historia (2002), egresado de la Escuela de Historia, Facultad de Filosof\u00eda y Humanidades de la Universidad Nacional de C\u00f3rdoba. Magister en Estudios Sociales Agrarios (2011), egresado de la Facultad Latinoamericana de Ciencias Sociales sede Buenos Aires. Doctorando en el Centro de Estudios avanzados de la Universidad Nacional de C\u00f3rdoba. Doctorado en Estudios Sociales de Latinoam\u00e9rica. Profesor Asistente Semi dedicaci\u00f3n por concurso en la C\u00e1tedra de Geograf\u00eda Humana en Escuela de Historia (FFyH-UNC) desde 2013.<\/p>\n<p style=\"text-align: justify\">Su l\u00ednea de investigaci\u00f3n se relaciona con problem\u00e1ticas socio-territoriales rurales.\u00a0 Integrante del equipo de Investigaci\u00f3n \u201cEl proceso de construcci\u00f3n material y simb\u00f3lico de los atractivos tur\u00edsticos de la Provincia de C\u00f3rdoba en el marco de la historia territorial provincial\u201d. Subsidiado por SECYT \u2013 UNC, periodo 2018 \u2013 2019.<\/p>\n<p>Ha publicado de art\u00edculos y ponencias sobre los temas de su especialidad en problem\u00e1ticas socio &#8211; territoriales rurales. Particularmente sobre la producci\u00f3n fruti horticola y problem\u00e1ticas socio territoriales en \u00e1reas periurbana \/ rururbanas de la ciudad de C\u00f3rdoba.\u00a0\u00a0 Tambi\u00e9n abord\u00f3 en diferentes trabajos el procesos de agriculturizaci\u00f3n y sus implicancias \/ Transformaciones de producci\u00f3n ganadera y tambera enmarcados en el Departamento de Rio Primero de la Provincia de C\u00f3rdoba.<\/p>\n<p style=\"text-align: justify\">Ha participado en el Programa Universitario en la C\u00e1rcel (PUC). \u00a0Tambi\u00e9n ha participado en la elaboraci\u00f3n de material did\u00e1ctico para estudiantes en contexto de encierro, como docente de la C\u00e1tedra de Geograf\u00eda Humana de la Escuela de Historia (FFyH-UNC).<\/p>\n<p style=\"text-align: justify\">Ha dictado diferentes seminarios optativos en relaci\u00f3n a: problem\u00e1ticas territoriales \/ did\u00e1ctica de las C. Sociales \/ Neoextractivismo: producci\u00f3n, uso y valorizaci\u00f3n de los recursos naturales en la C\u00e1tedra de Geograf\u00eda Humana.<\/p>\n<p style=\"text-align: justify\">Miembro de Tribunal evaluador de diferentes trabajos finales de Licenciatura en Historia \/ Licenciatura en Geograf\u00eda \/ Licenciatura en Antropolog\u00eda de la Facultad de Filosof\u00eda y Humanidades (UNC).<\/p>\n<\/td>\n<\/tr>\n<tr>\n<td style=\"width: 0.491159%\" colspan=\"2\">Contacto: <a href=\"mailto:gabriel.coppi@unc.edu.ar\">gabriel.coppi@unc.edu.ar<\/a><\/td>\n<\/tr>\n<\/tbody>\n<\/table>\n","protected":false},"excerpt":{"rendered":"<p>Profesor en Historia (1997) y Licenciado en Historia (2002), egresado de la Escuela de Historia, Facultad de Filosof\u00eda y Humanidades de la Universidad Nacional de C\u00f3rdoba. Magister en Estudios Sociales Agrarios (2011), egresado de la Facultad Latinoamericana de Ciencias Sociales sede Buenos Aires. Doctorando en el Centro de Estudios avanzados de la Universidad Nacional de&#8230; <\/p>\n<div class=\"link-more\"><a href=\"https:\/\/ffyh.unc.edu.ar\/historia\/nuestrxs-docentes\/coppi\/\">Lea m\u00e1s<\/a><\/div>\n","protected":false},"author":34,"featured_media":0,"parent":4089,"menu_order":0,"comment_status":"closed","ping_status":"closed","template":"","meta":{"_acf_changed":false,"_monsterinsights_skip_tracking":false,"_monsterinsights_sitenote_active":false,"_monsterinsights_sitenote_note":"","_monsterinsights_sitenote_category":0,"footnotes":""},"class_list":["post-4301","page","type-page","status-publish","hentry"],"acf":[],"jetpack_sharing_enabled":true,"_links":{"self":[{"href":"https:\/\/ffyh.unc.edu.ar\/historia\/wp-json\/wp\/v2\/pages\/4301","targetHints":{"allow":["GET"]}}],"collection":[{"href":"https:\/\/ffyh.unc.edu.ar\/historia\/wp-json\/wp\/v2\/pages"}],"about":[{"href":"https:\/\/ffyh.unc.edu.ar\/historia\/wp-json\/wp\/v2\/types\/page"}],"author":[{"embeddable":true,"href":"https:\/\/ffyh.unc.edu.ar\/historia\/wp-json\/wp\/v2\/users\/34"}],"replies":[{"embeddable":true,"href":"https:\/\/ffyh.unc.edu.ar\/historia\/wp-json\/wp\/v2\/comments?post=4301"}],"version-history":[{"count":6,"href":"https:\/\/ffyh.unc.edu.ar\/historia\/wp-json\/wp\/v2\/pages\/4301\/revisions"}],"predecessor-version":[{"id":5129,"href":"https:\/\/ffyh.unc.edu.ar\/historia\/wp-json\/wp\/v2\/pages\/4301\/revisions\/5129"}],"up":[{"embeddable":true,"href":"https:\/\/ffyh.unc.edu.ar\/historia\/wp-json\/wp\/v2\/pages\/4089"}],"wp:attachment":[{"href":"https:\/\/ffyh.unc.edu.ar\/historia\/wp-json\/wp\/v2\/media?parent=4301"}],"curies":[{"name":"wp","href":"https:\/\/api.w.org\/{rel}","templated":true}]}}