{"id":4306,"date":"2022-07-28T19:23:05","date_gmt":"2022-07-28T19:23:05","guid":{"rendered":"https:\/\/ffyh.unc.edu.ar\/historia\/?page_id=4306"},"modified":"2025-06-13T18:45:25","modified_gmt":"2025-06-13T18:45:25","slug":"maldonado","status":"publish","type":"page","link":"https:\/\/ffyh.unc.edu.ar\/historia\/nuestrxs-docentes\/maldonado\/","title":{"rendered":"Rita Maldonado"},"content":{"rendered":"<p>&nbsp;<\/p>\n<table style=\"border-collapse: collapse;width: 100%\">\n<tbody>\n<tr>\n<td colspan=\"2\"><img data-recalc-dims=\"1\" decoding=\"async\" data-attachment-id=\"4524\" data-permalink=\"https:\/\/ffyh.unc.edu.ar\/historia\/nuestrxs-docentes\/maldonado\/img_20220724_201048_282\/\" data-orig-file=\"https:\/\/i0.wp.com\/ffyh.unc.edu.ar\/historia\/wp-content\/uploads\/sites\/37\/2022\/07\/IMG_20220724_201048_282.jpg?fit=2448%2C2448&amp;ssl=1\" data-orig-size=\"2448,2448\" data-comments-opened=\"0\" data-image-meta=\"{&quot;aperture&quot;:&quot;0&quot;,&quot;credit&quot;:&quot;&quot;,&quot;camera&quot;:&quot;&quot;,&quot;caption&quot;:&quot;&quot;,&quot;created_timestamp&quot;:&quot;0&quot;,&quot;copyright&quot;:&quot;&quot;,&quot;focal_length&quot;:&quot;0&quot;,&quot;iso&quot;:&quot;0&quot;,&quot;shutter_speed&quot;:&quot;0&quot;,&quot;title&quot;:&quot;&quot;,&quot;orientation&quot;:&quot;0&quot;}\" data-image-title=\"IMG_20220724_201048_282\" data-image-description=\"\" data-image-caption=\"\" data-medium-file=\"https:\/\/i0.wp.com\/ffyh.unc.edu.ar\/historia\/wp-content\/uploads\/sites\/37\/2022\/07\/IMG_20220724_201048_282.jpg?fit=300%2C300&amp;ssl=1\" data-large-file=\"https:\/\/i0.wp.com\/ffyh.unc.edu.ar\/historia\/wp-content\/uploads\/sites\/37\/2022\/07\/IMG_20220724_201048_282.jpg?fit=1000%2C1000&amp;ssl=1\" class=\"wp-image-4524 size-thumbnail alignleft\" src=\"https:\/\/i0.wp.com\/ffyh.unc.edu.ar\/historia\/wp-content\/uploads\/sites\/37\/2022\/07\/IMG_20220724_201048_282.jpg?resize=150%2C150\" alt=\"\" width=\"150\" height=\"150\" srcset=\"https:\/\/i0.wp.com\/ffyh.unc.edu.ar\/historia\/wp-content\/uploads\/sites\/37\/2022\/07\/IMG_20220724_201048_282.jpg?resize=150%2C150&amp;ssl=1 150w, https:\/\/i0.wp.com\/ffyh.unc.edu.ar\/historia\/wp-content\/uploads\/sites\/37\/2022\/07\/IMG_20220724_201048_282.jpg?resize=300%2C300&amp;ssl=1 300w, https:\/\/i0.wp.com\/ffyh.unc.edu.ar\/historia\/wp-content\/uploads\/sites\/37\/2022\/07\/IMG_20220724_201048_282.jpg?resize=1024%2C1024&amp;ssl=1 1024w, https:\/\/i0.wp.com\/ffyh.unc.edu.ar\/historia\/wp-content\/uploads\/sites\/37\/2022\/07\/IMG_20220724_201048_282.jpg?resize=768%2C768&amp;ssl=1 768w, https:\/\/i0.wp.com\/ffyh.unc.edu.ar\/historia\/wp-content\/uploads\/sites\/37\/2022\/07\/IMG_20220724_201048_282.jpg?resize=1536%2C1536&amp;ssl=1 1536w, https:\/\/i0.wp.com\/ffyh.unc.edu.ar\/historia\/wp-content\/uploads\/sites\/37\/2022\/07\/IMG_20220724_201048_282.jpg?resize=2048%2C2048&amp;ssl=1 2048w\" sizes=\"(max-width: 150px) 100vw, 150px\" \/><\/p>\n<p style=\"text-align: justify\">Profesora Asistente concursada en Geograf\u00eda Humana. Es Profesora y Licenciada en Historia por la Universidad Nacional de C\u00f3rdoba. Doctoranda en el Doctorado de Geograf\u00eda, Universidad Nacional de Buenos Aires. Becaria doctoral CONICET. Sus \u00e1reas de especialidad son Historia de la Geograf\u00eda- Geograf\u00eda Hist\u00f3rica- Ense\u00f1anza de las Ciencias Sociales y de la Geograf\u00eda.<\/p>\n<p style=\"text-align: justify\">Entre sus principales publicaciones se encuentran <i>Reflexiones y herramientas para la construcci\u00f3n de espacios p\u00fablicos y ciudadan\u00edas desde el aula. <\/i>En Garc\u00eda R\u00edos, D. (Coord.) Argentina: entramado de geograf\u00edas disputadas, en coautor\u00eda con Ricci, C.P; \u201cDeambular confinado: pensar el aislamiento social a trav\u00e9s de las im\u00e1genes: Entrevista a Ver\u00f3nica Hollman y Perla Zusman\u201d; <i>Sentidos y significados del territorio en la construcci\u00f3n del Estado Provincial<\/i>. En Ceballos, A.; Navarro, C. y Philp, M. (Coord.), \u201cItinerarios, recorridos por la historia de C\u00f3rdoba: recorridos para el aula\u201d; <i>\u201cConstruyendo un nuevo relato sobre el territorio provincial: La C\u00e1tedra de Geograf\u00eda Econ\u00f3mica en la Universidad Nacional de C\u00f3rdoba (1957-1968)\u201d<\/i>.<\/p>\n<p style=\"text-align: justify\">Forma parte de varios proyectos de investigaci\u00f3n e investigaciones en curso: <i>Ense\u00f1ar Geograf\u00eda y educar la mirada. Un an\u00e1lisis desde los profesorados de la ciudad de C\u00f3rdoba a partir de las reformas educativas de fines del siglo XX y principios del siglo XXI. <\/i>(Trabajo doctoral. Direcci\u00f3n a cargo de la Dra. Ver\u00f3nica Hollman. Co-direcci\u00f3n a cargo de la Mgtr. Raquel Gurevich); es integrante del Proyecto de Investigaci\u00f3n Plurianual \u201cGenealog\u00edas de las miradas: las solidaridades que configuran las\u00a0Graf\u00edas\u00a0de los procesos de formaci\u00f3n territorial\u201d, dirigido por la Dra. Ver\u00f3nica Hollman. Entidad financiadora CONICET- Resoluci\u00f3n 2021-1639; Integrante del proyecto de investigaci\u00f3n \u201c<i>La construcci\u00f3n de la Geograf\u00eda en C\u00f3rdoba. Pr\u00e1cticas y discursos sobre el territorio provincial, 1890 \u2013 2001<\/i>\u201d. Direcci\u00f3n a cargo de Santiago Llorens; y del\u00a0 Grupo de Estudios sobre <i>Cultura, Naturaleza y Territorio<\/i>. Direcci\u00f3n a cargo de la Dra. Hortensia Castro. Es miembro de la Red <i>\u201cImagens, geograf\u00edas e educa\u00e7\u00e3o\u201d <\/i>(Brasil,. Colombia y Argentina).<\/p>\n<\/td>\n<\/tr>\n<tr>\n<td style=\"width: 1.18624%\" colspan=\"2\">Contacto: <a href=\"mailto:rita.maldonado@unc.edu.ar\">rita.maldonado@unc.edu.ar<\/a><\/p>\n<p>ORCID: <a href=\"https:\/\/orcid.org\/0000-0002-6027-3014\">https:\/\/orcid.org\/0000-0002-6027-3014<\/a><\/td>\n<\/tr>\n<\/tbody>\n<\/table>\n","protected":false},"excerpt":{"rendered":"<p>&nbsp; Profesora Asistente concursada en Geograf\u00eda Humana. Es Profesora y Licenciada en Historia por la Universidad Nacional de C\u00f3rdoba. Doctoranda en el Doctorado de Geograf\u00eda, Universidad Nacional de Buenos Aires. Becaria doctoral CONICET. Sus \u00e1reas de especialidad son Historia de la Geograf\u00eda- Geograf\u00eda Hist\u00f3rica- Ense\u00f1anza de las Ciencias Sociales y de la Geograf\u00eda. Entre sus&#8230; <\/p>\n<div class=\"link-more\"><a href=\"https:\/\/ffyh.unc.edu.ar\/historia\/nuestrxs-docentes\/maldonado\/\">Lea m\u00e1s<\/a><\/div>\n","protected":false},"author":34,"featured_media":0,"parent":4089,"menu_order":0,"comment_status":"closed","ping_status":"closed","template":"","meta":{"_acf_changed":false,"_monsterinsights_skip_tracking":false,"_monsterinsights_sitenote_active":false,"_monsterinsights_sitenote_note":"","_monsterinsights_sitenote_category":0,"footnotes":""},"class_list":["post-4306","page","type-page","status-publish","hentry"],"acf":[],"jetpack_sharing_enabled":true,"_links":{"self":[{"href":"https:\/\/ffyh.unc.edu.ar\/historia\/wp-json\/wp\/v2\/pages\/4306","targetHints":{"allow":["GET"]}}],"collection":[{"href":"https:\/\/ffyh.unc.edu.ar\/historia\/wp-json\/wp\/v2\/pages"}],"about":[{"href":"https:\/\/ffyh.unc.edu.ar\/historia\/wp-json\/wp\/v2\/types\/page"}],"author":[{"embeddable":true,"href":"https:\/\/ffyh.unc.edu.ar\/historia\/wp-json\/wp\/v2\/users\/34"}],"replies":[{"embeddable":true,"href":"https:\/\/ffyh.unc.edu.ar\/historia\/wp-json\/wp\/v2\/comments?post=4306"}],"version-history":[{"count":10,"href":"https:\/\/ffyh.unc.edu.ar\/historia\/wp-json\/wp\/v2\/pages\/4306\/revisions"}],"predecessor-version":[{"id":6574,"href":"https:\/\/ffyh.unc.edu.ar\/historia\/wp-json\/wp\/v2\/pages\/4306\/revisions\/6574"}],"up":[{"embeddable":true,"href":"https:\/\/ffyh.unc.edu.ar\/historia\/wp-json\/wp\/v2\/pages\/4089"}],"wp:attachment":[{"href":"https:\/\/ffyh.unc.edu.ar\/historia\/wp-json\/wp\/v2\/media?parent=4306"}],"curies":[{"name":"wp","href":"https:\/\/api.w.org\/{rel}","templated":true}]}}