{"id":4312,"date":"2022-07-28T19:24:11","date_gmt":"2022-07-28T19:24:11","guid":{"rendered":"https:\/\/ffyh.unc.edu.ar\/historia\/?page_id=4312"},"modified":"2022-08-03T20:25:47","modified_gmt":"2022-08-03T20:25:47","slug":"juncos","status":"publish","type":"page","link":"https:\/\/ffyh.unc.edu.ar\/historia\/nuestrxs-docentes\/juncos\/","title":{"rendered":"Nancy Juncos"},"content":{"rendered":"<table style=\"border-collapse: collapse;width: 100%\">\n<tbody>\n<tr>\n<td colspan=\"2\">\n<p style=\"text-align: justify\"><img data-recalc-dims=\"1\" decoding=\"async\" data-attachment-id=\"4515\" data-permalink=\"https:\/\/ffyh.unc.edu.ar\/historia\/nuestrxs-docentes\/juncos\/juncos_foto\/\" data-orig-file=\"https:\/\/i0.wp.com\/ffyh.unc.edu.ar\/historia\/wp-content\/uploads\/sites\/37\/2022\/07\/Juncos_foto.jpg?fit=325%2C325&amp;ssl=1\" data-orig-size=\"325,325\" data-comments-opened=\"0\" data-image-meta=\"{&quot;aperture&quot;:&quot;0&quot;,&quot;credit&quot;:&quot;&quot;,&quot;camera&quot;:&quot;&quot;,&quot;caption&quot;:&quot;&quot;,&quot;created_timestamp&quot;:&quot;1658961376&quot;,&quot;copyright&quot;:&quot;&quot;,&quot;focal_length&quot;:&quot;0&quot;,&quot;iso&quot;:&quot;0&quot;,&quot;shutter_speed&quot;:&quot;0&quot;,&quot;title&quot;:&quot;&quot;,&quot;orientation&quot;:&quot;1&quot;}\" data-image-title=\"Juncos_foto\" data-image-description=\"\" data-image-caption=\"\" data-medium-file=\"https:\/\/i0.wp.com\/ffyh.unc.edu.ar\/historia\/wp-content\/uploads\/sites\/37\/2022\/07\/Juncos_foto.jpg?fit=300%2C300&amp;ssl=1\" data-large-file=\"https:\/\/i0.wp.com\/ffyh.unc.edu.ar\/historia\/wp-content\/uploads\/sites\/37\/2022\/07\/Juncos_foto.jpg?fit=325%2C325&amp;ssl=1\" class=\"size-thumbnail wp-image-4515 alignleft\" src=\"https:\/\/i0.wp.com\/ffyh.unc.edu.ar\/historia\/wp-content\/uploads\/sites\/37\/2022\/07\/Juncos_foto.jpg?resize=150%2C150\" alt=\"\" width=\"150\" height=\"150\" srcset=\"https:\/\/i0.wp.com\/ffyh.unc.edu.ar\/historia\/wp-content\/uploads\/sites\/37\/2022\/07\/Juncos_foto.jpg?resize=150%2C150&amp;ssl=1 150w, https:\/\/i0.wp.com\/ffyh.unc.edu.ar\/historia\/wp-content\/uploads\/sites\/37\/2022\/07\/Juncos_foto.jpg?resize=300%2C300&amp;ssl=1 300w, https:\/\/i0.wp.com\/ffyh.unc.edu.ar\/historia\/wp-content\/uploads\/sites\/37\/2022\/07\/Juncos_foto.jpg?w=325&amp;ssl=1 325w\" sizes=\"(max-width: 150px) 100vw, 150px\" \/>Profesora Adjunta por concurso en Paleograf\u00eda y Diplom\u00e1tica. Es Doctora, Licenciada y Profesora en Historia por la Universidad Nacional de C\u00f3rdoba, Licenciada en Gesti\u00f3n Educativa por la Universidad Nacional de Santiago del Estero, Especialista en Pedagog\u00eda de la Formaci\u00f3n por la Universidad Nacional de C\u00f3rdoba, Especialista y Diplomada en Gesti\u00f3n Directiva por el Instituto Superior de Estudios Pedag\u00f3gicos del Gobierno de la Provincia de C\u00f3rdoba, Diplomada en Patrimonio Cultural Latinoamericano: identidad, catalogaci\u00f3n y criterios de conservaci\u00f3n, por la Universidad Blas Pascal, Especialista de Nivel Superior en Problem\u00e1ticas de las Ciencias Sociales y su Ense\u00f1anza por Instituto Superior de Formaci\u00f3n Docente Sim\u00f3n Bol\u00edvar, Posgraduada en Paleograf\u00eda, Diplom\u00e1tica y Archiv\u00edstica por la Universidad Complutense de Madrid.<\/p>\n<p style=\"text-align: justify\">Ha publicado entre otros t\u00edtulos \u201cLa Junta de Temporalidades de C\u00f3rdoba, Fernando Fabro y el Colegio M\u00e1ximo\u201d, \u201cEl retorno de los documentos de las Temporalidades de C\u00f3rdoba al Archivo General e Hist\u00f3rico de la Universidad nacional de C\u00f3rdoba\u201d, \u201cLa Capilla de San Roque y su viejo Hospital de San Roque y la Asunci\u00f3n: el Obispo Salguero, entre la salvaci\u00f3n de las almas y la sanaci\u00f3n de los cuerpos\u201d, \u201cLa Ciencia Sigilogr\u00e1fica y su aporte al estudio diplom\u00e1tico del documento\u201d, \u201cHerramientas para la consulta de Fuentes Documentales: Paleograf\u00eda y Diplom\u00e1tica\u201d, \u201cLa voluntad de la eternidad en la escritura testamentaria: lectura sobre algunas fuentes documentales en C\u00f3rdoba del Tucum\u00e1n\u201d, \u201cHerramientas para el estudio diplom\u00e1tico y paleogr\u00e1fico del sello\u201d, \u201cSignos, sellos, marcas y filigranas o marcas de agua como parte del estudio diplom\u00e1tico del documento notarial\u201d, \u201cLos Bienes Jesu\u00edticos y la Administraci\u00f3n de Fernando Fabro en C\u00f3rdoba. La Junta de Temporalidades en C\u00f3rdoba del Tucum\u00e1n 1767-1770: Fernando Fabro y el Colegio M\u00e1ximo\u201d. \u201cTemporalidades de C\u00f3rdoba: cat\u00e1logo de Documentos\u201d, \u201cLa Criptograf\u00eda y el uso oculto de la escritura\u201d, entre otros.<\/p>\n<p style=\"text-align: justify\">Ha integrado distintos grupos de investigaci\u00f3n relacionados con la escritura, paleograf\u00eda y diplom\u00e1tica, en la actualidad es Directora del Proyecto de investigaci\u00f3n \u201cCon voz propia: las disposiciones de \u00faltima voluntad de mujeres en C\u00f3rdoba colonial durante los S. XVII &#8211; S. XVIII\u201d, financiado por la Secretaria de Ciencia y Tecnolog\u00eda de la Universidad Nacional de C\u00f3rdoba con asiento en el Centro de Investigaci\u00f3n de la Facultad de Filosof\u00eda y Humanidades.<\/p>\n<\/td>\n<\/tr>\n<tr>\n<td style=\"width: 25%\" colspan=\"2\">Contacto: <a href=\"mailto:nancyjuncos419@unc.edu.ar\">nancyjuncos419@unc.edu.ar<\/a><\/td>\n<\/tr>\n<\/tbody>\n<\/table>\n","protected":false},"excerpt":{"rendered":"<p>Profesora Adjunta por concurso en Paleograf\u00eda y Diplom\u00e1tica. Es Doctora, Licenciada y Profesora en Historia por la Universidad Nacional de C\u00f3rdoba, Licenciada en Gesti\u00f3n Educativa por la Universidad Nacional de Santiago del Estero, Especialista en Pedagog\u00eda de la Formaci\u00f3n por la Universidad Nacional de C\u00f3rdoba, Especialista y Diplomada en Gesti\u00f3n Directiva por el Instituto Superior&#8230; <\/p>\n<div class=\"link-more\"><a href=\"https:\/\/ffyh.unc.edu.ar\/historia\/nuestrxs-docentes\/juncos\/\">Lea m\u00e1s<\/a><\/div>\n","protected":false},"author":34,"featured_media":0,"parent":4089,"menu_order":0,"comment_status":"closed","ping_status":"closed","template":"","meta":{"_acf_changed":false,"_monsterinsights_skip_tracking":false,"_monsterinsights_sitenote_active":false,"_monsterinsights_sitenote_note":"","_monsterinsights_sitenote_category":0,"footnotes":""},"class_list":["post-4312","page","type-page","status-publish","hentry"],"acf":[],"jetpack_sharing_enabled":true,"_links":{"self":[{"href":"https:\/\/ffyh.unc.edu.ar\/historia\/wp-json\/wp\/v2\/pages\/4312","targetHints":{"allow":["GET"]}}],"collection":[{"href":"https:\/\/ffyh.unc.edu.ar\/historia\/wp-json\/wp\/v2\/pages"}],"about":[{"href":"https:\/\/ffyh.unc.edu.ar\/historia\/wp-json\/wp\/v2\/types\/page"}],"author":[{"embeddable":true,"href":"https:\/\/ffyh.unc.edu.ar\/historia\/wp-json\/wp\/v2\/users\/34"}],"replies":[{"embeddable":true,"href":"https:\/\/ffyh.unc.edu.ar\/historia\/wp-json\/wp\/v2\/comments?post=4312"}],"version-history":[{"count":7,"href":"https:\/\/ffyh.unc.edu.ar\/historia\/wp-json\/wp\/v2\/pages\/4312\/revisions"}],"predecessor-version":[{"id":4821,"href":"https:\/\/ffyh.unc.edu.ar\/historia\/wp-json\/wp\/v2\/pages\/4312\/revisions\/4821"}],"up":[{"embeddable":true,"href":"https:\/\/ffyh.unc.edu.ar\/historia\/wp-json\/wp\/v2\/pages\/4089"}],"wp:attachment":[{"href":"https:\/\/ffyh.unc.edu.ar\/historia\/wp-json\/wp\/v2\/media?parent=4312"}],"curies":[{"name":"wp","href":"https:\/\/api.w.org\/{rel}","templated":true}]}}