{"id":23,"date":"2017-05-26T17:07:58","date_gmt":"2017-05-26T17:07:58","guid":{"rendered":"http:\/\/www.ffyh.unc.edu.ar\/lo-imposible\/?page_id=23"},"modified":"2017-05-26T17:07:58","modified_gmt":"2017-05-26T17:07:58","slug":"el-juicio-en-la-calle","status":"publish","type":"page","link":"https:\/\/ffyh.unc.edu.ar\/lo-imposible\/miradas\/el-juicio-en-la-calle\/","title":{"rendered":"El Juicio en la Calle"},"content":{"rendered":"<p><a href=\"http:\/\/ffyh.unc.edu.ar\/lo-imposible\/wp-content\/uploads\/sites\/14\/2017\/05\/InsigniaFilo.jpg\"><img loading=\"lazy\" decoding=\"async\" class=\"alignnone size-full wp-image-182\" src=\"http:\/\/ffyh.unc.edu.ar\/lo-imposible\/wp-content\/uploads\/sites\/14\/2017\/05\/InsigniaFilo.jpg\" alt=\"\" width=\"1080\" height=\"720\" srcset=\"https:\/\/ffyh.unc.edu.ar\/lo-imposible\/wp-content\/uploads\/sites\/14\/2017\/05\/InsigniaFilo.jpg 1080w, https:\/\/ffyh.unc.edu.ar\/lo-imposible\/wp-content\/uploads\/sites\/14\/2017\/05\/InsigniaFilo-300x200.jpg 300w, https:\/\/ffyh.unc.edu.ar\/lo-imposible\/wp-content\/uploads\/sites\/14\/2017\/05\/InsigniaFilo-768x512.jpg 768w, https:\/\/ffyh.unc.edu.ar\/lo-imposible\/wp-content\/uploads\/sites\/14\/2017\/05\/InsigniaFilo-1024x683.jpg 1024w, https:\/\/ffyh.unc.edu.ar\/lo-imposible\/wp-content\/uploads\/sites\/14\/2017\/05\/InsigniaFilo-960x640.jpg 960w, https:\/\/ffyh.unc.edu.ar\/lo-imposible\/wp-content\/uploads\/sites\/14\/2017\/05\/InsigniaFilo-450x300.jpg 450w\" sizes=\"auto, (max-width: 1080px) 100vw, 1080px\" \/><\/a><\/p>\n<p>Pisadas. Pliegues. Contornos. Un abrazo y una consigna. Flores rojas.<br \/>\nLas flores rojas que aparecieron un d\u00eda en La Perla. Y primaveran el mismo lugar. Con otro piso.<br \/>\nCon pisadas infinitas, en las temporalidades y en las geograf\u00edas. Un piso de justicia.<br \/>\nQue aloja esos pliegues de vida, pliegues en forma de pa\u00f1uelo, que se despliegan y hay lugar, para todos.<br \/>\nUn lugar florecido de cuerpos.<br \/>\nUn lugar florecido de lugares. La escuela. La esquina del barrio. La plaza. Los amigos. Los compa\u00f1eros.<br \/>\nUna ronda que se mueve. En patineta. En bici. Cantando. Con las remeras. Las banderas.<br \/>\nHay lugar. Entramos todos. Abrigados por el pa\u00f1uelo, en un lugar que se sustrae al tiempo.<br \/>\nUn lugar, que por su potencia de fundar comunidad, nos ilusiona con instantes de eternidad.<br \/>\nPisadas de ojos frescos. Pisadas que siguen la huella del legado. Legado\/Memoria hecho pliegue. Que de despliega. Para florecer. En la justicia.<\/p>\n<p style=\"text-align: right\"><strong>Por Virginia Carranza<\/strong><\/p>\n<div id='gallery-1' class='gallery galleryid-23 gallery-columns-3 gallery-size-large'><figure class='gallery-item'>\n\t\t\t<div class='gallery-icon landscape'>\n\t\t\t\t<a href='https:\/\/ffyh.unc.edu.ar\/lo-imposible\/miradas\/el-juicio-en-la-calle\/1_victoria-degenaro\/'><img loading=\"lazy\" decoding=\"async\" width=\"1000\" height=\"667\" src=\"https:\/\/ffyh.unc.edu.ar\/lo-imposible\/wp-content\/uploads\/sites\/14\/2017\/05\/1_Victoria-Degenaro-1024x683.jpg\" class=\"attachment-large size-large\" alt=\"\" srcset=\"https:\/\/ffyh.unc.edu.ar\/lo-imposible\/wp-content\/uploads\/sites\/14\/2017\/05\/1_Victoria-Degenaro-1024x683.jpg 1024w, https:\/\/ffyh.unc.edu.ar\/lo-imposible\/wp-content\/uploads\/sites\/14\/2017\/05\/1_Victoria-Degenaro-300x200.jpg 300w, https:\/\/ffyh.unc.edu.ar\/lo-imposible\/wp-content\/uploads\/sites\/14\/2017\/05\/1_Victoria-Degenaro-768x512.jpg 768w, https:\/\/ffyh.unc.edu.ar\/lo-imposible\/wp-content\/uploads\/sites\/14\/2017\/05\/1_Victoria-Degenaro.jpg 1080w, https:\/\/ffyh.unc.edu.ar\/lo-imposible\/wp-content\/uploads\/sites\/14\/2017\/05\/1_Victoria-Degenaro-960x640.jpg 960w, https:\/\/ffyh.unc.edu.ar\/lo-imposible\/wp-content\/uploads\/sites\/14\/2017\/05\/1_Victoria-Degenaro-450x300.jpg 450w\" sizes=\"auto, (max-width: 1000px) 100vw, 1000px\" \/><\/a>\n\t\t\t<\/div><\/figure><figure class='gallery-item'>\n\t\t\t<div class='gallery-icon landscape'>\n\t\t\t\t<a href='https:\/\/ffyh.unc.edu.ar\/lo-imposible\/miradas\/el-juicio-en-la-calle\/2_valentina-rocio-barbero-2\/'><img loading=\"lazy\" decoding=\"async\" width=\"1000\" height=\"640\" src=\"https:\/\/ffyh.unc.edu.ar\/lo-imposible\/wp-content\/uploads\/sites\/14\/2017\/05\/2_Valentina-Roc\u00edo-Barbero-2-1024x655.jpg\" class=\"attachment-large size-large\" alt=\"\" srcset=\"https:\/\/ffyh.unc.edu.ar\/lo-imposible\/wp-content\/uploads\/sites\/14\/2017\/05\/2_Valentina-Roc\u00edo-Barbero-2-1024x655.jpg 1024w, https:\/\/ffyh.unc.edu.ar\/lo-imposible\/wp-content\/uploads\/sites\/14\/2017\/05\/2_Valentina-Roc\u00edo-Barbero-2-300x192.jpg 300w, https:\/\/ffyh.unc.edu.ar\/lo-imposible\/wp-content\/uploads\/sites\/14\/2017\/05\/2_Valentina-Roc\u00edo-Barbero-2-768x491.jpg 768w, https:\/\/ffyh.unc.edu.ar\/lo-imposible\/wp-content\/uploads\/sites\/14\/2017\/05\/2_Valentina-Roc\u00edo-Barbero-2-469x300.jpg 469w, https:\/\/ffyh.unc.edu.ar\/lo-imposible\/wp-content\/uploads\/sites\/14\/2017\/05\/2_Valentina-Roc\u00edo-Barbero-2.jpg 1080w\" sizes=\"auto, (max-width: 1000px) 100vw, 1000px\" \/><\/a>\n\t\t\t<\/div><\/figure><figure class='gallery-item'>\n\t\t\t<div class='gallery-icon landscape'>\n\t\t\t\t<a href='https:\/\/ffyh.unc.edu.ar\/lo-imposible\/miradas\/el-juicio-en-la-calle\/3_victoria-degenaro-inicio-juicio\/'><img loading=\"lazy\" decoding=\"async\" width=\"1000\" height=\"667\" src=\"https:\/\/ffyh.unc.edu.ar\/lo-imposible\/wp-content\/uploads\/sites\/14\/2017\/05\/3_Victoria-Degenaro-Inicio-Juicio-1024x683.jpg\" class=\"attachment-large size-large\" alt=\"\" srcset=\"https:\/\/ffyh.unc.edu.ar\/lo-imposible\/wp-content\/uploads\/sites\/14\/2017\/05\/3_Victoria-Degenaro-Inicio-Juicio-1024x683.jpg 1024w, https:\/\/ffyh.unc.edu.ar\/lo-imposible\/wp-content\/uploads\/sites\/14\/2017\/05\/3_Victoria-Degenaro-Inicio-Juicio-300x200.jpg 300w, https:\/\/ffyh.unc.edu.ar\/lo-imposible\/wp-content\/uploads\/sites\/14\/2017\/05\/3_Victoria-Degenaro-Inicio-Juicio-768x512.jpg 768w, https:\/\/ffyh.unc.edu.ar\/lo-imposible\/wp-content\/uploads\/sites\/14\/2017\/05\/3_Victoria-Degenaro-Inicio-Juicio.jpg 1080w, https:\/\/ffyh.unc.edu.ar\/lo-imposible\/wp-content\/uploads\/sites\/14\/2017\/05\/3_Victoria-Degenaro-Inicio-Juicio-960x640.jpg 960w, https:\/\/ffyh.unc.edu.ar\/lo-imposible\/wp-content\/uploads\/sites\/14\/2017\/05\/3_Victoria-Degenaro-Inicio-Juicio-450x300.jpg 450w\" sizes=\"auto, (max-width: 1000px) 100vw, 1000px\" \/><\/a>\n\t\t\t<\/div><\/figure><figure class='gallery-item'>\n\t\t\t<div class='gallery-icon landscape'>\n\t\t\t\t<a href='https:\/\/ffyh.unc.edu.ar\/lo-imposible\/miradas\/el-juicio-en-la-calle\/4_victoria-degenaro-juicio-en-la-calle-ii\/'><img loading=\"lazy\" decoding=\"async\" width=\"1000\" height=\"667\" src=\"https:\/\/ffyh.unc.edu.ar\/lo-imposible\/wp-content\/uploads\/sites\/14\/2017\/05\/4_Victoria-Degenaro-Juicio-en-la-calle-II-1024x683.jpg\" class=\"attachment-large size-large\" alt=\"\" srcset=\"https:\/\/ffyh.unc.edu.ar\/lo-imposible\/wp-content\/uploads\/sites\/14\/2017\/05\/4_Victoria-Degenaro-Juicio-en-la-calle-II-1024x683.jpg 1024w, https:\/\/ffyh.unc.edu.ar\/lo-imposible\/wp-content\/uploads\/sites\/14\/2017\/05\/4_Victoria-Degenaro-Juicio-en-la-calle-II-300x200.jpg 300w, https:\/\/ffyh.unc.edu.ar\/lo-imposible\/wp-content\/uploads\/sites\/14\/2017\/05\/4_Victoria-Degenaro-Juicio-en-la-calle-II-768x512.jpg 768w, https:\/\/ffyh.unc.edu.ar\/lo-imposible\/wp-content\/uploads\/sites\/14\/2017\/05\/4_Victoria-Degenaro-Juicio-en-la-calle-II.jpg 1080w, https:\/\/ffyh.unc.edu.ar\/lo-imposible\/wp-content\/uploads\/sites\/14\/2017\/05\/4_Victoria-Degenaro-Juicio-en-la-calle-II-960x640.jpg 960w, https:\/\/ffyh.unc.edu.ar\/lo-imposible\/wp-content\/uploads\/sites\/14\/2017\/05\/4_Victoria-Degenaro-Juicio-en-la-calle-II-450x300.jpg 450w\" sizes=\"auto, (max-width: 1000px) 100vw, 1000px\" \/><\/a>\n\t\t\t<\/div><\/figure><figure class='gallery-item'>\n\t\t\t<div class='gallery-icon landscape'>\n\t\t\t\t<a href='https:\/\/ffyh.unc.edu.ar\/lo-imposible\/miradas\/el-juicio-en-la-calle\/5_victoria-degenaro-juicio-en-la-calle-i\/'><img loading=\"lazy\" decoding=\"async\" width=\"1000\" height=\"667\" src=\"https:\/\/ffyh.unc.edu.ar\/lo-imposible\/wp-content\/uploads\/sites\/14\/2017\/05\/5_Victoria-Degenaro-Juicio-en-la-calle-I-1024x683.jpg\" class=\"attachment-large size-large\" alt=\"\" srcset=\"https:\/\/ffyh.unc.edu.ar\/lo-imposible\/wp-content\/uploads\/sites\/14\/2017\/05\/5_Victoria-Degenaro-Juicio-en-la-calle-I-1024x683.jpg 1024w, https:\/\/ffyh.unc.edu.ar\/lo-imposible\/wp-content\/uploads\/sites\/14\/2017\/05\/5_Victoria-Degenaro-Juicio-en-la-calle-I-300x200.jpg 300w, https:\/\/ffyh.unc.edu.ar\/lo-imposible\/wp-content\/uploads\/sites\/14\/2017\/05\/5_Victoria-Degenaro-Juicio-en-la-calle-I-768x512.jpg 768w, https:\/\/ffyh.unc.edu.ar\/lo-imposible\/wp-content\/uploads\/sites\/14\/2017\/05\/5_Victoria-Degenaro-Juicio-en-la-calle-I.jpg 1080w, https:\/\/ffyh.unc.edu.ar\/lo-imposible\/wp-content\/uploads\/sites\/14\/2017\/05\/5_Victoria-Degenaro-Juicio-en-la-calle-I-960x640.jpg 960w, https:\/\/ffyh.unc.edu.ar\/lo-imposible\/wp-content\/uploads\/sites\/14\/2017\/05\/5_Victoria-Degenaro-Juicio-en-la-calle-I-450x300.jpg 450w\" sizes=\"auto, (max-width: 1000px) 100vw, 1000px\" \/><\/a>\n\t\t\t<\/div><\/figure><figure class='gallery-item'>\n\t\t\t<div class='gallery-icon landscape'>\n\t\t\t\t<a href='https:\/\/ffyh.unc.edu.ar\/lo-imposible\/miradas\/el-juicio-en-la-calle\/1_valentina-rocio-barbero-1\/'><img loading=\"lazy\" decoding=\"async\" width=\"1000\" height=\"667\" src=\"https:\/\/ffyh.unc.edu.ar\/lo-imposible\/wp-content\/uploads\/sites\/14\/2017\/05\/1_Valentina-Roc\u00edo-Barbero-1-1024x683.jpg\" class=\"attachment-large size-large\" alt=\"\" aria-describedby=\"gallery-1-164\" srcset=\"https:\/\/ffyh.unc.edu.ar\/lo-imposible\/wp-content\/uploads\/sites\/14\/2017\/05\/1_Valentina-Roc\u00edo-Barbero-1-1024x683.jpg 1024w, https:\/\/ffyh.unc.edu.ar\/lo-imposible\/wp-content\/uploads\/sites\/14\/2017\/05\/1_Valentina-Roc\u00edo-Barbero-1-300x200.jpg 300w, https:\/\/ffyh.unc.edu.ar\/lo-imposible\/wp-content\/uploads\/sites\/14\/2017\/05\/1_Valentina-Roc\u00edo-Barbero-1-768x512.jpg 768w, https:\/\/ffyh.unc.edu.ar\/lo-imposible\/wp-content\/uploads\/sites\/14\/2017\/05\/1_Valentina-Roc\u00edo-Barbero-1.jpg 1080w, https:\/\/ffyh.unc.edu.ar\/lo-imposible\/wp-content\/uploads\/sites\/14\/2017\/05\/1_Valentina-Roc\u00edo-Barbero-1-960x640.jpg 960w, https:\/\/ffyh.unc.edu.ar\/lo-imposible\/wp-content\/uploads\/sites\/14\/2017\/05\/1_Valentina-Roc\u00edo-Barbero-1-450x300.jpg 450w\" sizes=\"auto, (max-width: 1000px) 100vw, 1000px\" \/><\/a>\n\t\t\t<\/div>\n\t\t\t\t<figcaption class='wp-caption-text gallery-caption' id='gallery-1-164'>\n\t\t\t\tEl Juicio en la Calle\n\t\t\t\t<\/figcaption><\/figure><figure class='gallery-item'>\n\t\t\t<div class='gallery-icon landscape'>\n\t\t\t\t<a href='https:\/\/ffyh.unc.edu.ar\/lo-imposible\/miradas\/el-juicio-en-la-calle\/2_elizabetkenny-2\/'><img loading=\"lazy\" decoding=\"async\" width=\"1000\" height=\"662\" src=\"https:\/\/ffyh.unc.edu.ar\/lo-imposible\/wp-content\/uploads\/sites\/14\/2017\/05\/2_ELIZABETKENNY-2-1024x678.jpg\" class=\"attachment-large size-large\" alt=\"\" srcset=\"https:\/\/ffyh.unc.edu.ar\/lo-imposible\/wp-content\/uploads\/sites\/14\/2017\/05\/2_ELIZABETKENNY-2-1024x678.jpg 1024w, https:\/\/ffyh.unc.edu.ar\/lo-imposible\/wp-content\/uploads\/sites\/14\/2017\/05\/2_ELIZABETKENNY-2-300x199.jpg 300w, https:\/\/ffyh.unc.edu.ar\/lo-imposible\/wp-content\/uploads\/sites\/14\/2017\/05\/2_ELIZABETKENNY-2-768x508.jpg 768w, https:\/\/ffyh.unc.edu.ar\/lo-imposible\/wp-content\/uploads\/sites\/14\/2017\/05\/2_ELIZABETKENNY-2-453x300.jpg 453w, https:\/\/ffyh.unc.edu.ar\/lo-imposible\/wp-content\/uploads\/sites\/14\/2017\/05\/2_ELIZABETKENNY-2.jpg 1080w\" sizes=\"auto, (max-width: 1000px) 100vw, 1000px\" \/><\/a>\n\t\t\t<\/div><\/figure><figure class='gallery-item'>\n\t\t\t<div class='gallery-icon landscape'>\n\t\t\t\t<a href='https:\/\/ffyh.unc.edu.ar\/lo-imposible\/miradas\/el-juicio-en-la-calle\/3_emanuel_delgado1\/'><img loading=\"lazy\" decoding=\"async\" width=\"1000\" height=\"563\" src=\"https:\/\/ffyh.unc.edu.ar\/lo-imposible\/wp-content\/uploads\/sites\/14\/2017\/05\/3_Emanuel_Delgado1-1024x576.jpg\" class=\"attachment-large size-large\" alt=\"\" srcset=\"https:\/\/ffyh.unc.edu.ar\/lo-imposible\/wp-content\/uploads\/sites\/14\/2017\/05\/3_Emanuel_Delgado1-1024x576.jpg 1024w, https:\/\/ffyh.unc.edu.ar\/lo-imposible\/wp-content\/uploads\/sites\/14\/2017\/05\/3_Emanuel_Delgado1-300x169.jpg 300w, https:\/\/ffyh.unc.edu.ar\/lo-imposible\/wp-content\/uploads\/sites\/14\/2017\/05\/3_Emanuel_Delgado1-768x432.jpg 768w, https:\/\/ffyh.unc.edu.ar\/lo-imposible\/wp-content\/uploads\/sites\/14\/2017\/05\/3_Emanuel_Delgado1-534x300.jpg 534w, https:\/\/ffyh.unc.edu.ar\/lo-imposible\/wp-content\/uploads\/sites\/14\/2017\/05\/3_Emanuel_Delgado1.jpg 1080w\" sizes=\"auto, (max-width: 1000px) 100vw, 1000px\" \/><\/a>\n\t\t\t<\/div><\/figure><figure class='gallery-item'>\n\t\t\t<div class='gallery-icon landscape'>\n\t\t\t\t<a href='https:\/\/ffyh.unc.edu.ar\/lo-imposible\/miradas\/el-juicio-en-la-calle\/4_emanuel_delgado4\/'><img loading=\"lazy\" decoding=\"async\" width=\"1000\" height=\"668\" src=\"https:\/\/ffyh.unc.edu.ar\/lo-imposible\/wp-content\/uploads\/sites\/14\/2017\/05\/4_Emanuel_Delgado4-1024x684.jpg\" class=\"attachment-large size-large\" alt=\"\" srcset=\"https:\/\/ffyh.unc.edu.ar\/lo-imposible\/wp-content\/uploads\/sites\/14\/2017\/05\/4_Emanuel_Delgado4-1024x684.jpg 1024w, https:\/\/ffyh.unc.edu.ar\/lo-imposible\/wp-content\/uploads\/sites\/14\/2017\/05\/4_Emanuel_Delgado4-300x200.jpg 300w, https:\/\/ffyh.unc.edu.ar\/lo-imposible\/wp-content\/uploads\/sites\/14\/2017\/05\/4_Emanuel_Delgado4-768x513.jpg 768w, https:\/\/ffyh.unc.edu.ar\/lo-imposible\/wp-content\/uploads\/sites\/14\/2017\/05\/4_Emanuel_Delgado4.jpg 1080w, https:\/\/ffyh.unc.edu.ar\/lo-imposible\/wp-content\/uploads\/sites\/14\/2017\/05\/4_Emanuel_Delgado4-960x640.jpg 960w, https:\/\/ffyh.unc.edu.ar\/lo-imposible\/wp-content\/uploads\/sites\/14\/2017\/05\/4_Emanuel_Delgado4-449x300.jpg 449w\" sizes=\"auto, (max-width: 1000px) 100vw, 1000px\" \/><\/a>\n\t\t\t<\/div><\/figure><figure class='gallery-item'>\n\t\t\t<div class='gallery-icon landscape'>\n\t\t\t\t<a href='https:\/\/ffyh.unc.edu.ar\/lo-imposible\/miradas\/el-juicio-en-la-calle\/1_lajusticiaensulugar-6\/'><img loading=\"lazy\" decoding=\"async\" width=\"1000\" height=\"750\" src=\"https:\/\/ffyh.unc.edu.ar\/lo-imposible\/wp-content\/uploads\/sites\/14\/2017\/05\/1_LaJusticiaensuLugar-6-1024x768.jpg\" class=\"attachment-large size-large\" alt=\"\" srcset=\"https:\/\/ffyh.unc.edu.ar\/lo-imposible\/wp-content\/uploads\/sites\/14\/2017\/05\/1_LaJusticiaensuLugar-6-1024x768.jpg 1024w, https:\/\/ffyh.unc.edu.ar\/lo-imposible\/wp-content\/uploads\/sites\/14\/2017\/05\/1_LaJusticiaensuLugar-6-300x225.jpg 300w, https:\/\/ffyh.unc.edu.ar\/lo-imposible\/wp-content\/uploads\/sites\/14\/2017\/05\/1_LaJusticiaensuLugar-6-768x576.jpg 768w, https:\/\/ffyh.unc.edu.ar\/lo-imposible\/wp-content\/uploads\/sites\/14\/2017\/05\/1_LaJusticiaensuLugar-6-400x300.jpg 400w, https:\/\/ffyh.unc.edu.ar\/lo-imposible\/wp-content\/uploads\/sites\/14\/2017\/05\/1_LaJusticiaensuLugar-6.jpg 1080w\" sizes=\"auto, (max-width: 1000px) 100vw, 1000px\" \/><\/a>\n\t\t\t<\/div><\/figure><figure class='gallery-item'>\n\t\t\t<div class='gallery-icon landscape'>\n\t\t\t\t<a href='https:\/\/ffyh.unc.edu.ar\/lo-imposible\/miradas\/el-juicio-en-la-calle\/2_lajusticiaensulugar-34\/'><img loading=\"lazy\" decoding=\"async\" width=\"1000\" height=\"750\" src=\"https:\/\/ffyh.unc.edu.ar\/lo-imposible\/wp-content\/uploads\/sites\/14\/2017\/05\/2_LaJusticiaensuLugar-34-1024x768.jpg\" class=\"attachment-large size-large\" alt=\"\" srcset=\"https:\/\/ffyh.unc.edu.ar\/lo-imposible\/wp-content\/uploads\/sites\/14\/2017\/05\/2_LaJusticiaensuLugar-34-1024x768.jpg 1024w, https:\/\/ffyh.unc.edu.ar\/lo-imposible\/wp-content\/uploads\/sites\/14\/2017\/05\/2_LaJusticiaensuLugar-34-300x225.jpg 300w, https:\/\/ffyh.unc.edu.ar\/lo-imposible\/wp-content\/uploads\/sites\/14\/2017\/05\/2_LaJusticiaensuLugar-34-768x576.jpg 768w, https:\/\/ffyh.unc.edu.ar\/lo-imposible\/wp-content\/uploads\/sites\/14\/2017\/05\/2_LaJusticiaensuLugar-34-400x300.jpg 400w, https:\/\/ffyh.unc.edu.ar\/lo-imposible\/wp-content\/uploads\/sites\/14\/2017\/05\/2_LaJusticiaensuLugar-34.jpg 1080w\" sizes=\"auto, (max-width: 1000px) 100vw, 1000px\" \/><\/a>\n\t\t\t<\/div><\/figure><figure class='gallery-item'>\n\t\t\t<div class='gallery-icon landscape'>\n\t\t\t\t<a href='https:\/\/ffyh.unc.edu.ar\/lo-imposible\/miradas\/el-juicio-en-la-calle\/3_lajusticiaensulugar-19\/'><img loading=\"lazy\" decoding=\"async\" width=\"1000\" height=\"274\" src=\"https:\/\/ffyh.unc.edu.ar\/lo-imposible\/wp-content\/uploads\/sites\/14\/2017\/05\/3_LaJusticiaensuLugar-19-1024x281.jpg\" class=\"attachment-large size-large\" alt=\"\" srcset=\"https:\/\/ffyh.unc.edu.ar\/lo-imposible\/wp-content\/uploads\/sites\/14\/2017\/05\/3_LaJusticiaensuLugar-19-1024x281.jpg 1024w, https:\/\/ffyh.unc.edu.ar\/lo-imposible\/wp-content\/uploads\/sites\/14\/2017\/05\/3_LaJusticiaensuLugar-19-300x82.jpg 300w, https:\/\/ffyh.unc.edu.ar\/lo-imposible\/wp-content\/uploads\/sites\/14\/2017\/05\/3_LaJusticiaensuLugar-19-768x210.jpg 768w, https:\/\/ffyh.unc.edu.ar\/lo-imposible\/wp-content\/uploads\/sites\/14\/2017\/05\/3_LaJusticiaensuLugar-19-600x164.jpg 600w, https:\/\/ffyh.unc.edu.ar\/lo-imposible\/wp-content\/uploads\/sites\/14\/2017\/05\/3_LaJusticiaensuLugar-19.jpg 1080w\" sizes=\"auto, (max-width: 1000px) 100vw, 1000px\" \/><\/a>\n\t\t\t<\/div><\/figure><figure class='gallery-item'>\n\t\t\t<div class='gallery-icon landscape'>\n\t\t\t\t<a href='https:\/\/ffyh.unc.edu.ar\/lo-imposible\/miradas\/el-juicio-en-la-calle\/2_fotografia-de-prensa-5\/'><img loading=\"lazy\" decoding=\"async\" width=\"1000\" height=\"662\" src=\"https:\/\/ffyh.unc.edu.ar\/lo-imposible\/wp-content\/uploads\/sites\/14\/2017\/05\/2_Fotograf\u00eda-de-Prensa-5-1024x678.jpg\" class=\"attachment-large size-large\" alt=\"\" srcset=\"https:\/\/ffyh.unc.edu.ar\/lo-imposible\/wp-content\/uploads\/sites\/14\/2017\/05\/2_Fotograf\u00eda-de-Prensa-5-1024x678.jpg 1024w, https:\/\/ffyh.unc.edu.ar\/lo-imposible\/wp-content\/uploads\/sites\/14\/2017\/05\/2_Fotograf\u00eda-de-Prensa-5-300x199.jpg 300w, https:\/\/ffyh.unc.edu.ar\/lo-imposible\/wp-content\/uploads\/sites\/14\/2017\/05\/2_Fotograf\u00eda-de-Prensa-5-768x508.jpg 768w, https:\/\/ffyh.unc.edu.ar\/lo-imposible\/wp-content\/uploads\/sites\/14\/2017\/05\/2_Fotograf\u00eda-de-Prensa-5-453x300.jpg 453w, https:\/\/ffyh.unc.edu.ar\/lo-imposible\/wp-content\/uploads\/sites\/14\/2017\/05\/2_Fotograf\u00eda-de-Prensa-5.jpg 1080w\" sizes=\"auto, (max-width: 1000px) 100vw, 1000px\" \/><\/a>\n\t\t\t<\/div><\/figure><figure class='gallery-item'>\n\t\t\t<div class='gallery-icon landscape'>\n\t\t\t\t<a href='https:\/\/ffyh.unc.edu.ar\/lo-imposible\/miradas\/el-juicio-en-la-calle\/3_manuelbomheker-17\/'><img loading=\"lazy\" decoding=\"async\" width=\"1000\" height=\"666\" src=\"https:\/\/ffyh.unc.edu.ar\/lo-imposible\/wp-content\/uploads\/sites\/14\/2017\/05\/3_ManuelBomheker-17-1024x682.jpg\" class=\"attachment-large size-large\" alt=\"\" srcset=\"https:\/\/ffyh.unc.edu.ar\/lo-imposible\/wp-content\/uploads\/sites\/14\/2017\/05\/3_ManuelBomheker-17-1024x682.jpg 1024w, https:\/\/ffyh.unc.edu.ar\/lo-imposible\/wp-content\/uploads\/sites\/14\/2017\/05\/3_ManuelBomheker-17-300x200.jpg 300w, https:\/\/ffyh.unc.edu.ar\/lo-imposible\/wp-content\/uploads\/sites\/14\/2017\/05\/3_ManuelBomheker-17-768x512.jpg 768w, https:\/\/ffyh.unc.edu.ar\/lo-imposible\/wp-content\/uploads\/sites\/14\/2017\/05\/3_ManuelBomheker-17-960x640.jpg 960w, https:\/\/ffyh.unc.edu.ar\/lo-imposible\/wp-content\/uploads\/sites\/14\/2017\/05\/3_ManuelBomheker-17-450x300.jpg 450w, https:\/\/ffyh.unc.edu.ar\/lo-imposible\/wp-content\/uploads\/sites\/14\/2017\/05\/3_ManuelBomheker-17.jpg 1259w\" sizes=\"auto, (max-width: 1000px) 100vw, 1000px\" \/><\/a>\n\t\t\t<\/div><\/figure>\n\t\t<\/div>\n\n<p>&nbsp;<\/p>\n<p>Dicen que los pueblos se crean contando su propia historia, que no existen sin narraciones, sin memoria.<br \/>\nSomos relatos que pasan de una generaci\u00f3n a otra. As\u00ed mi relato es un poco el que recib\u00ed, un poco el que dejo ac\u00e1 y un poco el que ustedes pasar\u00e1n.<br \/>\nComienza con j\u00f3venes en fotos, en pancartas, y termina con j\u00f3venes y militantes en la calle de Tribunales Federales (decir \u201ctermina\u201d es solo una forma porque, si es como dicen, este relato no tiene fin.)<br \/>\nAh\u00ed est\u00e1bamos los 30mil. Riendo, llorando y abraz\u00e1ndonos otra vez, m\u00e1s presentes que nunca.<br \/>\nPorque no \u201cdesaparecimos\u201d, nos desaparecieron. Sabemos qui\u00e9nes son culpables y a ellos los condenamos.<br \/>\nEl juicio permiti\u00f3 conocer c\u00f3mo se propaga el horror, la tristeza y el miedo; c\u00f3mo funciona el silencio y c\u00f3mo nos sigue lastimando el olvido.<br \/>\nLa sentencia permiti\u00f3 ponerles a los genocidas nombre y apellido. Pero fue tambi\u00e9n el testimonio del amor y de la alegr\u00eda, de la lucha incansable por nuestros derechos y de la certeza de haber rescatado esta memoria que por generaciones nos seguir\u00e1 alumbrando y hagan lo que hagan, vamos a volver cantando como la cigarra. En lucha como el pueblo nos relata.<\/p>\n<p style=\"text-align: right\"><strong>Por Sol Yornet<\/strong><\/p>\n<div id='gallery-2' class='gallery galleryid-23 gallery-columns-3 gallery-size-large'><figure class='gallery-item'>\n\t\t\t<div class='gallery-icon landscape'>\n\t\t\t\t<a href='https:\/\/ffyh.unc.edu.ar\/lo-imposible\/miradas\/el-juicio-en-la-calle\/8_julieta_santo19\/'><img loading=\"lazy\" decoding=\"async\" width=\"1000\" height=\"667\" src=\"https:\/\/ffyh.unc.edu.ar\/lo-imposible\/wp-content\/uploads\/sites\/14\/2017\/05\/8_Julieta_Santo19-1024x683.jpg\" class=\"attachment-large size-large\" alt=\"\" srcset=\"https:\/\/ffyh.unc.edu.ar\/lo-imposible\/wp-content\/uploads\/sites\/14\/2017\/05\/8_Julieta_Santo19-1024x683.jpg 1024w, https:\/\/ffyh.unc.edu.ar\/lo-imposible\/wp-content\/uploads\/sites\/14\/2017\/05\/8_Julieta_Santo19-300x200.jpg 300w, https:\/\/ffyh.unc.edu.ar\/lo-imposible\/wp-content\/uploads\/sites\/14\/2017\/05\/8_Julieta_Santo19-768x512.jpg 768w, https:\/\/ffyh.unc.edu.ar\/lo-imposible\/wp-content\/uploads\/sites\/14\/2017\/05\/8_Julieta_Santo19.jpg 1080w, https:\/\/ffyh.unc.edu.ar\/lo-imposible\/wp-content\/uploads\/sites\/14\/2017\/05\/8_Julieta_Santo19-960x640.jpg 960w, https:\/\/ffyh.unc.edu.ar\/lo-imposible\/wp-content\/uploads\/sites\/14\/2017\/05\/8_Julieta_Santo19-450x300.jpg 450w\" sizes=\"auto, (max-width: 1000px) 100vw, 1000px\" \/><\/a>\n\t\t\t<\/div><\/figure><figure class='gallery-item'>\n\t\t\t<div class='gallery-icon landscape'>\n\t\t\t\t<a href='https:\/\/ffyh.unc.edu.ar\/lo-imposible\/miradas\/el-juicio-en-la-calle\/7_julieta_santo17\/'><img loading=\"lazy\" decoding=\"async\" width=\"1000\" height=\"667\" src=\"https:\/\/ffyh.unc.edu.ar\/lo-imposible\/wp-content\/uploads\/sites\/14\/2017\/05\/7_Julieta_Santo17-1024x683.jpg\" class=\"attachment-large size-large\" alt=\"\" srcset=\"https:\/\/ffyh.unc.edu.ar\/lo-imposible\/wp-content\/uploads\/sites\/14\/2017\/05\/7_Julieta_Santo17-1024x683.jpg 1024w, https:\/\/ffyh.unc.edu.ar\/lo-imposible\/wp-content\/uploads\/sites\/14\/2017\/05\/7_Julieta_Santo17-300x200.jpg 300w, https:\/\/ffyh.unc.edu.ar\/lo-imposible\/wp-content\/uploads\/sites\/14\/2017\/05\/7_Julieta_Santo17-768x512.jpg 768w, https:\/\/ffyh.unc.edu.ar\/lo-imposible\/wp-content\/uploads\/sites\/14\/2017\/05\/7_Julieta_Santo17.jpg 1080w, https:\/\/ffyh.unc.edu.ar\/lo-imposible\/wp-content\/uploads\/sites\/14\/2017\/05\/7_Julieta_Santo17-960x640.jpg 960w, https:\/\/ffyh.unc.edu.ar\/lo-imposible\/wp-content\/uploads\/sites\/14\/2017\/05\/7_Julieta_Santo17-450x300.jpg 450w\" sizes=\"auto, (max-width: 1000px) 100vw, 1000px\" \/><\/a>\n\t\t\t<\/div><\/figure><figure class='gallery-item'>\n\t\t\t<div class='gallery-icon landscape'>\n\t\t\t\t<a href='https:\/\/ffyh.unc.edu.ar\/lo-imposible\/miradas\/el-juicio-en-la-calle\/6_julieta_santo16\/'><img loading=\"lazy\" decoding=\"async\" width=\"1000\" height=\"667\" src=\"https:\/\/ffyh.unc.edu.ar\/lo-imposible\/wp-content\/uploads\/sites\/14\/2017\/05\/6_Julieta_Santo16-1024x683.jpg\" class=\"attachment-large size-large\" alt=\"\" srcset=\"https:\/\/ffyh.unc.edu.ar\/lo-imposible\/wp-content\/uploads\/sites\/14\/2017\/05\/6_Julieta_Santo16-1024x683.jpg 1024w, https:\/\/ffyh.unc.edu.ar\/lo-imposible\/wp-content\/uploads\/sites\/14\/2017\/05\/6_Julieta_Santo16-300x200.jpg 300w, https:\/\/ffyh.unc.edu.ar\/lo-imposible\/wp-content\/uploads\/sites\/14\/2017\/05\/6_Julieta_Santo16-768x512.jpg 768w, https:\/\/ffyh.unc.edu.ar\/lo-imposible\/wp-content\/uploads\/sites\/14\/2017\/05\/6_Julieta_Santo16.jpg 1080w, https:\/\/ffyh.unc.edu.ar\/lo-imposible\/wp-content\/uploads\/sites\/14\/2017\/05\/6_Julieta_Santo16-960x640.jpg 960w, https:\/\/ffyh.unc.edu.ar\/lo-imposible\/wp-content\/uploads\/sites\/14\/2017\/05\/6_Julieta_Santo16-450x300.jpg 450w\" sizes=\"auto, (max-width: 1000px) 100vw, 1000px\" \/><\/a>\n\t\t\t<\/div><\/figure><figure class='gallery-item'>\n\t\t\t<div class='gallery-icon landscape'>\n\t\t\t\t<a href='https:\/\/ffyh.unc.edu.ar\/lo-imposible\/miradas\/el-juicio-en-la-calle\/5_julieta_santo18\/'><img loading=\"lazy\" decoding=\"async\" width=\"1000\" height=\"845\" src=\"https:\/\/ffyh.unc.edu.ar\/lo-imposible\/wp-content\/uploads\/sites\/14\/2017\/05\/5_Julieta_Santo18-1024x865.jpg\" class=\"attachment-large size-large\" alt=\"\" srcset=\"https:\/\/ffyh.unc.edu.ar\/lo-imposible\/wp-content\/uploads\/sites\/14\/2017\/05\/5_Julieta_Santo18-1024x865.jpg 1024w, https:\/\/ffyh.unc.edu.ar\/lo-imposible\/wp-content\/uploads\/sites\/14\/2017\/05\/5_Julieta_Santo18-300x253.jpg 300w, https:\/\/ffyh.unc.edu.ar\/lo-imposible\/wp-content\/uploads\/sites\/14\/2017\/05\/5_Julieta_Santo18-768x649.jpg 768w, https:\/\/ffyh.unc.edu.ar\/lo-imposible\/wp-content\/uploads\/sites\/14\/2017\/05\/5_Julieta_Santo18-355x300.jpg 355w, https:\/\/ffyh.unc.edu.ar\/lo-imposible\/wp-content\/uploads\/sites\/14\/2017\/05\/5_Julieta_Santo18.jpg 1080w\" sizes=\"auto, (max-width: 1000px) 100vw, 1000px\" \/><\/a>\n\t\t\t<\/div><\/figure><figure class='gallery-item'>\n\t\t\t<div class='gallery-icon landscape'>\n\t\t\t\t<a href='https:\/\/ffyh.unc.edu.ar\/lo-imposible\/miradas\/el-juicio-en-la-calle\/1_julianathos-4\/'><img loading=\"lazy\" decoding=\"async\" width=\"1000\" height=\"666\" src=\"https:\/\/ffyh.unc.edu.ar\/lo-imposible\/wp-content\/uploads\/sites\/14\/2017\/05\/1_JulianAthos-4-1024x682.jpg\" class=\"attachment-large size-large\" alt=\"\" srcset=\"https:\/\/ffyh.unc.edu.ar\/lo-imposible\/wp-content\/uploads\/sites\/14\/2017\/05\/1_JulianAthos-4-1024x682.jpg 1024w, https:\/\/ffyh.unc.edu.ar\/lo-imposible\/wp-content\/uploads\/sites\/14\/2017\/05\/1_JulianAthos-4-300x200.jpg 300w, https:\/\/ffyh.unc.edu.ar\/lo-imposible\/wp-content\/uploads\/sites\/14\/2017\/05\/1_JulianAthos-4-768x511.jpg 768w, https:\/\/ffyh.unc.edu.ar\/lo-imposible\/wp-content\/uploads\/sites\/14\/2017\/05\/1_JulianAthos-4-960x640.jpg 960w, https:\/\/ffyh.unc.edu.ar\/lo-imposible\/wp-content\/uploads\/sites\/14\/2017\/05\/1_JulianAthos-4-451x300.jpg 451w, https:\/\/ffyh.unc.edu.ar\/lo-imposible\/wp-content\/uploads\/sites\/14\/2017\/05\/1_JulianAthos-4.jpg 1080w\" sizes=\"auto, (max-width: 1000px) 100vw, 1000px\" \/><\/a>\n\t\t\t<\/div><\/figure><figure class='gallery-item'>\n\t\t\t<div class='gallery-icon landscape'>\n\t\t\t\t<a href='https:\/\/ffyh.unc.edu.ar\/lo-imposible\/miradas\/el-juicio-en-la-calle\/4_manuelbomheker\/'><img loading=\"lazy\" decoding=\"async\" width=\"1000\" height=\"660\" src=\"https:\/\/ffyh.unc.edu.ar\/lo-imposible\/wp-content\/uploads\/sites\/14\/2017\/05\/4_ManuelBomheker-1024x676.jpg\" class=\"attachment-large size-large\" alt=\"\" srcset=\"https:\/\/ffyh.unc.edu.ar\/lo-imposible\/wp-content\/uploads\/sites\/14\/2017\/05\/4_ManuelBomheker-1024x676.jpg 1024w, https:\/\/ffyh.unc.edu.ar\/lo-imposible\/wp-content\/uploads\/sites\/14\/2017\/05\/4_ManuelBomheker-300x198.jpg 300w, https:\/\/ffyh.unc.edu.ar\/lo-imposible\/wp-content\/uploads\/sites\/14\/2017\/05\/4_ManuelBomheker-768x507.jpg 768w, https:\/\/ffyh.unc.edu.ar\/lo-imposible\/wp-content\/uploads\/sites\/14\/2017\/05\/4_ManuelBomheker-454x300.jpg 454w, https:\/\/ffyh.unc.edu.ar\/lo-imposible\/wp-content\/uploads\/sites\/14\/2017\/05\/4_ManuelBomheker.jpg 1080w\" sizes=\"auto, (max-width: 1000px) 100vw, 1000px\" \/><\/a>\n\t\t\t<\/div><\/figure>\n\t\t<\/div>\n\n","protected":false},"excerpt":{"rendered":"<p>Pisadas. Pliegues. Contornos. Un abrazo y una consigna. Flores rojas. Las flores rojas que aparecieron un d\u00eda en La Perla. Y primaveran el mismo lugar. Con otro piso. Con pisadas infinitas, en las temporalidades y en las geograf\u00edas. Un piso de justicia. Que aloja esos pliegues de vida, pliegues en forma de pa\u00f1uelo, que se&#8230; <\/p>\n<div class=\"link-more\"><a href=\"https:\/\/ffyh.unc.edu.ar\/lo-imposible\/miradas\/el-juicio-en-la-calle\/\">Lea m\u00e1s<\/a><\/div>\n","protected":false},"author":1,"featured_media":0,"parent":15,"menu_order":0,"comment_status":"closed","ping_status":"closed","template":"","meta":{"_acf_changed":false,"_monsterinsights_skip_tracking":false,"_monsterinsights_sitenote_active":false,"_monsterinsights_sitenote_note":"","_monsterinsights_sitenote_category":0,"footnotes":""},"class_list":["post-23","page","type-page","status-publish","hentry"],"acf":[],"_links":{"self":[{"href":"https:\/\/ffyh.unc.edu.ar\/lo-imposible\/wp-json\/wp\/v2\/pages\/23","targetHints":{"allow":["GET"]}}],"collection":[{"href":"https:\/\/ffyh.unc.edu.ar\/lo-imposible\/wp-json\/wp\/v2\/pages"}],"about":[{"href":"https:\/\/ffyh.unc.edu.ar\/lo-imposible\/wp-json\/wp\/v2\/types\/page"}],"author":[{"embeddable":true,"href":"https:\/\/ffyh.unc.edu.ar\/lo-imposible\/wp-json\/wp\/v2\/users\/1"}],"replies":[{"embeddable":true,"href":"https:\/\/ffyh.unc.edu.ar\/lo-imposible\/wp-json\/wp\/v2\/comments?post=23"}],"version-history":[{"count":0,"href":"https:\/\/ffyh.unc.edu.ar\/lo-imposible\/wp-json\/wp\/v2\/pages\/23\/revisions"}],"up":[{"embeddable":true,"href":"https:\/\/ffyh.unc.edu.ar\/lo-imposible\/wp-json\/wp\/v2\/pages\/15"}],"wp:attachment":[{"href":"https:\/\/ffyh.unc.edu.ar\/lo-imposible\/wp-json\/wp\/v2\/media?parent=23"}],"curies":[{"name":"wp","href":"https:\/\/api.w.org\/{rel}","templated":true}]}}