{"id":10699,"date":"2024-07-09T15:35:35","date_gmt":"2024-07-09T15:35:35","guid":{"rendered":"https:\/\/ffyh.unc.edu.ar\/posgrado\/?page_id=10699"},"modified":"2025-10-20T19:29:55","modified_gmt":"2025-10-20T19:29:55","slug":"presentacion-proyecto-y-trabajo-final-de-integracion","status":"publish","type":"page","link":"https:\/\/ffyh.unc.edu.ar\/posgrado\/especializaciones\/especializacion-en-adolescencia\/presentacion-proyecto-y-trabajo-final-de-integracion\/","title":{"rendered":"Presentaci\u00f3n proyecto y trabajo final de integraci\u00f3n"},"content":{"rendered":"<div class=\"entry-content clearfix\">\n<p align=\"center\">\n<p align=\"center\"><span style=\"font-family: Palatino Linotype, serif\"><span style=\"font-size: large\"><b>Etapas en la realizaci\u00f3n del Trabajo Final Integrador<\/b><\/span><\/span><\/p>\n<p align=\"justify\"><span style=\"font-family: Palatino Linotype, serif\"><span style=\"font-size: large\"><b>1. Presentaci\u00f3n del Proyecto de TFI.<\/b><\/span><\/span><\/p>\n<p align=\"justify\"><span style=\"font-family: Palatino Linotype, serif\">El <\/span><span style=\"font-family: Palatino Linotype, serif\"><b>Proyecto de Trabajo Final de Integraci\u00f3n<\/b><\/span><span style=\"font-family: Palatino Linotype, serif\"> se formalizar\u00e1 con una apertura de <\/span><span style=\"font-family: Palatino Linotype, serif\"><b>expediente<\/b><\/span><span style=\"font-family: Palatino Linotype, serif\"> institucional en mesa de entradas. Para ello es necesario enviar la documentaci\u00f3n que detallamos debajo a la direcci\u00f3n: mesadeentradas@ffyh.unc.edu.ar<\/span><\/p>\n<p align=\"justify\"><span style=\"font-family: Palatino Linotype, serif\"><b>&#8211;<\/b><\/span><span style=\"font-family: Palatino Linotype, serif\"> Proyecto de Trabajo Final de Integraci\u00f3n. (Orientaciones para la elaboraci\u00f3n &#8211;<\/span><a href=\"https:\/\/docs.google.com\/document\/d\/1jwL6dC_SXs69M2g66QCOup2d07OgjsmfdrIaFVNvVE4\/edit?usp=sharing\"><span style=\"color: #1155cc\"><span style=\"font-family: Palatino Linotype, serif\"><u> aqu\u00ed<\/u><\/span><\/span><\/a><span style=\"font-family: Palatino Linotype, serif\"><b>)<\/b><\/span><\/p>\n<p align=\"justify\"><span style=\"font-family: Palatino Linotype, serif\"><b>&#8211;<\/b><\/span><span style=\"font-family: Palatino Linotype, serif\"> Nota, sin membretes institucionales (<\/span><a href=\"https:\/\/docs.google.com\/document\/d\/19Yt5EpEseKj_UfW2_PL7jsrkRmVi3NTX\/edit?usp=sharing&amp;ouid=104521629709445610740&amp;rtpof=true&amp;sd=true\"><span style=\"color: #1155cc\"><span style=\"font-family: Palatino Linotype, serif\"><u>modelo<\/u><\/span><\/span><\/a><span style=\"font-family: Palatino Linotype, serif\">), dirigida al Comit\u00e9 Acad\u00e9mico de la carrera, firmada por el\/la estudiante y su Director\/a, quien avala la presentaci\u00f3n del Proyecto.<\/span><\/p>\n<p align=\"justify\"><span style=\"font-family: Palatino Linotype, serif\"><b>&#8211;<\/b><\/span><span style=\"font-family: Palatino Linotype, serif\"> Acuerdo de Pr\u00e1cticas Institucionales (<\/span><a href=\"https:\/\/drive.google.com\/file\/d\/1kfbd4fxi-pJ-eOiL3aYki6eO5tSVq_7X\/view?usp=sharing\"><span style=\"color: #1155cc\"><span style=\"font-family: Palatino Linotype, serif\"><u>modelo<\/u><\/span><\/span><\/a><span style=\"font-family: Palatino Linotype, serif\">), firmado por el\/la Tutor\/a responsable de la Instituci\u00f3n en la que se realizar\u00e1n las Pr\u00e1cticas Supervisadas.<\/span><\/p>\n<p align=\"justify\"><span style=\"font-family: Palatino Linotype, serif\"><b>&#8211;<\/b><\/span><span style=\"font-family: Palatino Linotype, serif\"> CV nominal del\/la Tutor\/a por parte de la instituci\u00f3n, quien realizar\u00e1 el acompa\u00f1amiento y la orientaci\u00f3n en la instituci\u00f3n elegida.<\/span><\/p>\n<p align=\"justify\"><span style=\"font-family: Palatino Linotype, serif\"><b>&#8211;<\/b><\/span><span style=\"font-family: Palatino Linotype, serif\"> Reporte Historia Acad\u00e9mica descargado de SIU GUARAN\u00cd<\/span><\/p>\n<p align=\"justify\"><span style=\"font-family: Palatino Linotype, serif\">El Proyecto de TFI presentado ser\u00e1 evaluado por el Comit\u00e9 Acad\u00e9mico de la Especializaci\u00f3n y -en caso de ser aprobado- \u00e9ste solicitar\u00e1 a la Decana emita la Resoluci\u00f3n que avale el Proyecto de TFI y designe al\/la Directora\/a.<\/span><\/p>\n<p align=\"justify\"><span style=\"font-family: Palatino Linotype, serif\">En caso de que el Comit\u00e9 Acad\u00e9mico no apruebe el Proyecto, emitir\u00e1 un Dictamen con las observaciones y\/o se\u00f1alamientos; el cual ser\u00e1 comunicado al\/la estudiante para su correcci\u00f3n y posterior presentaci\u00f3n.<\/span><\/p>\n<p align=\"justify\"><span style=\"font-family: Palatino Linotype, serif\"><span style=\"font-size: large\"><b>2. Realizaci\u00f3n de las Pr\u00e1cticas Supervisadas.<\/b><\/span><\/span><\/p>\n<p align=\"justify\"><span style=\"font-family: Palatino Linotype, serif\">Reglamento de pr\u00e1cticas profesionales (<\/span><a href=\"https:\/\/docs.google.com\/document\/d\/1LuDDrzNUl4l-wyErWWG8url9wQ0rCHsC4OioyU4rkiA\/edit?usp=sharing\"><span style=\"color: #1155cc\"><span style=\"font-family: Palatino Linotype, serif\"><u>aqu\u00ed<\/u><\/span><\/span><\/a><span style=\"font-family: Palatino Linotype, serif\">)<\/span><\/p>\n<p align=\"justify\"><span style=\"font-family: Palatino Linotype, serif\">Aprobado el Proyecto de TFI por parte del Comit\u00e9 Acad\u00e9mico de la Especializaci\u00f3n, el\/la estudiante se encontrar\u00e1 en condiciones de realizar las Pr\u00e1cticas Supervisadas en la instituci\u00f3n elegida, con el acompa\u00f1amiento de su Tutor\/a institucional y su Directora\/a de TFI.<\/span><\/p>\n<p align=\"justify\"><span style=\"font-family: Palatino Linotype, serif\">En ambos casos, se deber\u00e1n consignar en el \u201cRegistro de Pr\u00e1cticas institucionales\u201d y en el \u201cRegistro de Tutor\u00edas\u201d, la carga horaria y las actividades realizadas en el marco de las Pr\u00e1cticas. <\/span><\/p>\n<p align=\"justify\"><span style=\"font-family: Palatino Linotype, serif\">Luego de culminadas las Pr\u00e1cticas Supervisadas, el\/la estudiante dispondr\u00e1 de 6 (seis) meses para la entrega del Informe de Trabajo Final Integrador. En caso de extenderse este plazo, el\/la estudiante deber\u00e1 presentar una nota dirigida al Comit\u00e9 Acad\u00e9mico de la carrera informando el estado de situaci\u00f3n y \u00e9ste le otorgar\u00e1 la correspondiente pr\u00f3rroga para la entrega del Informe de acuerdo al Reglamento de la carrera.<\/span><\/p>\n<p align=\"justify\"><span style=\"font-family: Palatino Linotype, serif\"><span style=\"font-size: large\"><b>3. Presentaci\u00f3n del Informe Final de TFI.<\/b><\/span><\/span><\/p>\n<p align=\"justify\"><span style=\"font-family: Palatino Linotype, serif\">Luego de concluidas las Pr\u00e1cticas Supervisadas, el\/la estudiante deber\u00e1 elaborar un Informe de sistematizaci\u00f3n en el que se integren lo trabajado en el Proyecto de TFI y aquellos aspectos emergentes en el espacio de Pr\u00e1cticas Supervisadas.<\/span><\/p>\n<p align=\"justify\"><span style=\"font-family: Palatino Linotype, serif\">El <\/span><span style=\"font-family: Palatino Linotype, serif\"><b>Informe de Trabajo Final de Integraci\u00f3n<\/b><\/span><span style=\"font-family: Palatino Linotype, serif\"> se formalizar\u00e1 con una apertura de <\/span><span style=\"font-family: Palatino Linotype, serif\"><b>expediente<\/b><\/span><span style=\"font-family: Palatino Linotype, serif\"> institucional en mesa de entradas. Para ello es necesario enviar la documentaci\u00f3n que detallamos debajo a la direcci\u00f3n: mesadeentradas@ffyh.unc.edu.ar<\/span><\/p>\n<p align=\"justify\"><span style=\"font-family: Palatino Linotype, serif\"><b>&#8211;<\/b><\/span><span style=\"font-family: Palatino Linotype, serif\"> Informe de Trabajo Final Integrador en versi\u00f3n pdf. (algunas orientaciones para la elaboraci\u00f3n <\/span><a href=\"https:\/\/drive.google.com\/file\/d\/1xcXymMA1_0RQdXny9jOz_j1zg7uXg89P\/view?usp=sharing\"><span style=\"color: #1155cc\"><span style=\"font-family: Palatino Linotype, serif\"><u>aqu\u00ed<\/u><\/span><\/span><\/a><span style=\"font-family: Palatino Linotype, serif\">)<\/span><\/p>\n<p align=\"justify\"><span style=\"font-family: Palatino Linotype, serif\"><b>&#8211;<\/b><\/span><span style=\"font-family: Palatino Linotype, serif\"> Nota, sin membretes institucionales (<\/span><a href=\"https:\/\/docs.google.com\/document\/d\/1D3SaWAEtT3FYyKRo78CaxUQq78Mn45HP\/edit?usp=sharing&amp;ouid=104521629709445610740&amp;rtpof=true&amp;sd=true\"><span style=\"color: #1155cc\"><span style=\"font-family: Palatino Linotype, serif\"><u>modelo adjunto<\/u><\/span><\/span><\/a><span style=\"font-family: Palatino Linotype, serif\">), dirigida al Comit\u00e9 Acad\u00e9mico de la carrera, firmada por el\/la estudiante y su Director\/a, quien avala la presentaci\u00f3n del Informe.<\/span><\/p>\n<p align=\"justify\"><span style=\"font-family: Palatino Linotype, serif\"><b>&#8211;<\/b><\/span><span style=\"font-family: Palatino Linotype, serif\"> Registro de Pr\u00e1cticas Institucionales firmado por el\/la Tutor\/a institucional donde se consigne carga horaria y las actividades realizadas. (<\/span><a href=\"https:\/\/docs.google.com\/document\/d\/1kYffI60RB59UO6SC0-yLU0WAd4Sju7vI\/edit\"><span style=\"color: #1155cc\"><span style=\"font-family: Palatino Linotype, serif\"><u>modelo<\/u><\/span><\/span><\/a><span style=\"font-family: Palatino Linotype, serif\">)<\/span><\/p>\n<p align=\"justify\"><span style=\"font-family: Palatino Linotype, serif\"><b>&#8211;<\/b><\/span><span style=\"font-family: Palatino Linotype, serif\"> Registro de Tutor\u00edas firmado por el\/la Directora\/a del TFI (<\/span><a href=\"https:\/\/docs.google.com\/document\/d\/1Xs753B_2EjOc7Mnw10I62oSH1kOqVuuh\/edit\"><span style=\"color: #1155cc\"><span style=\"font-family: Palatino Linotype, serif\"><u>modelo<\/u><\/span><\/span><\/a><span style=\"font-family: Palatino Linotype, serif\">)<\/span><\/p>\n<p align=\"justify\"><span style=\"font-family: Palatino Linotype, serif\"><b>&#8211;<\/b><\/span><span style=\"font-family: Palatino Linotype, serif\"> Certificado anal\u00edtico. Se solicita a Despacho de Alumnos mediante el siguiente <\/span><a href=\"https:\/\/docs.google.com\/forms\/d\/e\/1FAIpQLSfCNf2I_skZd2H_xboxEJ7dMI29qFr5ih1TBHZINWJVLVjh3Q\/viewform\"><span style=\"color: #1155cc\"><span style=\"font-family: Palatino Linotype, serif\"><u>FORMULARIO<\/u><\/span><\/span><\/a><span style=\"font-family: Palatino Linotype, serif\">.<\/span><\/p>\n<p align=\"justify\"><span style=\"font-family: Palatino Linotype, serif\"><b>&#8211;<\/b><\/span><span style=\"font-family: Palatino Linotype, serif\"> Nota de compromiso para RDU (<\/span><a href=\"https:\/\/docs.google.com\/document\/d\/1Zozb7GSJQ9sYtDoRJGYjp1jUZBZ3mA-P\/edit\"><span style=\"color: #1155cc\"><span style=\"font-family: Palatino Linotype, serif\"><u>aqu\u00ed<\/u><\/span><\/span><\/a><span style=\"font-family: Palatino Linotype, serif\">) <\/span><\/p>\n<p align=\"justify\"><span style=\"font-family: Palatino Linotype, serif\"><b>&#8211;<\/b><\/span><span style=\"font-family: Palatino Linotype, serif\"> Formulario de carga RDU (<\/span><a href=\"https:\/\/docs.google.com\/document\/d\/1o5KR2RFaTJeprbPj8nMTbsTOdkXr69T-\/edit\"><span style=\"color: #1155cc\"><span style=\"font-family: Palatino Linotype, serif\"><u>aqu\u00ed<\/u><\/span><\/span><\/a><span style=\"font-family: Palatino Linotype, serif\">) <\/span><\/p>\n<p align=\"justify\"><span style=\"font-family: Palatino Linotype, serif\"><b>&#8211;<\/b><\/span><span style=\"font-family: Palatino Linotype, serif\"> Libre deuda. Se solicita al correo <\/span><a href=\"mailto:recaudaciones@psicologia.unc.edu.ar\"><span style=\"color: #1155cc\"><span style=\"font-family: Palatino Linotype, serif\"><u>recaudaciones@psicologia.unc.edu.ar<\/u><\/span><\/span><\/a><\/p>\n<p align=\"justify\"><span style=\"font-family: Palatino Linotype, serif\">Luego de realizada la presentaci\u00f3n de la documentaci\u00f3n completa, el Comit\u00e9 Acad\u00e9mico de la carrera designar\u00e1 al Tribunal que eval\u00fae el Informe del TFI.<\/span><\/p>\n<p align=\"justify\"><span style=\"font-family: Palatino Linotype, serif\">El Tribunal evaluador realizar\u00e1 la lectura del trabajo en un plazo de\u00a090 (noventa) d\u00edas. Concluido ese plazo,\u00a0los\/las miembros del Tribunal informar\u00e1n al\/la estudiante el dictamen de evaluaci\u00f3n.<\/span><\/p>\n<p align=\"justify\"><span style=\"color: #000000\">\u00a0<\/span><\/p>\n<p align=\"justify\"><span style=\"font-family: Palatino Linotype, serif\">En caso de que la evaluaci\u00f3n sea positiva, se acordar\u00e1 la fecha de defensa oral del TFI.<\/span><\/p>\n<p align=\"justify\"><span style=\"font-family: Palatino Linotype, serif\">En caso de que la devoluci\u00f3n de la evaluaci\u00f3n del TFI contenga observaciones, \u00e9stas ser\u00e1n remitidas al\/la estudiante y a su Director\/a para su nueva presentaci\u00f3n dentro del plazo de\u00a060 (sesenta) d\u00edas a partir de la notificaci\u00f3n del dictamen.<\/span><\/p>\n<p align=\"justify\"><span style=\"font-family: Palatino Linotype, serif\"><span style=\"font-size: large\"><b>4. Defensa Oral del TFI.<\/b><\/span><\/span><\/p>\n<p align=\"justify\"><span style=\"font-family: Palatino Linotype, serif\"><b>a) <\/b><\/span><span style=\"font-family: Palatino Linotype, serif\">La fecha que se fije para la defensa Oral del TFI ser\u00e1 acordada por equipo Directivo de la Especializaci\u00f3n, junto al estudiante y los\/las miembros del Tribunal; la misma ser\u00e1 comunicada v\u00eda correo electr\u00f3nico por la Secretar\u00eda T\u00e9cnica a los\/las involucrados\/as. <\/span><\/p>\n<p align=\"justify\"><span style=\"font-family: Palatino Linotype, serif\"><b>b)<\/b><\/span><span style=\"font-family: Palatino Linotype, serif\"> El acto de defensa ser\u00e1 p\u00fablico y consistir\u00e1 en la exposici\u00f3n del TFI por espacio de 30 minutos aproximadamente. Es posible y deseable la utilizaci\u00f3n de materiales multimedia (presentaciones, videos, audios, etc.)<\/span><\/p>\n<p align=\"justify\"><span style=\"font-family: Palatino Linotype, serif\"><b>c) <\/b><\/span><span style=\"font-family: Palatino Linotype, serif\">Finalizada la exposici\u00f3n, el Tribunal podr\u00e1 solicitar al\/la estudiante aclaraciones o respuestas sobre observaciones o modificaciones realizadas, como tambi\u00e9n consultas sobre posibles conclusiones y propuestas del trabajo presentado.<\/span><\/p>\n<p align=\"justify\"><span style=\"font-family: Palatino Linotype, serif\"><b>d) <\/b><\/span><span style=\"font-family: Palatino Linotype, serif\">El Tribunal llevar\u00e1 a cabo la preparaci\u00f3n del Dictamen posterior a la Defensa del TFI. \u00c9ste se realizar\u00e1 en un ambiente privado, con la sola participaci\u00f3n del Tribunal designado, no pudiendo participar en la deliberaci\u00f3n el\/la estudiante. Concluida la redacci\u00f3n y firma del Dictamen se llevar\u00e1 a cabo la lectura p\u00fablica del mismo con la presencia del\/la estudiante.<\/span><\/p>\n<\/div>\n","protected":false},"excerpt":{"rendered":"<p>Etapas en la realizaci\u00f3n del Trabajo Final Integrador 1. Presentaci\u00f3n del Proyecto de TFI. El Proyecto de Trabajo Final de<\/p>\n","protected":false},"author":5,"featured_media":0,"parent":66,"menu_order":0,"comment_status":"closed","ping_status":"closed","template":"","meta":{"_acf_changed":false,"colormag_page_container_layout":"default_layout","colormag_page_sidebar_layout":"default_layout","footnotes":""},"class_list":["post-10699","page","type-page","status-publish","hentry"],"acf":[],"jetpack_sharing_enabled":true,"_links":{"self":[{"href":"https:\/\/ffyh.unc.edu.ar\/posgrado\/wp-json\/wp\/v2\/pages\/10699","targetHints":{"allow":["GET"]}}],"collection":[{"href":"https:\/\/ffyh.unc.edu.ar\/posgrado\/wp-json\/wp\/v2\/pages"}],"about":[{"href":"https:\/\/ffyh.unc.edu.ar\/posgrado\/wp-json\/wp\/v2\/types\/page"}],"author":[{"embeddable":true,"href":"https:\/\/ffyh.unc.edu.ar\/posgrado\/wp-json\/wp\/v2\/users\/5"}],"replies":[{"embeddable":true,"href":"https:\/\/ffyh.unc.edu.ar\/posgrado\/wp-json\/wp\/v2\/comments?post=10699"}],"version-history":[{"count":5,"href":"https:\/\/ffyh.unc.edu.ar\/posgrado\/wp-json\/wp\/v2\/pages\/10699\/revisions"}],"predecessor-version":[{"id":12394,"href":"https:\/\/ffyh.unc.edu.ar\/posgrado\/wp-json\/wp\/v2\/pages\/10699\/revisions\/12394"}],"up":[{"embeddable":true,"href":"https:\/\/ffyh.unc.edu.ar\/posgrado\/wp-json\/wp\/v2\/pages\/66"}],"wp:attachment":[{"href":"https:\/\/ffyh.unc.edu.ar\/posgrado\/wp-json\/wp\/v2\/media?parent=10699"}],"curies":[{"name":"wp","href":"https:\/\/api.w.org\/{rel}","templated":true}]}}