{"id":4447,"date":"2015-06-05T13:00:53","date_gmt":"2015-06-05T13:00:53","guid":{"rendered":"http:\/\/www.ffyh.unc.edu.ar\/posgrado\/?page_id=4447"},"modified":"2026-02-02T14:59:32","modified_gmt":"2026-02-02T14:59:32","slug":"especializacion-en-psicopedagogia-escolar","status":"publish","type":"page","link":"https:\/\/ffyh.unc.edu.ar\/posgrado\/especializaciones\/especializacion-en-psicopedagogia-escolar\/","title":{"rendered":"Especializaci\u00f3n en Psicopedagog\u00eda Escolar"},"content":{"rendered":"<div class=\"content clear-block\">\n<p><img fetchpriority=\"high\" decoding=\"async\" class=\"alignnone size-full wp-image-6194\" src=\"http:\/\/ffyh.unc.edu.ar\/posgrado\/wp-content\/uploads\/sites\/3\/2018\/03\/EPE.jpg\" alt=\"\" width=\"820\" height=\"442\" srcset=\"https:\/\/ffyh.unc.edu.ar\/posgrado\/wp-content\/uploads\/sites\/3\/2018\/03\/EPE.jpg 820w, https:\/\/ffyh.unc.edu.ar\/posgrado\/wp-content\/uploads\/sites\/3\/2018\/03\/EPE-300x162.jpg 300w, https:\/\/ffyh.unc.edu.ar\/posgrado\/wp-content\/uploads\/sites\/3\/2018\/03\/EPE-768x414.jpg 768w\" sizes=\"(max-width: 820px) 100vw, 820px\" \/><\/p>\n<\/div>\n<p><b>ESPECIALIZACI\u00d3N EN PSICOPEDAGOG\u00cdA ESCOLAR<\/b><\/p>\n<p><b><i>Especializaci\u00f3n en Psicopedagog\u00eda Escolar (2 a\u00f1os)<\/i><\/b><b><i><br \/>\n<\/i><\/b><b><i>CONEAU N\u00ba Acta N\u00ba414<\/i><\/b><b><i><br \/>\n<\/i><\/b><b><i>Resoluci\u00f3n Ministerial N\u00ba 2352\/16<\/i><\/b><\/p>\n<hr \/>\n<p><strong>Autoridades de la carrera:<\/strong><br \/>\n<strong>Direcci\u00f3n<\/strong>:<br \/>\n\u25cf Dra. Cristina Vairo<\/p>\n<p><strong>Co- direcci\u00f3n<\/strong>:<br \/>\n\u25cf Esp. Natalia Alejandra del Milagro Gonz\u00e1lez<\/p>\n<p>Comit\u00e9 Acad\u00e9mico:<br \/>\n\u25cf Lic. Daniel Lemme<br \/>\n\u25cf Dra. Andrea Martino<br \/>\n\u25cf Mgter. Luc\u00eda Garay<\/p>\n<p><strong>Coordinadora de Pr\u00e1cticas<\/strong>:<br \/>\n\u25cf Lic. Marcela Morcillo<\/p>\n<p><strong>Secretaria T\u00e9cnica<\/strong>:<br \/>\n\u25cf Lic. Milagros Flores<\/p>\n<p>Estructura y cuerpo docente de la carrera: <a href=\"https:\/\/drive.google.com\/file\/d\/1dsUcqWwM-utb8hKgXsw3FtiIQ5Afzzbp\/view\"><b>clic aqu\u00ed<\/b><\/a><\/p>\n<hr \/>\n<p>Destinatarias\/os:<\/p>\n<p><b>\u25cf Egresadas\/os con t\u00edtulo de licenciado en psicopedagog\u00eda, de psicopedagoga\/o o de<\/b><b><br \/>\n<\/b><b>profesor\/a en psicopedagog\u00eda, expedidos por universidades nacionales, provinciales<\/b><b><br \/>\n<\/b><b>o privadas, o por institutos de nivel terciario oficialmente reconocidos y con una<\/b><b><br \/>\n<\/b><b>duraci\u00f3n no menor a cuatro a\u00f1os;<\/b><b><br \/>\n<\/b><b>\u25cf Egresados con t\u00edtulo de licenciado\/a y profesor\/a en Ciencias de la Educaci\u00f3n<\/b><b><br \/>\n<\/b><b>expedido por la Universidad Nacional de C\u00f3rdoba u otras Universidades<\/b><b><br \/>\n<\/b><b>acreditando inserci\u00f3n profesional en instituciones educativas.<\/b><\/p>\n<p><b>**En todos los casos la admisi\u00f3n ser\u00e1 considerada por Directora y Comit\u00e9 Acad\u00e9mico.<\/b><\/p>\n<hr \/>\n<p>T\u00edtulo y perfil de las\/os egresadas\/os:<\/p>\n<p><b>El t\u00edtulo que la carrera otorga es Especialista en Psicopedagog\u00eda Escolar. Al t\u00e9rmino de la<\/b><b><br \/>\n<\/b><b>carrera las\/os egresadas\/os de la carrera habr\u00e1n logrado:<\/b><\/p>\n<ul>\n<li><b> Adquirir conocimientos te\u00f3ricos, metodol\u00f3gicos e instrumentales para intervenir en<\/b><b><br \/>\n<\/b><b>las nuevas problem\u00e1ticas escolares, de educaci\u00f3n y aprendizaje.<\/b><\/li>\n<li><b> Desarrollar capacidades para la intervenci\u00f3n en acciones vinculadas a la prevenci\u00f3n<\/b><b><br \/>\n<\/b><b>del fracaso escolar y a la exclusi\u00f3n educativa.<\/b><\/li>\n<li><b> Adquirir conocimientos necesarios para el dise\u00f1o e implementaci\u00f3n de proyectos<\/b><b><br \/>\n<\/b><b>centrados en la funci\u00f3n preventiva y prospectiva de la intervenci\u00f3n psicopedag\u00f3gica<\/b><b><br \/>\n<\/b><b><b>en el campo escolar.<\/b><\/b><\/p>\n<hr \/>\n<\/li>\n<\/ul>\n<div class=\"gmail_default\"><strong>\u00a1Nuevas inscripciones para integrar la cohorte 2025!\u00a0<\/strong><\/div>\n<div><\/div>\n<div class=\"gmail_default\">\n<div dir=\"ltr\">\n<div class=\"gmail_default\">\n<div class=\"gmail_default\">Para inscribirte debes completar el formulario de\u00a0<a href=\"https:\/\/forms.gle\/nFDWCBc18VRA3UKh6\" target=\"_blank\" rel=\"noopener\" data-saferedirecturl=\"https:\/\/www.google.com\/url?q=https:\/\/forms.gle\/nFDWCBc18VRA3UKh6&amp;source=gmail&amp;ust=1751373642232000&amp;usg=AOvVaw2_3bCqT_iHHYFp6Uzrbd92\">preadmisi\u00f3n<\/a>\u00a0para que sea analizado por el equipo directivo de la carrera, una vez que confirmen tu admisi\u00f3n me pondr\u00e9 en contacto para\u00a0los tr\u00e1mites administrativos. Asegurate de chequear el cronograma y los requisitos antes de completarlo (para m\u00e1s detalles escribinos a\u00a0<a href=\"mailto:espsicopedagogia@ffyh.unc.edu.ar\" target=\"_blank\" rel=\"noopener\">espsicopedagogia@ffyh.unc.edu.ar<\/a>).<\/div>\n<\/div>\n<\/div>\n<p>&nbsp;<\/p>\n<hr \/>\n<\/div>\n<div class=\"gmail_default\">\n<div dir=\"ltr\">\n<div class=\"gmail_default\">\n<div class=\"gmail_default\"><em><b>Aranceles desde febrero de 2026:<\/b><\/em><\/div>\n<\/div>\n<\/div>\n<\/div>\n<p>Matr\u00edcula: $65000<br \/>\n22 Cuotas mensuales:<br \/>\nValor de la cuota: $65000<br \/>\nCursos para alumnxs externxs: $75000<\/p>\n<hr \/>\n<p><b>Reglamento de la carrera: <\/b><a href=\"http:\/\/ffyh.unc.edu.ar\/posgrado\/wp-content\/uploads\/sites\/3\/2024\/06\/Esp.-en-Psicopedagogia-Escolar-Reglamento.pdf\"><b>clic aqu\u00ed<\/b><\/a><\/p>\n<hr \/>\n<ul>\n<li><b> Cursos Abiertos y Jornadas disponibles como Alumna\/o externa\/o<\/b><\/li>\n<\/ul>\n<p>Comunicate con espsicopedagogia@ffyh.unc.edu.ar<\/p>\n<hr \/>\n<p><strong>M\u00e1s informaci\u00f3n:<\/strong><br \/>\nSecretar\u00eda de Posgrado (FFYH-UNC)<br \/>\nCorreo electr\u00f3nico: espsicopedagogia@ffyh.unc.edu.ar<\/p>\n<p>&nbsp;<\/p>\n","protected":false},"excerpt":{"rendered":"<p>ESPECIALIZACI\u00d3N EN PSICOPEDAGOG\u00cdA ESCOLAR Especializaci\u00f3n en Psicopedagog\u00eda Escolar (2 a\u00f1os) CONEAU N\u00ba Acta N\u00ba414 Resoluci\u00f3n Ministerial N\u00ba 2352\/16 Autoridades de<\/p>\n","protected":false},"author":5,"featured_media":0,"parent":32,"menu_order":0,"comment_status":"closed","ping_status":"closed","template":"","meta":{"_acf_changed":false,"colormag_page_container_layout":"default_layout","colormag_page_sidebar_layout":"default_layout","footnotes":""},"class_list":["post-4447","page","type-page","status-publish","hentry"],"acf":[],"jetpack_sharing_enabled":true,"_links":{"self":[{"href":"https:\/\/ffyh.unc.edu.ar\/posgrado\/wp-json\/wp\/v2\/pages\/4447","targetHints":{"allow":["GET"]}}],"collection":[{"href":"https:\/\/ffyh.unc.edu.ar\/posgrado\/wp-json\/wp\/v2\/pages"}],"about":[{"href":"https:\/\/ffyh.unc.edu.ar\/posgrado\/wp-json\/wp\/v2\/types\/page"}],"author":[{"embeddable":true,"href":"https:\/\/ffyh.unc.edu.ar\/posgrado\/wp-json\/wp\/v2\/users\/5"}],"replies":[{"embeddable":true,"href":"https:\/\/ffyh.unc.edu.ar\/posgrado\/wp-json\/wp\/v2\/comments?post=4447"}],"version-history":[{"count":65,"href":"https:\/\/ffyh.unc.edu.ar\/posgrado\/wp-json\/wp\/v2\/pages\/4447\/revisions"}],"predecessor-version":[{"id":12688,"href":"https:\/\/ffyh.unc.edu.ar\/posgrado\/wp-json\/wp\/v2\/pages\/4447\/revisions\/12688"}],"up":[{"embeddable":true,"href":"https:\/\/ffyh.unc.edu.ar\/posgrado\/wp-json\/wp\/v2\/pages\/32"}],"wp:attachment":[{"href":"https:\/\/ffyh.unc.edu.ar\/posgrado\/wp-json\/wp\/v2\/media?parent=4447"}],"curies":[{"name":"wp","href":"https:\/\/api.w.org\/{rel}","templated":true}]}}