{"id":62,"date":"2010-11-30T19:59:08","date_gmt":"2010-11-30T19:59:08","guid":{"rendered":"http:\/\/www.ffyh.unc.edu.ar\/posgrado\/"},"modified":"2026-02-02T14:55:56","modified_gmt":"2026-02-02T14:55:56","slug":"maestria-en-pedagogia","status":"publish","type":"page","link":"https:\/\/ffyh.unc.edu.ar\/posgrado\/maestrias\/maestria-en-pedagogia\/","title":{"rendered":"Maestr\u00eda en Pedagog\u00eda"},"content":{"rendered":"<p><img fetchpriority=\"high\" decoding=\"async\" class=\"alignnone size-full wp-image-6235\" src=\"http:\/\/ffyh.unc.edu.ar\/posgrado\/wp-content\/uploads\/sites\/3\/2018\/04\/Ma-Pedagog\u00eda.jpg\" alt=\"\" width=\"820\" height=\"442\" srcset=\"https:\/\/ffyh.unc.edu.ar\/posgrado\/wp-content\/uploads\/sites\/3\/2018\/04\/Ma-Pedagog\u00eda.jpg 820w, https:\/\/ffyh.unc.edu.ar\/posgrado\/wp-content\/uploads\/sites\/3\/2018\/04\/Ma-Pedagog\u00eda-300x162.jpg 300w, https:\/\/ffyh.unc.edu.ar\/posgrado\/wp-content\/uploads\/sites\/3\/2018\/04\/Ma-Pedagog\u00eda-768x414.jpg 768w\" sizes=\"(max-width: 820px) 100vw, 820px\" \/><\/p>\n<p><b>MAESTR\u00cdA EN PEDAGOG\u00cdA<\/b><b><br \/>\n<\/b><b>Carrera aprobada y categorizada por CONEAU\u00a0 Res. CONEAU <\/b><b>97\/23<\/b><b> \u2013 Cat. B<\/b><b><br \/>\n<\/b><b>Res. Ministerial N\u00ba <\/b><b>505\/23<\/b><\/p>\n<hr \/>\n<ul>\n<li><b>Consultas<\/b>: <a href=\"https:\/\/ffyh.unc.edu.ar\/posgrado\/maestrias\/maestria-en-pedagogia\/mape@ffyh.unc.edu.ar\">mape@ffyh.unc.edu.ar<\/a><br \/>\n<hr \/>\n<\/li>\n<li><b>Para consultar historial de cursos o seminarios organizados de la carrera: <\/b><a href=\"http:\/\/www.ffyh.unc.edu.ar\/posgrado\/tag\/maestria-en-pedagogia\/\"><b>ver<\/b><\/a><br \/>\n<hr \/>\n<p><b>Ver <\/b><a href=\"https:\/\/drive.google.com\/file\/d\/1-ZHuVtOE13aNoyirxYPk3M-234DfD4SK\/view\"><b>Reglamento y Plan de Estudios<\/b><\/a><\/li>\n<\/ul>\n<p><b>Requisitos presentaci\u00f3n Trabajo Final:<\/b> <a href=\"http:\/\/ffyh.unc.edu.ar\/posgrado\/wp-content\/uploads\/sites\/3\/2024\/03\/Proyectos-y-tesis-Maestria-en-Pedagogia.pdf\">consultar<\/a><\/p>\n<hr \/>\n<p><b>Presentaci\u00f3n<\/b><\/p>\n<p>La Maestr\u00eda en Pedagog\u00eda\u00a0 ofrece una formaci\u00f3n altamente calificada para atender la multiplicidad de tareas vinculadas a la pr\u00e1ctica profesional\u00a0 de graduados universitarios dedicados tanto a la investigaci\u00f3n como a la intervenci\u00f3n en programas, proyectos y procesos educativos.<\/p>\n<p>La carrera Especializaci\u00f3n en Asesoramiento y Gesti\u00f3n Pedag\u00f3gica se encuentra aprobada y categorizada por CONEAU\u00a0 Res. <b>97\/23<\/b><b> \u2013 Cat. B<\/b><\/p>\n<p>&nbsp;<\/p>\n<p><b>Perfil del egresado\/a<\/b><\/p>\n<p>El\/la egresado\/a de Maestr\u00eda en Pedagog\u00eda estar\u00e1 capacitado\/a para:<\/p>\n<ul>\n<li>El desempe\u00f1o de un papel activo y cr\u00edtico en la democratizaci\u00f3n de la educaci\u00f3n, la producci\u00f3n de conocimiento comprometido con la ampliaci\u00f3n de derechos y la mejora de las condiciones educativas para el conjunto de la poblaci\u00f3n.<\/li>\n<li>La intervenci\u00f3n en procesos complejos en diferentes \u00e1mbitos institucionales, as\u00ed como en otro tipo de organizaciones con propuestas en la esfera de lo educativo, sobre la base de una s\u00f3lida formaci\u00f3n te\u00f3rica y metodol\u00f3gica para el estudio cient\u00edfico de la realidad educativa en sus m\u00faltiples dimensiones y niveles.<\/li>\n<li>La participaci\u00f3n en el dise\u00f1o, implementaci\u00f3n y evaluaci\u00f3n de planes, programas y proyectos educativos de distinto alcance.<\/li>\n<li>La integraci\u00f3n de equipos interdisciplinarios que realicen tareas de asesoramiento pedag\u00f3gico en organismos p\u00fablicos, privados y organizaciones no gubernamentales, en instituciones educativas y otros \u00e1mbitos que desarrollen proyectos en educaci\u00f3n.<\/li>\n<li>La identificaci\u00f3n y el abordaje de problemas, el desarrollo de conocimientos, habilidades y actitudes que permitan coordinar y planificar estudios de base y an\u00e1lisis diagn\u00f3sticos en diferentes contextos.<\/li>\n<li>La generaci\u00f3n de propuestas para asesorar t\u00e9cnicamente a los\/as responsables en la toma de decisiones de pol\u00edticas educativas y orientar equipos interdisciplinarios para la gesti\u00f3n de proyectos de distinto alcance.<\/li>\n<li>La direcci\u00f3n y\/o participaci\u00f3n en equipos de investigaci\u00f3n que desarrollen procesos que permitan la generaci\u00f3n de nuevos conocimientos y nuevas tecnolog\u00edas en el campo de la educaci\u00f3n.<\/li>\n<\/ul>\n<p>&nbsp;<\/p>\n<p><b>Modalidad <\/b><\/p>\n<p>Presencialidad h\u00edbrida.<\/p>\n<p><strong>Duraci\u00f3n<\/strong><\/p>\n<p>La carrera tiene una duraci\u00f3n de cuatro a\u00f1os en total. Cinco semestres de cursado (dos a\u00f1os y medio) y tres semestres (un a\u00f1o y medio) para la realizaci\u00f3n y presentaci\u00f3n de la Tesis de Maestr\u00eda.<\/p>\n<p>El cursado de la carrera se realiza una vez al mes dependiendo la carga horaria del tipo de espacio curricular a cursar.<\/p>\n<hr \/>\n<p><b>Autoridades<\/b><\/p>\n<p><b>Directora<\/b>: Mgter. Patricia Mercado<\/p>\n<p><b>Co-Directora: <\/b>Mgter. Silvia Kravetz<\/p>\n<p><b>Comit\u00e9 Acad\u00e9mico<\/b>: Dra. Patricia Gabbarini; Mgter. Olga Silvia \u00c1vila, Mgter. Silvia Ortuzar, Dra. Ver\u00f3nica Ligorria, Dra. Cecilia Mart\u00ednez y Mgtr. Sandra G\u00f3mez.<\/p>\n<hr \/>\n<p><em><b>Aranceles: <\/b><\/em><\/p>\n<p>&#8211; Matr\u00edcula: $65.000<br \/>\n&#8211; 22 cuotas mensuales:<br \/>\n&#8211; Valor de la cuota: $65000<br \/>\n&#8211; Cursos para estudiantes externxs: $75000<\/p>\n<hr \/>\n<p><b>Contacto Secretar\u00eda de la Carrera<\/b><\/p>\n<p>Lic. Milagros Flores<\/p>\n<p>Lic. Tal\u00eda Robino<\/p>\n<p>La atenci\u00f3n al p\u00fablico se realiza a distancia: <a href=\"https:\/\/ffyh.unc.edu.ar\/posgrado\/maestrias\/maestria-en-pedagogia\/mape@ffyh.unc.edu.ar\">mape@ffyh.unc.edu.ar<\/a><\/p>\n<p>Blog: <a href=\"https:\/\/blogs.ffyh.unc.edu.ar\/mape-eagp\/\">https:\/\/blogs.ffyh.unc.edu.ar\/mape-eagp\/<br \/>\n<\/a><\/p>\n<p>&nbsp;<\/p>\n","protected":false},"excerpt":{"rendered":"<p>MAESTR\u00cdA EN PEDAGOG\u00cdA Carrera aprobada y categorizada por CONEAU\u00a0 Res. CONEAU 97\/23 \u2013 Cat. B Res. Ministerial N\u00ba 505\/23 Consultas:<\/p>\n","protected":false},"author":4,"featured_media":0,"parent":30,"menu_order":0,"comment_status":"closed","ping_status":"closed","template":"","meta":{"_acf_changed":false,"colormag_page_container_layout":"default_layout","colormag_page_sidebar_layout":"default_layout","footnotes":""},"class_list":["post-62","page","type-page","status-publish","hentry"],"acf":[],"jetpack_sharing_enabled":true,"_links":{"self":[{"href":"https:\/\/ffyh.unc.edu.ar\/posgrado\/wp-json\/wp\/v2\/pages\/62","targetHints":{"allow":["GET"]}}],"collection":[{"href":"https:\/\/ffyh.unc.edu.ar\/posgrado\/wp-json\/wp\/v2\/pages"}],"about":[{"href":"https:\/\/ffyh.unc.edu.ar\/posgrado\/wp-json\/wp\/v2\/types\/page"}],"author":[{"embeddable":true,"href":"https:\/\/ffyh.unc.edu.ar\/posgrado\/wp-json\/wp\/v2\/users\/4"}],"replies":[{"embeddable":true,"href":"https:\/\/ffyh.unc.edu.ar\/posgrado\/wp-json\/wp\/v2\/comments?post=62"}],"version-history":[{"count":69,"href":"https:\/\/ffyh.unc.edu.ar\/posgrado\/wp-json\/wp\/v2\/pages\/62\/revisions"}],"predecessor-version":[{"id":12678,"href":"https:\/\/ffyh.unc.edu.ar\/posgrado\/wp-json\/wp\/v2\/pages\/62\/revisions\/12678"}],"up":[{"embeddable":true,"href":"https:\/\/ffyh.unc.edu.ar\/posgrado\/wp-json\/wp\/v2\/pages\/30"}],"wp:attachment":[{"href":"https:\/\/ffyh.unc.edu.ar\/posgrado\/wp-json\/wp\/v2\/media?parent=62"}],"curies":[{"name":"wp","href":"https:\/\/api.w.org\/{rel}","templated":true}]}}