{"id":65,"date":"2010-11-30T20:00:47","date_gmt":"2010-11-30T20:00:47","guid":{"rendered":"http:\/\/www.ffyh.unc.edu.ar\/posgrado\/"},"modified":"2025-12-29T14:47:44","modified_gmt":"2025-12-29T14:47:44","slug":"especializacion-en-asesoramiento-y-gestion-pedagogica","status":"publish","type":"page","link":"https:\/\/ffyh.unc.edu.ar\/posgrado\/especializaciones\/especializacion-en-asesoramiento-y-gestion-pedagogica\/","title":{"rendered":"Especializaci\u00f3n en Asesoramiento y Gesti\u00f3n Pedag\u00f3gica"},"content":{"rendered":"<p style=\"text-align: left\" align=\"center\"><img fetchpriority=\"high\" decoding=\"async\" class=\"alignnone size-full wp-image-6237\" src=\"http:\/\/ffyh.unc.edu.ar\/posgrado\/wp-content\/uploads\/sites\/3\/2018\/04\/Asesoramiento-y-Gesti\u00f3n.jpg\" alt=\"\" width=\"820\" height=\"442\" srcset=\"https:\/\/ffyh.unc.edu.ar\/posgrado\/wp-content\/uploads\/sites\/3\/2018\/04\/Asesoramiento-y-Gesti\u00f3n.jpg 820w, https:\/\/ffyh.unc.edu.ar\/posgrado\/wp-content\/uploads\/sites\/3\/2018\/04\/Asesoramiento-y-Gesti\u00f3n-300x162.jpg 300w, https:\/\/ffyh.unc.edu.ar\/posgrado\/wp-content\/uploads\/sites\/3\/2018\/04\/Asesoramiento-y-Gesti\u00f3n-768x414.jpg 768w\" sizes=\"(max-width: 820px) 100vw, 820px\" \/><\/p>\n<p><b>Especializaci\u00f3n en Asesoramiento y Gesti\u00f3n Pedag\u00f3gica<\/b><b><br \/>\n<\/b><b>Carrera aprobada y categorizada por CONEAU \u2013 Res. : <\/b><b>96\/2023<\/b><b> \u2013 Cat. A.<\/b><b><br \/>\n<\/b><b>Resoluci\u00f3n Ministerial <\/b><b>513\/2023<\/b><\/p>\n<hr \/>\n<p><b>Historial de seminarios organizados por la Carrera:<\/b> <a href=\"http:\/\/www.ffyh.unc.edu.ar\/posgrado\/tag\/maestria-en-pedagogia\/\"><b>ver<\/b><\/a><\/p>\n<hr \/>\n<p><b>Ver <\/b><a href=\"https:\/\/drive.google.com\/file\/d\/1VAhX2rdbIXUM-uBs8tNYZFNyv5kTj-6x\/view?usp=sharing\"><b>Reglamento y Plan de Estudios<\/b><\/a><b>\u00a0<\/b><\/p>\n<p><b>Requisitos presentaci\u00f3n Trabajo Final:<\/b> <a href=\"https:\/\/ffyh.unc.edu.ar\/posgrado\/wp-content\/uploads\/sites\/3\/2024\/10\/Plan-y-trabajo-final-de-pasantia-ESPE-2.pdf\">consultar<\/a><\/p>\n<hr \/>\n<p><b>Presentaci\u00f3n<\/b><\/p>\n<p>Este trayecto formativo se constituye en una carrera de profundizaci\u00f3n de conocimientos te\u00f3ricos, t\u00e9cnicos y metodol\u00f3gicos relacionados con la formaci\u00f3n profesional docente. La carrera Especializaci\u00f3n en Asesoramiento y Gesti\u00f3n Pedag\u00f3gica se encuentra\u00a0 aprobada y categorizada por CONEAU 2013 \u2013 Res. : <b>96\/2023<\/b><b> \u2013 Cat. A.<\/b><\/p>\n<p><b>Perfil de egresado\/a<\/b><\/p>\n<p>La carrera otorga el T\u00edtulo de Especialista en Asesoramiento y Gesti\u00f3n Pedag\u00f3gica. La carrera busca que sus egresados\/as aborden procesos complejos en diferentes \u00e1mbitos institucionales de la esfera de lo educativo como en otro tipo de organizaciones con propuestas en el \u00e1rea de educaci\u00f3n, sobre la base de una s\u00f3lida formaci\u00f3n te\u00f3rica y metodol\u00f3gica para el estudio de la realidad educativa en sus m\u00faltiples dimensiones y niveles.<\/p>\n<p>Como consecuencia, el perfil del egresado\/a se orienta al desarrollo de conocimientos, habilidades y actitudes que permitan:<\/p>\n<p>&#8211; coordinar y planificar estudios de base y an\u00e1lisis diagn\u00f3sticos en diferentes contextos educativos;<\/p>\n<p>&#8211; propiciar el dise\u00f1o, desarrollo y evaluaci\u00f3n de planes, programas y proyectos educativos de distinto alcance;<\/p>\n<p>&#8211; asesorar equipos interdisciplinarios para la generaci\u00f3n de proyectos educativos;<\/p>\n<p>&#8211; desarrollar e implementar estrategias de gesti\u00f3n de proyectos educativos;<\/p>\n<p>&#8211; aportar a la generaci\u00f3n de nuevos conocimientos y herramientas tecnol\u00f3gicas en el campo de la educaci\u00f3n;<\/p>\n<p>&#8211; coordinar e integrar equipos interdisciplinarios que realicen tareas de consultor\u00eda y\/o asesoramiento pedag\u00f3gico en organismos p\u00fablicos, privados, organizaciones gubernamentales, sociales y comunitarias, instituciones educativas y otras instituciones que desarrollen proyectos educativos;<\/p>\n<p>&#8211; asesorar t\u00e9cnicamente a los\/as responsables de la toma de decisiones de pol\u00edticas educativas.<\/p>\n<p><b>Modalidad <\/b><\/p>\n<p>Presencialidad h\u00edbrida.<\/p>\n<p><b>Duraci\u00f3n<\/b><\/p>\n<p>La extensi\u00f3n de la carrera es de dos a\u00f1os y medio. Dieciocho meses de cursado (tres semestres) y 12 meses para la realizaci\u00f3n y presentaci\u00f3n del Trabajo Final Integrador.<\/p>\n<p>El cursado de la carrera se realiza una vez al mes dependiendo la carga horaria del tipo de espacio curricular a cursar.<\/p>\n<hr \/>\n<p><b>Autoridades<\/b><\/p>\n<p><b>Directora<\/b>: Mgter. Patricia Mercado<\/p>\n<p><b>Co-Directora<\/b>: Mgter. Silvia Kravetz<\/p>\n<p><b>Comit\u00e9 Acad\u00e9mico<\/b>: Dra. Patricia Gabbarini; Mgter. Olga Silvia \u00c1vila, Mgter. Silvia Ortuzar, Dra. Cecilia Mart\u00ednez, Mgter. Sandra G\u00f3mez y Dra. Ver\u00f3nica Ligorria.<\/p>\n<hr \/>\n<p><b><em>Aranceles: <\/em><\/b><\/p>\n<p>&#8211; Matr\u00edcula: $65.000<br \/>\n&#8211; 18 cuotas mensuales:<br \/>\n&#8211; Valor de la cuota: $65000<br \/>\n&#8211; Cursos para estudiantes externxs: $75000<\/p>\n<hr \/>\n<p><b>Contacto secretar\u00eda de la Carrera<\/b><\/p>\n<p>Lic. Milagros Flores<\/p>\n<p>Lic. Tal\u00eda Robino<\/p>\n<p>La atenci\u00f3n al p\u00fablico se realiza a distancia: <a href=\"https:\/\/ffyh.unc.edu.ar\/posgrado\/especializaciones\/especializacion-en-asesoramiento-y-gestion-pedagogica\/mape@ffyh.unc.edu.ar\">mape@ffyh.unc.edu.ar<\/a><\/p>\n<p>Blog: <a href=\"https:\/\/blogs.ffyh.unc.edu.ar\/mape-eagp\/\">https:\/\/blogs.ffyh.unc.edu.ar\/mape-eagp\/<\/a><\/p>\n<p>&nbsp;<\/p>\n","protected":false},"excerpt":{"rendered":"<p>Especializaci\u00f3n en Asesoramiento y Gesti\u00f3n Pedag\u00f3gica Carrera aprobada y categorizada por CONEAU \u2013 Res. : 96\/2023 \u2013 Cat. A. Resoluci\u00f3n<\/p>\n","protected":false},"author":4,"featured_media":0,"parent":32,"menu_order":2,"comment_status":"closed","ping_status":"closed","template":"","meta":{"_acf_changed":false,"colormag_page_container_layout":"default_layout","colormag_page_sidebar_layout":"default_layout","footnotes":""},"class_list":["post-65","page","type-page","status-publish","hentry"],"acf":[],"jetpack_sharing_enabled":true,"_links":{"self":[{"href":"https:\/\/ffyh.unc.edu.ar\/posgrado\/wp-json\/wp\/v2\/pages\/65","targetHints":{"allow":["GET"]}}],"collection":[{"href":"https:\/\/ffyh.unc.edu.ar\/posgrado\/wp-json\/wp\/v2\/pages"}],"about":[{"href":"https:\/\/ffyh.unc.edu.ar\/posgrado\/wp-json\/wp\/v2\/types\/page"}],"author":[{"embeddable":true,"href":"https:\/\/ffyh.unc.edu.ar\/posgrado\/wp-json\/wp\/v2\/users\/4"}],"replies":[{"embeddable":true,"href":"https:\/\/ffyh.unc.edu.ar\/posgrado\/wp-json\/wp\/v2\/comments?post=65"}],"version-history":[{"count":58,"href":"https:\/\/ffyh.unc.edu.ar\/posgrado\/wp-json\/wp\/v2\/pages\/65\/revisions"}],"predecessor-version":[{"id":12677,"href":"https:\/\/ffyh.unc.edu.ar\/posgrado\/wp-json\/wp\/v2\/pages\/65\/revisions\/12677"}],"up":[{"embeddable":true,"href":"https:\/\/ffyh.unc.edu.ar\/posgrado\/wp-json\/wp\/v2\/pages\/32"}],"wp:attachment":[{"href":"https:\/\/ffyh.unc.edu.ar\/posgrado\/wp-json\/wp\/v2\/media?parent=65"}],"curies":[{"name":"wp","href":"https:\/\/api.w.org\/{rel}","templated":true}]}}