{"id":162,"date":"2021-05-18T17:04:07","date_gmt":"2021-05-18T20:04:07","guid":{"rendered":"https:\/\/ffyh.unc.edu.ar\/publicaciones\/?page_id=162"},"modified":"2026-06-29T12:23:22","modified_gmt":"2026-06-29T15:23:22","slug":"inicio","status":"publish","type":"page","link":"https:\/\/ffyh.unc.edu.ar\/publicaciones\/","title":{"rendered":"Inicio"},"content":{"rendered":"\t\t<div data-elementor-type=\"wp-page\" data-elementor-id=\"162\" class=\"elementor elementor-162\">\n\t\t\t\t\t\t<section class=\"elementor-section elementor-top-section elementor-element elementor-element-51152bc0 elementor-section-stretched elementor-section-boxed elementor-section-height-default elementor-section-height-default\" data-id=\"51152bc0\" data-element_type=\"section\" data-e-type=\"section\" data-settings=\"{&quot;stretch_section&quot;:&quot;section-stretched&quot;}\">\n\t\t\t\t\t\t\t<div class=\"elementor-background-overlay\"><\/div>\n\t\t\t\t\t\t\t<div class=\"elementor-container elementor-column-gap-default\">\n\t\t\t\t\t<div class=\"elementor-column elementor-col-100 elementor-top-column elementor-element elementor-element-db726af\" data-id=\"db726af\" data-element_type=\"column\" data-e-type=\"column\">\n\t\t\t<div class=\"elementor-widget-wrap elementor-element-populated\">\n\t\t\t\t\t\t<div class=\"elementor-element elementor-element-5f59ced9 elementor-invisible elementor-widget elementor-widget-heading\" data-id=\"5f59ced9\" data-element_type=\"widget\" data-e-type=\"widget\" data-settings=\"{&quot;_animation&quot;:&quot;zoomIn&quot;}\" data-widget_type=\"heading.default\">\n\t\t\t\t<div class=\"elementor-widget-container\">\n\t\t\t\t\t<h2 class=\"elementor-heading-title elementor-size-default\"><a href=\"https:\/\/ffyh.unc.edu.ar\/publicaciones\/category\/noticias\/\">Noticias<\/a><\/h2>\t\t\t\t<\/div>\n\t\t\t\t<\/div>\n\t\t\t\t\t<\/div>\n\t\t<\/div>\n\t\t\t\t\t<\/div>\n\t\t<\/section>\n\t\t\t\t<section class=\"elementor-section elementor-top-section elementor-element elementor-element-6c4ec8a1 elementor-section-stretched elementor-section-boxed elementor-section-height-default elementor-section-height-default\" data-id=\"6c4ec8a1\" data-element_type=\"section\" data-e-type=\"section\" data-settings=\"{&quot;stretch_section&quot;:&quot;section-stretched&quot;}\">\n\t\t\t\t\t\t\t<div class=\"elementor-background-overlay\"><\/div>\n\t\t\t\t\t\t\t<div class=\"elementor-container elementor-column-gap-default\">\n\t\t\t\t\t<div class=\"elementor-column elementor-col-100 elementor-top-column elementor-element elementor-element-798ad9f9\" data-id=\"798ad9f9\" data-element_type=\"column\" data-e-type=\"column\">\n\t\t\t<div class=\"elementor-widget-wrap\">\n\t\t\t\t\t\t\t<\/div>\n\t\t<\/div>\n\t\t\t\t\t<\/div>\n\t\t<\/section>\n\t\t\t\t<section class=\"elementor-section elementor-top-section elementor-element elementor-element-661f188 elementor-section-boxed elementor-section-height-default elementor-section-height-default\" data-id=\"661f188\" data-element_type=\"section\" data-e-type=\"section\">\n\t\t\t\t\t\t<div class=\"elementor-container elementor-column-gap-default\">\n\t\t\t\t\t<div class=\"elementor-column elementor-col-100 elementor-top-column elementor-element elementor-element-53a33af\" data-id=\"53a33af\" data-element_type=\"column\" data-e-type=\"column\">\n\t\t\t<div class=\"elementor-widget-wrap elementor-element-populated\">\n\t\t\t\t\t\t<div class=\"elementor-element elementor-element-a15d2f0 elementor-widget elementor-widget-obfx-posts-grid\" data-id=\"a15d2f0\" data-element_type=\"widget\" data-e-type=\"widget\" data-widget_type=\"obfx-posts-grid.default\">\n\t\t\t\t<div class=\"elementor-widget-container\">\n\t\t\t\t\t<div class=\"obfx-grid\"><div class=\"obfx-grid-container obfx-grid-style-list obfx-grid-mobile-1 obfx-grid-tablet-2 obfx-grid-desktop-1\"><div class=\"obfx-grid-wrapper\"><article class=\"obfx-grid-col\"><div class=\"obfx-grid-col-image\" style=\"\"><a href=\"https:\/\/ffyh.unc.edu.ar\/publicaciones\/2026\/09\/04\/se-publico-un-nuevo-titulo-para-las-colecciones-del-ciffyh-educadorxs-intelectuales-politicxs-y-reformadorxs-en-tiempos-de-cambio\/\" title=\"Se public\u00f3 un nuevo t\u00edtulo para las Colecciones del CIFFyH: Educadorxs, intelectuales, pol\u00edticxs y reformadorxs en tiempos de cambio\"><img fetchpriority=\"high\" decoding=\"async\" width=\"1536\" height=\"777\" src=\"https:\/\/ffyh.unc.edu.ar\/publicaciones\/wp-content\/uploads\/sites\/35\/2026\/09\/flyer-03-2.jpg\" class=\"img-responsive wp-post-image\" alt=\"flyer-03 (2)\" srcset=\"https:\/\/ffyh.unc.edu.ar\/publicaciones\/wp-content\/uploads\/sites\/35\/2026\/09\/flyer-03-2.jpg 1536w, https:\/\/ffyh.unc.edu.ar\/publicaciones\/wp-content\/uploads\/sites\/35\/2026\/09\/flyer-03-2-300x152.jpg 300w, https:\/\/ffyh.unc.edu.ar\/publicaciones\/wp-content\/uploads\/sites\/35\/2026\/09\/flyer-03-2-1024x518.jpg 1024w, https:\/\/ffyh.unc.edu.ar\/publicaciones\/wp-content\/uploads\/sites\/35\/2026\/09\/flyer-03-2-768x389.jpg 768w, https:\/\/ffyh.unc.edu.ar\/publicaciones\/wp-content\/uploads\/sites\/35\/2026\/09\/flyer-03-2-1320x668.jpg 1320w, https:\/\/ffyh.unc.edu.ar\/publicaciones\/wp-content\/uploads\/sites\/35\/2026\/09\/flyer-03-2-600x304.jpg 600w\" sizes=\"(max-width: 1536px) 100vw, 1536px\" \/><\/a><\/div><div class=\"obfx-grid-col-content\">\t\t\t<h2 class=\"entry-title obfx-grid-title\">\n\t\t\t\t\t\t\t<a href=\"https:\/\/ffyh.unc.edu.ar\/publicaciones\/2026\/09\/04\/se-publico-un-nuevo-titulo-para-las-colecciones-del-ciffyh-educadorxs-intelectuales-politicxs-y-reformadorxs-en-tiempos-de-cambio\/\" title=\"Se public\u00f3 un nuevo t\u00edtulo para las Colecciones del CIFFyH: Educadorxs, intelectuales, pol\u00edticxs y reformadorxs en tiempos de cambio\">\n\t\t\t\t\tSe public\u00f3 un nuevo t\u00edtulo para las Colecciones del CIFFyH: Educadorxs, intelectuales, pol\u00edticxs y reformadorxs en tiempos de cambio\t\t\t\t<\/a>\n\t\t\t\t\t\t\t<\/h2>\n\t\t\t\t\t\t\t<div class=\"entry-meta obfx-grid-meta\">\n\n\t\t\t\t\t\t\t\t\t\t\t\t\t<span class=\"obfx-grid-date\">\n\t\t\t\t\t\t\t\t\t<i class=\"fas fa-calendar\"><\/i>\t\t\t\t\t\t\t\t<\/span>\n\t\t\t\t\t\t\t\t\n\t\t\t\t<\/div>\n\t\t\t\t\t\t\t<div class=\"entry-content obfx-grid-content\">\n\t\t\t\t<p>Este libro re\u00fane trabajos que emergen de investigaciones que abordan la construcci\u00f3n del campo educativo argentino desde mediados del siglo XIX hasta las primeras d\u00e9cadas del XX, con foco en las provincias de C\u00f3rdoba y Santa Fe y\u00a0la compilaci\u00f3n estuvo a cargo de Gabriela Lamelas, Pablo Requena y Javier Moyano. <a href=\"https:\/\/ffyh.unc.edu.ar\/publicaciones\/2026\/09\/04\/se-publico-un-nuevo-titulo-para-las-colecciones-del-ciffyh-educadorxs-intelectuales-politicxs-y-reformadorxs-en-tiempos-de-cambio\/\" class=\"more-link\"><span aria-label=\"Sigue leyendo Se public\u00f3 un nuevo t\u00edtulo para las Colecciones del CIFFyH: Educadorxs, intelectuales, pol\u00edticxs y reformadorxs en tiempos de cambio\">(m\u00e1s&hellip;)<\/span><\/a><\/p>\n\t\t\t<\/div>\n\t\t\t<\/div><\/article><\/div><div class=\"obfx-grid-wrapper\"><article class=\"obfx-grid-col\"><div class=\"obfx-grid-col-image\" style=\"\"><a href=\"https:\/\/ffyh.unc.edu.ar\/publicaciones\/2026\/08\/31\/la-revista-prefacio-presenta-su-nuevo-numero-volumen-10-numero-16-2026\/\" title=\"La revista Prefacio presenta su nuevo n\u00famero: Volumen 10, N\u00famero 16 (2026)\"><img decoding=\"async\" width=\"2267\" height=\"1583\" src=\"https:\/\/ffyh.unc.edu.ar\/publicaciones\/wp-content\/uploads\/sites\/35\/2026\/08\/Revista-Prefacio-Justicia-por-Agostina-Vega-1-1.jpg\" class=\"img-responsive wp-post-image\" alt=\"Revista Prefacio Justicia por Agostina Vega (1) (1)\" srcset=\"https:\/\/ffyh.unc.edu.ar\/publicaciones\/wp-content\/uploads\/sites\/35\/2026\/08\/Revista-Prefacio-Justicia-por-Agostina-Vega-1-1.jpg 2267w, https:\/\/ffyh.unc.edu.ar\/publicaciones\/wp-content\/uploads\/sites\/35\/2026\/08\/Revista-Prefacio-Justicia-por-Agostina-Vega-1-1-300x209.jpg 300w, https:\/\/ffyh.unc.edu.ar\/publicaciones\/wp-content\/uploads\/sites\/35\/2026\/08\/Revista-Prefacio-Justicia-por-Agostina-Vega-1-1-1024x715.jpg 1024w, https:\/\/ffyh.unc.edu.ar\/publicaciones\/wp-content\/uploads\/sites\/35\/2026\/08\/Revista-Prefacio-Justicia-por-Agostina-Vega-1-1-768x536.jpg 768w, https:\/\/ffyh.unc.edu.ar\/publicaciones\/wp-content\/uploads\/sites\/35\/2026\/08\/Revista-Prefacio-Justicia-por-Agostina-Vega-1-1-1536x1073.jpg 1536w, https:\/\/ffyh.unc.edu.ar\/publicaciones\/wp-content\/uploads\/sites\/35\/2026\/08\/Revista-Prefacio-Justicia-por-Agostina-Vega-1-1-2048x1430.jpg 2048w, https:\/\/ffyh.unc.edu.ar\/publicaciones\/wp-content\/uploads\/sites\/35\/2026\/08\/Revista-Prefacio-Justicia-por-Agostina-Vega-1-1-130x90.jpg 130w, https:\/\/ffyh.unc.edu.ar\/publicaciones\/wp-content\/uploads\/sites\/35\/2026\/08\/Revista-Prefacio-Justicia-por-Agostina-Vega-1-1-1320x922.jpg 1320w, https:\/\/ffyh.unc.edu.ar\/publicaciones\/wp-content\/uploads\/sites\/35\/2026\/08\/Revista-Prefacio-Justicia-por-Agostina-Vega-1-1-600x419.jpg 600w\" sizes=\"(max-width: 2267px) 100vw, 2267px\" \/><\/a><\/div><div class=\"obfx-grid-col-content\">\t\t\t<h2 class=\"entry-title obfx-grid-title\">\n\t\t\t\t\t\t\t<a href=\"https:\/\/ffyh.unc.edu.ar\/publicaciones\/2026\/08\/31\/la-revista-prefacio-presenta-su-nuevo-numero-volumen-10-numero-16-2026\/\" title=\"La revista Prefacio presenta su nuevo n\u00famero: Volumen 10, N\u00famero 16 (2026)\">\n\t\t\t\t\tLa revista Prefacio presenta su nuevo n\u00famero: Volumen 10, N\u00famero 16 (2026)\t\t\t\t<\/a>\n\t\t\t\t\t\t\t<\/h2>\n\t\t\t\t\t\t\t<div class=\"entry-meta obfx-grid-meta\">\n\n\t\t\t\t\t\t\t\t\t\t\t\t\t<span class=\"obfx-grid-date\">\n\t\t\t\t\t\t\t\t\t<i class=\"fas fa-calendar\"><\/i>\t\t\t\t\t\t\t\t<\/span>\n\t\t\t\t\t\t\t\t\n\t\t\t\t<\/div>\n\t\t\t\t\t\t\t<div class=\"entry-content obfx-grid-content\">\n\t\t\t\t<p>Esta publicaci\u00f3n de la Facultad de Filosof\u00eda y Humanidades dedicada a temas de Bibliotecolog\u00eda y Ciencia de la Informaci\u00f3n, difunde su nueva edici\u00f3n: <strong>Volumen 10, N\u00famero 16, A\u00f1o 2026<\/strong>, bajo el lema <strong>\u00abJusticia por Agostina Vega\u00bb<\/strong>. <a href=\"https:\/\/ffyh.unc.edu.ar\/publicaciones\/2026\/08\/31\/la-revista-prefacio-presenta-su-nuevo-numero-volumen-10-numero-16-2026\/\" class=\"more-link\"><span aria-label=\"Sigue leyendo La revista Prefacio presenta su nuevo n\u00famero: Volumen 10, N\u00famero 16 (2026)\">(m\u00e1s&hellip;)<\/span><\/a><\/p>\n\t\t\t<\/div>\n\t\t\t<\/div><\/article><\/div><div class=\"obfx-grid-wrapper\"><article class=\"obfx-grid-col\"><div class=\"obfx-grid-col-image\" style=\"\"><a href=\"https:\/\/ffyh.unc.edu.ar\/publicaciones\/2026\/08\/25\/nueva-publicacion-digital-cartografias-hispanicas-literatura-y-cultura\/\" title=\"Nueva publicaci\u00f3n digital: \u00abCartograf\u00edas hisp\u00e1nicas. Literatura y Cultura\u00bb\"><img decoding=\"async\" width=\"2560\" height=\"1425\" src=\"https:\/\/ffyh.unc.edu.ar\/publicaciones\/wp-content\/uploads\/sites\/35\/2026\/08\/Mesa-de-trabajo-4-14-scaled.jpg\" class=\"img-responsive wp-post-image\" alt=\"Mesa de trabajo 4 (14)\" srcset=\"https:\/\/ffyh.unc.edu.ar\/publicaciones\/wp-content\/uploads\/sites\/35\/2026\/08\/Mesa-de-trabajo-4-14-scaled.jpg 2560w, https:\/\/ffyh.unc.edu.ar\/publicaciones\/wp-content\/uploads\/sites\/35\/2026\/08\/Mesa-de-trabajo-4-14-300x167.jpg 300w, https:\/\/ffyh.unc.edu.ar\/publicaciones\/wp-content\/uploads\/sites\/35\/2026\/08\/Mesa-de-trabajo-4-14-1024x570.jpg 1024w, https:\/\/ffyh.unc.edu.ar\/publicaciones\/wp-content\/uploads\/sites\/35\/2026\/08\/Mesa-de-trabajo-4-14-768x427.jpg 768w, https:\/\/ffyh.unc.edu.ar\/publicaciones\/wp-content\/uploads\/sites\/35\/2026\/08\/Mesa-de-trabajo-4-14-1536x855.jpg 1536w, https:\/\/ffyh.unc.edu.ar\/publicaciones\/wp-content\/uploads\/sites\/35\/2026\/08\/Mesa-de-trabajo-4-14-2048x1140.jpg 2048w, https:\/\/ffyh.unc.edu.ar\/publicaciones\/wp-content\/uploads\/sites\/35\/2026\/08\/Mesa-de-trabajo-4-14-800x445.jpg 800w, https:\/\/ffyh.unc.edu.ar\/publicaciones\/wp-content\/uploads\/sites\/35\/2026\/08\/Mesa-de-trabajo-4-14-1320x735.jpg 1320w, https:\/\/ffyh.unc.edu.ar\/publicaciones\/wp-content\/uploads\/sites\/35\/2026\/08\/Mesa-de-trabajo-4-14-600x334.jpg 600w\" sizes=\"(max-width: 2560px) 100vw, 2560px\" \/><\/a><\/div><div class=\"obfx-grid-col-content\">\t\t\t<h2 class=\"entry-title obfx-grid-title\">\n\t\t\t\t\t\t\t<a href=\"https:\/\/ffyh.unc.edu.ar\/publicaciones\/2026\/08\/25\/nueva-publicacion-digital-cartografias-hispanicas-literatura-y-cultura\/\" title=\"Nueva publicaci\u00f3n digital: \u00abCartograf\u00edas hisp\u00e1nicas. Literatura y Cultura\u00bb\">\n\t\t\t\t\tNueva publicaci\u00f3n digital: \u00abCartograf\u00edas hisp\u00e1nicas. Literatura y Cultura\u00bb\t\t\t\t<\/a>\n\t\t\t\t\t\t\t<\/h2>\n\t\t\t\t\t\t\t<div class=\"entry-meta obfx-grid-meta\">\n\n\t\t\t\t\t\t\t\t\t\t\t\t\t<span class=\"obfx-grid-date\">\n\t\t\t\t\t\t\t\t\t<i class=\"fas fa-calendar\"><\/i>\t\t\t\t\t\t\t\t<\/span>\n\t\t\t\t\t\t\t\t\n\t\t\t\t<\/div>\n\t\t\t\t\t\t\t<div class=\"entry-content obfx-grid-content\">\n\t\t\t\t<p>El volumen re\u00fane una selecci\u00f3n de los trabajos presentados en el XIII Congreso Argentino de Hispanistas, organizado por la Asociaci\u00f3n Argentina de Hispanistas junto a las Facultades de Lenguas y de Filosof\u00eda y Humanidades de la UNC, realizado entre el 22 y el 24 de mayo de 2024. Los textos est\u00e1n agrupados seg\u00fan su afinidad tem\u00e1tica con distintas \u00e9pocas y po\u00e9ticas de la literatura espa\u00f1ola. <a href=\"https:\/\/ffyh.unc.edu.ar\/publicaciones\/2026\/08\/25\/nueva-publicacion-digital-cartografias-hispanicas-literatura-y-cultura\/\" class=\"more-link\"><span aria-label=\"Sigue leyendo Nueva publicaci\u00f3n digital: \u00abCartograf\u00edas hisp\u00e1nicas. Literatura y Cultura\u00bb\">(m\u00e1s&hellip;)<\/span><\/a><\/p>\n\t\t\t<\/div>\n\t\t\t<\/div><\/article><\/div><div class=\"obfx-grid-wrapper\"><article class=\"obfx-grid-col\"><div class=\"obfx-grid-col-image\" style=\"\"><a href=\"https:\/\/ffyh.unc.edu.ar\/publicaciones\/2026\/08\/13\/la-facultad-de-filosofia-y-humanidades-publico-la-edicion-digital-de-encontrar-a-nuestros-hijos-testimonio-de-una-madre\/\" title=\"La Facultad de Filosof\u00eda y Humanidades public\u00f3 la edici\u00f3n digital de \u00abEncontrar a nuestros hijos. Testimonio de una Madre\u00bb\"><img loading=\"lazy\" decoding=\"async\" width=\"771\" height=\"447\" src=\"https:\/\/ffyh.unc.edu.ar\/publicaciones\/wp-content\/uploads\/sites\/35\/2026\/08\/libro-coca-publicaciones-prueba-de-galera-1_page-0001-4.jpg\" class=\"img-responsive wp-post-image\" alt=\"libro-coca-publicaciones-prueba-de-galera-1_page-0001 (4)\" srcset=\"https:\/\/ffyh.unc.edu.ar\/publicaciones\/wp-content\/uploads\/sites\/35\/2026\/08\/libro-coca-publicaciones-prueba-de-galera-1_page-0001-4.jpg 771w, https:\/\/ffyh.unc.edu.ar\/publicaciones\/wp-content\/uploads\/sites\/35\/2026\/08\/libro-coca-publicaciones-prueba-de-galera-1_page-0001-4-300x174.jpg 300w, https:\/\/ffyh.unc.edu.ar\/publicaciones\/wp-content\/uploads\/sites\/35\/2026\/08\/libro-coca-publicaciones-prueba-de-galera-1_page-0001-4-768x445.jpg 768w, https:\/\/ffyh.unc.edu.ar\/publicaciones\/wp-content\/uploads\/sites\/35\/2026\/08\/libro-coca-publicaciones-prueba-de-galera-1_page-0001-4-600x348.jpg 600w\" sizes=\"(max-width: 771px) 100vw, 771px\" \/><\/a><\/div><div class=\"obfx-grid-col-content\">\t\t\t<h2 class=\"entry-title obfx-grid-title\">\n\t\t\t\t\t\t\t<a href=\"https:\/\/ffyh.unc.edu.ar\/publicaciones\/2026\/08\/13\/la-facultad-de-filosofia-y-humanidades-publico-la-edicion-digital-de-encontrar-a-nuestros-hijos-testimonio-de-una-madre\/\" title=\"La Facultad de Filosof\u00eda y Humanidades public\u00f3 la edici\u00f3n digital de \u00abEncontrar a nuestros hijos. Testimonio de una Madre\u00bb\">\n\t\t\t\t\tLa Facultad de Filosof\u00eda y Humanidades public\u00f3 la edici\u00f3n digital de \u00abEncontrar a nuestros hijos. Testimonio de una Madre\u00bb\t\t\t\t<\/a>\n\t\t\t\t\t\t\t<\/h2>\n\t\t\t\t\t\t\t<div class=\"entry-meta obfx-grid-meta\">\n\n\t\t\t\t\t\t\t\t\t\t\t\t\t<span class=\"obfx-grid-date\">\n\t\t\t\t\t\t\t\t\t<i class=\"fas fa-calendar\"><\/i>\t\t\t\t\t\t\t\t<\/span>\n\t\t\t\t\t\t\t\t\n\t\t\t\t<\/div>\n\t\t\t\t\t\t\t<div class=\"entry-content obfx-grid-content\">\n\t\t\t\t<p>Ya est\u00e1 disponible en formato digital y gratuito un t\u00edtulo del Programa de Derechos Humanos de la FFyH, publicado anteriormente en papel.<br \/>\n <a href=\"https:\/\/ffyh.unc.edu.ar\/publicaciones\/2026\/08\/13\/la-facultad-de-filosofia-y-humanidades-publico-la-edicion-digital-de-encontrar-a-nuestros-hijos-testimonio-de-una-madre\/\" class=\"more-link\"><span aria-label=\"Sigue leyendo La Facultad de Filosof\u00eda y Humanidades public\u00f3 la edici\u00f3n digital de \u00abEncontrar a nuestros hijos. Testimonio de una Madre\u00bb\">(m\u00e1s&hellip;)<\/span><\/a><\/p>\n\t\t\t<\/div>\n\t\t\t<\/div><\/article><\/div><div class=\"obfx-grid-wrapper\"><article class=\"obfx-grid-col\"><div class=\"obfx-grid-col-image\" style=\"\"><a href=\"https:\/\/ffyh.unc.edu.ar\/publicaciones\/2026\/08\/10\/la-mesa-de-la-edicion-universitaria-de-cordoba-debate-el-futuro-de-la-ley-del-libro\/\" title=\"La Mesa de la Edici\u00f3n Universitaria de C\u00f3rdoba debate el futuro de la Ley del Libro\"><img loading=\"lazy\" decoding=\"async\" width=\"1526\" height=\"682\" src=\"https:\/\/ffyh.unc.edu.ar\/publicaciones\/wp-content\/uploads\/sites\/35\/2026\/08\/horizontal-para-web-conversatorio-1536x864-1-1.jpg\" class=\"img-responsive wp-post-image\" alt=\"horizontal-para-web-conversatorio-1536&#215;864 (1)\" srcset=\"https:\/\/ffyh.unc.edu.ar\/publicaciones\/wp-content\/uploads\/sites\/35\/2026\/08\/horizontal-para-web-conversatorio-1536x864-1-1.jpg 1526w, https:\/\/ffyh.unc.edu.ar\/publicaciones\/wp-content\/uploads\/sites\/35\/2026\/08\/horizontal-para-web-conversatorio-1536x864-1-1-300x134.jpg 300w, https:\/\/ffyh.unc.edu.ar\/publicaciones\/wp-content\/uploads\/sites\/35\/2026\/08\/horizontal-para-web-conversatorio-1536x864-1-1-1024x458.jpg 1024w, https:\/\/ffyh.unc.edu.ar\/publicaciones\/wp-content\/uploads\/sites\/35\/2026\/08\/horizontal-para-web-conversatorio-1536x864-1-1-768x343.jpg 768w, https:\/\/ffyh.unc.edu.ar\/publicaciones\/wp-content\/uploads\/sites\/35\/2026\/08\/horizontal-para-web-conversatorio-1536x864-1-1-1320x590.jpg 1320w, https:\/\/ffyh.unc.edu.ar\/publicaciones\/wp-content\/uploads\/sites\/35\/2026\/08\/horizontal-para-web-conversatorio-1536x864-1-1-600x268.jpg 600w\" sizes=\"(max-width: 1526px) 100vw, 1526px\" \/><\/a><\/div><div class=\"obfx-grid-col-content\">\t\t\t<h2 class=\"entry-title obfx-grid-title\">\n\t\t\t\t\t\t\t<a href=\"https:\/\/ffyh.unc.edu.ar\/publicaciones\/2026\/08\/10\/la-mesa-de-la-edicion-universitaria-de-cordoba-debate-el-futuro-de-la-ley-del-libro\/\" title=\"La Mesa de la Edici\u00f3n Universitaria de C\u00f3rdoba debate el futuro de la Ley del Libro\">\n\t\t\t\t\tLa Mesa de la Edici\u00f3n Universitaria de C\u00f3rdoba debate el futuro de la Ley del Libro\t\t\t\t<\/a>\n\t\t\t\t\t\t\t<\/h2>\n\t\t\t\t\t\t\t<div class=\"entry-meta obfx-grid-meta\">\n\n\t\t\t\t\t\t\t\t\t\t\t\t\t<span class=\"obfx-grid-date\">\n\t\t\t\t\t\t\t\t\t<i class=\"fas fa-calendar\"><\/i>\t\t\t\t\t\t\t\t<\/span>\n\t\t\t\t\t\t\t\t\n\t\t\t\t<\/div>\n\t\t\t\t\t\t\t<div class=\"entry-content obfx-grid-content\">\n\t\t\t\t<p>La Mesa de la Edici\u00f3n Universitaria de C\u00f3rdoba \u2014de la que participa el \u00c1rea de Publicaciones de la Facultad de Filosof\u00eda y Humanidades\u2014 convoca a un conversatorio virtual y gratuito para reflexionar sobre la Ley Nacional 25.542 de Protecci\u00f3n de la Actividad Librera y Fomento del Libro y la Lectura, hoy en el centro de la agenda p\u00fablica por una posible derogaci\u00f3n. <a href=\"https:\/\/ffyh.unc.edu.ar\/publicaciones\/2026\/08\/10\/la-mesa-de-la-edicion-universitaria-de-cordoba-debate-el-futuro-de-la-ley-del-libro\/\" class=\"more-link\"><span aria-label=\"Sigue leyendo La Mesa de la Edici\u00f3n Universitaria de C\u00f3rdoba debate el futuro de la Ley del Libro\">(m\u00e1s&hellip;)<\/span><\/a><\/p>\n\t\t\t<\/div>\n\t\t\t<\/div><\/article><\/div><div class=\"obfx-grid-wrapper\"><article class=\"obfx-grid-col\"><div class=\"obfx-grid-col-image\" style=\"\"><a href=\"https:\/\/ffyh.unc.edu.ar\/publicaciones\/2026\/07\/27\/colecciones-del-ciffyh-abierta-la-convocatoria-2026\/\" title=\"Colecciones del CIFFyH: abierta la convocatoria 2026\"><img loading=\"lazy\" decoding=\"async\" width=\"800\" height=\"445\" src=\"https:\/\/ffyh.unc.edu.ar\/publicaciones\/wp-content\/uploads\/sites\/35\/2026\/07\/flyer_colecciones-2026-800x445-1.jpg\" class=\"img-responsive wp-post-image\" alt=\"flyer_colecciones-2026-800&#215;445\" srcset=\"https:\/\/ffyh.unc.edu.ar\/publicaciones\/wp-content\/uploads\/sites\/35\/2026\/07\/flyer_colecciones-2026-800x445-1.jpg 800w, https:\/\/ffyh.unc.edu.ar\/publicaciones\/wp-content\/uploads\/sites\/35\/2026\/07\/flyer_colecciones-2026-800x445-1-300x167.jpg 300w, https:\/\/ffyh.unc.edu.ar\/publicaciones\/wp-content\/uploads\/sites\/35\/2026\/07\/flyer_colecciones-2026-800x445-1-768x427.jpg 768w, https:\/\/ffyh.unc.edu.ar\/publicaciones\/wp-content\/uploads\/sites\/35\/2026\/07\/flyer_colecciones-2026-800x445-1-600x334.jpg 600w\" sizes=\"(max-width: 800px) 100vw, 800px\" \/><\/a><\/div><div class=\"obfx-grid-col-content\">\t\t\t<h2 class=\"entry-title obfx-grid-title\">\n\t\t\t\t\t\t\t<a href=\"https:\/\/ffyh.unc.edu.ar\/publicaciones\/2026\/07\/27\/colecciones-del-ciffyh-abierta-la-convocatoria-2026\/\" title=\"Colecciones del CIFFyH: abierta la convocatoria 2026\">\n\t\t\t\t\tColecciones del CIFFyH: abierta la convocatoria 2026\t\t\t\t<\/a>\n\t\t\t\t\t\t\t<\/h2>\n\t\t\t\t\t\t\t<div class=\"entry-meta obfx-grid-meta\">\n\n\t\t\t\t\t\t\t\t\t\t\t\t\t<span class=\"obfx-grid-date\">\n\t\t\t\t\t\t\t\t\t<i class=\"fas fa-calendar\"><\/i>\t\t\t\t\t\t\t\t<\/span>\n\t\t\t\t\t\t\t\t\n\t\t\t\t<\/div>\n\t\t\t\t\t\t\t<div class=\"entry-content obfx-grid-content\">\n\t\t\t\t<p>El Centro de Investigaciones \u00abMar\u00eda Saleme de Burnichon\u00bb (CIFFyH) anunci\u00f3 la apertura de la convocatoria 2026 para su colecci\u00f3n de libros digitales <strong>Colecciones del CIFFyH\u00a0<\/strong> <a href=\"https:\/\/ffyh.unc.edu.ar\/publicaciones\/2026\/07\/27\/colecciones-del-ciffyh-abierta-la-convocatoria-2026\/\" class=\"more-link\"><span aria-label=\"Sigue leyendo Colecciones del CIFFyH: abierta la convocatoria 2026\">(m\u00e1s&hellip;)<\/span><\/a><\/p>\n\t\t\t<\/div>\n\t\t\t<\/div><\/article><\/div><\/div><!-- .obfx-grid-container --><\/div><!-- .obfx-grid -->\t\t\t\t<\/div>\n\t\t\t\t<\/div>\n\t\t\t\t<div class=\"elementor-element elementor-element-6df783ab elementor-invisible elementor-widget elementor-widget-heading\" data-id=\"6df783ab\" data-element_type=\"widget\" data-e-type=\"widget\" data-settings=\"{&quot;_animation&quot;:&quot;zoomIn&quot;}\" data-widget_type=\"heading.default\">\n\t\t\t\t<div class=\"elementor-widget-container\">\n\t\t\t\t\t<h2 class=\"elementor-heading-title elementor-size-default\">Novedades editoriales<\/h2>\t\t\t\t<\/div>\n\t\t\t\t<\/div>\n\t\t\t\t<div class=\"elementor-element elementor-element-0cd6567 elementor-widget elementor-widget-obfx-posts-grid\" data-id=\"0cd6567\" data-element_type=\"widget\" data-e-type=\"widget\" data-widget_type=\"obfx-posts-grid.default\">\n\t\t\t\t<div class=\"elementor-widget-container\">\n\t\t\t\t\t<div class=\"obfx-grid\"><div class=\"obfx-grid-container obfx-grid-mobile-1 obfx-grid-tablet-2 obfx-grid-desktop-3\"><div class=\"obfx-grid-wrapper\"><article class=\"obfx-grid-col\"><div class=\"obfx-grid-col-image\" style=\"\"><a href=\"https:\/\/ffyh.unc.edu.ar\/publicaciones\/2026\/09\/04\/se-publico-un-nuevo-titulo-para-las-colecciones-del-ciffyh-educadorxs-intelectuales-politicxs-y-reformadorxs-en-tiempos-de-cambio\/\" title=\"Se public\u00f3 un nuevo t\u00edtulo para las Colecciones del CIFFyH: Educadorxs, intelectuales, pol\u00edticxs y reformadorxs en tiempos de cambio\"><img fetchpriority=\"high\" decoding=\"async\" width=\"1536\" height=\"777\" src=\"https:\/\/ffyh.unc.edu.ar\/publicaciones\/wp-content\/uploads\/sites\/35\/2026\/09\/flyer-03-2.jpg\" class=\"img-responsive wp-post-image\" alt=\"flyer-03 (2)\" srcset=\"https:\/\/ffyh.unc.edu.ar\/publicaciones\/wp-content\/uploads\/sites\/35\/2026\/09\/flyer-03-2.jpg 1536w, https:\/\/ffyh.unc.edu.ar\/publicaciones\/wp-content\/uploads\/sites\/35\/2026\/09\/flyer-03-2-300x152.jpg 300w, https:\/\/ffyh.unc.edu.ar\/publicaciones\/wp-content\/uploads\/sites\/35\/2026\/09\/flyer-03-2-1024x518.jpg 1024w, https:\/\/ffyh.unc.edu.ar\/publicaciones\/wp-content\/uploads\/sites\/35\/2026\/09\/flyer-03-2-768x389.jpg 768w, https:\/\/ffyh.unc.edu.ar\/publicaciones\/wp-content\/uploads\/sites\/35\/2026\/09\/flyer-03-2-1320x668.jpg 1320w, https:\/\/ffyh.unc.edu.ar\/publicaciones\/wp-content\/uploads\/sites\/35\/2026\/09\/flyer-03-2-600x304.jpg 600w\" sizes=\"(max-width: 1536px) 100vw, 1536px\" \/><\/a><\/div><div class=\"obfx-grid-col-content\">\t\t\t\t<div class=\"entry-meta obfx-grid-meta\">\n\n\t\t\t\t\t\t\t\t\t\t\t\t\t<span class=\"obfx-grid-author\">\n\t\t\t\t\t\t\t\t\t<i class=\"fas fa-user\"><\/i>\t\t\t\t\t\t\t\t<\/span>\n\t\t\t\t\t\t\t\t\t\t\t\t\t\t\t\t<span class=\"obfx-grid-date\">\n\t\t\t\t\t\t\t\t\t<i class=\"fas fa-calendar\"><\/i>\t\t\t\t\t\t\t\t<\/span>\n\t\t\t\t\t\t\t\t\n\t\t\t\t<\/div>\n\t\t\t\t<\/div><\/article><\/div><div class=\"obfx-grid-wrapper\"><article class=\"obfx-grid-col\"><div class=\"obfx-grid-col-image\" style=\"\"><a href=\"https:\/\/ffyh.unc.edu.ar\/publicaciones\/2026\/08\/25\/nueva-publicacion-digital-cartografias-hispanicas-literatura-y-cultura\/\" title=\"Nueva publicaci\u00f3n digital: \u00abCartograf\u00edas hisp\u00e1nicas. Literatura y Cultura\u00bb\"><img decoding=\"async\" width=\"2560\" height=\"1425\" src=\"https:\/\/ffyh.unc.edu.ar\/publicaciones\/wp-content\/uploads\/sites\/35\/2026\/08\/Mesa-de-trabajo-4-14-scaled.jpg\" class=\"img-responsive wp-post-image\" alt=\"Mesa de trabajo 4 (14)\" srcset=\"https:\/\/ffyh.unc.edu.ar\/publicaciones\/wp-content\/uploads\/sites\/35\/2026\/08\/Mesa-de-trabajo-4-14-scaled.jpg 2560w, https:\/\/ffyh.unc.edu.ar\/publicaciones\/wp-content\/uploads\/sites\/35\/2026\/08\/Mesa-de-trabajo-4-14-300x167.jpg 300w, https:\/\/ffyh.unc.edu.ar\/publicaciones\/wp-content\/uploads\/sites\/35\/2026\/08\/Mesa-de-trabajo-4-14-1024x570.jpg 1024w, https:\/\/ffyh.unc.edu.ar\/publicaciones\/wp-content\/uploads\/sites\/35\/2026\/08\/Mesa-de-trabajo-4-14-768x427.jpg 768w, https:\/\/ffyh.unc.edu.ar\/publicaciones\/wp-content\/uploads\/sites\/35\/2026\/08\/Mesa-de-trabajo-4-14-1536x855.jpg 1536w, https:\/\/ffyh.unc.edu.ar\/publicaciones\/wp-content\/uploads\/sites\/35\/2026\/08\/Mesa-de-trabajo-4-14-2048x1140.jpg 2048w, https:\/\/ffyh.unc.edu.ar\/publicaciones\/wp-content\/uploads\/sites\/35\/2026\/08\/Mesa-de-trabajo-4-14-800x445.jpg 800w, https:\/\/ffyh.unc.edu.ar\/publicaciones\/wp-content\/uploads\/sites\/35\/2026\/08\/Mesa-de-trabajo-4-14-1320x735.jpg 1320w, https:\/\/ffyh.unc.edu.ar\/publicaciones\/wp-content\/uploads\/sites\/35\/2026\/08\/Mesa-de-trabajo-4-14-600x334.jpg 600w\" sizes=\"(max-width: 2560px) 100vw, 2560px\" \/><\/a><\/div><div class=\"obfx-grid-col-content\">\t\t\t\t<div class=\"entry-meta obfx-grid-meta\">\n\n\t\t\t\t\t\t\t\t\t\t\t\t\t<span class=\"obfx-grid-author\">\n\t\t\t\t\t\t\t\t\t<i class=\"fas fa-user\"><\/i>\t\t\t\t\t\t\t\t<\/span>\n\t\t\t\t\t\t\t\t\t\t\t\t\t\t\t\t<span class=\"obfx-grid-date\">\n\t\t\t\t\t\t\t\t\t<i class=\"fas fa-calendar\"><\/i>\t\t\t\t\t\t\t\t<\/span>\n\t\t\t\t\t\t\t\t\n\t\t\t\t<\/div>\n\t\t\t\t<\/div><\/article><\/div><div class=\"obfx-grid-wrapper\"><article class=\"obfx-grid-col\"><div class=\"obfx-grid-col-image\" style=\"\"><a href=\"https:\/\/ffyh.unc.edu.ar\/publicaciones\/2026\/08\/13\/la-facultad-de-filosofia-y-humanidades-publico-la-edicion-digital-de-encontrar-a-nuestros-hijos-testimonio-de-una-madre\/\" title=\"La Facultad de Filosof\u00eda y Humanidades public\u00f3 la edici\u00f3n digital de \u00abEncontrar a nuestros hijos. Testimonio de una Madre\u00bb\"><img loading=\"lazy\" decoding=\"async\" width=\"771\" height=\"447\" src=\"https:\/\/ffyh.unc.edu.ar\/publicaciones\/wp-content\/uploads\/sites\/35\/2026\/08\/libro-coca-publicaciones-prueba-de-galera-1_page-0001-4.jpg\" class=\"img-responsive wp-post-image\" alt=\"libro-coca-publicaciones-prueba-de-galera-1_page-0001 (4)\" srcset=\"https:\/\/ffyh.unc.edu.ar\/publicaciones\/wp-content\/uploads\/sites\/35\/2026\/08\/libro-coca-publicaciones-prueba-de-galera-1_page-0001-4.jpg 771w, https:\/\/ffyh.unc.edu.ar\/publicaciones\/wp-content\/uploads\/sites\/35\/2026\/08\/libro-coca-publicaciones-prueba-de-galera-1_page-0001-4-300x174.jpg 300w, https:\/\/ffyh.unc.edu.ar\/publicaciones\/wp-content\/uploads\/sites\/35\/2026\/08\/libro-coca-publicaciones-prueba-de-galera-1_page-0001-4-768x445.jpg 768w, https:\/\/ffyh.unc.edu.ar\/publicaciones\/wp-content\/uploads\/sites\/35\/2026\/08\/libro-coca-publicaciones-prueba-de-galera-1_page-0001-4-600x348.jpg 600w\" sizes=\"(max-width: 771px) 100vw, 771px\" \/><\/a><\/div><div class=\"obfx-grid-col-content\">\t\t\t\t<div class=\"entry-meta obfx-grid-meta\">\n\n\t\t\t\t\t\t\t\t\t\t\t\t\t<span class=\"obfx-grid-author\">\n\t\t\t\t\t\t\t\t\t<i class=\"fas fa-user\"><\/i>\t\t\t\t\t\t\t\t<\/span>\n\t\t\t\t\t\t\t\t\t\t\t\t\t\t\t\t<span class=\"obfx-grid-date\">\n\t\t\t\t\t\t\t\t\t<i class=\"fas fa-calendar\"><\/i>\t\t\t\t\t\t\t\t<\/span>\n\t\t\t\t\t\t\t\t\n\t\t\t\t<\/div>\n\t\t\t\t<\/div><\/article><\/div><div class=\"obfx-grid-wrapper\"><article class=\"obfx-grid-col\"><div class=\"obfx-grid-col-image\" style=\"\"><a href=\"https:\/\/ffyh.unc.edu.ar\/publicaciones\/2026\/07\/22\/novedad-editorial-el-mundo-extrano-del-lago-editado-por-la-secretaria-de-extension-y-el-area-de-publicaciones\/\" title=\"Novedad editorial: \u00abEl mundo extra\u00f1o del lago\u00bb\"><img loading=\"lazy\" decoding=\"async\" width=\"2165\" height=\"1095\" src=\"https:\/\/ffyh.unc.edu.ar\/publicaciones\/wp-content\/uploads\/sites\/35\/2026\/07\/modelo_flyer-03.jpg\" class=\"img-responsive wp-post-image\" alt=\"modelo_flyer-03\" srcset=\"https:\/\/ffyh.unc.edu.ar\/publicaciones\/wp-content\/uploads\/sites\/35\/2026\/07\/modelo_flyer-03.jpg 2165w, https:\/\/ffyh.unc.edu.ar\/publicaciones\/wp-content\/uploads\/sites\/35\/2026\/07\/modelo_flyer-03-300x152.jpg 300w, https:\/\/ffyh.unc.edu.ar\/publicaciones\/wp-content\/uploads\/sites\/35\/2026\/07\/modelo_flyer-03-1024x518.jpg 1024w, https:\/\/ffyh.unc.edu.ar\/publicaciones\/wp-content\/uploads\/sites\/35\/2026\/07\/modelo_flyer-03-768x388.jpg 768w, https:\/\/ffyh.unc.edu.ar\/publicaciones\/wp-content\/uploads\/sites\/35\/2026\/07\/modelo_flyer-03-1536x777.jpg 1536w, https:\/\/ffyh.unc.edu.ar\/publicaciones\/wp-content\/uploads\/sites\/35\/2026\/07\/modelo_flyer-03-2048x1036.jpg 2048w, https:\/\/ffyh.unc.edu.ar\/publicaciones\/wp-content\/uploads\/sites\/35\/2026\/07\/modelo_flyer-03-1320x668.jpg 1320w, https:\/\/ffyh.unc.edu.ar\/publicaciones\/wp-content\/uploads\/sites\/35\/2026\/07\/modelo_flyer-03-600x303.jpg 600w\" sizes=\"(max-width: 2165px) 100vw, 2165px\" \/><\/a><\/div><div class=\"obfx-grid-col-content\">\t\t\t\t<div class=\"entry-meta obfx-grid-meta\">\n\n\t\t\t\t\t\t\t\t\t\t\t\t\t<span class=\"obfx-grid-author\">\n\t\t\t\t\t\t\t\t\t<i class=\"fas fa-user\"><\/i>\t\t\t\t\t\t\t\t<\/span>\n\t\t\t\t\t\t\t\t\t\t\t\t\t\t\t\t<span class=\"obfx-grid-date\">\n\t\t\t\t\t\t\t\t\t<i class=\"fas fa-calendar\"><\/i>\t\t\t\t\t\t\t\t<\/span>\n\t\t\t\t\t\t\t\t\n\t\t\t\t<\/div>\n\t\t\t\t<\/div><\/article><\/div><div class=\"obfx-grid-wrapper\"><article class=\"obfx-grid-col\"><div class=\"obfx-grid-col-image\" style=\"\"><a href=\"https:\/\/ffyh.unc.edu.ar\/publicaciones\/2026\/06\/30\/nec-verbo-verbum-curabis-reddere-fidus-interpres-estudios-intertextuales-en-la-literatura-latina\/\" title=\"Nec verbo verbum curabis reddere fidus interpres. Estudios intertextuales en la literatura latina\"><img loading=\"lazy\" decoding=\"async\" width=\"1536\" height=\"777\" src=\"https:\/\/ffyh.unc.edu.ar\/publicaciones\/wp-content\/uploads\/sites\/35\/2026\/06\/flyer-03-1.jpg\" class=\"img-responsive wp-post-image\" alt=\"flyer-03 (1)\" srcset=\"https:\/\/ffyh.unc.edu.ar\/publicaciones\/wp-content\/uploads\/sites\/35\/2026\/06\/flyer-03-1.jpg 1536w, https:\/\/ffyh.unc.edu.ar\/publicaciones\/wp-content\/uploads\/sites\/35\/2026\/06\/flyer-03-1-300x152.jpg 300w, https:\/\/ffyh.unc.edu.ar\/publicaciones\/wp-content\/uploads\/sites\/35\/2026\/06\/flyer-03-1-1024x518.jpg 1024w, https:\/\/ffyh.unc.edu.ar\/publicaciones\/wp-content\/uploads\/sites\/35\/2026\/06\/flyer-03-1-768x389.jpg 768w, https:\/\/ffyh.unc.edu.ar\/publicaciones\/wp-content\/uploads\/sites\/35\/2026\/06\/flyer-03-1-1320x668.jpg 1320w, https:\/\/ffyh.unc.edu.ar\/publicaciones\/wp-content\/uploads\/sites\/35\/2026\/06\/flyer-03-1-600x304.jpg 600w\" sizes=\"(max-width: 1536px) 100vw, 1536px\" \/><\/a><\/div><div class=\"obfx-grid-col-content\">\t\t\t\t<div class=\"entry-meta obfx-grid-meta\">\n\n\t\t\t\t\t\t\t\t\t\t\t\t\t<span class=\"obfx-grid-author\">\n\t\t\t\t\t\t\t\t\t<i class=\"fas fa-user\"><\/i>\t\t\t\t\t\t\t\t<\/span>\n\t\t\t\t\t\t\t\t\t\t\t\t\t\t\t\t<span class=\"obfx-grid-date\">\n\t\t\t\t\t\t\t\t\t<i class=\"fas fa-calendar\"><\/i>\t\t\t\t\t\t\t\t<\/span>\n\t\t\t\t\t\t\t\t\n\t\t\t\t<\/div>\n\t\t\t\t<\/div><\/article><\/div><div class=\"obfx-grid-wrapper\"><article class=\"obfx-grid-col\"><div class=\"obfx-grid-col-image\" style=\"\"><a href=\"https:\/\/ffyh.unc.edu.ar\/publicaciones\/2026\/06\/29\/se-edito-un-titulo-mas-de-las-colecciones-del-ciffyh-programa-universitario-en-la-carcel-agente-politico-social-y-academico-una-indagacion-de-sus-primeros-20-anos\/\" title=\"Se edit\u00f3 un t\u00edtulo m\u00e1s de las Colecciones del CIFFyH | Programa Universitario en la C\u00e1rcel: agente pol\u00edtico, social y acad\u00e9mico. Una indagaci\u00f3n de sus primeros 20 a\u00f1os\"><img loading=\"lazy\" decoding=\"async\" width=\"2560\" height=\"1350\" src=\"https:\/\/ffyh.unc.edu.ar\/publicaciones\/wp-content\/uploads\/sites\/35\/2026\/06\/FlyerPUC-01-scaled.jpg\" class=\"img-responsive wp-post-image\" alt=\"FlyerPUC-01\" srcset=\"https:\/\/ffyh.unc.edu.ar\/publicaciones\/wp-content\/uploads\/sites\/35\/2026\/06\/FlyerPUC-01-scaled.jpg 2560w, https:\/\/ffyh.unc.edu.ar\/publicaciones\/wp-content\/uploads\/sites\/35\/2026\/06\/FlyerPUC-01-300x158.jpg 300w, https:\/\/ffyh.unc.edu.ar\/publicaciones\/wp-content\/uploads\/sites\/35\/2026\/06\/FlyerPUC-01-1024x540.jpg 1024w, https:\/\/ffyh.unc.edu.ar\/publicaciones\/wp-content\/uploads\/sites\/35\/2026\/06\/FlyerPUC-01-768x405.jpg 768w, https:\/\/ffyh.unc.edu.ar\/publicaciones\/wp-content\/uploads\/sites\/35\/2026\/06\/FlyerPUC-01-1536x810.jpg 1536w, https:\/\/ffyh.unc.edu.ar\/publicaciones\/wp-content\/uploads\/sites\/35\/2026\/06\/FlyerPUC-01-2048x1080.jpg 2048w, https:\/\/ffyh.unc.edu.ar\/publicaciones\/wp-content\/uploads\/sites\/35\/2026\/06\/FlyerPUC-01-390x205.jpg 390w, https:\/\/ffyh.unc.edu.ar\/publicaciones\/wp-content\/uploads\/sites\/35\/2026\/06\/FlyerPUC-01-1320x696.jpg 1320w, https:\/\/ffyh.unc.edu.ar\/publicaciones\/wp-content\/uploads\/sites\/35\/2026\/06\/FlyerPUC-01-600x316.jpg 600w\" sizes=\"(max-width: 2560px) 100vw, 2560px\" \/><\/a><\/div><div class=\"obfx-grid-col-content\">\t\t\t\t<div class=\"entry-meta obfx-grid-meta\">\n\n\t\t\t\t\t\t\t\t\t\t\t\t\t<span class=\"obfx-grid-author\">\n\t\t\t\t\t\t\t\t\t<i class=\"fas fa-user\"><\/i>\t\t\t\t\t\t\t\t<\/span>\n\t\t\t\t\t\t\t\t\t\t\t\t\t\t\t\t<span class=\"obfx-grid-date\">\n\t\t\t\t\t\t\t\t\t<i class=\"fas fa-calendar\"><\/i>\t\t\t\t\t\t\t\t<\/span>\n\t\t\t\t\t\t\t\t\n\t\t\t\t<\/div>\n\t\t\t\t<\/div><\/article><\/div><\/div><!-- .obfx-grid-container --><\/div><!-- .obfx-grid -->\t\t\t\t<\/div>\n\t\t\t\t<\/div>\n\t\t\t\t\t<\/div>\n\t\t<\/div>\n\t\t\t\t\t<\/div>\n\t\t<\/section>\n\t\t\t\t<section class=\"elementor-section elementor-top-section elementor-element elementor-element-2fd216c8 elementor-section-stretched elementor-section-boxed elementor-section-height-default elementor-section-height-default\" data-id=\"2fd216c8\" data-element_type=\"section\" data-e-type=\"section\" data-settings=\"{&quot;stretch_section&quot;:&quot;section-stretched&quot;}\">\n\t\t\t\t\t\t\t<div class=\"elementor-background-overlay\"><\/div>\n\t\t\t\t\t\t\t<div class=\"elementor-container elementor-column-gap-default\">\n\t\t\t\t\t<div class=\"elementor-column elementor-col-100 elementor-top-column elementor-element elementor-element-7dc2652e\" data-id=\"7dc2652e\" data-element_type=\"column\" data-e-type=\"column\">\n\t\t\t<div class=\"elementor-widget-wrap elementor-element-populated\">\n\t\t\t\t\t\t<div class=\"elementor-element elementor-element-4299f73 elementor-invisible elementor-widget elementor-widget-heading\" data-id=\"4299f73\" data-element_type=\"widget\" data-e-type=\"widget\" data-settings=\"{&quot;_animation&quot;:&quot;zoomIn&quot;}\" data-widget_type=\"heading.default\">\n\t\t\t\t<div class=\"elementor-widget-container\">\n\t\t\t\t\t<h2 class=\"elementor-heading-title elementor-size-default\">revistas de la ffyh: convocatorias y nuevos n\u00fameros  <\/h2>\t\t\t\t<\/div>\n\t\t\t\t<\/div>\n\t\t\t\t\t<\/div>\n\t\t<\/div>\n\t\t\t\t\t<\/div>\n\t\t<\/section>\n\t\t\t\t<section class=\"elementor-section elementor-top-section elementor-element elementor-element-d4ef850 elementor-section-stretched elementor-section-boxed elementor-section-height-default elementor-section-height-default\" data-id=\"d4ef850\" data-element_type=\"section\" data-e-type=\"section\" data-settings=\"{&quot;stretch_section&quot;:&quot;section-stretched&quot;}\">\n\t\t\t\t\t\t\t<div class=\"elementor-background-overlay\"><\/div>\n\t\t\t\t\t\t\t<div class=\"elementor-container elementor-column-gap-default\">\n\t\t\t\t\t<div class=\"elementor-column elementor-col-100 elementor-top-column elementor-element elementor-element-530838b\" data-id=\"530838b\" data-element_type=\"column\" data-e-type=\"column\">\n\t\t\t<div class=\"elementor-widget-wrap elementor-element-populated\">\n\t\t\t\t\t\t<div class=\"elementor-element elementor-element-e9969b4 elementor-widget elementor-widget-obfx-posts-grid\" data-id=\"e9969b4\" data-element_type=\"widget\" data-e-type=\"widget\" data-widget_type=\"obfx-posts-grid.default\">\n\t\t\t\t<div class=\"elementor-widget-container\">\n\t\t\t\t\t<div class=\"obfx-grid\"><div class=\"obfx-grid-container obfx-grid-mobile-1 obfx-grid-tablet-2 obfx-grid-desktop-3\"><div class=\"obfx-grid-wrapper\"><article class=\"obfx-grid-col\"><div class=\"obfx-grid-col-image\" style=\"\"><a href=\"https:\/\/ffyh.unc.edu.ar\/publicaciones\/2026\/08\/31\/la-revista-prefacio-presenta-su-nuevo-numero-volumen-10-numero-16-2026\/\" title=\"La revista Prefacio presenta su nuevo n\u00famero: Volumen 10, N\u00famero 16 (2026)\"><img decoding=\"async\" width=\"2267\" height=\"1583\" src=\"https:\/\/ffyh.unc.edu.ar\/publicaciones\/wp-content\/uploads\/sites\/35\/2026\/08\/Revista-Prefacio-Justicia-por-Agostina-Vega-1-1.jpg\" class=\"img-responsive wp-post-image\" alt=\"Revista Prefacio Justicia por Agostina Vega (1) (1)\" srcset=\"https:\/\/ffyh.unc.edu.ar\/publicaciones\/wp-content\/uploads\/sites\/35\/2026\/08\/Revista-Prefacio-Justicia-por-Agostina-Vega-1-1.jpg 2267w, https:\/\/ffyh.unc.edu.ar\/publicaciones\/wp-content\/uploads\/sites\/35\/2026\/08\/Revista-Prefacio-Justicia-por-Agostina-Vega-1-1-300x209.jpg 300w, https:\/\/ffyh.unc.edu.ar\/publicaciones\/wp-content\/uploads\/sites\/35\/2026\/08\/Revista-Prefacio-Justicia-por-Agostina-Vega-1-1-1024x715.jpg 1024w, https:\/\/ffyh.unc.edu.ar\/publicaciones\/wp-content\/uploads\/sites\/35\/2026\/08\/Revista-Prefacio-Justicia-por-Agostina-Vega-1-1-768x536.jpg 768w, https:\/\/ffyh.unc.edu.ar\/publicaciones\/wp-content\/uploads\/sites\/35\/2026\/08\/Revista-Prefacio-Justicia-por-Agostina-Vega-1-1-1536x1073.jpg 1536w, https:\/\/ffyh.unc.edu.ar\/publicaciones\/wp-content\/uploads\/sites\/35\/2026\/08\/Revista-Prefacio-Justicia-por-Agostina-Vega-1-1-2048x1430.jpg 2048w, https:\/\/ffyh.unc.edu.ar\/publicaciones\/wp-content\/uploads\/sites\/35\/2026\/08\/Revista-Prefacio-Justicia-por-Agostina-Vega-1-1-130x90.jpg 130w, https:\/\/ffyh.unc.edu.ar\/publicaciones\/wp-content\/uploads\/sites\/35\/2026\/08\/Revista-Prefacio-Justicia-por-Agostina-Vega-1-1-1320x922.jpg 1320w, https:\/\/ffyh.unc.edu.ar\/publicaciones\/wp-content\/uploads\/sites\/35\/2026\/08\/Revista-Prefacio-Justicia-por-Agostina-Vega-1-1-600x419.jpg 600w\" sizes=\"(max-width: 2267px) 100vw, 2267px\" \/><\/a><\/div><div class=\"obfx-grid-col-content\">\t\t\t\t<div class=\"entry-meta obfx-grid-meta\">\n\n\t\t\t\t\t\t\t\t\t\t\t\t\t<span class=\"obfx-grid-author\">\n\t\t\t\t\t\t\t\t\t<i class=\"fas fa-user\"><\/i>\t\t\t\t\t\t\t\t<\/span>\n\t\t\t\t\t\t\t\t\t\t\t\t\t\t\t\t<span class=\"obfx-grid-date\">\n\t\t\t\t\t\t\t\t\t<i class=\"fas fa-calendar\"><\/i>\t\t\t\t\t\t\t\t<\/span>\n\t\t\t\t\t\t\t\t\n\t\t\t\t<\/div>\n\t\t\t\t<\/div><\/article><\/div><div class=\"obfx-grid-wrapper\"><article class=\"obfx-grid-col\"><div class=\"obfx-grid-col-image\" style=\"\"><a href=\"https:\/\/ffyh.unc.edu.ar\/publicaciones\/2026\/07\/20\/nuevo-numero-de-la-revista-recial-2\/\" title=\"Nuevo n\u00famero de la revista RECIAL\"><img loading=\"lazy\" decoding=\"async\" width=\"800\" height=\"445\" src=\"https:\/\/ffyh.unc.edu.ar\/publicaciones\/wp-content\/uploads\/sites\/35\/2026\/07\/recial.jpg\" class=\"img-responsive wp-post-image\" alt=\"recial\" srcset=\"https:\/\/ffyh.unc.edu.ar\/publicaciones\/wp-content\/uploads\/sites\/35\/2026\/07\/recial.jpg 800w, https:\/\/ffyh.unc.edu.ar\/publicaciones\/wp-content\/uploads\/sites\/35\/2026\/07\/recial-300x167.jpg 300w, https:\/\/ffyh.unc.edu.ar\/publicaciones\/wp-content\/uploads\/sites\/35\/2026\/07\/recial-768x427.jpg 768w, https:\/\/ffyh.unc.edu.ar\/publicaciones\/wp-content\/uploads\/sites\/35\/2026\/07\/recial-600x334.jpg 600w\" sizes=\"(max-width: 800px) 100vw, 800px\" \/><\/a><\/div><div class=\"obfx-grid-col-content\">\t\t\t\t<div class=\"entry-meta obfx-grid-meta\">\n\n\t\t\t\t\t\t\t\t\t\t\t\t\t<span class=\"obfx-grid-author\">\n\t\t\t\t\t\t\t\t\t<i class=\"fas fa-user\"><\/i>\t\t\t\t\t\t\t\t<\/span>\n\t\t\t\t\t\t\t\t\t\t\t\t\t\t\t\t<span class=\"obfx-grid-date\">\n\t\t\t\t\t\t\t\t\t<i class=\"fas fa-calendar\"><\/i>\t\t\t\t\t\t\t\t<\/span>\n\t\t\t\t\t\t\t\t\n\t\t\t\t<\/div>\n\t\t\t\t<\/div><\/article><\/div><div class=\"obfx-grid-wrapper\"><article class=\"obfx-grid-col\"><div class=\"obfx-grid-col-image\" style=\"\"><a href=\"https:\/\/ffyh.unc.edu.ar\/publicaciones\/2026\/07\/01\/ya-esta-disponible-el-vol-13-n-21-de-la-revista-ee-estudios-de-extension-en-humanidades\/\" title=\"Ya est\u00e1 disponible el Vol. 13, N.\u00b0 21 de la revista E+E: Estudios de Extensi\u00f3n en Humanidades\"><img loading=\"lazy\" decoding=\"async\" width=\"800\" height=\"420\" src=\"https:\/\/ffyh.unc.edu.ar\/publicaciones\/wp-content\/uploads\/sites\/35\/2026\/07\/webnuevonumeroVol13N21.jpg\" class=\"img-responsive wp-post-image\" alt=\"webnuevonumeroVol13N21\" srcset=\"https:\/\/ffyh.unc.edu.ar\/publicaciones\/wp-content\/uploads\/sites\/35\/2026\/07\/webnuevonumeroVol13N21.jpg 800w, https:\/\/ffyh.unc.edu.ar\/publicaciones\/wp-content\/uploads\/sites\/35\/2026\/07\/webnuevonumeroVol13N21-300x158.jpg 300w, https:\/\/ffyh.unc.edu.ar\/publicaciones\/wp-content\/uploads\/sites\/35\/2026\/07\/webnuevonumeroVol13N21-768x403.jpg 768w, https:\/\/ffyh.unc.edu.ar\/publicaciones\/wp-content\/uploads\/sites\/35\/2026\/07\/webnuevonumeroVol13N21-390x205.jpg 390w, https:\/\/ffyh.unc.edu.ar\/publicaciones\/wp-content\/uploads\/sites\/35\/2026\/07\/webnuevonumeroVol13N21-600x315.jpg 600w\" sizes=\"(max-width: 800px) 100vw, 800px\" \/><\/a><\/div><div class=\"obfx-grid-col-content\">\t\t\t\t<div class=\"entry-meta obfx-grid-meta\">\n\n\t\t\t\t\t\t\t\t\t\t\t\t\t<span class=\"obfx-grid-author\">\n\t\t\t\t\t\t\t\t\t<i class=\"fas fa-user\"><\/i>\t\t\t\t\t\t\t\t<\/span>\n\t\t\t\t\t\t\t\t\t\t\t\t\t\t\t\t<span class=\"obfx-grid-date\">\n\t\t\t\t\t\t\t\t\t<i class=\"fas fa-calendar\"><\/i>\t\t\t\t\t\t\t\t<\/span>\n\t\t\t\t\t\t\t\t\n\t\t\t\t<\/div>\n\t\t\t\t<\/div><\/article><\/div><div class=\"obfx-grid-wrapper\"><article class=\"obfx-grid-col\"><div class=\"obfx-grid-col-image\" style=\"\"><a href=\"https:\/\/ffyh.unc.edu.ar\/publicaciones\/2026\/05\/14\/nueva-convocatoria-de-la-revista-ee-estudios-de-extension-en-humanidades\/\" title=\"Nueva convocatoria de la revista E+E: estudios de extensi\u00f3n en humanidades\"><img loading=\"lazy\" decoding=\"async\" width=\"640\" height=\"356\" src=\"https:\/\/ffyh.unc.edu.ar\/publicaciones\/wp-content\/uploads\/sites\/35\/2026\/05\/web-dossiern22-1.jpg\" class=\"img-responsive wp-post-image\" alt=\"web-dossiern22 (1)\" srcset=\"https:\/\/ffyh.unc.edu.ar\/publicaciones\/wp-content\/uploads\/sites\/35\/2026\/05\/web-dossiern22-1.jpg 640w, https:\/\/ffyh.unc.edu.ar\/publicaciones\/wp-content\/uploads\/sites\/35\/2026\/05\/web-dossiern22-1-300x167.jpg 300w, https:\/\/ffyh.unc.edu.ar\/publicaciones\/wp-content\/uploads\/sites\/35\/2026\/05\/web-dossiern22-1-600x334.jpg 600w\" sizes=\"(max-width: 640px) 100vw, 640px\" \/><\/a><\/div><div class=\"obfx-grid-col-content\">\t\t\t\t<div class=\"entry-meta obfx-grid-meta\">\n\n\t\t\t\t\t\t\t\t\t\t\t\t\t<span class=\"obfx-grid-author\">\n\t\t\t\t\t\t\t\t\t<i class=\"fas fa-user\"><\/i>\t\t\t\t\t\t\t\t<\/span>\n\t\t\t\t\t\t\t\t\t\t\t\t\t\t\t\t<span class=\"obfx-grid-date\">\n\t\t\t\t\t\t\t\t\t<i class=\"fas fa-calendar\"><\/i>\t\t\t\t\t\t\t\t<\/span>\n\t\t\t\t\t\t\t\t\n\t\t\t\t<\/div>\n\t\t\t\t<\/div><\/article><\/div><div class=\"obfx-grid-wrapper\"><article class=\"obfx-grid-col\"><div class=\"obfx-grid-col-image\" style=\"\"><a href=\"https:\/\/ffyh.unc.edu.ar\/publicaciones\/2026\/02\/26\/primer-numero-de-la-revista-rubicon\/\" title=\"Primer n\u00famero de la revista Rubic\u00f3n\"><img loading=\"lazy\" decoding=\"async\" width=\"1744\" height=\"592\" src=\"https:\/\/ffyh.unc.edu.ar\/publicaciones\/wp-content\/uploads\/sites\/35\/2026\/02\/ru.jpg\" class=\"img-responsive wp-post-image\" alt=\"ru\" srcset=\"https:\/\/ffyh.unc.edu.ar\/publicaciones\/wp-content\/uploads\/sites\/35\/2026\/02\/ru.jpg 1744w, https:\/\/ffyh.unc.edu.ar\/publicaciones\/wp-content\/uploads\/sites\/35\/2026\/02\/ru-300x102.jpg 300w, https:\/\/ffyh.unc.edu.ar\/publicaciones\/wp-content\/uploads\/sites\/35\/2026\/02\/ru-1024x348.jpg 1024w, https:\/\/ffyh.unc.edu.ar\/publicaciones\/wp-content\/uploads\/sites\/35\/2026\/02\/ru-768x261.jpg 768w, https:\/\/ffyh.unc.edu.ar\/publicaciones\/wp-content\/uploads\/sites\/35\/2026\/02\/ru-1536x521.jpg 1536w, https:\/\/ffyh.unc.edu.ar\/publicaciones\/wp-content\/uploads\/sites\/35\/2026\/02\/ru-1320x448.jpg 1320w, https:\/\/ffyh.unc.edu.ar\/publicaciones\/wp-content\/uploads\/sites\/35\/2026\/02\/ru-600x204.jpg 600w\" sizes=\"(max-width: 1744px) 100vw, 1744px\" \/><\/a><\/div><div class=\"obfx-grid-col-content\">\t\t\t\t<div class=\"entry-meta obfx-grid-meta\">\n\n\t\t\t\t\t\t\t\t\t\t\t\t\t<span class=\"obfx-grid-author\">\n\t\t\t\t\t\t\t\t\t<i class=\"fas fa-user\"><\/i>\t\t\t\t\t\t\t\t<\/span>\n\t\t\t\t\t\t\t\t\t\t\t\t\t\t\t\t<span class=\"obfx-grid-date\">\n\t\t\t\t\t\t\t\t\t<i class=\"fas fa-calendar\"><\/i>\t\t\t\t\t\t\t\t<\/span>\n\t\t\t\t\t\t\t\t\n\t\t\t\t<\/div>\n\t\t\t\t<\/div><\/article><\/div><div class=\"obfx-grid-wrapper\"><article class=\"obfx-grid-col\"><div class=\"obfx-grid-col-image\" style=\"\"><a href=\"https:\/\/ffyh.unc.edu.ar\/publicaciones\/2025\/12\/10\/convocatoria-abierta-ee-vol-13-n-21-mirar-tocar-probar-la-extension-universitaria-en-clave-de-genero\/\" title=\"Convocatoria abierta \u2013 e+e Vol. 13 N\u00b0 21 \u00abMirar\/tocar\/probar la extensi\u00f3n universitaria en clave de g\u00e9nero\u00bb\"><img loading=\"lazy\" decoding=\"async\" width=\"800\" height=\"445\" src=\"https:\/\/ffyh.unc.edu.ar\/publicaciones\/wp-content\/uploads\/sites\/35\/2025\/12\/portadaweb-dossier-1.jpg\" class=\"img-responsive wp-post-image\" alt=\"portadaweb-dossier-1\" srcset=\"https:\/\/ffyh.unc.edu.ar\/publicaciones\/wp-content\/uploads\/sites\/35\/2025\/12\/portadaweb-dossier-1.jpg 800w, https:\/\/ffyh.unc.edu.ar\/publicaciones\/wp-content\/uploads\/sites\/35\/2025\/12\/portadaweb-dossier-1-300x167.jpg 300w, https:\/\/ffyh.unc.edu.ar\/publicaciones\/wp-content\/uploads\/sites\/35\/2025\/12\/portadaweb-dossier-1-768x427.jpg 768w, https:\/\/ffyh.unc.edu.ar\/publicaciones\/wp-content\/uploads\/sites\/35\/2025\/12\/portadaweb-dossier-1-600x334.jpg 600w\" sizes=\"(max-width: 800px) 100vw, 800px\" \/><\/a><\/div><div class=\"obfx-grid-col-content\">\t\t\t\t<div class=\"entry-meta obfx-grid-meta\">\n\n\t\t\t\t\t\t\t\t\t\t\t\t\t<span class=\"obfx-grid-author\">\n\t\t\t\t\t\t\t\t\t<i class=\"fas fa-user\"><\/i>\t\t\t\t\t\t\t\t<\/span>\n\t\t\t\t\t\t\t\t\t\t\t\t\t\t\t\t<span class=\"obfx-grid-date\">\n\t\t\t\t\t\t\t\t\t<i class=\"fas fa-calendar\"><\/i>\t\t\t\t\t\t\t\t<\/span>\n\t\t\t\t\t\t\t\t\n\t\t\t\t<\/div>\n\t\t\t\t<\/div><\/article><\/div><\/div><!-- .obfx-grid-container --><\/div><!-- .obfx-grid -->\t\t\t\t<\/div>\n\t\t\t\t<\/div>\n\t\t\t\t<div class=\"elementor-element elementor-element-a88b225 elementor-invisible elementor-widget elementor-widget-heading\" data-id=\"a88b225\" data-element_type=\"widget\" data-e-type=\"widget\" data-settings=\"{&quot;_animation&quot;:&quot;zoomIn&quot;}\" data-widget_type=\"heading.default\">\n\t\t\t\t<div class=\"elementor-widget-container\">\n\t\t\t\t\t<h2 class=\"elementor-heading-title elementor-size-default\">Nuestras publicaciones<\/h2>\t\t\t\t<\/div>\n\t\t\t\t<\/div>\n\t\t\t\t\t<\/div>\n\t\t<\/div>\n\t\t\t\t\t<\/div>\n\t\t<\/section>\n\t\t\t\t<section class=\"elementor-section elementor-top-section elementor-element elementor-element-fdf5a74 elementor-section-boxed elementor-section-height-default elementor-section-height-default\" data-id=\"fdf5a74\" data-element_type=\"section\" data-e-type=\"section\">\n\t\t\t\t\t\t<div class=\"elementor-container elementor-column-gap-default\">\n\t\t\t\t\t<div class=\"elementor-column elementor-col-25 elementor-top-column elementor-element elementor-element-befab1f\" data-id=\"befab1f\" data-element_type=\"column\" data-e-type=\"column\">\n\t\t\t<div class=\"elementor-widget-wrap elementor-element-populated\">\n\t\t\t\t\t\t<div class=\"elementor-element elementor-element-05bb0c5 elementor-widget elementor-widget-image\" data-id=\"05bb0c5\" data-element_type=\"widget\" data-e-type=\"widget\" data-widget_type=\"image.default\">\n\t\t\t\t<div class=\"elementor-widget-container\">\n\t\t\t\t\t\t\t\t\t\t\t\t\t\t\t\t<a href=\"https:\/\/ffyh.unc.edu.ar\/publicaciones\/categoria-producto\/publicaciones-de-investigacion\/ciffyh\/colecciones-del-ciffyh\/\">\n\t\t\t\t\t\t\t<img loading=\"lazy\" decoding=\"async\" width=\"400\" height=\"400\" src=\"https:\/\/ffyh.unc.edu.ar\/publicaciones\/wp-content\/uploads\/sites\/35\/2021\/09\/publi_ciffyh.jpeg\" class=\"elementor-animation-grow attachment-large size-large wp-image-656\" alt=\"\" srcset=\"https:\/\/ffyh.unc.edu.ar\/publicaciones\/wp-content\/uploads\/sites\/35\/2021\/09\/publi_ciffyh.jpeg 400w, https:\/\/ffyh.unc.edu.ar\/publicaciones\/wp-content\/uploads\/sites\/35\/2021\/09\/publi_ciffyh-300x300.jpeg 300w, https:\/\/ffyh.unc.edu.ar\/publicaciones\/wp-content\/uploads\/sites\/35\/2021\/09\/publi_ciffyh-150x150.jpeg 150w, https:\/\/ffyh.unc.edu.ar\/publicaciones\/wp-content\/uploads\/sites\/35\/2021\/09\/publi_ciffyh-350x350.jpeg 350w, https:\/\/ffyh.unc.edu.ar\/publicaciones\/wp-content\/uploads\/sites\/35\/2021\/09\/publi_ciffyh-100x100.jpeg 100w\" sizes=\"(max-width: 400px) 100vw, 400px\" \/>\t\t\t\t\t\t\t\t<\/a>\n\t\t\t\t\t\t\t\t\t\t\t\t\t\t\t<\/div>\n\t\t\t\t<\/div>\n\t\t\t\t\t<\/div>\n\t\t<\/div>\n\t\t\t\t<div class=\"elementor-column elementor-col-25 elementor-top-column elementor-element elementor-element-40a2d54\" data-id=\"40a2d54\" data-element_type=\"column\" data-e-type=\"column\">\n\t\t\t<div class=\"elementor-widget-wrap elementor-element-populated\">\n\t\t\t\t\t\t<div class=\"elementor-element elementor-element-c61a92e elementor-widget elementor-widget-image\" data-id=\"c61a92e\" data-element_type=\"widget\" data-e-type=\"widget\" data-widget_type=\"image.default\">\n\t\t\t\t<div class=\"elementor-widget-container\">\n\t\t\t\t\t\t\t\t\t\t\t\t\t\t\t\t<a href=\"https:\/\/ffyh.unc.edu.ar\/publicaciones\/2022\/11\/23\/presentacion-del-proyecto-de-digitalizacion-de-la-revista-aula-vallejo-y-de-vocesimagenes\/\">\n\t\t\t\t\t\t\t<img loading=\"lazy\" decoding=\"async\" width=\"1000\" height=\"1000\" src=\"https:\/\/ffyh.unc.edu.ar\/publicaciones\/wp-content\/uploads\/sites\/35\/2022\/11\/portadaaulavallejo.jpg\" class=\"elementor-animation-grow attachment-large size-large wp-image-2491\" alt=\"\" srcset=\"https:\/\/ffyh.unc.edu.ar\/publicaciones\/wp-content\/uploads\/sites\/35\/2022\/11\/portadaaulavallejo.jpg 1000w, https:\/\/ffyh.unc.edu.ar\/publicaciones\/wp-content\/uploads\/sites\/35\/2022\/11\/portadaaulavallejo-300x300.jpg 300w, https:\/\/ffyh.unc.edu.ar\/publicaciones\/wp-content\/uploads\/sites\/35\/2022\/11\/portadaaulavallejo-150x150.jpg 150w, https:\/\/ffyh.unc.edu.ar\/publicaciones\/wp-content\/uploads\/sites\/35\/2022\/11\/portadaaulavallejo-768x768.jpg 768w, https:\/\/ffyh.unc.edu.ar\/publicaciones\/wp-content\/uploads\/sites\/35\/2022\/11\/portadaaulavallejo-350x350.jpg 350w, https:\/\/ffyh.unc.edu.ar\/publicaciones\/wp-content\/uploads\/sites\/35\/2022\/11\/portadaaulavallejo-600x600.jpg 600w, https:\/\/ffyh.unc.edu.ar\/publicaciones\/wp-content\/uploads\/sites\/35\/2022\/11\/portadaaulavallejo-100x100.jpg 100w\" sizes=\"(max-width: 1000px) 100vw, 1000px\" \/>\t\t\t\t\t\t\t\t<\/a>\n\t\t\t\t\t\t\t\t\t\t\t\t\t\t\t<\/div>\n\t\t\t\t<\/div>\n\t\t\t\t\t<\/div>\n\t\t<\/div>\n\t\t\t\t<div class=\"elementor-column elementor-col-25 elementor-top-column elementor-element elementor-element-4eeda5a\" data-id=\"4eeda5a\" data-element_type=\"column\" data-e-type=\"column\">\n\t\t\t<div class=\"elementor-widget-wrap elementor-element-populated\">\n\t\t\t\t\t\t<div class=\"elementor-element elementor-element-490ed2f elementor-widget elementor-widget-image\" data-id=\"490ed2f\" data-element_type=\"widget\" data-e-type=\"widget\" data-widget_type=\"image.default\">\n\t\t\t\t<div class=\"elementor-widget-container\">\n\t\t\t\t\t\t\t\t\t\t\t\t\t\t\t\t<a href=\"https:\/\/museoantropologia.unc.edu.ar\/biblioteca\/publicaciones\/\">\n\t\t\t\t\t\t\t<img loading=\"lazy\" decoding=\"async\" width=\"400\" height=\"400\" src=\"https:\/\/ffyh.unc.edu.ar\/publicaciones\/wp-content\/uploads\/sites\/35\/2021\/09\/publi_museo.jpeg\" class=\"elementor-animation-grow attachment-large size-large wp-image-652\" alt=\"\" srcset=\"https:\/\/ffyh.unc.edu.ar\/publicaciones\/wp-content\/uploads\/sites\/35\/2021\/09\/publi_museo.jpeg 400w, https:\/\/ffyh.unc.edu.ar\/publicaciones\/wp-content\/uploads\/sites\/35\/2021\/09\/publi_museo-300x300.jpeg 300w, https:\/\/ffyh.unc.edu.ar\/publicaciones\/wp-content\/uploads\/sites\/35\/2021\/09\/publi_museo-150x150.jpeg 150w, https:\/\/ffyh.unc.edu.ar\/publicaciones\/wp-content\/uploads\/sites\/35\/2021\/09\/publi_museo-350x350.jpeg 350w, https:\/\/ffyh.unc.edu.ar\/publicaciones\/wp-content\/uploads\/sites\/35\/2021\/09\/publi_museo-100x100.jpeg 100w\" sizes=\"(max-width: 400px) 100vw, 400px\" \/>\t\t\t\t\t\t\t\t<\/a>\n\t\t\t\t\t\t\t\t\t\t\t\t\t\t\t<\/div>\n\t\t\t\t<\/div>\n\t\t\t\t\t<\/div>\n\t\t<\/div>\n\t\t\t\t<div class=\"elementor-column elementor-col-25 elementor-top-column elementor-element elementor-element-efe64c8\" data-id=\"efe64c8\" data-element_type=\"column\" data-e-type=\"column\">\n\t\t\t<div class=\"elementor-widget-wrap elementor-element-populated\">\n\t\t\t\t\t\t<div class=\"elementor-element elementor-element-f3fa886 elementor-widget elementor-widget-image\" data-id=\"f3fa886\" data-element_type=\"widget\" data-e-type=\"widget\" data-widget_type=\"image.default\">\n\t\t\t\t<div class=\"elementor-widget-container\">\n\t\t\t\t\t\t\t\t\t\t\t\t\t\t\t\t<a href=\"https:\/\/ffyh.unc.edu.ar\/secyt\/publicaciones\/\">\n\t\t\t\t\t\t\t<img loading=\"lazy\" decoding=\"async\" width=\"400\" height=\"400\" src=\"https:\/\/ffyh.unc.edu.ar\/publicaciones\/wp-content\/uploads\/sites\/35\/2021\/09\/publi_seicyt.jpeg\" class=\"elementor-animation-grow attachment-large size-large wp-image-650\" alt=\"\" srcset=\"https:\/\/ffyh.unc.edu.ar\/publicaciones\/wp-content\/uploads\/sites\/35\/2021\/09\/publi_seicyt.jpeg 400w, https:\/\/ffyh.unc.edu.ar\/publicaciones\/wp-content\/uploads\/sites\/35\/2021\/09\/publi_seicyt-300x300.jpeg 300w, https:\/\/ffyh.unc.edu.ar\/publicaciones\/wp-content\/uploads\/sites\/35\/2021\/09\/publi_seicyt-150x150.jpeg 150w, https:\/\/ffyh.unc.edu.ar\/publicaciones\/wp-content\/uploads\/sites\/35\/2021\/09\/publi_seicyt-350x350.jpeg 350w, https:\/\/ffyh.unc.edu.ar\/publicaciones\/wp-content\/uploads\/sites\/35\/2021\/09\/publi_seicyt-100x100.jpeg 100w\" sizes=\"(max-width: 400px) 100vw, 400px\" \/>\t\t\t\t\t\t\t\t<\/a>\n\t\t\t\t\t\t\t\t\t\t\t\t\t\t\t<\/div>\n\t\t\t\t<\/div>\n\t\t\t\t\t<\/div>\n\t\t<\/div>\n\t\t\t\t\t<\/div>\n\t\t<\/section>\n\t\t\t\t<section class=\"elementor-section elementor-top-section elementor-element elementor-element-80be6eb elementor-section-boxed elementor-section-height-default elementor-section-height-default\" data-id=\"80be6eb\" data-element_type=\"section\" data-e-type=\"section\">\n\t\t\t\t\t\t<div class=\"elementor-container elementor-column-gap-default\">\n\t\t\t\t\t<div class=\"elementor-column elementor-col-100 elementor-top-column elementor-element elementor-element-1d4584f\" data-id=\"1d4584f\" data-element_type=\"column\" data-e-type=\"column\">\n\t\t\t<div class=\"elementor-widget-wrap\">\n\t\t\t\t\t\t\t<\/div>\n\t\t<\/div>\n\t\t\t\t\t<\/div>\n\t\t<\/section>\n\t\t\t\t<\/div>\n\t\t","protected":false},"excerpt":{"rendered":"<p>Noticias Se edit\u00f3 un t\u00edtulo m\u00e1s de las Colecciones del CIFFyH | Programa Universitario en la C\u00e1rcel: agente pol\u00edtico, social<\/p>\n","protected":false},"author":40,"featured_media":0,"parent":0,"menu_order":0,"comment_status":"closed","ping_status":"closed","template":"","meta":{"_acf_changed":false,"colormag_page_container_layout":"no_sidebar_full_width","colormag_page_sidebar_layout":"no_sidebar","footnotes":""},"class_list":["post-162","page","type-page","status-publish","hentry"],"acf":[],"_links":{"self":[{"href":"https:\/\/ffyh.unc.edu.ar\/publicaciones\/wp-json\/wp\/v2\/pages\/162","targetHints":{"allow":["GET"]}}],"collection":[{"href":"https:\/\/ffyh.unc.edu.ar\/publicaciones\/wp-json\/wp\/v2\/pages"}],"about":[{"href":"https:\/\/ffyh.unc.edu.ar\/publicaciones\/wp-json\/wp\/v2\/types\/page"}],"author":[{"embeddable":true,"href":"https:\/\/ffyh.unc.edu.ar\/publicaciones\/wp-json\/wp\/v2\/users\/40"}],"replies":[{"embeddable":true,"href":"https:\/\/ffyh.unc.edu.ar\/publicaciones\/wp-json\/wp\/v2\/comments?post=162"}],"version-history":[{"count":550,"href":"https:\/\/ffyh.unc.edu.ar\/publicaciones\/wp-json\/wp\/v2\/pages\/162\/revisions"}],"predecessor-version":[{"id":5545,"href":"https:\/\/ffyh.unc.edu.ar\/publicaciones\/wp-json\/wp\/v2\/pages\/162\/revisions\/5545"}],"wp:attachment":[{"href":"https:\/\/ffyh.unc.edu.ar\/publicaciones\/wp-json\/wp\/v2\/media?parent=162"}],"curies":[{"name":"wp","href":"https:\/\/api.w.org\/{rel}","templated":true}]}}