{"id":162,"date":"2021-05-18T17:04:07","date_gmt":"2021-05-18T20:04:07","guid":{"rendered":"https:\/\/ffyh.unc.edu.ar\/publicaciones\/?page_id=162"},"modified":"2025-11-11T09:49:55","modified_gmt":"2025-11-11T12:49:55","slug":"inicio","status":"publish","type":"page","link":"https:\/\/ffyh.unc.edu.ar\/publicaciones\/","title":{"rendered":"Inicio"},"content":{"rendered":"\t\t<div data-elementor-type=\"wp-page\" data-elementor-id=\"162\" class=\"elementor elementor-162\">\n\t\t\t\t\t\t<section class=\"elementor-section elementor-top-section elementor-element elementor-element-51152bc0 elementor-section-stretched elementor-section-boxed elementor-section-height-default elementor-section-height-default\" data-id=\"51152bc0\" data-element_type=\"section\" data-e-type=\"section\" data-settings=\"{&quot;stretch_section&quot;:&quot;section-stretched&quot;}\">\n\t\t\t\t\t\t\t<div class=\"elementor-background-overlay\"><\/div>\n\t\t\t\t\t\t\t<div class=\"elementor-container elementor-column-gap-default\">\n\t\t\t\t\t<div class=\"elementor-column elementor-col-100 elementor-top-column elementor-element elementor-element-db726af\" data-id=\"db726af\" data-element_type=\"column\" data-e-type=\"column\">\n\t\t\t<div class=\"elementor-widget-wrap elementor-element-populated\">\n\t\t\t\t\t\t<div class=\"elementor-element elementor-element-5f59ced9 elementor-invisible elementor-widget elementor-widget-heading\" data-id=\"5f59ced9\" data-element_type=\"widget\" data-e-type=\"widget\" data-settings=\"{&quot;_animation&quot;:&quot;zoomIn&quot;}\" data-widget_type=\"heading.default\">\n\t\t\t\t<div class=\"elementor-widget-container\">\n\t\t\t\t\t<h2 class=\"elementor-heading-title elementor-size-default\"><a href=\"https:\/\/ffyh.unc.edu.ar\/publicaciones\/category\/noticias\/\">Noticias<\/a><\/h2>\t\t\t\t<\/div>\n\t\t\t\t<\/div>\n\t\t\t\t\t<\/div>\n\t\t<\/div>\n\t\t\t\t\t<\/div>\n\t\t<\/section>\n\t\t\t\t<section class=\"elementor-section elementor-top-section elementor-element elementor-element-6c4ec8a1 elementor-section-stretched elementor-section-boxed elementor-section-height-default elementor-section-height-default\" data-id=\"6c4ec8a1\" data-element_type=\"section\" data-e-type=\"section\" data-settings=\"{&quot;stretch_section&quot;:&quot;section-stretched&quot;}\">\n\t\t\t\t\t\t\t<div class=\"elementor-background-overlay\"><\/div>\n\t\t\t\t\t\t\t<div class=\"elementor-container elementor-column-gap-default\">\n\t\t\t\t\t<div class=\"elementor-column elementor-col-100 elementor-top-column elementor-element elementor-element-798ad9f9\" data-id=\"798ad9f9\" data-element_type=\"column\" data-e-type=\"column\">\n\t\t\t<div class=\"elementor-widget-wrap\">\n\t\t\t\t\t\t\t<\/div>\n\t\t<\/div>\n\t\t\t\t\t<\/div>\n\t\t<\/section>\n\t\t\t\t<section class=\"elementor-section elementor-top-section elementor-element elementor-element-661f188 elementor-section-boxed elementor-section-height-default elementor-section-height-default\" data-id=\"661f188\" data-element_type=\"section\" data-e-type=\"section\">\n\t\t\t\t\t\t<div class=\"elementor-container elementor-column-gap-default\">\n\t\t\t\t\t<div class=\"elementor-column elementor-col-100 elementor-top-column elementor-element elementor-element-53a33af\" data-id=\"53a33af\" data-element_type=\"column\" data-e-type=\"column\">\n\t\t\t<div class=\"elementor-widget-wrap elementor-element-populated\">\n\t\t\t\t\t\t<div class=\"elementor-element elementor-element-a15d2f0 elementor-widget elementor-widget-obfx-posts-grid\" data-id=\"a15d2f0\" data-element_type=\"widget\" data-e-type=\"widget\" data-widget_type=\"obfx-posts-grid.default\">\n\t\t\t\t<div class=\"elementor-widget-container\">\n\t\t\t\t\t<div class=\"obfx-grid\"><div class=\"obfx-grid-container obfx-grid-style-list obfx-grid-mobile-1 obfx-grid-tablet-2 obfx-grid-desktop-1\"><div class=\"obfx-grid-wrapper\"><article class=\"obfx-grid-col\"><div class=\"obfx-grid-col-image\" style=\"\"><a href=\"https:\/\/ffyh.unc.edu.ar\/publicaciones\/2026\/04\/28\/novedad-editorial-reinvenciones-de-lo-escolar-en-la-escuela-publica\/\" title=\"Novedad editorial: Reinvenciones de lo escolar en la escuela p\u00fablica\"><img fetchpriority=\"high\" decoding=\"async\" width=\"980\" height=\"485\" src=\"https:\/\/ffyh.unc.edu.ar\/publicaciones\/wp-content\/uploads\/sites\/35\/2026\/04\/reinvenciones_collage_web-1.jpg\" class=\"img-responsive wp-post-image\" alt=\"reinvenciones_collage_web (1)\" srcset=\"https:\/\/ffyh.unc.edu.ar\/publicaciones\/wp-content\/uploads\/sites\/35\/2026\/04\/reinvenciones_collage_web-1.jpg 980w, https:\/\/ffyh.unc.edu.ar\/publicaciones\/wp-content\/uploads\/sites\/35\/2026\/04\/reinvenciones_collage_web-1-300x148.jpg 300w, https:\/\/ffyh.unc.edu.ar\/publicaciones\/wp-content\/uploads\/sites\/35\/2026\/04\/reinvenciones_collage_web-1-768x380.jpg 768w, https:\/\/ffyh.unc.edu.ar\/publicaciones\/wp-content\/uploads\/sites\/35\/2026\/04\/reinvenciones_collage_web-1-600x297.jpg 600w\" sizes=\"(max-width: 980px) 100vw, 980px\" \/><\/a><\/div><div class=\"obfx-grid-col-content\">\t\t\t<h2 class=\"entry-title obfx-grid-title\">\n\t\t\t\t\t\t\t<a href=\"https:\/\/ffyh.unc.edu.ar\/publicaciones\/2026\/04\/28\/novedad-editorial-reinvenciones-de-lo-escolar-en-la-escuela-publica\/\" title=\"Novedad editorial: Reinvenciones de lo escolar en la escuela p\u00fablica\">\n\t\t\t\t\tNovedad editorial: Reinvenciones de lo escolar en la escuela p\u00fablica\t\t\t\t<\/a>\n\t\t\t\t\t\t\t<\/h2>\n\t\t\t\t\t\t\t<div class=\"entry-meta obfx-grid-meta\">\n\n\t\t\t\t\t\t\t\t\t\t\t\t\t<span class=\"obfx-grid-date\">\n\t\t\t\t\t\t\t\t\t<i class=\"fas fa-calendar\"><\/i>\t\t\t\t\t\t\t\t<\/span>\n\t\t\t\t\t\t\t\t\n\t\t\t\t<\/div>\n\t\t\t\t\t\t\t<div class=\"entry-content obfx-grid-content\">\n\t\t\t\t<p>Coordinado por Olga Silvia \u00c1vila y Gustavo Enrique Rinaudo, se acaba de publicar \u00abReinvenciones de lo escolar en la escuela p\u00fablica. Instituciones, sujetos y experiencias en tiempos de demandas de igualdad\u00bb. <a href=\"https:\/\/ffyh.unc.edu.ar\/publicaciones\/2026\/04\/28\/novedad-editorial-reinvenciones-de-lo-escolar-en-la-escuela-publica\/\" class=\"more-link\"><span aria-label=\"Sigue leyendo Novedad editorial: Reinvenciones de lo escolar en la escuela p\u00fablica\">(m\u00e1s&hellip;)<\/span><\/a><\/p>\n\t\t\t<\/div>\n\t\t\t<\/div><\/article><\/div><div class=\"obfx-grid-wrapper\"><article class=\"obfx-grid-col\"><div class=\"obfx-grid-col-image\" style=\"\"><a href=\"https:\/\/ffyh.unc.edu.ar\/publicaciones\/2026\/04\/01\/cuantxs-somos-lxs-que-estamos-y-lxs-que-estamos-como-estamos\/\" title=\"\u00bfCu\u00e1ntxs somos lxs que estamos? Y lxs que estamos, \u00bfc\u00f3mo estamos?\"><img decoding=\"async\" width=\"1246\" height=\"635\" src=\"https:\/\/ffyh.unc.edu.ar\/publicaciones\/wp-content\/uploads\/sites\/35\/2026\/04\/RELEVAMIENTO-CONTRATAPA-1-2.jpg\" class=\"img-responsive wp-post-image\" alt=\"RELEVAMIENTO CONTRATAPA (1) (2)\" srcset=\"https:\/\/ffyh.unc.edu.ar\/publicaciones\/wp-content\/uploads\/sites\/35\/2026\/04\/RELEVAMIENTO-CONTRATAPA-1-2.jpg 1246w, https:\/\/ffyh.unc.edu.ar\/publicaciones\/wp-content\/uploads\/sites\/35\/2026\/04\/RELEVAMIENTO-CONTRATAPA-1-2-300x153.jpg 300w, https:\/\/ffyh.unc.edu.ar\/publicaciones\/wp-content\/uploads\/sites\/35\/2026\/04\/RELEVAMIENTO-CONTRATAPA-1-2-1024x522.jpg 1024w, https:\/\/ffyh.unc.edu.ar\/publicaciones\/wp-content\/uploads\/sites\/35\/2026\/04\/RELEVAMIENTO-CONTRATAPA-1-2-768x391.jpg 768w, https:\/\/ffyh.unc.edu.ar\/publicaciones\/wp-content\/uploads\/sites\/35\/2026\/04\/RELEVAMIENTO-CONTRATAPA-1-2-600x306.jpg 600w\" sizes=\"(max-width: 1246px) 100vw, 1246px\" \/><\/a><\/div><div class=\"obfx-grid-col-content\">\t\t\t<h2 class=\"entry-title obfx-grid-title\">\n\t\t\t\t\t\t\t<a href=\"https:\/\/ffyh.unc.edu.ar\/publicaciones\/2026\/04\/01\/cuantxs-somos-lxs-que-estamos-y-lxs-que-estamos-como-estamos\/\" title=\"\u00bfCu\u00e1ntxs somos lxs que estamos? Y lxs que estamos, \u00bfc\u00f3mo estamos?\">\n\t\t\t\t\t\u00bfCu\u00e1ntxs somos lxs que estamos? Y lxs que estamos, \u00bfc\u00f3mo estamos?\t\t\t\t<\/a>\n\t\t\t\t\t\t\t<\/h2>\n\t\t\t\t\t\t\t<div class=\"entry-meta obfx-grid-meta\">\n\n\t\t\t\t\t\t\t\t\t\t\t\t\t<span class=\"obfx-grid-date\">\n\t\t\t\t\t\t\t\t\t<i class=\"fas fa-calendar\"><\/i>\t\t\t\t\t\t\t\t<\/span>\n\t\t\t\t\t\t\t\t\n\t\t\t\t<\/div>\n\t\t\t\t\t\t\t<div class=\"entry-content obfx-grid-content\">\n\t\t\t\t<p>El \u00c1rea Trans, Travesti y G\u00e9nero No Binarie y la Secretar\u00eda de Asuntos Estudiantiles llevaron adelante un relevamiento conjunto orientado a dise\u00f1ar pol\u00edticas concretas y potenciar la diversidad de trayectorias estudiantiles en la Facultad de Filosof\u00eda y Humanidades. <a href=\"https:\/\/ffyh.unc.edu.ar\/publicaciones\/2026\/04\/01\/cuantxs-somos-lxs-que-estamos-y-lxs-que-estamos-como-estamos\/\" class=\"more-link\"><span aria-label=\"Sigue leyendo \u00bfCu\u00e1ntxs somos lxs que estamos? Y lxs que estamos, \u00bfc\u00f3mo estamos?\">(m\u00e1s&hellip;)<\/span><\/a><\/p>\n\t\t\t<\/div>\n\t\t\t<\/div><\/article><\/div><div class=\"obfx-grid-wrapper\"><article class=\"obfx-grid-col\"><div class=\"obfx-grid-col-image\" style=\"\"><a href=\"https:\/\/ffyh.unc.edu.ar\/publicaciones\/2026\/03\/18\/participacion-del-area-de-publicaciones-en-la-feria-del-libro-por-la-memoria\/\" title=\"Participaci\u00f3n del \u00c1rea de Publicaciones en la Feria del libro por la Memoria\"><img decoding=\"async\" width=\"2560\" height=\"1708\" src=\"https:\/\/ffyh.unc.edu.ar\/publicaciones\/wp-content\/uploads\/sites\/35\/2026\/03\/DSC0634-1-scaled.jpg\" class=\"img-responsive wp-post-image\" alt=\"_DSC0634 (1)\" srcset=\"https:\/\/ffyh.unc.edu.ar\/publicaciones\/wp-content\/uploads\/sites\/35\/2026\/03\/DSC0634-1-scaled.jpg 2560w, https:\/\/ffyh.unc.edu.ar\/publicaciones\/wp-content\/uploads\/sites\/35\/2026\/03\/DSC0634-1-300x200.jpg 300w, https:\/\/ffyh.unc.edu.ar\/publicaciones\/wp-content\/uploads\/sites\/35\/2026\/03\/DSC0634-1-1024x683.jpg 1024w, https:\/\/ffyh.unc.edu.ar\/publicaciones\/wp-content\/uploads\/sites\/35\/2026\/03\/DSC0634-1-768x512.jpg 768w, https:\/\/ffyh.unc.edu.ar\/publicaciones\/wp-content\/uploads\/sites\/35\/2026\/03\/DSC0634-1-1536x1025.jpg 1536w, https:\/\/ffyh.unc.edu.ar\/publicaciones\/wp-content\/uploads\/sites\/35\/2026\/03\/DSC0634-1-2048x1367.jpg 2048w, https:\/\/ffyh.unc.edu.ar\/publicaciones\/wp-content\/uploads\/sites\/35\/2026\/03\/DSC0634-1-1320x881.jpg 1320w, https:\/\/ffyh.unc.edu.ar\/publicaciones\/wp-content\/uploads\/sites\/35\/2026\/03\/DSC0634-1-600x400.jpg 600w\" sizes=\"(max-width: 2560px) 100vw, 2560px\" \/><\/a><\/div><div class=\"obfx-grid-col-content\">\t\t\t<h2 class=\"entry-title obfx-grid-title\">\n\t\t\t\t\t\t\t<a href=\"https:\/\/ffyh.unc.edu.ar\/publicaciones\/2026\/03\/18\/participacion-del-area-de-publicaciones-en-la-feria-del-libro-por-la-memoria\/\" title=\"Participaci\u00f3n del \u00c1rea de Publicaciones en la Feria del libro por la Memoria\">\n\t\t\t\t\tParticipaci\u00f3n del \u00c1rea de Publicaciones en la Feria del libro por la Memoria\t\t\t\t<\/a>\n\t\t\t\t\t\t\t<\/h2>\n\t\t\t\t\t\t\t<div class=\"entry-meta obfx-grid-meta\">\n\n\t\t\t\t\t\t\t\t\t\t\t\t\t<span class=\"obfx-grid-date\">\n\t\t\t\t\t\t\t\t\t<i class=\"fas fa-calendar\"><\/i>\t\t\t\t\t\t\t\t<\/span>\n\t\t\t\t\t\t\t\t\n\t\t\t\t<\/div>\n\t\t\t\t\t\t\t<div class=\"entry-content obfx-grid-content\">\n\t\t\t\t<p>El \u00c1rea de Publicaciones de la Facultad de Filosof\u00eda y Humanidades\u00a0 particip\u00f3 en la tercera edici\u00f3n de la Feria del Libro por la Memoria, que se realiz\u00f3 los d\u00edas 12 y 13 de marzo en la Biblioteca C\u00f3rdoba, en el marco de la conmemoraci\u00f3n por los 50 a\u00f1os del golpe de Estado c\u00edvico-militar de 1976. <a href=\"https:\/\/ffyh.unc.edu.ar\/publicaciones\/2026\/03\/18\/participacion-del-area-de-publicaciones-en-la-feria-del-libro-por-la-memoria\/\" class=\"more-link\"><span aria-label=\"Sigue leyendo Participaci\u00f3n del \u00c1rea de Publicaciones en la Feria del libro por la Memoria\">(m\u00e1s&hellip;)<\/span><\/a><\/p>\n\t\t\t<\/div>\n\t\t\t<\/div><\/article><\/div><div class=\"obfx-grid-wrapper\"><article class=\"obfx-grid-col\"><div class=\"obfx-grid-col-image\" style=\"\"><a href=\"https:\/\/ffyh.unc.edu.ar\/publicaciones\/2026\/03\/18\/pueblo-nacion-querandi-comunidad-telomian-condic-nuestra-historia\/\" title=\"Pueblo Naci\u00f3n Querand\u00ed. Comunidad Telomian Condic: nuestra historia\"><img loading=\"lazy\" decoding=\"async\" width=\"1234\" height=\"624\" src=\"https:\/\/ffyh.unc.edu.ar\/publicaciones\/wp-content\/uploads\/sites\/35\/2026\/03\/Pueblo-Nacion-Querandi-2.jpg\" class=\"img-responsive wp-post-image\" alt=\"Pueblo-Nacion-Querandi (2)\" srcset=\"https:\/\/ffyh.unc.edu.ar\/publicaciones\/wp-content\/uploads\/sites\/35\/2026\/03\/Pueblo-Nacion-Querandi-2.jpg 1234w, https:\/\/ffyh.unc.edu.ar\/publicaciones\/wp-content\/uploads\/sites\/35\/2026\/03\/Pueblo-Nacion-Querandi-2-300x152.jpg 300w, https:\/\/ffyh.unc.edu.ar\/publicaciones\/wp-content\/uploads\/sites\/35\/2026\/03\/Pueblo-Nacion-Querandi-2-1024x518.jpg 1024w, https:\/\/ffyh.unc.edu.ar\/publicaciones\/wp-content\/uploads\/sites\/35\/2026\/03\/Pueblo-Nacion-Querandi-2-768x388.jpg 768w, https:\/\/ffyh.unc.edu.ar\/publicaciones\/wp-content\/uploads\/sites\/35\/2026\/03\/Pueblo-Nacion-Querandi-2-600x303.jpg 600w\" sizes=\"(max-width: 1234px) 100vw, 1234px\" \/><\/a><\/div><div class=\"obfx-grid-col-content\">\t\t\t<h2 class=\"entry-title obfx-grid-title\">\n\t\t\t\t\t\t\t<a href=\"https:\/\/ffyh.unc.edu.ar\/publicaciones\/2026\/03\/18\/pueblo-nacion-querandi-comunidad-telomian-condic-nuestra-historia\/\" title=\"Pueblo Naci\u00f3n Querand\u00ed. Comunidad Telomian Condic: nuestra historia\">\n\t\t\t\t\tPueblo Naci\u00f3n Querand\u00ed. Comunidad Telomian Condic: nuestra historia\t\t\t\t<\/a>\n\t\t\t\t\t\t\t<\/h2>\n\t\t\t\t\t\t\t<div class=\"entry-meta obfx-grid-meta\">\n\n\t\t\t\t\t\t\t\t\t\t\t\t\t<span class=\"obfx-grid-date\">\n\t\t\t\t\t\t\t\t\t<i class=\"fas fa-calendar\"><\/i>\t\t\t\t\t\t\t\t<\/span>\n\t\t\t\t\t\t\t\t\n\t\t\t\t<\/div>\n\t\t\t\t\t\t\t<div class=\"entry-content obfx-grid-content\">\n\t\t\t\t<p>Esta nueva publicaci\u00f3n digital de acceso abierto recupera y difunde saberes, memorias y experiencias del Pueblo Naci\u00f3n Querand\u00ed. <a href=\"https:\/\/ffyh.unc.edu.ar\/publicaciones\/2026\/03\/18\/pueblo-nacion-querandi-comunidad-telomian-condic-nuestra-historia\/\" class=\"more-link\"><span aria-label=\"Sigue leyendo Pueblo Naci\u00f3n Querand\u00ed. Comunidad Telomian Condic: nuestra historia\">(m\u00e1s&hellip;)<\/span><\/a><\/p>\n\t\t\t<\/div>\n\t\t\t<\/div><\/article><\/div><div class=\"obfx-grid-wrapper\"><article class=\"obfx-grid-col\"><div class=\"obfx-grid-col-image\" style=\"\"><a href=\"https:\/\/ffyh.unc.edu.ar\/publicaciones\/2026\/03\/02\/tercera-feria-del-libro-por-la-memoria\/\" title=\"Tercera Feria del Libro por la Memoria\"><img loading=\"lazy\" decoding=\"async\" width=\"1900\" height=\"900\" src=\"https:\/\/ffyh.unc.edu.ar\/publicaciones\/wp-content\/uploads\/sites\/35\/2026\/03\/Biblioteca-Cordoba_fachada.jpg\" class=\"img-responsive wp-post-image\" alt=\"Biblioteca-Cordoba_fachada\" srcset=\"https:\/\/ffyh.unc.edu.ar\/publicaciones\/wp-content\/uploads\/sites\/35\/2026\/03\/Biblioteca-Cordoba_fachada.jpg 1900w, https:\/\/ffyh.unc.edu.ar\/publicaciones\/wp-content\/uploads\/sites\/35\/2026\/03\/Biblioteca-Cordoba_fachada-300x142.jpg 300w, https:\/\/ffyh.unc.edu.ar\/publicaciones\/wp-content\/uploads\/sites\/35\/2026\/03\/Biblioteca-Cordoba_fachada-1024x485.jpg 1024w, https:\/\/ffyh.unc.edu.ar\/publicaciones\/wp-content\/uploads\/sites\/35\/2026\/03\/Biblioteca-Cordoba_fachada-768x364.jpg 768w, https:\/\/ffyh.unc.edu.ar\/publicaciones\/wp-content\/uploads\/sites\/35\/2026\/03\/Biblioteca-Cordoba_fachada-1536x728.jpg 1536w, https:\/\/ffyh.unc.edu.ar\/publicaciones\/wp-content\/uploads\/sites\/35\/2026\/03\/Biblioteca-Cordoba_fachada-1320x625.jpg 1320w, https:\/\/ffyh.unc.edu.ar\/publicaciones\/wp-content\/uploads\/sites\/35\/2026\/03\/Biblioteca-Cordoba_fachada-600x284.jpg 600w\" sizes=\"(max-width: 1900px) 100vw, 1900px\" \/><\/a><\/div><div class=\"obfx-grid-col-content\">\t\t\t<h2 class=\"entry-title obfx-grid-title\">\n\t\t\t\t\t\t\t<a href=\"https:\/\/ffyh.unc.edu.ar\/publicaciones\/2026\/03\/02\/tercera-feria-del-libro-por-la-memoria\/\" title=\"Tercera Feria del Libro por la Memoria\">\n\t\t\t\t\tTercera Feria del Libro por la Memoria\t\t\t\t<\/a>\n\t\t\t\t\t\t\t<\/h2>\n\t\t\t\t\t\t\t<div class=\"entry-meta obfx-grid-meta\">\n\n\t\t\t\t\t\t\t\t\t\t\t\t\t<span class=\"obfx-grid-date\">\n\t\t\t\t\t\t\t\t\t<i class=\"fas fa-calendar\"><\/i>\t\t\t\t\t\t\t\t<\/span>\n\t\t\t\t\t\t\t\t\n\t\t\t\t<\/div>\n\t\t\t\t\t\t\t<div class=\"entry-content obfx-grid-content\">\n\t\t\t\t<p>En el marco de la conmemoraci\u00f3n por los 50 a\u00f1os del golpe de Estado c\u00edvico-militar, se realizar\u00e1 la <strong data-start=\"124\" data-end=\"166\">Tercera Feria del Libro por la Memoria<\/strong> <a href=\"https:\/\/ffyh.unc.edu.ar\/publicaciones\/2026\/03\/02\/tercera-feria-del-libro-por-la-memoria\/\" class=\"more-link\"><span aria-label=\"Sigue leyendo Tercera Feria del Libro por la Memoria\">(m\u00e1s&hellip;)<\/span><\/a><\/p>\n\t\t\t<\/div>\n\t\t\t<\/div><\/article><\/div><div class=\"obfx-grid-wrapper\"><article class=\"obfx-grid-col\"><div class=\"obfx-grid-col-image\" style=\"\"><a href=\"https:\/\/ffyh.unc.edu.ar\/publicaciones\/2026\/02\/26\/nueva-convocatoria-para-la-revista-alma-mater\/\" title=\"Nueva convocatoria para Alma M\u00e1ter\"><img loading=\"lazy\" decoding=\"async\" width=\"800\" height=\"353\" src=\"https:\/\/ffyh.unc.edu.ar\/publicaciones\/wp-content\/uploads\/sites\/35\/2022\/08\/almamater.jpg\" class=\"img-responsive wp-post-image\" alt=\"almamater\" srcset=\"https:\/\/ffyh.unc.edu.ar\/publicaciones\/wp-content\/uploads\/sites\/35\/2022\/08\/almamater.jpg 800w, https:\/\/ffyh.unc.edu.ar\/publicaciones\/wp-content\/uploads\/sites\/35\/2022\/08\/almamater-300x132.jpg 300w, https:\/\/ffyh.unc.edu.ar\/publicaciones\/wp-content\/uploads\/sites\/35\/2022\/08\/almamater-768x339.jpg 768w, https:\/\/ffyh.unc.edu.ar\/publicaciones\/wp-content\/uploads\/sites\/35\/2022\/08\/almamater-350x154.jpg 350w, https:\/\/ffyh.unc.edu.ar\/publicaciones\/wp-content\/uploads\/sites\/35\/2022\/08\/almamater-600x265.jpg 600w\" sizes=\"(max-width: 800px) 100vw, 800px\" \/><\/a><\/div><div class=\"obfx-grid-col-content\">\t\t\t<h2 class=\"entry-title obfx-grid-title\">\n\t\t\t\t\t\t\t<a href=\"https:\/\/ffyh.unc.edu.ar\/publicaciones\/2026\/02\/26\/nueva-convocatoria-para-la-revista-alma-mater\/\" title=\"Nueva convocatoria para Alma M\u00e1ter\">\n\t\t\t\t\tNueva convocatoria para Alma M\u00e1ter\t\t\t\t<\/a>\n\t\t\t\t\t\t\t<\/h2>\n\t\t\t\t\t\t\t<div class=\"entry-meta obfx-grid-meta\">\n\n\t\t\t\t\t\t\t\t\t\t\t\t\t<span class=\"obfx-grid-date\">\n\t\t\t\t\t\t\t\t\t<i class=\"fas fa-calendar\"><\/i>\t\t\t\t\t\t\t\t<\/span>\n\t\t\t\t\t\t\t\t\n\t\t\t\t<\/div>\n\t\t\t\t\t\t\t<div class=\"entry-content obfx-grid-content\">\n\t\t\t\t<p>La revista estudiantil de la Escuela de Letras de la FFyH lanza la convocatoria para su d\u00e9cima publicaci\u00f3n, titulada \u201cLa lengua y la ling\u00fc\u00edstica en clave feminista\u201d. <a href=\"https:\/\/ffyh.unc.edu.ar\/publicaciones\/2026\/02\/26\/nueva-convocatoria-para-la-revista-alma-mater\/\" class=\"more-link\"><span aria-label=\"Sigue leyendo Nueva convocatoria para Alma M\u00e1ter\">(m\u00e1s&hellip;)<\/span><\/a><\/p>\n\t\t\t<\/div>\n\t\t\t<\/div><\/article><\/div><\/div><!-- .obfx-grid-container --><\/div><!-- .obfx-grid -->\t\t\t\t<\/div>\n\t\t\t\t<\/div>\n\t\t\t\t<div class=\"elementor-element elementor-element-6df783ab elementor-invisible elementor-widget elementor-widget-heading\" data-id=\"6df783ab\" data-element_type=\"widget\" data-e-type=\"widget\" data-settings=\"{&quot;_animation&quot;:&quot;zoomIn&quot;}\" data-widget_type=\"heading.default\">\n\t\t\t\t<div class=\"elementor-widget-container\">\n\t\t\t\t\t<h2 class=\"elementor-heading-title elementor-size-default\">Novedades editoriales<\/h2>\t\t\t\t<\/div>\n\t\t\t\t<\/div>\n\t\t\t\t<div class=\"elementor-element elementor-element-0cd6567 elementor-widget elementor-widget-obfx-posts-grid\" data-id=\"0cd6567\" data-element_type=\"widget\" data-e-type=\"widget\" data-widget_type=\"obfx-posts-grid.default\">\n\t\t\t\t<div class=\"elementor-widget-container\">\n\t\t\t\t\t<div class=\"obfx-grid\"><div class=\"obfx-grid-container obfx-grid-mobile-1 obfx-grid-tablet-2 obfx-grid-desktop-3\"><div class=\"obfx-grid-wrapper\"><article class=\"obfx-grid-col\"><div class=\"obfx-grid-col-image\" style=\"\"><a href=\"https:\/\/ffyh.unc.edu.ar\/publicaciones\/2026\/04\/28\/novedad-editorial-reinvenciones-de-lo-escolar-en-la-escuela-publica\/\" title=\"Novedad editorial: Reinvenciones de lo escolar en la escuela p\u00fablica\"><img fetchpriority=\"high\" decoding=\"async\" width=\"980\" height=\"485\" src=\"https:\/\/ffyh.unc.edu.ar\/publicaciones\/wp-content\/uploads\/sites\/35\/2026\/04\/reinvenciones_collage_web-1.jpg\" class=\"img-responsive wp-post-image\" alt=\"reinvenciones_collage_web (1)\" srcset=\"https:\/\/ffyh.unc.edu.ar\/publicaciones\/wp-content\/uploads\/sites\/35\/2026\/04\/reinvenciones_collage_web-1.jpg 980w, https:\/\/ffyh.unc.edu.ar\/publicaciones\/wp-content\/uploads\/sites\/35\/2026\/04\/reinvenciones_collage_web-1-300x148.jpg 300w, https:\/\/ffyh.unc.edu.ar\/publicaciones\/wp-content\/uploads\/sites\/35\/2026\/04\/reinvenciones_collage_web-1-768x380.jpg 768w, https:\/\/ffyh.unc.edu.ar\/publicaciones\/wp-content\/uploads\/sites\/35\/2026\/04\/reinvenciones_collage_web-1-600x297.jpg 600w\" sizes=\"(max-width: 980px) 100vw, 980px\" \/><\/a><\/div><div class=\"obfx-grid-col-content\">\t\t\t\t<div class=\"entry-meta obfx-grid-meta\">\n\n\t\t\t\t\t\t\t\t\t\t\t\t\t<span class=\"obfx-grid-author\">\n\t\t\t\t\t\t\t\t\t<i class=\"fas fa-user\"><\/i>\t\t\t\t\t\t\t\t<\/span>\n\t\t\t\t\t\t\t\t\t\t\t\t\t\t\t\t<span class=\"obfx-grid-date\">\n\t\t\t\t\t\t\t\t\t<i class=\"fas fa-calendar\"><\/i>\t\t\t\t\t\t\t\t<\/span>\n\t\t\t\t\t\t\t\t\n\t\t\t\t<\/div>\n\t\t\t\t<\/div><\/article><\/div><div class=\"obfx-grid-wrapper\"><article class=\"obfx-grid-col\"><div class=\"obfx-grid-col-image\" style=\"\"><a href=\"https:\/\/ffyh.unc.edu.ar\/publicaciones\/2026\/04\/01\/cuantxs-somos-lxs-que-estamos-y-lxs-que-estamos-como-estamos\/\" title=\"\u00bfCu\u00e1ntxs somos lxs que estamos? Y lxs que estamos, \u00bfc\u00f3mo estamos?\"><img decoding=\"async\" width=\"1246\" height=\"635\" src=\"https:\/\/ffyh.unc.edu.ar\/publicaciones\/wp-content\/uploads\/sites\/35\/2026\/04\/RELEVAMIENTO-CONTRATAPA-1-2.jpg\" class=\"img-responsive wp-post-image\" alt=\"RELEVAMIENTO CONTRATAPA (1) (2)\" srcset=\"https:\/\/ffyh.unc.edu.ar\/publicaciones\/wp-content\/uploads\/sites\/35\/2026\/04\/RELEVAMIENTO-CONTRATAPA-1-2.jpg 1246w, https:\/\/ffyh.unc.edu.ar\/publicaciones\/wp-content\/uploads\/sites\/35\/2026\/04\/RELEVAMIENTO-CONTRATAPA-1-2-300x153.jpg 300w, https:\/\/ffyh.unc.edu.ar\/publicaciones\/wp-content\/uploads\/sites\/35\/2026\/04\/RELEVAMIENTO-CONTRATAPA-1-2-1024x522.jpg 1024w, https:\/\/ffyh.unc.edu.ar\/publicaciones\/wp-content\/uploads\/sites\/35\/2026\/04\/RELEVAMIENTO-CONTRATAPA-1-2-768x391.jpg 768w, https:\/\/ffyh.unc.edu.ar\/publicaciones\/wp-content\/uploads\/sites\/35\/2026\/04\/RELEVAMIENTO-CONTRATAPA-1-2-600x306.jpg 600w\" sizes=\"(max-width: 1246px) 100vw, 1246px\" \/><\/a><\/div><div class=\"obfx-grid-col-content\">\t\t\t\t<div class=\"entry-meta obfx-grid-meta\">\n\n\t\t\t\t\t\t\t\t\t\t\t\t\t<span class=\"obfx-grid-author\">\n\t\t\t\t\t\t\t\t\t<i class=\"fas fa-user\"><\/i>\t\t\t\t\t\t\t\t<\/span>\n\t\t\t\t\t\t\t\t\t\t\t\t\t\t\t\t<span class=\"obfx-grid-date\">\n\t\t\t\t\t\t\t\t\t<i class=\"fas fa-calendar\"><\/i>\t\t\t\t\t\t\t\t<\/span>\n\t\t\t\t\t\t\t\t\n\t\t\t\t<\/div>\n\t\t\t\t<\/div><\/article><\/div><div class=\"obfx-grid-wrapper\"><article class=\"obfx-grid-col\"><div class=\"obfx-grid-col-image\" style=\"\"><a href=\"https:\/\/ffyh.unc.edu.ar\/publicaciones\/2026\/03\/18\/pueblo-nacion-querandi-comunidad-telomian-condic-nuestra-historia\/\" title=\"Pueblo Naci\u00f3n Querand\u00ed. Comunidad Telomian Condic: nuestra historia\"><img loading=\"lazy\" decoding=\"async\" width=\"1234\" height=\"624\" src=\"https:\/\/ffyh.unc.edu.ar\/publicaciones\/wp-content\/uploads\/sites\/35\/2026\/03\/Pueblo-Nacion-Querandi-2.jpg\" class=\"img-responsive wp-post-image\" alt=\"Pueblo-Nacion-Querandi (2)\" srcset=\"https:\/\/ffyh.unc.edu.ar\/publicaciones\/wp-content\/uploads\/sites\/35\/2026\/03\/Pueblo-Nacion-Querandi-2.jpg 1234w, https:\/\/ffyh.unc.edu.ar\/publicaciones\/wp-content\/uploads\/sites\/35\/2026\/03\/Pueblo-Nacion-Querandi-2-300x152.jpg 300w, https:\/\/ffyh.unc.edu.ar\/publicaciones\/wp-content\/uploads\/sites\/35\/2026\/03\/Pueblo-Nacion-Querandi-2-1024x518.jpg 1024w, https:\/\/ffyh.unc.edu.ar\/publicaciones\/wp-content\/uploads\/sites\/35\/2026\/03\/Pueblo-Nacion-Querandi-2-768x388.jpg 768w, https:\/\/ffyh.unc.edu.ar\/publicaciones\/wp-content\/uploads\/sites\/35\/2026\/03\/Pueblo-Nacion-Querandi-2-600x303.jpg 600w\" sizes=\"(max-width: 1234px) 100vw, 1234px\" \/><\/a><\/div><div class=\"obfx-grid-col-content\">\t\t\t\t<div class=\"entry-meta obfx-grid-meta\">\n\n\t\t\t\t\t\t\t\t\t\t\t\t\t<span class=\"obfx-grid-author\">\n\t\t\t\t\t\t\t\t\t<i class=\"fas fa-user\"><\/i>\t\t\t\t\t\t\t\t<\/span>\n\t\t\t\t\t\t\t\t\t\t\t\t\t\t\t\t<span class=\"obfx-grid-date\">\n\t\t\t\t\t\t\t\t\t<i class=\"fas fa-calendar\"><\/i>\t\t\t\t\t\t\t\t<\/span>\n\t\t\t\t\t\t\t\t\n\t\t\t\t<\/div>\n\t\t\t\t<\/div><\/article><\/div><div class=\"obfx-grid-wrapper\"><article class=\"obfx-grid-col\"><div class=\"obfx-grid-col-image\" style=\"\"><a href=\"https:\/\/ffyh.unc.edu.ar\/publicaciones\/2026\/02\/26\/nueva-convocatoria-para-la-revista-alma-mater\/\" title=\"Nueva convocatoria para Alma M\u00e1ter\"><img loading=\"lazy\" decoding=\"async\" width=\"800\" height=\"353\" src=\"https:\/\/ffyh.unc.edu.ar\/publicaciones\/wp-content\/uploads\/sites\/35\/2022\/08\/almamater.jpg\" class=\"img-responsive wp-post-image\" alt=\"almamater\" srcset=\"https:\/\/ffyh.unc.edu.ar\/publicaciones\/wp-content\/uploads\/sites\/35\/2022\/08\/almamater.jpg 800w, https:\/\/ffyh.unc.edu.ar\/publicaciones\/wp-content\/uploads\/sites\/35\/2022\/08\/almamater-300x132.jpg 300w, https:\/\/ffyh.unc.edu.ar\/publicaciones\/wp-content\/uploads\/sites\/35\/2022\/08\/almamater-768x339.jpg 768w, https:\/\/ffyh.unc.edu.ar\/publicaciones\/wp-content\/uploads\/sites\/35\/2022\/08\/almamater-350x154.jpg 350w, https:\/\/ffyh.unc.edu.ar\/publicaciones\/wp-content\/uploads\/sites\/35\/2022\/08\/almamater-600x265.jpg 600w\" sizes=\"(max-width: 800px) 100vw, 800px\" \/><\/a><\/div><div class=\"obfx-grid-col-content\">\t\t\t\t<div class=\"entry-meta obfx-grid-meta\">\n\n\t\t\t\t\t\t\t\t\t\t\t\t\t<span class=\"obfx-grid-author\">\n\t\t\t\t\t\t\t\t\t<i class=\"fas fa-user\"><\/i>\t\t\t\t\t\t\t\t<\/span>\n\t\t\t\t\t\t\t\t\t\t\t\t\t\t\t\t<span class=\"obfx-grid-date\">\n\t\t\t\t\t\t\t\t\t<i class=\"fas fa-calendar\"><\/i>\t\t\t\t\t\t\t\t<\/span>\n\t\t\t\t\t\t\t\t\n\t\t\t\t<\/div>\n\t\t\t\t<\/div><\/article><\/div><div class=\"obfx-grid-wrapper\"><article class=\"obfx-grid-col\"><div class=\"obfx-grid-col-image\" style=\"\"><a href=\"https:\/\/ffyh.unc.edu.ar\/publicaciones\/2025\/12\/01\/tramas-de-lo-tecnico-cinco-aproximaciones-antropologicas-es-el-ultimo-libro-editado-en-el-marco-de-la-convocatoria-2024-de-las-colecciones-del-ciffyh\/\" title=\"Tramas de lo t\u00e9cnico: cinco aproximaciones antropol\u00f3gicas, es el \u00faltimo libro editado en el marco de la Convocatoria 2024 de las Colecciones del CIFFyH\"><img loading=\"lazy\" decoding=\"async\" width=\"800\" height=\"445\" src=\"https:\/\/ffyh.unc.edu.ar\/publicaciones\/wp-content\/uploads\/sites\/35\/2025\/12\/flyer-01tramas-de-lo-tecnico-800x445-1.jpg\" class=\"img-responsive wp-post-image\" alt=\"flyer-01tramas-de-lo-tecnico-800&#215;445\" srcset=\"https:\/\/ffyh.unc.edu.ar\/publicaciones\/wp-content\/uploads\/sites\/35\/2025\/12\/flyer-01tramas-de-lo-tecnico-800x445-1.jpg 800w, https:\/\/ffyh.unc.edu.ar\/publicaciones\/wp-content\/uploads\/sites\/35\/2025\/12\/flyer-01tramas-de-lo-tecnico-800x445-1-300x167.jpg 300w, https:\/\/ffyh.unc.edu.ar\/publicaciones\/wp-content\/uploads\/sites\/35\/2025\/12\/flyer-01tramas-de-lo-tecnico-800x445-1-768x427.jpg 768w, https:\/\/ffyh.unc.edu.ar\/publicaciones\/wp-content\/uploads\/sites\/35\/2025\/12\/flyer-01tramas-de-lo-tecnico-800x445-1-600x334.jpg 600w\" sizes=\"(max-width: 800px) 100vw, 800px\" \/><\/a><\/div><div class=\"obfx-grid-col-content\">\t\t\t\t<div class=\"entry-meta obfx-grid-meta\">\n\n\t\t\t\t\t\t\t\t\t\t\t\t\t<span class=\"obfx-grid-author\">\n\t\t\t\t\t\t\t\t\t<i class=\"fas fa-user\"><\/i>\t\t\t\t\t\t\t\t<\/span>\n\t\t\t\t\t\t\t\t\t\t\t\t\t\t\t\t<span class=\"obfx-grid-date\">\n\t\t\t\t\t\t\t\t\t<i class=\"fas fa-calendar\"><\/i>\t\t\t\t\t\t\t\t<\/span>\n\t\t\t\t\t\t\t\t\n\t\t\t\t<\/div>\n\t\t\t\t<\/div><\/article><\/div><div class=\"obfx-grid-wrapper\"><article class=\"obfx-grid-col\"><div class=\"obfx-grid-col-image\" style=\"\"><a href=\"https:\/\/ffyh.unc.edu.ar\/publicaciones\/2025\/11\/11\/se-edito-cartografias-de-las-memorias-lenguajes-de-la-cultura-cuerpos-y-escrituras-un-nuevo-e-book-de-las-colecciones-del-ciffyh\/\" title=\"Se edit\u00f3 \u00abCartograf\u00edas de las memorias: lenguajes de la cultura, cuerpos y escrituras\u00bb, un nuevo e-book de las Colecciones del CIFFyH\"><img loading=\"lazy\" decoding=\"async\" width=\"2560\" height=\"1350\" src=\"https:\/\/ffyh.unc.edu.ar\/publicaciones\/wp-content\/uploads\/sites\/35\/2025\/11\/flyer_cartografias-01-scaled.jpg\" class=\"img-responsive wp-post-image\" alt=\"flyer_cartografias-01\" srcset=\"https:\/\/ffyh.unc.edu.ar\/publicaciones\/wp-content\/uploads\/sites\/35\/2025\/11\/flyer_cartografias-01-scaled.jpg 2560w, https:\/\/ffyh.unc.edu.ar\/publicaciones\/wp-content\/uploads\/sites\/35\/2025\/11\/flyer_cartografias-01-300x158.jpg 300w, https:\/\/ffyh.unc.edu.ar\/publicaciones\/wp-content\/uploads\/sites\/35\/2025\/11\/flyer_cartografias-01-1024x540.jpg 1024w, https:\/\/ffyh.unc.edu.ar\/publicaciones\/wp-content\/uploads\/sites\/35\/2025\/11\/flyer_cartografias-01-768x405.jpg 768w, https:\/\/ffyh.unc.edu.ar\/publicaciones\/wp-content\/uploads\/sites\/35\/2025\/11\/flyer_cartografias-01-1536x810.jpg 1536w, https:\/\/ffyh.unc.edu.ar\/publicaciones\/wp-content\/uploads\/sites\/35\/2025\/11\/flyer_cartografias-01-2048x1080.jpg 2048w, https:\/\/ffyh.unc.edu.ar\/publicaciones\/wp-content\/uploads\/sites\/35\/2025\/11\/flyer_cartografias-01-390x205.jpg 390w, https:\/\/ffyh.unc.edu.ar\/publicaciones\/wp-content\/uploads\/sites\/35\/2025\/11\/flyer_cartografias-01-1320x696.jpg 1320w, https:\/\/ffyh.unc.edu.ar\/publicaciones\/wp-content\/uploads\/sites\/35\/2025\/11\/flyer_cartografias-01-600x316.jpg 600w\" sizes=\"(max-width: 2560px) 100vw, 2560px\" \/><\/a><\/div><div class=\"obfx-grid-col-content\">\t\t\t\t<div class=\"entry-meta obfx-grid-meta\">\n\n\t\t\t\t\t\t\t\t\t\t\t\t\t<span class=\"obfx-grid-author\">\n\t\t\t\t\t\t\t\t\t<i class=\"fas fa-user\"><\/i>\t\t\t\t\t\t\t\t<\/span>\n\t\t\t\t\t\t\t\t\t\t\t\t\t\t\t\t<span class=\"obfx-grid-date\">\n\t\t\t\t\t\t\t\t\t<i class=\"fas fa-calendar\"><\/i>\t\t\t\t\t\t\t\t<\/span>\n\t\t\t\t\t\t\t\t\n\t\t\t\t<\/div>\n\t\t\t\t<\/div><\/article><\/div><\/div><!-- .obfx-grid-container --><\/div><!-- .obfx-grid -->\t\t\t\t<\/div>\n\t\t\t\t<\/div>\n\t\t\t\t\t<\/div>\n\t\t<\/div>\n\t\t\t\t\t<\/div>\n\t\t<\/section>\n\t\t\t\t<section class=\"elementor-section elementor-top-section elementor-element elementor-element-2fd216c8 elementor-section-stretched elementor-section-boxed elementor-section-height-default elementor-section-height-default\" data-id=\"2fd216c8\" data-element_type=\"section\" data-e-type=\"section\" data-settings=\"{&quot;stretch_section&quot;:&quot;section-stretched&quot;}\">\n\t\t\t\t\t\t\t<div class=\"elementor-background-overlay\"><\/div>\n\t\t\t\t\t\t\t<div class=\"elementor-container elementor-column-gap-default\">\n\t\t\t\t\t<div class=\"elementor-column elementor-col-100 elementor-top-column elementor-element elementor-element-7dc2652e\" data-id=\"7dc2652e\" data-element_type=\"column\" data-e-type=\"column\">\n\t\t\t<div class=\"elementor-widget-wrap elementor-element-populated\">\n\t\t\t\t\t\t<div class=\"elementor-element elementor-element-4299f73 elementor-invisible elementor-widget elementor-widget-heading\" data-id=\"4299f73\" data-element_type=\"widget\" data-e-type=\"widget\" data-settings=\"{&quot;_animation&quot;:&quot;zoomIn&quot;}\" data-widget_type=\"heading.default\">\n\t\t\t\t<div class=\"elementor-widget-container\">\n\t\t\t\t\t<h2 class=\"elementor-heading-title elementor-size-default\">revistas de la ffyh: convocatorias y nuevos numeros  <\/h2>\t\t\t\t<\/div>\n\t\t\t\t<\/div>\n\t\t\t\t\t<\/div>\n\t\t<\/div>\n\t\t\t\t\t<\/div>\n\t\t<\/section>\n\t\t\t\t<section class=\"elementor-section elementor-top-section elementor-element elementor-element-d4ef850 elementor-section-stretched elementor-section-boxed elementor-section-height-default elementor-section-height-default\" data-id=\"d4ef850\" data-element_type=\"section\" data-e-type=\"section\" data-settings=\"{&quot;stretch_section&quot;:&quot;section-stretched&quot;}\">\n\t\t\t\t\t\t\t<div class=\"elementor-background-overlay\"><\/div>\n\t\t\t\t\t\t\t<div class=\"elementor-container elementor-column-gap-default\">\n\t\t\t\t\t<div class=\"elementor-column elementor-col-100 elementor-top-column elementor-element elementor-element-530838b\" data-id=\"530838b\" data-element_type=\"column\" data-e-type=\"column\">\n\t\t\t<div class=\"elementor-widget-wrap elementor-element-populated\">\n\t\t\t\t\t\t<div class=\"elementor-element elementor-element-e9969b4 elementor-widget elementor-widget-obfx-posts-grid\" data-id=\"e9969b4\" data-element_type=\"widget\" data-e-type=\"widget\" data-widget_type=\"obfx-posts-grid.default\">\n\t\t\t\t<div class=\"elementor-widget-container\">\n\t\t\t\t\t<div class=\"obfx-grid\"><div class=\"obfx-grid-container obfx-grid-mobile-1 obfx-grid-tablet-2 obfx-grid-desktop-3\"><div class=\"obfx-grid-wrapper\"><article class=\"obfx-grid-col\"><div class=\"obfx-grid-col-image\" style=\"\"><a href=\"https:\/\/ffyh.unc.edu.ar\/publicaciones\/2026\/02\/26\/primer-numero-de-la-revista-rubicon\/\" title=\"Primer n\u00famero de la revista Rubic\u00f3n\"><img loading=\"lazy\" decoding=\"async\" width=\"1744\" height=\"592\" src=\"https:\/\/ffyh.unc.edu.ar\/publicaciones\/wp-content\/uploads\/sites\/35\/2026\/02\/ru.jpg\" class=\"img-responsive wp-post-image\" alt=\"ru\" srcset=\"https:\/\/ffyh.unc.edu.ar\/publicaciones\/wp-content\/uploads\/sites\/35\/2026\/02\/ru.jpg 1744w, https:\/\/ffyh.unc.edu.ar\/publicaciones\/wp-content\/uploads\/sites\/35\/2026\/02\/ru-300x102.jpg 300w, https:\/\/ffyh.unc.edu.ar\/publicaciones\/wp-content\/uploads\/sites\/35\/2026\/02\/ru-1024x348.jpg 1024w, https:\/\/ffyh.unc.edu.ar\/publicaciones\/wp-content\/uploads\/sites\/35\/2026\/02\/ru-768x261.jpg 768w, https:\/\/ffyh.unc.edu.ar\/publicaciones\/wp-content\/uploads\/sites\/35\/2026\/02\/ru-1536x521.jpg 1536w, https:\/\/ffyh.unc.edu.ar\/publicaciones\/wp-content\/uploads\/sites\/35\/2026\/02\/ru-1320x448.jpg 1320w, https:\/\/ffyh.unc.edu.ar\/publicaciones\/wp-content\/uploads\/sites\/35\/2026\/02\/ru-600x204.jpg 600w\" sizes=\"(max-width: 1744px) 100vw, 1744px\" \/><\/a><\/div><div class=\"obfx-grid-col-content\">\t\t\t\t<div class=\"entry-meta obfx-grid-meta\">\n\n\t\t\t\t\t\t\t\t\t\t\t\t\t<span class=\"obfx-grid-author\">\n\t\t\t\t\t\t\t\t\t<i class=\"fas fa-user\"><\/i>\t\t\t\t\t\t\t\t<\/span>\n\t\t\t\t\t\t\t\t\t\t\t\t\t\t\t\t<span class=\"obfx-grid-date\">\n\t\t\t\t\t\t\t\t\t<i class=\"fas fa-calendar\"><\/i>\t\t\t\t\t\t\t\t<\/span>\n\t\t\t\t\t\t\t\t\n\t\t\t\t<\/div>\n\t\t\t\t<\/div><\/article><\/div><div class=\"obfx-grid-wrapper\"><article class=\"obfx-grid-col\"><div class=\"obfx-grid-col-image\" style=\"\"><a href=\"https:\/\/ffyh.unc.edu.ar\/publicaciones\/2025\/12\/10\/convocatoria-abierta-ee-vol-13-n-21-mirar-tocar-probar-la-extension-universitaria-en-clave-de-genero\/\" title=\"Convocatoria abierta \u2013 e+e Vol. 13 N\u00b0 21 \u00abMirar\/tocar\/probar la extensi\u00f3n universitaria en clave de g\u00e9nero\u00bb\"><img loading=\"lazy\" decoding=\"async\" width=\"800\" height=\"445\" src=\"https:\/\/ffyh.unc.edu.ar\/publicaciones\/wp-content\/uploads\/sites\/35\/2025\/12\/portadaweb-dossier-1.jpg\" class=\"img-responsive wp-post-image\" alt=\"portadaweb-dossier-1\" srcset=\"https:\/\/ffyh.unc.edu.ar\/publicaciones\/wp-content\/uploads\/sites\/35\/2025\/12\/portadaweb-dossier-1.jpg 800w, https:\/\/ffyh.unc.edu.ar\/publicaciones\/wp-content\/uploads\/sites\/35\/2025\/12\/portadaweb-dossier-1-300x167.jpg 300w, https:\/\/ffyh.unc.edu.ar\/publicaciones\/wp-content\/uploads\/sites\/35\/2025\/12\/portadaweb-dossier-1-768x427.jpg 768w, https:\/\/ffyh.unc.edu.ar\/publicaciones\/wp-content\/uploads\/sites\/35\/2025\/12\/portadaweb-dossier-1-600x334.jpg 600w\" sizes=\"(max-width: 800px) 100vw, 800px\" \/><\/a><\/div><div class=\"obfx-grid-col-content\">\t\t\t\t<div class=\"entry-meta obfx-grid-meta\">\n\n\t\t\t\t\t\t\t\t\t\t\t\t\t<span class=\"obfx-grid-author\">\n\t\t\t\t\t\t\t\t\t<i class=\"fas fa-user\"><\/i>\t\t\t\t\t\t\t\t<\/span>\n\t\t\t\t\t\t\t\t\t\t\t\t\t\t\t\t<span class=\"obfx-grid-date\">\n\t\t\t\t\t\t\t\t\t<i class=\"fas fa-calendar\"><\/i>\t\t\t\t\t\t\t\t<\/span>\n\t\t\t\t\t\t\t\t\n\t\t\t\t<\/div>\n\t\t\t\t<\/div><\/article><\/div><div class=\"obfx-grid-wrapper\"><article class=\"obfx-grid-col\"><div class=\"obfx-grid-col-image\" style=\"\"><a href=\"https:\/\/ffyh.unc.edu.ar\/publicaciones\/2025\/10\/10\/nueva-incorporacion-al-nucleo-basico-de-revistas-cientificas-argentinas\/\" title=\"Nueva incorporaci\u00f3n al N\u00facleo B\u00e1sico de Revistas Cient\u00edficas Argentinas\"><img loading=\"lazy\" decoding=\"async\" width=\"364\" height=\"138\" src=\"https:\/\/ffyh.unc.edu.ar\/publicaciones\/wp-content\/uploads\/sites\/35\/2025\/10\/descarga.png\" class=\"img-responsive wp-post-image\" alt=\"descarga\" srcset=\"https:\/\/ffyh.unc.edu.ar\/publicaciones\/wp-content\/uploads\/sites\/35\/2025\/10\/descarga.png 364w, https:\/\/ffyh.unc.edu.ar\/publicaciones\/wp-content\/uploads\/sites\/35\/2025\/10\/descarga-300x114.png 300w\" sizes=\"(max-width: 364px) 100vw, 364px\" \/><\/a><\/div><div class=\"obfx-grid-col-content\">\t\t\t\t<div class=\"entry-meta obfx-grid-meta\">\n\n\t\t\t\t\t\t\t\t\t\t\t\t\t<span class=\"obfx-grid-author\">\n\t\t\t\t\t\t\t\t\t<i class=\"fas fa-user\"><\/i>\t\t\t\t\t\t\t\t<\/span>\n\t\t\t\t\t\t\t\t\t\t\t\t\t\t\t\t<span class=\"obfx-grid-date\">\n\t\t\t\t\t\t\t\t\t<i class=\"fas fa-calendar\"><\/i>\t\t\t\t\t\t\t\t<\/span>\n\t\t\t\t\t\t\t\t\n\t\t\t\t<\/div>\n\t\t\t\t<\/div><\/article><\/div><div class=\"obfx-grid-wrapper\"><article class=\"obfx-grid-col\"><div class=\"obfx-grid-col-image\" style=\"\"><a href=\"https:\/\/ffyh.unc.edu.ar\/publicaciones\/2025\/09\/05\/convocatoria-de-la-revista-polemicas-feministas-2\/\" title=\"Convocatoria de la revista Pol\u00e9micas Feministas\"><img loading=\"lazy\" decoding=\"async\" width=\"758\" height=\"458\" src=\"https:\/\/ffyh.unc.edu.ar\/publicaciones\/wp-content\/uploads\/sites\/35\/2025\/09\/pol.jpg\" class=\"img-responsive wp-post-image\" alt=\"pol\" srcset=\"https:\/\/ffyh.unc.edu.ar\/publicaciones\/wp-content\/uploads\/sites\/35\/2025\/09\/pol.jpg 758w, https:\/\/ffyh.unc.edu.ar\/publicaciones\/wp-content\/uploads\/sites\/35\/2025\/09\/pol-300x181.jpg 300w, https:\/\/ffyh.unc.edu.ar\/publicaciones\/wp-content\/uploads\/sites\/35\/2025\/09\/pol-600x363.jpg 600w\" sizes=\"(max-width: 758px) 100vw, 758px\" \/><\/a><\/div><div class=\"obfx-grid-col-content\">\t\t\t\t<div class=\"entry-meta obfx-grid-meta\">\n\n\t\t\t\t\t\t\t\t\t\t\t\t\t<span class=\"obfx-grid-author\">\n\t\t\t\t\t\t\t\t\t<i class=\"fas fa-user\"><\/i>\t\t\t\t\t\t\t\t<\/span>\n\t\t\t\t\t\t\t\t\t\t\t\t\t\t\t\t<span class=\"obfx-grid-date\">\n\t\t\t\t\t\t\t\t\t<i class=\"fas fa-calendar\"><\/i>\t\t\t\t\t\t\t\t<\/span>\n\t\t\t\t\t\t\t\t\n\t\t\t\t<\/div>\n\t\t\t\t<\/div><\/article><\/div><div class=\"obfx-grid-wrapper\"><article class=\"obfx-grid-col\"><div class=\"obfx-grid-col-image\" style=\"\"><a href=\"https:\/\/ffyh.unc.edu.ar\/publicaciones\/2025\/08\/05\/apertura-de-la-sexta-convocatoria-de-la-revista-nota-al-margen\/\" title=\"Apertura de la sexta convocatoria de la Revista Nota al Margen\"><img loading=\"lazy\" decoding=\"async\" width=\"1890\" height=\"1417\" src=\"https:\/\/ffyh.unc.edu.ar\/publicaciones\/wp-content\/uploads\/sites\/35\/2024\/02\/AL-MARGEN.jpg\" class=\"img-responsive wp-post-image\" alt=\"AL MARGEN\" srcset=\"https:\/\/ffyh.unc.edu.ar\/publicaciones\/wp-content\/uploads\/sites\/35\/2024\/02\/AL-MARGEN.jpg 1890w, https:\/\/ffyh.unc.edu.ar\/publicaciones\/wp-content\/uploads\/sites\/35\/2024\/02\/AL-MARGEN-300x225.jpg 300w, https:\/\/ffyh.unc.edu.ar\/publicaciones\/wp-content\/uploads\/sites\/35\/2024\/02\/AL-MARGEN-1024x768.jpg 1024w, https:\/\/ffyh.unc.edu.ar\/publicaciones\/wp-content\/uploads\/sites\/35\/2024\/02\/AL-MARGEN-768x576.jpg 768w, https:\/\/ffyh.unc.edu.ar\/publicaciones\/wp-content\/uploads\/sites\/35\/2024\/02\/AL-MARGEN-350x262.jpg 350w, https:\/\/ffyh.unc.edu.ar\/publicaciones\/wp-content\/uploads\/sites\/35\/2024\/02\/AL-MARGEN-1536x1152.jpg 1536w, https:\/\/ffyh.unc.edu.ar\/publicaciones\/wp-content\/uploads\/sites\/35\/2024\/02\/AL-MARGEN-1320x990.jpg 1320w, https:\/\/ffyh.unc.edu.ar\/publicaciones\/wp-content\/uploads\/sites\/35\/2024\/02\/AL-MARGEN-600x450.jpg 600w\" sizes=\"(max-width: 1890px) 100vw, 1890px\" \/><\/a><\/div><div class=\"obfx-grid-col-content\">\t\t\t\t<div class=\"entry-meta obfx-grid-meta\">\n\n\t\t\t\t\t\t\t\t\t\t\t\t\t<span class=\"obfx-grid-author\">\n\t\t\t\t\t\t\t\t\t<i class=\"fas fa-user\"><\/i>\t\t\t\t\t\t\t\t<\/span>\n\t\t\t\t\t\t\t\t\t\t\t\t\t\t\t\t<span class=\"obfx-grid-date\">\n\t\t\t\t\t\t\t\t\t<i class=\"fas fa-calendar\"><\/i>\t\t\t\t\t\t\t\t<\/span>\n\t\t\t\t\t\t\t\t\n\t\t\t\t<\/div>\n\t\t\t\t<\/div><\/article><\/div><div class=\"obfx-grid-wrapper\"><article class=\"obfx-grid-col\"><div class=\"obfx-grid-col-image\" style=\"\"><a href=\"https:\/\/ffyh.unc.edu.ar\/publicaciones\/2025\/08\/04\/nuevo-numero-de-la-revista-polemicas-feministas-3\/\" title=\"Nuevo n\u00famero de la Revista Pol\u00e9micas Feministas\"><img loading=\"lazy\" decoding=\"async\" width=\"800\" height=\"445\" src=\"https:\/\/ffyh.unc.edu.ar\/publicaciones\/wp-content\/uploads\/sites\/35\/2025\/08\/flyer_polemicas-julio25-1-800x445-1.jpeg\" class=\"img-responsive wp-post-image\" alt=\"flyer_polemicas-julio25-1-800&#215;445\" srcset=\"https:\/\/ffyh.unc.edu.ar\/publicaciones\/wp-content\/uploads\/sites\/35\/2025\/08\/flyer_polemicas-julio25-1-800x445-1.jpeg 800w, https:\/\/ffyh.unc.edu.ar\/publicaciones\/wp-content\/uploads\/sites\/35\/2025\/08\/flyer_polemicas-julio25-1-800x445-1-300x167.jpeg 300w, https:\/\/ffyh.unc.edu.ar\/publicaciones\/wp-content\/uploads\/sites\/35\/2025\/08\/flyer_polemicas-julio25-1-800x445-1-768x427.jpeg 768w, https:\/\/ffyh.unc.edu.ar\/publicaciones\/wp-content\/uploads\/sites\/35\/2025\/08\/flyer_polemicas-julio25-1-800x445-1-600x334.jpeg 600w\" sizes=\"(max-width: 800px) 100vw, 800px\" \/><\/a><\/div><div class=\"obfx-grid-col-content\">\t\t\t\t<div class=\"entry-meta obfx-grid-meta\">\n\n\t\t\t\t\t\t\t\t\t\t\t\t\t<span class=\"obfx-grid-author\">\n\t\t\t\t\t\t\t\t\t<i class=\"fas fa-user\"><\/i>\t\t\t\t\t\t\t\t<\/span>\n\t\t\t\t\t\t\t\t\t\t\t\t\t\t\t\t<span class=\"obfx-grid-date\">\n\t\t\t\t\t\t\t\t\t<i class=\"fas fa-calendar\"><\/i>\t\t\t\t\t\t\t\t<\/span>\n\t\t\t\t\t\t\t\t\n\t\t\t\t<\/div>\n\t\t\t\t<\/div><\/article><\/div><\/div><!-- .obfx-grid-container --><\/div><!-- .obfx-grid -->\t\t\t\t<\/div>\n\t\t\t\t<\/div>\n\t\t\t\t<div class=\"elementor-element elementor-element-a88b225 elementor-invisible elementor-widget elementor-widget-heading\" data-id=\"a88b225\" data-element_type=\"widget\" data-e-type=\"widget\" data-settings=\"{&quot;_animation&quot;:&quot;zoomIn&quot;}\" data-widget_type=\"heading.default\">\n\t\t\t\t<div class=\"elementor-widget-container\">\n\t\t\t\t\t<h2 class=\"elementor-heading-title elementor-size-default\">Nuestras publicaciones<\/h2>\t\t\t\t<\/div>\n\t\t\t\t<\/div>\n\t\t\t\t\t<\/div>\n\t\t<\/div>\n\t\t\t\t\t<\/div>\n\t\t<\/section>\n\t\t\t\t<section class=\"elementor-section elementor-top-section elementor-element elementor-element-fdf5a74 elementor-section-boxed elementor-section-height-default elementor-section-height-default\" data-id=\"fdf5a74\" data-element_type=\"section\" data-e-type=\"section\">\n\t\t\t\t\t\t<div class=\"elementor-container elementor-column-gap-default\">\n\t\t\t\t\t<div class=\"elementor-column elementor-col-25 elementor-top-column elementor-element elementor-element-befab1f\" data-id=\"befab1f\" data-element_type=\"column\" data-e-type=\"column\">\n\t\t\t<div class=\"elementor-widget-wrap elementor-element-populated\">\n\t\t\t\t\t\t<div class=\"elementor-element elementor-element-05bb0c5 elementor-widget elementor-widget-image\" data-id=\"05bb0c5\" data-element_type=\"widget\" data-e-type=\"widget\" data-widget_type=\"image.default\">\n\t\t\t\t<div class=\"elementor-widget-container\">\n\t\t\t\t\t\t\t\t\t\t\t\t\t\t\t\t<a href=\"https:\/\/ffyh.unc.edu.ar\/publicaciones\/categoria-producto\/publicaciones-de-investigacion\/ciffyh\/colecciones-del-ciffyh\/\">\n\t\t\t\t\t\t\t<img loading=\"lazy\" decoding=\"async\" width=\"400\" height=\"400\" src=\"https:\/\/ffyh.unc.edu.ar\/publicaciones\/wp-content\/uploads\/sites\/35\/2021\/09\/publi_ciffyh.jpeg\" class=\"elementor-animation-grow attachment-large size-large wp-image-656\" alt=\"\" srcset=\"https:\/\/ffyh.unc.edu.ar\/publicaciones\/wp-content\/uploads\/sites\/35\/2021\/09\/publi_ciffyh.jpeg 400w, https:\/\/ffyh.unc.edu.ar\/publicaciones\/wp-content\/uploads\/sites\/35\/2021\/09\/publi_ciffyh-300x300.jpeg 300w, https:\/\/ffyh.unc.edu.ar\/publicaciones\/wp-content\/uploads\/sites\/35\/2021\/09\/publi_ciffyh-150x150.jpeg 150w, https:\/\/ffyh.unc.edu.ar\/publicaciones\/wp-content\/uploads\/sites\/35\/2021\/09\/publi_ciffyh-350x350.jpeg 350w, https:\/\/ffyh.unc.edu.ar\/publicaciones\/wp-content\/uploads\/sites\/35\/2021\/09\/publi_ciffyh-100x100.jpeg 100w\" sizes=\"(max-width: 400px) 100vw, 400px\" \/>\t\t\t\t\t\t\t\t<\/a>\n\t\t\t\t\t\t\t\t\t\t\t\t\t\t\t<\/div>\n\t\t\t\t<\/div>\n\t\t\t\t\t<\/div>\n\t\t<\/div>\n\t\t\t\t<div class=\"elementor-column elementor-col-25 elementor-top-column elementor-element elementor-element-40a2d54\" data-id=\"40a2d54\" data-element_type=\"column\" data-e-type=\"column\">\n\t\t\t<div class=\"elementor-widget-wrap elementor-element-populated\">\n\t\t\t\t\t\t<div class=\"elementor-element elementor-element-c61a92e elementor-widget elementor-widget-image\" data-id=\"c61a92e\" data-element_type=\"widget\" data-e-type=\"widget\" data-widget_type=\"image.default\">\n\t\t\t\t<div class=\"elementor-widget-container\">\n\t\t\t\t\t\t\t\t\t\t\t\t\t\t\t\t<a href=\"https:\/\/ffyh.unc.edu.ar\/publicaciones\/2022\/11\/23\/presentacion-del-proyecto-de-digitalizacion-de-la-revista-aula-vallejo-y-de-vocesimagenes\/\">\n\t\t\t\t\t\t\t<img loading=\"lazy\" decoding=\"async\" width=\"1000\" height=\"1000\" src=\"https:\/\/ffyh.unc.edu.ar\/publicaciones\/wp-content\/uploads\/sites\/35\/2022\/11\/portadaaulavallejo.jpg\" class=\"elementor-animation-grow attachment-large size-large wp-image-2491\" alt=\"\" srcset=\"https:\/\/ffyh.unc.edu.ar\/publicaciones\/wp-content\/uploads\/sites\/35\/2022\/11\/portadaaulavallejo.jpg 1000w, https:\/\/ffyh.unc.edu.ar\/publicaciones\/wp-content\/uploads\/sites\/35\/2022\/11\/portadaaulavallejo-300x300.jpg 300w, https:\/\/ffyh.unc.edu.ar\/publicaciones\/wp-content\/uploads\/sites\/35\/2022\/11\/portadaaulavallejo-150x150.jpg 150w, https:\/\/ffyh.unc.edu.ar\/publicaciones\/wp-content\/uploads\/sites\/35\/2022\/11\/portadaaulavallejo-768x768.jpg 768w, https:\/\/ffyh.unc.edu.ar\/publicaciones\/wp-content\/uploads\/sites\/35\/2022\/11\/portadaaulavallejo-350x350.jpg 350w, https:\/\/ffyh.unc.edu.ar\/publicaciones\/wp-content\/uploads\/sites\/35\/2022\/11\/portadaaulavallejo-600x600.jpg 600w, https:\/\/ffyh.unc.edu.ar\/publicaciones\/wp-content\/uploads\/sites\/35\/2022\/11\/portadaaulavallejo-100x100.jpg 100w\" sizes=\"(max-width: 1000px) 100vw, 1000px\" \/>\t\t\t\t\t\t\t\t<\/a>\n\t\t\t\t\t\t\t\t\t\t\t\t\t\t\t<\/div>\n\t\t\t\t<\/div>\n\t\t\t\t\t<\/div>\n\t\t<\/div>\n\t\t\t\t<div class=\"elementor-column elementor-col-25 elementor-top-column elementor-element elementor-element-4eeda5a\" data-id=\"4eeda5a\" data-element_type=\"column\" data-e-type=\"column\">\n\t\t\t<div class=\"elementor-widget-wrap elementor-element-populated\">\n\t\t\t\t\t\t<div class=\"elementor-element elementor-element-490ed2f elementor-widget elementor-widget-image\" data-id=\"490ed2f\" data-element_type=\"widget\" data-e-type=\"widget\" data-widget_type=\"image.default\">\n\t\t\t\t<div class=\"elementor-widget-container\">\n\t\t\t\t\t\t\t\t\t\t\t\t\t\t\t\t<a href=\"https:\/\/museoantropologia.unc.edu.ar\/biblioteca\/publicaciones\/\">\n\t\t\t\t\t\t\t<img loading=\"lazy\" decoding=\"async\" width=\"400\" height=\"400\" src=\"https:\/\/ffyh.unc.edu.ar\/publicaciones\/wp-content\/uploads\/sites\/35\/2021\/09\/publi_museo.jpeg\" class=\"elementor-animation-grow attachment-large size-large wp-image-652\" alt=\"\" srcset=\"https:\/\/ffyh.unc.edu.ar\/publicaciones\/wp-content\/uploads\/sites\/35\/2021\/09\/publi_museo.jpeg 400w, https:\/\/ffyh.unc.edu.ar\/publicaciones\/wp-content\/uploads\/sites\/35\/2021\/09\/publi_museo-300x300.jpeg 300w, https:\/\/ffyh.unc.edu.ar\/publicaciones\/wp-content\/uploads\/sites\/35\/2021\/09\/publi_museo-150x150.jpeg 150w, https:\/\/ffyh.unc.edu.ar\/publicaciones\/wp-content\/uploads\/sites\/35\/2021\/09\/publi_museo-350x350.jpeg 350w, https:\/\/ffyh.unc.edu.ar\/publicaciones\/wp-content\/uploads\/sites\/35\/2021\/09\/publi_museo-100x100.jpeg 100w\" sizes=\"(max-width: 400px) 100vw, 400px\" \/>\t\t\t\t\t\t\t\t<\/a>\n\t\t\t\t\t\t\t\t\t\t\t\t\t\t\t<\/div>\n\t\t\t\t<\/div>\n\t\t\t\t\t<\/div>\n\t\t<\/div>\n\t\t\t\t<div class=\"elementor-column elementor-col-25 elementor-top-column elementor-element elementor-element-efe64c8\" data-id=\"efe64c8\" data-element_type=\"column\" data-e-type=\"column\">\n\t\t\t<div class=\"elementor-widget-wrap elementor-element-populated\">\n\t\t\t\t\t\t<div class=\"elementor-element elementor-element-f3fa886 elementor-widget elementor-widget-image\" data-id=\"f3fa886\" data-element_type=\"widget\" data-e-type=\"widget\" data-widget_type=\"image.default\">\n\t\t\t\t<div class=\"elementor-widget-container\">\n\t\t\t\t\t\t\t\t\t\t\t\t\t\t\t\t<a href=\"https:\/\/ffyh.unc.edu.ar\/secyt\/publicaciones\/\">\n\t\t\t\t\t\t\t<img loading=\"lazy\" decoding=\"async\" width=\"400\" height=\"400\" src=\"https:\/\/ffyh.unc.edu.ar\/publicaciones\/wp-content\/uploads\/sites\/35\/2021\/09\/publi_seicyt.jpeg\" class=\"elementor-animation-grow attachment-large size-large wp-image-650\" alt=\"\" srcset=\"https:\/\/ffyh.unc.edu.ar\/publicaciones\/wp-content\/uploads\/sites\/35\/2021\/09\/publi_seicyt.jpeg 400w, https:\/\/ffyh.unc.edu.ar\/publicaciones\/wp-content\/uploads\/sites\/35\/2021\/09\/publi_seicyt-300x300.jpeg 300w, https:\/\/ffyh.unc.edu.ar\/publicaciones\/wp-content\/uploads\/sites\/35\/2021\/09\/publi_seicyt-150x150.jpeg 150w, https:\/\/ffyh.unc.edu.ar\/publicaciones\/wp-content\/uploads\/sites\/35\/2021\/09\/publi_seicyt-350x350.jpeg 350w, https:\/\/ffyh.unc.edu.ar\/publicaciones\/wp-content\/uploads\/sites\/35\/2021\/09\/publi_seicyt-100x100.jpeg 100w\" sizes=\"(max-width: 400px) 100vw, 400px\" \/>\t\t\t\t\t\t\t\t<\/a>\n\t\t\t\t\t\t\t\t\t\t\t\t\t\t\t<\/div>\n\t\t\t\t<\/div>\n\t\t\t\t\t<\/div>\n\t\t<\/div>\n\t\t\t\t\t<\/div>\n\t\t<\/section>\n\t\t\t\t<section class=\"elementor-section elementor-top-section elementor-element elementor-element-80be6eb elementor-section-boxed elementor-section-height-default elementor-section-height-default\" data-id=\"80be6eb\" data-element_type=\"section\" data-e-type=\"section\">\n\t\t\t\t\t\t<div class=\"elementor-container elementor-column-gap-default\">\n\t\t\t\t\t<div class=\"elementor-column elementor-col-100 elementor-top-column elementor-element elementor-element-1d4584f\" data-id=\"1d4584f\" data-element_type=\"column\" data-e-type=\"column\">\n\t\t\t<div class=\"elementor-widget-wrap\">\n\t\t\t\t\t\t\t<\/div>\n\t\t<\/div>\n\t\t\t\t\t<\/div>\n\t\t<\/section>\n\t\t\t\t<\/div>\n\t\t","protected":false},"excerpt":{"rendered":"<p>Noticias Se edit\u00f3 \u00abCartograf\u00edas de las memorias: lenguajes de la cultura, cuerpos y escrituras\u00bb, un nuevo e-book de las Colecciones<\/p>\n","protected":false},"author":40,"featured_media":0,"parent":0,"menu_order":0,"comment_status":"closed","ping_status":"closed","template":"","meta":{"_acf_changed":false,"colormag_page_container_layout":"no_sidebar_full_width","colormag_page_sidebar_layout":"no_sidebar","footnotes":""},"class_list":["post-162","page","type-page","status-publish","hentry"],"acf":[],"_links":{"self":[{"href":"https:\/\/ffyh.unc.edu.ar\/publicaciones\/wp-json\/wp\/v2\/pages\/162","targetHints":{"allow":["GET"]}}],"collection":[{"href":"https:\/\/ffyh.unc.edu.ar\/publicaciones\/wp-json\/wp\/v2\/pages"}],"about":[{"href":"https:\/\/ffyh.unc.edu.ar\/publicaciones\/wp-json\/wp\/v2\/types\/page"}],"author":[{"embeddable":true,"href":"https:\/\/ffyh.unc.edu.ar\/publicaciones\/wp-json\/wp\/v2\/users\/40"}],"replies":[{"embeddable":true,"href":"https:\/\/ffyh.unc.edu.ar\/publicaciones\/wp-json\/wp\/v2\/comments?post=162"}],"version-history":[{"count":544,"href":"https:\/\/ffyh.unc.edu.ar\/publicaciones\/wp-json\/wp\/v2\/pages\/162\/revisions"}],"predecessor-version":[{"id":5302,"href":"https:\/\/ffyh.unc.edu.ar\/publicaciones\/wp-json\/wp\/v2\/pages\/162\/revisions\/5302"}],"wp:attachment":[{"href":"https:\/\/ffyh.unc.edu.ar\/publicaciones\/wp-json\/wp\/v2\/media?parent=162"}],"curies":[{"name":"wp","href":"https:\/\/api.w.org\/{rel}","templated":true}]}}