{"id":2874,"date":"2023-04-20T19:36:45","date_gmt":"2023-04-20T22:36:45","guid":{"rendered":"https:\/\/ffyh.unc.edu.ar\/publicaciones\/?post_type=product&#038;p=2874"},"modified":"2023-04-20T19:37:24","modified_gmt":"2023-04-20T22:37:24","slug":"mapeo-y-diagnostico-de-los-archivos-publicos-de-cordoba","status":"publish","type":"product","link":"https:\/\/ffyh.unc.edu.ar\/publicaciones\/tienda\/publicaciones-de-investigacion\/ciffyh\/colecciones-del-ciffyh\/mapeo-y-diagnostico-de-los-archivos-publicos-de-cordoba\/","title":{"rendered":"Mapeo y diagn\u00f3stico de los archivos p\u00fablicos de C\u00f3rdoba"},"content":{"rendered":"<p>El libro \u00abMapeo y diagn\u00f3stico de los archivos p\u00fablicos de C\u00f3rdoba\u00bb, coordinado por Norma Fenoglio, recupera los hallazgos y resultados obtenidos por el Proyecto hom\u00f3nimo y forma parte de las Colecciones del CIFFyH.<\/p>\n<p>El libro presenta, en primer t\u00e9rmino, el marco legal, con especificaci\u00f3n de la legislaci\u00f3n nacional, provincial y municipal que rige en los gobiernos de la Provincia y de los municipios y comunas, en especial en materia de producci\u00f3n y gesti\u00f3n documental y de organizaci\u00f3n de los archivos.<\/p>\n<p>A continuaci\u00f3n, recupera el marco te\u00f3rico que sustent\u00f3 la investigaci\u00f3n. En este ac\u00e1pite se detallan las normas de descripci\u00f3n utilizadas y se explican temas puntuales como acceso a la informaci\u00f3n, tercerizaci\u00f3n de los servicios e impacto de las nuevas tecnolog\u00edas.<\/p>\n<p>Seguidamente se presentan los resultados obtenidos: se analizan, cualitativa y cuantitativamente, los cuestionarios-encuestas en dos categor\u00edas: por una parte, los Archivos de los Ministerios de la Provincia y, por la otra, los Municipios y Comunas.<\/p>\n<p>Finalmente el libro aborda la visibilizaci\u00f3n del Archivo en las entidades p\u00fablicas, en las distintas redes sociales. Como cierre, se presentan las conclusiones generales y particulares obtenidas como resultado de la investigaci\u00f3n.<\/p>\n<p>El e-book forma parte de las Colecciones del CIFFyH, una iniciativa del Centro de Investigaciones Mar\u00eda Saleme de Burnichon (FFyH) en vinculaci\u00f3n con el \u00c1rea de Publicaciones de la FFyH que busca fortalecer la producci\u00f3n y difusi\u00f3n del trabajo de los grupos de investigaci\u00f3n del Centro, fomentar la participaci\u00f3n en la producci\u00f3n y circulaci\u00f3n del conocimiento de estudiantes, egresados\/as y docentes, y generar espacios institucionales que habiliten dicha circulaci\u00f3n.<\/p>\n<p>&nbsp;<\/p>\n","protected":false},"excerpt":{"rendered":"<p>El libro \u00abMapeo y diagn\u00f3stico de los archivos p\u00fablicos de C\u00f3rdoba\u00bb, coordinado por Norma Fenoglio, recupera los hallazgos y resultados obtenidos por el proyecto del mismo nombre que se encuentra radicado en el \u00c1rea de Ciencias Sociales del Centro de Investigaciones Mar\u00eda Saleme e Burnichon (FFyH, UNV).<\/p>\n","protected":false},"featured_media":2880,"comment_status":"closed","ping_status":"closed","template":"","meta":{"_acf_changed":false,"colormag_page_container_layout":"default_layout","colormag_page_sidebar_layout":"default_layout"},"product_brand":[],"product_cat":[31],"product_tag":[1136,1749,1750],"autor":[1757,1755,1139,1758,1753,1756,1751,1752,1754,1140],"editor":[],"traductor":[],"compilador":[],"coordinador":[1759],"director":[],"class_list":{"0":"post-2874","1":"product","2":"type-product","3":"status-publish","4":"has-post-thumbnail","6":"product_cat-colecciones-del-ciffyh","7":"product_tag-archivologia","8":"product_tag-archivos-publicos","9":"product_tag-normativas","10":"autor-andrea-rosa-tibaldo","11":"autor-antonella-agustina-oviedo","12":"autor-daniel-lorenzo-di-mari","13":"autor-graciela-adriana-valenzuela","14":"autor-juan-jose-herencia","15":"autor-melisa-belen-oviedo","16":"autor-micaela-di-mari","17":"autor-norma-catalina-fenoglio","18":"autor-rosa-paulina-lopez","19":"autor-ruth-gilda-gomez","20":"coordinador-norma-catalina-fenoglio","22":"first","23":"instock","24":"shipping-taxable","25":"product-type-external"},"acf":[],"_links":{"self":[{"href":"https:\/\/ffyh.unc.edu.ar\/publicaciones\/wp-json\/wp\/v2\/product\/2874","targetHints":{"allow":["GET"]}}],"collection":[{"href":"https:\/\/ffyh.unc.edu.ar\/publicaciones\/wp-json\/wp\/v2\/product"}],"about":[{"href":"https:\/\/ffyh.unc.edu.ar\/publicaciones\/wp-json\/wp\/v2\/types\/product"}],"replies":[{"embeddable":true,"href":"https:\/\/ffyh.unc.edu.ar\/publicaciones\/wp-json\/wp\/v2\/comments?post=2874"}],"wp:featuredmedia":[{"embeddable":true,"href":"https:\/\/ffyh.unc.edu.ar\/publicaciones\/wp-json\/wp\/v2\/media\/2880"}],"wp:attachment":[{"href":"https:\/\/ffyh.unc.edu.ar\/publicaciones\/wp-json\/wp\/v2\/media?parent=2874"}],"wp:term":[{"taxonomy":"product_brand","embeddable":true,"href":"https:\/\/ffyh.unc.edu.ar\/publicaciones\/wp-json\/wp\/v2\/product_brand?post=2874"},{"taxonomy":"product_cat","embeddable":true,"href":"https:\/\/ffyh.unc.edu.ar\/publicaciones\/wp-json\/wp\/v2\/product_cat?post=2874"},{"taxonomy":"product_tag","embeddable":true,"href":"https:\/\/ffyh.unc.edu.ar\/publicaciones\/wp-json\/wp\/v2\/product_tag?post=2874"},{"taxonomy":"autor","embeddable":true,"href":"https:\/\/ffyh.unc.edu.ar\/publicaciones\/wp-json\/wp\/v2\/autor?post=2874"},{"taxonomy":"editor","embeddable":true,"href":"https:\/\/ffyh.unc.edu.ar\/publicaciones\/wp-json\/wp\/v2\/editor?post=2874"},{"taxonomy":"traductor","embeddable":true,"href":"https:\/\/ffyh.unc.edu.ar\/publicaciones\/wp-json\/wp\/v2\/traductor?post=2874"},{"taxonomy":"compilador","embeddable":true,"href":"https:\/\/ffyh.unc.edu.ar\/publicaciones\/wp-json\/wp\/v2\/compilador?post=2874"},{"taxonomy":"coordinador","embeddable":true,"href":"https:\/\/ffyh.unc.edu.ar\/publicaciones\/wp-json\/wp\/v2\/coordinador?post=2874"},{"taxonomy":"director","embeddable":true,"href":"https:\/\/ffyh.unc.edu.ar\/publicaciones\/wp-json\/wp\/v2\/director?post=2874"}],"curies":[{"name":"wp","href":"https:\/\/api.w.org\/{rel}","templated":true}]}}