{"id":4453,"date":"2024-11-19T10:34:19","date_gmt":"2024-11-19T13:34:19","guid":{"rendered":"https:\/\/ffyh.unc.edu.ar\/publicaciones\/?post_type=product&#038;p=4453"},"modified":"2024-11-19T10:34:21","modified_gmt":"2024-11-19T13:34:21","slug":"paisaje-una-cartografia-posible-de-la-ensenanza-de-la-lengua-y-la-literatura-intercambios-alternativas-propuestas","status":"publish","type":"product","link":"https:\/\/ffyh.unc.edu.ar\/publicaciones\/tienda\/publicaciones-de-investigacion\/ciffyh\/colecciones-del-ciffyh\/paisaje-una-cartografia-posible-de-la-ensenanza-de-la-lengua-y-la-literatura-intercambios-alternativas-propuestas\/","title":{"rendered":"Paisaje.Una cartograf\u00eda posible de la ense\u00f1anza de la lengua y la literatura. Intercambios, alternativas, propuestas"},"content":{"rendered":"<p><span style=\"font-weight: 400\">Esta publicaci\u00f3n se sustenta en el archivo como teor\u00eda y gesto: la met\u00e1fora del paisaje hospeda un quehacer colectivo, el de tres equipos de investigaci\u00f3n y estudio de universidades p\u00fablicas del interior del pa\u00eds (Universidad Nacional de C\u00f3rdoba, Universidad Nacional de Villa Mar\u00eda y Universidad Aut\u00f3noma de Entre R\u00edos -Sede Concepci\u00f3n del Uruguay-) que contribuye a cartografiar did\u00e1cticas pensando nuevas posibilidades de leer literatura en las escuelas secundarias. Esta pr\u00e1ctica archiv\u00edstica- siempre inacabada, mutante, perfectible, en tanto gesto- emana de intercambios y saberes sobre la literatura y su ense\u00f1anza que interrogan tanto la lectura como los marcos conceptuales, los aparatos metodol\u00f3gicos como la pr\u00e1ctica que cada unx de lxs integrantes lleva adelante. Por ello, las propuestas de estudio que aqu\u00ed se encuentran atraviesan zonas profundamente problem\u00e1ticas, que siempre han estado inscriptas en las b\u00fasquedas que llamamos literarias. As\u00ed, esta bit\u00e1cora recopila rutas alternativas para encontrarnos en un constante acercamiento a la literatura sin dejar de lado los marcos epistemol\u00f3gicos, did\u00e1cticos y curriculares que enmarcan la tarea de ense\u00f1ar como la artesan\u00eda de lo com\u00fan, para seguir interrog\u00e1ndonos por otras formas que puede asumir lo pedag\u00f3gico con la esmerada convicci\u00f3n de crear en reciprocidad.<\/span><\/p>\n","protected":false},"excerpt":{"rendered":"<p><span style=\"font-weight: 400\">Esta publicaci\u00f3n se sustenta en el archivo como teor\u00eda y gesto: la met\u00e1fora del paisaje hospeda un quehacer colectivo, el de tres equipos de investigaci\u00f3n y estudio de universidades p\u00fablicas del interior del pa\u00eds (Universidad Nacional de C\u00f3rdoba, Universidad Nacional de Villa Mar\u00eda y Universidad Aut\u00f3noma de Entre R\u00edos -Sede Concepci\u00f3n del Uruguay-) que contribuye a cartografiar did\u00e1cticas pensando nuevas posibilidades de leer literatura en las escuelas secundarias. <\/span><\/p>\n","protected":false},"featured_media":4452,"comment_status":"closed","ping_status":"closed","template":"","meta":{"_acf_changed":false,"colormag_page_container_layout":"default_layout","colormag_page_sidebar_layout":"default_layout"},"product_brand":[],"product_cat":[31],"product_tag":[2442,2441,1081,1181,2443],"autor":[472,2451,2452,2455,2454,2450,2453,2444,2448,477,2449,479,2447,2446,2445],"editor":[],"traductor":[],"compilador":[2456,2457],"coordinador":[],"director":[],"class_list":{"0":"post-4453","1":"product","2":"type-product","3":"status-publish","4":"has-post-thumbnail","6":"product_cat-colecciones-del-ciffyh","7":"product_tag-archivos","8":"product_tag-cartografias","9":"product_tag-ensenanza","10":"product_tag-literatura","11":"product_tag-propuestas-didacticas","12":"autor-agustina-giuggia","13":"autor-camila-belen-gonzalez","14":"autor-clara-degregori","15":"autor-graciela-csaky","16":"autor-jesica-mariotta","17":"autor-jordan-gabriel-cariaga","18":"autor-justina-guelache","19":"autor-luciana-sastre","20":"autor-maria-fernanda-spada","21":"autor-maria-jose-sabo","22":"autor-maria-lucrecia-caire","23":"autor-melania-ayelen-estevez-ballestero","24":"autor-natalia-andruskiewitsch","25":"autor-rafaela-scardino","26":"autor-soledad-galvan","27":"compilador-luciana-irene-sastre","28":"compilador-maria-soledad-galvan","30":"first","31":"instock","32":"shipping-taxable","33":"product-type-external"},"acf":[],"_links":{"self":[{"href":"https:\/\/ffyh.unc.edu.ar\/publicaciones\/wp-json\/wp\/v2\/product\/4453","targetHints":{"allow":["GET"]}}],"collection":[{"href":"https:\/\/ffyh.unc.edu.ar\/publicaciones\/wp-json\/wp\/v2\/product"}],"about":[{"href":"https:\/\/ffyh.unc.edu.ar\/publicaciones\/wp-json\/wp\/v2\/types\/product"}],"replies":[{"embeddable":true,"href":"https:\/\/ffyh.unc.edu.ar\/publicaciones\/wp-json\/wp\/v2\/comments?post=4453"}],"wp:featuredmedia":[{"embeddable":true,"href":"https:\/\/ffyh.unc.edu.ar\/publicaciones\/wp-json\/wp\/v2\/media\/4452"}],"wp:attachment":[{"href":"https:\/\/ffyh.unc.edu.ar\/publicaciones\/wp-json\/wp\/v2\/media?parent=4453"}],"wp:term":[{"taxonomy":"product_brand","embeddable":true,"href":"https:\/\/ffyh.unc.edu.ar\/publicaciones\/wp-json\/wp\/v2\/product_brand?post=4453"},{"taxonomy":"product_cat","embeddable":true,"href":"https:\/\/ffyh.unc.edu.ar\/publicaciones\/wp-json\/wp\/v2\/product_cat?post=4453"},{"taxonomy":"product_tag","embeddable":true,"href":"https:\/\/ffyh.unc.edu.ar\/publicaciones\/wp-json\/wp\/v2\/product_tag?post=4453"},{"taxonomy":"autor","embeddable":true,"href":"https:\/\/ffyh.unc.edu.ar\/publicaciones\/wp-json\/wp\/v2\/autor?post=4453"},{"taxonomy":"editor","embeddable":true,"href":"https:\/\/ffyh.unc.edu.ar\/publicaciones\/wp-json\/wp\/v2\/editor?post=4453"},{"taxonomy":"traductor","embeddable":true,"href":"https:\/\/ffyh.unc.edu.ar\/publicaciones\/wp-json\/wp\/v2\/traductor?post=4453"},{"taxonomy":"compilador","embeddable":true,"href":"https:\/\/ffyh.unc.edu.ar\/publicaciones\/wp-json\/wp\/v2\/compilador?post=4453"},{"taxonomy":"coordinador","embeddable":true,"href":"https:\/\/ffyh.unc.edu.ar\/publicaciones\/wp-json\/wp\/v2\/coordinador?post=4453"},{"taxonomy":"director","embeddable":true,"href":"https:\/\/ffyh.unc.edu.ar\/publicaciones\/wp-json\/wp\/v2\/director?post=4453"}],"curies":[{"name":"wp","href":"https:\/\/api.w.org\/{rel}","templated":true}]}}