{"id":5650,"date":"2026-09-03T11:00:59","date_gmt":"2026-09-03T14:00:59","guid":{"rendered":"https:\/\/ffyh.unc.edu.ar\/publicaciones\/?post_type=product&#038;p=5650"},"modified":"2026-09-03T11:01:57","modified_gmt":"2026-09-03T14:01:57","slug":"educadorxs-intelectuales-politicxs-y-reformadorxs-en-tiempos-de-cambio","status":"publish","type":"product","link":"https:\/\/ffyh.unc.edu.ar\/publicaciones\/tienda\/publicaciones-de-investigacion\/ciffyh\/colecciones-del-ciffyh\/educadorxs-intelectuales-politicxs-y-reformadorxs-en-tiempos-de-cambio\/","title":{"rendered":"Educadorxs, intelectuales, pol\u00edticxs y reformadorxs en tiempos de cambio"},"content":{"rendered":"<p><span style=\"font-weight: 400\">Este libro re\u00fane trabajos que emergen de investigaciones que abordan la construcci\u00f3n del campo educativo argentino desde mediados del siglo XIX hasta las primeras d\u00e9cadas del XX, con foco en las provincias de C\u00f3rdoba y Santa Fe. A trav\u00e9s de perspectivas que incluyen la historia pol\u00edtica, intelectual, cultural y de g\u00e9nero, los trabajos exploran las tensiones entre laicismo y catolicismo, la agenda educativa de las \u00e9lites pol\u00edticas e intelectuales, y la participaci\u00f3n \u2014visible y silenciada\u2014 de distintos actores en la conformaci\u00f3n del sistema educativo. Un cap\u00edtulo de cierre propone una reflexi\u00f3n metodol\u00f3gica sobre el estudio de las \u00e9lites pol\u00edticas locales y el acceso a fuentes en repositorios institucionales. El volumen es producto del encuentro entre equipos de investigaci\u00f3n de la Universidad Nacional de C\u00f3rdoba, la Universidad Nacional del Litoral y la Universidad Nacional del Nordeste, y apuesta por las jornadas acad\u00e9micas como espacio de construcci\u00f3n de redes y de conocimiento compartido.<\/span><\/p>\n","protected":false},"excerpt":{"rendered":"<p><span style=\"font-weight: 400\">Este libro re\u00fane trabajos que emergen de investigaciones que abordan la construcci\u00f3n del campo educativo argentino desde mediados del siglo XIX hasta las primeras d\u00e9cadas del XX, con foco en las provincias de C\u00f3rdoba y Santa Fe. A trav\u00e9s de perspectivas que incluyen la historia pol\u00edtica, intelectual, cultural y de g\u00e9nero, los trabajos exploran las tensiones entre laicismo y catolicismo, la agenda educativa de las \u00e9lites pol\u00edticas e intelectuales, y la participaci\u00f3n \u2014visible y silenciada\u2014 de distintos actores en la conformaci\u00f3n del sistema educativo. Un cap\u00edtulo de cierre propone una reflexi\u00f3n metodol\u00f3gica sobre el estudio de las \u00e9lites pol\u00edticas locales y el acceso a fuentes en repositorios institucionales. El volumen es producto del encuentro entre equipos de investigaci\u00f3n de la Universidad Nacional de C\u00f3rdoba, la Universidad Nacional del Litoral y la Universidad Nacional del Nordeste, y apuesta por las jornadas acad\u00e9micas como espacio de construcci\u00f3n de redes y de conocimiento compartido.<\/span><\/p>\n","protected":false},"featured_media":5652,"comment_status":"closed","ping_status":"closed","template":"","meta":{"_acf_changed":false,"colormag_page_container_layout":"default_layout","colormag_page_sidebar_layout":"default_layout"},"product_brand":[],"product_cat":[31],"product_tag":[1096,3171,3170],"autor":[3176,3173,2559,3177,2059,3172,775,3174,2558,532,3175,529],"editor":[2140,3169,3168],"traductor":[],"compilador":[],"coordinador":[],"director":[],"class_list":{"0":"post-5650","1":"product","2":"type-product","3":"status-publish","4":"has-post-thumbnail","6":"product_cat-colecciones-del-ciffyh","7":"product_tag-cordoba","8":"product_tag-educadores","9":"product_tag-intelectuales","10":"autor-angel-oscar-albes","11":"autor-bernardo-carrizo","12":"autor-carina-bologna","13":"autor-dolly-evelyn-rolon-mercado","14":"autor-gabriela-lamelas","15":"autor-ignacio-barbeito","16":"autor-javier-e-moyano","17":"autor-juan-cruz-gimenez","18":"autor-marcela-maria-cena","19":"autor-pablo-requena","20":"autor-sergio-david-valenzuela","21":"autor-silvia-servetto","22":"editor-gabriela-lamelas","23":"editor-javier-moyano","24":"editor-pablo-requena","26":"first","27":"instock","28":"shipping-taxable","29":"product-type-external"},"acf":[],"_links":{"self":[{"href":"https:\/\/ffyh.unc.edu.ar\/publicaciones\/wp-json\/wp\/v2\/product\/5650","targetHints":{"allow":["GET"]}}],"collection":[{"href":"https:\/\/ffyh.unc.edu.ar\/publicaciones\/wp-json\/wp\/v2\/product"}],"about":[{"href":"https:\/\/ffyh.unc.edu.ar\/publicaciones\/wp-json\/wp\/v2\/types\/product"}],"replies":[{"embeddable":true,"href":"https:\/\/ffyh.unc.edu.ar\/publicaciones\/wp-json\/wp\/v2\/comments?post=5650"}],"wp:featuredmedia":[{"embeddable":true,"href":"https:\/\/ffyh.unc.edu.ar\/publicaciones\/wp-json\/wp\/v2\/media\/5652"}],"wp:attachment":[{"href":"https:\/\/ffyh.unc.edu.ar\/publicaciones\/wp-json\/wp\/v2\/media?parent=5650"}],"wp:term":[{"taxonomy":"product_brand","embeddable":true,"href":"https:\/\/ffyh.unc.edu.ar\/publicaciones\/wp-json\/wp\/v2\/product_brand?post=5650"},{"taxonomy":"product_cat","embeddable":true,"href":"https:\/\/ffyh.unc.edu.ar\/publicaciones\/wp-json\/wp\/v2\/product_cat?post=5650"},{"taxonomy":"product_tag","embeddable":true,"href":"https:\/\/ffyh.unc.edu.ar\/publicaciones\/wp-json\/wp\/v2\/product_tag?post=5650"},{"taxonomy":"autor","embeddable":true,"href":"https:\/\/ffyh.unc.edu.ar\/publicaciones\/wp-json\/wp\/v2\/autor?post=5650"},{"taxonomy":"editor","embeddable":true,"href":"https:\/\/ffyh.unc.edu.ar\/publicaciones\/wp-json\/wp\/v2\/editor?post=5650"},{"taxonomy":"traductor","embeddable":true,"href":"https:\/\/ffyh.unc.edu.ar\/publicaciones\/wp-json\/wp\/v2\/traductor?post=5650"},{"taxonomy":"compilador","embeddable":true,"href":"https:\/\/ffyh.unc.edu.ar\/publicaciones\/wp-json\/wp\/v2\/compilador?post=5650"},{"taxonomy":"coordinador","embeddable":true,"href":"https:\/\/ffyh.unc.edu.ar\/publicaciones\/wp-json\/wp\/v2\/coordinador?post=5650"},{"taxonomy":"director","embeddable":true,"href":"https:\/\/ffyh.unc.edu.ar\/publicaciones\/wp-json\/wp\/v2\/director?post=5650"}],"curies":[{"name":"wp","href":"https:\/\/api.w.org\/{rel}","templated":true}]}}