{"id":1166,"date":"2022-10-14T16:01:19","date_gmt":"2022-10-14T16:01:19","guid":{"rendered":"https:\/\/ffyh.unc.edu.ar\/sae\/?page_id=1166"},"modified":"2026-03-18T15:56:26","modified_gmt":"2026-03-18T15:56:26","slug":"boleto-educativo-gratuito-2","status":"publish","type":"page","link":"https:\/\/ffyh.unc.edu.ar\/sae\/boleto-educativo-gratuito-2\/","title":{"rendered":"Boleto Educativo Cordob\u00e9s"},"content":{"rendered":"<header class=\"entry-header\">\n<header class=\"entry-header\">\n<div class=\"elementor-element elementor-element-4e9853d elementor-widget elementor-widget-heading\" data-id=\"4e9853d\" data-element_type=\"widget\" data-widget_type=\"heading.default\">\n<div class=\"elementor-widget-container\">\n<p class=\"elementor-heading-title elementor-size-default\"><strong><span class=\"OYPEnA text-decoration-none text-strikethrough-none\">Desde el 09\/03 est\u00e1 habilitado el tr\u00e1mite para nuestra facultad en el formulario CiDi<\/span><\/strong><\/p>\n<p class=\"elementor-heading-title elementor-size-default\">\u00a0El beneficio contempla a todos les estudiantes regulares de las universidades p\u00fablicas radicadas en la provincia.<\/p>\n<\/div>\n<\/div>\n<p><strong>\u00bfC\u00d3MO ME INSCRIBO?<\/strong><\/p>\n<p><strong><span class=\"OYPEnA text-decoration-none text-strikethrough-none\">Primer parte: sistema guaran\u00ed<\/span><\/strong><\/p>\n<\/header>\n<div class=\"entry-content clearfix\">\n<header class=\"entry-header\">\n<ol>\n<li><span class=\"OYPEnA font-feature-liga-off font-feature-clig-off font-feature-calt-off text-decoration-none text-strikethrough-none\">Inscribite a las materias y verific\u00e1 que est\u00e9 actualizada tu agenda de clases en guaran\u00ed.<\/span><\/li>\n<li><span class=\"OYPEnA font-feature-liga-off font-feature-clig-off font-feature-calt-off text-decoration-none text-strikethrough-none\">En la pesta\u00f1a \u201cTr\u00e1mites\u201d \u2013 opci\u00f3n BEC autoriz\u00e1 a la Secretar\u00eda de Transporte a acceder a tus datos verificando tu CUIL y poniendo la opci\u00f3n Guardar.<\/span><\/li>\n<\/ol>\n<p><strong>Segunda parte: Ciudadano Digital (CiDi):<\/strong><\/p>\n<ol>\n<li><span class=\"OYPEnA font-feature-liga-off font-feature-clig-off font-feature-calt-off text-decoration-none text-strikethrough-none\">Debes tener una cuenta CiDi Nivel 2. Averigu\u00e1 como acceder a este nivel\u00a0<a href=\"https:\/\/cidi.cba.gov.ar\/portal-publico\/acceso\">haciendo click aqu\u00ed.<\/a><\/span><\/li>\n<li><span class=\"OYPEnA font-feature-liga-off font-feature-clig-off font-feature-calt-off text-decoration-none text-strikethrough-none\">Busc\u00e1 el \u201cFUP- Formulario \u00danico de Postulantes\u201d.<\/span><\/li>\n<li><span class=\"OYPEnA font-feature-liga-off font-feature-clig-off font-feature-calt-off text-decoration-none text-strikethrough-none\">En la opci\u00f3n BEC, seleccion\u00e1 \u201cPostulaci\u00f3n\u201d.<\/span><\/li>\n<li><span class=\"OYPEnA font-feature-liga-off font-feature-clig-off font-feature-calt-off text-decoration-none text-strikethrough-none\">Complet\u00e1 la solicitud como te va indicando el sistema, hasta indicar \u00abFinalizar\u00bb y \u00abConfirmaci\u00f3n de postulaci\u00f3n\u00bb.<\/span><\/li>\n<\/ol>\n<p><strong>Esper\u00e1 el mail de confirmaci\u00f3n con los pasos a seguir para la habilitaci\u00f3n del servicio.<\/strong><\/p>\n<p><strong>Si no completan el paso de Guaran\u00ed, figurar\u00e1n como estudiantes inactives\/ no matriculades al momento de llenar el formulario de CiDi y les rechazar\u00e1n el BEC.<\/strong><\/p>\n<hr \/>\n<h4><strong>Si tenes inconvenientes en guaran\u00ed, verific\u00e1:<\/strong><\/h4>\n<ul>\n<li>Que arriba a la derecha est\u00e9 bien puesta la carrera que estas cursando (y no est\u00e9 por ejemplo otra en la que te hayas anotado alguna vez);<\/li>\n<li>Haber hecho la reinscripci\u00f3n anual obligatoria a esa carrera;<\/li>\n<li>Haber hecho la inscripci\u00f3n a las materias de este cuatrimestre en tiempo y forma (antes del 16 de marzo);<\/li>\n<li>Cheque\u00e1 en \u00abAgenda de clases\u00bb que est\u00e9n cargados los horarios de tus materias;<strong>*<\/strong><\/li>\n<li>Dirigirse a tr\u00e1mites \u2013&gt; Boleto Educativo, tickear la autorizaci\u00f3n para acceso a los datos y chequear que el CUIL est\u00e9 cargado exitosamente. Poner guardar.<\/li>\n<\/ul>\n<p>*Si no te figura la agenda de clases, envi\u00e1 un mail a\u00a0<strong>Secretar\u00eda Acad\u00e9mica\u00a0<\/strong><em><strong>saca@ffyh.unc.edu.ar<\/strong>\u00a0,<\/em>\u00a0indicando:<\/p>\n<ul>\n<li>Nombre completo.<\/li>\n<li>DNI.<\/li>\n<li>Carrera.<\/li>\n<li>Materias a las que est\u00e1s inscripte. Descripci\u00f3n de materias que no te figuran en la agenda.<\/li>\n<\/ul>\n<p>Si tenes la agenda cargada, hiciste todos los pasos pero te responden indicando que tenes \u00abmatricula inactiva\u00bb, envi\u00e1 un correo a la <strong>Secretar\u00eda de Asuntos Estudiantiles\u00a0<em>saefilo@ffyh.unc.edu.ar,<\/em><\/strong>\u00a0indicando:<\/p>\n<ul>\n<li><span class=\"OYPEnA font-feature-liga-off font-feature-clig-off font-feature-calt-off text-decoration-none text-strikethrough-none\">Nombre completo<\/span><\/li>\n<li><span class=\"OYPEnA font-feature-liga-off font-feature-clig-off font-feature-calt-off text-decoration-none text-strikethrough-none\">DNI<\/span><\/li>\n<li><span class=\"OYPEnA font-feature-liga-off font-feature-clig-off font-feature-calt-off text-decoration-none text-strikethrough-none\">Carrera<\/span><\/li>\n<li><span class=\"OYPEnA font-feature-liga-off font-feature-clig-off font-feature-calt-off text-decoration-none text-strikethrough-none\">Descripci\u00f3n del problema<\/span><\/li>\n<li><span class=\"OYPEnA font-feature-liga-off font-feature-clig-off font-feature-calt-off text-decoration-none text-strikethrough-none\">Captura de pantalla del mail que les env\u00eden<\/span><\/li>\n<\/ul>\n<p><strong>ENVIAR SOLO UN CORREO.<\/strong><\/p>\n<hr \/>\n<p>Recordamos que el Boleto Educativo depende totalmente de la Provincia, por lo cual por cualquier duda o inconveniente deber\u00e1n dirigirse a su dependencia o comunicarse\u00a0<span class=\"OYPEnA text-decoration-none text-strikethrough-none\">con la secretar\u00eda de transporte:<\/span><\/p>\n<ul>\n<li><span class=\"OYPEnA text-decoration-none text-strikethrough-none\">Blvd. Pte. Gral. Juan Domingo Peron 12<\/span><\/li>\n<li>\n<p class=\"cvGsUA direction-ltr align-center para-style-body\"><span class=\"OYPEnA text-decoration-none text-strikethrough-none\">Tel\u00e9fono 0800-888-1234 de 8 a 20 horas<\/span><\/p>\n<\/li>\n<li>\n<p class=\"cvGsUA direction-ltr align-center para-style-body\"><span class=\"OYPEnA text-decoration-none text-strikethrough-none\">WhatsApp<\/span>\u00a0<span class=\"OYPEnA text-decoration-none text-strikethrough-none\">351-201-0651<\/span><span class=\"OYPEnA text-decoration-none text-strikethrough-none\">\u00a0de 8 a 18 h<\/span><\/p>\n<\/li>\n<li>\n<p class=\"cvGsUA direction-ltr align-center para-style-body\"><span class=\"OYPEnA text-decoration-none text-strikethrough-none\">A trav\u00e9s del webchat de Atenci\u00f3n al Ciudadano\u00a0<\/span><a href=\"https:\/\/www.cba.gov.ar\/boleto-cordobes\/\">MAS INFORMACI\u00d3N AC\u00c1<\/a><\/p>\n<\/li>\n<\/ul>\n<\/header>\n<\/div>\n<\/header>\n","protected":false},"excerpt":{"rendered":"<p>Desde el 09\/03 est\u00e1 habilitado el tr\u00e1mite para nuestra facultad en el formulario CiDi \u00a0El beneficio contempla a todos les<\/p>\n","protected":false},"author":27,"featured_media":0,"parent":0,"menu_order":0,"comment_status":"closed","ping_status":"closed","template":"","meta":{"_acf_changed":false,"colormag_page_container_layout":"default_layout","colormag_page_sidebar_layout":"default_layout","_monsterinsights_skip_tracking":false,"_monsterinsights_sitenote_active":false,"_monsterinsights_sitenote_note":"","_monsterinsights_sitenote_category":0,"footnotes":""},"class_list":["post-1166","page","type-page","status-publish","hentry"],"acf":[],"_links":{"self":[{"href":"https:\/\/ffyh.unc.edu.ar\/sae\/wp-json\/wp\/v2\/pages\/1166","targetHints":{"allow":["GET"]}}],"collection":[{"href":"https:\/\/ffyh.unc.edu.ar\/sae\/wp-json\/wp\/v2\/pages"}],"about":[{"href":"https:\/\/ffyh.unc.edu.ar\/sae\/wp-json\/wp\/v2\/types\/page"}],"author":[{"embeddable":true,"href":"https:\/\/ffyh.unc.edu.ar\/sae\/wp-json\/wp\/v2\/users\/27"}],"replies":[{"embeddable":true,"href":"https:\/\/ffyh.unc.edu.ar\/sae\/wp-json\/wp\/v2\/comments?post=1166"}],"version-history":[{"count":19,"href":"https:\/\/ffyh.unc.edu.ar\/sae\/wp-json\/wp\/v2\/pages\/1166\/revisions"}],"predecessor-version":[{"id":2438,"href":"https:\/\/ffyh.unc.edu.ar\/sae\/wp-json\/wp\/v2\/pages\/1166\/revisions\/2438"}],"wp:attachment":[{"href":"https:\/\/ffyh.unc.edu.ar\/sae\/wp-json\/wp\/v2\/media?parent=1166"}],"curies":[{"name":"wp","href":"https:\/\/api.w.org\/{rel}","templated":true}]}}