{"id":1501,"date":"2009-05-11T19:09:46","date_gmt":"2009-05-11T19:09:46","guid":{"rendered":"http:\/\/ffyh.unc.edu.ar\/secyt\/institucional\/"},"modified":"2026-03-08T13:27:43","modified_gmt":"2026-03-08T13:27:43","slug":"institucional","status":"publish","type":"page","link":"https:\/\/ffyh.unc.edu.ar\/secyt\/institucional\/","title":{"rendered":"INSTITUCIONAL"},"content":{"rendered":"<h2><span style=\"color: #2f4bbd\"><strong><span style=\"font-size: 14pt\">Autoridades<\/span><\/strong><\/span><\/h2>\n<p><span style=\"font-size: 12pt\"><strong>Dra. Gabriela Roxa<\/strong><\/span><strong>na Cattaneo<\/strong><br \/>\nSecretaria de Investiga<span style=\"font-size: 12pt\">ci\u00f3n, Ciencia y T\u00e9cnica<\/span><\/p>\n<p><strong><span style=\"font-size: 14pt\"><span style=\"font-size: 12pt\">Dr. Andr\u00e9s Alejandro Ilcic<\/span> <\/span><\/strong><br \/>\n<span style=\"font-size: 12pt\">Subsecretario de<\/span> Investigaci\u00f3n,<span style=\"font-size: 12pt\"> Ciencia y T\u00e9cnica<\/span><\/p>\n<p>&nbsp;<\/p>\n<hr \/>\n<h2><span style=\"font-size: 12pt;color: #2f4bbd\"><span style=\"font-size: 14pt\"><strong>Funciones<\/strong><\/span><\/span><\/h2>\n<p><span style=\"font-size: 12pt\">La Secretar\u00eda de Investigaci\u00f3n, Ciencia y T\u00e9cnica (SeICyT) de la Facultad de Filosof\u00eda y Humanidades de la Universidad Nacional de C\u00f3rdoba, Argentina, tiene como misi\u00f3n promover y apoyar la investigaci\u00f3n en los campos disciplinarios que se desarrollan en esta Facultad.<\/span><\/p>\n<p><span style=\"font-size: 12pt\">La SeICyT se dedica a estimular, gestionar y apoyar las actividades de investigaci\u00f3n de docentes, estudiantes y egresados de la Facultad. Representa a la Facultad en el Consejo Asesor de Ciencia y Tecnolog\u00eda de la UNC y coordina pol\u00edticas de investigaci\u00f3n, ciencia y tecnolog\u00eda a nivel institucional.<\/span><\/p>\n<h6 style=\"text-align: left;padding-left: 40px\"><a href=\"https:\/\/ffyh.unc.edu.ar\/secyt\/wp-content\/uploads\/sites\/22\/2024\/07\/Organigrama-funcional-SeICyT.pdf\"><span style=\"font-size: 12pt\"><img loading=\"lazy\" decoding=\"async\" class=\"wp-image-4514 alignleft\" src=\"http:\/\/ffyh.unc.edu.ar\/secyt\/wp-content\/uploads\/sites\/22\/2024\/08\/WIDGETS-WEB-SEICYT-3-150x150.png\" alt=\"\" width=\"64\" height=\"64\" srcset=\"https:\/\/ffyh.unc.edu.ar\/secyt\/wp-content\/uploads\/sites\/22\/2024\/08\/WIDGETS-WEB-SEICYT-3-150x150.png 150w, https:\/\/ffyh.unc.edu.ar\/secyt\/wp-content\/uploads\/sites\/22\/2024\/08\/WIDGETS-WEB-SEICYT-3-300x296.png 300w, https:\/\/ffyh.unc.edu.ar\/secyt\/wp-content\/uploads\/sites\/22\/2024\/08\/WIDGETS-WEB-SEICYT-3.png 578w\" sizes=\"auto, (max-width: 64px) 100vw, 64px\" \/><br \/>\n<\/span><\/a><a href=\"https:\/\/ffyh.unc.edu.ar\/secyt\/wp-content\/uploads\/sites\/22\/2024\/07\/Organigrama-funcional-SeICyT.pdf\"><b>VER EL ORGANIGRAMA FUNCIONAL\u00a0<\/b><\/a><\/h6>\n<p>Objetivos de la SeICyT<\/p>\n<ul>\n<li><span style=\"font-size: 12pt\"><strong>Gesti\u00f3n de Becas y Subsidios:<\/strong> Administra y facilita el acceso a becas y subsidios destinados a la investigaci\u00f3n.<\/span><\/li>\n<li><span style=\"font-size: 12pt\"><strong>Gesti\u00f3n del \u00a0Programa y Estancias Posdoctorales en Ciencias Humanas y Sociales de la FFyH<\/strong>: Conjuntamente con la Secretar\u00eda de Posgrado y en articulaci\u00f3n con la Prosecretar\u00eda de Relaciones Internacionales e Interinstitucionales.<\/span><\/li>\n<li><span style=\"font-size: 12pt\"><strong>Apoyos Econ\u00f3micos:<\/strong> Gestiona la obtenci\u00f3n de fondos para investigaciones, eventos cient\u00edficos y publicaciones.<\/span><\/li>\n<li><strong>Producci\u00f3n de datos estad\u00edsticos e informes<\/strong> relativos a la investigaci\u00f3n en el \u00e1mbito de la FFyH.<\/li>\n<li><span style=\"font-size: 12pt\"><strong>Organizaci\u00f3n de eventos y Publicaci\u00f3n de Resultados de investigaci\u00f3n:<\/strong>\u00a0en articulaci\u00f3n con los Centros de investigaci\u00f3n de la FFyH y la Secretar\u00eda de Posgrado..<\/span><\/li>\n<li><span style=\"font-size: 12pt\"><strong>Difusi\u00f3n de Informaci\u00f3n:<\/strong> Informa a la comunidad acad\u00e9mica sobre eventos, becas, cursos y presentaciones de libros.<\/span><\/li>\n<li><span style=\"font-size: 12pt\"><span style=\"font-size: 12pt\"><strong>Programa Nacional de Incentivos:<\/strong> Ofrece asesoramiento y gestiona la participaci\u00f3n en este programa.<\/span><\/span><\/li>\n<\/ul>\n<hr \/>\n<h2><span style=\"color: #2f4bbd\"><strong><span style=\"font-size: 14pt\">Consejo Asesor de Ciencia y T\u00e9cnica<\/span><\/strong><\/span><\/h2>\n<p><span style=\"font-size: 12pt\">Desde 2018, la Facultad cuenta con un Consejo Asesor propio, conformado por directores de centros e institutos de investigaci\u00f3n y unidades ejecutoras de doble dependencia (Res. HCD 54\/18). El Consejo, coordinado por la SeICyT, se enfoca en:<\/span><\/p>\n<ul>\n<li><span style=\"font-size: 12pt\">Coordinar pol\u00edticas de investigaci\u00f3n a nivel institucional.<\/span><\/li>\n<li><span style=\"font-size: 12pt\">Generar acuerdos en puntos clave de la agenda de la Secretar\u00eda.<\/span><\/li>\n<li><span style=\"font-size: 12pt\">Comunicar novedades y convocatorias de la SeCyT UNC y otros organismos de promoci\u00f3n cient\u00edfica.<\/span><\/li>\n<\/ul>\n<p><span style=\"font-size: 12pt\">Integrantes:<\/span><br \/>\n<span style=\"font-size: 12pt\">Lic. Isabel Castro Ola\u00f1eta, Directora del Centro de Investigaciones Mar\u00eda Saleme de Burnichon (CIFFyH)<\/span><br \/>\n<span style=\"font-size: 12pt\">Mgtr. Celina Hafford, Directora del Museo de Antropolog\u00edas (MDA)<\/span><br \/>\n<span style=\"font-size: 12pt\">Dra. Ariela Batt\u00e1n Horenstein, Directora del Instituto de Humanidades (IDH)<\/span><br \/>\n<span style=\"font-size: 12pt\">Dr. Andr\u00e9s Izeta, Director del Instituto de Antropolog\u00eda de C\u00f3rdoba (IDACOR)<\/span><\/p>\n<hr \/>\n<h2><span style=\"color: #2f4bbd\"><strong><span style=\"font-size: 14pt\">Equipo de Trabajo de la SeICyT<\/span><\/strong><\/span><\/h2>\n<ul>\n<li><span style=\"font-size: 12pt\">Asistencia T\u00e9cnica: <\/span>\n<ul>\n<li><span style=\"font-size: 12pt\">Prof. Lucas Brochero<\/span><\/li>\n<li>Dra. Sof\u00eda Mondaca<\/li>\n<\/ul>\n<\/li>\n<li>\u00c1rea de Internacionalizaci\u00f3n de la Ciencia\n<ul>\n<li>Dra. Ayel\u00e9n Branca<\/li>\n<\/ul>\n<\/li>\n<\/ul>\n<p><span style=\"color: #2f4bbd\"><strong><span style=\"font-size: 12pt\">Contacto<\/span><\/strong><\/span><\/p>\n<ul>\n<li><span style=\"font-size: 12pt\">Domicilio Postal: Pabell\u00f3n Residencial, planta baja, Ciudad Universitaria, C\u00f3rdoba (CP: 5016)<\/span><\/li>\n<li><span style=\"font-size: 12pt\">Tel\u00e9fono IP: 0351-5353610 (int. 50045)<\/span><\/li>\n<li><span style=\"font-size: 12pt\">Horarios de atenci\u00f3n: Lunes a viernes de 10:30 a 16:30 h.<\/span><\/li>\n<li><span style=\"font-size: 12pt\">Correo electr\u00f3nico: <a rel=\"noopener\">secyt@ffyh.unc.edu.ar<\/a><\/span><\/li>\n<\/ul>\n<p>&nbsp;<\/p>\n","protected":false},"excerpt":{"rendered":"<p>Autoridades Dra. Gabriela Roxana Cattaneo Secretaria de Investigaci\u00f3n, Ciencia y T\u00e9cnica Dr. Andr\u00e9s Alejandro Ilcic Subsecretario de Investigaci\u00f3n, Ciencia y<\/p>\n","protected":false},"author":1,"featured_media":0,"parent":0,"menu_order":0,"comment_status":"closed","ping_status":"closed","template":"","meta":{"_acf_changed":false,"colormag_page_container_layout":"default_layout","colormag_page_sidebar_layout":"default_layout","footnotes":""},"class_list":["post-1501","page","type-page","status-publish","hentry"],"acf":[],"_links":{"self":[{"href":"https:\/\/ffyh.unc.edu.ar\/secyt\/wp-json\/wp\/v2\/pages\/1501","targetHints":{"allow":["GET"]}}],"collection":[{"href":"https:\/\/ffyh.unc.edu.ar\/secyt\/wp-json\/wp\/v2\/pages"}],"about":[{"href":"https:\/\/ffyh.unc.edu.ar\/secyt\/wp-json\/wp\/v2\/types\/page"}],"author":[{"embeddable":true,"href":"https:\/\/ffyh.unc.edu.ar\/secyt\/wp-json\/wp\/v2\/users\/1"}],"replies":[{"embeddable":true,"href":"https:\/\/ffyh.unc.edu.ar\/secyt\/wp-json\/wp\/v2\/comments?post=1501"}],"version-history":[{"count":61,"href":"https:\/\/ffyh.unc.edu.ar\/secyt\/wp-json\/wp\/v2\/pages\/1501\/revisions"}],"predecessor-version":[{"id":5602,"href":"https:\/\/ffyh.unc.edu.ar\/secyt\/wp-json\/wp\/v2\/pages\/1501\/revisions\/5602"}],"wp:attachment":[{"href":"https:\/\/ffyh.unc.edu.ar\/secyt\/wp-json\/wp\/v2\/media?parent=1501"}],"curies":[{"name":"wp","href":"https:\/\/api.w.org\/{rel}","templated":true}]}}