{"id":4065,"date":"2024-04-30T16:05:36","date_gmt":"2024-04-30T16:05:36","guid":{"rendered":"https:\/\/ffyh.unc.edu.ar\/secyt\/?page_id=4065"},"modified":"2025-05-05T14:45:29","modified_gmt":"2025-05-05T14:45:29","slug":"listado-de-proyectos-y-programas","status":"publish","type":"page","link":"https:\/\/ffyh.unc.edu.ar\/secyt\/listado-de-proyectos-y-programas\/","title":{"rendered":"MAPA INVESTIGACI\u00d3N"},"content":{"rendered":"<div class=\"grafiquin\">\n<p><img loading=\"lazy\" decoding=\"async\" class=\"alignnone size-full wp-image-4107\" src=\"http:\/\/ffyh.unc.edu.ar\/secyt\/wp-content\/uploads\/sites\/22\/2024\/05\/Proyectos-y-programas-de-investigacion.gif\" alt=\"Qu\u00e9 se investiga en la FFyH\" width=\"540\" height=\"330\" \/><\/p>\n<\/div>\n<h3>\u00bfD\u00f3nde trabajamos?<\/h3>\n<p>Los proyectos de investigaci\u00f3n SECyT de la FFyH tienen como lugar de trabajo el <strong><a href=\"https:\/\/ffyh.unc.edu.ar\/secyt\/radicacion-de-proyectos\/ciffyh\/\">Centro de Investigaciones \u00abMar\u00eda Saleme de Burnich\u00f3n\u00bb,<\/a><\/strong>\u00a0el <a href=\"https:\/\/ffyh.unc.edu.ar\/secyt\/radicacion-de-proyectos\/museo-de-antropologias\"><strong>Museo de Antropolog\u00edas<\/strong><\/a><strong>,<\/strong> el <a href=\"https:\/\/ffyh.unc.edu.ar\/secyt\/radicacion-de-proyectos\/idacor-instituto-de-antropologia-de-cordoba\/\"><strong>Instituto de Antropolog\u00eda de C\u00f3rdoba (IDACOR)<\/strong><\/a> y el <strong><a href=\"https:\/\/ffyh.unc.edu.ar\/secyt\/radicacion-de-proyectos\/instituto-de-humanidades-idh\/\">Instituto de Humanidades (IDH)<\/a>.<\/strong><\/p>\n<div class=\"proyetos-list-container\">\n<div class=\"proyectos-list\">\n<h3>Por lugar de radicaci\u00f3n<\/h3>\n<div class=\"summary-square\">\n<details>\n<summary><img decoding=\"async\" src=\"http:\/\/ffyh.unc.edu.ar\/secyt\/wp-content\/uploads\/sites\/22\/2024\/04\/ciffyh.png\" width=\"35\" height=\"auto\" \/><strong>Centro de Investigaciones \u00abMar\u00eda Saleme de Burnich\u00f3n\u00bb<\/strong><\/summary>\n<ul><div class=\"em em-view-container\" id=\"em-view-832316239\" data-view=\"list\">\r\n\t<div class=\"em pixelbones em-list em-events-list\" id=\"em-events-list-832316239\" data-view-id=\"832316239\">\r\n\t\n<li style=\"color: #118436\"><a href=\"https:\/\/ffyh.unc.edu.ar\/secyt\/proyectos\/crisis-de-la-politica\/\">\u00bfCrisis de la pol\u00edtica? Interrogantes en torno a la relaci\u00f3n entre cr\u00edtica, crisis y emancipaci\u00f3n en la filosof\u00eda y la teor\u00eda pol\u00edtica contempor\u00e1nea<\/a><\/li>\n\n<li style=\"color: #118436\"><a href=\"https:\/\/ffyh.unc.edu.ar\/secyt\/proyectos\/casas-narrativas\/\">\u201cCasas narrativas\u201d: extimidad, cuerpo, escritura y experiencia en la literatura extremo-contempor\u00e1nea<\/a><\/li>\n\n<li style=\"color: #118436\"><a href=\"https:\/\/ffyh.unc.edu.ar\/secyt\/proyectos\/saber-hacer-el-campo-experiencias-formativas-en-clave-sociohistorica-en-espacios-rurales-en-transformacion\/\">\u00abSaber-hacer el campo\u00bb: experiencias formativas en clave sociohist\u00f3rica en espacios rurales en transformaci\u00f3n<\/a><\/li>\n\n<li style=\"color: #118436\"><a href=\"https:\/\/ffyh.unc.edu.ar\/secyt\/proyectos\/agendas-publicas-en-la-produccion-de-bienestar\/\">Actores, problemas y agendas p\u00fablicas en la producci\u00f3n de bienestar. C\u00f3rdoba (Argentina), 1930-1976<\/a><\/li>\n\n<li style=\"color: #118436\"><a href=\"https:\/\/ffyh.unc.edu.ar\/secyt\/proyectos\/actualizaciones-del-neopirronismo\/\">Actualizaciones del neopirronismo: el legado del escepticismo griego en la filosof\u00eda moderna y contempor\u00e1nea<\/a><\/li>\n\n<li style=\"color: #118436\"><a href=\"https:\/\/ffyh.unc.edu.ar\/secyt\/proyectos\/algunos-aspectos-fundamentales-del-pensamiento\/\">Algunos aspectos fundamentales del pensamiento<\/a><\/li>\n\n<li style=\"color: #118436\"><a href=\"https:\/\/ffyh.unc.edu.ar\/secyt\/proyectos\/antropologia-de-la-fiesta-y-el-juego\/\">Antropolog\u00eda de la fiesta y el juego: formas de sociabilidad, performances y subjetividades contempor\u00e1neas<\/a><\/li>\n\n<li style=\"color: #118436\"><a href=\"https:\/\/ffyh.unc.edu.ar\/secyt\/proyectos\/antropologias-del-gestionar\/\">Antropologias del gestionar<\/a><\/li>\n\n<li style=\"color: #118436\"><a href=\"https:\/\/ffyh.unc.edu.ar\/secyt\/proyectos\/archivos-de-la-modernidad-latinoamericana\/\">Archivos de la modernidad latinoamericana. Intervenciones contempor\u00e1neas de la literatura, la cr\u00edtica y la teor\u00eda<\/a><\/li>\n\n<li style=\"color: #118436\"><a href=\"https:\/\/ffyh.unc.edu.ar\/secyt\/proyectos\/arendt-en-las-disputas-del-presente-politico-argentino\/\">Arendt en las disputas del presente pol\u00edtico argentino: republicanismos populares, feminismos y memorias<\/a><\/li>\n\n<li style=\"color: #118436\"><a href=\"https:\/\/ffyh.unc.edu.ar\/secyt\/proyectos\/arqueologia-relacional-cumbres-calchaquies\/\">Arqueolog\u00eda relacional en entornos dom\u00e9sticos. Una aproximaci\u00f3n al estudio de la vida cotidiana en contextos aldeanos del sur de las Cumbres Calchaqu\u00edes (100 aC-1000 dC)<\/a><\/li>\n\n<li style=\"color: #118436\"><a href=\"https:\/\/ffyh.unc.edu.ar\/secyt\/proyectos\/tradiciones-intelectuales-e-iconograficas-antiguedad\/\">Cambios y permanencias de tradiciones intelectuales e iconogr\u00e1ficas en la Antig\u00fcedad. Di\u00e1logos con el mundo moderno<\/a><\/li>\n\n<li style=\"color: #118436\"><a href=\"https:\/\/ffyh.unc.edu.ar\/secyt\/proyectos\/filosofia-antigua-y-medieval\/\">Causalidad, contingencia y relaci\u00f3n: Textos, tradiciones y debates en la filosof\u00eda Antigua y Medieval<\/a><\/li>\n\n<li style=\"color: #118436\"><a href=\"https:\/\/ffyh.unc.edu.ar\/secyt\/proyectos\/competencia-emocional\/\">Competencia emocional: la educabilidad de las emociones en el marco de una concepci\u00f3n inferencial de la comprensi\u00f3n<\/a><\/li>\n\n<li style=\"color: #118436\"><a href=\"https:\/\/ffyh.unc.edu.ar\/secyt\/proyectos\/esi-unc\/\">Conocimientos, saberes y experiencias del campo de las sexualidades en la Formaci\u00f3n Docente Inicial: Estudio sobre ESI y pr\u00e1cticas de la Ense\u00f1anza en la Facultad de Filosofia y  Humanidades de la UNC<\/a><\/li>\n\n<li style=\"color: #118436\"><a href=\"https:\/\/ffyh.unc.edu.ar\/secyt\/proyectos\/construccion-de-modelos-cientificos-aspectos-metodologicos-epistemologicos-e-historicos\/\">Construcci\u00f3n de modelos cient\u00edficos: aspectos metodol\u00f3gicos, epistemol\u00f3gicos e hist\u00f3ricos<\/a><\/li>\n\n<li style=\"color: #118436\"><a href=\"https:\/\/ffyh.unc.edu.ar\/secyt\/proyectos\/cuestiones-esteticas-arte-escritura-y-pensamiento-contemporaneo\/\">Cuestiones Est\u00e9ticas: arte, escritura y pensamiento contempor\u00e1neo<\/a><\/li>\n\n<li style=\"color: #118436\"><a href=\"https:\/\/ffyh.unc.edu.ar\/secyt\/proyectos\/culturas-y-acciones-politicas-en-cordoba\/\">Culturas y acciones pol\u00edticas en C\u00f3rdoba durante el siglo XX<\/a><\/li>\n\n<li style=\"color: #118436\"><a href=\"https:\/\/ffyh.unc.edu.ar\/secyt\/proyectos\/socialismo-internacional-en-europa-y-america\/\">De la Segunda a la Cuarta Internacional: an\u00e1lisis comparativos del socialismo internacional en Europa y Am\u00e9rica (1890-1990)<\/a><\/li>\n\n<li style=\"color: #118436\"><a href=\"https:\/\/ffyh.unc.edu.ar\/secyt\/proyectos\/derecho-a-la-educacion-democratizacion-educativa-y-social-y-la-construccion-de-condiciones-de-escolarizacion-con-foco-en-la-espacialidad\/\">Derecho a la educaci\u00f3n, democratizaci\u00f3n educativa y social y la construcci\u00f3n de condiciones de escolarizaci\u00f3n con foco en la espacialidad<\/a><\/li>\n\n<li style=\"color: #118436\"><a href=\"https:\/\/ffyh.unc.edu.ar\/secyt\/proyectos\/desbordes-feministas\/\">Desbordes feministas de los sures. Articulaciones entre sexualidades, lenguajes, cuerpos y pedagog\u00edas queer\/cuir como cr\u00edtica contra-cultural contempor\u00e1nea<\/a><\/li>\n\n<li style=\"color: #118436\"><a href=\"https:\/\/ffyh.unc.edu.ar\/secyt\/proyectos\/desigualdades-sociales-y-disputas-por-la-produccion-reproduccion-y-apropiacion-de-los-espacios-urbanos-del-gran-cordoba\/\">Desigualdades sociales y disputas por la producci\u00f3n, reproducci\u00f3n y apropiaci\u00f3n de los espacios urbanos del Gran C\u00f3rdoba<\/a><\/li>\n\n<li style=\"color: #118436\"><a href=\"https:\/\/ffyh.unc.edu.ar\/secyt\/proyectos\/desigualdades-sociales-y-mundo-del-trabajo\/\">Desigualdades sociales y mundo del trabajo en C\u00f3rdoba durante el proceso de modernizaci\u00f3n (1900-1930)<\/a><\/li>\n\n<li style=\"color: #118436\"><a href=\"https:\/\/ffyh.unc.edu.ar\/secyt\/proyectos\/dinamicas-sociales-de-movilidad-permanencia-y-gestion-de-la-distancia-en-el-extremo-sur-de-la-america-hispanica-cordoba-siglos-xvi-y-xvii\/\">Din\u00e1micas sociales de movilidad, permanencia y gesti\u00f3n de la distancia en el extremo sur de la Am\u00e9rica Hisp\u00e1nica. C\u00f3rdoba (siglos XVI y XVII)<\/a><\/li>\n\n<li style=\"color: #118436\"><a href=\"https:\/\/ffyh.unc.edu.ar\/secyt\/proyectos\/discurso-filosofico-y-politico-en-argentina\/\">Discurso filos\u00f3fico y pol\u00edtico en la Argentina del siglo XX. Herramientas para su abordaje: conceptos, lenguajes y saberes<\/a><\/li>\n\n<li style=\"color: #118436\"><a href=\"https:\/\/ffyh.unc.edu.ar\/secyt\/proyectos\/discusiones-fenomenologicas\/\">Discusiones fenomenol\u00f3gicas contempor\u00e1neas sobre cognici\u00f3n, afectividad y acci\u00f3n<\/a><\/li>\n\n<li style=\"color: #118436\"><a href=\"https:\/\/ffyh.unc.edu.ar\/secyt\/proyectos\/el-futuro-de-las-bibliotecas-universitarias-frente-a-las-tecnologias-digitales-en-la-opinion-de-expertos\/\">El futuro de las bibliotecas universitarias frente a las tecnolog\u00edas digitales en la opini\u00f3n de expertos<\/a><\/li>\n\n<li style=\"color: #118436\"><a href=\"https:\/\/ffyh.unc.edu.ar\/secyt\/proyectos\/el-profesorado-en-historia\/\">El Profesorado en Historia: tensiones, agentes y escenarios de formaci\u00f3n. Estudio de caso: la Facultad de Filosof\u00eda y Humanidades (UNC) e Institutos de Formaci\u00f3n Docente de la Jurisdicci\u00f3n C\u00f3rdoba<\/a><\/li>\n\n<li style=\"color: #118436\"><a href=\"https:\/\/ffyh.unc.edu.ar\/secyt\/proyectos\/periodo-prehispanico-tardio\/\">Elecciones tecnol\u00f3gicas durante el per\u00edodo prehisp\u00e1nico tard\u00edo (ca. 1500-450 AP) en los contextos sociales de la regi\u00f3n norte y centro de sierras centrales (C\u00f3rdoba)<\/a><\/li>\n\n<li style=\"color: #118436\"><a href=\"https:\/\/ffyh.unc.edu.ar\/secyt\/proyectos\/elites-y-contraelites\/\">\u00c9lites y contraelites en la historia contempor\u00e1nea de Am\u00e9rica Latina: pol\u00edtica, econom\u00eda e ideas de 1880 a nuestros d\u00edas<\/a><\/li>\n\n<li style=\"color: #118436\"><a href=\"https:\/\/ffyh.unc.edu.ar\/secyt\/proyectos\/entre-el-odio-y-el-amor-platon\/\">Entre el odio y el amor. Di\u00e1logo, conocimiento y v\u00ednculos interpersonales en Plat\u00f3n. Antecedentes y proyecciones<\/a><\/li>\n\n<li style=\"color: #118436\"><a href=\"https:\/\/ffyh.unc.edu.ar\/secyt\/proyectos\/locuciones-adverbiales\/\">Entre la gram\u00e1tica, la fraseolog\u00eda y la sociodialectolog\u00eda: las locuciones adverbiales en la historia del espa\u00f1ol de C\u00f3rdoba (Argentina)<\/a><\/li>\n\n<li style=\"color: #118436\"><a href=\"https:\/\/ffyh.unc.edu.ar\/secyt\/proyectos\/relacion-con-el-saber-en-la-escuela-secundaria\/\">Entre pol\u00edticas curriculares y nuevas modalidades institucionales de escolarizaci\u00f3n: la relaci\u00f3n con el saber en la escuela secundaria<\/a><\/li>\n\n<li style=\"color: #118436\"><a href=\"https:\/\/ffyh.unc.edu.ar\/secyt\/proyectos\/erotismos-placeres-y-sexo-en-la-cordoba-contemporanea-una-indagacion-socio-antropologica-de-celebraciones-experiencias-y-performances\/\">Erotismos, placeres y sexo en la C\u00f3rdoba contempor\u00e1nea. Una indagaci\u00f3n socio-antropol\u00f3gica de celebraciones, experiencias y performances<\/a><\/li>\n\n<li style=\"color: #118436\"><a href=\"https:\/\/ffyh.unc.edu.ar\/secyt\/proyectos\/escritura-de-la-historia\/\">Escritura de la Historia: representaciones, debates y usos del pasado desde espacios locales y provinciales<\/a><\/li>\n\n<li style=\"color: #118436\"><a href=\"https:\/\/ffyh.unc.edu.ar\/secyt\/proyectos\/escrituras-latinoamericanas\/\">Escrituras Latinoamericanas. Literatura, teoria y cr\u00edtica en debate<\/a><\/li>\n\n<li style=\"color: #118436\"><a href=\"https:\/\/ffyh.unc.edu.ar\/secyt\/proyectos\/especulaciones-ensayisticas-y-configuraciones-literarias-de-las-muchedumbres-y-las-comunidades-en-literaturas-del-cono-sur-argentina-bolivia-y-peru-tiempo-futuro-intemperie-y-monstruosidad-en-las\/\">Especulaciones ensay\u00edsticas y configuraciones literarias de las muchedumbres y las comunidades en literaturas del Cono Sur (Argentina, Bolivia y Per\u00fa): tiempo futuro, intemperie y monstruosidad en las representaciones del desborde popular (1950-2022)<\/a><\/li>\n\n<li style=\"color: #118436\"><a href=\"https:\/\/ffyh.unc.edu.ar\/secyt\/proyectos\/jovenes-migrantes\/\">Experiencias de movilidad de j\u00f3venes migrantes e hijxs de migrantes escolarizadxs en la ciudad de C\u00f3rdoba<\/a><\/li>\n\n<li style=\"color: #118436\"><a href=\"https:\/\/ffyh.unc.edu.ar\/secyt\/proyectos\/experiencias-pedagogicas-complejo-esperanza\/\">Experiencias pedag\u00f3gicas en la escuela primaria del Centro Socioeducativo Complejo Esperanza. Procesos de transmisi\u00f3n educativa desde la perspectiva de los sujetos<\/a><\/li>\n\n<li style=\"color: #118436\"><a href=\"https:\/\/ffyh.unc.edu.ar\/secyt\/proyectos\/ficciones-teoricas-imaginacion-y-materialismos-en-la-literatura-y-las-artes-contemporaneas\/\">Ficciones te\u00f3ricas. Imaginaci\u00f3n y materialismos en la literatura y las artes contempor\u00e1neas<\/a><\/li>\n\n<li style=\"color: #118436\"><a href=\"https:\/\/ffyh.unc.edu.ar\/secyt\/proyectos\/figuras-de-una-racionalidad-estetica\/\">Figuras de una racionalidad est\u00e9tica. La modernidad y su parte maldita<\/a><\/li>\n\n<li style=\"color: #118436\"><a href=\"https:\/\/ffyh.unc.edu.ar\/secyt\/proyectos\/formacion-trabajo-docente-y-practicas-pedagogicas\/\">Formaci\u00f3n, trabajo docente y pr\u00e1cticas pedag\u00f3gicas: prescripciones y saberes situados (C\u00f3rdoba, segunda mitad del siglo XIX y mediados del XX)<\/a><\/li>\n\n<li style=\"color: #118436\"><a href=\"https:\/\/ffyh.unc.edu.ar\/secyt\/proyectos\/fronteras-y-violencias-en-las-literaturas-de-la-argentina\/\">Fronteras y violencias en las literaturas de la Argentina<\/a><\/li>\n\n<li style=\"color: #118436\"><a href=\"https:\/\/ffyh.unc.edu.ar\/secyt\/proyectos\/gender-y-genre-en-narrativas-actuales\/\">Gender y genre en narrativas actuales: afectos y potencia pol\u00edtica<\/a><\/li>\n\n<li style=\"color: #118436\"><a href=\"https:\/\/ffyh.unc.edu.ar\/secyt\/proyectos\/geografias-en-cordoba\/\">Geograf\u00edas en C\u00f3rdoba. Contextos, pr\u00e1cticas territoriales y discursos, 1890-2003<\/a><\/li>\n\n<li style=\"color: #118436\"><a href=\"https:\/\/ffyh.unc.edu.ar\/secyt\/proyectos\/geonarraciones\/\">Geonarraciones: Figuraciones con hilos de cobre<\/a><\/li>\n\n<li style=\"color: #118436\"><a href=\"https:\/\/ffyh.unc.edu.ar\/secyt\/proyectos\/geopolitica-del-espacio-ultraterrestre\/\">Geopol\u00edtica del espacio ultraterrestre: gobernanza de la red cient\u00edfico tecnol\u00f3gica y decisional de Argentina sobre la actividad espacial y su posici\u00f3n relativa en el contexto internacional<\/a><\/li>\n\n<li style=\"color: #118436\"><a href=\"https:\/\/ffyh.unc.edu.ar\/secyt\/proyectos\/gobernacion-del-tucuman-relaciones-de-dominacion-y-explotacion-colonial-sobre-sociedades-indigenas-procesos-y-coyunturas-instituciones-y-actores-s-xvi-xviii\/\">Gobernaci\u00f3n del Tucum\u00e1n: relaciones de dominaci\u00f3n y explotaci\u00f3n colonial sobre sociedades ind\u00edgenas, procesos y coyunturas, instituciones y actores (s. XVI-XVIII)<\/a><\/li>\n\n<li style=\"color: #118436\"><a href=\"https:\/\/ffyh.unc.edu.ar\/secyt\/proyectos\/imaginaciones-geograficas-cartografias-y-espacialidades\/\">Hacer en com\u00fan y resonancias del porvenir. (Des)pliegues de imaginaciones geogr\u00e1ficas, cartograf\u00edas y espacialidades desde m\u00faltiples existencias<\/a><\/li>\n\n<li style=\"color: #118436\"><a href=\"https:\/\/ffyh.unc.edu.ar\/secyt\/proyectos\/artes-juventudes-y-politicas\/\">Historia cultural del pasado reciente: artes, juventudes y pol\u00edticas en una C\u00f3rdoba en red (inter)nacional, 1960-2010<\/a><\/li>\n\n<li style=\"color: #118436\"><a href=\"https:\/\/ffyh.unc.edu.ar\/secyt\/proyectos\/historia-reciente-de-los-derechos-humanos\/\">Historia reciente de los derechos humanos entresiglos. Indagaciones e intervenciones  en y desde C\u00f3rdoba<\/a><\/li>\n\n<li style=\"color: #118436\"><a href=\"https:\/\/ffyh.unc.edu.ar\/secyt\/proyectos\/ingreso-a-letras\/\">Ingreso a Letras (FFyH, UNC). Problem\u00e1ticas disciplinares y estrategias para acompa\u00f1ar la integraci\u00f3n a la vida universitaria<\/a><\/li>\n\n<li style=\"color: #118436\"><a href=\"https:\/\/ffyh.unc.edu.ar\/secyt\/proyectos\/iniciacion-a-la-docencia-ffyh\/\">Iniciaci\u00f3n a la docencia. Saberes pedag\u00f3gico-did\u00e1cticos de egresados de los profesores de Filosof\u00eda y de Ciencias de la Educaci\u00f3n de la FFyH-UNC<\/a><\/li>\n\n<li style=\"color: #118436\"><a href=\"https:\/\/ffyh.unc.edu.ar\/secyt\/proyectos\/intersecciones-y-tensiones-entre-genero-y-procesos-formativos-en-extension-critica-exploraciones-de-la-praxis-extensionista-en-la-ffyh\/\">Intersecciones y tensiones entre g\u00e9nero y procesos formativos en extensi\u00f3n cr\u00edtica. Exploraciones de la praxis extensionista en la FFyH<\/a><\/li>\n\n<li style=\"color: #118436\"><a href=\"https:\/\/ffyh.unc.edu.ar\/secyt\/proyectos\/justicia-erotica\/\">Justicia er\u00f3tica: una cr\u00edtica cuir de las gram\u00e1ticas sexo-afectivas de nuestro tiempo<\/a><\/li>\n\n<li style=\"color: #118436\"><a href=\"https:\/\/ffyh.unc.edu.ar\/secyt\/proyectos\/diversidad-y-variacion-linguistica\/\">La conformaci\u00f3n del corpus como problema y como proceso en estudios de caso sobre diversidad y variaci\u00f3n ling\u00fc\u00edstica<\/a><\/li>\n\n<li style=\"color: #118436\"><a href=\"https:\/\/ffyh.unc.edu.ar\/secyt\/proyectos\/la-empatia-y-el-rol-de-las-emociones\/\">La empat\u00eda y el rol de las emociones desde una visi\u00f3n postcognitivista social<\/a><\/li>\n\n<li style=\"color: #118436\"><a href=\"https:\/\/ffyh.unc.edu.ar\/secyt\/proyectos\/la-escritura-como-gesto-estetico-politico-divergencias-poeticas-en-la-literatura-boliviana-de-los-siglos-xx-y-xxi\/\">La escritura como gesto est\u00e9tico pol\u00edtico. Divergencias po\u00e9ticas en la literatura boliviana de los siglos XX y XXI<\/a><\/li>\n\n<li style=\"color: #118436\"><a href=\"https:\/\/ffyh.unc.edu.ar\/secyt\/proyectos\/la-filosofia-de-nietzsche\/\">La filosof\u00eda de Nietzsche: fuentes y recepci\u00f3n en Hispanoam\u00e9rica (1900-1950)<\/a><\/li>\n\n<li style=\"color: #118436\"><a href=\"https:\/\/ffyh.unc.edu.ar\/secyt\/proyectos\/interaccion-generica\/\">La interacci\u00f3n gen\u00e9rica como pr\u00e1ctica literaria en la antig\u00fcedad. Desarrollo te\u00f3rico-conceptual y an\u00e1lisis de casos espec\u00edficos<\/a><\/li>\n\t<\/div>\r\n<\/div><\/ul>\n<\/details>\n<details>\n<summary><img decoding=\"async\" src=\"http:\/\/ffyh.unc.edu.ar\/secyt\/wp-content\/uploads\/sites\/22\/2024\/04\/museo.png\" width=\"35\" height=\"auto\" \/><strong>Museo de Antropolog\u00edas<\/strong><\/summary>\n<ul><div class=\"em em-view-container\" id=\"em-view-1587748943\" data-view=\"list\">\r\n\t<div class=\"em pixelbones em-list em-events-list\" id=\"em-events-list-1587748943\" data-view-id=\"1587748943\">\r\n\t\n<li style=\"color: #9c1830\"><a href=\"https:\/\/ffyh.unc.edu.ar\/secyt\/proyectos\/actividad-fisica-en-poblaciones-historicas-y-contemporaneas\/\">Actividad f\u00edsica en poblaciones hist\u00f3ricas y contempor\u00e1neas de Argentina: abordajes desde la Bioantropolog\u00eda<\/a><\/li>\n\n<li style=\"color: #9c1830\"><a href=\"https:\/\/ffyh.unc.edu.ar\/secyt\/proyectos\/mesa-afro-cordoba\/\">An\u00e1lisis de ancestr\u00eda gen\u00e9tica y construcciones identitarias en el colectivo de la Mesa Afro C\u00f3rdoba: un caso de antropolog\u00eda por demanda<\/a><\/li>\n\n<li style=\"color: #9c1830\"><a href=\"https:\/\/ffyh.unc.edu.ar\/secyt\/proyectos\/holoceno-tardio-cba\/\">Aportes desde la arqueolog\u00eda y la paleogen\u00e9tica al estudio de las poblaciones humanas de las sierras de C\u00f3rdoba durante el Holoceno tard\u00edo<\/a><\/li>\n\n<li style=\"color: #9c1830\"><a href=\"https:\/\/ffyh.unc.edu.ar\/secyt\/proyectos\/arqueologia-en-las-sierras-pampeanas-australes-poblamiento-humano-en-los-dominios-de-la-sierra-norte-cordoba-argentina\/\">Arqueolog\u00eda en las Sierras Pampeanas Australes: poblamiento humano en los dominios de la Sierra Norte (C\u00f3rdoba, Argentina)<\/a><\/li>\n\n<li style=\"color: #9c1830\"><a href=\"https:\/\/ffyh.unc.edu.ar\/secyt\/proyectos\/conflictos-humano-artefacto-ambiente\/\">Conflictos humano &amp; artefacto-ambiente en el Chaco Seco: estudios de casos y an\u00e1lisis comparativos para la sostenibilidad local<\/a><\/li>\n\n<li style=\"color: #9c1830\"><a href=\"https:\/\/ffyh.unc.edu.ar\/secyt\/proyectos\/agenda-2030-en-la-argentina\/\">Creencias, sentidos y pol\u00edticas en torno a los Objetivos de Desarrollo Sostenible de la Agenda 2030 en la Argentina<\/a><\/li>\n\n<li style=\"color: #9c1830\"><a href=\"https:\/\/ffyh.unc.edu.ar\/secyt\/proyectos\/crisis-ambiental\/\">Desaf\u00edos epistemol\u00f3gicos en contexto de crisis ambiental. Interdisciplina, di\u00e1logo de saberes y vivires en el marco de luchas socioambientales<\/a><\/li>\n\n<li style=\"color: #9c1830\"><a href=\"https:\/\/ffyh.unc.edu.ar\/secyt\/proyectos\/paleoantropoceno-en-las-zonas-aridas-del-area-andino-patagonica\/\">El paleoantropoceno en las zonas \u00e1ridas del \u00e1rea andino-patag\u00f3nica. Problemas de investigaci\u00f3n y aspectos metodol\u00f3gicos<\/a><\/li>\n\n<li style=\"color: #9c1830\"><a href=\"https:\/\/ffyh.unc.edu.ar\/secyt\/proyectos\/restos-humanos-indigenas\/\">Estudios interculturales, transdisciplinares e interinstitucionales sobre restos humanos ind\u00edgenas de inter\u00e9s arqueol\u00f3gico, patrimonializados y en guarda, en el Museo de Antropolog\u00edas y la Agencia C\u00f3rdoba Cultura<\/a><\/li>\n\n<li style=\"color: #9c1830\"><a href=\"https:\/\/ffyh.unc.edu.ar\/secyt\/proyectos\/etnografias-de-lo-carcelario\/\">Etnograf\u00edas de lo carcelario: di\u00e1logos interdisciplinarios para investigar e intervenir en contextos de encierro<\/a><\/li>\n\n<li style=\"color: #9c1830\"><a href=\"https:\/\/ffyh.unc.edu.ar\/secyt\/proyectos\/logicas-y-desvarios-corporales\/\">L\u00f3gicas y desvar\u00edos corporales: incidencias del conocimiento sobre\/desde los cuerpos<\/a><\/li>\n\n<li style=\"color: #9c1830\"><a href=\"https:\/\/ffyh.unc.edu.ar\/secyt\/proyectos\/interculturalizar-la-sociedad\/\">Los desaf\u00edos por interculturalizar la sociedad: usos, apropiaciones y tensiones<\/a><\/li>\n\n<li style=\"color: #9c1830\"><a href=\"https:\/\/ffyh.unc.edu.ar\/secyt\/proyectos\/materialidades-y-naturalezas-decoloniales-intersecciones-entre-arqueologia-y-etnografia\/\">Materialidades y Naturalezas Decoloniales: Intersecciones entre Arqueolog\u00eda y Etnograf\u00eda<\/a><\/li>\n\n<li style=\"color: #9c1830\"><a href=\"https:\/\/ffyh.unc.edu.ar\/secyt\/proyectos\/valle-de-ambato\/\">Modos de vida en el sector norte del Valle de Ambato, Catamarca (siglos I-XI d.C.)<\/a><\/li>\n\n<li style=\"color: #9c1830\"><a href=\"https:\/\/ffyh.unc.edu.ar\/secyt\/proyectos\/patrimonios-y-procesos-de-patrimonializacion\/\">Patrimonios y procesos de patrimonializaci\u00f3n: miradas situadas desde la Antropolog\u00eda<\/a><\/li>\n\n<li style=\"color: #9c1830\"><a href=\"https:\/\/ffyh.unc.edu.ar\/secyt\/proyectos\/memorias-de-la-represion-y-la-violencia-politica\/\">Perspectivas etnogr\u00e1ficas sobre las memorias de la represi\u00f3n y la violencia pol\u00edtica en el pasado reciente: cuerpos, identidades y territorios (segunda etapa)<\/a><\/li>\n\n<li style=\"color: #9c1830\"><a href=\"https:\/\/ffyh.unc.edu.ar\/secyt\/proyectos\/problemas-de-historia-de-la-cultura\/\">Problemas de historia de la cultura y las ideas en Argentina, fase II: culturas e ideas, m\u00e1s ac\u00e1 y m\u00e1s all\u00e1 de las historias nacionales<\/a><\/li>\n\n<li style=\"color: #9c1830\"><a href=\"https:\/\/ffyh.unc.edu.ar\/secyt\/proyectos\/spectra-ontologia-cosmopolitica-y-conocimiento-especulativo-desde-la-teoria-etnografica\/\">Spectra. Ontolog\u00eda, cosmopol\u00edtica y conocimiento especulativo desde la teor\u00eda etnogr\u00e1fica<\/a><\/li>\n\n<li style=\"color: #9c1830\"><a href=\"https:\/\/ffyh.unc.edu.ar\/secyt\/proyectos\/territorios-y-pueblos-indigenas-disputas-y-conflictos-en-las-sierras-centrales-cuyo-y-patagonia-abordaje-etnografico-de-practicas-narrativas-y-cultura-material\/\">Territorios y pueblos ind\u00edgenas: disputas y conflictos en las Sierras Centrales, Cuyo y Patagonia. Abordaje etnogr\u00e1fico de pr\u00e1cticas, narrativas y cultura material<\/a><\/li>\n\n<li style=\"color: #9c1830\"><a href=\"https:\/\/ffyh.unc.edu.ar\/secyt\/proyectos\/violencias-institucionales-y-resistencias\/\">Violencias institucionales y resistencias en tiempos de pandemia y post-pandemia (C\u00f3rdoba)<\/a><\/li>\n\t<\/div>\r\n<\/div><\/ul>\n<\/details>\n<details>\n<summary><img decoding=\"async\" src=\"http:\/\/ffyh.unc.edu.ar\/secyt\/wp-content\/uploads\/sites\/22\/2025\/02\/idacor-im.jpg\" width=\"35\" height=\"auto\" \/><strong>Instituto de Antropolog\u00eda de C\u00f3rdoba<\/strong><\/summary>\n<ul><div class=\"em em-view-container\" id=\"em-view-817493138\" data-view=\"list\">\r\n\t<div class=\"em pixelbones em-list em-events-list\" id=\"em-events-list-817493138\" data-view-id=\"817493138\">\r\n\t\n<li style=\"color: #00beff\"><a href=\"https:\/\/ffyh.unc.edu.ar\/secyt\/proyectos\/estudio-en-larga-duracion-de-las-historias-sociales-y-ambientales-de-los-valles-altos-del-oeste-catamarqueno-ampliacion-e-integracion-de-perspectivas-y-areas\/\">Estudio en larga duraci\u00f3n de las historias sociales y ambientales de los valles altos del oeste catamarque\u00f1o: ampliaci\u00f3n e integraci\u00f3n de perspectivas y \u00e1reas.<\/a><\/li>\n\n<li style=\"color: #00beff\"><a href=\"https:\/\/ffyh.unc.edu.ar\/secyt\/proyectos\/sociedades-aguada\/\">La experiencia de lo com\u00fan: las personas, las cosas y el mundo en las sociedades aguada en el Valle de Ambato, Catamarca (s. VI a XI d.C.)<\/a><\/li>\n\t<\/div>\r\n<\/div><\/ul>\n<\/details>\n<details>\n<summary><img decoding=\"async\" src=\"http:\/\/ffyh.unc.edu.ar\/secyt\/wp-content\/uploads\/sites\/22\/2025\/02\/idh-category.jpg\" width=\"35\" height=\"auto\" \/><strong>Instituto de Humanidades<\/strong><\/summary>\n<ul><div class=\"em em-view-container\" id=\"em-view-1587749533\" data-view=\"list\">\r\n\t<div class=\"em pixelbones em-list em-events-list\" id=\"em-events-list-1587749533\" data-view-id=\"1587749533\">\r\n\t\n<li style=\"color: #173966\"><a href=\"https:\/\/ffyh.unc.edu.ar\/secyt\/proyectos\/ficcion-audiovisual-en-video-a-demanda-en-argentina-plataformas-interfaces-y-usos\/\">Ficci\u00f3n audiovisual en video-a-demanda en Argentina: Plataformas, interfaces y usos<\/a><\/li>\n\t<\/div>\r\n<\/div><\/ul>\n<\/details>\n<\/div>\n<\/div>\n<\/div>\n<div class=\"grafiquin\">\n<img loading=\"lazy\" decoding=\"async\" class=\"alignnone size-full wp-image-4114\" src=\"http:\/\/ffyh.unc.edu.ar\/secyt\/wp-content\/uploads\/sites\/22\/2024\/05\/escuelas-y-dptos.gif\" alt=\"\" width=\"540\" height=\"640\" \/><\/div>\n<div class=\"proyetos-list-container\">\n<div class=\"proyectos-list\">\n<h3>Escuelas y Departamentos<\/h3>\n<div class=\"summary-square\">\n<details>\n<summary><img decoding=\"async\" src=\"http:\/\/ffyh.unc.edu.ar\/secyt\/wp-content\/uploads\/sites\/22\/2024\/04\/antro-1.png\" width=\"35\" height=\"auto\" \/><strong>Departamento de Antropolog\u00eda<\/strong><\/summary>\n<ul><div class=\"em em-view-container\" id=\"em-view-955808913\" data-view=\"list\">\r\n\t<div class=\"em pixelbones em-list em-events-list\" id=\"em-events-list-955808913\" data-view-id=\"955808913\">\r\n\t\n<li style=\"color: #_categorycolor\"><a href=\"https:\/\/ffyh.unc.edu.ar\/secyt\/proyectos\/actividad-fisica-en-poblaciones-historicas-y-contemporaneas\/\">Actividad f\u00edsica en poblaciones hist\u00f3ricas y contempor\u00e1neas de Argentina: abordajes desde la Bioantropolog\u00eda<\/a><\/li>\n\n<li style=\"color: #_categorycolor\"><a href=\"https:\/\/ffyh.unc.edu.ar\/secyt\/proyectos\/mesa-afro-cordoba\/\">An\u00e1lisis de ancestr\u00eda gen\u00e9tica y construcciones identitarias en el colectivo de la Mesa Afro C\u00f3rdoba: un caso de antropolog\u00eda por demanda<\/a><\/li>\n\n<li style=\"color: #_categorycolor\"><a href=\"https:\/\/ffyh.unc.edu.ar\/secyt\/proyectos\/holoceno-tardio-cba\/\">Aportes desde la arqueolog\u00eda y la paleogen\u00e9tica al estudio de las poblaciones humanas de las sierras de C\u00f3rdoba durante el Holoceno tard\u00edo<\/a><\/li>\n\n<li style=\"color: #_categorycolor\"><a href=\"https:\/\/ffyh.unc.edu.ar\/secyt\/proyectos\/arqueologia-en-las-sierras-pampeanas-australes-poblamiento-humano-en-los-dominios-de-la-sierra-norte-cordoba-argentina\/\">Arqueolog\u00eda en las Sierras Pampeanas Australes: poblamiento humano en los dominios de la Sierra Norte (C\u00f3rdoba, Argentina)<\/a><\/li>\n\n<li style=\"color: #_categorycolor\"><a href=\"https:\/\/ffyh.unc.edu.ar\/secyt\/proyectos\/conflictos-humano-artefacto-ambiente\/\">Conflictos humano &amp; artefacto-ambiente en el Chaco Seco: estudios de casos y an\u00e1lisis comparativos para la sostenibilidad local<\/a><\/li>\n\n<li style=\"color: #_categorycolor\"><a href=\"https:\/\/ffyh.unc.edu.ar\/secyt\/proyectos\/agenda-2030-en-la-argentina\/\">Creencias, sentidos y pol\u00edticas en torno a los Objetivos de Desarrollo Sostenible de la Agenda 2030 en la Argentina<\/a><\/li>\n\n<li style=\"color: #_categorycolor\"><a href=\"https:\/\/ffyh.unc.edu.ar\/secyt\/proyectos\/crisis-ambiental\/\">Desaf\u00edos epistemol\u00f3gicos en contexto de crisis ambiental. Interdisciplina, di\u00e1logo de saberes y vivires en el marco de luchas socioambientales<\/a><\/li>\n\n<li style=\"color: #_categorycolor\"><a href=\"https:\/\/ffyh.unc.edu.ar\/secyt\/proyectos\/paleoantropoceno-en-las-zonas-aridas-del-area-andino-patagonica\/\">El paleoantropoceno en las zonas \u00e1ridas del \u00e1rea andino-patag\u00f3nica. Problemas de investigaci\u00f3n y aspectos metodol\u00f3gicos<\/a><\/li>\n\n<li style=\"color: #_categorycolor\"><a href=\"https:\/\/ffyh.unc.edu.ar\/secyt\/proyectos\/erotismos-placeres-y-sexo-en-la-cordoba-contemporanea-una-indagacion-socio-antropologica-de-celebraciones-experiencias-y-performances\/\">Erotismos, placeres y sexo en la C\u00f3rdoba contempor\u00e1nea. Una indagaci\u00f3n socio-antropol\u00f3gica de celebraciones, experiencias y performances<\/a><\/li>\n\n<li style=\"color: #_categorycolor\"><a href=\"https:\/\/ffyh.unc.edu.ar\/secyt\/proyectos\/restos-humanos-indigenas\/\">Estudios interculturales, transdisciplinares e interinstitucionales sobre restos humanos ind\u00edgenas de inter\u00e9s arqueol\u00f3gico, patrimonializados y en guarda, en el Museo de Antropolog\u00edas y la Agencia C\u00f3rdoba Cultura<\/a><\/li>\n\n<li style=\"color: #_categorycolor\"><a href=\"https:\/\/ffyh.unc.edu.ar\/secyt\/proyectos\/jovenes-migrantes\/\">Experiencias de movilidad de j\u00f3venes migrantes e hijxs de migrantes escolarizadxs en la ciudad de C\u00f3rdoba<\/a><\/li>\n\n<li style=\"color: #_categorycolor\"><a href=\"https:\/\/ffyh.unc.edu.ar\/secyt\/proyectos\/logicas-y-desvarios-corporales\/\">L\u00f3gicas y desvar\u00edos corporales: incidencias del conocimiento sobre\/desde los cuerpos<\/a><\/li>\n\n<li style=\"color: #_categorycolor\"><a href=\"https:\/\/ffyh.unc.edu.ar\/secyt\/proyectos\/materialidades-y-naturalezas-decoloniales-intersecciones-entre-arqueologia-y-etnografia\/\">Materialidades y Naturalezas Decoloniales: Intersecciones entre Arqueolog\u00eda y Etnograf\u00eda<\/a><\/li>\n\n<li style=\"color: #_categorycolor\"><a href=\"https:\/\/ffyh.unc.edu.ar\/secyt\/proyectos\/valle-de-ambato\/\">Modos de vida en el sector norte del Valle de Ambato, Catamarca (siglos I-XI d.C.)<\/a><\/li>\n\n<li style=\"color: #_categorycolor\"><a href=\"https:\/\/ffyh.unc.edu.ar\/secyt\/proyectos\/patrimonios-y-procesos-de-patrimonializacion\/\">Patrimonios y procesos de patrimonializaci\u00f3n: miradas situadas desde la Antropolog\u00eda<\/a><\/li>\n\n<li style=\"color: #_categorycolor\"><a href=\"https:\/\/ffyh.unc.edu.ar\/secyt\/proyectos\/spectra-ontologia-cosmopolitica-y-conocimiento-especulativo-desde-la-teoria-etnografica\/\">Spectra. Ontolog\u00eda, cosmopol\u00edtica y conocimiento especulativo desde la teor\u00eda etnogr\u00e1fica<\/a><\/li>\n\t<\/div>\r\n<\/div><\/ul>\n<\/details>\n<details>\n<summary><img decoding=\"async\" src=\"http:\/\/ffyh.unc.edu.ar\/secyt\/wp-content\/uploads\/sites\/22\/2024\/04\/geo-1.png\" width=\"35\" height=\"auto\" \/><strong>Departamento de Geograf\u00eda<\/strong><\/summary>\n<ul><div class=\"em em-view-container\" id=\"em-view-173990018\" data-view=\"list\">\r\n\t<div class=\"em pixelbones em-list em-events-list\" id=\"em-events-list-173990018\" data-view-id=\"173990018\">\r\n\t\n<li style=\"color: #_categorycolor\"><a href=\"https:\/\/ffyh.unc.edu.ar\/secyt\/proyectos\/desigualdades-sociales-y-disputas-por-la-produccion-reproduccion-y-apropiacion-de-los-espacios-urbanos-del-gran-cordoba\/\">Desigualdades sociales y disputas por la producci\u00f3n, reproducci\u00f3n y apropiaci\u00f3n de los espacios urbanos del Gran C\u00f3rdoba<\/a><\/li>\n\n<li style=\"color: #_categorycolor\"><a href=\"https:\/\/ffyh.unc.edu.ar\/secyt\/proyectos\/geografias-en-cordoba\/\">Geograf\u00edas en C\u00f3rdoba. Contextos, pr\u00e1cticas territoriales y discursos, 1890-2003<\/a><\/li>\n\n<li style=\"color: #_categorycolor\"><a href=\"https:\/\/ffyh.unc.edu.ar\/secyt\/proyectos\/geopolitica-del-espacio-ultraterrestre\/\">Geopol\u00edtica del espacio ultraterrestre: gobernanza de la red cient\u00edfico tecnol\u00f3gica y decisional de Argentina sobre la actividad espacial y su posici\u00f3n relativa en el contexto internacional<\/a><\/li>\n\n<li style=\"color: #_categorycolor\"><a href=\"https:\/\/ffyh.unc.edu.ar\/secyt\/proyectos\/imaginaciones-geograficas-cartografias-y-espacialidades\/\">Hacer en com\u00fan y resonancias del porvenir. (Des)pliegues de imaginaciones geogr\u00e1ficas, cartograf\u00edas y espacialidades desde m\u00faltiples existencias<\/a><\/li>\n\n<li style=\"color: #_categorycolor\"><a href=\"https:\/\/ffyh.unc.edu.ar\/secyt\/proyectos\/los-fuegos-serranos-en-cordoba\/\">Los fuegos serranos en C\u00f3rdoba: origen y destino de las tierras incendiadas en las Sierras Chicas de C\u00f3rdoba, Argentina.<\/a><\/li>\n\n<li style=\"color: #_categorycolor\"><a href=\"https:\/\/ffyh.unc.edu.ar\/secyt\/proyectos\/transformacion-territorial-en-espacios-periurbanos\/\">Procesos de transformaci\u00f3n territorial en espacios periurbanos, asociados a din\u00e1micas de expansi\u00f3n urbana. Regi\u00f3n Metropolitana C\u00f3rdoba, 2000-2023<\/a><\/li>\n\n<li style=\"color: #_categorycolor\"><a href=\"https:\/\/ffyh.unc.edu.ar\/secyt\/proyectos\/reestructuracion-productiva-en-la-economia-digital-dinamicas-productivas-territoriales-e-innovaciones-tecnologicas-en-la-ciudad-de-cordoba-en-el-siglo-xxi\/\">Reestructuraci\u00f3n productiva en la econom\u00eda digital: din\u00e1micas productivas territoriales e innovaciones tecnol\u00f3gicas en la ciudad de C\u00f3rdoba en el siglo XXI<\/a><\/li>\n\t<\/div>\r\n<\/div><\/ul>\n<\/details>\n<details>\n<summary><img decoding=\"async\" src=\"http:\/\/ffyh.unc.edu.ar\/secyt\/wp-content\/uploads\/sites\/22\/2024\/04\/ciffyh.png\" width=\"35\" height=\"auto\" \/><strong>Centro de Investigaciones Facultad de Filosof\u00eda y Humanidades<\/strong><\/summary>\n<ul><div class=\"em em-view-container\" id=\"em-view-582065705\" data-view=\"list\">\r\n\t<div class=\"em pixelbones em-list em-events-list\" id=\"em-events-list-582065705\" data-view-id=\"582065705\">\r\n\t\n<li style=\"color: #_categorycolor\"><a href=\"https:\/\/ffyh.unc.edu.ar\/secyt\/proyectos\/antropologias-del-gestionar\/\">Antropologias del gestionar<\/a><\/li>\n\n<li style=\"color: #_categorycolor\"><a href=\"https:\/\/ffyh.unc.edu.ar\/secyt\/proyectos\/tradiciones-intelectuales-e-iconograficas-antiguedad\/\">Cambios y permanencias de tradiciones intelectuales e iconogr\u00e1ficas en la Antig\u00fcedad. Di\u00e1logos con el mundo moderno<\/a><\/li>\n\n<li style=\"color: #_categorycolor\"><a href=\"https:\/\/ffyh.unc.edu.ar\/secyt\/proyectos\/periodo-prehispanico-tardio\/\">Elecciones tecnol\u00f3gicas durante el per\u00edodo prehisp\u00e1nico tard\u00edo (ca. 1500-450 AP) en los contextos sociales de la regi\u00f3n norte y centro de sierras centrales (C\u00f3rdoba)<\/a><\/li>\n\n<li style=\"color: #_categorycolor\"><a href=\"https:\/\/ffyh.unc.edu.ar\/secyt\/proyectos\/neoliberalismo-y-lazo-social\/\">Neoliberalismo y lazo social. Reflexiones sobre cambio epocal y formas espec\u00edficas de des\/recomposici\u00f3n social<\/a><\/li>\n\n<li style=\"color: #_categorycolor\"><a href=\"https:\/\/ffyh.unc.edu.ar\/secyt\/proyectos\/proyecto-khora-topologias-de-la-investigacion-en-literatura-y-en-sus-fronteras-continuidades\/\">Proyecto Kh\u00f4ra: Topolog\u00edas de la investigaci\u00f3n en literatura y en sus fronteras: Continuidades<\/a><\/li>\n\n<li style=\"color: #_categorycolor\"><a href=\"https:\/\/ffyh.unc.edu.ar\/secyt\/proyectos\/territorialidades-latinoamericanas-en-mundos-por-venir-poeticas-de-re-paisamiento-y-re-comienzos-en-los-ensamblajes-heterogeneos-de-la-literatura-y-el-arte\/\">Territorialidades latinoamericanas en mundos por-venir:  po\u00e9ticas  de  re-paisamiento y re-comienzos en los ensamblajes heterog\u00e9neos de la literatura y el arte<\/a><\/li>\n\n<li style=\"color: #_categorycolor\"><a href=\"https:\/\/ffyh.unc.edu.ar\/secyt\/proyectos\/topografias-genericas-en-la-literatura-latina\/\">Topograf\u00edas gen\u00e9ricas en la literatura latina.  Din\u00e1micas po\u00e9ticas, sociohist\u00f3ricas y culturales del espacio romano (s. I aEC - s. IV EC)<\/a><\/li>\n\n<li style=\"color: #_categorycolor\"><a href=\"https:\/\/ffyh.unc.edu.ar\/secyt\/proyectos\/trabajadores-partidos-y-sindicatos-en-la-cordoba-contemporanea\/\">Trabajadores, partidos y sindicatos en la C\u00f3rdoba contempor\u00e1nea<\/a><\/li>\n\t<\/div>\r\n<\/div><\/ul>\n<\/details>\n<details>\n<summary><img decoding=\"async\" src=\"http:\/\/ffyh.unc.edu.ar\/secyt\/wp-content\/uploads\/sites\/22\/2024\/04\/archi.png\" width=\"35\" height=\"auto\" \/><strong>Escuela de Archivolog\u00eda<\/strong><\/summary>\n<ul><div class=\"em em-view-container\" id=\"em-view-655637946\" data-view=\"list\">\r\n\t<div class=\"em pixelbones em-list em-events-list\" id=\"em-events-list-655637946\" data-view-id=\"655637946\">\r\n\t\n<li style=\"color: #_categorycolor\"><a href=\"https:\/\/ffyh.unc.edu.ar\/secyt\/proyectos\/dinamicas-sociales-de-movilidad-permanencia-y-gestion-de-la-distancia-en-el-extremo-sur-de-la-america-hispanica-cordoba-siglos-xvi-y-xvii\/\">Din\u00e1micas sociales de movilidad, permanencia y gesti\u00f3n de la distancia en el extremo sur de la Am\u00e9rica Hisp\u00e1nica. C\u00f3rdoba (siglos XVI y XVII)<\/a><\/li>\n\t<\/div>\r\n<\/div><\/ul>\n<\/details>\n<details>\n<summary><img decoding=\"async\" src=\"http:\/\/ffyh.unc.edu.ar\/secyt\/wp-content\/uploads\/sites\/22\/2024\/04\/biblio.png\" width=\"35\" height=\"auto\" \/><strong>Escuela de Bibliotecolog\u00eda<\/strong><\/summary>\n<ul><div class=\"em em-view-container\" id=\"em-view-145450001\" data-view=\"list\">\r\n\t<div class=\"em pixelbones em-list em-events-list\" id=\"em-events-list-145450001\" data-view-id=\"145450001\">\r\n\t\n<li style=\"color: #_categorycolor\"><a href=\"https:\/\/ffyh.unc.edu.ar\/secyt\/proyectos\/el-futuro-de-las-bibliotecas-universitarias-frente-a-las-tecnologias-digitales-en-la-opinion-de-expertos\/\">El futuro de las bibliotecas universitarias frente a las tecnolog\u00edas digitales en la opini\u00f3n de expertos<\/a><\/li>\n\n<li style=\"color: #_categorycolor\"><a href=\"https:\/\/ffyh.unc.edu.ar\/secyt\/proyectos\/edicion-argentina-en-bibliotecologia\/\">Trazando caminos: cartograf\u00eda de la edici\u00f3n Argentina en bibliotecolog\u00eda (Siglos XX y XXI)<\/a><\/li>\n\t<\/div>\r\n<\/div><\/ul>\n<\/details>\n<details>\n<summary><img decoding=\"async\" src=\"http:\/\/ffyh.unc.edu.ar\/secyt\/wp-content\/uploads\/sites\/22\/2024\/04\/edu.png\" width=\"35\" height=\"auto\" \/><strong>Escuela de Ciencias de la Educaci\u00f3n<\/strong><\/summary>\n<ul><div class=\"em em-view-container\" id=\"em-view-454735048\" data-view=\"list\">\r\n\t<div class=\"em pixelbones em-list em-events-list\" id=\"em-events-list-454735048\" data-view-id=\"454735048\">\r\n\t\n<li style=\"color: #_categorycolor\"><a href=\"https:\/\/ffyh.unc.edu.ar\/secyt\/proyectos\/esi-unc\/\">Conocimientos, saberes y experiencias del campo de las sexualidades en la Formaci\u00f3n Docente Inicial: Estudio sobre ESI y pr\u00e1cticas de la Ense\u00f1anza en la Facultad de Filosofia y  Humanidades de la UNC<\/a><\/li>\n\n<li style=\"color: #_categorycolor\"><a href=\"https:\/\/ffyh.unc.edu.ar\/secyt\/proyectos\/derecho-a-la-educacion-democratizacion-educativa-y-social-y-la-construccion-de-condiciones-de-escolarizacion-con-foco-en-la-espacialidad\/\">Derecho a la educaci\u00f3n, democratizaci\u00f3n educativa y social y la construcci\u00f3n de condiciones de escolarizaci\u00f3n con foco en la espacialidad<\/a><\/li>\n\n<li style=\"color: #_categorycolor\"><a href=\"https:\/\/ffyh.unc.edu.ar\/secyt\/proyectos\/desbordes-feministas\/\">Desbordes feministas de los sures. Articulaciones entre sexualidades, lenguajes, cuerpos y pedagog\u00edas queer\/cuir como cr\u00edtica contra-cultural contempor\u00e1nea<\/a><\/li>\n\n<li style=\"color: #_categorycolor\"><a href=\"https:\/\/ffyh.unc.edu.ar\/secyt\/proyectos\/el-profesorado-en-historia\/\">El Profesorado en Historia: tensiones, agentes y escenarios de formaci\u00f3n. Estudio de caso: la Facultad de Filosof\u00eda y Humanidades (UNC) e Institutos de Formaci\u00f3n Docente de la Jurisdicci\u00f3n C\u00f3rdoba<\/a><\/li>\n\n<li style=\"color: #_categorycolor\"><a href=\"https:\/\/ffyh.unc.edu.ar\/secyt\/proyectos\/relacion-con-el-saber-en-la-escuela-secundaria\/\">Entre pol\u00edticas curriculares y nuevas modalidades institucionales de escolarizaci\u00f3n: la relaci\u00f3n con el saber en la escuela secundaria<\/a><\/li>\n\n<li style=\"color: #_categorycolor\"><a href=\"https:\/\/ffyh.unc.edu.ar\/secyt\/proyectos\/experiencias-pedagogicas-complejo-esperanza\/\">Experiencias pedag\u00f3gicas en la escuela primaria del Centro Socioeducativo Complejo Esperanza. Procesos de transmisi\u00f3n educativa desde la perspectiva de los sujetos<\/a><\/li>\n\n<li style=\"color: #_categorycolor\"><a href=\"https:\/\/ffyh.unc.edu.ar\/secyt\/proyectos\/formacion-trabajo-docente-y-practicas-pedagogicas\/\">Formaci\u00f3n, trabajo docente y pr\u00e1cticas pedag\u00f3gicas: prescripciones y saberes situados (C\u00f3rdoba, segunda mitad del siglo XIX y mediados del XX)<\/a><\/li>\n\n<li style=\"color: #_categorycolor\"><a href=\"https:\/\/ffyh.unc.edu.ar\/secyt\/proyectos\/iniciacion-a-la-docencia-ffyh\/\">Iniciaci\u00f3n a la docencia. Saberes pedag\u00f3gico-did\u00e1cticos de egresados de los profesores de Filosof\u00eda y de Ciencias de la Educaci\u00f3n de la FFyH-UNC<\/a><\/li>\n\n<li style=\"color: #_categorycolor\"><a href=\"https:\/\/ffyh.unc.edu.ar\/secyt\/proyectos\/educacion-de-jovenes-y-adultos\/\">Los desaf\u00edos pol\u00edticos pedag\u00f3gicos de la educaci\u00f3n de j\u00f3venes y adultos en los nuevos escenarios<\/a><\/li>\n\n<li style=\"color: #_categorycolor\"><a href=\"https:\/\/ffyh.unc.edu.ar\/secyt\/proyectos\/ontologia-social-poder-y-fronesis\/\">Ontolog\u00eda social, poder y fr\u00f3nesis: una propuesta onto-epist\u00e9mica para la investigaci\u00f3n en ciencias sociales<\/a><\/li>\n\n<li style=\"color: #_categorycolor\"><a href=\"https:\/\/ffyh.unc.edu.ar\/secyt\/proyectos\/politicas-de-inclusion-digital\/\">Pol\u00edticas de Inclusi\u00f3n Digital, procesos disruptivos: la formaci\u00f3n de profesores para el nivel secundario<\/a><\/li>\n\n<li style=\"color: #_categorycolor\"><a href=\"https:\/\/ffyh.unc.edu.ar\/secyt\/proyectos\/politicas-educativas-derecho-a-la-educacion-y-mercantilizacion-en-argentina-un-estudio-sobre-la-multiregulacion-del-sistema-educativo-y-sus-efectos-en-las-instituciones-y-lxs-sujetxs\/\">Pol\u00edticas educativas, derecho a la educaci\u00f3n y mercantilizaci\u00f3n en Argentina. Un estudio sobre la (multi)regulaci\u00f3n del sistema educativo y sus efectos en las instituciones y lxs sujetxs<\/a><\/li>\n\n<li style=\"color: #_categorycolor\"><a href=\"https:\/\/ffyh.unc.edu.ar\/secyt\/proyectos\/educacion-y-medios-digitales\/\">Pr\u00e1cticas de estudio con medios digitales que despliegan los docentes en sus procesos de formaci\u00f3n<\/a><\/li>\n\n<li style=\"color: #_categorycolor\"><a href=\"https:\/\/ffyh.unc.edu.ar\/secyt\/proyectos\/procesos-de-escolarizacion-practicas-escolares-y-experiencias-estudiantiles\/\">Procesos de escolarizaci\u00f3n, pr\u00e1cticas escolares y experiencias estudiantiles en C\u00f3rdoba desde mediados del siglo XX hasta la actualidad.<\/a><\/li>\n\n<li style=\"color: #_categorycolor\"><a href=\"https:\/\/ffyh.unc.edu.ar\/secyt\/proyectos\/procesos-de-exigibilidad-en-experiencias-de-acceso-a-derechos-de-poblaciones-atravesadas-por-el-control-social-punitivo\/\">Procesos de exigibilidad en experiencias de acceso a derechos de poblaciones atravesadas por el control social punitivo<\/a><\/li>\n\n<li style=\"color: #_categorycolor\"><a href=\"https:\/\/ffyh.unc.edu.ar\/secyt\/proyectos\/procesos-situados-de-aprendizajes-en-la-educacion-secundaria\/\">Procesos situados de aprendizajes en la educaci\u00f3n secundaria en la ciudad de C\u00f3rdoba: un estudio de las formas de participaci\u00f3n de estudiantes en el espacio curricular Proyecto de Intervenci\u00f3n Sociocomunitaria<\/a><\/li>\n\n<li style=\"color: #_categorycolor\"><a href=\"https:\/\/ffyh.unc.edu.ar\/secyt\/proyectos\/tecnologias-digitales-en-la-universidad\/\">Sentidos y estrategias de la inclusi\u00f3n de tecnolog\u00edas digitales en la universidad y en la Educaci\u00f3n Superior: pol\u00edticas, experiencias y pr\u00e1cticas emergentes<\/a><\/li>\n\n<li style=\"color: #_categorycolor\"><a href=\"https:\/\/ffyh.unc.edu.ar\/secyt\/proyectos\/trabajo-de-ensenar\/\">Trabajo de ense\u00f1ar, pol\u00edticas educativas, organizaci\u00f3n institucional y transmisi\u00f3n de contenidos. Estudio de casos en Escuela Secundaria y Universidad<\/a><\/li>\n\n<li style=\"color: #_categorycolor\"><a href=\"https:\/\/ffyh.unc.edu.ar\/secyt\/proyectos\/pedagogia-en-la-formacion-docente-inicial\/\">Una aproximaci\u00f3n al espacio curricular Pedagog\u00eda en la formaci\u00f3n docente inicial en C\u00f3rdoba<\/a><\/li>\n\t<\/div>\r\n<\/div>\n<\/ul>\n<\/details>\n<details>\n<summary><img decoding=\"async\" src=\"http:\/\/ffyh.unc.edu.ar\/secyt\/wp-content\/uploads\/sites\/22\/2024\/04\/filo.png\" width=\"35\" height=\"auto\" \/><strong>Escuela de Filosof\u00eda<\/strong><\/summary>\n<ul><div class=\"em em-view-container\" id=\"em-view-533311842\" data-view=\"list\">\r\n\t<div class=\"em pixelbones em-list em-events-list\" id=\"em-events-list-533311842\" data-view-id=\"533311842\">\r\n\t\n<li style=\"color: #_categorycolor\"><a href=\"https:\/\/ffyh.unc.edu.ar\/secyt\/proyectos\/crisis-de-la-politica\/\">\u00bfCrisis de la pol\u00edtica? Interrogantes en torno a la relaci\u00f3n entre cr\u00edtica, crisis y emancipaci\u00f3n en la filosof\u00eda y la teor\u00eda pol\u00edtica contempor\u00e1nea<\/a><\/li>\n\n<li style=\"color: #_categorycolor\"><a href=\"https:\/\/ffyh.unc.edu.ar\/secyt\/proyectos\/saber-hacer-el-campo-experiencias-formativas-en-clave-sociohistorica-en-espacios-rurales-en-transformacion\/\">\u00abSaber-hacer el campo\u00bb: experiencias formativas en clave sociohist\u00f3rica en espacios rurales en transformaci\u00f3n<\/a><\/li>\n\n<li style=\"color: #_categorycolor\"><a href=\"https:\/\/ffyh.unc.edu.ar\/secyt\/proyectos\/actualizaciones-del-neopirronismo\/\">Actualizaciones del neopirronismo: el legado del escepticismo griego en la filosof\u00eda moderna y contempor\u00e1nea<\/a><\/li>\n\n<li style=\"color: #_categorycolor\"><a href=\"https:\/\/ffyh.unc.edu.ar\/secyt\/proyectos\/algunos-aspectos-fundamentales-del-pensamiento\/\">Algunos aspectos fundamentales del pensamiento<\/a><\/li>\n\n<li style=\"color: #_categorycolor\"><a href=\"https:\/\/ffyh.unc.edu.ar\/secyt\/proyectos\/arendt-en-las-disputas-del-presente-politico-argentino\/\">Arendt en las disputas del presente pol\u00edtico argentino: republicanismos populares, feminismos y memorias<\/a><\/li>\n\n<li style=\"color: #_categorycolor\"><a href=\"https:\/\/ffyh.unc.edu.ar\/secyt\/proyectos\/filosofia-antigua-y-medieval\/\">Causalidad, contingencia y relaci\u00f3n: Textos, tradiciones y debates en la filosof\u00eda Antigua y Medieval<\/a><\/li>\n\n<li style=\"color: #_categorycolor\"><a href=\"https:\/\/ffyh.unc.edu.ar\/secyt\/proyectos\/competencia-emocional\/\">Competencia emocional: la educabilidad de las emociones en el marco de una concepci\u00f3n inferencial de la comprensi\u00f3n<\/a><\/li>\n\n<li style=\"color: #_categorycolor\"><a href=\"https:\/\/ffyh.unc.edu.ar\/secyt\/proyectos\/construccion-de-modelos-cientificos-aspectos-metodologicos-epistemologicos-e-historicos\/\">Construcci\u00f3n de modelos cient\u00edficos: aspectos metodol\u00f3gicos, epistemol\u00f3gicos e hist\u00f3ricos<\/a><\/li>\n\n<li style=\"color: #_categorycolor\"><a href=\"https:\/\/ffyh.unc.edu.ar\/secyt\/proyectos\/discurso-filosofico-y-politico-en-argentina\/\">Discurso filos\u00f3fico y pol\u00edtico en la Argentina del siglo XX. Herramientas para su abordaje: conceptos, lenguajes y saberes<\/a><\/li>\n\n<li style=\"color: #_categorycolor\"><a href=\"https:\/\/ffyh.unc.edu.ar\/secyt\/proyectos\/discusiones-fenomenologicas\/\">Discusiones fenomenol\u00f3gicas contempor\u00e1neas sobre cognici\u00f3n, afectividad y acci\u00f3n<\/a><\/li>\n\n<li style=\"color: #_categorycolor\"><a href=\"https:\/\/ffyh.unc.edu.ar\/secyt\/proyectos\/justicia-erotica\/\">Justicia er\u00f3tica: una cr\u00edtica cuir de las gram\u00e1ticas sexo-afectivas de nuestro tiempo<\/a><\/li>\n\n<li style=\"color: #_categorycolor\"><a href=\"https:\/\/ffyh.unc.edu.ar\/secyt\/proyectos\/la-empatia-y-el-rol-de-las-emociones\/\">La empat\u00eda y el rol de las emociones desde una visi\u00f3n postcognitivista social<\/a><\/li>\n\n<li style=\"color: #_categorycolor\"><a href=\"https:\/\/ffyh.unc.edu.ar\/secyt\/proyectos\/la-filosofia-de-nietzsche\/\">La filosof\u00eda de Nietzsche: fuentes y recepci\u00f3n en Hispanoam\u00e9rica (1900-1950)<\/a><\/li>\n\n<li style=\"color: #_categorycolor\"><a href=\"https:\/\/ffyh.unc.edu.ar\/secyt\/proyectos\/lazo-social-y-capitalismo\/\">Lazo social y capitalismo: resistencias, articulaciones y pliegues<\/a><\/li>\n\n<li style=\"color: #_categorycolor\"><a href=\"https:\/\/ffyh.unc.edu.ar\/secyt\/proyectos\/lenguajes-politicos-del-antropoceno\/\">Lenguajes pol\u00edticos del antropoceno<\/a><\/li>\n\n<li style=\"color: #_categorycolor\"><a href=\"https:\/\/ffyh.unc.edu.ar\/secyt\/proyectos\/interculturalizar-la-sociedad\/\">Los desaf\u00edos por interculturalizar la sociedad: usos, apropiaciones y tensiones<\/a><\/li>\n\n<li style=\"color: #_categorycolor\"><a href=\"https:\/\/ffyh.unc.edu.ar\/secyt\/proyectos\/mentes-intencionales\/\">Mentes intencionales: variedades de contenido, expresi\u00f3n y  atribuci\u00f3n<\/a><\/li>\n\n<li style=\"color: #_categorycolor\"><a href=\"https:\/\/ffyh.unc.edu.ar\/secyt\/proyectos\/modalidades-y-actitudes-proposicionales\/\">Modalidades y actitudes proposicionales: Precedentes hist\u00f3rico-filos\u00f3ficos y nuevas perspectivas l\u00f3gico-sem\u00e1nticas<\/a><\/li>\n\n<li style=\"color: #_categorycolor\"><a href=\"https:\/\/ffyh.unc.edu.ar\/secyt\/proyectos\/prometeo-y-el-algoritmo-la-inteligencia-artificial\/\">Prometeo y el algoritmo. La Inteligencia Artificial a la luz del pensamiento sobre la t\u00e9cnica de los siglos XX y XXI<\/a><\/li>\n\n<li style=\"color: #_categorycolor\"><a href=\"https:\/\/ffyh.unc.edu.ar\/secyt\/proyectos\/razonamiento-argumentacion-y-normatividad-logica\/\">Razonamiento, argumentaci\u00f3n y normatividad l\u00f3gica<\/a><\/li>\n\n<li style=\"color: #_categorycolor\"><a href=\"https:\/\/ffyh.unc.edu.ar\/secyt\/proyectos\/newtonianismo-en-la-filosofia-alemana\/\">Recepci\u00f3n e impacto del newtonianismo en la filosof\u00eda alemana del siglo XVIII<\/a><\/li>\n\n<li style=\"color: #_categorycolor\"><a href=\"https:\/\/ffyh.unc.edu.ar\/secyt\/proyectos\/repensar-lo-comun-en-america-latina-a-partir-de-la-descolonizacion-de-la-naturaleza-pensar-otros-mundos\/\">Repensar lo com\u00fan en Am\u00e9rica Latina a partir de la descolonizaci\u00f3n de la naturaleza. Pensar otros mundos<\/a><\/li>\n\t<\/div>\r\n<\/div><\/ul>\n<\/details>\n<details>\n<summary><img decoding=\"async\" src=\"http:\/\/ffyh.unc.edu.ar\/secyt\/wp-content\/uploads\/sites\/22\/2024\/04\/hist.png\" width=\"35\" height=\"auto\" \/><strong>Escuela de Historia<\/strong><\/summary>\n<ul><div class=\"em em-view-container\" id=\"em-view-747355316\" data-view=\"list\">\r\n\t<div class=\"em pixelbones em-list em-events-list\" id=\"em-events-list-747355316\" data-view-id=\"747355316\">\r\n\t\n<li style=\"color: #_categorycolor\"><a href=\"https:\/\/ffyh.unc.edu.ar\/secyt\/proyectos\/agendas-publicas-en-la-produccion-de-bienestar\/\">Actores, problemas y agendas p\u00fablicas en la producci\u00f3n de bienestar. C\u00f3rdoba (Argentina), 1930-1976<\/a><\/li>\n\n<li style=\"color: #_categorycolor\"><a href=\"https:\/\/ffyh.unc.edu.ar\/secyt\/proyectos\/antropologia-de-la-fiesta-y-el-juego\/\">Antropolog\u00eda de la fiesta y el juego: formas de sociabilidad, performances y subjetividades contempor\u00e1neas<\/a><\/li>\n\n<li style=\"color: #_categorycolor\"><a href=\"https:\/\/ffyh.unc.edu.ar\/secyt\/proyectos\/arqueologia-relacional-cumbres-calchaquies\/\">Arqueolog\u00eda relacional en entornos dom\u00e9sticos. Una aproximaci\u00f3n al estudio de la vida cotidiana en contextos aldeanos del sur de las Cumbres Calchaqu\u00edes (100 aC-1000 dC)<\/a><\/li>\n\n<li style=\"color: #_categorycolor\"><a href=\"https:\/\/ffyh.unc.edu.ar\/secyt\/proyectos\/culturas-y-acciones-politicas-en-cordoba\/\">Culturas y acciones pol\u00edticas en C\u00f3rdoba durante el siglo XX<\/a><\/li>\n\n<li style=\"color: #_categorycolor\"><a href=\"https:\/\/ffyh.unc.edu.ar\/secyt\/proyectos\/socialismo-internacional-en-europa-y-america\/\">De la Segunda a la Cuarta Internacional: an\u00e1lisis comparativos del socialismo internacional en Europa y Am\u00e9rica (1890-1990)<\/a><\/li>\n\n<li style=\"color: #_categorycolor\"><a href=\"https:\/\/ffyh.unc.edu.ar\/secyt\/proyectos\/desigualdades-sociales-y-mundo-del-trabajo\/\">Desigualdades sociales y mundo del trabajo en C\u00f3rdoba durante el proceso de modernizaci\u00f3n (1900-1930)<\/a><\/li>\n\n<li style=\"color: #_categorycolor\"><a href=\"https:\/\/ffyh.unc.edu.ar\/secyt\/proyectos\/elites-y-contraelites\/\">\u00c9lites y contraelites en la historia contempor\u00e1nea de Am\u00e9rica Latina: pol\u00edtica, econom\u00eda e ideas de 1880 a nuestros d\u00edas<\/a><\/li>\n\n<li style=\"color: #_categorycolor\"><a href=\"https:\/\/ffyh.unc.edu.ar\/secyt\/proyectos\/escritura-de-la-historia\/\">Escritura de la Historia: representaciones, debates y usos del pasado desde espacios locales y provinciales<\/a><\/li>\n\n<li style=\"color: #_categorycolor\"><a href=\"https:\/\/ffyh.unc.edu.ar\/secyt\/proyectos\/gobernacion-del-tucuman-relaciones-de-dominacion-y-explotacion-colonial-sobre-sociedades-indigenas-procesos-y-coyunturas-instituciones-y-actores-s-xvi-xviii\/\">Gobernaci\u00f3n del Tucum\u00e1n: relaciones de dominaci\u00f3n y explotaci\u00f3n colonial sobre sociedades ind\u00edgenas, procesos y coyunturas, instituciones y actores (s. XVI-XVIII)<\/a><\/li>\n\n<li style=\"color: #_categorycolor\"><a href=\"https:\/\/ffyh.unc.edu.ar\/secyt\/proyectos\/artes-juventudes-y-politicas\/\">Historia cultural del pasado reciente: artes, juventudes y pol\u00edticas en una C\u00f3rdoba en red (inter)nacional, 1960-2010<\/a><\/li>\n\n<li style=\"color: #_categorycolor\"><a href=\"https:\/\/ffyh.unc.edu.ar\/secyt\/proyectos\/historia-reciente-de-los-derechos-humanos\/\">Historia reciente de los derechos humanos entresiglos. Indagaciones e intervenciones  en y desde C\u00f3rdoba<\/a><\/li>\n\n<li style=\"color: #_categorycolor\"><a href=\"https:\/\/ffyh.unc.edu.ar\/secyt\/proyectos\/intersecciones-y-tensiones-entre-genero-y-procesos-formativos-en-extension-critica-exploraciones-de-la-praxis-extensionista-en-la-ffyh\/\">Intersecciones y tensiones entre g\u00e9nero y procesos formativos en extensi\u00f3n cr\u00edtica. Exploraciones de la praxis extensionista en la FFyH<\/a><\/li>\n\n<li style=\"color: #_categorycolor\"><a href=\"https:\/\/ffyh.unc.edu.ar\/secyt\/proyectos\/la-monarquia-hispanica\/\">La monarqu\u00eda hisp\u00e1nica en acci\u00f3n: poder, territorialidades y agentes en el siglo XVIII. Algunos estudios de caso.<\/a><\/li>\n\n<li style=\"color: #_categorycolor\"><a href=\"https:\/\/ffyh.unc.edu.ar\/secyt\/proyectos\/las-representaciones-del-profesorado-cordobes-sobre-las-invisibilidades-sociales-en-la-ensenanza-de-la-historia-argentina-apuestas-y-desafios-de-su-abordaje-en-las-aulas\/\">Las representaciones del profesorado cordob\u00e9s sobre las invisibilidades sociales en la ense\u00f1anza de la Historia Argentina: apuestas y desaf\u00edos de su abordaje en las aulas<\/a><\/li>\n\n<li style=\"color: #_categorycolor\"><a href=\"https:\/\/ffyh.unc.edu.ar\/secyt\/proyectos\/miedo-inseguridad-y-violencia\/\">Miedo, inseguridad y violencia en perspectiva hist\u00f3rica: las instituciones de control vistas desde sus destinatarios (C\u00f3rdoba, siglos XIX y XX)<\/a><\/li>\n\n<li style=\"color: #_categorycolor\"><a href=\"https:\/\/ffyh.unc.edu.ar\/secyt\/proyectos\/xi-jinping\/\">Observaci\u00f3n, an\u00e1lisis e interpretaci\u00f3n multidimensional del gobierno del presidente Xi Jinping (2013-actualidad) en la Rep\u00fablica Popular China (RPCh)<\/a><\/li>\n\n<li style=\"color: #_categorycolor\"><a href=\"https:\/\/ffyh.unc.edu.ar\/secyt\/proyectos\/problemas-de-historia-de-la-cultura\/\">Problemas de historia de la cultura y las ideas en Argentina, fase II: culturas e ideas, m\u00e1s ac\u00e1 y m\u00e1s all\u00e1 de las historias nacionales<\/a><\/li>\n\n<li style=\"color: #_categorycolor\"><a href=\"https:\/\/ffyh.unc.edu.ar\/secyt\/proyectos\/romanizacion\/\">Romanizaci\u00f3n: la deriva historiogr\u00e1fica &#039;brit\u00e1nica&#039; del debate desde los 90<\/a><\/li>\n\n<li style=\"color: #_categorycolor\"><a href=\"https:\/\/ffyh.unc.edu.ar\/secyt\/proyectos\/teoria-y-filosofia-de-la-historia-indagaciones-sobre-la-mediacion-y-sus-modos\/\">Teor\u00eda y filosof\u00eda de la historia: indagaciones sobre la mediaci\u00f3n y sus modos<\/a><\/li>\n\n<li style=\"color: #_categorycolor\"><a href=\"https:\/\/ffyh.unc.edu.ar\/secyt\/proyectos\/territorios-fronteras-relaciones-interetnicas\/\">Territorios, fronteras, relaciones inter\u00e9tnicas. Estudios desde el Tucum\u00e1n colonial a la conformaci\u00f3n de la Rep\u00fablica Argentina<\/a><\/li>\n\t<\/div>\r\n<\/div><\/ul>\n<\/details>\n<details>\n<summary><img decoding=\"async\" src=\"http:\/\/ffyh.unc.edu.ar\/secyt\/wp-content\/uploads\/sites\/22\/2024\/04\/letras.png\" width=\"35\" height=\"auto\" \/><strong>Escuela de Letras<\/strong><\/summary>\n<ul><div class=\"em em-view-container\" id=\"em-view-1910663171\" data-view=\"list\">\r\n\t<div class=\"em pixelbones em-list em-events-list\" id=\"em-events-list-1910663171\" data-view-id=\"1910663171\">\r\n\t\n<li style=\"color: #_categorycolor\"><a href=\"https:\/\/ffyh.unc.edu.ar\/secyt\/proyectos\/casas-narrativas\/\">\u201cCasas narrativas\u201d: extimidad, cuerpo, escritura y experiencia en la literatura extremo-contempor\u00e1nea<\/a><\/li>\n\n<li style=\"color: #_categorycolor\"><a href=\"https:\/\/ffyh.unc.edu.ar\/secyt\/proyectos\/archivos-de-la-modernidad-latinoamericana\/\">Archivos de la modernidad latinoamericana. Intervenciones contempor\u00e1neas de la literatura, la cr\u00edtica y la teor\u00eda<\/a><\/li>\n\n<li style=\"color: #_categorycolor\"><a href=\"https:\/\/ffyh.unc.edu.ar\/secyt\/proyectos\/cuestiones-esteticas-arte-escritura-y-pensamiento-contemporaneo\/\">Cuestiones Est\u00e9ticas: arte, escritura y pensamiento contempor\u00e1neo<\/a><\/li>\n\n<li style=\"color: #_categorycolor\"><a href=\"https:\/\/ffyh.unc.edu.ar\/secyt\/proyectos\/entre-el-odio-y-el-amor-platon\/\">Entre el odio y el amor. Di\u00e1logo, conocimiento y v\u00ednculos interpersonales en Plat\u00f3n. Antecedentes y proyecciones<\/a><\/li>\n\n<li style=\"color: #_categorycolor\"><a href=\"https:\/\/ffyh.unc.edu.ar\/secyt\/proyectos\/locuciones-adverbiales\/\">Entre la gram\u00e1tica, la fraseolog\u00eda y la sociodialectolog\u00eda: las locuciones adverbiales en la historia del espa\u00f1ol de C\u00f3rdoba (Argentina)<\/a><\/li>\n\n<li style=\"color: #_categorycolor\"><a href=\"https:\/\/ffyh.unc.edu.ar\/secyt\/proyectos\/escrituras-latinoamericanas\/\">Escrituras Latinoamericanas. Literatura, teoria y cr\u00edtica en debate<\/a><\/li>\n\n<li style=\"color: #_categorycolor\"><a href=\"https:\/\/ffyh.unc.edu.ar\/secyt\/proyectos\/especulaciones-ensayisticas-y-configuraciones-literarias-de-las-muchedumbres-y-las-comunidades-en-literaturas-del-cono-sur-argentina-bolivia-y-peru-tiempo-futuro-intemperie-y-monstruosidad-en-las\/\">Especulaciones ensay\u00edsticas y configuraciones literarias de las muchedumbres y las comunidades en literaturas del Cono Sur (Argentina, Bolivia y Per\u00fa): tiempo futuro, intemperie y monstruosidad en las representaciones del desborde popular (1950-2022)<\/a><\/li>\n\n<li style=\"color: #_categorycolor\"><a href=\"https:\/\/ffyh.unc.edu.ar\/secyt\/proyectos\/ficciones-teoricas-imaginacion-y-materialismos-en-la-literatura-y-las-artes-contemporaneas\/\">Ficciones te\u00f3ricas. Imaginaci\u00f3n y materialismos en la literatura y las artes contempor\u00e1neas<\/a><\/li>\n\n<li style=\"color: #_categorycolor\"><a href=\"https:\/\/ffyh.unc.edu.ar\/secyt\/proyectos\/figuras-de-una-racionalidad-estetica\/\">Figuras de una racionalidad est\u00e9tica. La modernidad y su parte maldita<\/a><\/li>\n\n<li style=\"color: #_categorycolor\"><a href=\"https:\/\/ffyh.unc.edu.ar\/secyt\/proyectos\/fronteras-y-violencias-en-las-literaturas-de-la-argentina\/\">Fronteras y violencias en las literaturas de la Argentina<\/a><\/li>\n\n<li style=\"color: #_categorycolor\"><a href=\"https:\/\/ffyh.unc.edu.ar\/secyt\/proyectos\/gender-y-genre-en-narrativas-actuales\/\">Gender y genre en narrativas actuales: afectos y potencia pol\u00edtica<\/a><\/li>\n\n<li style=\"color: #_categorycolor\"><a href=\"https:\/\/ffyh.unc.edu.ar\/secyt\/proyectos\/geonarraciones\/\">Geonarraciones: Figuraciones con hilos de cobre<\/a><\/li>\n\n<li style=\"color: #_categorycolor\"><a href=\"https:\/\/ffyh.unc.edu.ar\/secyt\/proyectos\/ingreso-a-letras\/\">Ingreso a Letras (FFyH, UNC). Problem\u00e1ticas disciplinares y estrategias para acompa\u00f1ar la integraci\u00f3n a la vida universitaria<\/a><\/li>\n\n<li style=\"color: #_categorycolor\"><a href=\"https:\/\/ffyh.unc.edu.ar\/secyt\/proyectos\/diversidad-y-variacion-linguistica\/\">La conformaci\u00f3n del corpus como problema y como proceso en estudios de caso sobre diversidad y variaci\u00f3n ling\u00fc\u00edstica<\/a><\/li>\n\n<li style=\"color: #_categorycolor\"><a href=\"https:\/\/ffyh.unc.edu.ar\/secyt\/proyectos\/la-escritura-como-gesto-estetico-politico-divergencias-poeticas-en-la-literatura-boliviana-de-los-siglos-xx-y-xxi\/\">La escritura como gesto est\u00e9tico pol\u00edtico. Divergencias po\u00e9ticas en la literatura boliviana de los siglos XX y XXI<\/a><\/li>\n\n<li style=\"color: #_categorycolor\"><a href=\"https:\/\/ffyh.unc.edu.ar\/secyt\/proyectos\/interaccion-generica\/\">La interacci\u00f3n gen\u00e9rica como pr\u00e1ctica literaria en la antig\u00fcedad. Desarrollo te\u00f3rico-conceptual y an\u00e1lisis de casos espec\u00edficos<\/a><\/li>\n\n<li style=\"color: #_categorycolor\"><a href=\"https:\/\/ffyh.unc.edu.ar\/secyt\/proyectos\/lecturas-lectores-y-contextos-educativos\/\">Lecturas, lectores y contextos educativos<\/a><\/li>\n\n<li style=\"color: #_categorycolor\"><a href=\"https:\/\/ffyh.unc.edu.ar\/secyt\/proyectos\/otredades-monstruosas\/\">Literatura y pol\u00edtica: configuraciones identitarias de las otredades monstruosas en la narrativa argentina contempor\u00e1nea<\/a><\/li>\n\n<li style=\"color: #_categorycolor\"><a href=\"https:\/\/ffyh.unc.edu.ar\/secyt\/proyectos\/revueltas-y-o-insurgencias-feministas-y-descoloniales\/\">Materiales est\u00e9ticos y cr\u00edticos del sur en revueltas y\/o insurgencias feministas y descoloniales<\/a><\/li>\n\n<li style=\"color: #_categorycolor\"><a href=\"https:\/\/ffyh.unc.edu.ar\/secyt\/proyectos\/musicas-populares\/\">M\u00fasicas populares a 40 a\u00f1os de la democracia. Identidades, afectos y demandas de democratizaci\u00f3n<\/a><\/li>\n\n<li style=\"color: #_categorycolor\"><a href=\"https:\/\/ffyh.unc.edu.ar\/secyt\/proyectos\/paisaje-linguistico-cordobes\/\">Paisaje ling\u00fc\u00edstico cordob\u00e9s: signos, apropiaciones e identidades en el espacio p\u00fablico<\/a><\/li>\n\n<li style=\"color: #_categorycolor\"><a href=\"https:\/\/ffyh.unc.edu.ar\/secyt\/proyectos\/semantica-y-argumentacion-especificidad-e-interrelaciones-en-la-lucha-por-la-imposicion-de-sentidos\/\">Sem\u00e1ntica y argumentaci\u00f3n: especificidad e interrelaciones en la lucha por la imposici\u00f3n de sentidos<\/a><\/li>\n\n<li style=\"color: #_categorycolor\"><a href=\"https:\/\/ffyh.unc.edu.ar\/secyt\/proyectos\/sexualidades-y-politicas-afectivas\/\">Sexualidades y pol\u00edticas afectivas: i\/dis\/rrupci\u00f3n de los feminismos en el discurso social argentino del 2015-2018<\/a><\/li>\n\n<li style=\"color: #_categorycolor\"><a href=\"https:\/\/ffyh.unc.edu.ar\/secyt\/proyectos\/tensiones-entre-autonomia-y-compromiso-en-la-literatura-europea\/\">Tensiones entre autonom\u00eda y compromiso en la literatura europea<\/a><\/li>\n\n<li style=\"color: #_categorycolor\"><a href=\"https:\/\/ffyh.unc.edu.ar\/secyt\/proyectos\/intertextualidad-en-la-literatura-latina\/\">Tipolog\u00edas de la intertextualidad en la literatura latina<\/a><\/li>\n\n<li style=\"color: #_categorycolor\"><a href=\"https:\/\/ffyh.unc.edu.ar\/secyt\/proyectos\/topografias-genericas-en-la-literatura-latina\/\">Topograf\u00edas gen\u00e9ricas en la literatura latina.  Din\u00e1micas po\u00e9ticas, sociohist\u00f3ricas y culturales del espacio romano (s. I aEC - s. IV EC)<\/a><\/li>\n\n<li style=\"color: #_categorycolor\"><a href=\"https:\/\/ffyh.unc.edu.ar\/secyt\/proyectos\/dramaturgias-de-cordoba\/\">Traducciones de lo autorreferencial en dramaturgias de C\u00f3rdoba en el siglo XXI. Parte II<\/a><\/li>\n\n<li style=\"color: #_categorycolor\"><a href=\"https:\/\/ffyh.unc.edu.ar\/secyt\/proyectos\/transitos-culturales-plurilinguismo-y-pluriculturalidad-en-la-literatura-moderna-y-contemporanea-mas-alla-de-la-literatura-nacional\/\">Tr\u00e1nsitos culturales. Pluriling\u00fcismo y pluriculturalidad en la literatura moderna y contempor\u00e1nea: m\u00e1s all\u00e1 de la literatura nacional<\/a><\/li>\n\t<\/div>\r\n<\/div><\/ul>\n<\/details>\n<details>\n<summary><img decoding=\"async\" src=\"http:\/\/ffyh.unc.edu.ar\/secyt\/wp-content\/uploads\/sites\/22\/2024\/04\/museo.png\" width=\"35\" height=\"auto\" \/><strong>Museo de Antropolog\u00edas<\/strong><\/summary>\n<ul><div class=\"em em-view-container\" id=\"em-view-1486882750\" data-view=\"list\">\r\n\t<div class=\"em pixelbones em-list em-events-list\" id=\"em-events-list-1486882750\" data-view-id=\"1486882750\">\r\n\t\n<li style=\"color: #_categorycolor\"><a href=\"https:\/\/ffyh.unc.edu.ar\/secyt\/proyectos\/etnografias-de-lo-carcelario\/\">Etnograf\u00edas de lo carcelario: di\u00e1logos interdisciplinarios para investigar e intervenir en contextos de encierro<\/a><\/li>\n\n<li style=\"color: #_categorycolor\"><a href=\"https:\/\/ffyh.unc.edu.ar\/secyt\/proyectos\/memorias-de-la-represion-y-la-violencia-politica\/\">Perspectivas etnogr\u00e1ficas sobre las memorias de la represi\u00f3n y la violencia pol\u00edtica en el pasado reciente: cuerpos, identidades y territorios (segunda etapa)<\/a><\/li>\n\n<li style=\"color: #_categorycolor\"><a href=\"https:\/\/ffyh.unc.edu.ar\/secyt\/proyectos\/territorios-y-pueblos-indigenas-disputas-y-conflictos-en-las-sierras-centrales-cuyo-y-patagonia-abordaje-etnografico-de-practicas-narrativas-y-cultura-material\/\">Territorios y pueblos ind\u00edgenas: disputas y conflictos en las Sierras Centrales, Cuyo y Patagonia. Abordaje etnogr\u00e1fico de pr\u00e1cticas, narrativas y cultura material<\/a><\/li>\n\n<li style=\"color: #_categorycolor\"><a href=\"https:\/\/ffyh.unc.edu.ar\/secyt\/proyectos\/violencias-institucionales-y-resistencias\/\">Violencias institucionales y resistencias en tiempos de pandemia y post-pandemia (C\u00f3rdoba)<\/a><\/li>\n\t<\/div>\r\n<\/div><\/ul>\n<\/details>\n<\/div>\n<\/div>\n<\/div>\n<div class=\"grafiquin\"><img loading=\"lazy\" decoding=\"async\" class=\"alignnone size-full wp-image-4062\" src=\"http:\/\/ffyh.unc.edu.ar\/secyt\/wp-content\/uploads\/sites\/22\/2024\/04\/3.gif\" alt=\"\" width=\"540\" height=\"960\" \/><\/div>\n<div class=\"proyetos-list-container\">\n<div class=\"proyectos-list\">\n<h3>\u00c1reas de investigaci\u00f3n<\/h3>\n<details>\n<summary><img decoding=\"async\" src=\"http:\/\/ffyh.unc.edu.ar\/secyt\/wp-content\/uploads\/sites\/22\/2024\/03\/Mesa-de-trabajo-7@2x.png\" width=\"35\" height=\"auto\" \/><strong>Antropolog\u00edas<\/strong><\/summary>\n<ul><div class=\"em em-view-container\" id=\"em-view-1740742709\" data-view=\"list\">\r\n\t<div class=\"em pixelbones em-list em-events-list\" id=\"em-events-list-1740742709\" data-view-id=\"1740742709\">\r\n\t\n<li style=\"color: #_categorycolor\"><a href=\"https:\/\/ffyh.unc.edu.ar\/secyt\/proyectos\/saber-hacer-el-campo-experiencias-formativas-en-clave-sociohistorica-en-espacios-rurales-en-transformacion\/\">\u00abSaber-hacer el campo\u00bb: experiencias formativas en clave sociohist\u00f3rica en espacios rurales en transformaci\u00f3n<\/a><\/li>\n\n<li style=\"color: #_categorycolor\"><a href=\"https:\/\/ffyh.unc.edu.ar\/secyt\/proyectos\/actividad-fisica-en-poblaciones-historicas-y-contemporaneas\/\">Actividad f\u00edsica en poblaciones hist\u00f3ricas y contempor\u00e1neas de Argentina: abordajes desde la Bioantropolog\u00eda<\/a><\/li>\n\n<li style=\"color: #_categorycolor\"><a href=\"https:\/\/ffyh.unc.edu.ar\/secyt\/proyectos\/mesa-afro-cordoba\/\">An\u00e1lisis de ancestr\u00eda gen\u00e9tica y construcciones identitarias en el colectivo de la Mesa Afro C\u00f3rdoba: un caso de antropolog\u00eda por demanda<\/a><\/li>\n\n<li style=\"color: #_categorycolor\"><a href=\"https:\/\/ffyh.unc.edu.ar\/secyt\/proyectos\/antropologia-de-la-fiesta-y-el-juego\/\">Antropolog\u00eda de la fiesta y el juego: formas de sociabilidad, performances y subjetividades contempor\u00e1neas<\/a><\/li>\n\n<li style=\"color: #_categorycolor\"><a href=\"https:\/\/ffyh.unc.edu.ar\/secyt\/proyectos\/antropologias-del-gestionar\/\">Antropologias del gestionar<\/a><\/li>\n\n<li style=\"color: #_categorycolor\"><a href=\"https:\/\/ffyh.unc.edu.ar\/secyt\/proyectos\/holoceno-tardio-cba\/\">Aportes desde la arqueolog\u00eda y la paleogen\u00e9tica al estudio de las poblaciones humanas de las sierras de C\u00f3rdoba durante el Holoceno tard\u00edo<\/a><\/li>\n\n<li style=\"color: #_categorycolor\"><a href=\"https:\/\/ffyh.unc.edu.ar\/secyt\/proyectos\/arqueologia-en-las-sierras-pampeanas-australes-poblamiento-humano-en-los-dominios-de-la-sierra-norte-cordoba-argentina\/\">Arqueolog\u00eda en las Sierras Pampeanas Australes: poblamiento humano en los dominios de la Sierra Norte (C\u00f3rdoba, Argentina)<\/a><\/li>\n\n<li style=\"color: #_categorycolor\"><a href=\"https:\/\/ffyh.unc.edu.ar\/secyt\/proyectos\/arqueologia-relacional-cumbres-calchaquies\/\">Arqueolog\u00eda relacional en entornos dom\u00e9sticos. Una aproximaci\u00f3n al estudio de la vida cotidiana en contextos aldeanos del sur de las Cumbres Calchaqu\u00edes (100 aC-1000 dC)<\/a><\/li>\n\n<li style=\"color: #_categorycolor\"><a href=\"https:\/\/ffyh.unc.edu.ar\/secyt\/proyectos\/conflictos-humano-artefacto-ambiente\/\">Conflictos humano &amp; artefacto-ambiente en el Chaco Seco: estudios de casos y an\u00e1lisis comparativos para la sostenibilidad local<\/a><\/li>\n\n<li style=\"color: #_categorycolor\"><a href=\"https:\/\/ffyh.unc.edu.ar\/secyt\/proyectos\/agenda-2030-en-la-argentina\/\">Creencias, sentidos y pol\u00edticas en torno a los Objetivos de Desarrollo Sostenible de la Agenda 2030 en la Argentina<\/a><\/li>\n\n<li style=\"color: #_categorycolor\"><a href=\"https:\/\/ffyh.unc.edu.ar\/secyt\/proyectos\/crisis-ambiental\/\">Desaf\u00edos epistemol\u00f3gicos en contexto de crisis ambiental. Interdisciplina, di\u00e1logo de saberes y vivires en el marco de luchas socioambientales<\/a><\/li>\n\n<li style=\"color: #_categorycolor\"><a href=\"https:\/\/ffyh.unc.edu.ar\/secyt\/proyectos\/paleoantropoceno-en-las-zonas-aridas-del-area-andino-patagonica\/\">El paleoantropoceno en las zonas \u00e1ridas del \u00e1rea andino-patag\u00f3nica. Problemas de investigaci\u00f3n y aspectos metodol\u00f3gicos<\/a><\/li>\n\n<li style=\"color: #_categorycolor\"><a href=\"https:\/\/ffyh.unc.edu.ar\/secyt\/proyectos\/periodo-prehispanico-tardio\/\">Elecciones tecnol\u00f3gicas durante el per\u00edodo prehisp\u00e1nico tard\u00edo (ca. 1500-450 AP) en los contextos sociales de la regi\u00f3n norte y centro de sierras centrales (C\u00f3rdoba)<\/a><\/li>\n\n<li style=\"color: #_categorycolor\"><a href=\"https:\/\/ffyh.unc.edu.ar\/secyt\/proyectos\/erotismos-placeres-y-sexo-en-la-cordoba-contemporanea-una-indagacion-socio-antropologica-de-celebraciones-experiencias-y-performances\/\">Erotismos, placeres y sexo en la C\u00f3rdoba contempor\u00e1nea. Una indagaci\u00f3n socio-antropol\u00f3gica de celebraciones, experiencias y performances<\/a><\/li>\n\n<li style=\"color: #_categorycolor\"><a href=\"https:\/\/ffyh.unc.edu.ar\/secyt\/proyectos\/estudio-en-larga-duracion-de-las-historias-sociales-y-ambientales-de-los-valles-altos-del-oeste-catamarqueno-ampliacion-e-integracion-de-perspectivas-y-areas\/\">Estudio en larga duraci\u00f3n de las historias sociales y ambientales de los valles altos del oeste catamarque\u00f1o: ampliaci\u00f3n e integraci\u00f3n de perspectivas y \u00e1reas.<\/a><\/li>\n\n<li style=\"color: #_categorycolor\"><a href=\"https:\/\/ffyh.unc.edu.ar\/secyt\/proyectos\/restos-humanos-indigenas\/\">Estudios interculturales, transdisciplinares e interinstitucionales sobre restos humanos ind\u00edgenas de inter\u00e9s arqueol\u00f3gico, patrimonializados y en guarda, en el Museo de Antropolog\u00edas y la Agencia C\u00f3rdoba Cultura<\/a><\/li>\n\n<li style=\"color: #_categorycolor\"><a href=\"https:\/\/ffyh.unc.edu.ar\/secyt\/proyectos\/etnografias-de-lo-carcelario\/\">Etnograf\u00edas de lo carcelario: di\u00e1logos interdisciplinarios para investigar e intervenir en contextos de encierro<\/a><\/li>\n\n<li style=\"color: #_categorycolor\"><a href=\"https:\/\/ffyh.unc.edu.ar\/secyt\/proyectos\/sociedades-aguada\/\">La experiencia de lo com\u00fan: las personas, las cosas y el mundo en las sociedades aguada en el Valle de Ambato, Catamarca (s. VI a XI d.C.)<\/a><\/li>\n\n<li style=\"color: #_categorycolor\"><a href=\"https:\/\/ffyh.unc.edu.ar\/secyt\/proyectos\/logicas-y-desvarios-corporales\/\">L\u00f3gicas y desvar\u00edos corporales: incidencias del conocimiento sobre\/desde los cuerpos<\/a><\/li>\n\n<li style=\"color: #_categorycolor\"><a href=\"https:\/\/ffyh.unc.edu.ar\/secyt\/proyectos\/interculturalizar-la-sociedad\/\">Los desaf\u00edos por interculturalizar la sociedad: usos, apropiaciones y tensiones<\/a><\/li>\n\n<li style=\"color: #_categorycolor\"><a href=\"https:\/\/ffyh.unc.edu.ar\/secyt\/proyectos\/materialidades-y-naturalezas-decoloniales-intersecciones-entre-arqueologia-y-etnografia\/\">Materialidades y Naturalezas Decoloniales: Intersecciones entre Arqueolog\u00eda y Etnograf\u00eda<\/a><\/li>\n\n<li style=\"color: #_categorycolor\"><a href=\"https:\/\/ffyh.unc.edu.ar\/secyt\/proyectos\/valle-de-ambato\/\">Modos de vida en el sector norte del Valle de Ambato, Catamarca (siglos I-XI d.C.)<\/a><\/li>\n\n<li style=\"color: #_categorycolor\"><a href=\"https:\/\/ffyh.unc.edu.ar\/secyt\/proyectos\/patrimonios-y-procesos-de-patrimonializacion\/\">Patrimonios y procesos de patrimonializaci\u00f3n: miradas situadas desde la Antropolog\u00eda<\/a><\/li>\n\n<li style=\"color: #_categorycolor\"><a href=\"https:\/\/ffyh.unc.edu.ar\/secyt\/proyectos\/memorias-de-la-represion-y-la-violencia-politica\/\">Perspectivas etnogr\u00e1ficas sobre las memorias de la represi\u00f3n y la violencia pol\u00edtica en el pasado reciente: cuerpos, identidades y territorios (segunda etapa)<\/a><\/li>\n\n<li style=\"color: #_categorycolor\"><a href=\"https:\/\/ffyh.unc.edu.ar\/secyt\/proyectos\/problemas-de-historia-de-la-cultura\/\">Problemas de historia de la cultura y las ideas en Argentina, fase II: culturas e ideas, m\u00e1s ac\u00e1 y m\u00e1s all\u00e1 de las historias nacionales<\/a><\/li>\n\n<li style=\"color: #_categorycolor\"><a href=\"https:\/\/ffyh.unc.edu.ar\/secyt\/proyectos\/spectra-ontologia-cosmopolitica-y-conocimiento-especulativo-desde-la-teoria-etnografica\/\">Spectra. Ontolog\u00eda, cosmopol\u00edtica y conocimiento especulativo desde la teor\u00eda etnogr\u00e1fica<\/a><\/li>\n\n<li style=\"color: #_categorycolor\"><a href=\"https:\/\/ffyh.unc.edu.ar\/secyt\/proyectos\/territorios-y-pueblos-indigenas-disputas-y-conflictos-en-las-sierras-centrales-cuyo-y-patagonia-abordaje-etnografico-de-practicas-narrativas-y-cultura-material\/\">Territorios y pueblos ind\u00edgenas: disputas y conflictos en las Sierras Centrales, Cuyo y Patagonia. Abordaje etnogr\u00e1fico de pr\u00e1cticas, narrativas y cultura material<\/a><\/li>\n\n<li style=\"color: #_categorycolor\"><a href=\"https:\/\/ffyh.unc.edu.ar\/secyt\/proyectos\/violencias-institucionales-y-resistencias\/\">Violencias institucionales y resistencias en tiempos de pandemia y post-pandemia (C\u00f3rdoba)<\/a><\/li>\n\t<\/div>\r\n<\/div><\/ul>\n<\/details>\n<details>\n<summary><img decoding=\"async\" src=\"http:\/\/ffyh.unc.edu.ar\/secyt\/wp-content\/uploads\/sites\/22\/2024\/03\/Mesa-de-trabajo-11@2x.png\" width=\"35\" height=\"auto\" \/><strong>Artes<\/strong><\/summary>\n<ul><div class=\"em em-view-container\" id=\"em-view-1853728161\" data-view=\"list\">\r\n\t<div class=\"em pixelbones em-list em-events-list\" id=\"em-events-list-1853728161\" data-view-id=\"1853728161\">\r\n\t\n<li style=\"color: #_categorycolor\"><a href=\"https:\/\/ffyh.unc.edu.ar\/secyt\/proyectos\/cuestiones-esteticas-arte-escritura-y-pensamiento-contemporaneo\/\">Cuestiones Est\u00e9ticas: arte, escritura y pensamiento contempor\u00e1neo<\/a><\/li>\n\n<li style=\"color: #_categorycolor\"><a href=\"https:\/\/ffyh.unc.edu.ar\/secyt\/proyectos\/ficcion-audiovisual-en-video-a-demanda-en-argentina-plataformas-interfaces-y-usos\/\">Ficci\u00f3n audiovisual en video-a-demanda en Argentina: Plataformas, interfaces y usos<\/a><\/li>\n\n<li style=\"color: #_categorycolor\"><a href=\"https:\/\/ffyh.unc.edu.ar\/secyt\/proyectos\/ficciones-teoricas-imaginacion-y-materialismos-en-la-literatura-y-las-artes-contemporaneas\/\">Ficciones te\u00f3ricas. Imaginaci\u00f3n y materialismos en la literatura y las artes contempor\u00e1neas<\/a><\/li>\n\n<li style=\"color: #_categorycolor\"><a href=\"https:\/\/ffyh.unc.edu.ar\/secyt\/proyectos\/figuras-de-una-racionalidad-estetica\/\">Figuras de una racionalidad est\u00e9tica. La modernidad y su parte maldita<\/a><\/li>\n\n<li style=\"color: #_categorycolor\"><a href=\"https:\/\/ffyh.unc.edu.ar\/secyt\/proyectos\/artes-juventudes-y-politicas\/\">Historia cultural del pasado reciente: artes, juventudes y pol\u00edticas en una C\u00f3rdoba en red (inter)nacional, 1960-2010<\/a><\/li>\n\n<li style=\"color: #_categorycolor\"><a href=\"https:\/\/ffyh.unc.edu.ar\/secyt\/proyectos\/revueltas-y-o-insurgencias-feministas-y-descoloniales\/\">Materiales est\u00e9ticos y cr\u00edticos del sur en revueltas y\/o insurgencias feministas y descoloniales<\/a><\/li>\n\t<\/div>\r\n<\/div><\/ul>\n<\/details>\n<details>\n<summary><img decoding=\"async\" src=\"http:\/\/ffyh.unc.edu.ar\/secyt\/wp-content\/uploads\/sites\/22\/2024\/03\/Mesa-de-trabajo-9@2x.png\" width=\"35\" height=\"auto\" \/><strong>Bibliotecolog\u00eda<\/strong><\/summary>\n<ul><div class=\"em em-view-container\" id=\"em-view-494613179\" data-view=\"list\">\r\n\t<div class=\"em pixelbones em-list em-events-list\" id=\"em-events-list-494613179\" data-view-id=\"494613179\">\r\n\t\n<li style=\"color: #_categorycolor\"><a href=\"https:\/\/ffyh.unc.edu.ar\/secyt\/proyectos\/el-futuro-de-las-bibliotecas-universitarias-frente-a-las-tecnologias-digitales-en-la-opinion-de-expertos\/\">El futuro de las bibliotecas universitarias frente a las tecnolog\u00edas digitales en la opini\u00f3n de expertos<\/a><\/li>\n\n<li style=\"color: #_categorycolor\"><a href=\"https:\/\/ffyh.unc.edu.ar\/secyt\/proyectos\/edicion-argentina-en-bibliotecologia\/\">Trazando caminos: cartograf\u00eda de la edici\u00f3n Argentina en bibliotecolog\u00eda (Siglos XX y XXI)<\/a><\/li>\n\t<\/div>\r\n<\/div><\/ul>\n<\/details>\n<details>\n<summary><img decoding=\"async\" src=\"http:\/\/ffyh.unc.edu.ar\/secyt\/wp-content\/uploads\/sites\/22\/2024\/03\/Mesa-de-trabajo-15@2x.png\" width=\"35\" height=\"auto\" \/><strong>Educaci\u00f3n<\/strong><\/summary>\n<ul><div class=\"em em-view-container\" id=\"em-view-370214808\" data-view=\"list\">\r\n\t<div class=\"em pixelbones em-list em-events-list\" id=\"em-events-list-370214808\" data-view-id=\"370214808\">\r\n\t\n<li style=\"color: #_categorycolor\"><a href=\"https:\/\/ffyh.unc.edu.ar\/secyt\/proyectos\/competencia-emocional\/\">Competencia emocional: la educabilidad de las emociones en el marco de una concepci\u00f3n inferencial de la comprensi\u00f3n<\/a><\/li>\n\n<li style=\"color: #_categorycolor\"><a href=\"https:\/\/ffyh.unc.edu.ar\/secyt\/proyectos\/esi-unc\/\">Conocimientos, saberes y experiencias del campo de las sexualidades en la Formaci\u00f3n Docente Inicial: Estudio sobre ESI y pr\u00e1cticas de la Ense\u00f1anza en la Facultad de Filosofia y  Humanidades de la UNC<\/a><\/li>\n\n<li style=\"color: #_categorycolor\"><a href=\"https:\/\/ffyh.unc.edu.ar\/secyt\/proyectos\/derecho-a-la-educacion-democratizacion-educativa-y-social-y-la-construccion-de-condiciones-de-escolarizacion-con-foco-en-la-espacialidad\/\">Derecho a la educaci\u00f3n, democratizaci\u00f3n educativa y social y la construcci\u00f3n de condiciones de escolarizaci\u00f3n con foco en la espacialidad<\/a><\/li>\n\n<li style=\"color: #_categorycolor\"><a href=\"https:\/\/ffyh.unc.edu.ar\/secyt\/proyectos\/el-profesorado-en-historia\/\">El Profesorado en Historia: tensiones, agentes y escenarios de formaci\u00f3n. Estudio de caso: la Facultad de Filosof\u00eda y Humanidades (UNC) e Institutos de Formaci\u00f3n Docente de la Jurisdicci\u00f3n C\u00f3rdoba<\/a><\/li>\n\n<li style=\"color: #_categorycolor\"><a href=\"https:\/\/ffyh.unc.edu.ar\/secyt\/proyectos\/relacion-con-el-saber-en-la-escuela-secundaria\/\">Entre pol\u00edticas curriculares y nuevas modalidades institucionales de escolarizaci\u00f3n: la relaci\u00f3n con el saber en la escuela secundaria<\/a><\/li>\n\n<li style=\"color: #_categorycolor\"><a href=\"https:\/\/ffyh.unc.edu.ar\/secyt\/proyectos\/experiencias-pedagogicas-complejo-esperanza\/\">Experiencias pedag\u00f3gicas en la escuela primaria del Centro Socioeducativo Complejo Esperanza. Procesos de transmisi\u00f3n educativa desde la perspectiva de los sujetos<\/a><\/li>\n\n<li style=\"color: #_categorycolor\"><a href=\"https:\/\/ffyh.unc.edu.ar\/secyt\/proyectos\/formacion-trabajo-docente-y-practicas-pedagogicas\/\">Formaci\u00f3n, trabajo docente y pr\u00e1cticas pedag\u00f3gicas: prescripciones y saberes situados (C\u00f3rdoba, segunda mitad del siglo XIX y mediados del XX)<\/a><\/li>\n\n<li style=\"color: #_categorycolor\"><a href=\"https:\/\/ffyh.unc.edu.ar\/secyt\/proyectos\/iniciacion-a-la-docencia-ffyh\/\">Iniciaci\u00f3n a la docencia. Saberes pedag\u00f3gico-did\u00e1cticos de egresados de los profesores de Filosof\u00eda y de Ciencias de la Educaci\u00f3n de la FFyH-UNC<\/a><\/li>\n\n<li style=\"color: #_categorycolor\"><a href=\"https:\/\/ffyh.unc.edu.ar\/secyt\/proyectos\/las-representaciones-del-profesorado-cordobes-sobre-las-invisibilidades-sociales-en-la-ensenanza-de-la-historia-argentina-apuestas-y-desafios-de-su-abordaje-en-las-aulas\/\">Las representaciones del profesorado cordob\u00e9s sobre las invisibilidades sociales en la ense\u00f1anza de la Historia Argentina: apuestas y desaf\u00edos de su abordaje en las aulas<\/a><\/li>\n\n<li style=\"color: #_categorycolor\"><a href=\"https:\/\/ffyh.unc.edu.ar\/secyt\/proyectos\/educacion-de-jovenes-y-adultos\/\">Los desaf\u00edos pol\u00edticos pedag\u00f3gicos de la educaci\u00f3n de j\u00f3venes y adultos en los nuevos escenarios<\/a><\/li>\n\n<li style=\"color: #_categorycolor\"><a href=\"https:\/\/ffyh.unc.edu.ar\/secyt\/proyectos\/politicas-de-inclusion-digital\/\">Pol\u00edticas de Inclusi\u00f3n Digital, procesos disruptivos: la formaci\u00f3n de profesores para el nivel secundario<\/a><\/li>\n\n<li style=\"color: #_categorycolor\"><a href=\"https:\/\/ffyh.unc.edu.ar\/secyt\/proyectos\/politicas-educativas-derecho-a-la-educacion-y-mercantilizacion-en-argentina-un-estudio-sobre-la-multiregulacion-del-sistema-educativo-y-sus-efectos-en-las-instituciones-y-lxs-sujetxs\/\">Pol\u00edticas educativas, derecho a la educaci\u00f3n y mercantilizaci\u00f3n en Argentina. Un estudio sobre la (multi)regulaci\u00f3n del sistema educativo y sus efectos en las instituciones y lxs sujetxs<\/a><\/li>\n\n<li style=\"color: #_categorycolor\"><a href=\"https:\/\/ffyh.unc.edu.ar\/secyt\/proyectos\/educacion-y-medios-digitales\/\">Pr\u00e1cticas de estudio con medios digitales que despliegan los docentes en sus procesos de formaci\u00f3n<\/a><\/li>\n\n<li style=\"color: #_categorycolor\"><a href=\"https:\/\/ffyh.unc.edu.ar\/secyt\/proyectos\/procesos-de-escolarizacion-practicas-escolares-y-experiencias-estudiantiles\/\">Procesos de escolarizaci\u00f3n, pr\u00e1cticas escolares y experiencias estudiantiles en C\u00f3rdoba desde mediados del siglo XX hasta la actualidad.<\/a><\/li>\n\n<li style=\"color: #_categorycolor\"><a href=\"https:\/\/ffyh.unc.edu.ar\/secyt\/proyectos\/procesos-situados-de-aprendizajes-en-la-educacion-secundaria\/\">Procesos situados de aprendizajes en la educaci\u00f3n secundaria en la ciudad de C\u00f3rdoba: un estudio de las formas de participaci\u00f3n de estudiantes en el espacio curricular Proyecto de Intervenci\u00f3n Sociocomunitaria<\/a><\/li>\n\n<li style=\"color: #_categorycolor\"><a href=\"https:\/\/ffyh.unc.edu.ar\/secyt\/proyectos\/tecnologias-digitales-en-la-universidad\/\">Sentidos y estrategias de la inclusi\u00f3n de tecnolog\u00edas digitales en la universidad y en la Educaci\u00f3n Superior: pol\u00edticas, experiencias y pr\u00e1cticas emergentes<\/a><\/li>\n\n<li style=\"color: #_categorycolor\"><a href=\"https:\/\/ffyh.unc.edu.ar\/secyt\/proyectos\/trabajo-de-ensenar\/\">Trabajo de ense\u00f1ar, pol\u00edticas educativas, organizaci\u00f3n institucional y transmisi\u00f3n de contenidos. Estudio de casos en Escuela Secundaria y Universidad<\/a><\/li>\n\n<li style=\"color: #_categorycolor\"><a href=\"https:\/\/ffyh.unc.edu.ar\/secyt\/proyectos\/pedagogia-en-la-formacion-docente-inicial\/\">Una aproximaci\u00f3n al espacio curricular Pedagog\u00eda en la formaci\u00f3n docente inicial en C\u00f3rdoba<\/a><\/li>\n\t<\/div>\r\n<\/div><\/ul>\n<\/details>\n<details>\n<summary><img decoding=\"async\" src=\"http:\/\/ffyh.unc.edu.ar\/secyt\/wp-content\/uploads\/sites\/22\/2024\/03\/Mesa-de-trabajo-6@2x.png\" width=\"35\" height=\"auto\" \/><strong>Ciencias Humanas y Sociales<\/strong><\/summary>\n<ul><div class=\"em em-view-container\" id=\"em-view-1100314554\" data-view=\"list\">\r\n\t<div class=\"em pixelbones em-list em-events-list\" id=\"em-events-list-1100314554\" data-view-id=\"1100314554\">\r\n\t\n<li style=\"color: #_categorycolor\"><a href=\"https:\/\/ffyh.unc.edu.ar\/secyt\/proyectos\/crisis-de-la-politica\/\">\u00bfCrisis de la pol\u00edtica? Interrogantes en torno a la relaci\u00f3n entre cr\u00edtica, crisis y emancipaci\u00f3n en la filosof\u00eda y la teor\u00eda pol\u00edtica contempor\u00e1nea<\/a><\/li>\n\n<li style=\"color: #_categorycolor\"><a href=\"https:\/\/ffyh.unc.edu.ar\/secyt\/proyectos\/saber-hacer-el-campo-experiencias-formativas-en-clave-sociohistorica-en-espacios-rurales-en-transformacion\/\">\u00abSaber-hacer el campo\u00bb: experiencias formativas en clave sociohist\u00f3rica en espacios rurales en transformaci\u00f3n<\/a><\/li>\n\n<li style=\"color: #_categorycolor\"><a href=\"https:\/\/ffyh.unc.edu.ar\/secyt\/proyectos\/agendas-publicas-en-la-produccion-de-bienestar\/\">Actores, problemas y agendas p\u00fablicas en la producci\u00f3n de bienestar. C\u00f3rdoba (Argentina), 1930-1976<\/a><\/li>\n\n<li style=\"color: #_categorycolor\"><a href=\"https:\/\/ffyh.unc.edu.ar\/secyt\/proyectos\/antropologia-de-la-fiesta-y-el-juego\/\">Antropolog\u00eda de la fiesta y el juego: formas de sociabilidad, performances y subjetividades contempor\u00e1neas<\/a><\/li>\n\n<li style=\"color: #_categorycolor\"><a href=\"https:\/\/ffyh.unc.edu.ar\/secyt\/proyectos\/antropologias-del-gestionar\/\">Antropologias del gestionar<\/a><\/li>\n\n<li style=\"color: #_categorycolor\"><a href=\"https:\/\/ffyh.unc.edu.ar\/secyt\/proyectos\/competencia-emocional\/\">Competencia emocional: la educabilidad de las emociones en el marco de una concepci\u00f3n inferencial de la comprensi\u00f3n<\/a><\/li>\n\n<li style=\"color: #_categorycolor\"><a href=\"https:\/\/ffyh.unc.edu.ar\/secyt\/proyectos\/esi-unc\/\">Conocimientos, saberes y experiencias del campo de las sexualidades en la Formaci\u00f3n Docente Inicial: Estudio sobre ESI y pr\u00e1cticas de la Ense\u00f1anza en la Facultad de Filosofia y  Humanidades de la UNC<\/a><\/li>\n\n<li style=\"color: #_categorycolor\"><a href=\"https:\/\/ffyh.unc.edu.ar\/secyt\/proyectos\/agenda-2030-en-la-argentina\/\">Creencias, sentidos y pol\u00edticas en torno a los Objetivos de Desarrollo Sostenible de la Agenda 2030 en la Argentina<\/a><\/li>\n\n<li style=\"color: #_categorycolor\"><a href=\"https:\/\/ffyh.unc.edu.ar\/secyt\/proyectos\/cuestiones-esteticas-arte-escritura-y-pensamiento-contemporaneo\/\">Cuestiones Est\u00e9ticas: arte, escritura y pensamiento contempor\u00e1neo<\/a><\/li>\n\n<li style=\"color: #_categorycolor\"><a href=\"https:\/\/ffyh.unc.edu.ar\/secyt\/proyectos\/culturas-y-acciones-politicas-en-cordoba\/\">Culturas y acciones pol\u00edticas en C\u00f3rdoba durante el siglo XX<\/a><\/li>\n\n<li style=\"color: #_categorycolor\"><a href=\"https:\/\/ffyh.unc.edu.ar\/secyt\/proyectos\/crisis-ambiental\/\">Desaf\u00edos epistemol\u00f3gicos en contexto de crisis ambiental. Interdisciplina, di\u00e1logo de saberes y vivires en el marco de luchas socioambientales<\/a><\/li>\n\n<li style=\"color: #_categorycolor\"><a href=\"https:\/\/ffyh.unc.edu.ar\/secyt\/proyectos\/desbordes-feministas\/\">Desbordes feministas de los sures. Articulaciones entre sexualidades, lenguajes, cuerpos y pedagog\u00edas queer\/cuir como cr\u00edtica contra-cultural contempor\u00e1nea<\/a><\/li>\n\n<li style=\"color: #_categorycolor\"><a href=\"https:\/\/ffyh.unc.edu.ar\/secyt\/proyectos\/desigualdades-sociales-y-disputas-por-la-produccion-reproduccion-y-apropiacion-de-los-espacios-urbanos-del-gran-cordoba\/\">Desigualdades sociales y disputas por la producci\u00f3n, reproducci\u00f3n y apropiaci\u00f3n de los espacios urbanos del Gran C\u00f3rdoba<\/a><\/li>\n\n<li style=\"color: #_categorycolor\"><a href=\"https:\/\/ffyh.unc.edu.ar\/secyt\/proyectos\/desigualdades-sociales-y-mundo-del-trabajo\/\">Desigualdades sociales y mundo del trabajo en C\u00f3rdoba durante el proceso de modernizaci\u00f3n (1900-1930)<\/a><\/li>\n\n<li style=\"color: #_categorycolor\"><a href=\"https:\/\/ffyh.unc.edu.ar\/secyt\/proyectos\/dinamicas-sociales-de-movilidad-permanencia-y-gestion-de-la-distancia-en-el-extremo-sur-de-la-america-hispanica-cordoba-siglos-xvi-y-xvii\/\">Din\u00e1micas sociales de movilidad, permanencia y gesti\u00f3n de la distancia en el extremo sur de la Am\u00e9rica Hisp\u00e1nica. C\u00f3rdoba (siglos XVI y XVII)<\/a><\/li>\n\n<li style=\"color: #_categorycolor\"><a href=\"https:\/\/ffyh.unc.edu.ar\/secyt\/proyectos\/discurso-filosofico-y-politico-en-argentina\/\">Discurso filos\u00f3fico y pol\u00edtico en la Argentina del siglo XX. Herramientas para su abordaje: conceptos, lenguajes y saberes<\/a><\/li>\n\n<li style=\"color: #_categorycolor\"><a href=\"https:\/\/ffyh.unc.edu.ar\/secyt\/proyectos\/elites-y-contraelites\/\">\u00c9lites y contraelites en la historia contempor\u00e1nea de Am\u00e9rica Latina: pol\u00edtica, econom\u00eda e ideas de 1880 a nuestros d\u00edas<\/a><\/li>\n\n<li style=\"color: #_categorycolor\"><a href=\"https:\/\/ffyh.unc.edu.ar\/secyt\/proyectos\/entre-el-odio-y-el-amor-platon\/\">Entre el odio y el amor. Di\u00e1logo, conocimiento y v\u00ednculos interpersonales en Plat\u00f3n. Antecedentes y proyecciones<\/a><\/li>\n\n<li style=\"color: #_categorycolor\"><a href=\"https:\/\/ffyh.unc.edu.ar\/secyt\/proyectos\/erotismos-placeres-y-sexo-en-la-cordoba-contemporanea-una-indagacion-socio-antropologica-de-celebraciones-experiencias-y-performances\/\">Erotismos, placeres y sexo en la C\u00f3rdoba contempor\u00e1nea. Una indagaci\u00f3n socio-antropol\u00f3gica de celebraciones, experiencias y performances<\/a><\/li>\n\n<li style=\"color: #_categorycolor\"><a href=\"https:\/\/ffyh.unc.edu.ar\/secyt\/proyectos\/especulaciones-ensayisticas-y-configuraciones-literarias-de-las-muchedumbres-y-las-comunidades-en-literaturas-del-cono-sur-argentina-bolivia-y-peru-tiempo-futuro-intemperie-y-monstruosidad-en-las\/\">Especulaciones ensay\u00edsticas y configuraciones literarias de las muchedumbres y las comunidades en literaturas del Cono Sur (Argentina, Bolivia y Per\u00fa): tiempo futuro, intemperie y monstruosidad en las representaciones del desborde popular (1950-2022)<\/a><\/li>\n\n<li style=\"color: #_categorycolor\"><a href=\"https:\/\/ffyh.unc.edu.ar\/secyt\/proyectos\/estudio-en-larga-duracion-de-las-historias-sociales-y-ambientales-de-los-valles-altos-del-oeste-catamarqueno-ampliacion-e-integracion-de-perspectivas-y-areas\/\">Estudio en larga duraci\u00f3n de las historias sociales y ambientales de los valles altos del oeste catamarque\u00f1o: ampliaci\u00f3n e integraci\u00f3n de perspectivas y \u00e1reas.<\/a><\/li>\n\n<li style=\"color: #_categorycolor\"><a href=\"https:\/\/ffyh.unc.edu.ar\/secyt\/proyectos\/etnografias-de-lo-carcelario\/\">Etnograf\u00edas de lo carcelario: di\u00e1logos interdisciplinarios para investigar e intervenir en contextos de encierro<\/a><\/li>\n\n<li style=\"color: #_categorycolor\"><a href=\"https:\/\/ffyh.unc.edu.ar\/secyt\/proyectos\/jovenes-migrantes\/\">Experiencias de movilidad de j\u00f3venes migrantes e hijxs de migrantes escolarizadxs en la ciudad de C\u00f3rdoba<\/a><\/li>\n\n<li style=\"color: #_categorycolor\"><a href=\"https:\/\/ffyh.unc.edu.ar\/secyt\/proyectos\/ficcion-audiovisual-en-video-a-demanda-en-argentina-plataformas-interfaces-y-usos\/\">Ficci\u00f3n audiovisual en video-a-demanda en Argentina: Plataformas, interfaces y usos<\/a><\/li>\n\n<li style=\"color: #_categorycolor\"><a href=\"https:\/\/ffyh.unc.edu.ar\/secyt\/proyectos\/geonarraciones\/\">Geonarraciones: Figuraciones con hilos de cobre<\/a><\/li>\n\n<li style=\"color: #_categorycolor\"><a href=\"https:\/\/ffyh.unc.edu.ar\/secyt\/proyectos\/geopolitica-del-espacio-ultraterrestre\/\">Geopol\u00edtica del espacio ultraterrestre: gobernanza de la red cient\u00edfico tecnol\u00f3gica y decisional de Argentina sobre la actividad espacial y su posici\u00f3n relativa en el contexto internacional<\/a><\/li>\n\n<li style=\"color: #_categorycolor\"><a href=\"https:\/\/ffyh.unc.edu.ar\/secyt\/proyectos\/imaginaciones-geograficas-cartografias-y-espacialidades\/\">Hacer en com\u00fan y resonancias del porvenir. (Des)pliegues de imaginaciones geogr\u00e1ficas, cartograf\u00edas y espacialidades desde m\u00faltiples existencias<\/a><\/li>\n\n<li style=\"color: #_categorycolor\"><a href=\"https:\/\/ffyh.unc.edu.ar\/secyt\/proyectos\/artes-juventudes-y-politicas\/\">Historia cultural del pasado reciente: artes, juventudes y pol\u00edticas en una C\u00f3rdoba en red (inter)nacional, 1960-2010<\/a><\/li>\n\n<li style=\"color: #_categorycolor\"><a href=\"https:\/\/ffyh.unc.edu.ar\/secyt\/proyectos\/historia-reciente-de-los-derechos-humanos\/\">Historia reciente de los derechos humanos entresiglos. Indagaciones e intervenciones  en y desde C\u00f3rdoba<\/a><\/li>\n\n<li style=\"color: #_categorycolor\"><a href=\"https:\/\/ffyh.unc.edu.ar\/secyt\/proyectos\/intersecciones-y-tensiones-entre-genero-y-procesos-formativos-en-extension-critica-exploraciones-de-la-praxis-extensionista-en-la-ffyh\/\">Intersecciones y tensiones entre g\u00e9nero y procesos formativos en extensi\u00f3n cr\u00edtica. Exploraciones de la praxis extensionista en la FFyH<\/a><\/li>\n\n<li style=\"color: #_categorycolor\"><a href=\"https:\/\/ffyh.unc.edu.ar\/secyt\/proyectos\/justicia-erotica\/\">Justicia er\u00f3tica: una cr\u00edtica cuir de las gram\u00e1ticas sexo-afectivas de nuestro tiempo<\/a><\/li>\n\n<li style=\"color: #_categorycolor\"><a href=\"https:\/\/ffyh.unc.edu.ar\/secyt\/proyectos\/la-filosofia-de-nietzsche\/\">La filosof\u00eda de Nietzsche: fuentes y recepci\u00f3n en Hispanoam\u00e9rica (1900-1950)<\/a><\/li>\n\n<li style=\"color: #_categorycolor\"><a href=\"https:\/\/ffyh.unc.edu.ar\/secyt\/proyectos\/logicas-y-desvarios-corporales\/\">L\u00f3gicas y desvar\u00edos corporales: incidencias del conocimiento sobre\/desde los cuerpos<\/a><\/li>\n\n<li style=\"color: #_categorycolor\"><a href=\"https:\/\/ffyh.unc.edu.ar\/secyt\/proyectos\/interculturalizar-la-sociedad\/\">Los desaf\u00edos por interculturalizar la sociedad: usos, apropiaciones y tensiones<\/a><\/li>\n\n<li style=\"color: #_categorycolor\"><a href=\"https:\/\/ffyh.unc.edu.ar\/secyt\/proyectos\/los-fuegos-serranos-en-cordoba\/\">Los fuegos serranos en C\u00f3rdoba: origen y destino de las tierras incendiadas en las Sierras Chicas de C\u00f3rdoba, Argentina.<\/a><\/li>\n\n<li style=\"color: #_categorycolor\"><a href=\"https:\/\/ffyh.unc.edu.ar\/secyt\/proyectos\/revueltas-y-o-insurgencias-feministas-y-descoloniales\/\">Materiales est\u00e9ticos y cr\u00edticos del sur en revueltas y\/o insurgencias feministas y descoloniales<\/a><\/li>\n\n<li style=\"color: #_categorycolor\"><a href=\"https:\/\/ffyh.unc.edu.ar\/secyt\/proyectos\/materialidades-y-naturalezas-decoloniales-intersecciones-entre-arqueologia-y-etnografia\/\">Materialidades y Naturalezas Decoloniales: Intersecciones entre Arqueolog\u00eda y Etnograf\u00eda<\/a><\/li>\n\n<li style=\"color: #_categorycolor\"><a href=\"https:\/\/ffyh.unc.edu.ar\/secyt\/proyectos\/miedo-inseguridad-y-violencia\/\">Miedo, inseguridad y violencia en perspectiva hist\u00f3rica: las instituciones de control vistas desde sus destinatarios (C\u00f3rdoba, siglos XIX y XX)<\/a><\/li>\n\n<li style=\"color: #_categorycolor\"><a href=\"https:\/\/ffyh.unc.edu.ar\/secyt\/proyectos\/musicas-populares\/\">M\u00fasicas populares a 40 a\u00f1os de la democracia. Identidades, afectos y demandas de democratizaci\u00f3n<\/a><\/li>\n\n<li style=\"color: #_categorycolor\"><a href=\"https:\/\/ffyh.unc.edu.ar\/secyt\/proyectos\/neoliberalismo-y-lazo-social\/\">Neoliberalismo y lazo social. Reflexiones sobre cambio epocal y formas espec\u00edficas de des\/recomposici\u00f3n social<\/a><\/li>\n\n<li style=\"color: #_categorycolor\"><a href=\"https:\/\/ffyh.unc.edu.ar\/secyt\/proyectos\/xi-jinping\/\">Observaci\u00f3n, an\u00e1lisis e interpretaci\u00f3n multidimensional del gobierno del presidente Xi Jinping (2013-actualidad) en la Rep\u00fablica Popular China (RPCh)<\/a><\/li>\n\n<li style=\"color: #_categorycolor\"><a href=\"https:\/\/ffyh.unc.edu.ar\/secyt\/proyectos\/ontologia-social-poder-y-fronesis\/\">Ontolog\u00eda social, poder y fr\u00f3nesis: una propuesta onto-epist\u00e9mica para la investigaci\u00f3n en ciencias sociales<\/a><\/li>\n\n<li style=\"color: #_categorycolor\"><a href=\"https:\/\/ffyh.unc.edu.ar\/secyt\/proyectos\/patrimonios-y-procesos-de-patrimonializacion\/\">Patrimonios y procesos de patrimonializaci\u00f3n: miradas situadas desde la Antropolog\u00eda<\/a><\/li>\n\n<li style=\"color: #_categorycolor\"><a href=\"https:\/\/ffyh.unc.edu.ar\/secyt\/proyectos\/problemas-de-historia-de-la-cultura\/\">Problemas de historia de la cultura y las ideas en Argentina, fase II: culturas e ideas, m\u00e1s ac\u00e1 y m\u00e1s all\u00e1 de las historias nacionales<\/a><\/li>\n\n<li style=\"color: #_categorycolor\"><a href=\"https:\/\/ffyh.unc.edu.ar\/secyt\/proyectos\/procesos-de-exigibilidad-en-experiencias-de-acceso-a-derechos-de-poblaciones-atravesadas-por-el-control-social-punitivo\/\">Procesos de exigibilidad en experiencias de acceso a derechos de poblaciones atravesadas por el control social punitivo<\/a><\/li>\n\n<li style=\"color: #_categorycolor\"><a href=\"https:\/\/ffyh.unc.edu.ar\/secyt\/proyectos\/transformacion-territorial-en-espacios-periurbanos\/\">Procesos de transformaci\u00f3n territorial en espacios periurbanos, asociados a din\u00e1micas de expansi\u00f3n urbana. Regi\u00f3n Metropolitana C\u00f3rdoba, 2000-2023<\/a><\/li>\n\n<li style=\"color: #_categorycolor\"><a href=\"https:\/\/ffyh.unc.edu.ar\/secyt\/proyectos\/proyecto-khora-topologias-de-la-investigacion-en-literatura-y-en-sus-fronteras-continuidades\/\">Proyecto Kh\u00f4ra: Topolog\u00edas de la investigaci\u00f3n en literatura y en sus fronteras: Continuidades<\/a><\/li>\n\n<li style=\"color: #_categorycolor\"><a href=\"https:\/\/ffyh.unc.edu.ar\/secyt\/proyectos\/repensar-lo-comun-en-america-latina-a-partir-de-la-descolonizacion-de-la-naturaleza-pensar-otros-mundos\/\">Repensar lo com\u00fan en Am\u00e9rica Latina a partir de la descolonizaci\u00f3n de la naturaleza. Pensar otros mundos<\/a><\/li>\n\n<li style=\"color: #_categorycolor\"><a href=\"https:\/\/ffyh.unc.edu.ar\/secyt\/proyectos\/sexualidades-y-politicas-afectivas\/\">Sexualidades y pol\u00edticas afectivas: i\/dis\/rrupci\u00f3n de los feminismos en el discurso social argentino del 2015-2018<\/a><\/li>\n\n<li style=\"color: #_categorycolor\"><a href=\"https:\/\/ffyh.unc.edu.ar\/secyt\/proyectos\/spectra-ontologia-cosmopolitica-y-conocimiento-especulativo-desde-la-teoria-etnografica\/\">Spectra. Ontolog\u00eda, cosmopol\u00edtica y conocimiento especulativo desde la teor\u00eda etnogr\u00e1fica<\/a><\/li>\n\n<li style=\"color: #_categorycolor\"><a href=\"https:\/\/ffyh.unc.edu.ar\/secyt\/proyectos\/teoria-y-filosofia-de-la-historia-indagaciones-sobre-la-mediacion-y-sus-modos\/\">Teor\u00eda y filosof\u00eda de la historia: indagaciones sobre la mediaci\u00f3n y sus modos<\/a><\/li>\n\n<li style=\"color: #_categorycolor\"><a href=\"https:\/\/ffyh.unc.edu.ar\/secyt\/proyectos\/territorios-y-pueblos-indigenas-disputas-y-conflictos-en-las-sierras-centrales-cuyo-y-patagonia-abordaje-etnografico-de-practicas-narrativas-y-cultura-material\/\">Territorios y pueblos ind\u00edgenas: disputas y conflictos en las Sierras Centrales, Cuyo y Patagonia. Abordaje etnogr\u00e1fico de pr\u00e1cticas, narrativas y cultura material<\/a><\/li>\n\n<li style=\"color: #_categorycolor\"><a href=\"https:\/\/ffyh.unc.edu.ar\/secyt\/proyectos\/territorios-fronteras-relaciones-interetnicas\/\">Territorios, fronteras, relaciones inter\u00e9tnicas. Estudios desde el Tucum\u00e1n colonial a la conformaci\u00f3n de la Rep\u00fablica Argentina<\/a><\/li>\n\n<li style=\"color: #_categorycolor\"><a href=\"https:\/\/ffyh.unc.edu.ar\/secyt\/proyectos\/topografias-genericas-en-la-literatura-latina\/\">Topograf\u00edas gen\u00e9ricas en la literatura latina.  Din\u00e1micas po\u00e9ticas, sociohist\u00f3ricas y culturales del espacio romano (s. I aEC - s. IV EC)<\/a><\/li>\n\n<li style=\"color: #_categorycolor\"><a href=\"https:\/\/ffyh.unc.edu.ar\/secyt\/proyectos\/trabajadores-partidos-y-sindicatos-en-la-cordoba-contemporanea\/\">Trabajadores, partidos y sindicatos en la C\u00f3rdoba contempor\u00e1nea<\/a><\/li>\n\t<\/div>\r\n<\/div><\/ul>\n<\/details>\n<details>\n<summary><img decoding=\"async\" src=\"http:\/\/ffyh.unc.edu.ar\/secyt\/wp-content\/uploads\/sites\/22\/2024\/03\/Mesa-de-trabajo-16@2x.png\" width=\"35\" height=\"auto\" \/><strong>Estudios Latinoamericanos<\/strong><\/summary>\n<ul><div class=\"em em-view-container\" id=\"em-view-2074873477\" data-view=\"list\">\r\n\t<div class=\"em pixelbones em-list em-events-list\" id=\"em-events-list-2074873477\" data-view-id=\"2074873477\">\r\n\t\n<li style=\"color: #_categorycolor\"><a href=\"https:\/\/ffyh.unc.edu.ar\/secyt\/proyectos\/archivos-de-la-modernidad-latinoamericana\/\">Archivos de la modernidad latinoamericana. Intervenciones contempor\u00e1neas de la literatura, la cr\u00edtica y la teor\u00eda<\/a><\/li>\n\n<li style=\"color: #_categorycolor\"><a href=\"https:\/\/ffyh.unc.edu.ar\/secyt\/proyectos\/elites-y-contraelites\/\">\u00c9lites y contraelites en la historia contempor\u00e1nea de Am\u00e9rica Latina: pol\u00edtica, econom\u00eda e ideas de 1880 a nuestros d\u00edas<\/a><\/li>\n\n<li style=\"color: #_categorycolor\"><a href=\"https:\/\/ffyh.unc.edu.ar\/secyt\/proyectos\/escrituras-latinoamericanas\/\">Escrituras Latinoamericanas. Literatura, teoria y cr\u00edtica en debate<\/a><\/li>\n\n<li style=\"color: #_categorycolor\"><a href=\"https:\/\/ffyh.unc.edu.ar\/secyt\/proyectos\/especulaciones-ensayisticas-y-configuraciones-literarias-de-las-muchedumbres-y-las-comunidades-en-literaturas-del-cono-sur-argentina-bolivia-y-peru-tiempo-futuro-intemperie-y-monstruosidad-en-las\/\">Especulaciones ensay\u00edsticas y configuraciones literarias de las muchedumbres y las comunidades en literaturas del Cono Sur (Argentina, Bolivia y Per\u00fa): tiempo futuro, intemperie y monstruosidad en las representaciones del desborde popular (1950-2022)<\/a><\/li>\n\n<li style=\"color: #_categorycolor\"><a href=\"https:\/\/ffyh.unc.edu.ar\/secyt\/proyectos\/repensar-lo-comun-en-america-latina-a-partir-de-la-descolonizacion-de-la-naturaleza-pensar-otros-mundos\/\">Repensar lo com\u00fan en Am\u00e9rica Latina a partir de la descolonizaci\u00f3n de la naturaleza. Pensar otros mundos<\/a><\/li>\n\n<li style=\"color: #_categorycolor\"><a href=\"https:\/\/ffyh.unc.edu.ar\/secyt\/proyectos\/territorialidades-latinoamericanas-en-mundos-por-venir-poeticas-de-re-paisamiento-y-re-comienzos-en-los-ensamblajes-heterogeneos-de-la-literatura-y-el-arte\/\">Territorialidades latinoamericanas en mundos por-venir:  po\u00e9ticas  de  re-paisamiento y re-comienzos en los ensamblajes heterog\u00e9neos de la literatura y el arte<\/a><\/li>\n\t<\/div>\r\n<\/div><\/ul>\n<\/details>\n<details>\n<summary><img decoding=\"async\" src=\"http:\/\/ffyh.unc.edu.ar\/secyt\/wp-content\/uploads\/sites\/22\/2024\/03\/Mesa-de-trabajo-4@2x.png\" width=\"35\" height=\"auto\" \/><strong>Filosof\u00eda<\/strong><\/summary>\n<ul><div class=\"em em-view-container\" id=\"em-view-2049733707\" data-view=\"list\">\r\n\t<div class=\"em pixelbones em-list em-events-list\" id=\"em-events-list-2049733707\" data-view-id=\"2049733707\">\r\n\t\n<li style=\"color: #_categorycolor\"><a href=\"https:\/\/ffyh.unc.edu.ar\/secyt\/proyectos\/crisis-de-la-politica\/\">\u00bfCrisis de la pol\u00edtica? Interrogantes en torno a la relaci\u00f3n entre cr\u00edtica, crisis y emancipaci\u00f3n en la filosof\u00eda y la teor\u00eda pol\u00edtica contempor\u00e1nea<\/a><\/li>\n\n<li style=\"color: #_categorycolor\"><a href=\"https:\/\/ffyh.unc.edu.ar\/secyt\/proyectos\/actualizaciones-del-neopirronismo\/\">Actualizaciones del neopirronismo: el legado del escepticismo griego en la filosof\u00eda moderna y contempor\u00e1nea<\/a><\/li>\n\n<li style=\"color: #_categorycolor\"><a href=\"https:\/\/ffyh.unc.edu.ar\/secyt\/proyectos\/algunos-aspectos-fundamentales-del-pensamiento\/\">Algunos aspectos fundamentales del pensamiento<\/a><\/li>\n\n<li style=\"color: #_categorycolor\"><a href=\"https:\/\/ffyh.unc.edu.ar\/secyt\/proyectos\/arendt-en-las-disputas-del-presente-politico-argentino\/\">Arendt en las disputas del presente pol\u00edtico argentino: republicanismos populares, feminismos y memorias<\/a><\/li>\n\n<li style=\"color: #_categorycolor\"><a href=\"https:\/\/ffyh.unc.edu.ar\/secyt\/proyectos\/filosofia-antigua-y-medieval\/\">Causalidad, contingencia y relaci\u00f3n: Textos, tradiciones y debates en la filosof\u00eda Antigua y Medieval<\/a><\/li>\n\n<li style=\"color: #_categorycolor\"><a href=\"https:\/\/ffyh.unc.edu.ar\/secyt\/proyectos\/construccion-de-modelos-cientificos-aspectos-metodologicos-epistemologicos-e-historicos\/\">Construcci\u00f3n de modelos cient\u00edficos: aspectos metodol\u00f3gicos, epistemol\u00f3gicos e hist\u00f3ricos<\/a><\/li>\n\n<li style=\"color: #_categorycolor\"><a href=\"https:\/\/ffyh.unc.edu.ar\/secyt\/proyectos\/discurso-filosofico-y-politico-en-argentina\/\">Discurso filos\u00f3fico y pol\u00edtico en la Argentina del siglo XX. Herramientas para su abordaje: conceptos, lenguajes y saberes<\/a><\/li>\n\n<li style=\"color: #_categorycolor\"><a href=\"https:\/\/ffyh.unc.edu.ar\/secyt\/proyectos\/discusiones-fenomenologicas\/\">Discusiones fenomenol\u00f3gicas contempor\u00e1neas sobre cognici\u00f3n, afectividad y acci\u00f3n<\/a><\/li>\n\n<li style=\"color: #_categorycolor\"><a href=\"https:\/\/ffyh.unc.edu.ar\/secyt\/proyectos\/justicia-erotica\/\">Justicia er\u00f3tica: una cr\u00edtica cuir de las gram\u00e1ticas sexo-afectivas de nuestro tiempo<\/a><\/li>\n\n<li style=\"color: #_categorycolor\"><a href=\"https:\/\/ffyh.unc.edu.ar\/secyt\/proyectos\/la-empatia-y-el-rol-de-las-emociones\/\">La empat\u00eda y el rol de las emociones desde una visi\u00f3n postcognitivista social<\/a><\/li>\n\n<li style=\"color: #_categorycolor\"><a href=\"https:\/\/ffyh.unc.edu.ar\/secyt\/proyectos\/la-filosofia-de-nietzsche\/\">La filosof\u00eda de Nietzsche: fuentes y recepci\u00f3n en Hispanoam\u00e9rica (1900-1950)<\/a><\/li>\n\n<li style=\"color: #_categorycolor\"><a href=\"https:\/\/ffyh.unc.edu.ar\/secyt\/proyectos\/lazo-social-y-capitalismo\/\">Lazo social y capitalismo: resistencias, articulaciones y pliegues<\/a><\/li>\n\n<li style=\"color: #_categorycolor\"><a href=\"https:\/\/ffyh.unc.edu.ar\/secyt\/proyectos\/lenguajes-politicos-del-antropoceno\/\">Lenguajes pol\u00edticos del antropoceno<\/a><\/li>\n\n<li style=\"color: #_categorycolor\"><a href=\"https:\/\/ffyh.unc.edu.ar\/secyt\/proyectos\/mentes-intencionales\/\">Mentes intencionales: variedades de contenido, expresi\u00f3n y  atribuci\u00f3n<\/a><\/li>\n\n<li style=\"color: #_categorycolor\"><a href=\"https:\/\/ffyh.unc.edu.ar\/secyt\/proyectos\/modalidades-y-actitudes-proposicionales\/\">Modalidades y actitudes proposicionales: Precedentes hist\u00f3rico-filos\u00f3ficos y nuevas perspectivas l\u00f3gico-sem\u00e1nticas<\/a><\/li>\n\n<li style=\"color: #_categorycolor\"><a href=\"https:\/\/ffyh.unc.edu.ar\/secyt\/proyectos\/ontologia-social-poder-y-fronesis\/\">Ontolog\u00eda social, poder y fr\u00f3nesis: una propuesta onto-epist\u00e9mica para la investigaci\u00f3n en ciencias sociales<\/a><\/li>\n\n<li style=\"color: #_categorycolor\"><a href=\"https:\/\/ffyh.unc.edu.ar\/secyt\/proyectos\/prometeo-y-el-algoritmo-la-inteligencia-artificial\/\">Prometeo y el algoritmo. La Inteligencia Artificial a la luz del pensamiento sobre la t\u00e9cnica de los siglos XX y XXI<\/a><\/li>\n\n<li style=\"color: #_categorycolor\"><a href=\"https:\/\/ffyh.unc.edu.ar\/secyt\/proyectos\/razonamiento-argumentacion-y-normatividad-logica\/\">Razonamiento, argumentaci\u00f3n y normatividad l\u00f3gica<\/a><\/li>\n\n<li style=\"color: #_categorycolor\"><a href=\"https:\/\/ffyh.unc.edu.ar\/secyt\/proyectos\/newtonianismo-en-la-filosofia-alemana\/\">Recepci\u00f3n e impacto del newtonianismo en la filosof\u00eda alemana del siglo XVIII<\/a><\/li>\n\n<li style=\"color: #_categorycolor\"><a href=\"https:\/\/ffyh.unc.edu.ar\/secyt\/proyectos\/teoria-y-filosofia-de-la-historia-indagaciones-sobre-la-mediacion-y-sus-modos\/\">Teor\u00eda y filosof\u00eda de la historia: indagaciones sobre la mediaci\u00f3n y sus modos<\/a><\/li>\n\t<\/div>\r\n<\/div><\/ul>\n<\/details>\n<details>\n<summary><img decoding=\"async\" src=\"http:\/\/ffyh.unc.edu.ar\/secyt\/wp-content\/uploads\/sites\/22\/2024\/03\/Mesa-de-trabajo-3@2x.png\" width=\"35\" height=\"auto\" \/><strong>G\u00e9nero y feminismos<\/strong><\/summary>\n<ul><div class=\"em em-view-container\" id=\"em-view-78145525\" data-view=\"list\">\r\n\t<div class=\"em pixelbones em-list em-events-list\" id=\"em-events-list-78145525\" data-view-id=\"78145525\">\r\n\t\n<li style=\"color: #_categorycolor\"><a href=\"https:\/\/ffyh.unc.edu.ar\/secyt\/proyectos\/arendt-en-las-disputas-del-presente-politico-argentino\/\">Arendt en las disputas del presente pol\u00edtico argentino: republicanismos populares, feminismos y memorias<\/a><\/li>\n\n<li style=\"color: #_categorycolor\"><a href=\"https:\/\/ffyh.unc.edu.ar\/secyt\/proyectos\/esi-unc\/\">Conocimientos, saberes y experiencias del campo de las sexualidades en la Formaci\u00f3n Docente Inicial: Estudio sobre ESI y pr\u00e1cticas de la Ense\u00f1anza en la Facultad de Filosofia y  Humanidades de la UNC<\/a><\/li>\n\n<li style=\"color: #_categorycolor\"><a href=\"https:\/\/ffyh.unc.edu.ar\/secyt\/proyectos\/desbordes-feministas\/\">Desbordes feministas de los sures. Articulaciones entre sexualidades, lenguajes, cuerpos y pedagog\u00edas queer\/cuir como cr\u00edtica contra-cultural contempor\u00e1nea<\/a><\/li>\n\n<li style=\"color: #_categorycolor\"><a href=\"https:\/\/ffyh.unc.edu.ar\/secyt\/proyectos\/erotismos-placeres-y-sexo-en-la-cordoba-contemporanea-una-indagacion-socio-antropologica-de-celebraciones-experiencias-y-performances\/\">Erotismos, placeres y sexo en la C\u00f3rdoba contempor\u00e1nea. Una indagaci\u00f3n socio-antropol\u00f3gica de celebraciones, experiencias y performances<\/a><\/li>\n\n<li style=\"color: #_categorycolor\"><a href=\"https:\/\/ffyh.unc.edu.ar\/secyt\/proyectos\/gender-y-genre-en-narrativas-actuales\/\">Gender y genre en narrativas actuales: afectos y potencia pol\u00edtica<\/a><\/li>\n\n<li style=\"color: #_categorycolor\"><a href=\"https:\/\/ffyh.unc.edu.ar\/secyt\/proyectos\/intersecciones-y-tensiones-entre-genero-y-procesos-formativos-en-extension-critica-exploraciones-de-la-praxis-extensionista-en-la-ffyh\/\">Intersecciones y tensiones entre g\u00e9nero y procesos formativos en extensi\u00f3n cr\u00edtica. Exploraciones de la praxis extensionista en la FFyH<\/a><\/li>\n\n<li style=\"color: #_categorycolor\"><a href=\"https:\/\/ffyh.unc.edu.ar\/secyt\/proyectos\/justicia-erotica\/\">Justicia er\u00f3tica: una cr\u00edtica cuir de las gram\u00e1ticas sexo-afectivas de nuestro tiempo<\/a><\/li>\n\n<li style=\"color: #_categorycolor\"><a href=\"https:\/\/ffyh.unc.edu.ar\/secyt\/proyectos\/revueltas-y-o-insurgencias-feministas-y-descoloniales\/\">Materiales est\u00e9ticos y cr\u00edticos del sur en revueltas y\/o insurgencias feministas y descoloniales<\/a><\/li>\n\n<li style=\"color: #_categorycolor\"><a href=\"https:\/\/ffyh.unc.edu.ar\/secyt\/proyectos\/sexualidades-y-politicas-afectivas\/\">Sexualidades y pol\u00edticas afectivas: i\/dis\/rrupci\u00f3n de los feminismos en el discurso social argentino del 2015-2018<\/a><\/li>\n\t<\/div>\r\n<\/div><\/ul>\n<\/details>\n<details>\n<summary><img decoding=\"async\" src=\"http:\/\/ffyh.unc.edu.ar\/secyt\/wp-content\/uploads\/sites\/22\/2024\/03\/Mesa-de-trabajo-14@2x.png\" width=\"35\" height=\"auto\" \/><strong>Geograf\u00edas y territorios<\/strong><\/summary>\n<ul><div class=\"em em-view-container\" id=\"em-view-739956655\" data-view=\"list\">\r\n\t<div class=\"em pixelbones em-list em-events-list\" id=\"em-events-list-739956655\" data-view-id=\"739956655\">\r\n\t\n<li style=\"color: #_categorycolor\"><a href=\"https:\/\/ffyh.unc.edu.ar\/secyt\/proyectos\/conflictos-humano-artefacto-ambiente\/\">Conflictos humano &amp; artefacto-ambiente en el Chaco Seco: estudios de casos y an\u00e1lisis comparativos para la sostenibilidad local<\/a><\/li>\n\n<li style=\"color: #_categorycolor\"><a href=\"https:\/\/ffyh.unc.edu.ar\/secyt\/proyectos\/desigualdades-sociales-y-disputas-por-la-produccion-reproduccion-y-apropiacion-de-los-espacios-urbanos-del-gran-cordoba\/\">Desigualdades sociales y disputas por la producci\u00f3n, reproducci\u00f3n y apropiaci\u00f3n de los espacios urbanos del Gran C\u00f3rdoba<\/a><\/li>\n\n<li style=\"color: #_categorycolor\"><a href=\"https:\/\/ffyh.unc.edu.ar\/secyt\/proyectos\/geografias-en-cordoba\/\">Geograf\u00edas en C\u00f3rdoba. Contextos, pr\u00e1cticas territoriales y discursos, 1890-2003<\/a><\/li>\n\n<li style=\"color: #_categorycolor\"><a href=\"https:\/\/ffyh.unc.edu.ar\/secyt\/proyectos\/geopolitica-del-espacio-ultraterrestre\/\">Geopol\u00edtica del espacio ultraterrestre: gobernanza de la red cient\u00edfico tecnol\u00f3gica y decisional de Argentina sobre la actividad espacial y su posici\u00f3n relativa en el contexto internacional<\/a><\/li>\n\n<li style=\"color: #_categorycolor\"><a href=\"https:\/\/ffyh.unc.edu.ar\/secyt\/proyectos\/imaginaciones-geograficas-cartografias-y-espacialidades\/\">Hacer en com\u00fan y resonancias del porvenir. (Des)pliegues de imaginaciones geogr\u00e1ficas, cartograf\u00edas y espacialidades desde m\u00faltiples existencias<\/a><\/li>\n\n<li style=\"color: #_categorycolor\"><a href=\"https:\/\/ffyh.unc.edu.ar\/secyt\/proyectos\/los-fuegos-serranos-en-cordoba\/\">Los fuegos serranos en C\u00f3rdoba: origen y destino de las tierras incendiadas en las Sierras Chicas de C\u00f3rdoba, Argentina.<\/a><\/li>\n\n<li style=\"color: #_categorycolor\"><a href=\"https:\/\/ffyh.unc.edu.ar\/secyt\/proyectos\/transformacion-territorial-en-espacios-periurbanos\/\">Procesos de transformaci\u00f3n territorial en espacios periurbanos, asociados a din\u00e1micas de expansi\u00f3n urbana. Regi\u00f3n Metropolitana C\u00f3rdoba, 2000-2023<\/a><\/li>\n\n<li style=\"color: #_categorycolor\"><a href=\"https:\/\/ffyh.unc.edu.ar\/secyt\/proyectos\/reestructuracion-productiva-en-la-economia-digital-dinamicas-productivas-territoriales-e-innovaciones-tecnologicas-en-la-ciudad-de-cordoba-en-el-siglo-xxi\/\">Reestructuraci\u00f3n productiva en la econom\u00eda digital: din\u00e1micas productivas territoriales e innovaciones tecnol\u00f3gicas en la ciudad de C\u00f3rdoba en el siglo XXI<\/a><\/li>\n\t<\/div>\r\n<\/div><\/ul>\n<\/details>\n<details>\n<summary><img decoding=\"async\" src=\"http:\/\/ffyh.unc.edu.ar\/secyt\/wp-content\/uploads\/sites\/22\/2024\/03\/Mesa-de-trabajo-8@2x.png\" width=\"35\" height=\"auto\" \/><strong>Historia<\/strong><\/summary>\n<ul><div class=\"em em-view-container\" id=\"em-view-1553435219\" data-view=\"list\">\r\n\t<div class=\"em pixelbones em-list em-events-list\" id=\"em-events-list-1553435219\" data-view-id=\"1553435219\">\r\n\t\n<li style=\"color: #_categorycolor\"><a href=\"https:\/\/ffyh.unc.edu.ar\/secyt\/proyectos\/agendas-publicas-en-la-produccion-de-bienestar\/\">Actores, problemas y agendas p\u00fablicas en la producci\u00f3n de bienestar. C\u00f3rdoba (Argentina), 1930-1976<\/a><\/li>\n\n<li style=\"color: #_categorycolor\"><a href=\"https:\/\/ffyh.unc.edu.ar\/secyt\/proyectos\/tradiciones-intelectuales-e-iconograficas-antiguedad\/\">Cambios y permanencias de tradiciones intelectuales e iconogr\u00e1ficas en la Antig\u00fcedad. Di\u00e1logos con el mundo moderno<\/a><\/li>\n\n<li style=\"color: #_categorycolor\"><a href=\"https:\/\/ffyh.unc.edu.ar\/secyt\/proyectos\/culturas-y-acciones-politicas-en-cordoba\/\">Culturas y acciones pol\u00edticas en C\u00f3rdoba durante el siglo XX<\/a><\/li>\n\n<li style=\"color: #_categorycolor\"><a href=\"https:\/\/ffyh.unc.edu.ar\/secyt\/proyectos\/socialismo-internacional-en-europa-y-america\/\">De la Segunda a la Cuarta Internacional: an\u00e1lisis comparativos del socialismo internacional en Europa y Am\u00e9rica (1890-1990)<\/a><\/li>\n\n<li style=\"color: #_categorycolor\"><a href=\"https:\/\/ffyh.unc.edu.ar\/secyt\/proyectos\/desigualdades-sociales-y-mundo-del-trabajo\/\">Desigualdades sociales y mundo del trabajo en C\u00f3rdoba durante el proceso de modernizaci\u00f3n (1900-1930)<\/a><\/li>\n\n<li style=\"color: #_categorycolor\"><a href=\"https:\/\/ffyh.unc.edu.ar\/secyt\/proyectos\/el-profesorado-en-historia\/\">El Profesorado en Historia: tensiones, agentes y escenarios de formaci\u00f3n. Estudio de caso: la Facultad de Filosof\u00eda y Humanidades (UNC) e Institutos de Formaci\u00f3n Docente de la Jurisdicci\u00f3n C\u00f3rdoba<\/a><\/li>\n\n<li style=\"color: #_categorycolor\"><a href=\"https:\/\/ffyh.unc.edu.ar\/secyt\/proyectos\/escritura-de-la-historia\/\">Escritura de la Historia: representaciones, debates y usos del pasado desde espacios locales y provinciales<\/a><\/li>\n\n<li style=\"color: #_categorycolor\"><a href=\"https:\/\/ffyh.unc.edu.ar\/secyt\/proyectos\/gobernacion-del-tucuman-relaciones-de-dominacion-y-explotacion-colonial-sobre-sociedades-indigenas-procesos-y-coyunturas-instituciones-y-actores-s-xvi-xviii\/\">Gobernaci\u00f3n del Tucum\u00e1n: relaciones de dominaci\u00f3n y explotaci\u00f3n colonial sobre sociedades ind\u00edgenas, procesos y coyunturas, instituciones y actores (s. XVI-XVIII)<\/a><\/li>\n\n<li style=\"color: #_categorycolor\"><a href=\"https:\/\/ffyh.unc.edu.ar\/secyt\/proyectos\/historia-reciente-de-los-derechos-humanos\/\">Historia reciente de los derechos humanos entresiglos. Indagaciones e intervenciones  en y desde C\u00f3rdoba<\/a><\/li>\n\n<li style=\"color: #_categorycolor\"><a href=\"https:\/\/ffyh.unc.edu.ar\/secyt\/proyectos\/la-monarquia-hispanica\/\">La monarqu\u00eda hisp\u00e1nica en acci\u00f3n: poder, territorialidades y agentes en el siglo XVIII. Algunos estudios de caso.<\/a><\/li>\n\n<li style=\"color: #_categorycolor\"><a href=\"https:\/\/ffyh.unc.edu.ar\/secyt\/proyectos\/las-representaciones-del-profesorado-cordobes-sobre-las-invisibilidades-sociales-en-la-ensenanza-de-la-historia-argentina-apuestas-y-desafios-de-su-abordaje-en-las-aulas\/\">Las representaciones del profesorado cordob\u00e9s sobre las invisibilidades sociales en la ense\u00f1anza de la Historia Argentina: apuestas y desaf\u00edos de su abordaje en las aulas<\/a><\/li>\n\n<li style=\"color: #_categorycolor\"><a href=\"https:\/\/ffyh.unc.edu.ar\/secyt\/proyectos\/miedo-inseguridad-y-violencia\/\">Miedo, inseguridad y violencia en perspectiva hist\u00f3rica: las instituciones de control vistas desde sus destinatarios (C\u00f3rdoba, siglos XIX y XX)<\/a><\/li>\n\n<li style=\"color: #_categorycolor\"><a href=\"https:\/\/ffyh.unc.edu.ar\/secyt\/proyectos\/neoliberalismo-y-lazo-social\/\">Neoliberalismo y lazo social. Reflexiones sobre cambio epocal y formas espec\u00edficas de des\/recomposici\u00f3n social<\/a><\/li>\n\n<li style=\"color: #_categorycolor\"><a href=\"https:\/\/ffyh.unc.edu.ar\/secyt\/proyectos\/xi-jinping\/\">Observaci\u00f3n, an\u00e1lisis e interpretaci\u00f3n multidimensional del gobierno del presidente Xi Jinping (2013-actualidad) en la Rep\u00fablica Popular China (RPCh)<\/a><\/li>\n\n<li style=\"color: #_categorycolor\"><a href=\"https:\/\/ffyh.unc.edu.ar\/secyt\/proyectos\/romanizacion\/\">Romanizaci\u00f3n: la deriva historiogr\u00e1fica &#039;brit\u00e1nica&#039; del debate desde los 90<\/a><\/li>\n\n<li style=\"color: #_categorycolor\"><a href=\"https:\/\/ffyh.unc.edu.ar\/secyt\/proyectos\/teoria-y-filosofia-de-la-historia-indagaciones-sobre-la-mediacion-y-sus-modos\/\">Teor\u00eda y filosof\u00eda de la historia: indagaciones sobre la mediaci\u00f3n y sus modos<\/a><\/li>\n\n<li style=\"color: #_categorycolor\"><a href=\"https:\/\/ffyh.unc.edu.ar\/secyt\/proyectos\/trabajadores-partidos-y-sindicatos-en-la-cordoba-contemporanea\/\">Trabajadores, partidos y sindicatos en la C\u00f3rdoba contempor\u00e1nea<\/a><\/li>\n\t<\/div>\r\n<\/div><\/ul>\n<\/details>\n<details>\n<summary><img decoding=\"async\" src=\"http:\/\/ffyh.unc.edu.ar\/secyt\/wp-content\/uploads\/sites\/22\/2024\/03\/Mesa-de-trabajo-5@2x.png\" width=\"35\" height=\"auto\" \/><strong>Literatura y Letras<\/strong><\/summary>\n<ul><div class=\"em em-view-container\" id=\"em-view-244499351\" data-view=\"list\">\r\n\t<div class=\"em pixelbones em-list em-events-list\" id=\"em-events-list-244499351\" data-view-id=\"244499351\">\r\n\t\n<li style=\"color: #_categorycolor\"><a href=\"https:\/\/ffyh.unc.edu.ar\/secyt\/proyectos\/casas-narrativas\/\">\u201cCasas narrativas\u201d: extimidad, cuerpo, escritura y experiencia en la literatura extremo-contempor\u00e1nea<\/a><\/li>\n\n<li style=\"color: #_categorycolor\"><a href=\"https:\/\/ffyh.unc.edu.ar\/secyt\/proyectos\/archivos-de-la-modernidad-latinoamericana\/\">Archivos de la modernidad latinoamericana. Intervenciones contempor\u00e1neas de la literatura, la cr\u00edtica y la teor\u00eda<\/a><\/li>\n\n<li style=\"color: #_categorycolor\"><a href=\"https:\/\/ffyh.unc.edu.ar\/secyt\/proyectos\/tradiciones-intelectuales-e-iconograficas-antiguedad\/\">Cambios y permanencias de tradiciones intelectuales e iconogr\u00e1ficas en la Antig\u00fcedad. Di\u00e1logos con el mundo moderno<\/a><\/li>\n\n<li style=\"color: #_categorycolor\"><a href=\"https:\/\/ffyh.unc.edu.ar\/secyt\/proyectos\/entre-el-odio-y-el-amor-platon\/\">Entre el odio y el amor. Di\u00e1logo, conocimiento y v\u00ednculos interpersonales en Plat\u00f3n. Antecedentes y proyecciones<\/a><\/li>\n\n<li style=\"color: #_categorycolor\"><a href=\"https:\/\/ffyh.unc.edu.ar\/secyt\/proyectos\/locuciones-adverbiales\/\">Entre la gram\u00e1tica, la fraseolog\u00eda y la sociodialectolog\u00eda: las locuciones adverbiales en la historia del espa\u00f1ol de C\u00f3rdoba (Argentina)<\/a><\/li>\n\n<li style=\"color: #_categorycolor\"><a href=\"https:\/\/ffyh.unc.edu.ar\/secyt\/proyectos\/escrituras-latinoamericanas\/\">Escrituras Latinoamericanas. Literatura, teoria y cr\u00edtica en debate<\/a><\/li>\n\n<li style=\"color: #_categorycolor\"><a href=\"https:\/\/ffyh.unc.edu.ar\/secyt\/proyectos\/especulaciones-ensayisticas-y-configuraciones-literarias-de-las-muchedumbres-y-las-comunidades-en-literaturas-del-cono-sur-argentina-bolivia-y-peru-tiempo-futuro-intemperie-y-monstruosidad-en-las\/\">Especulaciones ensay\u00edsticas y configuraciones literarias de las muchedumbres y las comunidades en literaturas del Cono Sur (Argentina, Bolivia y Per\u00fa): tiempo futuro, intemperie y monstruosidad en las representaciones del desborde popular (1950-2022)<\/a><\/li>\n\n<li style=\"color: #_categorycolor\"><a href=\"https:\/\/ffyh.unc.edu.ar\/secyt\/proyectos\/ficciones-teoricas-imaginacion-y-materialismos-en-la-literatura-y-las-artes-contemporaneas\/\">Ficciones te\u00f3ricas. Imaginaci\u00f3n y materialismos en la literatura y las artes contempor\u00e1neas<\/a><\/li>\n\n<li style=\"color: #_categorycolor\"><a href=\"https:\/\/ffyh.unc.edu.ar\/secyt\/proyectos\/fronteras-y-violencias-en-las-literaturas-de-la-argentina\/\">Fronteras y violencias en las literaturas de la Argentina<\/a><\/li>\n\n<li style=\"color: #_categorycolor\"><a href=\"https:\/\/ffyh.unc.edu.ar\/secyt\/proyectos\/gender-y-genre-en-narrativas-actuales\/\">Gender y genre en narrativas actuales: afectos y potencia pol\u00edtica<\/a><\/li>\n\n<li style=\"color: #_categorycolor\"><a href=\"https:\/\/ffyh.unc.edu.ar\/secyt\/proyectos\/geonarraciones\/\">Geonarraciones: Figuraciones con hilos de cobre<\/a><\/li>\n\n<li style=\"color: #_categorycolor\"><a href=\"https:\/\/ffyh.unc.edu.ar\/secyt\/proyectos\/ingreso-a-letras\/\">Ingreso a Letras (FFyH, UNC). Problem\u00e1ticas disciplinares y estrategias para acompa\u00f1ar la integraci\u00f3n a la vida universitaria<\/a><\/li>\n\n<li style=\"color: #_categorycolor\"><a href=\"https:\/\/ffyh.unc.edu.ar\/secyt\/proyectos\/diversidad-y-variacion-linguistica\/\">La conformaci\u00f3n del corpus como problema y como proceso en estudios de caso sobre diversidad y variaci\u00f3n ling\u00fc\u00edstica<\/a><\/li>\n\n<li style=\"color: #_categorycolor\"><a href=\"https:\/\/ffyh.unc.edu.ar\/secyt\/proyectos\/la-escritura-como-gesto-estetico-politico-divergencias-poeticas-en-la-literatura-boliviana-de-los-siglos-xx-y-xxi\/\">La escritura como gesto est\u00e9tico pol\u00edtico. Divergencias po\u00e9ticas en la literatura boliviana de los siglos XX y XXI<\/a><\/li>\n\n<li style=\"color: #_categorycolor\"><a href=\"https:\/\/ffyh.unc.edu.ar\/secyt\/proyectos\/interaccion-generica\/\">La interacci\u00f3n gen\u00e9rica como pr\u00e1ctica literaria en la antig\u00fcedad. Desarrollo te\u00f3rico-conceptual y an\u00e1lisis de casos espec\u00edficos<\/a><\/li>\n\n<li style=\"color: #_categorycolor\"><a href=\"https:\/\/ffyh.unc.edu.ar\/secyt\/proyectos\/lecturas-lectores-y-contextos-educativos\/\">Lecturas, lectores y contextos educativos<\/a><\/li>\n\n<li style=\"color: #_categorycolor\"><a href=\"https:\/\/ffyh.unc.edu.ar\/secyt\/proyectos\/otredades-monstruosas\/\">Literatura y pol\u00edtica: configuraciones identitarias de las otredades monstruosas en la narrativa argentina contempor\u00e1nea<\/a><\/li>\n\n<li style=\"color: #_categorycolor\"><a href=\"https:\/\/ffyh.unc.edu.ar\/secyt\/proyectos\/paisaje-linguistico-cordobes\/\">Paisaje ling\u00fc\u00edstico cordob\u00e9s: signos, apropiaciones e identidades en el espacio p\u00fablico<\/a><\/li>\n\n<li style=\"color: #_categorycolor\"><a href=\"https:\/\/ffyh.unc.edu.ar\/secyt\/proyectos\/proyecto-khora-topologias-de-la-investigacion-en-literatura-y-en-sus-fronteras-continuidades\/\">Proyecto Kh\u00f4ra: Topolog\u00edas de la investigaci\u00f3n en literatura y en sus fronteras: Continuidades<\/a><\/li>\n\n<li style=\"color: #_categorycolor\"><a href=\"https:\/\/ffyh.unc.edu.ar\/secyt\/proyectos\/semantica-y-argumentacion-especificidad-e-interrelaciones-en-la-lucha-por-la-imposicion-de-sentidos\/\">Sem\u00e1ntica y argumentaci\u00f3n: especificidad e interrelaciones en la lucha por la imposici\u00f3n de sentidos<\/a><\/li>\n\n<li style=\"color: #_categorycolor\"><a href=\"https:\/\/ffyh.unc.edu.ar\/secyt\/proyectos\/tensiones-entre-autonomia-y-compromiso-en-la-literatura-europea\/\">Tensiones entre autonom\u00eda y compromiso en la literatura europea<\/a><\/li>\n\n<li style=\"color: #_categorycolor\"><a href=\"https:\/\/ffyh.unc.edu.ar\/secyt\/proyectos\/territorialidades-latinoamericanas-en-mundos-por-venir-poeticas-de-re-paisamiento-y-re-comienzos-en-los-ensamblajes-heterogeneos-de-la-literatura-y-el-arte\/\">Territorialidades latinoamericanas en mundos por-venir:  po\u00e9ticas  de  re-paisamiento y re-comienzos en los ensamblajes heterog\u00e9neos de la literatura y el arte<\/a><\/li>\n\n<li style=\"color: #_categorycolor\"><a href=\"https:\/\/ffyh.unc.edu.ar\/secyt\/proyectos\/intertextualidad-en-la-literatura-latina\/\">Tipolog\u00edas de la intertextualidad en la literatura latina<\/a><\/li>\n\n<li style=\"color: #_categorycolor\"><a href=\"https:\/\/ffyh.unc.edu.ar\/secyt\/proyectos\/topografias-genericas-en-la-literatura-latina\/\">Topograf\u00edas gen\u00e9ricas en la literatura latina.  Din\u00e1micas po\u00e9ticas, sociohist\u00f3ricas y culturales del espacio romano (s. I aEC - s. IV EC)<\/a><\/li>\n\n<li style=\"color: #_categorycolor\"><a href=\"https:\/\/ffyh.unc.edu.ar\/secyt\/proyectos\/dramaturgias-de-cordoba\/\">Traducciones de lo autorreferencial en dramaturgias de C\u00f3rdoba en el siglo XXI. Parte II<\/a><\/li>\n\n<li style=\"color: #_categorycolor\"><a href=\"https:\/\/ffyh.unc.edu.ar\/secyt\/proyectos\/transitos-culturales-plurilinguismo-y-pluriculturalidad-en-la-literatura-moderna-y-contemporanea-mas-alla-de-la-literatura-nacional\/\">Tr\u00e1nsitos culturales. Pluriling\u00fcismo y pluriculturalidad en la literatura moderna y contempor\u00e1nea: m\u00e1s all\u00e1 de la literatura nacional<\/a><\/li>\n\t<\/div>\r\n<\/div><\/ul>\n<\/details>\n<details>\n<summary><img decoding=\"async\" src=\"http:\/\/ffyh.unc.edu.ar\/secyt\/wp-content\/uploads\/sites\/22\/2024\/03\/Mesa-de-trabajo-12@2x.png\" width=\"35\" height=\"auto\" \/><strong>TICS y Nuevas Tecnolog\u00edas<\/strong><\/summary>\n<ul><div class=\"em em-view-container\" id=\"em-view-89633422\" data-view=\"list\">\r\n\t<div class=\"em pixelbones em-list em-events-list\" id=\"em-events-list-89633422\" data-view-id=\"89633422\">\r\n\t\n<li style=\"color: #_categorycolor\"><a href=\"https:\/\/ffyh.unc.edu.ar\/secyt\/proyectos\/el-futuro-de-las-bibliotecas-universitarias-frente-a-las-tecnologias-digitales-en-la-opinion-de-expertos\/\">El futuro de las bibliotecas universitarias frente a las tecnolog\u00edas digitales en la opini\u00f3n de expertos<\/a><\/li>\n\n<li style=\"color: #_categorycolor\"><a href=\"https:\/\/ffyh.unc.edu.ar\/secyt\/proyectos\/ficcion-audiovisual-en-video-a-demanda-en-argentina-plataformas-interfaces-y-usos\/\">Ficci\u00f3n audiovisual en video-a-demanda en Argentina: Plataformas, interfaces y usos<\/a><\/li>\n\n<li style=\"color: #_categorycolor\"><a href=\"https:\/\/ffyh.unc.edu.ar\/secyt\/proyectos\/politicas-de-inclusion-digital\/\">Pol\u00edticas de Inclusi\u00f3n Digital, procesos disruptivos: la formaci\u00f3n de profesores para el nivel secundario<\/a><\/li>\n\n<li style=\"color: #_categorycolor\"><a href=\"https:\/\/ffyh.unc.edu.ar\/secyt\/proyectos\/educacion-y-medios-digitales\/\">Pr\u00e1cticas de estudio con medios digitales que despliegan los docentes en sus procesos de formaci\u00f3n<\/a><\/li>\n\n<li style=\"color: #_categorycolor\"><a href=\"https:\/\/ffyh.unc.edu.ar\/secyt\/proyectos\/prometeo-y-el-algoritmo-la-inteligencia-artificial\/\">Prometeo y el algoritmo. La Inteligencia Artificial a la luz del pensamiento sobre la t\u00e9cnica de los siglos XX y XXI<\/a><\/li>\n\n<li style=\"color: #_categorycolor\"><a href=\"https:\/\/ffyh.unc.edu.ar\/secyt\/proyectos\/tecnologias-digitales-en-la-universidad\/\">Sentidos y estrategias de la inclusi\u00f3n de tecnolog\u00edas digitales en la universidad y en la Educaci\u00f3n Superior: pol\u00edticas, experiencias y pr\u00e1cticas emergentes<\/a><\/li>\n\t<\/div>\r\n<\/div><\/ul>\n<\/details>\n<\/div>\n<\/div>\n<\/div>\n<div class=\"nube\">\n<h4>Algunas tem\u00e1ticas de investigaci\u00f3n<\/h4>\n\n<!-- Generated by TaxoPress 3.44.0 - https:\/\/wordpress.org\/plugins\/simple-tags\/ -->\n\t<div class=\"taxopress-output-wrapper\"> <div class=\"st-tag-cloud\"> \n\t<a href=\"https:\/\/ffyh.unc.edu.ar\/secyt\/proyectos\/tematicas\/cordoba\/\" id=\"tag-link-146\" class=\"st-tags t10\" title=\"21 topics\" style=\"font-size:30px; color:#002fb2;\">C\u00f3rdoba<\/a>\n<a href=\"https:\/\/ffyh.unc.edu.ar\/secyt\/proyectos\/tematicas\/territorio\/\" id=\"tag-link-148\" class=\"st-tags t6\" title=\"14 topics\" style=\"font-size:24.4px; color:#0c4bb7;\">Problem\u00e1ticas territoriales<\/a>\n<a href=\"https:\/\/ffyh.unc.edu.ar\/secyt\/proyectos\/tematicas\/politica\/\" id=\"tag-link-194\" class=\"st-tags t4\" title=\"11 topics\" style=\"font-size:21.6px; color:#1359b9;\">pol\u00edtica<\/a>\n<a href=\"https:\/\/ffyh.unc.edu.ar\/secyt\/proyectos\/tematicas\/arqueologia\/\" id=\"tag-link-339\" class=\"st-tags t3\" title=\"9 topics\" style=\"font-size:20.2px; color:#1660bb;\">Arqueolog\u00eda<\/a>\n<a href=\"https:\/\/ffyh.unc.edu.ar\/secyt\/proyectos\/tematicas\/ambiente\/\" id=\"tag-link-245\" class=\"st-tags t2\" title=\"7 topics\" style=\"font-size:18.8px; color:#1967bc;\">ambiente<\/a>\n<a href=\"https:\/\/ffyh.unc.edu.ar\/secyt\/proyectos\/tematicas\/literatura\/\" id=\"tag-link-225\" class=\"st-tags t2\" title=\"7 topics\" style=\"font-size:18.8px; color:#1967bc;\">literatura<\/a>\n<a href=\"https:\/\/ffyh.unc.edu.ar\/secyt\/proyectos\/tematicas\/ed-universitaria\/\" id=\"tag-link-133\" class=\"st-tags t1\" title=\"6 topics\" style=\"font-size:17.4px; color:#1c6ebd;\">Educaci\u00f3n universitaria<\/a>\n<a href=\"https:\/\/ffyh.unc.edu.ar\/secyt\/proyectos\/tematicas\/america-latina\/\" id=\"tag-link-151\" class=\"st-tags t1\" title=\"6 topics\" style=\"font-size:17.4px; color:#1c6ebd;\">Am\u00e9rica Latina<\/a>\n<a href=\"https:\/\/ffyh.unc.edu.ar\/secyt\/proyectos\/tematicas\/formacion-docente\/\" id=\"tag-link-139\" class=\"st-tags t1\" title=\"6 topics\" style=\"font-size:17.4px; color:#1c6ebd;\">Formaci\u00f3n docente<\/a>\n<a href=\"https:\/\/ffyh.unc.edu.ar\/secyt\/proyectos\/tematicas\/artes\/\" id=\"tag-link-142\" class=\"st-tags t1\" title=\"5 topics\" style=\"font-size:17.4px; color:#1c6ebd;\">artes<\/a>\n<a href=\"https:\/\/ffyh.unc.edu.ar\/secyt\/proyectos\/tematicas\/gracia-roma\/\" id=\"tag-link-262\" class=\"st-tags t1\" title=\"5 topics\" style=\"font-size:17.4px; color:#1c6ebd;\">Grecia y Roma<\/a>\n<a href=\"https:\/\/ffyh.unc.edu.ar\/secyt\/proyectos\/tematicas\/sexo-afectivo\/\" id=\"tag-link-156\" class=\"st-tags t1\" title=\"5 topics\" style=\"font-size:17.4px; color:#1c6ebd;\">sexo-afectivo<\/a>\n<a href=\"https:\/\/ffyh.unc.edu.ar\/secyt\/proyectos\/tematicas\/tics\/\" id=\"tag-link-140\" class=\"st-tags t0\" title=\"4 topics\" style=\"font-size:16px; color:#2075bf;\">TICs<\/a>\n<a href=\"https:\/\/ffyh.unc.edu.ar\/secyt\/proyectos\/tematicas\/interculturalidad\/\" id=\"tag-link-126\" class=\"st-tags t0\" title=\"4 topics\" style=\"font-size:16px; color:#2075bf;\">interculturalidad<\/a>\n<a href=\"https:\/\/ffyh.unc.edu.ar\/secyt\/proyectos\/tematicas\/identidad\/\" id=\"tag-link-132\" class=\"st-tags t0\" title=\"4 topics\" style=\"font-size:16px; color:#2075bf;\">identidad<\/a>\n<a href=\"https:\/\/ffyh.unc.edu.ar\/secyt\/proyectos\/tematicas\/cuerpos\/\" id=\"tag-link-127\" class=\"st-tags t0\" title=\"4 topics\" style=\"font-size:16px; color:#2075bf;\">cuerpos y corporalidades<\/a>\n<a href=\"https:\/\/ffyh.unc.edu.ar\/secyt\/proyectos\/tematicas\/literatura-contemporanea\/\" id=\"tag-link-241\" class=\"st-tags t0\" title=\"4 topics\" style=\"font-size:16px; color:#2075bf;\">literatura contempor\u00e1nea<\/a>\n<a href=\"https:\/\/ffyh.unc.edu.ar\/secyt\/proyectos\/tematicas\/derechos\/\" id=\"tag-link-204\" class=\"st-tags t0\" title=\"4 topics\" style=\"font-size:16px; color:#2075bf;\">derechos<\/a>\n<a href=\"https:\/\/ffyh.unc.edu.ar\/secyt\/proyectos\/tematicas\/sierras-centrales\/\" id=\"tag-link-198\" class=\"st-tags t0\" title=\"4 topics\" style=\"font-size:16px; color:#2075bf;\">Sierras Centrales<\/a>\n<a href=\"https:\/\/ffyh.unc.edu.ar\/secyt\/proyectos\/tematicas\/antiguedad\/\" id=\"tag-link-256\" class=\"st-tags t0\" title=\"4 topics\" style=\"font-size:16px; color:#2075bf;\">Antig\u00fcedad<\/a>\n<a href=\"https:\/\/ffyh.unc.edu.ar\/secyt\/proyectos\/tematicas\/argentina-contemporanea\/\" id=\"tag-link-144\" class=\"st-tags t0\" title=\"3 topics\" style=\"font-size:16px; color:#2075bf;\">literatura argentina contempor\u00e1nea<\/a>\n<a href=\"https:\/\/ffyh.unc.edu.ar\/secyt\/proyectos\/tematicas\/migraciones\/\" id=\"tag-link-150\" class=\"st-tags t0\" title=\"3 topics\" style=\"font-size:16px; color:#2075bf;\">migraciones<\/a>\n<a href=\"https:\/\/ffyh.unc.edu.ar\/secyt\/proyectos\/tematicas\/xviii\/\" id=\"tag-link-152\" class=\"st-tags t0\" title=\"3 topics\" style=\"font-size:16px; color:#2075bf;\">siglo XVIII<\/a>\n<a href=\"https:\/\/ffyh.unc.edu.ar\/secyt\/proyectos\/tematicas\/ontologia\/\" id=\"tag-link-250\" class=\"st-tags t0\" title=\"3 topics\" style=\"font-size:16px; color:#2075bf;\">ontolog\u00eda<\/a>\n<a href=\"https:\/\/ffyh.unc.edu.ar\/secyt\/proyectos\/tematicas\/america-hispanica\/\" id=\"tag-link-227\" class=\"st-tags t0\" title=\"3 topics\" style=\"font-size:16px; color:#2075bf;\">Am\u00e9rica Hisp\u00e1nica<\/a>\n<a href=\"https:\/\/ffyh.unc.edu.ar\/secyt\/proyectos\/tematicas\/noroeste-argentino\/\" id=\"tag-link-328\" class=\"st-tags t0\" title=\"3 topics\" style=\"font-size:16px; color:#2075bf;\">Noroeste argentino<\/a>\n<a href=\"https:\/\/ffyh.unc.edu.ar\/secyt\/proyectos\/tematicas\/ed-secundaria\/\" id=\"tag-link-134\" class=\"st-tags t0\" title=\"3 topics\" style=\"font-size:16px; color:#2075bf;\">Educaci\u00f3n secundaria<\/a>\n<a href=\"https:\/\/ffyh.unc.edu.ar\/secyt\/proyectos\/tematicas\/pensamiento\/\" id=\"tag-link-234\" class=\"st-tags t0\" title=\"3 topics\" style=\"font-size:16px; color:#2075bf;\">pensamiento<\/a>\n<a href=\"https:\/\/ffyh.unc.edu.ar\/secyt\/proyectos\/tematicas\/memoria\/\" id=\"tag-link-231\" class=\"st-tags t0\" title=\"3 topics\" style=\"font-size:16px; color:#2075bf;\">memoria<\/a>\n<a href=\"https:\/\/ffyh.unc.edu.ar\/secyt\/proyectos\/tematicas\/indigenas\/\" id=\"tag-link-128\" class=\"st-tags t0\" title=\"3 topics\" style=\"font-size:16px; color:#2075bf;\">sociedades ind\u00edgenas<\/a> <\/div>\n<\/div>\n\n<\/div>\n<div class=\"creditos\"><small>Dise\u00f1o por <a href=\"mailto:florbacchini@gmail.com\">F. Bacchini<\/a><\/small><\/div>\n","protected":false},"excerpt":{"rendered":"<p>\u00bfD\u00f3nde trabajamos? Los proyectos de investigaci\u00f3n SECyT de la FFyH tienen como lugar de trabajo el Centro de Investigaciones \u00abMar\u00eda<\/p>\n","protected":false},"author":2,"featured_media":0,"parent":0,"menu_order":3,"comment_status":"closed","ping_status":"closed","template":"","meta":{"_acf_changed":false,"colormag_page_container_layout":"no_sidebar_full_width","colormag_page_sidebar_layout":"right_sidebar","footnotes":""},"class_list":["post-4065","page","type-page","status-publish","hentry"],"acf":[],"_links":{"self":[{"href":"https:\/\/ffyh.unc.edu.ar\/secyt\/wp-json\/wp\/v2\/pages\/4065","targetHints":{"allow":["GET"]}}],"collection":[{"href":"https:\/\/ffyh.unc.edu.ar\/secyt\/wp-json\/wp\/v2\/pages"}],"about":[{"href":"https:\/\/ffyh.unc.edu.ar\/secyt\/wp-json\/wp\/v2\/types\/page"}],"author":[{"embeddable":true,"href":"https:\/\/ffyh.unc.edu.ar\/secyt\/wp-json\/wp\/v2\/users\/2"}],"replies":[{"embeddable":true,"href":"https:\/\/ffyh.unc.edu.ar\/secyt\/wp-json\/wp\/v2\/comments?post=4065"}],"version-history":[{"count":43,"href":"https:\/\/ffyh.unc.edu.ar\/secyt\/wp-json\/wp\/v2\/pages\/4065\/revisions"}],"predecessor-version":[{"id":5593,"href":"https:\/\/ffyh.unc.edu.ar\/secyt\/wp-json\/wp\/v2\/pages\/4065\/revisions\/5593"}],"wp:attachment":[{"href":"https:\/\/ffyh.unc.edu.ar\/secyt\/wp-json\/wp\/v2\/media?parent=4065"}],"curies":[{"name":"wp","href":"https:\/\/api.w.org\/{rel}","templated":true}]}}